{"id":668,"date":"2020-02-01T13:28:54","date_gmt":"2020-02-01T12:28:54","guid":{"rendered":"https:\/\/www.slogi.si\/publikacija\/iz-nasih-zbirk-vilma-bukovec\/"},"modified":"2024-01-20T14:08:46","modified_gmt":"2024-01-20T13:08:46","slug":"from-our-collections-vilma-bukovec-2","status":"publish","type":"publikacija","link":"https:\/\/www.slogi.si\/en\/publikacije\/iz-nasih-zbirk-vilma-bukovec\/","title":{"rendered":"Opera soprano Vilma Bukovec (1920\u20132016)"},"content":{"rendered":"<p>We present to you the collections of SLOGI \u2013 Theatre Museum. In February 2020, we present Vilma Bukovec as Marinka in Bed\u0159ich Smetana&#039;s production: <em>The Bartered Bride<\/em> (director Ciril Debevec, conductor Rado Simoniti, Opera SNG in Ljubljana, premiere 28. 4. 1955).<\/p>\n<p>In 2020, we celebrate the 100th anniversary of the birth of Slovenian opera soprano Vilma Bukovec (1920\u20132016), the leader of the Slovenian National Theatre Opera and Ballet in Ljubljana and a leader of the repertoire in the so-called Golden Age of Slovenian opera. She sang almost the entire known soprano repertoire, from the most lyrical to the most dramatic roles. As a soloist, she performed in many countries around the world (France, Belgium, Poland, Czechoslovakia, Romania, Bulgaria, Russia, Greece, Spain, Egypt, the People&#039;s Republic of China, etc.) and received several international awards and recognitions.<\/p>\n<p>From our collections \u2013 poster February 2020:<\/p>\n<p>&nbsp;<\/p>\n<div id='gallery-1' class='gallery galleryid-668 gallery-columns-2 gallery-size-square'><figure class='gallery-item'>\n\t\t\t<div class='gallery-icon landscape'>\n\t\t\t\t<a href='https:\/\/www.slogi.si\/wp-content\/uploads\/2024\/01\/Iz-zbirk-SLOGI_Vilma-Bukovec.jpg'><img fetchpriority=\"high\" decoding=\"async\" width=\"1024\" height=\"1024\" src=\"https:\/\/www.slogi.si\/wp-content\/uploads\/2024\/01\/Iz-zbirk-SLOGI_Vilma-Bukovec.jpg\" class=\"attachment-square size-square\" alt=\"\" srcset=\"https:\/\/www.slogi.si\/wp-content\/uploads\/2024\/01\/Iz-zbirk-SLOGI_Vilma-Bukovec.jpg 1024w, https:\/\/www.slogi.si\/wp-content\/uploads\/2024\/01\/Iz-zbirk-SLOGI_Vilma-Bukovec-300x300.jpg 300w, https:\/\/www.slogi.si\/wp-content\/uploads\/2024\/01\/Iz-zbirk-SLOGI_Vilma-Bukovec-150x150.jpg 150w, https:\/\/www.slogi.si\/wp-content\/uploads\/2024\/01\/Iz-zbirk-SLOGI_Vilma-Bukovec-768x768.jpg 768w\" sizes=\"(max-width: 1024px) 100vw, 1024px\" \/><\/a>\n\t\t\t<\/div><\/figure><figure class='gallery-item'>\n\t\t\t<div class='gallery-icon portrait'>\n\t\t\t\t<a href='https:\/\/www.slogi.si\/wp-content\/uploads\/2024\/01\/Vilma-Bikovec_vir-Ikonoteka-SLOGI_Gledaliski-muzej.jpg'><img decoding=\"async\" width=\"640\" height=\"674\" src=\"https:\/\/www.slogi.si\/wp-content\/uploads\/2024\/01\/Vilma-Bikovec_vir-Ikonoteka-SLOGI_Gledaliski-muzej.jpg\" class=\"attachment-square size-square\" alt=\"Vilma Bukovec as Marinka, Bed\u0159ich Smetana: The Bartered Bride (director Ciril Debevec, conductor Rado Simoniti, Opera SNG in Ljubljana, premiere 28. 4. 1955). Source: Ikonoteka SLOGI \u2013 Theatre Museum.\" aria-describedby=\"gallery-1-3731\" srcset=\"https:\/\/www.slogi.si\/wp-content\/uploads\/2024\/01\/Vilma-Bikovec_vir-Ikonoteka-SLOGI_Gledaliski-muzej.jpg 640w, https:\/\/www.slogi.si\/wp-content\/uploads\/2024\/01\/Vilma-Bikovec_vir-Ikonoteka-SLOGI_Gledaliski-muzej-285x300.jpg 285w\" sizes=\"(max-width: 640px) 100vw, 640px\" \/><\/a>\n\t\t\t<\/div>\n\t\t\t\t<figcaption class='wp-caption-text gallery-caption' id='gallery-1-3731'>\n\t\t\t\tVilma Bukovec as Marinka, Bed\u0159ich Smetana: The Bartered Bride (director Ciril Debevec, conductor Rado Simoniti, Opera SNG in Ljubljana, premiere 28. 4. 1955). Source: Ikonoteka SLOGI \u2013 Theatre Museum.\n\t\t\t\t<\/figcaption><\/figure>\n\t\t<\/div>","protected":false},"excerpt":{"rendered":"<p>Predstavljamo vam zbirke SLOGI \u2013 Gledali\u0161kega muzeja. Februarja 2020 predstavljamo Vilmo Bukovec kot Marinko v uprizoritvi Bed\u0159icha Smetane: Prodana nevesta (re\u017eiser Ciril Debevec, dirigent Rado Simoniti, Opera SNG v Ljubljani, premiera 28. 4. 1955). V letu 2020 proslavljamo 100-letnico rojstva slovenske operne sopranistke Vilme Bukovec (1920\u20132016), prvakinje ansambla SNG Opere in baleta v Ljubljani ter &#8230;<\/p>","protected":false},"author":1,"featured_media":3732,"template":"","categories":[12,13],"tags":[],"avtor":[],"izpostavljamo":[],"letnik":[346],"naslov":[],"prevajalec":[],"zbirka":[],"class_list":["post-668","publikacija","type-publikacija","status-publish","has-post-thumbnail","hentry","category-ikonoteka","category-iz-nasih-zbirk","letnik-346"],"acf":[],"yoast_head":"<!-- This site is optimized with the Yoast SEO plugin v27.5 - https:\/\/yoast.com\/product\/yoast-seo-wordpress\/ -->\n<title>Operna sopranistka Vilma Bukovec (1920\u20132016)<\/title>\n<meta name=\"description\" content=\"V letu 2020 proslavljamo 100-letnico rojstva slovenske operne sopranistke Vilme Bukovec (1920\u20132016), prvakinje ansambla SNG Opere in baleta v Ljubljani ter nosilke repertoarja v tako imenovani zlati dobi slovenske opere.\" \/>\n<meta name=\"robots\" content=\"index, follow, max-snippet:-1, max-image-preview:large, max-video-preview:-1\" \/>\n<link rel=\"canonical\" href=\"https:\/\/www.slogi.si\/en\/publications\/from-our-collections-vilma-bukovec-2\/\" \/>\n<meta property=\"og:locale\" content=\"en_GB\" \/>\n<meta property=\"og:type\" content=\"article\" \/>\n<meta property=\"og:title\" content=\"Operna sopranistka Vilma Bukovec (1920\u20132016)\" \/>\n<meta property=\"og:description\" content=\"V letu 2020 proslavljamo 100-letnico rojstva slovenske operne sopranistke Vilme Bukovec (1920\u20132016), prvakinje ansambla SNG Opere in baleta v Ljubljani ter nosilke repertoarja v tako imenovani zlati dobi slovenske opere.\" \/>\n<meta property=\"og:url\" content=\"https:\/\/www.slogi.si\/en\/publications\/from-our-collections-vilma-bukovec-2\/\" \/>\n<meta property=\"og:site_name\" content=\"SLOGI\" \/>\n<meta property=\"article:modified_time\" content=\"2024-01-20T13:08:46+00:00\" \/>\n<meta property=\"og:image\" content=\"https:\/\/www.slogi.si\/wp-content\/uploads\/2024\/01\/Vilma-Bikovec_vir-Ikonoteka-SLOGI_Gledaliski-muzej_460.jpg\" \/>\n\t<meta property=\"og:image:width\" content=\"300\" \/>\n\t<meta property=\"og:image:height\" content=\"460\" \/>\n\t<meta property=\"og:image:type\" content=\"image\/jpeg\" \/>\n<meta name=\"twitter:card\" content=\"summary_large_image\" \/>\n<meta name=\"twitter:label1\" content=\"Estimated reading time\" \/>\n\t<meta name=\"twitter:data1\" content=\"1 minute\" \/>\n<script type=\"application\/ld+json\" class=\"yoast-schema-graph\">{\"@context\":\"https:\\\/\\\/schema.org\",\"@graph\":[{\"@type\":\"WebPage\",\"@id\":\"https:\\\/\\\/www.slogi.si\\\/publikacije\\\/iz-nasih-zbirk-vilma-bukovec\\\/\",\"url\":\"https:\\\/\\\/www.slogi.si\\\/publikacije\\\/iz-nasih-zbirk-vilma-bukovec\\\/\",\"name\":\"Operna sopranistka Vilma Bukovec (1920\u20132016)\",\"isPartOf\":{\"@id\":\"https:\\\/\\\/www.slogi.si\\\/#website\"},\"primaryImageOfPage\":{\"@id\":\"https:\\\/\\\/www.slogi.si\\\/publikacije\\\/iz-nasih-zbirk-vilma-bukovec\\\/#primaryimage\"},\"image\":{\"@id\":\"https:\\\/\\\/www.slogi.si\\\/publikacije\\\/iz-nasih-zbirk-vilma-bukovec\\\/#primaryimage\"},\"thumbnailUrl\":\"https:\\\/\\\/www.slogi.si\\\/wp-content\\\/uploads\\\/2024\\\/01\\\/Vilma-Bikovec_vir-Ikonoteka-SLOGI_Gledaliski-muzej_460.jpg\",\"datePublished\":\"2020-02-01T12:28:54+00:00\",\"dateModified\":\"2024-01-20T13:08:46+00:00\",\"description\":\"V letu 2020 proslavljamo 100-letnico rojstva slovenske operne sopranistke Vilme Bukovec (1920\u20132016), prvakinje ansambla SNG Opere in baleta v Ljubljani ter nosilke repertoarja v tako imenovani zlati dobi slovenske opere.\",\"breadcrumb\":{\"@id\":\"https:\\\/\\\/www.slogi.si\\\/publikacije\\\/iz-nasih-zbirk-vilma-bukovec\\\/#breadcrumb\"},\"inLanguage\":\"en-GB\",\"potentialAction\":[{\"@type\":\"ReadAction\",\"target\":[\"https:\\\/\\\/www.slogi.si\\\/publikacije\\\/iz-nasih-zbirk-vilma-bukovec\\\/\"]}]},{\"@type\":\"ImageObject\",\"inLanguage\":\"en-GB\",\"@id\":\"https:\\\/\\\/www.slogi.si\\\/publikacije\\\/iz-nasih-zbirk-vilma-bukovec\\\/#primaryimage\",\"url\":\"https:\\\/\\\/www.slogi.si\\\/wp-content\\\/uploads\\\/2024\\\/01\\\/Vilma-Bikovec_vir-Ikonoteka-SLOGI_Gledaliski-muzej_460.jpg\",\"contentUrl\":\"https:\\\/\\\/www.slogi.si\\\/wp-content\\\/uploads\\\/2024\\\/01\\\/Vilma-Bikovec_vir-Ikonoteka-SLOGI_Gledaliski-muzej_460.jpg\",\"width\":300,\"height\":460},{\"@type\":\"BreadcrumbList\",\"@id\":\"https:\\\/\\\/www.slogi.si\\\/publikacije\\\/iz-nasih-zbirk-vilma-bukovec\\\/#breadcrumb\",\"itemListElement\":[{\"@type\":\"ListItem\",\"position\":1,\"name\":\"Home\",\"item\":\"https:\\\/\\\/www.slogi.si\\\/\"},{\"@type\":\"ListItem\",\"position\":2,\"name\":\"Operna sopranistka Vilma Bukovec (1920\u20132016)\"}]},{\"@type\":\"WebSite\",\"@id\":\"https:\\\/\\\/www.slogi.si\\\/#website\",\"url\":\"https:\\\/\\\/www.slogi.si\\\/\",\"name\":\"SLOGI\",\"description\":\"Slovenski Gledali\u0161ki In\u0161titut\",\"publisher\":{\"@id\":\"https:\\\/\\\/www.slogi.si\\\/#organization\"},\"alternateName\":\"Slovenski Gledali\u0161ki In\u0161titut\",\"potentialAction\":[{\"@type\":\"SearchAction\",\"target\":{\"@type\":\"EntryPoint\",\"urlTemplate\":\"https:\\\/\\\/www.slogi.si\\\/?s={search_term_string}\"},\"query-input\":{\"@type\":\"PropertyValueSpecification\",\"valueRequired\":true,\"valueName\":\"search_term_string\"}}],\"inLanguage\":\"en-GB\"},{\"@type\":\"Organization\",\"@id\":\"https:\\\/\\\/www.slogi.si\\\/#organization\",\"name\":\"SLOGI\",\"alternateName\":\"Slovenski Gledali\u0161ki In\u0161titut\",\"url\":\"https:\\\/\\\/www.slogi.si\\\/\",\"logo\":{\"@type\":\"ImageObject\",\"inLanguage\":\"en-GB\",\"@id\":\"https:\\\/\\\/www.slogi.si\\\/#\\\/schema\\\/logo\\\/image\\\/\",\"url\":\"https:\\\/\\\/www.slogi.si\\\/wp-content\\\/uploads\\\/2024\\\/01\\\/favicon.svg\",\"contentUrl\":\"https:\\\/\\\/www.slogi.si\\\/wp-content\\\/uploads\\\/2024\\\/01\\\/favicon.svg\",\"width\":100,\"height\":100,\"caption\":\"SLOGI\"},\"image\":{\"@id\":\"https:\\\/\\\/www.slogi.si\\\/#\\\/schema\\\/logo\\\/image\\\/\"}}]}<\/script>\n<!-- \/ Yoast SEO plugin. -->","yoast_head_json":{"title":"Opera soprano Vilma Bukovec (1920\u20132016)","description":"In 2020, we celebrate the 100th anniversary of the birth of Slovenian opera soprano Vilma Bukovec (1920\u20132016), the leader of the Slovenian National Theatre Opera and Ballet ensemble in Ljubljana and the leader of the repertoire in the so-called golden age of Slovenian opera.","robots":{"index":"index","follow":"follow","max-snippet":"max-snippet:-1","max-image-preview":"max-image-preview:large","max-video-preview":"max-video-preview:-1"},"canonical":"https:\/\/www.slogi.si\/en\/publications\/from-our-collections-vilma-bukovec-2\/","og_locale":"en_GB","og_type":"article","og_title":"Operna sopranistka Vilma Bukovec (1920\u20132016)","og_description":"V letu 2020 proslavljamo 100-letnico rojstva slovenske operne sopranistke Vilme Bukovec (1920\u20132016), prvakinje ansambla SNG Opere in baleta v Ljubljani ter nosilke repertoarja v tako imenovani zlati dobi slovenske opere.","og_url":"https:\/\/www.slogi.si\/en\/publications\/from-our-collections-vilma-bukovec-2\/","og_site_name":"SLOGI","article_modified_time":"2024-01-20T13:08:46+00:00","og_image":[{"width":300,"height":460,"url":"https:\/\/www.slogi.si\/wp-content\/uploads\/2024\/01\/Vilma-Bikovec_vir-Ikonoteka-SLOGI_Gledaliski-muzej_460.jpg","type":"image\/jpeg"}],"twitter_card":"summary_large_image","twitter_misc":{"Estimated reading time":"1 minute"},"schema":{"@context":"https:\/\/schema.org","@graph":[{"@type":"WebPage","@id":"https:\/\/www.slogi.si\/publikacije\/iz-nasih-zbirk-vilma-bukovec\/","url":"https:\/\/www.slogi.si\/publikacije\/iz-nasih-zbirk-vilma-bukovec\/","name":"Opera soprano Vilma Bukovec (1920\u20132016)","isPartOf":{"@id":"https:\/\/www.slogi.si\/#website"},"primaryImageOfPage":{"@id":"https:\/\/www.slogi.si\/publikacije\/iz-nasih-zbirk-vilma-bukovec\/#primaryimage"},"image":{"@id":"https:\/\/www.slogi.si\/publikacije\/iz-nasih-zbirk-vilma-bukovec\/#primaryimage"},"thumbnailUrl":"https:\/\/www.slogi.si\/wp-content\/uploads\/2024\/01\/Vilma-Bikovec_vir-Ikonoteka-SLOGI_Gledaliski-muzej_460.jpg","datePublished":"2020-02-01T12:28:54+00:00","dateModified":"2024-01-20T13:08:46+00:00","description":"In 2020, we celebrate the 100th anniversary of the birth of Slovenian opera soprano Vilma Bukovec (1920\u20132016), the leader of the Slovenian National Theatre Opera and Ballet ensemble in Ljubljana and the leader of the repertoire in the so-called golden age of Slovenian opera.","breadcrumb":{"@id":"https:\/\/www.slogi.si\/publikacije\/iz-nasih-zbirk-vilma-bukovec\/#breadcrumb"},"inLanguage":"en-GB","potentialAction":[{"@type":"ReadAction","target":["https:\/\/www.slogi.si\/publikacije\/iz-nasih-zbirk-vilma-bukovec\/"]}]},{"@type":"ImageObject","inLanguage":"en-GB","@id":"https:\/\/www.slogi.si\/publikacije\/iz-nasih-zbirk-vilma-bukovec\/#primaryimage","url":"https:\/\/www.slogi.si\/wp-content\/uploads\/2024\/01\/Vilma-Bikovec_vir-Ikonoteka-SLOGI_Gledaliski-muzej_460.jpg","contentUrl":"https:\/\/www.slogi.si\/wp-content\/uploads\/2024\/01\/Vilma-Bikovec_vir-Ikonoteka-SLOGI_Gledaliski-muzej_460.jpg","width":300,"height":460},{"@type":"BreadcrumbList","@id":"https:\/\/www.slogi.si\/publikacije\/iz-nasih-zbirk-vilma-bukovec\/#breadcrumb","itemListElement":[{"@type":"ListItem","position":1,"name":"Home","item":"https:\/\/www.slogi.si\/"},{"@type":"ListItem","position":2,"name":"Operna sopranistka Vilma Bukovec (1920\u20132016)"}]},{"@type":"WebSite","@id":"https:\/\/www.slogi.si\/#website","url":"https:\/\/www.slogi.si\/","name":"SLOGI","description":"Slovenian Theatre Institute","publisher":{"@id":"https:\/\/www.slogi.si\/#organization"},"alternateName":"Slovenski Gledali\u0161ki In\u0161titut","potentialAction":[{"@type":"SearchAction","target":{"@type":"EntryPoint","urlTemplate":"https:\/\/www.slogi.si\/?s={search_term_string}"},"query-input":{"@type":"PropertyValueSpecification","valueRequired":true,"valueName":"search_term_string"}}],"inLanguage":"en-GB"},{"@type":"Organization","@id":"https:\/\/www.slogi.si\/#organization","name":"SLOGI","alternateName":"Slovenski Gledali\u0161ki In\u0161titut","url":"https:\/\/www.slogi.si\/","logo":{"@type":"ImageObject","inLanguage":"en-GB","@id":"https:\/\/www.slogi.si\/#\/schema\/logo\/image\/","url":"https:\/\/www.slogi.si\/wp-content\/uploads\/2024\/01\/favicon.svg","contentUrl":"https:\/\/www.slogi.si\/wp-content\/uploads\/2024\/01\/favicon.svg","width":100,"height":100,"caption":"SLOGI"},"image":{"@id":"https:\/\/www.slogi.si\/#\/schema\/logo\/image\/"}}]}},"_links":{"self":[{"href":"https:\/\/www.slogi.si\/en\/wp-json\/wp\/v2\/publikacija\/668","targetHints":{"allow":["GET"]}}],"collection":[{"href":"https:\/\/www.slogi.si\/en\/wp-json\/wp\/v2\/publikacija"}],"about":[{"href":"https:\/\/www.slogi.si\/en\/wp-json\/wp\/v2\/types\/publikacija"}],"author":[{"embeddable":true,"href":"https:\/\/www.slogi.si\/en\/wp-json\/wp\/v2\/users\/1"}],"wp:featuredmedia":[{"embeddable":true,"href":"https:\/\/www.slogi.si\/en\/wp-json\/wp\/v2\/media\/3732"}],"wp:attachment":[{"href":"https:\/\/www.slogi.si\/en\/wp-json\/wp\/v2\/media?parent=668"}],"wp:term":[{"taxonomy":"category","embeddable":true,"href":"https:\/\/www.slogi.si\/en\/wp-json\/wp\/v2\/categories?post=668"},{"taxonomy":"post_tag","embeddable":true,"href":"https:\/\/www.slogi.si\/en\/wp-json\/wp\/v2\/tags?post=668"},{"taxonomy":"avtor","embeddable":true,"href":"https:\/\/www.slogi.si\/en\/wp-json\/wp\/v2\/avtor?post=668"},{"taxonomy":"izpostavljamo","embeddable":true,"href":"https:\/\/www.slogi.si\/en\/wp-json\/wp\/v2\/izpostavljamo?post=668"},{"taxonomy":"letnik","embeddable":true,"href":"https:\/\/www.slogi.si\/en\/wp-json\/wp\/v2\/letnik?post=668"},{"taxonomy":"naslov","embeddable":true,"href":"https:\/\/www.slogi.si\/en\/wp-json\/wp\/v2\/naslov?post=668"},{"taxonomy":"prevajalec","embeddable":true,"href":"https:\/\/www.slogi.si\/en\/wp-json\/wp\/v2\/prevajalec?post=668"},{"taxonomy":"zbirka","embeddable":true,"href":"https:\/\/www.slogi.si\/en\/wp-json\/wp\/v2\/zbirka?post=668"}],"curies":[{"name":"wp","href":"https:\/\/api.w.org\/{rel}","templated":true}]}}