{"id":18242,"date":"2026-03-09T09:35:20","date_gmt":"2026-03-09T08:35:20","guid":{"rendered":"https:\/\/www.slogi.si\/?post_type=pedagoski-programi&#038;p=18242"},"modified":"2026-04-08T13:52:10","modified_gmt":"2026-04-08T11:52:10","slug":"kako-obleci-predstavo","status":"publish","type":"pedagoski-programi","link":"https:\/\/www.slogi.si\/en\/pedagoski-programi\/kako-obleci-predstavo\/","title":{"rendered":"How to Dress a Performance"},"content":{"rendered":"<p>Na ob\u010dasni razstavi <a href=\"https:\/\/www.slogi.si\/en\/events\/cveta-mirnik_costume_designer_and_her_world\/\" target=\"_blank\" rel=\"noopener\"><em>Cveta Mirnik: Costume Designer and her World<\/em><\/a> si bomo ogledali dela kostumografinje Cvete Mirnik ter spoznali, kako je svoj\u010das oblekla gledali\u0161ke predstave. Dobili bomo vpogled v ustvarjalni proces od besedila in prvih zamisli do skic in kon\u010dnih izdelkov. Udele\u017eenci se bodo tudi sami ustvarjalno preizkusili v snovanju vizualne podobe zami\u0161ljene predstave in skiciranju gledali\u0161kih kostumov.<\/p>\n<p>Interdisciplinaren program povezuje literarno, gledali\u0161ko in likovno umetnost ter je primeren za vrtce, osnovne in srednje \u0161ole. Vsebina, pristop in trajanje programa se prilagodi starostni stopnji.<\/p>","protected":false},"featured_media":18196,"template":"","dostopnost":[],"starost":[391,392,393,394,396],"vrsta-programa":[397,395],"class_list":["post-18242","pedagoski-programi","type-pedagoski-programi","status-publish","has-post-thumbnail","hentry","starost-os-1","starost-os-2","starost-os-3","starost-ss","starost-vrtec","vrsta-programa-ustvarjalna-delavnica","vrsta-programa-vodeni-ogled"],"acf":[],"yoast_head":"<!-- This site is optimized with the Yoast SEO plugin v27.5 - https:\/\/yoast.com\/product\/yoast-seo-wordpress\/ -->\n<title>Kako oble\u010di predstavo - SLOGI<\/title>\n<meta name=\"description\" content=\"Na ob\u010dasni razstavi Cveta Mirnik: kostumografinja in njen svet si bomo ogledali dela kostumografinje Cvete Mirnik ter spoznali, kako je svoj\u010das oblekla gledali\u0161ke predstave. Udele\u017eenci se bodo tudi sami ustvarjalno preizkusili v snovanju vizualne podobe zami\u0161ljene predstave in skiciranju gledali\u0161kih kostumov.\" \/>\n<meta name=\"robots\" content=\"index, follow, max-snippet:-1, max-image-preview:large, max-video-preview:-1\" \/>\n<link rel=\"canonical\" href=\"https:\/\/www.slogi.si\/en\/pedagogical-programs\/kako-obleci-predstavo\/\" \/>\n<meta property=\"og:locale\" content=\"en_GB\" \/>\n<meta property=\"og:type\" content=\"article\" \/>\n<meta property=\"og:title\" content=\"Kako oble\u010di predstavo - SLOGI\" \/>\n<meta property=\"og:description\" content=\"Na ob\u010dasni razstavi Cveta Mirnik: kostumografinja in njen svet si bomo ogledali dela kostumografinje Cvete Mirnik ter spoznali, kako je svoj\u010das oblekla gledali\u0161ke predstave. Udele\u017eenci se bodo tudi sami ustvarjalno preizkusili v snovanju vizualne podobe zami\u0161ljene predstave in skiciranju gledali\u0161kih kostumov.\" \/>\n<meta property=\"og:url\" content=\"https:\/\/www.slogi.si\/en\/pedagogical-programs\/kako-obleci-predstavo\/\" \/>\n<meta property=\"og:site_name\" content=\"SLOGI\" \/>\n<meta property=\"article:modified_time\" content=\"2026-04-08T11:52:10+00:00\" \/>\n<meta property=\"og:image\" content=\"https:\/\/www.slogi.si\/wp-content\/uploads\/2026\/03\/Kostumske-skice-Cvete-Mirnik-za-farsicno-tragedijo-Victor-ali-Otroci-na-oblasti.jpg\" \/>\n\t<meta property=\"og:image:width\" content=\"1024\" \/>\n\t<meta property=\"og:image:height\" content=\"723\" \/>\n\t<meta property=\"og:image:type\" content=\"image\/jpeg\" \/>\n<meta name=\"twitter:card\" content=\"summary_large_image\" \/>\n<meta name=\"twitter:label1\" content=\"Estimated reading time\" \/>\n\t<meta name=\"twitter:data1\" content=\"1 minute\" \/>\n<script type=\"application\/ld+json\" class=\"yoast-schema-graph\">{\"@context\":\"https:\\\/\\\/schema.org\",\"@graph\":[{\"@type\":\"WebPage\",\"@id\":\"https:\\\/\\\/www.slogi.si\\\/pedagoski-programi\\\/kako-obleci-predstavo\\\/\",\"url\":\"https:\\\/\\\/www.slogi.si\\\/pedagoski-programi\\\/kako-obleci-predstavo\\\/\",\"name\":\"Kako oble\u010di predstavo - SLOGI\",\"isPartOf\":{\"@id\":\"https:\\\/\\\/www.slogi.si\\\/#website\"},\"primaryImageOfPage\":{\"@id\":\"https:\\\/\\\/www.slogi.si\\\/pedagoski-programi\\\/kako-obleci-predstavo\\\/#primaryimage\"},\"image\":{\"@id\":\"https:\\\/\\\/www.slogi.si\\\/pedagoski-programi\\\/kako-obleci-predstavo\\\/#primaryimage\"},\"thumbnailUrl\":\"https:\\\/\\\/www.slogi.si\\\/wp-content\\\/uploads\\\/2026\\\/03\\\/Kostumske-skice-Cvete-Mirnik-za-farsicno-tragedijo-Victor-ali-Otroci-na-oblasti.jpg\",\"datePublished\":\"2026-03-09T08:35:20+00:00\",\"dateModified\":\"2026-04-08T11:52:10+00:00\",\"description\":\"Na ob\u010dasni razstavi Cveta Mirnik: kostumografinja in njen svet si bomo ogledali dela kostumografinje Cvete Mirnik ter spoznali, kako je svoj\u010das oblekla gledali\u0161ke predstave. Udele\u017eenci se bodo tudi sami ustvarjalno preizkusili v snovanju vizualne podobe zami\u0161ljene predstave in skiciranju gledali\u0161kih kostumov.\",\"breadcrumb\":{\"@id\":\"https:\\\/\\\/www.slogi.si\\\/pedagoski-programi\\\/kako-obleci-predstavo\\\/#breadcrumb\"},\"inLanguage\":\"en-GB\",\"potentialAction\":[{\"@type\":\"ReadAction\",\"target\":[\"https:\\\/\\\/www.slogi.si\\\/pedagoski-programi\\\/kako-obleci-predstavo\\\/\"]}]},{\"@type\":\"ImageObject\",\"inLanguage\":\"en-GB\",\"@id\":\"https:\\\/\\\/www.slogi.si\\\/pedagoski-programi\\\/kako-obleci-predstavo\\\/#primaryimage\",\"url\":\"https:\\\/\\\/www.slogi.si\\\/wp-content\\\/uploads\\\/2026\\\/03\\\/Kostumske-skice-Cvete-Mirnik-za-farsicno-tragedijo-Victor-ali-Otroci-na-oblasti.jpg\",\"contentUrl\":\"https:\\\/\\\/www.slogi.si\\\/wp-content\\\/uploads\\\/2026\\\/03\\\/Kostumske-skice-Cvete-Mirnik-za-farsicno-tragedijo-Victor-ali-Otroci-na-oblasti.jpg\",\"width\":1024,\"height\":723,\"caption\":\"Kostumske skice Cvete Mirnik za farsi\u010dno tragedijo Victor ali Otroci na oblasti Rogerja Vitraca, SLG Celje, 1992. Me\u0161ana tehnika (vo\u0161\u010denka, flomaster, akvarel), papir, 36 x 50 cm; Slovenski gledali\u0161ki in\u0161titut.\"},{\"@type\":\"BreadcrumbList\",\"@id\":\"https:\\\/\\\/www.slogi.si\\\/pedagoski-programi\\\/kako-obleci-predstavo\\\/#breadcrumb\",\"itemListElement\":[{\"@type\":\"ListItem\",\"position\":1,\"name\":\"Home\",\"item\":\"https:\\\/\\\/www.slogi.si\\\/\"},{\"@type\":\"ListItem\",\"position\":2,\"name\":\"Kako oble\u010di predstavo\"}]},{\"@type\":\"WebSite\",\"@id\":\"https:\\\/\\\/www.slogi.si\\\/#website\",\"url\":\"https:\\\/\\\/www.slogi.si\\\/\",\"name\":\"SLOGI\",\"description\":\"Slovenski Gledali\u0161ki In\u0161titut\",\"publisher\":{\"@id\":\"https:\\\/\\\/www.slogi.si\\\/#organization\"},\"alternateName\":\"Slovenski Gledali\u0161ki In\u0161titut\",\"potentialAction\":[{\"@type\":\"SearchAction\",\"target\":{\"@type\":\"EntryPoint\",\"urlTemplate\":\"https:\\\/\\\/www.slogi.si\\\/?s={search_term_string}\"},\"query-input\":{\"@type\":\"PropertyValueSpecification\",\"valueRequired\":true,\"valueName\":\"search_term_string\"}}],\"inLanguage\":\"en-GB\"},{\"@type\":\"Organization\",\"@id\":\"https:\\\/\\\/www.slogi.si\\\/#organization\",\"name\":\"SLOGI\",\"alternateName\":\"Slovenski Gledali\u0161ki In\u0161titut\",\"url\":\"https:\\\/\\\/www.slogi.si\\\/\",\"logo\":{\"@type\":\"ImageObject\",\"inLanguage\":\"en-GB\",\"@id\":\"https:\\\/\\\/www.slogi.si\\\/#\\\/schema\\\/logo\\\/image\\\/\",\"url\":\"https:\\\/\\\/www.slogi.si\\\/wp-content\\\/uploads\\\/2024\\\/01\\\/favicon.svg\",\"contentUrl\":\"https:\\\/\\\/www.slogi.si\\\/wp-content\\\/uploads\\\/2024\\\/01\\\/favicon.svg\",\"width\":100,\"height\":100,\"caption\":\"SLOGI\"},\"image\":{\"@id\":\"https:\\\/\\\/www.slogi.si\\\/#\\\/schema\\\/logo\\\/image\\\/\"}}]}<\/script>\n<!-- \/ Yoast SEO plugin. -->","yoast_head_json":{"title":"Kako oble\u010di predstavo - SLOGI","description":"Na ob\u010dasni razstavi Cveta Mirnik: kostumografinja in njen svet si bomo ogledali dela kostumografinje Cvete Mirnik ter spoznali, kako je svoj\u010das oblekla gledali\u0161ke predstave. Udele\u017eenci se bodo tudi sami ustvarjalno preizkusili v snovanju vizualne podobe zami\u0161ljene predstave in skiciranju gledali\u0161kih kostumov.","robots":{"index":"index","follow":"follow","max-snippet":"max-snippet:-1","max-image-preview":"max-image-preview:large","max-video-preview":"max-video-preview:-1"},"canonical":"https:\/\/www.slogi.si\/en\/pedagogical-programs\/kako-obleci-predstavo\/","og_locale":"en_GB","og_type":"article","og_title":"Kako oble\u010di predstavo - SLOGI","og_description":"Na ob\u010dasni razstavi Cveta Mirnik: kostumografinja in njen svet si bomo ogledali dela kostumografinje Cvete Mirnik ter spoznali, kako je svoj\u010das oblekla gledali\u0161ke predstave. Udele\u017eenci se bodo tudi sami ustvarjalno preizkusili v snovanju vizualne podobe zami\u0161ljene predstave in skiciranju gledali\u0161kih kostumov.","og_url":"https:\/\/www.slogi.si\/en\/pedagogical-programs\/kako-obleci-predstavo\/","og_site_name":"SLOGI","article_modified_time":"2026-04-08T11:52:10+00:00","og_image":[{"width":1024,"height":723,"url":"https:\/\/www.slogi.si\/wp-content\/uploads\/2026\/03\/Kostumske-skice-Cvete-Mirnik-za-farsicno-tragedijo-Victor-ali-Otroci-na-oblasti.jpg","type":"image\/jpeg"}],"twitter_card":"summary_large_image","twitter_misc":{"Estimated reading time":"1 minute"},"schema":{"@context":"https:\/\/schema.org","@graph":[{"@type":"WebPage","@id":"https:\/\/www.slogi.si\/pedagoski-programi\/kako-obleci-predstavo\/","url":"https:\/\/www.slogi.si\/pedagoski-programi\/kako-obleci-predstavo\/","name":"Kako oble\u010di predstavo - SLOGI","isPartOf":{"@id":"https:\/\/www.slogi.si\/#website"},"primaryImageOfPage":{"@id":"https:\/\/www.slogi.si\/pedagoski-programi\/kako-obleci-predstavo\/#primaryimage"},"image":{"@id":"https:\/\/www.slogi.si\/pedagoski-programi\/kako-obleci-predstavo\/#primaryimage"},"thumbnailUrl":"https:\/\/www.slogi.si\/wp-content\/uploads\/2026\/03\/Kostumske-skice-Cvete-Mirnik-za-farsicno-tragedijo-Victor-ali-Otroci-na-oblasti.jpg","datePublished":"2026-03-09T08:35:20+00:00","dateModified":"2026-04-08T11:52:10+00:00","description":"Na ob\u010dasni razstavi Cveta Mirnik: kostumografinja in njen svet si bomo ogledali dela kostumografinje Cvete Mirnik ter spoznali, kako je svoj\u010das oblekla gledali\u0161ke predstave. Udele\u017eenci se bodo tudi sami ustvarjalno preizkusili v snovanju vizualne podobe zami\u0161ljene predstave in skiciranju gledali\u0161kih kostumov.","breadcrumb":{"@id":"https:\/\/www.slogi.si\/pedagoski-programi\/kako-obleci-predstavo\/#breadcrumb"},"inLanguage":"en-GB","potentialAction":[{"@type":"ReadAction","target":["https:\/\/www.slogi.si\/pedagoski-programi\/kako-obleci-predstavo\/"]}]},{"@type":"ImageObject","inLanguage":"en-GB","@id":"https:\/\/www.slogi.si\/pedagoski-programi\/kako-obleci-predstavo\/#primaryimage","url":"https:\/\/www.slogi.si\/wp-content\/uploads\/2026\/03\/Kostumske-skice-Cvete-Mirnik-za-farsicno-tragedijo-Victor-ali-Otroci-na-oblasti.jpg","contentUrl":"https:\/\/www.slogi.si\/wp-content\/uploads\/2026\/03\/Kostumske-skice-Cvete-Mirnik-za-farsicno-tragedijo-Victor-ali-Otroci-na-oblasti.jpg","width":1024,"height":723,"caption":"Kostumske skice Cvete Mirnik za farsi\u010dno tragedijo Victor ali Otroci na oblasti Rogerja Vitraca, SLG Celje, 1992. Me\u0161ana tehnika (vo\u0161\u010denka, flomaster, akvarel), papir, 36 x 50 cm; Slovenski gledali\u0161ki in\u0161titut."},{"@type":"BreadcrumbList","@id":"https:\/\/www.slogi.si\/pedagoski-programi\/kako-obleci-predstavo\/#breadcrumb","itemListElement":[{"@type":"ListItem","position":1,"name":"Home","item":"https:\/\/www.slogi.si\/"},{"@type":"ListItem","position":2,"name":"Kako oble\u010di predstavo"}]},{"@type":"WebSite","@id":"https:\/\/www.slogi.si\/#website","url":"https:\/\/www.slogi.si\/","name":"SLOGI","description":"Slovenian Theatre Institute","publisher":{"@id":"https:\/\/www.slogi.si\/#organization"},"alternateName":"Slovenski Gledali\u0161ki In\u0161titut","potentialAction":[{"@type":"SearchAction","target":{"@type":"EntryPoint","urlTemplate":"https:\/\/www.slogi.si\/?s={search_term_string}"},"query-input":{"@type":"PropertyValueSpecification","valueRequired":true,"valueName":"search_term_string"}}],"inLanguage":"en-GB"},{"@type":"Organization","@id":"https:\/\/www.slogi.si\/#organization","name":"SLOGI","alternateName":"Slovenski Gledali\u0161ki In\u0161titut","url":"https:\/\/www.slogi.si\/","logo":{"@type":"ImageObject","inLanguage":"en-GB","@id":"https:\/\/www.slogi.si\/#\/schema\/logo\/image\/","url":"https:\/\/www.slogi.si\/wp-content\/uploads\/2024\/01\/favicon.svg","contentUrl":"https:\/\/www.slogi.si\/wp-content\/uploads\/2024\/01\/favicon.svg","width":100,"height":100,"caption":"SLOGI"},"image":{"@id":"https:\/\/www.slogi.si\/#\/schema\/logo\/image\/"}}]}},"_links":{"self":[{"href":"https:\/\/www.slogi.si\/en\/wp-json\/wp\/v2\/pedagoski-programi\/18242","targetHints":{"allow":["GET"]}}],"collection":[{"href":"https:\/\/www.slogi.si\/en\/wp-json\/wp\/v2\/pedagoski-programi"}],"about":[{"href":"https:\/\/www.slogi.si\/en\/wp-json\/wp\/v2\/types\/pedagoski-programi"}],"wp:featuredmedia":[{"embeddable":true,"href":"https:\/\/www.slogi.si\/en\/wp-json\/wp\/v2\/media\/18196"}],"wp:attachment":[{"href":"https:\/\/www.slogi.si\/en\/wp-json\/wp\/v2\/media?parent=18242"}],"wp:term":[{"taxonomy":"dostopnost","embeddable":true,"href":"https:\/\/www.slogi.si\/en\/wp-json\/wp\/v2\/dostopnost?post=18242"},{"taxonomy":"starost","embeddable":true,"href":"https:\/\/www.slogi.si\/en\/wp-json\/wp\/v2\/starost?post=18242"},{"taxonomy":"vrsta-programa","embeddable":true,"href":"https:\/\/www.slogi.si\/en\/wp-json\/wp\/v2\/vrsta-programa?post=18242"}],"curies":[{"name":"wp","href":"https:\/\/api.w.org\/{rel}","templated":true}]}}