{"id":16784,"date":"2025-08-07T08:00:04","date_gmt":"2025-08-07T06:00:04","guid":{"rendered":"https:\/\/www.slogi.si\/?page_id=16784"},"modified":"2026-04-02T12:40:35","modified_gmt":"2026-04-02T10:40:35","slug":"dialogi-v-oblackih","status":"publish","type":"page","link":"https:\/\/www.slogi.si\/en\/dialogi-v-oblackih\/","title":{"rendered":"Dialogi v obla\u010dkih"},"content":{"rendered":"<div data-elementor-type=\"wp-page\" data-elementor-id=\"16784\" class=\"elementor elementor-16784\" data-elementor-post-type=\"page\">\n\t\t\t\t<div class=\"elementor-element elementor-element-04bed2d e-flex e-con-boxed e-con e-parent\" data-id=\"04bed2d\" data-element_type=\"container\" data-e-type=\"container\" data-settings=\"{&quot;background_background&quot;:&quot;classic&quot;}\">\n\t\t\t\t\t<div class=\"e-con-inner\">\n\t\t<div class=\"elementor-element elementor-element-a3d5433 e-con-full e-flex e-con e-child\" data-id=\"a3d5433\" data-element_type=\"container\" data-e-type=\"container\">\n\t\t\t\t<div class=\"elementor-element elementor-element-be51037 elementor-widget elementor-widget-image\" data-id=\"be51037\" data-element_type=\"widget\" data-e-type=\"widget\" data-widget_type=\"image.default\">\n\t\t\t\t\t\t\t\t\t\t\t\t\t\t\t<img fetchpriority=\"high\" decoding=\"async\" width=\"800\" height=\"566\" src=\"https:\/\/www.slogi.si\/wp-content\/uploads\/2025\/08\/Logo_DvO_t-1024x724.png\" class=\"attachment-large size-large wp-image-16787\" alt=\"\" srcset=\"https:\/\/www.slogi.si\/wp-content\/uploads\/2025\/08\/Logo_DvO_t-1024x724.png 1024w, https:\/\/www.slogi.si\/wp-content\/uploads\/2025\/08\/Logo_DvO_t-300x212.png 300w, https:\/\/www.slogi.si\/wp-content\/uploads\/2025\/08\/Logo_DvO_t-768x543.png 768w, https:\/\/www.slogi.si\/wp-content\/uploads\/2025\/08\/Logo_DvO_t-1536x1086.png 1536w, https:\/\/www.slogi.si\/wp-content\/uploads\/2025\/08\/Logo_DvO_t-18x12.png 18w, https:\/\/www.slogi.si\/wp-content\/uploads\/2025\/08\/Logo_DvO_t.png 1754w\" sizes=\"(max-width: 800px) 100vw, 800px\" \/>\t\t\t\t\t\t\t\t\t\t\t\t\t\t\t<\/div>\n\t\t\t\t<\/div>\n\t\t\t\t\t<\/div>\n\t\t\t\t<\/div>\n\t\t<div class=\"elementor-element elementor-element-171adeb e-flex e-con-boxed e-con e-parent\" data-id=\"171adeb\" data-element_type=\"container\" data-e-type=\"container\">\n\t\t\t\t\t<div class=\"e-con-inner\">\n\t\t<div class=\"elementor-element elementor-element-f4f7855 e-flex e-con-boxed e-con e-child\" data-id=\"f4f7855\" data-element_type=\"container\" data-e-type=\"container\">\n\t\t\t\t\t<div class=\"e-con-inner\">\n\t\t\t\t<div class=\"elementor-element elementor-element-680addb elementor-widget elementor-widget-text-editor\" data-id=\"680addb\" data-element_type=\"widget\" data-e-type=\"widget\" data-widget_type=\"text-editor.default\">\n\t\t\t\t\t\t\t\t\t<p><em>Dialogi v obla\u010dkih<\/em> je projekt za spodbujanje bralne pismenosti in krepitev jezikovnih zmo\u017enosti v sloven\u0161\u010dini oziroma prilagojenih na\u010dinih sporazumevanja. Nosilec in izvajalec projekta je Slovenski gledali\u0161ki in\u0161titut v sodelovanju s <a href=\"https:\/\/www.cksg.si\/\" target=\"_blank\" rel=\"noopener\">Centrom za komunikacijo, sluh in govor Portoro\u017e<\/a>, <a href=\"https:\/\/www.csgm.si\/\" target=\"_blank\" rel=\"noopener\">Centrom za sluh in govor Maribor<\/a> and <a href=\"https:\/\/www.zgnl.si\/\" target=\"_blank\" rel=\"noopener\">Zavodom za gluhe in naglu\u0161ne Ljubljana<\/a>. Projekt sofinancira Ministrstvo za kulturo Republike Slovenije.<\/p><p><strong>S projektom \u017eelimo spodbuditi branje in razumevanje dramskih in drugih literarnih besedil s pomo\u010djo gledali\u0161ke pedagogike in stripa.<\/strong><\/p><p>Mladi bralci v ve\u010dini dramatiko dojemajo kot zahtevnej\u0161o literarno zvrst, ki jo je zaradi dialo\u0161ke oblike in didaskalij te\u017eje brati in razumeti. To velja \u0161e posebej za <strong>u\u010dence in dijake s slu\u0161nimi, govornimi ali drugimi komunikacijskimi motnjami<\/strong>. Ena izmed mo\u017enosti, kako jim omogo\u010diti celovitej\u0161o bralno izku\u0161njo, je gotovo <strong>upodobitev drame v stripu<\/strong>. Bralec la\u017eje sledi dogajanju, dramske osebe in prostori dobijo likovno podobo ter \u010dustva in nebesedna komunikacija pridejo skozi vizualna sporo\u010dila bolj do izraza. Dvogovori v obla\u010dkih ponujajo kraj\u0161e, razumljivej\u0161e povedi, a hkrati poudarjajo imanentno dialo\u0161ko obliko drame. Branje in razumevanje drame v stripu \u0161e dodatno podpremo z ustvarjalnimi dejavnostmi, ki temeljijo na metodah gledali\u0161ke pedagogike ter spodbujajo govorno, gibalno in pisno izra\u017eanje.<\/p>\t\t\t\t\t\t\t\t<\/div>\n\t\t\t\t\t<\/div>\n\t\t\t\t<\/div>\n\t\t\t\t\t<\/div>\n\t\t\t\t<\/div>\n\t\t<div class=\"elementor-element elementor-element-8d5d0cb e-flex e-con-boxed e-con e-parent\" data-id=\"8d5d0cb\" data-element_type=\"container\" data-e-type=\"container\" data-settings=\"{&quot;background_background&quot;:&quot;classic&quot;}\">\n\t\t\t\t\t<div class=\"e-con-inner\">\n\t\t<div class=\"elementor-element elementor-element-83139e5 e-flex e-con-boxed e-con e-child\" data-id=\"83139e5\" data-element_type=\"container\" data-e-type=\"container\">\n\t\t\t\t\t<div class=\"e-con-inner\">\n\t\t\t\t<div class=\"elementor-element elementor-element-c861ee2 elementor-widget elementor-widget-text-editor\" data-id=\"c861ee2\" data-element_type=\"widget\" data-e-type=\"widget\" data-widget_type=\"text-editor.default\">\n\t\t\t\t\t\t\t\t\t<p>Projekt traja <strong>od januarja do septembra 2025<\/strong>, <strong>projektne aktivnosti na sodelujo\u010dih vzgojno-izobra\u017eevalnih zavodih<\/strong> med drugim zajemajo:<\/p><ul><li><strong>delavnice ustvarjalne priprave<\/strong> na branje<strong> ter ustvarjalne obravnave<\/strong> literarnih besedil s pristopi gledali\u0161ke pedagogike in s pomo\u010djo stripa,<\/li><li><strong>delavnice spoznavanja<\/strong> stripovskega medija in stripovske terminologije pod mentorstvom stripovskega ustvarjalca,<\/li><li><strong>lastno ustvarjanje<\/strong> stripovskih prizorov izbranih literarnih besedil pod mentorstvom u\u010diteljic sloven\u0161\u010dine in likovne umetnosti,<\/li><li><strong>skupno razstavo<\/strong> izbranih del u\u010dencev in dijakov (gostovanje razstave na sodelujo\u010dih VIZ in v SLOGI od septembra 2025 do januarja 2026).<\/li><\/ul><p>Strokovni delavci vzgojno-izobra\u017eevalnih zavodov, ki bodo aktivno sodelovali pri projektnih aktivnostih, bodo dobili <strong>nove pristope gledali\u0161ke pedagogike<\/strong> za ustvarjalno obravnavo literarnih besedil, <strong>nove izku\u0161nje in znanja<\/strong> na podro\u010dju stripovskega ustvarjanja ter vizualna gradiva SLOGI Gledali\u0161kega muzeja in stripovske prizore u\u010dencev in dijakov, ki jih bodo lahko tudi v prihodnje uporabili pri pou\u010devanju.<\/p><p>Sodelujo\u010di u\u010denci in dijaki bodo s projektnimi aktivnostmi <strong>razvijali svoje jezikovne zmo\u017enosti v sloven\u0161\u010dini<\/strong> ter svojo <strong>gledali\u0161ko, bralno in vizualno pismenost<\/strong>. Spoznali bodo stripovsko terminologijo ter z lastnim ustvarjanjem stripovskih prizorov <strong>razvijali pisno in likovno izra\u017eanje<\/strong>. Krepili bodo svoje <strong>komunikacijske in govorne kompetence, verbalno in neverbalno izra\u017eanje ter svojo samozavest, ustvarjalnost in sodelovanje<\/strong> s so\u0161olci.<\/p>\t\t\t\t\t\t\t\t<\/div>\n\t\t\t\t\t<\/div>\n\t\t\t\t<\/div>\n\t\t\t\t\t<\/div>\n\t\t\t\t<\/div>\n\t\t<div class=\"elementor-element elementor-element-5ab62d1 e-flex e-con-boxed e-con e-parent\" data-id=\"5ab62d1\" data-element_type=\"container\" data-e-type=\"container\">\n\t\t\t\t\t<div class=\"e-con-inner\">\n\t\t<div class=\"elementor-element elementor-element-0145029 e-flex e-con-boxed e-con e-child\" data-id=\"0145029\" data-element_type=\"container\" data-e-type=\"container\">\n\t\t\t\t\t<div class=\"e-con-inner\">\n\t\t\t\t<div class=\"elementor-element elementor-element-19ad62d elementor-widget elementor-widget-text-editor\" data-id=\"19ad62d\" data-element_type=\"widget\" data-e-type=\"widget\" data-widget_type=\"text-editor.default\">\n\t\t\t\t\t\t\t\t\t<p>Koordinatorka projekta in izvajalka pedago\u0161kih programov je <strong>Sandra Jenko, MA<\/strong>. V strokovno projektno skupino so vklju\u010deni <strong>Maja Podvr\u0161i\u010d<\/strong>, <strong>Marjeta Klev\u017ee<\/strong>, <strong>Mateja Lunar Jemec<\/strong>, <strong>Nata\u0161a Po\u017ear Barut<\/strong>, <strong>dr. Nika Vizjak Pu\u0161kar<\/strong>, <strong>mag. Patricija Bra\u010di\u010d<\/strong>, <strong>Vesna Le\u0161nik Baruca<\/strong>. Strokovni sodelavci za podro\u010dje stripa so <strong>Cyril Horjak<\/strong>, <strong>Omar Horjak<\/strong> and <strong>Anna Sangawa Hmeljak<\/strong>.<\/p><p>Projekt je bil izbran na <em>Javnem razpisu za (so)financiranje projektov, namenjenih predstavljanju, uveljavljanju in razvoju slovenskega jezika ter njegovi promociji v letu 2025<\/em> Slu\u017ebe za slovenski jezik.<\/p><p>Projekt sofinancira <a href=\"https:\/\/www.gov.si\/drzavni-organi\/ministrstva\/ministrstvo-za-kulturo\/\" target=\"_blank\" rel=\"noopener\">Ministry of Culture of the Republic of Slovenia<\/a>.<\/p><p><a href=\"https:\/\/www.gov.si\/drzavni-organi\/ministrstva\/ministrstvo-za-kulturo\/\"><img decoding=\"async\" class=\"alignnone wp-image-4492 size-medium\" src=\"https:\/\/www.slogi.si\/wp-content\/uploads\/2024\/01\/MK_SI-300x52.png\" alt=\"\" width=\"300\" height=\"52\" srcset=\"https:\/\/www.slogi.si\/wp-content\/uploads\/2024\/01\/MK_SI-300x52.png 300w, https:\/\/www.slogi.si\/wp-content\/uploads\/2024\/01\/MK_SI.png 692w\" sizes=\"(max-width: 300px) 100vw, 300px\" \/><\/a><\/p>\t\t\t\t\t\t\t\t<\/div>\n\t\t\t\t\t<\/div>\n\t\t\t\t<\/div>\n\t\t\t\t\t<\/div>\n\t\t\t\t<\/div>\n\t\t<div class=\"elementor-element elementor-element-a012588 e-flex e-con-boxed e-con e-parent\" data-id=\"a012588\" data-element_type=\"container\" data-e-type=\"container\" data-settings=\"{&quot;background_background&quot;:&quot;classic&quot;}\">\n\t\t\t\t\t<div class=\"e-con-inner\">\n\t\t<div class=\"elementor-element elementor-element-d92db78 e-flex e-con-boxed e-con e-child\" data-id=\"d92db78\" data-element_type=\"container\" data-e-type=\"container\">\n\t\t\t\t\t<div class=\"e-con-inner\">\n\t\t\t\t<div class=\"elementor-element elementor-element-7a96edc elementor-widget__width-initial elementor-widget elementor-widget-heading\" data-id=\"7a96edc\" data-element_type=\"widget\" data-e-type=\"widget\" data-widget_type=\"heading.default\">\n\t\t\t\t\t<h2 class=\"elementor-heading-title elementor-size-default\">Galerija<\/h2>\t\t\t\t<\/div>\n\t\t\t\t<div class=\"elementor-element elementor-element-10d074b elementor-widget__width-initial elementor-widget elementor-widget-heading\" data-id=\"10d074b\" data-element_type=\"widget\" data-e-type=\"widget\" data-widget_type=\"heading.default\">\n\t\t\t\t\t<h3 class=\"elementor-heading-title elementor-size-default\">Delavnice projekta<\/h3>\t\t\t\t<\/div>\n\t\t\t\t<div class=\"elementor-element elementor-element-d822ff4 gallery-spacing-custom elementor-widget elementor-widget-image-gallery\" data-id=\"d822ff4\" data-element_type=\"widget\" data-e-type=\"widget\" data-widget_type=\"image-gallery.default\">\n\t\t\t\t\t\t\t<div class=\"elementor-image-gallery\">\n\t\t\t<div id='gallery-1' class='gallery galleryid-16784 gallery-columns-3 gallery-size-thumbnail'><figure class='gallery-item'>\n\t\t\t<div class='gallery-icon landscape'>\n\t\t\t\t<a data-elementor-open-lightbox=\"yes\" data-elementor-lightbox-slideshow=\"d822ff4\" data-elementor-lightbox-title=\"DvO (2)\" data-e-action-hash=\"#elementor-action%3Aaction%3Dlightbox%26settings%3DeyJpZCI6MTY4MjUsInVybCI6Imh0dHBzOlwvXC93d3cuc2xvZ2kuc2lcL3dwLWNvbnRlbnRcL3VwbG9hZHNcLzIwMjVcLzA4XC9Edk8tMi5qcGciLCJzbGlkZXNob3ciOiJkODIyZmY0In0%3D\" href='https:\/\/www.slogi.si\/wp-content\/uploads\/2025\/08\/DvO-2.jpg'><img decoding=\"async\" width=\"150\" height=\"150\" src=\"https:\/\/www.slogi.si\/wp-content\/uploads\/2025\/08\/DvO-2-150x150.jpg\" class=\"attachment-thumbnail size-thumbnail\" alt=\"Delavnica projekta Dialogi v obla\u010dkih, priprave, spoznavanja in ustvarjanja stripovskih prizorov izbranih literarnih besedil s sodelujo\u010dimi u\u010denci in dijaki ter pod mentorstvom stripovskega ustvarjalca.\" \/><\/a>\n\t\t\t<\/div><\/figure><figure class='gallery-item'>\n\t\t\t<div class='gallery-icon landscape'>\n\t\t\t\t<a data-elementor-open-lightbox=\"yes\" data-elementor-lightbox-slideshow=\"d822ff4\" data-elementor-lightbox-title=\"DvO (4)\" data-e-action-hash=\"#elementor-action%3Aaction%3Dlightbox%26settings%3DeyJpZCI6MTY4MjYsInVybCI6Imh0dHBzOlwvXC93d3cuc2xvZ2kuc2lcL3dwLWNvbnRlbnRcL3VwbG9hZHNcLzIwMjVcLzA4XC9Edk8tNC5qcGciLCJzbGlkZXNob3ciOiJkODIyZmY0In0%3D\" href='https:\/\/www.slogi.si\/wp-content\/uploads\/2025\/08\/DvO-4.jpg'><img loading=\"lazy\" decoding=\"async\" width=\"150\" height=\"150\" src=\"https:\/\/www.slogi.si\/wp-content\/uploads\/2025\/08\/DvO-4-150x150.jpg\" class=\"attachment-thumbnail size-thumbnail\" alt=\"Delavnica projekta Dialogi v obla\u010dkih, priprave, spoznavanja in ustvarjanja stripovskih prizorov izbranih literarnih besedil s sodelujo\u010dimi u\u010denci in dijaki ter pod mentorstvom stripovskega ustvarjalca.\" \/><\/a>\n\t\t\t<\/div><\/figure><figure class='gallery-item'>\n\t\t\t<div class='gallery-icon landscape'>\n\t\t\t\t<a data-elementor-open-lightbox=\"yes\" data-elementor-lightbox-slideshow=\"d822ff4\" data-elementor-lightbox-title=\"DvO (5)\" data-e-action-hash=\"#elementor-action%3Aaction%3Dlightbox%26settings%3DeyJpZCI6MTY4MjcsInVybCI6Imh0dHBzOlwvXC93d3cuc2xvZ2kuc2lcL3dwLWNvbnRlbnRcL3VwbG9hZHNcLzIwMjVcLzA4XC9Edk8tNS5qcGciLCJzbGlkZXNob3ciOiJkODIyZmY0In0%3D\" href='https:\/\/www.slogi.si\/wp-content\/uploads\/2025\/08\/DvO-5.jpg'><img loading=\"lazy\" decoding=\"async\" width=\"150\" height=\"150\" src=\"https:\/\/www.slogi.si\/wp-content\/uploads\/2025\/08\/DvO-5-150x150.jpg\" class=\"attachment-thumbnail size-thumbnail\" alt=\"Delavnica projekta Dialogi v obla\u010dkih, priprave, spoznavanja in ustvarjanja stripovskih prizorov izbranih literarnih besedil s sodelujo\u010dimi u\u010denci in dijaki ter pod mentorstvom stripovskega ustvarjalca.\" \/><\/a>\n\t\t\t<\/div><\/figure><figure class='gallery-item'>\n\t\t\t<div class='gallery-icon landscape'>\n\t\t\t\t<a data-elementor-open-lightbox=\"yes\" data-elementor-lightbox-slideshow=\"d822ff4\" data-elementor-lightbox-title=\"DvO (6)\" data-e-action-hash=\"#elementor-action%3Aaction%3Dlightbox%26settings%3DeyJpZCI6MTY4MjgsInVybCI6Imh0dHBzOlwvXC93d3cuc2xvZ2kuc2lcL3dwLWNvbnRlbnRcL3VwbG9hZHNcLzIwMjVcLzA4XC9Edk8tNi5qcGciLCJzbGlkZXNob3ciOiJkODIyZmY0In0%3D\" href='https:\/\/www.slogi.si\/wp-content\/uploads\/2025\/08\/DvO-6.jpg'><img loading=\"lazy\" decoding=\"async\" width=\"150\" height=\"150\" src=\"https:\/\/www.slogi.si\/wp-content\/uploads\/2025\/08\/DvO-6-150x150.jpg\" class=\"attachment-thumbnail size-thumbnail\" alt=\"Delavnica projekta Dialogi v obla\u010dkih, priprave, spoznavanja in ustvarjanja stripovskih prizorov izbranih literarnih besedil s sodelujo\u010dimi u\u010denci in dijaki ter pod mentorstvom stripovskega ustvarjalca.\" \/><\/a>\n\t\t\t<\/div><\/figure><figure class='gallery-item'>\n\t\t\t<div class='gallery-icon landscape'>\n\t\t\t\t<a data-elementor-open-lightbox=\"yes\" data-elementor-lightbox-slideshow=\"d822ff4\" data-elementor-lightbox-title=\"DvO (7)\" data-e-action-hash=\"#elementor-action%3Aaction%3Dlightbox%26settings%3DeyJpZCI6MTY4MjksInVybCI6Imh0dHBzOlwvXC93d3cuc2xvZ2kuc2lcL3dwLWNvbnRlbnRcL3VwbG9hZHNcLzIwMjVcLzA4XC9Edk8tNy5qcGciLCJzbGlkZXNob3ciOiJkODIyZmY0In0%3D\" href='https:\/\/www.slogi.si\/wp-content\/uploads\/2025\/08\/DvO-7.jpg'><img loading=\"lazy\" decoding=\"async\" width=\"150\" height=\"150\" src=\"https:\/\/www.slogi.si\/wp-content\/uploads\/2025\/08\/DvO-7-150x150.jpg\" class=\"attachment-thumbnail size-thumbnail\" alt=\"Delavnica projekta Dialogi v obla\u010dkih, priprave, spoznavanja in ustvarjanja stripovskih prizorov izbranih literarnih besedil s sodelujo\u010dimi u\u010denci in dijaki ter pod mentorstvom stripovskega ustvarjalca.\" \/><\/a>\n\t\t\t<\/div><\/figure><figure class='gallery-item'>\n\t\t\t<div class='gallery-icon landscape'>\n\t\t\t\t<a data-elementor-open-lightbox=\"yes\" data-elementor-lightbox-slideshow=\"d822ff4\" data-elementor-lightbox-title=\"DvO (8)\" data-e-action-hash=\"#elementor-action%3Aaction%3Dlightbox%26settings%3DeyJpZCI6MTY4MzAsInVybCI6Imh0dHBzOlwvXC93d3cuc2xvZ2kuc2lcL3dwLWNvbnRlbnRcL3VwbG9hZHNcLzIwMjVcLzA4XC9Edk8tOC5qcGciLCJzbGlkZXNob3ciOiJkODIyZmY0In0%3D\" href='https:\/\/www.slogi.si\/wp-content\/uploads\/2025\/08\/DvO-8.jpg'><img loading=\"lazy\" decoding=\"async\" width=\"150\" height=\"150\" src=\"https:\/\/www.slogi.si\/wp-content\/uploads\/2025\/08\/DvO-8-150x150.jpg\" class=\"attachment-thumbnail size-thumbnail\" alt=\"Delavnica projekta Dialogi v obla\u010dkih, priprave, spoznavanja in ustvarjanja stripovskih prizorov izbranih literarnih besedil s sodelujo\u010dimi u\u010denci in dijaki ter pod mentorstvom stripovskega ustvarjalca.\" \/><\/a>\n\t\t\t<\/div><\/figure><figure class='gallery-item'>\n\t\t\t<div class='gallery-icon landscape'>\n\t\t\t\t<a data-elementor-open-lightbox=\"yes\" data-elementor-lightbox-slideshow=\"d822ff4\" data-elementor-lightbox-title=\"DvO (9)\" data-e-action-hash=\"#elementor-action%3Aaction%3Dlightbox%26settings%3DeyJpZCI6MTY4MzEsInVybCI6Imh0dHBzOlwvXC93d3cuc2xvZ2kuc2lcL3dwLWNvbnRlbnRcL3VwbG9hZHNcLzIwMjVcLzA4XC9Edk8tOS5qcGciLCJzbGlkZXNob3ciOiJkODIyZmY0In0%3D\" href='https:\/\/www.slogi.si\/wp-content\/uploads\/2025\/08\/DvO-9.jpg'><img loading=\"lazy\" decoding=\"async\" width=\"150\" height=\"150\" src=\"https:\/\/www.slogi.si\/wp-content\/uploads\/2025\/08\/DvO-9-150x150.jpg\" class=\"attachment-thumbnail size-thumbnail\" alt=\"Delavnica projekta Dialogi v obla\u010dkih, priprave, spoznavanja in ustvarjanja stripovskih prizorov izbranih literarnih besedil s sodelujo\u010dimi u\u010denci in dijaki ter pod mentorstvom stripovskega ustvarjalca.\" \/><\/a>\n\t\t\t<\/div><\/figure><figure class='gallery-item'>\n\t\t\t<div class='gallery-icon landscape'>\n\t\t\t\t<a data-elementor-open-lightbox=\"yes\" data-elementor-lightbox-slideshow=\"d822ff4\" data-elementor-lightbox-title=\"DvO (10)\" data-e-action-hash=\"#elementor-action%3Aaction%3Dlightbox%26settings%3DeyJpZCI6MTY4MzIsInVybCI6Imh0dHBzOlwvXC93d3cuc2xvZ2kuc2lcL3dwLWNvbnRlbnRcL3VwbG9hZHNcLzIwMjVcLzA4XC9Edk8tMTAuanBnIiwic2xpZGVzaG93IjoiZDgyMmZmNCJ9\" href='https:\/\/www.slogi.si\/wp-content\/uploads\/2025\/08\/DvO-10.jpg'><img loading=\"lazy\" decoding=\"async\" width=\"150\" height=\"150\" src=\"https:\/\/www.slogi.si\/wp-content\/uploads\/2025\/08\/DvO-10-150x150.jpg\" class=\"attachment-thumbnail size-thumbnail\" alt=\"Delavnica projekta Dialogi v obla\u010dkih, priprave, spoznavanja in ustvarjanja stripovskih prizorov izbranih literarnih besedil s sodelujo\u010dimi u\u010denci in dijaki ter pod mentorstvom stripovskega ustvarjalca.\" \/><\/a>\n\t\t\t<\/div><\/figure><figure class='gallery-item'>\n\t\t\t<div class='gallery-icon landscape'>\n\t\t\t\t<a data-elementor-open-lightbox=\"yes\" data-elementor-lightbox-slideshow=\"d822ff4\" data-elementor-lightbox-title=\"DvO (11)\" data-e-action-hash=\"#elementor-action%3Aaction%3Dlightbox%26settings%3DeyJpZCI6MTY4MzMsInVybCI6Imh0dHBzOlwvXC93d3cuc2xvZ2kuc2lcL3dwLWNvbnRlbnRcL3VwbG9hZHNcLzIwMjVcLzA4XC9Edk8tMTEuanBnIiwic2xpZGVzaG93IjoiZDgyMmZmNCJ9\" href='https:\/\/www.slogi.si\/wp-content\/uploads\/2025\/08\/DvO-11.jpg'><img loading=\"lazy\" decoding=\"async\" width=\"150\" height=\"150\" src=\"https:\/\/www.slogi.si\/wp-content\/uploads\/2025\/08\/DvO-11-150x150.jpg\" class=\"attachment-thumbnail size-thumbnail\" alt=\"Delavnica projekta Dialogi v obla\u010dkih, priprave, spoznavanja in ustvarjanja stripovskih prizorov izbranih literarnih besedil s sodelujo\u010dimi u\u010denci in dijaki ter pod mentorstvom stripovskega ustvarjalca.\" \/><\/a>\n\t\t\t<\/div><\/figure><figure class='gallery-item'>\n\t\t\t<div class='gallery-icon landscape'>\n\t\t\t\t<a data-elementor-open-lightbox=\"yes\" data-elementor-lightbox-slideshow=\"d822ff4\" data-elementor-lightbox-title=\"DvO (12)\" data-e-action-hash=\"#elementor-action%3Aaction%3Dlightbox%26settings%3DeyJpZCI6MTY4MzQsInVybCI6Imh0dHBzOlwvXC93d3cuc2xvZ2kuc2lcL3dwLWNvbnRlbnRcL3VwbG9hZHNcLzIwMjVcLzA4XC9Edk8tMTIuanBnIiwic2xpZGVzaG93IjoiZDgyMmZmNCJ9\" href='https:\/\/www.slogi.si\/wp-content\/uploads\/2025\/08\/DvO-12.jpg'><img loading=\"lazy\" decoding=\"async\" width=\"150\" height=\"150\" src=\"https:\/\/www.slogi.si\/wp-content\/uploads\/2025\/08\/DvO-12-150x150.jpg\" class=\"attachment-thumbnail size-thumbnail\" alt=\"Delavnica projekta Dialogi v obla\u010dkih, priprave, spoznavanja in ustvarjanja stripovskih prizorov izbranih literarnih besedil s sodelujo\u010dimi u\u010denci in dijaki ter pod mentorstvom stripovskega ustvarjalca.\" \/><\/a>\n\t\t\t<\/div><\/figure><figure class='gallery-item'>\n\t\t\t<div class='gallery-icon landscape'>\n\t\t\t\t<a data-elementor-open-lightbox=\"yes\" data-elementor-lightbox-slideshow=\"d822ff4\" data-elementor-lightbox-title=\"DvO (13)\" data-e-action-hash=\"#elementor-action%3Aaction%3Dlightbox%26settings%3DeyJpZCI6MTY4MzUsInVybCI6Imh0dHBzOlwvXC93d3cuc2xvZ2kuc2lcL3dwLWNvbnRlbnRcL3VwbG9hZHNcLzIwMjVcLzA4XC9Edk8tMTMuanBnIiwic2xpZGVzaG93IjoiZDgyMmZmNCJ9\" href='https:\/\/www.slogi.si\/wp-content\/uploads\/2025\/08\/DvO-13.jpg'><img loading=\"lazy\" decoding=\"async\" width=\"150\" height=\"150\" src=\"https:\/\/www.slogi.si\/wp-content\/uploads\/2025\/08\/DvO-13-150x150.jpg\" class=\"attachment-thumbnail size-thumbnail\" alt=\"Delavnica projekta Dialogi v obla\u010dkih, priprave, spoznavanja in ustvarjanja stripovskih prizorov izbranih literarnih besedil s sodelujo\u010dimi u\u010denci in dijaki ter pod mentorstvom stripovskega ustvarjalca.\" \/><\/a>\n\t\t\t<\/div><\/figure><figure class='gallery-item'>\n\t\t\t<div class='gallery-icon landscape'>\n\t\t\t\t<a data-elementor-open-lightbox=\"yes\" data-elementor-lightbox-slideshow=\"d822ff4\" data-elementor-lightbox-title=\"DvO (14)\" data-e-action-hash=\"#elementor-action%3Aaction%3Dlightbox%26settings%3DeyJpZCI6MTY4MzYsInVybCI6Imh0dHBzOlwvXC93d3cuc2xvZ2kuc2lcL3dwLWNvbnRlbnRcL3VwbG9hZHNcLzIwMjVcLzA4XC9Edk8tMTQuanBnIiwic2xpZGVzaG93IjoiZDgyMmZmNCJ9\" href='https:\/\/www.slogi.si\/wp-content\/uploads\/2025\/08\/DvO-14.jpg'><img loading=\"lazy\" decoding=\"async\" width=\"150\" height=\"150\" src=\"https:\/\/www.slogi.si\/wp-content\/uploads\/2025\/08\/DvO-14-150x150.jpg\" class=\"attachment-thumbnail size-thumbnail\" alt=\"Delavnica projekta Dialogi v obla\u010dkih, priprave, spoznavanja in ustvarjanja stripovskih prizorov izbranih literarnih besedil s sodelujo\u010dimi u\u010denci in dijaki ter pod mentorstvom stripovskega ustvarjalca.\" \/><\/a>\n\t\t\t<\/div><\/figure><figure class='gallery-item'>\n\t\t\t<div class='gallery-icon portrait'>\n\t\t\t\t<a data-elementor-open-lightbox=\"yes\" data-elementor-lightbox-slideshow=\"d822ff4\" data-elementor-lightbox-title=\"DvO (15)\" data-e-action-hash=\"#elementor-action%3Aaction%3Dlightbox%26settings%3DeyJpZCI6MTY4MzcsInVybCI6Imh0dHBzOlwvXC93d3cuc2xvZ2kuc2lcL3dwLWNvbnRlbnRcL3VwbG9hZHNcLzIwMjVcLzA4XC9Edk8tMTUuanBnIiwic2xpZGVzaG93IjoiZDgyMmZmNCJ9\" href='https:\/\/www.slogi.si\/wp-content\/uploads\/2025\/08\/DvO-15.jpg'><img loading=\"lazy\" decoding=\"async\" width=\"150\" height=\"150\" src=\"https:\/\/www.slogi.si\/wp-content\/uploads\/2025\/08\/DvO-15-150x150.jpg\" class=\"attachment-thumbnail size-thumbnail\" alt=\"Delavnica projekta Dialogi v obla\u010dkih, priprave, spoznavanja in ustvarjanja stripovskih prizorov izbranih literarnih besedil s sodelujo\u010dimi u\u010denci in dijaki ter pod mentorstvom stripovskega ustvarjalca.\" \/><\/a>\n\t\t\t<\/div><\/figure><figure class='gallery-item'>\n\t\t\t<div class='gallery-icon landscape'>\n\t\t\t\t<a data-elementor-open-lightbox=\"yes\" data-elementor-lightbox-slideshow=\"d822ff4\" data-elementor-lightbox-title=\"DvO (17)\" data-e-action-hash=\"#elementor-action%3Aaction%3Dlightbox%26settings%3DeyJpZCI6MTY4MzgsInVybCI6Imh0dHBzOlwvXC93d3cuc2xvZ2kuc2lcL3dwLWNvbnRlbnRcL3VwbG9hZHNcLzIwMjVcLzA4XC9Edk8tMTcuanBnIiwic2xpZGVzaG93IjoiZDgyMmZmNCJ9\" href='https:\/\/www.slogi.si\/wp-content\/uploads\/2025\/08\/DvO-17.jpg'><img loading=\"lazy\" decoding=\"async\" width=\"150\" height=\"150\" src=\"https:\/\/www.slogi.si\/wp-content\/uploads\/2025\/08\/DvO-17-150x150.jpg\" class=\"attachment-thumbnail size-thumbnail\" alt=\"Delavnica projekta Dialogi v obla\u010dkih, priprave, spoznavanja in ustvarjanja stripovskih prizorov izbranih literarnih besedil s sodelujo\u010dimi u\u010denci in dijaki ter pod mentorstvom stripovskega ustvarjalca.\" \/><\/a>\n\t\t\t<\/div><\/figure><figure class='gallery-item'>\n\t\t\t<div class='gallery-icon landscape'>\n\t\t\t\t<a data-elementor-open-lightbox=\"yes\" data-elementor-lightbox-slideshow=\"d822ff4\" data-elementor-lightbox-title=\"DvO (18)\" data-e-action-hash=\"#elementor-action%3Aaction%3Dlightbox%26settings%3DeyJpZCI6MTY4MzksInVybCI6Imh0dHBzOlwvXC93d3cuc2xvZ2kuc2lcL3dwLWNvbnRlbnRcL3VwbG9hZHNcLzIwMjVcLzA4XC9Edk8tMTguanBnIiwic2xpZGVzaG93IjoiZDgyMmZmNCJ9\" href='https:\/\/www.slogi.si\/wp-content\/uploads\/2025\/08\/DvO-18.jpg'><img loading=\"lazy\" decoding=\"async\" width=\"150\" height=\"150\" src=\"https:\/\/www.slogi.si\/wp-content\/uploads\/2025\/08\/DvO-18-150x150.jpg\" class=\"attachment-thumbnail size-thumbnail\" alt=\"Delavnica projekta Dialogi v obla\u010dkih, priprave, spoznavanja in ustvarjanja stripovskih prizorov izbranih literarnih besedil s sodelujo\u010dimi u\u010denci in dijaki ter pod mentorstvom stripovskega ustvarjalca.\" \/><\/a>\n\t\t\t<\/div><\/figure><figure class='gallery-item'>\n\t\t\t<div class='gallery-icon landscape'>\n\t\t\t\t<a data-elementor-open-lightbox=\"yes\" data-elementor-lightbox-slideshow=\"d822ff4\" data-elementor-lightbox-title=\"DvO (20)\" data-e-action-hash=\"#elementor-action%3Aaction%3Dlightbox%26settings%3DeyJpZCI6MTY4NDAsInVybCI6Imh0dHBzOlwvXC93d3cuc2xvZ2kuc2lcL3dwLWNvbnRlbnRcL3VwbG9hZHNcLzIwMjVcLzA4XC9Edk8tMjAuanBnIiwic2xpZGVzaG93IjoiZDgyMmZmNCJ9\" href='https:\/\/www.slogi.si\/wp-content\/uploads\/2025\/08\/DvO-20.jpg'><img loading=\"lazy\" decoding=\"async\" width=\"150\" height=\"150\" src=\"https:\/\/www.slogi.si\/wp-content\/uploads\/2025\/08\/DvO-20-150x150.jpg\" class=\"attachment-thumbnail size-thumbnail\" alt=\"Delavnica projekta Dialogi v obla\u010dkih, priprave, spoznavanja in ustvarjanja stripovskih prizorov izbranih literarnih besedil s sodelujo\u010dimi u\u010denci in dijaki ter pod mentorstvom stripovskega ustvarjalca.\" \/><\/a>\n\t\t\t<\/div><\/figure><figure class='gallery-item'>\n\t\t\t<div class='gallery-icon portrait'>\n\t\t\t\t<a data-elementor-open-lightbox=\"yes\" data-elementor-lightbox-slideshow=\"d822ff4\" data-elementor-lightbox-title=\"DvO (21)\" data-e-action-hash=\"#elementor-action%3Aaction%3Dlightbox%26settings%3DeyJpZCI6MTY4NDEsInVybCI6Imh0dHBzOlwvXC93d3cuc2xvZ2kuc2lcL3dwLWNvbnRlbnRcL3VwbG9hZHNcLzIwMjVcLzA4XC9Edk8tMjEuanBnIiwic2xpZGVzaG93IjoiZDgyMmZmNCJ9\" href='https:\/\/www.slogi.si\/wp-content\/uploads\/2025\/08\/DvO-21.jpg'><img loading=\"lazy\" decoding=\"async\" width=\"150\" height=\"150\" src=\"https:\/\/www.slogi.si\/wp-content\/uploads\/2025\/08\/DvO-21-150x150.jpg\" class=\"attachment-thumbnail size-thumbnail\" alt=\"Delavnica projekta Dialogi v obla\u010dkih, priprave, spoznavanja in ustvarjanja stripovskih prizorov izbranih literarnih besedil s sodelujo\u010dimi u\u010denci in dijaki ter pod mentorstvom stripovskega ustvarjalca.\" \/><\/a>\n\t\t\t<\/div><\/figure><figure class='gallery-item'>\n\t\t\t<div class='gallery-icon portrait'>\n\t\t\t\t<a data-elementor-open-lightbox=\"yes\" data-elementor-lightbox-slideshow=\"d822ff4\" data-elementor-lightbox-title=\"DvO (22)\" data-e-action-hash=\"#elementor-action%3Aaction%3Dlightbox%26settings%3DeyJpZCI6MTY4NDIsInVybCI6Imh0dHBzOlwvXC93d3cuc2xvZ2kuc2lcL3dwLWNvbnRlbnRcL3VwbG9hZHNcLzIwMjVcLzA4XC9Edk8tMjIuanBnIiwic2xpZGVzaG93IjoiZDgyMmZmNCJ9\" href='https:\/\/www.slogi.si\/wp-content\/uploads\/2025\/08\/DvO-22.jpg'><img loading=\"lazy\" decoding=\"async\" width=\"150\" height=\"150\" src=\"https:\/\/www.slogi.si\/wp-content\/uploads\/2025\/08\/DvO-22-150x150.jpg\" class=\"attachment-thumbnail size-thumbnail\" alt=\"Delavnica projekta Dialogi v obla\u010dkih, priprave, spoznavanja in ustvarjanja stripovskih prizorov izbranih literarnih besedil s sodelujo\u010dimi u\u010denci in dijaki ter pod mentorstvom stripovskega ustvarjalca.\" \/><\/a>\n\t\t\t<\/div><\/figure>\n\t\t<\/div>\n\t\t<\/div>\n\t\t\t\t\t\t<\/div>\n\t\t\t\t<div class=\"elementor-element elementor-element-bda6a88 elementor-widget__width-initial elementor-widget elementor-widget-heading\" data-id=\"bda6a88\" data-element_type=\"widget\" data-e-type=\"widget\" data-widget_type=\"heading.default\">\n\t\t\t\t\t<h3 class=\"elementor-heading-title elementor-size-default\">Touring Exhibition<\/h3>\t\t\t\t<\/div>\n\t\t\t\t<div class=\"elementor-element elementor-element-c269592 elementor-widget__width-initial elementor-widget elementor-widget-heading\" data-id=\"c269592\" data-element_type=\"widget\" data-e-type=\"widget\" data-widget_type=\"heading.default\">\n\t\t\t\t\t<h6 class=\"elementor-heading-title elementor-size-default\"><a href=\"https:\/\/www.slogi.si\/en\/events\/dialogi-v-oblackih-razstava-ob-zakljucku-projekta-postavitev-v-slogi\/\">13. \u2013 27. 2. 2026, Slovenski gledali\u0161ki in\u0161titut<\/a><\/h6>\t\t\t\t<\/div>\n\t\t\t\t<div class=\"elementor-element elementor-element-c90e190 gallery-spacing-custom elementor-widget elementor-widget-image-gallery\" data-id=\"c90e190\" data-element_type=\"widget\" data-e-type=\"widget\" data-widget_type=\"image-gallery.default\">\n\t\t\t\t\t\t\t<div class=\"elementor-image-gallery\">\n\t\t\t<div id='gallery-2' class='gallery galleryid-16784 gallery-columns-3 gallery-size-thumbnail'><figure class='gallery-item'>\n\t\t\t<div class='gallery-icon landscape'>\n\t\t\t\t<a data-elementor-open-lightbox=\"yes\" data-elementor-lightbox-slideshow=\"c90e190\" data-elementor-lightbox-title=\"DvO v SLOGIc\" data-e-action-hash=\"#elementor-action%3Aaction%3Dlightbox%26settings%3DeyJpZCI6MTgwODksInVybCI6Imh0dHBzOlwvXC93d3cuc2xvZ2kuc2lcL3dwLWNvbnRlbnRcL3VwbG9hZHNcLzIwMjZcLzAyXC9Edk8tdi1TTE9HSWMuanBnIiwic2xpZGVzaG93IjoiYzkwZTE5MCJ9\" href='https:\/\/www.slogi.si\/wp-content\/uploads\/2026\/02\/DvO-v-SLOGIc.jpg'><img loading=\"lazy\" decoding=\"async\" width=\"150\" height=\"150\" src=\"https:\/\/www.slogi.si\/wp-content\/uploads\/2026\/02\/DvO-v-SLOGIc-150x150.jpg\" class=\"attachment-thumbnail size-thumbnail\" alt=\"\" aria-describedby=\"gallery-2-18089\" \/><\/a>\n\t\t\t<\/div>\n\t\t\t\t<figcaption class='wp-caption-text gallery-caption' id='gallery-2-18089'>\n\t\t\t\tDvO, 13.\u201327. 2. 2026, SLOGI\n\t\t\t\t<\/figcaption><\/figure><figure class='gallery-item'>\n\t\t\t<div class='gallery-icon landscape'>\n\t\t\t\t<a data-elementor-open-lightbox=\"yes\" data-elementor-lightbox-slideshow=\"c90e190\" data-elementor-lightbox-title=\"DvO_SLOGI_fSLOGI (17)\" data-e-action-hash=\"#elementor-action%3Aaction%3Dlightbox%26settings%3DeyJpZCI6MTgxMTksInVybCI6Imh0dHBzOlwvXC93d3cuc2xvZ2kuc2lcL3dwLWNvbnRlbnRcL3VwbG9hZHNcLzIwMjZcLzAyXC9Edk9fU0xPR0lfZlNMT0dJLTE3LmpwZyIsInNsaWRlc2hvdyI6ImM5MGUxOTAifQ%3D%3D\" href='https:\/\/www.slogi.si\/wp-content\/uploads\/2026\/02\/DvO_SLOGI_fSLOGI-17.jpg'><img loading=\"lazy\" decoding=\"async\" width=\"150\" height=\"150\" src=\"https:\/\/www.slogi.si\/wp-content\/uploads\/2026\/02\/DvO_SLOGI_fSLOGI-17-150x150.jpg\" class=\"attachment-thumbnail size-thumbnail\" alt=\"\" aria-describedby=\"gallery-2-18119\" \/><\/a>\n\t\t\t<\/div>\n\t\t\t\t<figcaption class='wp-caption-text gallery-caption' id='gallery-2-18119'>\n\t\t\t\tDvO, 13.\u201327. 2. 2026, SLOGI\n\t\t\t\t<\/figcaption><\/figure><figure class='gallery-item'>\n\t\t\t<div class='gallery-icon landscape'>\n\t\t\t\t<a data-elementor-open-lightbox=\"yes\" data-elementor-lightbox-slideshow=\"c90e190\" data-elementor-lightbox-title=\"DvO_SLOGI_fSLOGI (9)\" data-e-action-hash=\"#elementor-action%3Aaction%3Dlightbox%26settings%3DeyJpZCI6MTgxMTcsInVybCI6Imh0dHBzOlwvXC93d3cuc2xvZ2kuc2lcL3dwLWNvbnRlbnRcL3VwbG9hZHNcLzIwMjZcLzAyXC9Edk9fU0xPR0lfZlNMT0dJLTkuanBnIiwic2xpZGVzaG93IjoiYzkwZTE5MCJ9\" href='https:\/\/www.slogi.si\/wp-content\/uploads\/2026\/02\/DvO_SLOGI_fSLOGI-9.jpg'><img loading=\"lazy\" decoding=\"async\" width=\"150\" height=\"150\" src=\"https:\/\/www.slogi.si\/wp-content\/uploads\/2026\/02\/DvO_SLOGI_fSLOGI-9-150x150.jpg\" class=\"attachment-thumbnail size-thumbnail\" alt=\"\" aria-describedby=\"gallery-2-18117\" \/><\/a>\n\t\t\t<\/div>\n\t\t\t\t<figcaption class='wp-caption-text gallery-caption' id='gallery-2-18117'>\n\t\t\t\tDvO, 13.\u201327. 2. 2026, SLOGI\n\t\t\t\t<\/figcaption><\/figure><figure class='gallery-item'>\n\t\t\t<div class='gallery-icon landscape'>\n\t\t\t\t<a data-elementor-open-lightbox=\"yes\" data-elementor-lightbox-slideshow=\"c90e190\" data-elementor-lightbox-title=\"DvO_SLOGI_fSLOGI (7)\" data-e-action-hash=\"#elementor-action%3Aaction%3Dlightbox%26settings%3DeyJpZCI6MTgxMTYsInVybCI6Imh0dHBzOlwvXC93d3cuc2xvZ2kuc2lcL3dwLWNvbnRlbnRcL3VwbG9hZHNcLzIwMjZcLzAyXC9Edk9fU0xPR0lfZlNMT0dJLTcuanBnIiwic2xpZGVzaG93IjoiYzkwZTE5MCJ9\" href='https:\/\/www.slogi.si\/wp-content\/uploads\/2026\/02\/DvO_SLOGI_fSLOGI-7.jpg'><img loading=\"lazy\" decoding=\"async\" width=\"150\" height=\"150\" src=\"https:\/\/www.slogi.si\/wp-content\/uploads\/2026\/02\/DvO_SLOGI_fSLOGI-7-150x150.jpg\" class=\"attachment-thumbnail size-thumbnail\" alt=\"\" aria-describedby=\"gallery-2-18116\" \/><\/a>\n\t\t\t<\/div>\n\t\t\t\t<figcaption class='wp-caption-text gallery-caption' id='gallery-2-18116'>\n\t\t\t\tDvO, 13.\u201327. 2. 2026, SLOGI\n\t\t\t\t<\/figcaption><\/figure><figure class='gallery-item'>\n\t\t\t<div class='gallery-icon landscape'>\n\t\t\t\t<a data-elementor-open-lightbox=\"yes\" data-elementor-lightbox-slideshow=\"c90e190\" data-elementor-lightbox-title=\"DvO_SLOGI_fSLOGI (2)\" data-e-action-hash=\"#elementor-action%3Aaction%3Dlightbox%26settings%3DeyJpZCI6MTgxMTUsInVybCI6Imh0dHBzOlwvXC93d3cuc2xvZ2kuc2lcL3dwLWNvbnRlbnRcL3VwbG9hZHNcLzIwMjZcLzAyXC9Edk9fU0xPR0lfZlNMT0dJLTIuanBnIiwic2xpZGVzaG93IjoiYzkwZTE5MCJ9\" href='https:\/\/www.slogi.si\/wp-content\/uploads\/2026\/02\/DvO_SLOGI_fSLOGI-2.jpg'><img loading=\"lazy\" decoding=\"async\" width=\"150\" height=\"150\" src=\"https:\/\/www.slogi.si\/wp-content\/uploads\/2026\/02\/DvO_SLOGI_fSLOGI-2-150x150.jpg\" class=\"attachment-thumbnail size-thumbnail\" alt=\"\" aria-describedby=\"gallery-2-18115\" \/><\/a>\n\t\t\t<\/div>\n\t\t\t\t<figcaption class='wp-caption-text gallery-caption' id='gallery-2-18115'>\n\t\t\t\tDvO, 13.\u201327. 2. 2026, SLOGI\n\t\t\t\t<\/figcaption><\/figure><figure class='gallery-item'>\n\t\t\t<div class='gallery-icon landscape'>\n\t\t\t\t<a data-elementor-open-lightbox=\"yes\" data-elementor-lightbox-slideshow=\"c90e190\" data-elementor-lightbox-title=\"DvO_SLOGI_fSLOGI (1)\" data-e-action-hash=\"#elementor-action%3Aaction%3Dlightbox%26settings%3DeyJpZCI6MTgxMTQsInVybCI6Imh0dHBzOlwvXC93d3cuc2xvZ2kuc2lcL3dwLWNvbnRlbnRcL3VwbG9hZHNcLzIwMjZcLzAyXC9Edk9fU0xPR0lfZlNMT0dJLTEuanBnIiwic2xpZGVzaG93IjoiYzkwZTE5MCJ9\" href='https:\/\/www.slogi.si\/wp-content\/uploads\/2026\/02\/DvO_SLOGI_fSLOGI-1.jpg'><img loading=\"lazy\" decoding=\"async\" width=\"150\" height=\"150\" src=\"https:\/\/www.slogi.si\/wp-content\/uploads\/2026\/02\/DvO_SLOGI_fSLOGI-1-150x150.jpg\" class=\"attachment-thumbnail size-thumbnail\" alt=\"\" aria-describedby=\"gallery-2-18114\" \/><\/a>\n\t\t\t<\/div>\n\t\t\t\t<figcaption class='wp-caption-text gallery-caption' id='gallery-2-18114'>\n\t\t\t\tDvO, 13.\u201327. 2. 2026, SLOGI\n\t\t\t\t<\/figcaption><\/figure><figure class='gallery-item'>\n\t\t\t<div class='gallery-icon landscape'>\n\t\t\t\t<a data-elementor-open-lightbox=\"yes\" data-elementor-lightbox-slideshow=\"c90e190\" data-elementor-lightbox-title=\"DvO_SLOGI_fSLOGI (13)\" data-e-action-hash=\"#elementor-action%3Aaction%3Dlightbox%26settings%3DeyJpZCI6MTgxMTgsInVybCI6Imh0dHBzOlwvXC93d3cuc2xvZ2kuc2lcL3dwLWNvbnRlbnRcL3VwbG9hZHNcLzIwMjZcLzAyXC9Edk9fU0xPR0lfZlNMT0dJLTEzLmpwZyIsInNsaWRlc2hvdyI6ImM5MGUxOTAifQ%3D%3D\" href='https:\/\/www.slogi.si\/wp-content\/uploads\/2026\/02\/DvO_SLOGI_fSLOGI-13.jpg'><img loading=\"lazy\" decoding=\"async\" width=\"150\" height=\"150\" src=\"https:\/\/www.slogi.si\/wp-content\/uploads\/2026\/02\/DvO_SLOGI_fSLOGI-13-150x150.jpg\" class=\"attachment-thumbnail size-thumbnail\" alt=\"\" aria-describedby=\"gallery-2-18118\" \/><\/a>\n\t\t\t<\/div>\n\t\t\t\t<figcaption class='wp-caption-text gallery-caption' id='gallery-2-18118'>\n\t\t\t\tDvO, 13.\u201327. 2. 2026, SLOGI\n\t\t\t\t<\/figcaption><\/figure>\n\t\t<\/div>\n\t\t<\/div>\n\t\t\t\t\t\t<\/div>\n\t\t\t\t<div class=\"elementor-element elementor-element-9082025 elementor-widget__width-initial elementor-widget elementor-widget-heading\" data-id=\"9082025\" data-element_type=\"widget\" data-e-type=\"widget\" data-widget_type=\"heading.default\">\n\t\t\t\t\t<h6 class=\"elementor-heading-title elementor-size-default\"><a href=\"https:\/\/www.slogi.si\/en\/events\/dialogi-v-oblackih-razstava-ob-zakljucku-projekta-postavitev-v-zavodu-za-gluhe-in-naglusne-ljubljana\/\">29. 1. \u2013 10. 2. 2026, Zavod za gluhe in naglu\u0161ne Ljubljana<\/a><\/h6>\t\t\t\t<\/div>\n\t\t\t\t<div class=\"elementor-element elementor-element-0628d18 gallery-spacing-custom elementor-widget elementor-widget-image-gallery\" data-id=\"0628d18\" data-element_type=\"widget\" data-e-type=\"widget\" data-widget_type=\"image-gallery.default\">\n\t\t\t\t\t\t\t<div class=\"elementor-image-gallery\">\n\t\t\t<div id='gallery-3' class='gallery galleryid-16784 gallery-columns-3 gallery-size-thumbnail'><figure class='gallery-item'>\n\t\t\t<div class='gallery-icon landscape'>\n\t\t\t\t<a data-elementor-open-lightbox=\"yes\" data-elementor-lightbox-slideshow=\"0628d18\" data-elementor-lightbox-title=\"DvO_odprtje v ZGNL_29012026_fSLOGI (38)\" data-e-action-hash=\"#elementor-action%3Aaction%3Dlightbox%26settings%3DeyJpZCI6MTgwMjEsInVybCI6Imh0dHBzOlwvXC93d3cuc2xvZ2kuc2lcL3dwLWNvbnRlbnRcL3VwbG9hZHNcLzIwMjZcLzAxXC9Edk9fb2RwcnRqZS12LVpHTkxfMjkwMTIwMjZfZlNMT0dJLTM4LmpwZyIsInNsaWRlc2hvdyI6IjA2MjhkMTgifQ%3D%3D\" href='https:\/\/www.slogi.si\/wp-content\/uploads\/2026\/01\/DvO_odprtje-v-ZGNL_29012026_fSLOGI-38.jpg'><img loading=\"lazy\" decoding=\"async\" width=\"150\" height=\"150\" src=\"https:\/\/www.slogi.si\/wp-content\/uploads\/2026\/01\/DvO_odprtje-v-ZGNL_29012026_fSLOGI-38-150x150.jpg\" class=\"attachment-thumbnail size-thumbnail\" alt=\"\" aria-describedby=\"gallery-3-18021\" \/><\/a>\n\t\t\t<\/div>\n\t\t\t\t<figcaption class='wp-caption-text gallery-caption' id='gallery-3-18021'>\n\t\t\t\t29. 1. \u2013 10. 2. 2026, Zavod za gluhe in naglu\u0161ne Ljubljana \n\t\t\t\t<\/figcaption><\/figure><figure class='gallery-item'>\n\t\t\t<div class='gallery-icon landscape'>\n\t\t\t\t<a data-elementor-open-lightbox=\"yes\" data-elementor-lightbox-slideshow=\"0628d18\" data-elementor-lightbox-title=\"DvO_odprtje v ZGNL_29012026_fSLOGI (41)\" data-e-action-hash=\"#elementor-action%3Aaction%3Dlightbox%26settings%3DeyJpZCI6MTgwMjMsInVybCI6Imh0dHBzOlwvXC93d3cuc2xvZ2kuc2lcL3dwLWNvbnRlbnRcL3VwbG9hZHNcLzIwMjZcLzAxXC9Edk9fb2RwcnRqZS12LVpHTkxfMjkwMTIwMjZfZlNMT0dJLTQxLmpwZyIsInNsaWRlc2hvdyI6IjA2MjhkMTgifQ%3D%3D\" href='https:\/\/www.slogi.si\/wp-content\/uploads\/2026\/01\/DvO_odprtje-v-ZGNL_29012026_fSLOGI-41.jpg'><img loading=\"lazy\" decoding=\"async\" width=\"150\" height=\"150\" src=\"https:\/\/www.slogi.si\/wp-content\/uploads\/2026\/01\/DvO_odprtje-v-ZGNL_29012026_fSLOGI-41-150x150.jpg\" class=\"attachment-thumbnail size-thumbnail\" alt=\"\" aria-describedby=\"gallery-3-18023\" \/><\/a>\n\t\t\t<\/div>\n\t\t\t\t<figcaption class='wp-caption-text gallery-caption' id='gallery-3-18023'>\n\t\t\t\t29. 1. \u2013 10. 2. 2026, Zavod za gluhe in naglu\u0161ne Ljubljana \n\t\t\t\t<\/figcaption><\/figure><figure class='gallery-item'>\n\t\t\t<div class='gallery-icon landscape'>\n\t\t\t\t<a data-elementor-open-lightbox=\"yes\" data-elementor-lightbox-slideshow=\"0628d18\" data-elementor-lightbox-title=\"DvO_odprtje v ZGNL_29012026_fSLOGI (40)\" data-e-action-hash=\"#elementor-action%3Aaction%3Dlightbox%26settings%3DeyJpZCI6MTgwMjIsInVybCI6Imh0dHBzOlwvXC93d3cuc2xvZ2kuc2lcL3dwLWNvbnRlbnRcL3VwbG9hZHNcLzIwMjZcLzAxXC9Edk9fb2RwcnRqZS12LVpHTkxfMjkwMTIwMjZfZlNMT0dJLTQwLmpwZyIsInNsaWRlc2hvdyI6IjA2MjhkMTgifQ%3D%3D\" href='https:\/\/www.slogi.si\/wp-content\/uploads\/2026\/01\/DvO_odprtje-v-ZGNL_29012026_fSLOGI-40.jpg'><img loading=\"lazy\" decoding=\"async\" width=\"150\" height=\"150\" src=\"https:\/\/www.slogi.si\/wp-content\/uploads\/2026\/01\/DvO_odprtje-v-ZGNL_29012026_fSLOGI-40-150x150.jpg\" class=\"attachment-thumbnail size-thumbnail\" alt=\"\" aria-describedby=\"gallery-3-18022\" \/><\/a>\n\t\t\t<\/div>\n\t\t\t\t<figcaption class='wp-caption-text gallery-caption' id='gallery-3-18022'>\n\t\t\t\t29. 1. \u2013 10. 2. 2026, Zavod za gluhe in naglu\u0161ne Ljubljana \n\t\t\t\t<\/figcaption><\/figure><figure class='gallery-item'>\n\t\t\t<div class='gallery-icon landscape'>\n\t\t\t\t<a data-elementor-open-lightbox=\"yes\" data-elementor-lightbox-slideshow=\"0628d18\" data-elementor-lightbox-title=\"DvO_odprtje v ZGNL_29012026_fSLOGI (14)\" data-e-action-hash=\"#elementor-action%3Aaction%3Dlightbox%26settings%3DeyJpZCI6MTgwMTEsInVybCI6Imh0dHBzOlwvXC93d3cuc2xvZ2kuc2lcL3dwLWNvbnRlbnRcL3VwbG9hZHNcLzIwMjZcLzAxXC9Edk9fb2RwcnRqZS12LVpHTkxfMjkwMTIwMjZfZlNMT0dJLTE0LmpwZyIsInNsaWRlc2hvdyI6IjA2MjhkMTgifQ%3D%3D\" href='https:\/\/www.slogi.si\/wp-content\/uploads\/2026\/01\/DvO_odprtje-v-ZGNL_29012026_fSLOGI-14.jpg'><img loading=\"lazy\" decoding=\"async\" width=\"150\" height=\"150\" src=\"https:\/\/www.slogi.si\/wp-content\/uploads\/2026\/01\/DvO_odprtje-v-ZGNL_29012026_fSLOGI-14-150x150.jpg\" class=\"attachment-thumbnail size-thumbnail\" alt=\"\" aria-describedby=\"gallery-3-18011\" \/><\/a>\n\t\t\t<\/div>\n\t\t\t\t<figcaption class='wp-caption-text gallery-caption' id='gallery-3-18011'>\n\t\t\t\t29. 1. \u2013 10. 2. 2026, Zavod za gluhe in naglu\u0161ne Ljubljana \n\t\t\t\t<\/figcaption><\/figure><figure class='gallery-item'>\n\t\t\t<div class='gallery-icon landscape'>\n\t\t\t\t<a data-elementor-open-lightbox=\"yes\" data-elementor-lightbox-slideshow=\"0628d18\" data-elementor-lightbox-title=\"DvO_odprtje v ZGNL_29012026_fSLOGI (35)\" data-e-action-hash=\"#elementor-action%3Aaction%3Dlightbox%26settings%3DeyJpZCI6MTgwMjAsInVybCI6Imh0dHBzOlwvXC93d3cuc2xvZ2kuc2lcL3dwLWNvbnRlbnRcL3VwbG9hZHNcLzIwMjZcLzAxXC9Edk9fb2RwcnRqZS12LVpHTkxfMjkwMTIwMjZfZlNMT0dJLTM1LmpwZyIsInNsaWRlc2hvdyI6IjA2MjhkMTgifQ%3D%3D\" href='https:\/\/www.slogi.si\/wp-content\/uploads\/2026\/01\/DvO_odprtje-v-ZGNL_29012026_fSLOGI-35.jpg'><img loading=\"lazy\" decoding=\"async\" width=\"150\" height=\"150\" src=\"https:\/\/www.slogi.si\/wp-content\/uploads\/2026\/01\/DvO_odprtje-v-ZGNL_29012026_fSLOGI-35-150x150.jpg\" class=\"attachment-thumbnail size-thumbnail\" alt=\"\" aria-describedby=\"gallery-3-18020\" \/><\/a>\n\t\t\t<\/div>\n\t\t\t\t<figcaption class='wp-caption-text gallery-caption' id='gallery-3-18020'>\n\t\t\t\t29. 1. \u2013 10. 2. 2026, Zavod za gluhe in naglu\u0161ne Ljubljana \n\t\t\t\t<\/figcaption><\/figure><figure class='gallery-item'>\n\t\t\t<div class='gallery-icon landscape'>\n\t\t\t\t<a data-elementor-open-lightbox=\"yes\" data-elementor-lightbox-slideshow=\"0628d18\" data-elementor-lightbox-title=\"DvO_odprtje v ZGNL_29012026_fSLOGI (13)\" data-e-action-hash=\"#elementor-action%3Aaction%3Dlightbox%26settings%3DeyJpZCI6MTgwMTAsInVybCI6Imh0dHBzOlwvXC93d3cuc2xvZ2kuc2lcL3dwLWNvbnRlbnRcL3VwbG9hZHNcLzIwMjZcLzAxXC9Edk9fb2RwcnRqZS12LVpHTkxfMjkwMTIwMjZfZlNMT0dJLTEzLmpwZyIsInNsaWRlc2hvdyI6IjA2MjhkMTgifQ%3D%3D\" href='https:\/\/www.slogi.si\/wp-content\/uploads\/2026\/01\/DvO_odprtje-v-ZGNL_29012026_fSLOGI-13.jpg'><img loading=\"lazy\" decoding=\"async\" width=\"150\" height=\"150\" src=\"https:\/\/www.slogi.si\/wp-content\/uploads\/2026\/01\/DvO_odprtje-v-ZGNL_29012026_fSLOGI-13-150x150.jpg\" class=\"attachment-thumbnail size-thumbnail\" alt=\"\" aria-describedby=\"gallery-3-18010\" \/><\/a>\n\t\t\t<\/div>\n\t\t\t\t<figcaption class='wp-caption-text gallery-caption' id='gallery-3-18010'>\n\t\t\t\t29. 1. \u2013 10. 2. 2026, Zavod za gluhe in naglu\u0161ne Ljubljana \n\t\t\t\t<\/figcaption><\/figure><figure class='gallery-item'>\n\t\t\t<div class='gallery-icon landscape'>\n\t\t\t\t<a data-elementor-open-lightbox=\"yes\" data-elementor-lightbox-slideshow=\"0628d18\" data-elementor-lightbox-title=\"DvO_odprtje v ZGNL_29012026_fSLOGI (4)\" data-e-action-hash=\"#elementor-action%3Aaction%3Dlightbox%26settings%3DeyJpZCI6MTgwMDksInVybCI6Imh0dHBzOlwvXC93d3cuc2xvZ2kuc2lcL3dwLWNvbnRlbnRcL3VwbG9hZHNcLzIwMjZcLzAxXC9Edk9fb2RwcnRqZS12LVpHTkxfMjkwMTIwMjZfZlNMT0dJLTQuanBnIiwic2xpZGVzaG93IjoiMDYyOGQxOCJ9\" href='https:\/\/www.slogi.si\/wp-content\/uploads\/2026\/01\/DvO_odprtje-v-ZGNL_29012026_fSLOGI-4.jpg'><img loading=\"lazy\" decoding=\"async\" width=\"150\" height=\"150\" src=\"https:\/\/www.slogi.si\/wp-content\/uploads\/2026\/01\/DvO_odprtje-v-ZGNL_29012026_fSLOGI-4-150x150.jpg\" class=\"attachment-thumbnail size-thumbnail\" alt=\"\" aria-describedby=\"gallery-3-18009\" \/><\/a>\n\t\t\t<\/div>\n\t\t\t\t<figcaption class='wp-caption-text gallery-caption' id='gallery-3-18009'>\n\t\t\t\t29. 1. \u2013 10. 2. 2026, Zavod za gluhe in naglu\u0161ne Ljubljana \n\t\t\t\t<\/figcaption><\/figure><figure class='gallery-item'>\n\t\t\t<div class='gallery-icon landscape'>\n\t\t\t\t<a data-elementor-open-lightbox=\"yes\" data-elementor-lightbox-slideshow=\"0628d18\" data-elementor-lightbox-title=\"DvO_odprtje v ZGNL_29012026_fSLOGI (3)\" data-e-action-hash=\"#elementor-action%3Aaction%3Dlightbox%26settings%3DeyJpZCI6MTgwMDgsInVybCI6Imh0dHBzOlwvXC93d3cuc2xvZ2kuc2lcL3dwLWNvbnRlbnRcL3VwbG9hZHNcLzIwMjZcLzAxXC9Edk9fb2RwcnRqZS12LVpHTkxfMjkwMTIwMjZfZlNMT0dJLTMuanBnIiwic2xpZGVzaG93IjoiMDYyOGQxOCJ9\" href='https:\/\/www.slogi.si\/wp-content\/uploads\/2026\/01\/DvO_odprtje-v-ZGNL_29012026_fSLOGI-3.jpg'><img loading=\"lazy\" decoding=\"async\" width=\"150\" height=\"150\" src=\"https:\/\/www.slogi.si\/wp-content\/uploads\/2026\/01\/DvO_odprtje-v-ZGNL_29012026_fSLOGI-3-150x150.jpg\" class=\"attachment-thumbnail size-thumbnail\" alt=\"\" aria-describedby=\"gallery-3-18008\" \/><\/a>\n\t\t\t<\/div>\n\t\t\t\t<figcaption class='wp-caption-text gallery-caption' id='gallery-3-18008'>\n\t\t\t\t29. 1. \u2013 10. 2. 2026, Zavod za gluhe in naglu\u0161ne Ljubljana \n\t\t\t\t<\/figcaption><\/figure><figure class='gallery-item'>\n\t\t\t<div class='gallery-icon landscape'>\n\t\t\t\t<a data-elementor-open-lightbox=\"yes\" data-elementor-lightbox-slideshow=\"0628d18\" data-elementor-lightbox-title=\"DvO_odprtje v ZGNL_29012026_fSLOGI (2)\" data-e-action-hash=\"#elementor-action%3Aaction%3Dlightbox%26settings%3DeyJpZCI6MTgwMDcsInVybCI6Imh0dHBzOlwvXC93d3cuc2xvZ2kuc2lcL3dwLWNvbnRlbnRcL3VwbG9hZHNcLzIwMjZcLzAxXC9Edk9fb2RwcnRqZS12LVpHTkxfMjkwMTIwMjZfZlNMT0dJLTIuanBnIiwic2xpZGVzaG93IjoiMDYyOGQxOCJ9\" href='https:\/\/www.slogi.si\/wp-content\/uploads\/2026\/01\/DvO_odprtje-v-ZGNL_29012026_fSLOGI-2.jpg'><img loading=\"lazy\" decoding=\"async\" width=\"150\" height=\"150\" src=\"https:\/\/www.slogi.si\/wp-content\/uploads\/2026\/01\/DvO_odprtje-v-ZGNL_29012026_fSLOGI-2-150x150.jpg\" class=\"attachment-thumbnail size-thumbnail\" alt=\"\" aria-describedby=\"gallery-3-18007\" \/><\/a>\n\t\t\t<\/div>\n\t\t\t\t<figcaption class='wp-caption-text gallery-caption' id='gallery-3-18007'>\n\t\t\t\t29. 1. \u2013 10. 2. 2026, Zavod za gluhe in naglu\u0161ne Ljubljana \n\t\t\t\t<\/figcaption><\/figure><figure class='gallery-item'>\n\t\t\t<div class='gallery-icon landscape'>\n\t\t\t\t<a data-elementor-open-lightbox=\"yes\" data-elementor-lightbox-slideshow=\"0628d18\" data-elementor-lightbox-title=\"DvO_odprtje v ZGNL_29012026_fSLOGI (1)\" data-e-action-hash=\"#elementor-action%3Aaction%3Dlightbox%26settings%3DeyJpZCI6MTgwMDYsInVybCI6Imh0dHBzOlwvXC93d3cuc2xvZ2kuc2lcL3dwLWNvbnRlbnRcL3VwbG9hZHNcLzIwMjZcLzAxXC9Edk9fb2RwcnRqZS12LVpHTkxfMjkwMTIwMjZfZlNMT0dJLTEuanBnIiwic2xpZGVzaG93IjoiMDYyOGQxOCJ9\" href='https:\/\/www.slogi.si\/wp-content\/uploads\/2026\/01\/DvO_odprtje-v-ZGNL_29012026_fSLOGI-1.jpg'><img loading=\"lazy\" decoding=\"async\" width=\"150\" height=\"150\" src=\"https:\/\/www.slogi.si\/wp-content\/uploads\/2026\/01\/DvO_odprtje-v-ZGNL_29012026_fSLOGI-1-150x150.jpg\" class=\"attachment-thumbnail size-thumbnail\" alt=\"\" aria-describedby=\"gallery-3-18006\" \/><\/a>\n\t\t\t<\/div>\n\t\t\t\t<figcaption class='wp-caption-text gallery-caption' id='gallery-3-18006'>\n\t\t\t\t29. 1. \u2013 10. 2. 2026, Zavod za gluhe in naglu\u0161ne Ljubljana \n\t\t\t\t<\/figcaption><\/figure>\n\t\t<\/div>\n\t\t<\/div>\n\t\t\t\t\t\t<\/div>\n\t\t\t\t<div class=\"elementor-element elementor-element-f18946e elementor-widget__width-initial elementor-widget elementor-widget-heading\" data-id=\"f18946e\" data-element_type=\"widget\" data-e-type=\"widget\" data-widget_type=\"heading.default\">\n\t\t\t\t\t<h6 class=\"elementor-heading-title elementor-size-default\"><a href=\"https:\/\/www.slogi.si\/en\/events\/dialogi-v-oblackih-razstava-csg-maribor\/\">5. \u2013 19. 12. 2025, Center za sluh in govor Maribor<\/a><\/h6>\t\t\t\t<\/div>\n\t\t\t\t<div class=\"elementor-element elementor-element-faaa454 gallery-spacing-custom elementor-widget elementor-widget-image-gallery\" data-id=\"faaa454\" data-element_type=\"widget\" data-e-type=\"widget\" data-widget_type=\"image-gallery.default\">\n\t\t\t\t\t\t\t<div class=\"elementor-image-gallery\">\n\t\t\t<div id='gallery-4' class='gallery galleryid-16784 gallery-columns-3 gallery-size-thumbnail'><figure class='gallery-item'>\n\t\t\t<div class='gallery-icon landscape'>\n\t\t\t\t<a data-elementor-open-lightbox=\"yes\" data-elementor-lightbox-slideshow=\"faaa454\" data-elementor-lightbox-title=\"DvO_CSG Maribor_5_12_2025_SLOGI (4)\" data-e-action-hash=\"#elementor-action%3Aaction%3Dlightbox%26settings%3DeyJpZCI6MTc3ODIsInVybCI6Imh0dHBzOlwvXC93d3cuc2xvZ2kuc2lcL3dwLWNvbnRlbnRcL3VwbG9hZHNcLzIwMjVcLzEyXC9Edk9fQ1NHLU1hcmlib3JfNV8xMl8yMDI1X1NMT0dJLTQuanBnIiwic2xpZGVzaG93IjoiZmFhYTQ1NCJ9\" href='https:\/\/www.slogi.si\/wp-content\/uploads\/2025\/12\/DvO_CSG-Maribor_5_12_2025_SLOGI-4.jpg'><img loading=\"lazy\" decoding=\"async\" width=\"150\" height=\"150\" src=\"https:\/\/www.slogi.si\/wp-content\/uploads\/2025\/12\/DvO_CSG-Maribor_5_12_2025_SLOGI-4-150x150.jpg\" class=\"attachment-thumbnail size-thumbnail\" alt=\"\" aria-describedby=\"gallery-4-17782\" \/><\/a>\n\t\t\t<\/div>\n\t\t\t\t<figcaption class='wp-caption-text gallery-caption' id='gallery-4-17782'>\n\t\t\t\t5. \u2013 19. 12. 2025, Center za sluh in govor Maribor\n\t\t\t\t<\/figcaption><\/figure><figure class='gallery-item'>\n\t\t\t<div class='gallery-icon landscape'>\n\t\t\t\t<a data-elementor-open-lightbox=\"yes\" data-elementor-lightbox-slideshow=\"faaa454\" data-elementor-lightbox-title=\"DvO_CSG Maribor_5_12_2025_SLOGI (6)\" data-e-action-hash=\"#elementor-action%3Aaction%3Dlightbox%26settings%3DeyJpZCI6MTc3ODQsInVybCI6Imh0dHBzOlwvXC93d3cuc2xvZ2kuc2lcL3dwLWNvbnRlbnRcL3VwbG9hZHNcLzIwMjVcLzEyXC9Edk9fQ1NHLU1hcmlib3JfNV8xMl8yMDI1X1NMT0dJLTYuanBnIiwic2xpZGVzaG93IjoiZmFhYTQ1NCJ9\" href='https:\/\/www.slogi.si\/wp-content\/uploads\/2025\/12\/DvO_CSG-Maribor_5_12_2025_SLOGI-6.jpg'><img loading=\"lazy\" decoding=\"async\" width=\"150\" height=\"150\" src=\"https:\/\/www.slogi.si\/wp-content\/uploads\/2025\/12\/DvO_CSG-Maribor_5_12_2025_SLOGI-6-150x150.jpg\" class=\"attachment-thumbnail size-thumbnail\" alt=\"\" aria-describedby=\"gallery-4-17784\" \/><\/a>\n\t\t\t<\/div>\n\t\t\t\t<figcaption class='wp-caption-text gallery-caption' id='gallery-4-17784'>\n\t\t\t\t5. \u2013 19. 12. 2025, Center za sluh in govor Maribor\n\t\t\t\t<\/figcaption><\/figure><figure class='gallery-item'>\n\t\t\t<div class='gallery-icon landscape'>\n\t\t\t\t<a data-elementor-open-lightbox=\"yes\" data-elementor-lightbox-slideshow=\"faaa454\" data-elementor-lightbox-title=\"DvO_CSG Maribor_5_12_2025_SLOGI (13)\" data-e-action-hash=\"#elementor-action%3Aaction%3Dlightbox%26settings%3DeyJpZCI6MTc3OTIsInVybCI6Imh0dHBzOlwvXC93d3cuc2xvZ2kuc2lcL3dwLWNvbnRlbnRcL3VwbG9hZHNcLzIwMjVcLzEyXC9Edk9fQ1NHLU1hcmlib3JfNV8xMl8yMDI1X1NMT0dJLTEzLmpwZyIsInNsaWRlc2hvdyI6ImZhYWE0NTQifQ%3D%3D\" href='https:\/\/www.slogi.si\/wp-content\/uploads\/2025\/12\/DvO_CSG-Maribor_5_12_2025_SLOGI-13.jpg'><img loading=\"lazy\" decoding=\"async\" width=\"150\" height=\"150\" src=\"https:\/\/www.slogi.si\/wp-content\/uploads\/2025\/12\/DvO_CSG-Maribor_5_12_2025_SLOGI-13-150x150.jpg\" class=\"attachment-thumbnail size-thumbnail\" alt=\"\" aria-describedby=\"gallery-4-17792\" \/><\/a>\n\t\t\t<\/div>\n\t\t\t\t<figcaption class='wp-caption-text gallery-caption' id='gallery-4-17792'>\n\t\t\t\t5. \u2013 19. 12. 2025, Center za sluh in govor Maribor\n\t\t\t\t<\/figcaption><\/figure><figure class='gallery-item'>\n\t\t\t<div class='gallery-icon landscape'>\n\t\t\t\t<a data-elementor-open-lightbox=\"yes\" data-elementor-lightbox-slideshow=\"faaa454\" data-elementor-lightbox-title=\"DvO_CSG Maribor_5_12_2025_SLOGI (12)\" data-e-action-hash=\"#elementor-action%3Aaction%3Dlightbox%26settings%3DeyJpZCI6MTc3OTEsInVybCI6Imh0dHBzOlwvXC93d3cuc2xvZ2kuc2lcL3dwLWNvbnRlbnRcL3VwbG9hZHNcLzIwMjVcLzEyXC9Edk9fQ1NHLU1hcmlib3JfNV8xMl8yMDI1X1NMT0dJLTEyLmpwZyIsInNsaWRlc2hvdyI6ImZhYWE0NTQifQ%3D%3D\" href='https:\/\/www.slogi.si\/wp-content\/uploads\/2025\/12\/DvO_CSG-Maribor_5_12_2025_SLOGI-12.jpg'><img loading=\"lazy\" decoding=\"async\" width=\"150\" height=\"150\" src=\"https:\/\/www.slogi.si\/wp-content\/uploads\/2025\/12\/DvO_CSG-Maribor_5_12_2025_SLOGI-12-150x150.jpg\" class=\"attachment-thumbnail size-thumbnail\" alt=\"\" aria-describedby=\"gallery-4-17791\" \/><\/a>\n\t\t\t<\/div>\n\t\t\t\t<figcaption class='wp-caption-text gallery-caption' id='gallery-4-17791'>\n\t\t\t\t5. \u2013 19. 12. 2025, Center za sluh in govor Maribor\n\t\t\t\t<\/figcaption><\/figure><figure class='gallery-item'>\n\t\t\t<div class='gallery-icon landscape'>\n\t\t\t\t<a data-elementor-open-lightbox=\"yes\" data-elementor-lightbox-slideshow=\"faaa454\" data-elementor-lightbox-title=\"DvO_CSG Maribor_5_12_2025_SLOGI (11)\" data-e-action-hash=\"#elementor-action%3Aaction%3Dlightbox%26settings%3DeyJpZCI6MTc3OTAsInVybCI6Imh0dHBzOlwvXC93d3cuc2xvZ2kuc2lcL3dwLWNvbnRlbnRcL3VwbG9hZHNcLzIwMjVcLzEyXC9Edk9fQ1NHLU1hcmlib3JfNV8xMl8yMDI1X1NMT0dJLTExLmpwZyIsInNsaWRlc2hvdyI6ImZhYWE0NTQifQ%3D%3D\" href='https:\/\/www.slogi.si\/wp-content\/uploads\/2025\/12\/DvO_CSG-Maribor_5_12_2025_SLOGI-11.jpg'><img loading=\"lazy\" decoding=\"async\" width=\"150\" height=\"150\" src=\"https:\/\/www.slogi.si\/wp-content\/uploads\/2025\/12\/DvO_CSG-Maribor_5_12_2025_SLOGI-11-150x150.jpg\" class=\"attachment-thumbnail size-thumbnail\" alt=\"\" aria-describedby=\"gallery-4-17790\" \/><\/a>\n\t\t\t<\/div>\n\t\t\t\t<figcaption class='wp-caption-text gallery-caption' id='gallery-4-17790'>\n\t\t\t\t5. \u2013 19. 12. 2025, Center za sluh in govor Maribor\n\t\t\t\t<\/figcaption><\/figure><figure class='gallery-item'>\n\t\t\t<div class='gallery-icon landscape'>\n\t\t\t\t<a data-elementor-open-lightbox=\"yes\" data-elementor-lightbox-slideshow=\"faaa454\" data-elementor-lightbox-title=\"DvO_CSG Maribor_5_12_2025_SLOGI (9)\" data-e-action-hash=\"#elementor-action%3Aaction%3Dlightbox%26settings%3DeyJpZCI6MTc3ODcsInVybCI6Imh0dHBzOlwvXC93d3cuc2xvZ2kuc2lcL3dwLWNvbnRlbnRcL3VwbG9hZHNcLzIwMjVcLzEyXC9Edk9fQ1NHLU1hcmlib3JfNV8xMl8yMDI1X1NMT0dJLTkuanBnIiwic2xpZGVzaG93IjoiZmFhYTQ1NCJ9\" href='https:\/\/www.slogi.si\/wp-content\/uploads\/2025\/12\/DvO_CSG-Maribor_5_12_2025_SLOGI-9.jpg'><img loading=\"lazy\" decoding=\"async\" width=\"150\" height=\"150\" src=\"https:\/\/www.slogi.si\/wp-content\/uploads\/2025\/12\/DvO_CSG-Maribor_5_12_2025_SLOGI-9-150x150.jpg\" class=\"attachment-thumbnail size-thumbnail\" alt=\"\" aria-describedby=\"gallery-4-17787\" \/><\/a>\n\t\t\t<\/div>\n\t\t\t\t<figcaption class='wp-caption-text gallery-caption' id='gallery-4-17787'>\n\t\t\t\t5. \u2013 19. 12. 2025, Center za sluh in govor Maribor\n\t\t\t\t<\/figcaption><\/figure><figure class='gallery-item'>\n\t\t\t<div class='gallery-icon landscape'>\n\t\t\t\t<a data-elementor-open-lightbox=\"yes\" data-elementor-lightbox-slideshow=\"faaa454\" data-elementor-lightbox-title=\"DvO_CSG Maribor_5_12_2025_SLOGI (1)\" data-e-action-hash=\"#elementor-action%3Aaction%3Dlightbox%26settings%3DeyJpZCI6MTc3NzksInVybCI6Imh0dHBzOlwvXC93d3cuc2xvZ2kuc2lcL3dwLWNvbnRlbnRcL3VwbG9hZHNcLzIwMjVcLzEyXC9Edk9fQ1NHLU1hcmlib3JfNV8xMl8yMDI1X1NMT0dJLTEuanBnIiwic2xpZGVzaG93IjoiZmFhYTQ1NCJ9\" href='https:\/\/www.slogi.si\/wp-content\/uploads\/2025\/12\/DvO_CSG-Maribor_5_12_2025_SLOGI-1.jpg'><img loading=\"lazy\" decoding=\"async\" width=\"150\" height=\"150\" src=\"https:\/\/www.slogi.si\/wp-content\/uploads\/2025\/12\/DvO_CSG-Maribor_5_12_2025_SLOGI-1-150x150.jpg\" class=\"attachment-thumbnail size-thumbnail\" alt=\"\" aria-describedby=\"gallery-4-17779\" \/><\/a>\n\t\t\t<\/div>\n\t\t\t\t<figcaption class='wp-caption-text gallery-caption' id='gallery-4-17779'>\n\t\t\t\t5. \u2013 19. 12. 2025, Center za sluh in govor Maribor\n\t\t\t\t<\/figcaption><\/figure><figure class='gallery-item'>\n\t\t\t<div class='gallery-icon landscape'>\n\t\t\t\t<a data-elementor-open-lightbox=\"yes\" data-elementor-lightbox-slideshow=\"faaa454\" data-elementor-lightbox-title=\"DvO_CSG Maribor_5_12_2025_SLOGI (2)\" data-e-action-hash=\"#elementor-action%3Aaction%3Dlightbox%26settings%3DeyJpZCI6MTc3ODAsInVybCI6Imh0dHBzOlwvXC93d3cuc2xvZ2kuc2lcL3dwLWNvbnRlbnRcL3VwbG9hZHNcLzIwMjVcLzEyXC9Edk9fQ1NHLU1hcmlib3JfNV8xMl8yMDI1X1NMT0dJLTIuanBnIiwic2xpZGVzaG93IjoiZmFhYTQ1NCJ9\" href='https:\/\/www.slogi.si\/wp-content\/uploads\/2025\/12\/DvO_CSG-Maribor_5_12_2025_SLOGI-2.jpg'><img loading=\"lazy\" decoding=\"async\" width=\"150\" height=\"150\" src=\"https:\/\/www.slogi.si\/wp-content\/uploads\/2025\/12\/DvO_CSG-Maribor_5_12_2025_SLOGI-2-150x150.jpg\" class=\"attachment-thumbnail size-thumbnail\" alt=\"\" aria-describedby=\"gallery-4-17780\" \/><\/a>\n\t\t\t<\/div>\n\t\t\t\t<figcaption class='wp-caption-text gallery-caption' id='gallery-4-17780'>\n\t\t\t\t5. \u2013 19. 12. 2025, Center za sluh in govor Maribor\n\t\t\t\t<\/figcaption><\/figure><figure class='gallery-item'>\n\t\t\t<div class='gallery-icon landscape'>\n\t\t\t\t<a data-elementor-open-lightbox=\"yes\" data-elementor-lightbox-slideshow=\"faaa454\" data-elementor-lightbox-title=\"DvO_CSG Maribor_5_12_2025_SLOGI (3)\" data-e-action-hash=\"#elementor-action%3Aaction%3Dlightbox%26settings%3DeyJpZCI6MTc3ODEsInVybCI6Imh0dHBzOlwvXC93d3cuc2xvZ2kuc2lcL3dwLWNvbnRlbnRcL3VwbG9hZHNcLzIwMjVcLzEyXC9Edk9fQ1NHLU1hcmlib3JfNV8xMl8yMDI1X1NMT0dJLTMuanBnIiwic2xpZGVzaG93IjoiZmFhYTQ1NCJ9\" href='https:\/\/www.slogi.si\/wp-content\/uploads\/2025\/12\/DvO_CSG-Maribor_5_12_2025_SLOGI-3.jpg'><img loading=\"lazy\" decoding=\"async\" width=\"150\" height=\"150\" src=\"https:\/\/www.slogi.si\/wp-content\/uploads\/2025\/12\/DvO_CSG-Maribor_5_12_2025_SLOGI-3-150x150.jpg\" class=\"attachment-thumbnail size-thumbnail\" alt=\"\" aria-describedby=\"gallery-4-17781\" \/><\/a>\n\t\t\t<\/div>\n\t\t\t\t<figcaption class='wp-caption-text gallery-caption' id='gallery-4-17781'>\n\t\t\t\t5. \u2013 19. 12. 2025, Center za sluh in govor Maribor\n\t\t\t\t<\/figcaption><\/figure><figure class='gallery-item'>\n\t\t\t<div class='gallery-icon landscape'>\n\t\t\t\t<a data-elementor-open-lightbox=\"yes\" data-elementor-lightbox-slideshow=\"faaa454\" data-elementor-lightbox-title=\"DvO_CSG Maribor_5_12_2025_SLOGI (5)\" data-e-action-hash=\"#elementor-action%3Aaction%3Dlightbox%26settings%3DeyJpZCI6MTc3ODMsInVybCI6Imh0dHBzOlwvXC93d3cuc2xvZ2kuc2lcL3dwLWNvbnRlbnRcL3VwbG9hZHNcLzIwMjVcLzEyXC9Edk9fQ1NHLU1hcmlib3JfNV8xMl8yMDI1X1NMT0dJLTUuanBnIiwic2xpZGVzaG93IjoiZmFhYTQ1NCJ9\" href='https:\/\/www.slogi.si\/wp-content\/uploads\/2025\/12\/DvO_CSG-Maribor_5_12_2025_SLOGI-5.jpg'><img loading=\"lazy\" decoding=\"async\" width=\"150\" height=\"150\" src=\"https:\/\/www.slogi.si\/wp-content\/uploads\/2025\/12\/DvO_CSG-Maribor_5_12_2025_SLOGI-5-150x150.jpg\" class=\"attachment-thumbnail size-thumbnail\" alt=\"\" aria-describedby=\"gallery-4-17783\" \/><\/a>\n\t\t\t<\/div>\n\t\t\t\t<figcaption class='wp-caption-text gallery-caption' id='gallery-4-17783'>\n\t\t\t\t5. \u2013 19. 12. 2025, Center za sluh in govor Maribor\n\t\t\t\t<\/figcaption><\/figure>\n\t\t<\/div>\n\t\t<\/div>\n\t\t\t\t\t\t<\/div>\n\t\t\t\t<div class=\"elementor-element elementor-element-f82b65e elementor-widget__width-initial elementor-widget elementor-widget-heading\" data-id=\"f82b65e\" data-element_type=\"widget\" data-e-type=\"widget\" data-widget_type=\"heading.default\">\n\t\t\t\t\t<h6 class=\"elementor-heading-title elementor-size-default\"><a href=\"https:\/\/www.slogi.si\/en\/events\/dialogi-v-oblackih-razstava-ob-zakljucku-projekta\/\">14. 11. \u2013 3. 12. 2025, razstavi\u0161\u010de Monfort, Portoro\u017e<\/a><\/h6>\t\t\t\t<\/div>\n\t\t\t\t<div class=\"elementor-element elementor-element-34cdae4 gallery-spacing-custom elementor-widget elementor-widget-image-gallery\" data-id=\"34cdae4\" data-element_type=\"widget\" data-e-type=\"widget\" data-widget_type=\"image-gallery.default\">\n\t\t\t\t\t\t\t<div class=\"elementor-image-gallery\">\n\t\t\t<div id='gallery-5' class='gallery galleryid-16784 gallery-columns-3 gallery-size-thumbnail'><figure class='gallery-item'>\n\t\t\t<div class='gallery-icon landscape'>\n\t\t\t\t<a data-elementor-open-lightbox=\"yes\" data-elementor-lightbox-slideshow=\"34cdae4\" data-elementor-lightbox-title=\"DvO_razstava_Pomorski muzej_14112025_foto_SLOGI (14)\" data-e-action-hash=\"#elementor-action%3Aaction%3Dlightbox%26settings%3DeyJpZCI6MTc0NjgsInVybCI6Imh0dHBzOlwvXC93d3cuc2xvZ2kuc2lcL3dwLWNvbnRlbnRcL3VwbG9hZHNcLzIwMjVcLzEwXC9Edk9fcmF6c3RhdmFfUG9tb3Jza2ktbXV6ZWpfMTQxMTIwMjVfZm90b19TTE9HSS0xNC5qcGciLCJzbGlkZXNob3ciOiIzNGNkYWU0In0%3D\" href='https:\/\/www.slogi.si\/wp-content\/uploads\/2025\/10\/DvO_razstava_Pomorski-muzej_14112025_foto_SLOGI-14.jpg'><img loading=\"lazy\" decoding=\"async\" width=\"150\" height=\"150\" src=\"https:\/\/www.slogi.si\/wp-content\/uploads\/2025\/10\/DvO_razstava_Pomorski-muzej_14112025_foto_SLOGI-14-150x150.jpg\" class=\"attachment-thumbnail size-thumbnail\" alt=\"\" aria-describedby=\"gallery-5-17468\" \/><\/a>\n\t\t\t<\/div>\n\t\t\t\t<figcaption class='wp-caption-text gallery-caption' id='gallery-5-17468'>\n\t\t\t\t14. 11. \u2013 3. 12. 2025, razstavi\u0161\u010de Monfort, Portoro\u017e\n\t\t\t\t<\/figcaption><\/figure><figure class='gallery-item'>\n\t\t\t<div class='gallery-icon landscape'>\n\t\t\t\t<a data-elementor-open-lightbox=\"yes\" data-elementor-lightbox-slideshow=\"34cdae4\" data-elementor-lightbox-title=\"DvO_razstava_Pomorski muzej_14112025_foto_SLOGI (1)\" data-e-action-hash=\"#elementor-action%3Aaction%3Dlightbox%26settings%3DeyJpZCI6MTc0NTMsInVybCI6Imh0dHBzOlwvXC93d3cuc2xvZ2kuc2lcL3dwLWNvbnRlbnRcL3VwbG9hZHNcLzIwMjVcLzEwXC9Edk9fcmF6c3RhdmFfUG9tb3Jza2ktbXV6ZWpfMTQxMTIwMjVfZm90b19TTE9HSS0xLmpwZyIsInNsaWRlc2hvdyI6IjM0Y2RhZTQifQ%3D%3D\" href='https:\/\/www.slogi.si\/wp-content\/uploads\/2025\/10\/DvO_razstava_Pomorski-muzej_14112025_foto_SLOGI-1.jpg'><img loading=\"lazy\" decoding=\"async\" width=\"150\" height=\"150\" src=\"https:\/\/www.slogi.si\/wp-content\/uploads\/2025\/10\/DvO_razstava_Pomorski-muzej_14112025_foto_SLOGI-1-150x150.jpg\" class=\"attachment-thumbnail size-thumbnail\" alt=\"\" aria-describedby=\"gallery-5-17453\" \/><\/a>\n\t\t\t<\/div>\n\t\t\t\t<figcaption class='wp-caption-text gallery-caption' id='gallery-5-17453'>\n\t\t\t\t14. 11. \u2013 3. 12. 2025, razstavi\u0161\u010de Monfort, Portoro\u017e\n\t\t\t\t<\/figcaption><\/figure><figure class='gallery-item'>\n\t\t\t<div class='gallery-icon portrait'>\n\t\t\t\t<a data-elementor-open-lightbox=\"yes\" data-elementor-lightbox-slideshow=\"34cdae4\" data-elementor-lightbox-title=\"DvO_razstava_Pomorski muzej_14112025_foto_SLOGI (10)\" data-e-action-hash=\"#elementor-action%3Aaction%3Dlightbox%26settings%3DeyJpZCI6MTc0NjQsInVybCI6Imh0dHBzOlwvXC93d3cuc2xvZ2kuc2lcL3dwLWNvbnRlbnRcL3VwbG9hZHNcLzIwMjVcLzEwXC9Edk9fcmF6c3RhdmFfUG9tb3Jza2ktbXV6ZWpfMTQxMTIwMjVfZm90b19TTE9HSS0xMC5qcGciLCJzbGlkZXNob3ciOiIzNGNkYWU0In0%3D\" href='https:\/\/www.slogi.si\/wp-content\/uploads\/2025\/10\/DvO_razstava_Pomorski-muzej_14112025_foto_SLOGI-10.jpg'><img loading=\"lazy\" decoding=\"async\" width=\"150\" height=\"150\" src=\"https:\/\/www.slogi.si\/wp-content\/uploads\/2025\/10\/DvO_razstava_Pomorski-muzej_14112025_foto_SLOGI-10-150x150.jpg\" class=\"attachment-thumbnail size-thumbnail\" alt=\"\" aria-describedby=\"gallery-5-17464\" \/><\/a>\n\t\t\t<\/div>\n\t\t\t\t<figcaption class='wp-caption-text gallery-caption' id='gallery-5-17464'>\n\t\t\t\t14. 11. \u2013 3. 12. 2025, razstavi\u0161\u010de Monfort, Portoro\u017e\n\t\t\t\t<\/figcaption><\/figure><figure class='gallery-item'>\n\t\t\t<div class='gallery-icon landscape'>\n\t\t\t\t<a data-elementor-open-lightbox=\"yes\" data-elementor-lightbox-slideshow=\"34cdae4\" data-elementor-lightbox-title=\"DvO_razstava_Pomorski muzej_14112025_foto_SLOGI (13)\" data-e-action-hash=\"#elementor-action%3Aaction%3Dlightbox%26settings%3DeyJpZCI6MTc0NjcsInVybCI6Imh0dHBzOlwvXC93d3cuc2xvZ2kuc2lcL3dwLWNvbnRlbnRcL3VwbG9hZHNcLzIwMjVcLzEwXC9Edk9fcmF6c3RhdmFfUG9tb3Jza2ktbXV6ZWpfMTQxMTIwMjVfZm90b19TTE9HSS0xMy5qcGciLCJzbGlkZXNob3ciOiIzNGNkYWU0In0%3D\" href='https:\/\/www.slogi.si\/wp-content\/uploads\/2025\/10\/DvO_razstava_Pomorski-muzej_14112025_foto_SLOGI-13.jpg'><img loading=\"lazy\" decoding=\"async\" width=\"150\" height=\"150\" src=\"https:\/\/www.slogi.si\/wp-content\/uploads\/2025\/10\/DvO_razstava_Pomorski-muzej_14112025_foto_SLOGI-13-150x150.jpg\" class=\"attachment-thumbnail size-thumbnail\" alt=\"\" aria-describedby=\"gallery-5-17467\" \/><\/a>\n\t\t\t<\/div>\n\t\t\t\t<figcaption class='wp-caption-text gallery-caption' id='gallery-5-17467'>\n\t\t\t\t14. 11. \u2013 3. 12. 2025, razstavi\u0161\u010de Monfort, Portoro\u017e\n\t\t\t\t<\/figcaption><\/figure><figure class='gallery-item'>\n\t\t\t<div class='gallery-icon landscape'>\n\t\t\t\t<a data-elementor-open-lightbox=\"yes\" data-elementor-lightbox-slideshow=\"34cdae4\" data-elementor-lightbox-title=\"DvO_razstava_Pomorski muzej_14112025_foto_SLOGI (11)\" data-e-action-hash=\"#elementor-action%3Aaction%3Dlightbox%26settings%3DeyJpZCI6MTc0NjUsInVybCI6Imh0dHBzOlwvXC93d3cuc2xvZ2kuc2lcL3dwLWNvbnRlbnRcL3VwbG9hZHNcLzIwMjVcLzEwXC9Edk9fcmF6c3RhdmFfUG9tb3Jza2ktbXV6ZWpfMTQxMTIwMjVfZm90b19TTE9HSS0xMS5qcGciLCJzbGlkZXNob3ciOiIzNGNkYWU0In0%3D\" href='https:\/\/www.slogi.si\/wp-content\/uploads\/2025\/10\/DvO_razstava_Pomorski-muzej_14112025_foto_SLOGI-11.jpg'><img loading=\"lazy\" decoding=\"async\" width=\"150\" height=\"150\" src=\"https:\/\/www.slogi.si\/wp-content\/uploads\/2025\/10\/DvO_razstava_Pomorski-muzej_14112025_foto_SLOGI-11-150x150.jpg\" class=\"attachment-thumbnail size-thumbnail\" alt=\"\" aria-describedby=\"gallery-5-17465\" \/><\/a>\n\t\t\t<\/div>\n\t\t\t\t<figcaption class='wp-caption-text gallery-caption' id='gallery-5-17465'>\n\t\t\t\t14. 11. \u2013 3. 12. 2025, razstavi\u0161\u010de Monfort, Portoro\u017e\n\t\t\t\t<\/figcaption><\/figure><figure class='gallery-item'>\n\t\t\t<div class='gallery-icon landscape'>\n\t\t\t\t<a data-elementor-open-lightbox=\"yes\" data-elementor-lightbox-slideshow=\"34cdae4\" data-elementor-lightbox-title=\"DvO_razstava_Pomorski muzej_14112025_foto_SLOGI (17)\" data-e-action-hash=\"#elementor-action%3Aaction%3Dlightbox%26settings%3DeyJpZCI6MTc0NzEsInVybCI6Imh0dHBzOlwvXC93d3cuc2xvZ2kuc2lcL3dwLWNvbnRlbnRcL3VwbG9hZHNcLzIwMjVcLzEwXC9Edk9fcmF6c3RhdmFfUG9tb3Jza2ktbXV6ZWpfMTQxMTIwMjVfZm90b19TTE9HSS0xNy5qcGciLCJzbGlkZXNob3ciOiIzNGNkYWU0In0%3D\" href='https:\/\/www.slogi.si\/wp-content\/uploads\/2025\/10\/DvO_razstava_Pomorski-muzej_14112025_foto_SLOGI-17.jpg'><img loading=\"lazy\" decoding=\"async\" width=\"150\" height=\"150\" src=\"https:\/\/www.slogi.si\/wp-content\/uploads\/2025\/10\/DvO_razstava_Pomorski-muzej_14112025_foto_SLOGI-17-150x150.jpg\" class=\"attachment-thumbnail size-thumbnail\" alt=\"\" aria-describedby=\"gallery-5-17471\" \/><\/a>\n\t\t\t<\/div>\n\t\t\t\t<figcaption class='wp-caption-text gallery-caption' id='gallery-5-17471'>\n\t\t\t\t14. 11. \u2013 3. 12. 2025, razstavi\u0161\u010de Monfort, Portoro\u017e\n\t\t\t\t<\/figcaption><\/figure><figure class='gallery-item'>\n\t\t\t<div class='gallery-icon landscape'>\n\t\t\t\t<a data-elementor-open-lightbox=\"yes\" data-elementor-lightbox-slideshow=\"34cdae4\" data-elementor-lightbox-title=\"DvO_razstava_Pomorski muzej_14112025_foto_SLOGI (7)\" data-e-action-hash=\"#elementor-action%3Aaction%3Dlightbox%26settings%3DeyJpZCI6MTc0NjEsInVybCI6Imh0dHBzOlwvXC93d3cuc2xvZ2kuc2lcL3dwLWNvbnRlbnRcL3VwbG9hZHNcLzIwMjVcLzEwXC9Edk9fcmF6c3RhdmFfUG9tb3Jza2ktbXV6ZWpfMTQxMTIwMjVfZm90b19TTE9HSS03LmpwZyIsInNsaWRlc2hvdyI6IjM0Y2RhZTQifQ%3D%3D\" href='https:\/\/www.slogi.si\/wp-content\/uploads\/2025\/10\/DvO_razstava_Pomorski-muzej_14112025_foto_SLOGI-7.jpg'><img loading=\"lazy\" decoding=\"async\" width=\"150\" height=\"150\" src=\"https:\/\/www.slogi.si\/wp-content\/uploads\/2025\/10\/DvO_razstava_Pomorski-muzej_14112025_foto_SLOGI-7-150x150.jpg\" class=\"attachment-thumbnail size-thumbnail\" alt=\"\" aria-describedby=\"gallery-5-17461\" \/><\/a>\n\t\t\t<\/div>\n\t\t\t\t<figcaption class='wp-caption-text gallery-caption' id='gallery-5-17461'>\n\t\t\t\t14. 11. \u2013 3. 12. 2025, razstavi\u0161\u010de Monfort, Portoro\u017e\n\t\t\t\t<\/figcaption><\/figure><figure class='gallery-item'>\n\t\t\t<div class='gallery-icon landscape'>\n\t\t\t\t<a data-elementor-open-lightbox=\"yes\" data-elementor-lightbox-slideshow=\"34cdae4\" data-elementor-lightbox-title=\"DvO_razstava_Pomorski muzej_14112025_foto_SLOGI (26)\" data-e-action-hash=\"#elementor-action%3Aaction%3Dlightbox%26settings%3DeyJpZCI6MTc0ODAsInVybCI6Imh0dHBzOlwvXC93d3cuc2xvZ2kuc2lcL3dwLWNvbnRlbnRcL3VwbG9hZHNcLzIwMjVcLzEwXC9Edk9fcmF6c3RhdmFfUG9tb3Jza2ktbXV6ZWpfMTQxMTIwMjVfZm90b19TTE9HSS0yNi5qcGciLCJzbGlkZXNob3ciOiIzNGNkYWU0In0%3D\" href='https:\/\/www.slogi.si\/wp-content\/uploads\/2025\/10\/DvO_razstava_Pomorski-muzej_14112025_foto_SLOGI-26.jpg'><img loading=\"lazy\" decoding=\"async\" width=\"150\" height=\"150\" src=\"https:\/\/www.slogi.si\/wp-content\/uploads\/2025\/10\/DvO_razstava_Pomorski-muzej_14112025_foto_SLOGI-26-150x150.jpg\" class=\"attachment-thumbnail size-thumbnail\" alt=\"\" aria-describedby=\"gallery-5-17480\" \/><\/a>\n\t\t\t<\/div>\n\t\t\t\t<figcaption class='wp-caption-text gallery-caption' id='gallery-5-17480'>\n\t\t\t\t14. 11. \u2013 3. 12. 2025, razstavi\u0161\u010de Monfort, Portoro\u017e\n\t\t\t\t<\/figcaption><\/figure><figure class='gallery-item'>\n\t\t\t<div class='gallery-icon portrait'>\n\t\t\t\t<a data-elementor-open-lightbox=\"yes\" data-elementor-lightbox-slideshow=\"34cdae4\" data-elementor-lightbox-title=\"DvO_razstava_Pomorski muzej_14112025_foto_SLOGI (20)\" data-e-action-hash=\"#elementor-action%3Aaction%3Dlightbox%26settings%3DeyJpZCI6MTc0NzQsInVybCI6Imh0dHBzOlwvXC93d3cuc2xvZ2kuc2lcL3dwLWNvbnRlbnRcL3VwbG9hZHNcLzIwMjVcLzEwXC9Edk9fcmF6c3RhdmFfUG9tb3Jza2ktbXV6ZWpfMTQxMTIwMjVfZm90b19TTE9HSS0yMC5qcGciLCJzbGlkZXNob3ciOiIzNGNkYWU0In0%3D\" href='https:\/\/www.slogi.si\/wp-content\/uploads\/2025\/10\/DvO_razstava_Pomorski-muzej_14112025_foto_SLOGI-20.jpg'><img loading=\"lazy\" decoding=\"async\" width=\"150\" height=\"150\" src=\"https:\/\/www.slogi.si\/wp-content\/uploads\/2025\/10\/DvO_razstava_Pomorski-muzej_14112025_foto_SLOGI-20-150x150.jpg\" class=\"attachment-thumbnail size-thumbnail\" alt=\"\" aria-describedby=\"gallery-5-17474\" \/><\/a>\n\t\t\t<\/div>\n\t\t\t\t<figcaption class='wp-caption-text gallery-caption' id='gallery-5-17474'>\n\t\t\t\t14. 11. \u2013 3. 12. 2025, razstavi\u0161\u010de Monfort, Portoro\u017e\n\t\t\t\t<\/figcaption><\/figure><figure class='gallery-item'>\n\t\t\t<div class='gallery-icon landscape'>\n\t\t\t\t<a data-elementor-open-lightbox=\"yes\" data-elementor-lightbox-slideshow=\"34cdae4\" data-elementor-lightbox-title=\"DvO_razstava_Pomorski muzej_14112025_foto_SLOGI (19)\" data-e-action-hash=\"#elementor-action%3Aaction%3Dlightbox%26settings%3DeyJpZCI6MTc0NzMsInVybCI6Imh0dHBzOlwvXC93d3cuc2xvZ2kuc2lcL3dwLWNvbnRlbnRcL3VwbG9hZHNcLzIwMjVcLzEwXC9Edk9fcmF6c3RhdmFfUG9tb3Jza2ktbXV6ZWpfMTQxMTIwMjVfZm90b19TTE9HSS0xOS5qcGciLCJzbGlkZXNob3ciOiIzNGNkYWU0In0%3D\" href='https:\/\/www.slogi.si\/wp-content\/uploads\/2025\/10\/DvO_razstava_Pomorski-muzej_14112025_foto_SLOGI-19.jpg'><img loading=\"lazy\" decoding=\"async\" width=\"150\" height=\"150\" src=\"https:\/\/www.slogi.si\/wp-content\/uploads\/2025\/10\/DvO_razstava_Pomorski-muzej_14112025_foto_SLOGI-19-150x150.jpg\" class=\"attachment-thumbnail size-thumbnail\" alt=\"\" aria-describedby=\"gallery-5-17473\" \/><\/a>\n\t\t\t<\/div>\n\t\t\t\t<figcaption class='wp-caption-text gallery-caption' id='gallery-5-17473'>\n\t\t\t\t14. 11. \u2013 3. 12. 2025, razstavi\u0161\u010de Monfort, Portoro\u017e\n\t\t\t\t<\/figcaption><\/figure><figure class='gallery-item'>\n\t\t\t<div class='gallery-icon landscape'>\n\t\t\t\t<a data-elementor-open-lightbox=\"yes\" data-elementor-lightbox-slideshow=\"34cdae4\" data-elementor-lightbox-title=\"DvO_razstava_Pomorski muzej_14112025_foto_SLOGI (8)\" data-e-action-hash=\"#elementor-action%3Aaction%3Dlightbox%26settings%3DeyJpZCI6MTc0NjIsInVybCI6Imh0dHBzOlwvXC93d3cuc2xvZ2kuc2lcL3dwLWNvbnRlbnRcL3VwbG9hZHNcLzIwMjVcLzEwXC9Edk9fcmF6c3RhdmFfUG9tb3Jza2ktbXV6ZWpfMTQxMTIwMjVfZm90b19TTE9HSS04LmpwZyIsInNsaWRlc2hvdyI6IjM0Y2RhZTQifQ%3D%3D\" href='https:\/\/www.slogi.si\/wp-content\/uploads\/2025\/10\/DvO_razstava_Pomorski-muzej_14112025_foto_SLOGI-8.jpg'><img loading=\"lazy\" decoding=\"async\" width=\"150\" height=\"150\" src=\"https:\/\/www.slogi.si\/wp-content\/uploads\/2025\/10\/DvO_razstava_Pomorski-muzej_14112025_foto_SLOGI-8-150x150.jpg\" class=\"attachment-thumbnail size-thumbnail\" alt=\"\" aria-describedby=\"gallery-5-17462\" \/><\/a>\n\t\t\t<\/div>\n\t\t\t\t<figcaption class='wp-caption-text gallery-caption' id='gallery-5-17462'>\n\t\t\t\t14. 11. \u2013 3. 12. 2025, razstavi\u0161\u010de Monfort, Portoro\u017e\n\t\t\t\t<\/figcaption><\/figure><figure class='gallery-item'>\n\t\t\t<div class='gallery-icon landscape'>\n\t\t\t\t<a data-elementor-open-lightbox=\"yes\" data-elementor-lightbox-slideshow=\"34cdae4\" data-elementor-lightbox-title=\"DvO_razstava_Pomorski muzej_14112025_foto_SLOGI (22)\" data-e-action-hash=\"#elementor-action%3Aaction%3Dlightbox%26settings%3DeyJpZCI6MTc0NzYsInVybCI6Imh0dHBzOlwvXC93d3cuc2xvZ2kuc2lcL3dwLWNvbnRlbnRcL3VwbG9hZHNcLzIwMjVcLzEwXC9Edk9fcmF6c3RhdmFfUG9tb3Jza2ktbXV6ZWpfMTQxMTIwMjVfZm90b19TTE9HSS0yMi5qcGciLCJzbGlkZXNob3ciOiIzNGNkYWU0In0%3D\" href='https:\/\/www.slogi.si\/wp-content\/uploads\/2025\/10\/DvO_razstava_Pomorski-muzej_14112025_foto_SLOGI-22.jpg'><img loading=\"lazy\" decoding=\"async\" width=\"150\" height=\"150\" src=\"https:\/\/www.slogi.si\/wp-content\/uploads\/2025\/10\/DvO_razstava_Pomorski-muzej_14112025_foto_SLOGI-22-150x150.jpg\" class=\"attachment-thumbnail size-thumbnail\" alt=\"\" aria-describedby=\"gallery-5-17476\" \/><\/a>\n\t\t\t<\/div>\n\t\t\t\t<figcaption class='wp-caption-text gallery-caption' id='gallery-5-17476'>\n\t\t\t\t14. 11. \u2013 3. 12. 2025, razstavi\u0161\u010de Monfort, Portoro\u017e\n\t\t\t\t<\/figcaption><\/figure><figure class='gallery-item'>\n\t\t\t<div class='gallery-icon landscape'>\n\t\t\t\t<a data-elementor-open-lightbox=\"yes\" data-elementor-lightbox-slideshow=\"34cdae4\" data-elementor-lightbox-title=\"DvO_razstava_Pomorski muzej_14112025_foto_SLOGI (27)\" data-e-action-hash=\"#elementor-action%3Aaction%3Dlightbox%26settings%3DeyJpZCI6MTc0ODEsInVybCI6Imh0dHBzOlwvXC93d3cuc2xvZ2kuc2lcL3dwLWNvbnRlbnRcL3VwbG9hZHNcLzIwMjVcLzEwXC9Edk9fcmF6c3RhdmFfUG9tb3Jza2ktbXV6ZWpfMTQxMTIwMjVfZm90b19TTE9HSS0yNy5qcGciLCJzbGlkZXNob3ciOiIzNGNkYWU0In0%3D\" href='https:\/\/www.slogi.si\/wp-content\/uploads\/2025\/10\/DvO_razstava_Pomorski-muzej_14112025_foto_SLOGI-27.jpg'><img loading=\"lazy\" decoding=\"async\" width=\"150\" height=\"150\" src=\"https:\/\/www.slogi.si\/wp-content\/uploads\/2025\/10\/DvO_razstava_Pomorski-muzej_14112025_foto_SLOGI-27-150x150.jpg\" class=\"attachment-thumbnail size-thumbnail\" alt=\"\" aria-describedby=\"gallery-5-17481\" \/><\/a>\n\t\t\t<\/div>\n\t\t\t\t<figcaption class='wp-caption-text gallery-caption' id='gallery-5-17481'>\n\t\t\t\t14. 11. \u2013 3. 12. 2025, razstavi\u0161\u010de Monfort, Portoro\u017e\n\t\t\t\t<\/figcaption><\/figure><figure class='gallery-item'>\n\t\t\t<div class='gallery-icon landscape'>\n\t\t\t\t<a data-elementor-open-lightbox=\"yes\" data-elementor-lightbox-slideshow=\"34cdae4\" data-elementor-lightbox-title=\"DvO_razstava_Pomorski muzej_14112025_foto_SLOGI (6)\" data-e-action-hash=\"#elementor-action%3Aaction%3Dlightbox%26settings%3DeyJpZCI6MTc0NjAsInVybCI6Imh0dHBzOlwvXC93d3cuc2xvZ2kuc2lcL3dwLWNvbnRlbnRcL3VwbG9hZHNcLzIwMjVcLzEwXC9Edk9fcmF6c3RhdmFfUG9tb3Jza2ktbXV6ZWpfMTQxMTIwMjVfZm90b19TTE9HSS02LmpwZyIsInNsaWRlc2hvdyI6IjM0Y2RhZTQifQ%3D%3D\" href='https:\/\/www.slogi.si\/wp-content\/uploads\/2025\/10\/DvO_razstava_Pomorski-muzej_14112025_foto_SLOGI-6.jpg'><img loading=\"lazy\" decoding=\"async\" width=\"150\" height=\"150\" src=\"https:\/\/www.slogi.si\/wp-content\/uploads\/2025\/10\/DvO_razstava_Pomorski-muzej_14112025_foto_SLOGI-6-150x150.jpg\" class=\"attachment-thumbnail size-thumbnail\" alt=\"\" aria-describedby=\"gallery-5-17460\" \/><\/a>\n\t\t\t<\/div>\n\t\t\t\t<figcaption class='wp-caption-text gallery-caption' id='gallery-5-17460'>\n\t\t\t\t14. 11. \u2013 3. 12. 2025, razstavi\u0161\u010de Monfort, Portoro\u017e\n\t\t\t\t<\/figcaption><\/figure><figure class='gallery-item'>\n\t\t\t<div class='gallery-icon landscape'>\n\t\t\t\t<a data-elementor-open-lightbox=\"yes\" data-elementor-lightbox-slideshow=\"34cdae4\" data-elementor-lightbox-title=\"DvO_razstava_Pomorski muzej_14112025_foto_SLOGI (18)\" data-e-action-hash=\"#elementor-action%3Aaction%3Dlightbox%26settings%3DeyJpZCI6MTc0NzIsInVybCI6Imh0dHBzOlwvXC93d3cuc2xvZ2kuc2lcL3dwLWNvbnRlbnRcL3VwbG9hZHNcLzIwMjVcLzEwXC9Edk9fcmF6c3RhdmFfUG9tb3Jza2ktbXV6ZWpfMTQxMTIwMjVfZm90b19TTE9HSS0xOC5qcGciLCJzbGlkZXNob3ciOiIzNGNkYWU0In0%3D\" href='https:\/\/www.slogi.si\/wp-content\/uploads\/2025\/10\/DvO_razstava_Pomorski-muzej_14112025_foto_SLOGI-18.jpg'><img loading=\"lazy\" decoding=\"async\" width=\"150\" height=\"150\" src=\"https:\/\/www.slogi.si\/wp-content\/uploads\/2025\/10\/DvO_razstava_Pomorski-muzej_14112025_foto_SLOGI-18-150x150.jpg\" class=\"attachment-thumbnail size-thumbnail\" alt=\"\" aria-describedby=\"gallery-5-17472\" \/><\/a>\n\t\t\t<\/div>\n\t\t\t\t<figcaption class='wp-caption-text gallery-caption' id='gallery-5-17472'>\n\t\t\t\t14. 11. \u2013 3. 12. 2025, razstavi\u0161\u010de Monfort, Portoro\u017e\n\t\t\t\t<\/figcaption><\/figure><figure class='gallery-item'>\n\t\t\t<div class='gallery-icon landscape'>\n\t\t\t\t<a data-elementor-open-lightbox=\"yes\" data-elementor-lightbox-slideshow=\"34cdae4\" data-elementor-lightbox-title=\"DvO_razstava_Pomorski muzej_14112025_foto_SLOGI (31)\" data-e-action-hash=\"#elementor-action%3Aaction%3Dlightbox%26settings%3DeyJpZCI6MTc0ODUsInVybCI6Imh0dHBzOlwvXC93d3cuc2xvZ2kuc2lcL3dwLWNvbnRlbnRcL3VwbG9hZHNcLzIwMjVcLzEwXC9Edk9fcmF6c3RhdmFfUG9tb3Jza2ktbXV6ZWpfMTQxMTIwMjVfZm90b19TTE9HSS0zMS5qcGciLCJzbGlkZXNob3ciOiIzNGNkYWU0In0%3D\" href='https:\/\/www.slogi.si\/wp-content\/uploads\/2025\/10\/DvO_razstava_Pomorski-muzej_14112025_foto_SLOGI-31.jpg'><img loading=\"lazy\" decoding=\"async\" width=\"150\" height=\"150\" src=\"https:\/\/www.slogi.si\/wp-content\/uploads\/2025\/10\/DvO_razstava_Pomorski-muzej_14112025_foto_SLOGI-31-150x150.jpg\" class=\"attachment-thumbnail size-thumbnail\" alt=\"\" aria-describedby=\"gallery-5-17485\" \/><\/a>\n\t\t\t<\/div>\n\t\t\t\t<figcaption class='wp-caption-text gallery-caption' id='gallery-5-17485'>\n\t\t\t\t14. 11. \u2013 3. 12. 2025, razstavi\u0161\u010de Monfort, Portoro\u017e\n\t\t\t\t<\/figcaption><\/figure><figure class='gallery-item'>\n\t\t\t<div class='gallery-icon landscape'>\n\t\t\t\t<a data-elementor-open-lightbox=\"yes\" data-elementor-lightbox-slideshow=\"34cdae4\" data-elementor-lightbox-title=\"DvO_razstava_Pomorski muzej_14112025_foto_SLOGI (32)\" data-e-action-hash=\"#elementor-action%3Aaction%3Dlightbox%26settings%3DeyJpZCI6MTc0ODYsInVybCI6Imh0dHBzOlwvXC93d3cuc2xvZ2kuc2lcL3dwLWNvbnRlbnRcL3VwbG9hZHNcLzIwMjVcLzEwXC9Edk9fcmF6c3RhdmFfUG9tb3Jza2ktbXV6ZWpfMTQxMTIwMjVfZm90b19TTE9HSS0zMi5qcGciLCJzbGlkZXNob3ciOiIzNGNkYWU0In0%3D\" href='https:\/\/www.slogi.si\/wp-content\/uploads\/2025\/10\/DvO_razstava_Pomorski-muzej_14112025_foto_SLOGI-32.jpg'><img loading=\"lazy\" decoding=\"async\" width=\"150\" height=\"150\" src=\"https:\/\/www.slogi.si\/wp-content\/uploads\/2025\/10\/DvO_razstava_Pomorski-muzej_14112025_foto_SLOGI-32-150x150.jpg\" class=\"attachment-thumbnail size-thumbnail\" alt=\"\" aria-describedby=\"gallery-5-17486\" \/><\/a>\n\t\t\t<\/div>\n\t\t\t\t<figcaption class='wp-caption-text gallery-caption' id='gallery-5-17486'>\n\t\t\t\t14. 11. \u2013 3. 12. 2025, razstavi\u0161\u010de Monfort, Portoro\u017e\n\t\t\t\t<\/figcaption><\/figure><figure class='gallery-item'>\n\t\t\t<div class='gallery-icon landscape'>\n\t\t\t\t<a data-elementor-open-lightbox=\"yes\" data-elementor-lightbox-slideshow=\"34cdae4\" data-elementor-lightbox-title=\"DvO_razstava_Pomorski muzej_14112025_foto_SLOGI (30)\" data-e-action-hash=\"#elementor-action%3Aaction%3Dlightbox%26settings%3DeyJpZCI6MTc0ODQsInVybCI6Imh0dHBzOlwvXC93d3cuc2xvZ2kuc2lcL3dwLWNvbnRlbnRcL3VwbG9hZHNcLzIwMjVcLzEwXC9Edk9fcmF6c3RhdmFfUG9tb3Jza2ktbXV6ZWpfMTQxMTIwMjVfZm90b19TTE9HSS0zMC5qcGciLCJzbGlkZXNob3ciOiIzNGNkYWU0In0%3D\" href='https:\/\/www.slogi.si\/wp-content\/uploads\/2025\/10\/DvO_razstava_Pomorski-muzej_14112025_foto_SLOGI-30.jpg'><img loading=\"lazy\" decoding=\"async\" width=\"150\" height=\"150\" src=\"https:\/\/www.slogi.si\/wp-content\/uploads\/2025\/10\/DvO_razstava_Pomorski-muzej_14112025_foto_SLOGI-30-150x150.jpg\" class=\"attachment-thumbnail size-thumbnail\" alt=\"\" aria-describedby=\"gallery-5-17484\" \/><\/a>\n\t\t\t<\/div>\n\t\t\t\t<figcaption class='wp-caption-text gallery-caption' id='gallery-5-17484'>\n\t\t\t\t14. 11. \u2013 3. 12. 2025, razstavi\u0161\u010de Monfort, Portoro\u017e\n\t\t\t\t<\/figcaption><\/figure><figure class='gallery-item'>\n\t\t\t<div class='gallery-icon landscape'>\n\t\t\t\t<a data-elementor-open-lightbox=\"yes\" data-elementor-lightbox-slideshow=\"34cdae4\" data-elementor-lightbox-title=\"DvO_razstava_Pomorski muzej_14112025_foto_SLOGI (36)\" data-e-action-hash=\"#elementor-action%3Aaction%3Dlightbox%26settings%3DeyJpZCI6MTc0OTAsInVybCI6Imh0dHBzOlwvXC93d3cuc2xvZ2kuc2lcL3dwLWNvbnRlbnRcL3VwbG9hZHNcLzIwMjVcLzEwXC9Edk9fcmF6c3RhdmFfUG9tb3Jza2ktbXV6ZWpfMTQxMTIwMjVfZm90b19TTE9HSS0zNi5qcGciLCJzbGlkZXNob3ciOiIzNGNkYWU0In0%3D\" href='https:\/\/www.slogi.si\/wp-content\/uploads\/2025\/10\/DvO_razstava_Pomorski-muzej_14112025_foto_SLOGI-36.jpg'><img loading=\"lazy\" decoding=\"async\" width=\"150\" height=\"150\" src=\"https:\/\/www.slogi.si\/wp-content\/uploads\/2025\/10\/DvO_razstava_Pomorski-muzej_14112025_foto_SLOGI-36-150x150.jpg\" class=\"attachment-thumbnail size-thumbnail\" alt=\"\" aria-describedby=\"gallery-5-17490\" \/><\/a>\n\t\t\t<\/div>\n\t\t\t\t<figcaption class='wp-caption-text gallery-caption' id='gallery-5-17490'>\n\t\t\t\t14. 11. \u2013 3. 12. 2025, razstavi\u0161\u010de Monfort, Portoro\u017e\n\t\t\t\t<\/figcaption><\/figure><figure class='gallery-item'>\n\t\t\t<div class='gallery-icon landscape'>\n\t\t\t\t<a data-elementor-open-lightbox=\"yes\" data-elementor-lightbox-slideshow=\"34cdae4\" data-elementor-lightbox-title=\"DvO_razstava_Pomorski muzej_14112025_foto_SLOGI (2)\" data-e-action-hash=\"#elementor-action%3Aaction%3Dlightbox%26settings%3DeyJpZCI6MTc0NTUsInVybCI6Imh0dHBzOlwvXC93d3cuc2xvZ2kuc2lcL3dwLWNvbnRlbnRcL3VwbG9hZHNcLzIwMjVcLzEwXC9Edk9fcmF6c3RhdmFfUG9tb3Jza2ktbXV6ZWpfMTQxMTIwMjVfZm90b19TTE9HSS0yLmpwZyIsInNsaWRlc2hvdyI6IjM0Y2RhZTQifQ%3D%3D\" href='https:\/\/www.slogi.si\/wp-content\/uploads\/2025\/10\/DvO_razstava_Pomorski-muzej_14112025_foto_SLOGI-2.jpg'><img loading=\"lazy\" decoding=\"async\" width=\"150\" height=\"150\" src=\"https:\/\/www.slogi.si\/wp-content\/uploads\/2025\/10\/DvO_razstava_Pomorski-muzej_14112025_foto_SLOGI-2-150x150.jpg\" class=\"attachment-thumbnail size-thumbnail\" alt=\"\" aria-describedby=\"gallery-5-17455\" \/><\/a>\n\t\t\t<\/div>\n\t\t\t\t<figcaption class='wp-caption-text gallery-caption' id='gallery-5-17455'>\n\t\t\t\t14. 11. \u2013 3. 12. 2025, razstavi\u0161\u010de Monfort, Portoro\u017e\n\t\t\t\t<\/figcaption><\/figure><figure class='gallery-item'>\n\t\t\t<div class='gallery-icon landscape'>\n\t\t\t\t<a data-elementor-open-lightbox=\"yes\" data-elementor-lightbox-slideshow=\"34cdae4\" data-elementor-lightbox-title=\"DvO_razstava_Pomorski muzej_14112025_foto_SLOGI (41)\" data-e-action-hash=\"#elementor-action%3Aaction%3Dlightbox%26settings%3DeyJpZCI6MTc0OTUsInVybCI6Imh0dHBzOlwvXC93d3cuc2xvZ2kuc2lcL3dwLWNvbnRlbnRcL3VwbG9hZHNcLzIwMjVcLzEwXC9Edk9fcmF6c3RhdmFfUG9tb3Jza2ktbXV6ZWpfMTQxMTIwMjVfZm90b19TTE9HSS00MS5qcGciLCJzbGlkZXNob3ciOiIzNGNkYWU0In0%3D\" href='https:\/\/www.slogi.si\/wp-content\/uploads\/2025\/10\/DvO_razstava_Pomorski-muzej_14112025_foto_SLOGI-41.jpg'><img loading=\"lazy\" decoding=\"async\" width=\"150\" height=\"150\" src=\"https:\/\/www.slogi.si\/wp-content\/uploads\/2025\/10\/DvO_razstava_Pomorski-muzej_14112025_foto_SLOGI-41-150x150.jpg\" class=\"attachment-thumbnail size-thumbnail\" alt=\"\" aria-describedby=\"gallery-5-17495\" \/><\/a>\n\t\t\t<\/div>\n\t\t\t\t<figcaption class='wp-caption-text gallery-caption' id='gallery-5-17495'>\n\t\t\t\t14. 11. \u2013 3. 12. 2025, razstavi\u0161\u010de Monfort, Portoro\u017e\n\t\t\t\t<\/figcaption><\/figure><figure class='gallery-item'>\n\t\t\t<div class='gallery-icon landscape'>\n\t\t\t\t<a data-elementor-open-lightbox=\"yes\" data-elementor-lightbox-slideshow=\"34cdae4\" data-elementor-lightbox-title=\"DvO_razstava_Pomorski muzej_14112025_foto_SLOGI (40)\" data-e-action-hash=\"#elementor-action%3Aaction%3Dlightbox%26settings%3DeyJpZCI6MTc0OTQsInVybCI6Imh0dHBzOlwvXC93d3cuc2xvZ2kuc2lcL3dwLWNvbnRlbnRcL3VwbG9hZHNcLzIwMjVcLzEwXC9Edk9fcmF6c3RhdmFfUG9tb3Jza2ktbXV6ZWpfMTQxMTIwMjVfZm90b19TTE9HSS00MC5qcGciLCJzbGlkZXNob3ciOiIzNGNkYWU0In0%3D\" href='https:\/\/www.slogi.si\/wp-content\/uploads\/2025\/10\/DvO_razstava_Pomorski-muzej_14112025_foto_SLOGI-40.jpg'><img loading=\"lazy\" decoding=\"async\" width=\"150\" height=\"150\" src=\"https:\/\/www.slogi.si\/wp-content\/uploads\/2025\/10\/DvO_razstava_Pomorski-muzej_14112025_foto_SLOGI-40-150x150.jpg\" class=\"attachment-thumbnail size-thumbnail\" alt=\"\" aria-describedby=\"gallery-5-17494\" \/><\/a>\n\t\t\t<\/div>\n\t\t\t\t<figcaption class='wp-caption-text gallery-caption' id='gallery-5-17494'>\n\t\t\t\t14. 11. \u2013 3. 12. 2025, razstavi\u0161\u010de Monfort, Portoro\u017e\n\t\t\t\t<\/figcaption><\/figure><figure class='gallery-item'>\n\t\t\t<div class='gallery-icon portrait'>\n\t\t\t\t<a data-elementor-open-lightbox=\"yes\" data-elementor-lightbox-slideshow=\"34cdae4\" data-elementor-lightbox-title=\"DvO_razstava_Pomorski muzej_14112025_foto_SLOGI (37)\" data-e-action-hash=\"#elementor-action%3Aaction%3Dlightbox%26settings%3DeyJpZCI6MTc0OTEsInVybCI6Imh0dHBzOlwvXC93d3cuc2xvZ2kuc2lcL3dwLWNvbnRlbnRcL3VwbG9hZHNcLzIwMjVcLzEwXC9Edk9fcmF6c3RhdmFfUG9tb3Jza2ktbXV6ZWpfMTQxMTIwMjVfZm90b19TTE9HSS0zNy5qcGciLCJzbGlkZXNob3ciOiIzNGNkYWU0In0%3D\" href='https:\/\/www.slogi.si\/wp-content\/uploads\/2025\/10\/DvO_razstava_Pomorski-muzej_14112025_foto_SLOGI-37.jpg'><img loading=\"lazy\" decoding=\"async\" width=\"150\" height=\"150\" src=\"https:\/\/www.slogi.si\/wp-content\/uploads\/2025\/10\/DvO_razstava_Pomorski-muzej_14112025_foto_SLOGI-37-150x150.jpg\" class=\"attachment-thumbnail size-thumbnail\" alt=\"\" aria-describedby=\"gallery-5-17491\" \/><\/a>\n\t\t\t<\/div>\n\t\t\t\t<figcaption class='wp-caption-text gallery-caption' id='gallery-5-17491'>\n\t\t\t\t14. 11. \u2013 3. 12. 2025, razstavi\u0161\u010de Monfort, Portoro\u017e\n\t\t\t\t<\/figcaption><\/figure><figure class='gallery-item'>\n\t\t\t<div class='gallery-icon landscape'>\n\t\t\t\t<a data-elementor-open-lightbox=\"yes\" data-elementor-lightbox-slideshow=\"34cdae4\" data-elementor-lightbox-title=\"DvO_razstava_Pomorski muzej_14112025_foto_SLOGI (35)\" data-e-action-hash=\"#elementor-action%3Aaction%3Dlightbox%26settings%3DeyJpZCI6MTc0ODksInVybCI6Imh0dHBzOlwvXC93d3cuc2xvZ2kuc2lcL3dwLWNvbnRlbnRcL3VwbG9hZHNcLzIwMjVcLzEwXC9Edk9fcmF6c3RhdmFfUG9tb3Jza2ktbXV6ZWpfMTQxMTIwMjVfZm90b19TTE9HSS0zNS5qcGciLCJzbGlkZXNob3ciOiIzNGNkYWU0In0%3D\" href='https:\/\/www.slogi.si\/wp-content\/uploads\/2025\/10\/DvO_razstava_Pomorski-muzej_14112025_foto_SLOGI-35.jpg'><img loading=\"lazy\" decoding=\"async\" width=\"150\" height=\"150\" src=\"https:\/\/www.slogi.si\/wp-content\/uploads\/2025\/10\/DvO_razstava_Pomorski-muzej_14112025_foto_SLOGI-35-150x150.jpg\" class=\"attachment-thumbnail size-thumbnail\" alt=\"\" aria-describedby=\"gallery-5-17489\" \/><\/a>\n\t\t\t<\/div>\n\t\t\t\t<figcaption class='wp-caption-text gallery-caption' id='gallery-5-17489'>\n\t\t\t\t14. 11. \u2013 3. 12. 2025, razstavi\u0161\u010de Monfort, Portoro\u017e\n\t\t\t\t<\/figcaption><\/figure><figure class='gallery-item'>\n\t\t\t<div class='gallery-icon landscape'>\n\t\t\t\t<a data-elementor-open-lightbox=\"yes\" data-elementor-lightbox-slideshow=\"34cdae4\" data-elementor-lightbox-title=\"DvO_razstava_Pomorski muzej_14112025_foto_SLOGI (34)\" data-e-action-hash=\"#elementor-action%3Aaction%3Dlightbox%26settings%3DeyJpZCI6MTc0ODgsInVybCI6Imh0dHBzOlwvXC93d3cuc2xvZ2kuc2lcL3dwLWNvbnRlbnRcL3VwbG9hZHNcLzIwMjVcLzEwXC9Edk9fcmF6c3RhdmFfUG9tb3Jza2ktbXV6ZWpfMTQxMTIwMjVfZm90b19TTE9HSS0zNC5qcGciLCJzbGlkZXNob3ciOiIzNGNkYWU0In0%3D\" href='https:\/\/www.slogi.si\/wp-content\/uploads\/2025\/10\/DvO_razstava_Pomorski-muzej_14112025_foto_SLOGI-34.jpg'><img loading=\"lazy\" decoding=\"async\" width=\"150\" height=\"150\" src=\"https:\/\/www.slogi.si\/wp-content\/uploads\/2025\/10\/DvO_razstava_Pomorski-muzej_14112025_foto_SLOGI-34-150x150.jpg\" class=\"attachment-thumbnail size-thumbnail\" alt=\"\" aria-describedby=\"gallery-5-17488\" \/><\/a>\n\t\t\t<\/div>\n\t\t\t\t<figcaption class='wp-caption-text gallery-caption' id='gallery-5-17488'>\n\t\t\t\t14. 11. \u2013 3. 12. 2025, razstavi\u0161\u010de Monfort, Portoro\u017e\n\t\t\t\t<\/figcaption><\/figure><figure class='gallery-item'>\n\t\t\t<div class='gallery-icon landscape'>\n\t\t\t\t<a data-elementor-open-lightbox=\"yes\" data-elementor-lightbox-slideshow=\"34cdae4\" data-elementor-lightbox-title=\"DvO_razstava_Pomorski muzej_14112025_foto_SLOGI (9)\" data-e-action-hash=\"#elementor-action%3Aaction%3Dlightbox%26settings%3DeyJpZCI6MTc0NjMsInVybCI6Imh0dHBzOlwvXC93d3cuc2xvZ2kuc2lcL3dwLWNvbnRlbnRcL3VwbG9hZHNcLzIwMjVcLzEwXC9Edk9fcmF6c3RhdmFfUG9tb3Jza2ktbXV6ZWpfMTQxMTIwMjVfZm90b19TTE9HSS05LmpwZyIsInNsaWRlc2hvdyI6IjM0Y2RhZTQifQ%3D%3D\" href='https:\/\/www.slogi.si\/wp-content\/uploads\/2025\/10\/DvO_razstava_Pomorski-muzej_14112025_foto_SLOGI-9.jpg'><img loading=\"lazy\" decoding=\"async\" width=\"150\" height=\"150\" src=\"https:\/\/www.slogi.si\/wp-content\/uploads\/2025\/10\/DvO_razstava_Pomorski-muzej_14112025_foto_SLOGI-9-150x150.jpg\" class=\"attachment-thumbnail size-thumbnail\" alt=\"\" aria-describedby=\"gallery-5-17463\" \/><\/a>\n\t\t\t<\/div>\n\t\t\t\t<figcaption class='wp-caption-text gallery-caption' id='gallery-5-17463'>\n\t\t\t\t14. 11. \u2013 3. 12. 2025, razstavi\u0161\u010de Monfort, Portoro\u017e\n\t\t\t\t<\/figcaption><\/figure><figure class='gallery-item'>\n\t\t\t<div class='gallery-icon landscape'>\n\t\t\t\t<a data-elementor-open-lightbox=\"yes\" data-elementor-lightbox-slideshow=\"34cdae4\" data-elementor-lightbox-title=\"DvO_razstava_Pomorski muzej_14112025_foto_SLOGI (5)\" data-e-action-hash=\"#elementor-action%3Aaction%3Dlightbox%26settings%3DeyJpZCI6MTc0NTksInVybCI6Imh0dHBzOlwvXC93d3cuc2xvZ2kuc2lcL3dwLWNvbnRlbnRcL3VwbG9hZHNcLzIwMjVcLzEwXC9Edk9fcmF6c3RhdmFfUG9tb3Jza2ktbXV6ZWpfMTQxMTIwMjVfZm90b19TTE9HSS01LmpwZyIsInNsaWRlc2hvdyI6IjM0Y2RhZTQifQ%3D%3D\" href='https:\/\/www.slogi.si\/wp-content\/uploads\/2025\/10\/DvO_razstava_Pomorski-muzej_14112025_foto_SLOGI-5.jpg'><img loading=\"lazy\" decoding=\"async\" width=\"150\" height=\"150\" src=\"https:\/\/www.slogi.si\/wp-content\/uploads\/2025\/10\/DvO_razstava_Pomorski-muzej_14112025_foto_SLOGI-5-150x150.jpg\" class=\"attachment-thumbnail size-thumbnail\" alt=\"\" aria-describedby=\"gallery-5-17459\" \/><\/a>\n\t\t\t<\/div>\n\t\t\t\t<figcaption class='wp-caption-text gallery-caption' id='gallery-5-17459'>\n\t\t\t\t14. 11. \u2013 3. 12. 2025, razstavi\u0161\u010de Monfort, Portoro\u017e\n\t\t\t\t<\/figcaption><\/figure><figure class='gallery-item'>\n\t\t\t<div class='gallery-icon landscape'>\n\t\t\t\t<a data-elementor-open-lightbox=\"yes\" data-elementor-lightbox-slideshow=\"34cdae4\" data-elementor-lightbox-title=\"DvO_razstava_Pomorski muzej_14112025_foto_SLOGI (3).1\" data-e-action-hash=\"#elementor-action%3Aaction%3Dlightbox%26settings%3DeyJpZCI6MTc0NTYsInVybCI6Imh0dHBzOlwvXC93d3cuc2xvZ2kuc2lcL3dwLWNvbnRlbnRcL3VwbG9hZHNcLzIwMjVcLzEwXC9Edk9fcmF6c3RhdmFfUG9tb3Jza2ktbXV6ZWpfMTQxMTIwMjVfZm90b19TTE9HSS0zLjEuanBnIiwic2xpZGVzaG93IjoiMzRjZGFlNCJ9\" href='https:\/\/www.slogi.si\/wp-content\/uploads\/2025\/10\/DvO_razstava_Pomorski-muzej_14112025_foto_SLOGI-3.1.jpg'><img loading=\"lazy\" decoding=\"async\" width=\"150\" height=\"150\" src=\"https:\/\/www.slogi.si\/wp-content\/uploads\/2025\/10\/DvO_razstava_Pomorski-muzej_14112025_foto_SLOGI-3.1-150x150.jpg\" class=\"attachment-thumbnail size-thumbnail\" alt=\"\" aria-describedby=\"gallery-5-17456\" \/><\/a>\n\t\t\t<\/div>\n\t\t\t\t<figcaption class='wp-caption-text gallery-caption' id='gallery-5-17456'>\n\t\t\t\t14. 11. \u2013 3. 12. 2025, razstavi\u0161\u010de Monfort, Portoro\u017e\n\t\t\t\t<\/figcaption><\/figure><figure class='gallery-item'>\n\t\t\t<div class='gallery-icon landscape'>\n\t\t\t\t<a data-elementor-open-lightbox=\"yes\" data-elementor-lightbox-slideshow=\"34cdae4\" data-elementor-lightbox-title=\"DvO_razstava_Pomorski muzej_14112025_foto_SLOGI (33)\" data-e-action-hash=\"#elementor-action%3Aaction%3Dlightbox%26settings%3DeyJpZCI6MTc0ODcsInVybCI6Imh0dHBzOlwvXC93d3cuc2xvZ2kuc2lcL3dwLWNvbnRlbnRcL3VwbG9hZHNcLzIwMjVcLzEwXC9Edk9fcmF6c3RhdmFfUG9tb3Jza2ktbXV6ZWpfMTQxMTIwMjVfZm90b19TTE9HSS0zMy5qcGciLCJzbGlkZXNob3ciOiIzNGNkYWU0In0%3D\" href='https:\/\/www.slogi.si\/wp-content\/uploads\/2025\/10\/DvO_razstava_Pomorski-muzej_14112025_foto_SLOGI-33.jpg'><img loading=\"lazy\" decoding=\"async\" width=\"150\" height=\"150\" src=\"https:\/\/www.slogi.si\/wp-content\/uploads\/2025\/10\/DvO_razstava_Pomorski-muzej_14112025_foto_SLOGI-33-150x150.jpg\" class=\"attachment-thumbnail size-thumbnail\" alt=\"\" aria-describedby=\"gallery-5-17487\" \/><\/a>\n\t\t\t<\/div>\n\t\t\t\t<figcaption class='wp-caption-text gallery-caption' id='gallery-5-17487'>\n\t\t\t\t14. 11. \u2013 3. 12. 2025, razstavi\u0161\u010de Monfort, Portoro\u017e\n\t\t\t\t<\/figcaption><\/figure><figure class='gallery-item'>\n\t\t\t<div class='gallery-icon landscape'>\n\t\t\t\t<a data-elementor-open-lightbox=\"yes\" data-elementor-lightbox-slideshow=\"34cdae4\" data-elementor-lightbox-title=\"DvO_razstava_Pomorski muzej_14112025_foto_SLOGI (29)\" data-e-action-hash=\"#elementor-action%3Aaction%3Dlightbox%26settings%3DeyJpZCI6MTc0ODMsInVybCI6Imh0dHBzOlwvXC93d3cuc2xvZ2kuc2lcL3dwLWNvbnRlbnRcL3VwbG9hZHNcLzIwMjVcLzEwXC9Edk9fcmF6c3RhdmFfUG9tb3Jza2ktbXV6ZWpfMTQxMTIwMjVfZm90b19TTE9HSS0yOS5qcGciLCJzbGlkZXNob3ciOiIzNGNkYWU0In0%3D\" href='https:\/\/www.slogi.si\/wp-content\/uploads\/2025\/10\/DvO_razstava_Pomorski-muzej_14112025_foto_SLOGI-29.jpg'><img loading=\"lazy\" decoding=\"async\" width=\"150\" height=\"150\" src=\"https:\/\/www.slogi.si\/wp-content\/uploads\/2025\/10\/DvO_razstava_Pomorski-muzej_14112025_foto_SLOGI-29-150x150.jpg\" class=\"attachment-thumbnail size-thumbnail\" alt=\"\" aria-describedby=\"gallery-5-17483\" \/><\/a>\n\t\t\t<\/div>\n\t\t\t\t<figcaption class='wp-caption-text gallery-caption' id='gallery-5-17483'>\n\t\t\t\t14. 11. \u2013 3. 12. 2025, razstavi\u0161\u010de Monfort, Portoro\u017e\n\t\t\t\t<\/figcaption><\/figure>\n\t\t<\/div>\n\t\t<\/div>\n\t\t\t\t\t\t<\/div>\n\t\t\t\t<div class=\"elementor-element elementor-element-95d0629 elementor-widget__width-initial elementor-widget elementor-widget-heading\" data-id=\"95d0629\" data-element_type=\"widget\" data-e-type=\"widget\" data-widget_type=\"heading.default\">\n\t\t\t\t\t<h6 class=\"elementor-heading-title elementor-size-default\">13.\u201320. 11. 2025, Zgodovinski atrij ljubljanske mestne hi\u0161e,  izdelki u\u010dencev in dijakov ZGN Ljubljana na razstavi \u00bbTudi mi smo tu\u00ab ob 125-letnici Zavoda<\/h6>\t\t\t\t<\/div>\n\t\t\t\t<div class=\"elementor-element elementor-element-14e0c49 gallery-spacing-custom elementor-widget elementor-widget-image-gallery\" data-id=\"14e0c49\" data-element_type=\"widget\" data-e-type=\"widget\" data-widget_type=\"image-gallery.default\">\n\t\t\t\t\t\t\t<div class=\"elementor-image-gallery\">\n\t\t\t<div id='gallery-6' class='gallery galleryid-16784 gallery-columns-3 gallery-size-thumbnail'><figure class='gallery-item'>\n\t\t\t<div class='gallery-icon landscape'>\n\t\t\t\t<a data-elementor-open-lightbox=\"yes\" data-elementor-lightbox-slideshow=\"14e0c49\" data-elementor-lightbox-title=\"DvO_ZGNL_Lj_11_2025 (1)\" data-e-action-hash=\"#elementor-action%3Aaction%3Dlightbox%26settings%3DeyJpZCI6MTc3NDEsInVybCI6Imh0dHBzOlwvXC93d3cuc2xvZ2kuc2lcL3dwLWNvbnRlbnRcL3VwbG9hZHNcLzIwMjVcLzEyXC9Edk9fWkdOTF9Mal8xMV8yMDI1LTEtMS5qcGciLCJzbGlkZXNob3ciOiIxNGUwYzQ5In0%3D\" href='https:\/\/www.slogi.si\/wp-content\/uploads\/2025\/12\/DvO_ZGNL_Lj_11_2025-1-1.jpg'><img loading=\"lazy\" decoding=\"async\" width=\"150\" height=\"150\" src=\"https:\/\/www.slogi.si\/wp-content\/uploads\/2025\/12\/DvO_ZGNL_Lj_11_2025-1-1-150x150.jpg\" class=\"attachment-thumbnail size-thumbnail\" alt=\"\" aria-describedby=\"gallery-6-17741\" \/><\/a>\n\t\t\t<\/div>\n\t\t\t\t<figcaption class='wp-caption-text gallery-caption' id='gallery-6-17741'>\n\t\t\t\t13.\u201320. 11. 2025, Zgodovinski atrij ljubljanske mestne hi\u0161e, Dialogi v obla\u010dkih, izdelki u\u010dencev in dijakov ZGN Ljubljana na razstavi \u00bbTudi mi smo tu\u00ab ob 125-letnici Zavoda\n\t\t\t\t<\/figcaption><\/figure><figure class='gallery-item'>\n\t\t\t<div class='gallery-icon landscape'>\n\t\t\t\t<a data-elementor-open-lightbox=\"yes\" data-elementor-lightbox-slideshow=\"14e0c49\" data-elementor-lightbox-title=\"DvO_ZGNL_Lj_11_2025 (2)\" data-e-action-hash=\"#elementor-action%3Aaction%3Dlightbox%26settings%3DeyJpZCI6MTc3NDIsInVybCI6Imh0dHBzOlwvXC93d3cuc2xvZ2kuc2lcL3dwLWNvbnRlbnRcL3VwbG9hZHNcLzIwMjVcLzEyXC9Edk9fWkdOTF9Mal8xMV8yMDI1LTItMS5qcGciLCJzbGlkZXNob3ciOiIxNGUwYzQ5In0%3D\" href='https:\/\/www.slogi.si\/wp-content\/uploads\/2025\/12\/DvO_ZGNL_Lj_11_2025-2-1.jpg'><img loading=\"lazy\" decoding=\"async\" width=\"150\" height=\"150\" src=\"https:\/\/www.slogi.si\/wp-content\/uploads\/2025\/12\/DvO_ZGNL_Lj_11_2025-2-1-150x150.jpg\" class=\"attachment-thumbnail size-thumbnail\" alt=\"\" aria-describedby=\"gallery-6-17742\" \/><\/a>\n\t\t\t<\/div>\n\t\t\t\t<figcaption class='wp-caption-text gallery-caption' id='gallery-6-17742'>\n\t\t\t\t13.\u201320. 11. 2025, Zgodovinski atrij ljubljanske mestne hi\u0161e, Dialogi v obla\u010dkih, izdelki u\u010dencev in dijakov ZGN Ljubljana na razstavi \u00bbTudi mi smo tu\u00ab ob 125-letnici Zavoda\n\t\t\t\t<\/figcaption><\/figure><figure class='gallery-item'>\n\t\t\t<div class='gallery-icon landscape'>\n\t\t\t\t<a data-elementor-open-lightbox=\"yes\" data-elementor-lightbox-slideshow=\"14e0c49\" data-elementor-lightbox-title=\"DvO_ZGNL_Lj_11_2025 (3)\" data-e-action-hash=\"#elementor-action%3Aaction%3Dlightbox%26settings%3DeyJpZCI6MTc3NDMsInVybCI6Imh0dHBzOlwvXC93d3cuc2xvZ2kuc2lcL3dwLWNvbnRlbnRcL3VwbG9hZHNcLzIwMjVcLzEyXC9Edk9fWkdOTF9Mal8xMV8yMDI1LTMtMS5qcGciLCJzbGlkZXNob3ciOiIxNGUwYzQ5In0%3D\" href='https:\/\/www.slogi.si\/wp-content\/uploads\/2025\/12\/DvO_ZGNL_Lj_11_2025-3-1.jpg'><img loading=\"lazy\" decoding=\"async\" width=\"150\" height=\"150\" src=\"https:\/\/www.slogi.si\/wp-content\/uploads\/2025\/12\/DvO_ZGNL_Lj_11_2025-3-1-150x150.jpg\" class=\"attachment-thumbnail size-thumbnail\" alt=\"\" aria-describedby=\"gallery-6-17743\" \/><\/a>\n\t\t\t<\/div>\n\t\t\t\t<figcaption class='wp-caption-text gallery-caption' id='gallery-6-17743'>\n\t\t\t\t13.\u201320. 11. 2025, Zgodovinski atrij ljubljanske mestne hi\u0161e, Dialogi v obla\u010dkih, izdelki u\u010dencev in dijakov ZGN Ljubljana na razstavi \u00bbTudi mi smo tu\u00ab ob 125-letnici Zavoda\n\t\t\t\t<\/figcaption><\/figure><figure class='gallery-item'>\n\t\t\t<div class='gallery-icon landscape'>\n\t\t\t\t<a data-elementor-open-lightbox=\"yes\" data-elementor-lightbox-slideshow=\"14e0c49\" data-elementor-lightbox-title=\"DvO_ZGNL_Lj_11_2025 (4)\" data-e-action-hash=\"#elementor-action%3Aaction%3Dlightbox%26settings%3DeyJpZCI6MTc3NDQsInVybCI6Imh0dHBzOlwvXC93d3cuc2xvZ2kuc2lcL3dwLWNvbnRlbnRcL3VwbG9hZHNcLzIwMjVcLzEyXC9Edk9fWkdOTF9Mal8xMV8yMDI1LTQtMS5qcGciLCJzbGlkZXNob3ciOiIxNGUwYzQ5In0%3D\" href='https:\/\/www.slogi.si\/wp-content\/uploads\/2025\/12\/DvO_ZGNL_Lj_11_2025-4-1.jpg'><img loading=\"lazy\" decoding=\"async\" width=\"150\" height=\"150\" src=\"https:\/\/www.slogi.si\/wp-content\/uploads\/2025\/12\/DvO_ZGNL_Lj_11_2025-4-1-150x150.jpg\" class=\"attachment-thumbnail size-thumbnail\" alt=\"\" aria-describedby=\"gallery-6-17744\" \/><\/a>\n\t\t\t<\/div>\n\t\t\t\t<figcaption class='wp-caption-text gallery-caption' id='gallery-6-17744'>\n\t\t\t\t13.\u201320. 11. 2025, Zgodovinski atrij ljubljanske mestne hi\u0161e, Dialogi v obla\u010dkih, izdelki u\u010dencev in dijakov ZGN Ljubljana na razstavi \u00bbTudi mi smo tu\u00ab ob 125-letnici Zavoda\n\t\t\t\t<\/figcaption><\/figure><figure class='gallery-item'>\n\t\t\t<div class='gallery-icon landscape'>\n\t\t\t\t<a data-elementor-open-lightbox=\"yes\" data-elementor-lightbox-slideshow=\"14e0c49\" data-elementor-lightbox-title=\"DvO_ZGNL_Lj_11_2025 (5)\" data-e-action-hash=\"#elementor-action%3Aaction%3Dlightbox%26settings%3DeyJpZCI6MTc3NDUsInVybCI6Imh0dHBzOlwvXC93d3cuc2xvZ2kuc2lcL3dwLWNvbnRlbnRcL3VwbG9hZHNcLzIwMjVcLzEyXC9Edk9fWkdOTF9Mal8xMV8yMDI1LTUtMS5qcGciLCJzbGlkZXNob3ciOiIxNGUwYzQ5In0%3D\" href='https:\/\/www.slogi.si\/wp-content\/uploads\/2025\/12\/DvO_ZGNL_Lj_11_2025-5-1.jpg'><img loading=\"lazy\" decoding=\"async\" width=\"150\" height=\"150\" src=\"https:\/\/www.slogi.si\/wp-content\/uploads\/2025\/12\/DvO_ZGNL_Lj_11_2025-5-1-150x150.jpg\" class=\"attachment-thumbnail size-thumbnail\" alt=\"\" aria-describedby=\"gallery-6-17745\" \/><\/a>\n\t\t\t<\/div>\n\t\t\t\t<figcaption class='wp-caption-text gallery-caption' id='gallery-6-17745'>\n\t\t\t\t13.\u201320. 11. 2025, Zgodovinski atrij ljubljanske mestne hi\u0161e, Dialogi v obla\u010dkih, izdelki u\u010dencev in dijakov ZGN Ljubljana na razstavi \u00bbTudi mi smo tu\u00ab ob 125-letnici Zavoda\n\t\t\t\t<\/figcaption><\/figure><figure class='gallery-item'>\n\t\t\t<div class='gallery-icon portrait'>\n\t\t\t\t<a data-elementor-open-lightbox=\"yes\" data-elementor-lightbox-slideshow=\"14e0c49\" data-elementor-lightbox-title=\"DvO_ZGNL_Lj_11_2025 (6)\" data-e-action-hash=\"#elementor-action%3Aaction%3Dlightbox%26settings%3DeyJpZCI6MTc3NDYsInVybCI6Imh0dHBzOlwvXC93d3cuc2xvZ2kuc2lcL3dwLWNvbnRlbnRcL3VwbG9hZHNcLzIwMjVcLzEyXC9Edk9fWkdOTF9Mal8xMV8yMDI1LTYtMS5qcGciLCJzbGlkZXNob3ciOiIxNGUwYzQ5In0%3D\" href='https:\/\/www.slogi.si\/wp-content\/uploads\/2025\/12\/DvO_ZGNL_Lj_11_2025-6-1.jpg'><img loading=\"lazy\" decoding=\"async\" width=\"150\" height=\"150\" src=\"https:\/\/www.slogi.si\/wp-content\/uploads\/2025\/12\/DvO_ZGNL_Lj_11_2025-6-1-150x150.jpg\" class=\"attachment-thumbnail size-thumbnail\" alt=\"\" aria-describedby=\"gallery-6-17746\" \/><\/a>\n\t\t\t<\/div>\n\t\t\t\t<figcaption class='wp-caption-text gallery-caption' id='gallery-6-17746'>\n\t\t\t\t13.\u201320. 11. 2025, Zgodovinski atrij ljubljanske mestne hi\u0161e, Dialogi v obla\u010dkih, izdelki u\u010dencev in dijakov ZGN Ljubljana na razstavi \u00bbTudi mi smo tu\u00ab ob 125-letnici Zavoda\n\t\t\t\t<\/figcaption><\/figure><figure class='gallery-item'>\n\t\t\t<div class='gallery-icon landscape'>\n\t\t\t\t<a data-elementor-open-lightbox=\"yes\" data-elementor-lightbox-slideshow=\"14e0c49\" data-elementor-lightbox-title=\"DvO_ZGNL_Lj_11_2025 (7)\" data-e-action-hash=\"#elementor-action%3Aaction%3Dlightbox%26settings%3DeyJpZCI6MTc3NDcsInVybCI6Imh0dHBzOlwvXC93d3cuc2xvZ2kuc2lcL3dwLWNvbnRlbnRcL3VwbG9hZHNcLzIwMjVcLzEyXC9Edk9fWkdOTF9Mal8xMV8yMDI1LTctMS5qcGciLCJzbGlkZXNob3ciOiIxNGUwYzQ5In0%3D\" href='https:\/\/www.slogi.si\/wp-content\/uploads\/2025\/12\/DvO_ZGNL_Lj_11_2025-7-1.jpg'><img loading=\"lazy\" decoding=\"async\" width=\"150\" height=\"150\" src=\"https:\/\/www.slogi.si\/wp-content\/uploads\/2025\/12\/DvO_ZGNL_Lj_11_2025-7-1-150x150.jpg\" class=\"attachment-thumbnail size-thumbnail\" alt=\"\" aria-describedby=\"gallery-6-17747\" \/><\/a>\n\t\t\t<\/div>\n\t\t\t\t<figcaption class='wp-caption-text gallery-caption' id='gallery-6-17747'>\n\t\t\t\t13.\u201320. 11. 2025, Zgodovinski atrij ljubljanske mestne hi\u0161e, Dialogi v obla\u010dkih, izdelki u\u010dencev in dijakov ZGN Ljubljana na razstavi \u00bbTudi mi smo tu\u00ab ob 125-letnici Zavoda\n\t\t\t\t<\/figcaption><\/figure><figure class='gallery-item'>\n\t\t\t<div class='gallery-icon landscape'>\n\t\t\t\t<a data-elementor-open-lightbox=\"yes\" data-elementor-lightbox-slideshow=\"14e0c49\" data-elementor-lightbox-title=\"DvO_ZGNL_Lj_11_2025 (8)\" data-e-action-hash=\"#elementor-action%3Aaction%3Dlightbox%26settings%3DeyJpZCI6MTc3NDgsInVybCI6Imh0dHBzOlwvXC93d3cuc2xvZ2kuc2lcL3dwLWNvbnRlbnRcL3VwbG9hZHNcLzIwMjVcLzEyXC9Edk9fWkdOTF9Mal8xMV8yMDI1LTgtMS5qcGciLCJzbGlkZXNob3ciOiIxNGUwYzQ5In0%3D\" href='https:\/\/www.slogi.si\/wp-content\/uploads\/2025\/12\/DvO_ZGNL_Lj_11_2025-8-1.jpg'><img loading=\"lazy\" decoding=\"async\" width=\"150\" height=\"150\" src=\"https:\/\/www.slogi.si\/wp-content\/uploads\/2025\/12\/DvO_ZGNL_Lj_11_2025-8-1-150x150.jpg\" class=\"attachment-thumbnail size-thumbnail\" alt=\"\" aria-describedby=\"gallery-6-17748\" \/><\/a>\n\t\t\t<\/div>\n\t\t\t\t<figcaption class='wp-caption-text gallery-caption' id='gallery-6-17748'>\n\t\t\t\t13.\u201320. 11. 2025, Zgodovinski atrij ljubljanske mestne hi\u0161e, Dialogi v obla\u010dkih, izdelki u\u010dencev in dijakov ZGN Ljubljana na razstavi \u00bbTudi mi smo tu\u00ab ob 125-letnici Zavoda\n\t\t\t\t<\/figcaption><\/figure>\n\t\t<\/div>\n\t\t<\/div>\n\t\t\t\t\t\t<\/div>\n\t\t\t\t<div class=\"elementor-element elementor-element-88bc638 elementor-widget__width-initial elementor-widget elementor-widget-heading\" data-id=\"88bc638\" data-element_type=\"widget\" data-e-type=\"widget\" data-widget_type=\"heading.default\">\n\t\t\t\t\t<h4 class=\"elementor-heading-title elementor-size-default\">Drugi dogodki<\/h4>\t\t\t\t<\/div>\n\t\t\t\t<div class=\"elementor-element elementor-element-d6214da elementor-widget__width-initial elementor-widget elementor-widget-heading\" data-id=\"d6214da\" data-element_type=\"widget\" data-e-type=\"widget\" data-widget_type=\"heading.default\">\n\t\t\t\t\t<h6 class=\"elementor-heading-title elementor-size-default\">18. Kulturni bazar, 1. 4. 2026, Cankarjev dom, Ljubljana<\/h6>\t\t\t\t<\/div>\n\t\t\t\t<div class=\"elementor-element elementor-element-5cebfd1 gallery-spacing-custom elementor-widget elementor-widget-image-gallery\" data-id=\"5cebfd1\" data-element_type=\"widget\" data-e-type=\"widget\" data-widget_type=\"image-gallery.default\">\n\t\t\t\t\t\t\t<div class=\"elementor-image-gallery\">\n\t\t\t<div id='gallery-7' class='gallery galleryid-16784 gallery-columns-3 gallery-size-thumbnail'><figure class='gallery-item'>\n\t\t\t<div class='gallery-icon landscape'>\n\t\t\t\t<a data-elementor-open-lightbox=\"yes\" data-elementor-lightbox-slideshow=\"5cebfd1\" data-elementor-lightbox-title=\"Kulturni baraz 2026_f SLOGI (9)\" data-e-action-hash=\"#elementor-action%3Aaction%3Dlightbox%26settings%3DeyJpZCI6MTg0OTEsInVybCI6Imh0dHBzOlwvXC93d3cuc2xvZ2kuc2lcL3dwLWNvbnRlbnRcL3VwbG9hZHNcLzIwMjZcLzAzXC9LdWx0dXJuaS1iYXJhei0yMDI2X2YtU0xPR0ktOS1zY2FsZWQuanBnIiwic2xpZGVzaG93IjoiNWNlYmZkMSJ9\" href='https:\/\/www.slogi.si\/wp-content\/uploads\/2026\/03\/Kulturni-baraz-2026_f-SLOGI-9-scaled.jpg'><img loading=\"lazy\" decoding=\"async\" width=\"150\" height=\"150\" src=\"https:\/\/www.slogi.si\/wp-content\/uploads\/2026\/03\/Kulturni-baraz-2026_f-SLOGI-9-150x150.jpg\" class=\"attachment-thumbnail size-thumbnail\" alt=\"Kulturni bazar 2026. Foto: SLOGI.\" aria-describedby=\"gallery-7-18491\" \/><\/a>\n\t\t\t<\/div>\n\t\t\t\t<figcaption class='wp-caption-text gallery-caption' id='gallery-7-18491'>\n\t\t\t\tKulturni bazar 2026, 1. 4. 2026, Cankarjev dom, Ljubljana\n\t\t\t\t<\/figcaption><\/figure><figure class='gallery-item'>\n\t\t\t<div class='gallery-icon landscape'>\n\t\t\t\t<a data-elementor-open-lightbox=\"yes\" data-elementor-lightbox-slideshow=\"5cebfd1\" data-elementor-lightbox-title=\"Kulturni baraz 2026_f SLOGI (11)\" data-e-action-hash=\"#elementor-action%3Aaction%3Dlightbox%26settings%3DeyJpZCI6MTg0OTMsInVybCI6Imh0dHBzOlwvXC93d3cuc2xvZ2kuc2lcL3dwLWNvbnRlbnRcL3VwbG9hZHNcLzIwMjZcLzAzXC9LdWx0dXJuaS1iYXJhei0yMDI2X2YtU0xPR0ktMTEtc2NhbGVkLmpwZyIsInNsaWRlc2hvdyI6IjVjZWJmZDEifQ%3D%3D\" href='https:\/\/www.slogi.si\/wp-content\/uploads\/2026\/03\/Kulturni-baraz-2026_f-SLOGI-11-scaled.jpg'><img loading=\"lazy\" decoding=\"async\" width=\"150\" height=\"150\" src=\"https:\/\/www.slogi.si\/wp-content\/uploads\/2026\/03\/Kulturni-baraz-2026_f-SLOGI-11-150x150.jpg\" class=\"attachment-thumbnail size-thumbnail\" alt=\"Kulturni bazar 2026. Foto: SLOGI.\" \/><\/a>\n\t\t\t<\/div><\/figure><figure class='gallery-item'>\n\t\t\t<div class='gallery-icon landscape'>\n\t\t\t\t<a data-elementor-open-lightbox=\"yes\" data-elementor-lightbox-slideshow=\"5cebfd1\" data-elementor-lightbox-title=\"Kulturni baraz 2026_f SLOGI (46)\" data-e-action-hash=\"#elementor-action%3Aaction%3Dlightbox%26settings%3DeyJpZCI6MTg1MjgsInVybCI6Imh0dHBzOlwvXC93d3cuc2xvZ2kuc2lcL3dwLWNvbnRlbnRcL3VwbG9hZHNcLzIwMjZcLzAzXC9LdWx0dXJuaS1iYXJhei0yMDI2X2YtU0xPR0ktNDYtc2NhbGVkLmpwZyIsInNsaWRlc2hvdyI6IjVjZWJmZDEifQ%3D%3D\" href='https:\/\/www.slogi.si\/wp-content\/uploads\/2026\/03\/Kulturni-baraz-2026_f-SLOGI-46-scaled.jpg'><img loading=\"lazy\" decoding=\"async\" width=\"150\" height=\"150\" src=\"https:\/\/www.slogi.si\/wp-content\/uploads\/2026\/03\/Kulturni-baraz-2026_f-SLOGI-46-150x150.jpg\" class=\"attachment-thumbnail size-thumbnail\" alt=\"Kulturni bazar 2026. Foto: SLOGI.\" aria-describedby=\"gallery-7-18528\" \/><\/a>\n\t\t\t<\/div>\n\t\t\t\t<figcaption class='wp-caption-text gallery-caption' id='gallery-7-18528'>\n\t\t\t\tKulturni bazar 2026, 1. 4. 2026, Cankarjev dom, Ljubljana\n\t\t\t\t<\/figcaption><\/figure><figure class='gallery-item'>\n\t\t\t<div class='gallery-icon landscape'>\n\t\t\t\t<a data-elementor-open-lightbox=\"yes\" data-elementor-lightbox-slideshow=\"5cebfd1\" data-elementor-lightbox-title=\"Kulturni baraz 2026_f SLOGI (24)\" data-e-action-hash=\"#elementor-action%3Aaction%3Dlightbox%26settings%3DeyJpZCI6MTg1MDYsInVybCI6Imh0dHBzOlwvXC93d3cuc2xvZ2kuc2lcL3dwLWNvbnRlbnRcL3VwbG9hZHNcLzIwMjZcLzAzXC9LdWx0dXJuaS1iYXJhei0yMDI2X2YtU0xPR0ktMjQtc2NhbGVkLmpwZyIsInNsaWRlc2hvdyI6IjVjZWJmZDEifQ%3D%3D\" href='https:\/\/www.slogi.si\/wp-content\/uploads\/2026\/03\/Kulturni-baraz-2026_f-SLOGI-24-scaled.jpg'><img loading=\"lazy\" decoding=\"async\" width=\"150\" height=\"150\" src=\"https:\/\/www.slogi.si\/wp-content\/uploads\/2026\/03\/Kulturni-baraz-2026_f-SLOGI-24-150x150.jpg\" class=\"attachment-thumbnail size-thumbnail\" alt=\"Kulturni bazar 2026. Foto: SLOGI.\" aria-describedby=\"gallery-7-18506\" \/><\/a>\n\t\t\t<\/div>\n\t\t\t\t<figcaption class='wp-caption-text gallery-caption' id='gallery-7-18506'>\n\t\t\t\tKulturni bazar 2026, 1. 4. 2026, Cankarjev dom, Ljubljana\n\t\t\t\t<\/figcaption><\/figure><figure class='gallery-item'>\n\t\t\t<div class='gallery-icon landscape'>\n\t\t\t\t<a data-elementor-open-lightbox=\"yes\" data-elementor-lightbox-slideshow=\"5cebfd1\" data-elementor-lightbox-title=\"Kulturni baraz 2026_f SLOGI (23)\" data-e-action-hash=\"#elementor-action%3Aaction%3Dlightbox%26settings%3DeyJpZCI6MTg1MDUsInVybCI6Imh0dHBzOlwvXC93d3cuc2xvZ2kuc2lcL3dwLWNvbnRlbnRcL3VwbG9hZHNcLzIwMjZcLzAzXC9LdWx0dXJuaS1iYXJhei0yMDI2X2YtU0xPR0ktMjMtc2NhbGVkLmpwZyIsInNsaWRlc2hvdyI6IjVjZWJmZDEifQ%3D%3D\" href='https:\/\/www.slogi.si\/wp-content\/uploads\/2026\/03\/Kulturni-baraz-2026_f-SLOGI-23-scaled.jpg'><img loading=\"lazy\" decoding=\"async\" width=\"150\" height=\"150\" src=\"https:\/\/www.slogi.si\/wp-content\/uploads\/2026\/03\/Kulturni-baraz-2026_f-SLOGI-23-150x150.jpg\" class=\"attachment-thumbnail size-thumbnail\" alt=\"Kulturni bazar 2026. Foto: SLOGI.\" aria-describedby=\"gallery-7-18505\" \/><\/a>\n\t\t\t<\/div>\n\t\t\t\t<figcaption class='wp-caption-text gallery-caption' id='gallery-7-18505'>\n\t\t\t\tKulturni bazar 2026, 1. 4. 2026, Cankarjev dom, Ljubljana\n\t\t\t\t<\/figcaption><\/figure>\n\t\t<\/div>\n\t\t<\/div>\n\t\t\t\t\t\t<\/div>\n\t\t\t\t<div class=\"elementor-element elementor-element-fe5b24a elementor-widget__width-initial elementor-widget elementor-widget-heading\" data-id=\"fe5b24a\" data-element_type=\"widget\" data-e-type=\"widget\" data-widget_type=\"heading.default\">\n\t\t\t\t\t<h6 class=\"elementor-heading-title elementor-size-default\">41. Slovenski knji\u017eni sejem, 24.\u201330. 11. 2025, Gospodarsko razstavi\u0161\u010de, Ljubljana<\/h6>\t\t\t\t<\/div>\n\t\t\t\t<div class=\"elementor-element elementor-element-1deb4f7 elementor-widget elementor-widget-text-editor\" data-id=\"1deb4f7\" data-element_type=\"widget\" data-e-type=\"widget\" data-widget_type=\"text-editor.default\">\n\t\t\t\t\t\t\t\t\t<h6 style=\"padding-left: 40px;\">Stripovski koti\u010dek<\/h6>\t\t\t\t\t\t\t\t<\/div>\n\t\t\t\t<div class=\"elementor-element elementor-element-32f5cb3 gallery-spacing-custom elementor-widget elementor-widget-image-gallery\" data-id=\"32f5cb3\" data-element_type=\"widget\" data-e-type=\"widget\" data-widget_type=\"image-gallery.default\">\n\t\t\t\t\t\t\t<div class=\"elementor-image-gallery\">\n\t\t\t<div id='gallery-8' class='gallery galleryid-16784 gallery-columns-3 gallery-size-thumbnail'><figure class='gallery-item'>\n\t\t\t<div class='gallery-icon landscape'>\n\t\t\t\t<a data-elementor-open-lightbox=\"yes\" data-elementor-lightbox-slideshow=\"32f5cb3\" data-elementor-lightbox-title=\"DvO_knjizni sejem_stripovski koticek (2)\" data-e-action-hash=\"#elementor-action%3Aaction%3Dlightbox%26settings%3DeyJpZCI6MTc2OTQsInVybCI6Imh0dHBzOlwvXC93d3cuc2xvZ2kuc2lcL3dwLWNvbnRlbnRcL3VwbG9hZHNcLzIwMjVcLzExXC9Edk9fa25qaXpuaS1zZWplbV9zdHJpcG92c2tpLWtvdGljZWstMi5qcGciLCJzbGlkZXNob3ciOiIzMmY1Y2IzIn0%3D\" href='https:\/\/www.slogi.si\/wp-content\/uploads\/2025\/11\/DvO_knjizni-sejem_stripovski-koticek-2.jpg'><img loading=\"lazy\" decoding=\"async\" width=\"150\" height=\"150\" src=\"https:\/\/www.slogi.si\/wp-content\/uploads\/2025\/11\/DvO_knjizni-sejem_stripovski-koticek-2-150x150.jpg\" class=\"attachment-thumbnail size-thumbnail\" alt=\"\" aria-describedby=\"gallery-8-17694\" \/><\/a>\n\t\t\t<\/div>\n\t\t\t\t<figcaption class='wp-caption-text gallery-caption' id='gallery-8-17694'>\n\t\t\t\tStripovski koti\u010dek na 41. Slovenskem knji\u017enem sejmu, 24.\u201330. 11. 2025, Gospodarsko razstavi\u0161\u010de Ljubljana \n\t\t\t\t<\/figcaption><\/figure><figure class='gallery-item'>\n\t\t\t<div class='gallery-icon landscape'>\n\t\t\t\t<a data-elementor-open-lightbox=\"yes\" data-elementor-lightbox-slideshow=\"32f5cb3\" data-elementor-lightbox-title=\"DvO_knjizni sejem_stripovski koticek (3)\" data-e-action-hash=\"#elementor-action%3Aaction%3Dlightbox%26settings%3DeyJpZCI6MTc2OTUsInVybCI6Imh0dHBzOlwvXC93d3cuc2xvZ2kuc2lcL3dwLWNvbnRlbnRcL3VwbG9hZHNcLzIwMjVcLzExXC9Edk9fa25qaXpuaS1zZWplbV9zdHJpcG92c2tpLWtvdGljZWstMy5qcGciLCJzbGlkZXNob3ciOiIzMmY1Y2IzIn0%3D\" href='https:\/\/www.slogi.si\/wp-content\/uploads\/2025\/11\/DvO_knjizni-sejem_stripovski-koticek-3.jpg'><img loading=\"lazy\" decoding=\"async\" width=\"150\" height=\"150\" src=\"https:\/\/www.slogi.si\/wp-content\/uploads\/2025\/11\/DvO_knjizni-sejem_stripovski-koticek-3-150x150.jpg\" class=\"attachment-thumbnail size-thumbnail\" alt=\"\" aria-describedby=\"gallery-8-17695\" \/><\/a>\n\t\t\t<\/div>\n\t\t\t\t<figcaption class='wp-caption-text gallery-caption' id='gallery-8-17695'>\n\t\t\t\tStripovski koti\u010dek na 41. Slovenskem knji\u017enem sejmu, 24.\u201330. 11. 2025, Gospodarsko razstavi\u0161\u010de Ljubljana \n\t\t\t\t<\/figcaption><\/figure><figure class='gallery-item'>\n\t\t\t<div class='gallery-icon landscape'>\n\t\t\t\t<a data-elementor-open-lightbox=\"yes\" data-elementor-lightbox-slideshow=\"32f5cb3\" data-elementor-lightbox-title=\"DvO_knjizni sejem_stripovski koticek (1)\" data-e-action-hash=\"#elementor-action%3Aaction%3Dlightbox%26settings%3DeyJpZCI6MTc2OTMsInVybCI6Imh0dHBzOlwvXC93d3cuc2xvZ2kuc2lcL3dwLWNvbnRlbnRcL3VwbG9hZHNcLzIwMjVcLzExXC9Edk9fa25qaXpuaS1zZWplbV9zdHJpcG92c2tpLWtvdGljZWstMS5qcGciLCJzbGlkZXNob3ciOiIzMmY1Y2IzIn0%3D\" href='https:\/\/www.slogi.si\/wp-content\/uploads\/2025\/11\/DvO_knjizni-sejem_stripovski-koticek-1.jpg'><img loading=\"lazy\" decoding=\"async\" width=\"150\" height=\"150\" src=\"https:\/\/www.slogi.si\/wp-content\/uploads\/2025\/11\/DvO_knjizni-sejem_stripovski-koticek-1-150x150.jpg\" class=\"attachment-thumbnail size-thumbnail\" alt=\"\" aria-describedby=\"gallery-8-17693\" \/><\/a>\n\t\t\t<\/div>\n\t\t\t\t<figcaption class='wp-caption-text gallery-caption' id='gallery-8-17693'>\n\t\t\t\tStripovski koti\u010dek na 41. Slovenskem knji\u017enem sejmu, 24.\u201330. 11. 2025, Gospodarsko razstavi\u0161\u010de Ljubljana \n\t\t\t\t<\/figcaption><\/figure>\n\t\t<\/div>\n\t\t<\/div>\n\t\t\t\t\t\t<\/div>\n\t\t\t\t<div class=\"elementor-element elementor-element-99a2148 elementor-widget elementor-widget-text-editor\" data-id=\"99a2148\" data-element_type=\"widget\" data-e-type=\"widget\" data-widget_type=\"text-editor.default\">\n\t\t\t\t\t\t\t\t\t<h6 style=\"padding-left: 40px;\"><!--StartFragment --><span style=\"color: #000000;\"><a style=\"color: #000000;\" href=\"https:\/\/www.slogi.si\/en\/events\/ustvarjalni-pristopi-za-spodbujanje-bralne-pismenosti-na-41-slovenskem-knjiznem-sejmu\/\" target=\"_blank\" rel=\"noopener\"><span class=\"cf0\">Ustvarjalni pristopi za spodbujanje bralne pismenosti, pogovor, 29. 11. 2025<\/span><\/a><\/span><!--EndFragment --><\/h6>\t\t\t\t\t\t\t\t<\/div>\n\t\t\t\t\t<\/div>\n\t\t\t\t<\/div>\n\t\t\t\t\t<\/div>\n\t\t\t\t<\/div>\n\t\t\t\t<\/div>","protected":false},"excerpt":{"rendered":"<p>Dialogi v obla\u010dkih je projekt za spodbujanje bralne pismenosti in krepitev jezikovnih zmo\u017enosti v sloven\u0161\u010dini oziroma prilagojenih na\u010dinih sporazumevanja. Nosilec in izvajalec projekta je Slovenski gledali\u0161ki in\u0161titut v sodelovanju s Centrom za komunikacijo, sluh in govor Portoro\u017e, Centrom za sluh in govor Maribor ter Zavodom za gluhe in naglu\u0161ne Ljubljana. Projekt sofinancira Ministrstvo za kulturo &#8230;<\/p>","protected":false},"author":6,"featured_media":16785,"parent":0,"menu_order":0,"comment_status":"closed","ping_status":"closed","template":"","meta":{"_acf_changed":false,"footnotes":""},"page-tag":[],"class_list":["post-16784","page","type-page","status-publish","has-post-thumbnail","hentry"],"acf":[],"yoast_head":"<!-- This site is optimized with the Yoast SEO plugin v27.5 - https:\/\/yoast.com\/product\/yoast-seo-wordpress\/ -->\n<title>Dialogi v obla\u010dkih - SLOGI<\/title>\n<meta name=\"robots\" content=\"index, follow, max-snippet:-1, max-image-preview:large, max-video-preview:-1\" \/>\n<link rel=\"canonical\" href=\"https:\/\/www.slogi.si\/en\/dialogi-v-oblackih\/\" \/>\n<meta property=\"og:locale\" content=\"en_GB\" \/>\n<meta property=\"og:type\" content=\"article\" \/>\n<meta property=\"og:title\" content=\"Dialogi v obla\u010dkih - SLOGI\" \/>\n<meta property=\"og:description\" content=\"Dialogi v obla\u010dkih je projekt za spodbujanje bralne pismenosti in krepitev jezikovnih zmo\u017enosti v sloven\u0161\u010dini oziroma prilagojenih na\u010dinih sporazumevanja. Nosilec in izvajalec projekta je Slovenski gledali\u0161ki in\u0161titut v sodelovanju s Centrom za komunikacijo, sluh in govor Portoro\u017e, Centrom za sluh in govor Maribor ter Zavodom za gluhe in naglu\u0161ne Ljubljana. Projekt sofinancira Ministrstvo za kulturo ...\" \/>\n<meta property=\"og:url\" content=\"https:\/\/www.slogi.si\/en\/dialogi-v-oblackih\/\" \/>\n<meta property=\"og:site_name\" content=\"SLOGI\" \/>\n<meta property=\"article:modified_time\" content=\"2026-04-02T10:40:35+00:00\" \/>\n<meta property=\"og:image\" content=\"https:\/\/www.slogi.si\/wp-content\/uploads\/2025\/08\/Logo_DvO.png\" \/>\n\t<meta property=\"og:image:width\" content=\"1754\" \/>\n\t<meta property=\"og:image:height\" content=\"1240\" \/>\n\t<meta property=\"og:image:type\" content=\"image\/png\" \/>\n<meta name=\"twitter:card\" content=\"summary_large_image\" \/>\n<meta name=\"twitter:label1\" content=\"Estimated reading time\" \/>\n\t<meta name=\"twitter:data1\" content=\"7 minutes\" \/>\n<script type=\"application\/ld+json\" class=\"yoast-schema-graph\">{\"@context\":\"https:\\\/\\\/schema.org\",\"@graph\":[{\"@type\":\"WebPage\",\"@id\":\"https:\\\/\\\/www.slogi.si\\\/dialogi-v-oblackih\\\/\",\"url\":\"https:\\\/\\\/www.slogi.si\\\/dialogi-v-oblackih\\\/\",\"name\":\"Dialogi v obla\u010dkih - SLOGI\",\"isPartOf\":{\"@id\":\"https:\\\/\\\/www.slogi.si\\\/#website\"},\"primaryImageOfPage\":{\"@id\":\"https:\\\/\\\/www.slogi.si\\\/dialogi-v-oblackih\\\/#primaryimage\"},\"image\":{\"@id\":\"https:\\\/\\\/www.slogi.si\\\/dialogi-v-oblackih\\\/#primaryimage\"},\"thumbnailUrl\":\"https:\\\/\\\/www.slogi.si\\\/wp-content\\\/uploads\\\/2025\\\/08\\\/Logo_DvO.png\",\"datePublished\":\"2025-08-07T06:00:04+00:00\",\"dateModified\":\"2026-04-02T10:40:35+00:00\",\"breadcrumb\":{\"@id\":\"https:\\\/\\\/www.slogi.si\\\/dialogi-v-oblackih\\\/#breadcrumb\"},\"inLanguage\":\"en-GB\",\"potentialAction\":[{\"@type\":\"ReadAction\",\"target\":[\"https:\\\/\\\/www.slogi.si\\\/dialogi-v-oblackih\\\/\"]}]},{\"@type\":\"ImageObject\",\"inLanguage\":\"en-GB\",\"@id\":\"https:\\\/\\\/www.slogi.si\\\/dialogi-v-oblackih\\\/#primaryimage\",\"url\":\"https:\\\/\\\/www.slogi.si\\\/wp-content\\\/uploads\\\/2025\\\/08\\\/Logo_DvO.png\",\"contentUrl\":\"https:\\\/\\\/www.slogi.si\\\/wp-content\\\/uploads\\\/2025\\\/08\\\/Logo_DvO.png\",\"width\":1754,\"height\":1240},{\"@type\":\"BreadcrumbList\",\"@id\":\"https:\\\/\\\/www.slogi.si\\\/dialogi-v-oblackih\\\/#breadcrumb\",\"itemListElement\":[{\"@type\":\"ListItem\",\"position\":1,\"name\":\"Home\",\"item\":\"https:\\\/\\\/www.slogi.si\\\/\"},{\"@type\":\"ListItem\",\"position\":2,\"name\":\"Dialogi v obla\u010dkih\"}]},{\"@type\":\"WebSite\",\"@id\":\"https:\\\/\\\/www.slogi.si\\\/#website\",\"url\":\"https:\\\/\\\/www.slogi.si\\\/\",\"name\":\"SLOGI\",\"description\":\"Slovenski Gledali\u0161ki In\u0161titut\",\"publisher\":{\"@id\":\"https:\\\/\\\/www.slogi.si\\\/#organization\"},\"alternateName\":\"Slovenski Gledali\u0161ki In\u0161titut\",\"potentialAction\":[{\"@type\":\"SearchAction\",\"target\":{\"@type\":\"EntryPoint\",\"urlTemplate\":\"https:\\\/\\\/www.slogi.si\\\/?s={search_term_string}\"},\"query-input\":{\"@type\":\"PropertyValueSpecification\",\"valueRequired\":true,\"valueName\":\"search_term_string\"}}],\"inLanguage\":\"en-GB\"},{\"@type\":\"Organization\",\"@id\":\"https:\\\/\\\/www.slogi.si\\\/#organization\",\"name\":\"SLOGI\",\"alternateName\":\"Slovenski Gledali\u0161ki In\u0161titut\",\"url\":\"https:\\\/\\\/www.slogi.si\\\/\",\"logo\":{\"@type\":\"ImageObject\",\"inLanguage\":\"en-GB\",\"@id\":\"https:\\\/\\\/www.slogi.si\\\/#\\\/schema\\\/logo\\\/image\\\/\",\"url\":\"https:\\\/\\\/www.slogi.si\\\/wp-content\\\/uploads\\\/2024\\\/01\\\/favicon.svg\",\"contentUrl\":\"https:\\\/\\\/www.slogi.si\\\/wp-content\\\/uploads\\\/2024\\\/01\\\/favicon.svg\",\"width\":100,\"height\":100,\"caption\":\"SLOGI\"},\"image\":{\"@id\":\"https:\\\/\\\/www.slogi.si\\\/#\\\/schema\\\/logo\\\/image\\\/\"}}]}<\/script>\n<!-- \/ Yoast SEO plugin. -->","yoast_head_json":{"title":"Dialogi v obla\u010dkih - SLOGI","robots":{"index":"index","follow":"follow","max-snippet":"max-snippet:-1","max-image-preview":"max-image-preview:large","max-video-preview":"max-video-preview:-1"},"canonical":"https:\/\/www.slogi.si\/en\/dialogi-v-oblackih\/","og_locale":"en_GB","og_type":"article","og_title":"Dialogi v obla\u010dkih - SLOGI","og_description":"Dialogi v obla\u010dkih je projekt za spodbujanje bralne pismenosti in krepitev jezikovnih zmo\u017enosti v sloven\u0161\u010dini oziroma prilagojenih na\u010dinih sporazumevanja. Nosilec in izvajalec projekta je Slovenski gledali\u0161ki in\u0161titut v sodelovanju s Centrom za komunikacijo, sluh in govor Portoro\u017e, Centrom za sluh in govor Maribor ter Zavodom za gluhe in naglu\u0161ne Ljubljana. Projekt sofinancira Ministrstvo za kulturo ...","og_url":"https:\/\/www.slogi.si\/en\/dialogi-v-oblackih\/","og_site_name":"SLOGI","article_modified_time":"2026-04-02T10:40:35+00:00","og_image":[{"width":1754,"height":1240,"url":"https:\/\/www.slogi.si\/wp-content\/uploads\/2025\/08\/Logo_DvO.png","type":"image\/png"}],"twitter_card":"summary_large_image","twitter_misc":{"Estimated reading time":"7 minutes"},"schema":{"@context":"https:\/\/schema.org","@graph":[{"@type":"WebPage","@id":"https:\/\/www.slogi.si\/dialogi-v-oblackih\/","url":"https:\/\/www.slogi.si\/dialogi-v-oblackih\/","name":"Dialogi v obla\u010dkih - SLOGI","isPartOf":{"@id":"https:\/\/www.slogi.si\/#website"},"primaryImageOfPage":{"@id":"https:\/\/www.slogi.si\/dialogi-v-oblackih\/#primaryimage"},"image":{"@id":"https:\/\/www.slogi.si\/dialogi-v-oblackih\/#primaryimage"},"thumbnailUrl":"https:\/\/www.slogi.si\/wp-content\/uploads\/2025\/08\/Logo_DvO.png","datePublished":"2025-08-07T06:00:04+00:00","dateModified":"2026-04-02T10:40:35+00:00","breadcrumb":{"@id":"https:\/\/www.slogi.si\/dialogi-v-oblackih\/#breadcrumb"},"inLanguage":"en-GB","potentialAction":[{"@type":"ReadAction","target":["https:\/\/www.slogi.si\/dialogi-v-oblackih\/"]}]},{"@type":"ImageObject","inLanguage":"en-GB","@id":"https:\/\/www.slogi.si\/dialogi-v-oblackih\/#primaryimage","url":"https:\/\/www.slogi.si\/wp-content\/uploads\/2025\/08\/Logo_DvO.png","contentUrl":"https:\/\/www.slogi.si\/wp-content\/uploads\/2025\/08\/Logo_DvO.png","width":1754,"height":1240},{"@type":"BreadcrumbList","@id":"https:\/\/www.slogi.si\/dialogi-v-oblackih\/#breadcrumb","itemListElement":[{"@type":"ListItem","position":1,"name":"Home","item":"https:\/\/www.slogi.si\/"},{"@type":"ListItem","position":2,"name":"Dialogi v obla\u010dkih"}]},{"@type":"WebSite","@id":"https:\/\/www.slogi.si\/#website","url":"https:\/\/www.slogi.si\/","name":"SLOGI","description":"Slovenian Theatre Institute","publisher":{"@id":"https:\/\/www.slogi.si\/#organization"},"alternateName":"Slovenski Gledali\u0161ki In\u0161titut","potentialAction":[{"@type":"SearchAction","target":{"@type":"EntryPoint","urlTemplate":"https:\/\/www.slogi.si\/?s={search_term_string}"},"query-input":{"@type":"PropertyValueSpecification","valueRequired":true,"valueName":"search_term_string"}}],"inLanguage":"en-GB"},{"@type":"Organization","@id":"https:\/\/www.slogi.si\/#organization","name":"SLOGI","alternateName":"Slovenski Gledali\u0161ki In\u0161titut","url":"https:\/\/www.slogi.si\/","logo":{"@type":"ImageObject","inLanguage":"en-GB","@id":"https:\/\/www.slogi.si\/#\/schema\/logo\/image\/","url":"https:\/\/www.slogi.si\/wp-content\/uploads\/2024\/01\/favicon.svg","contentUrl":"https:\/\/www.slogi.si\/wp-content\/uploads\/2024\/01\/favicon.svg","width":100,"height":100,"caption":"SLOGI"},"image":{"@id":"https:\/\/www.slogi.si\/#\/schema\/logo\/image\/"}}]}},"_links":{"self":[{"href":"https:\/\/www.slogi.si\/en\/wp-json\/wp\/v2\/pages\/16784","targetHints":{"allow":["GET"]}}],"collection":[{"href":"https:\/\/www.slogi.si\/en\/wp-json\/wp\/v2\/pages"}],"about":[{"href":"https:\/\/www.slogi.si\/en\/wp-json\/wp\/v2\/types\/page"}],"author":[{"embeddable":true,"href":"https:\/\/www.slogi.si\/en\/wp-json\/wp\/v2\/users\/6"}],"replies":[{"embeddable":true,"href":"https:\/\/www.slogi.si\/en\/wp-json\/wp\/v2\/comments?post=16784"}],"version-history":[{"count":67,"href":"https:\/\/www.slogi.si\/en\/wp-json\/wp\/v2\/pages\/16784\/revisions"}],"predecessor-version":[{"id":18532,"href":"https:\/\/www.slogi.si\/en\/wp-json\/wp\/v2\/pages\/16784\/revisions\/18532"}],"wp:featuredmedia":[{"embeddable":true,"href":"https:\/\/www.slogi.si\/en\/wp-json\/wp\/v2\/media\/16785"}],"wp:attachment":[{"href":"https:\/\/www.slogi.si\/en\/wp-json\/wp\/v2\/media?parent=16784"}],"wp:term":[{"taxonomy":"page-tag","embeddable":true,"href":"https:\/\/www.slogi.si\/en\/wp-json\/wp\/v2\/page-tag?post=16784"}],"curies":[{"name":"wp","href":"https:\/\/api.w.org\/{rel}","templated":true}]}}