{"id":9976,"date":"2020-08-30T14:25:08","date_gmt":"2020-08-30T12:25:08","guid":{"rendered":"https:\/\/www.slogi.si\/dogodki\/poklon-velikanom-slovenskega-gledalisca\/"},"modified":"2025-02-17T13:07:57","modified_gmt":"2025-02-17T12:07:57","slug":"poklon-velikanom-slovenskega-gledalisca","status":"publish","type":"dogodki","link":"https:\/\/www.slogi.si\/en\/dogodki\/poklon-velikanom-slovenskega-gledalisca\/","title":{"rendered":"Tribute to the giants of Slovenian theatre"},"content":{"rendered":"<h4>Portreti prejemnic in prejemnikov Bor\u0161tnikovega prstana<\/h4>\n<p>Na sporedu Festivala Bor\u0161tnikovo sre\u010danje.<\/p>\n<p>Due to the deterioration of the epidemiological situation, the adopted measures and recommendations of the Government of the Republic of Slovenia, and at the suggestion of the board of directors of Slovenian theaters, the Bor\u0161tnikovo sre\u010dnje Festival, in agreement with the Ministry of Culture and the Municipality of Maribor, made the difficult decision not to hold the central part of the festival with the competition program and this year&#039;s festival edition <strong>zaklju\u010di<\/strong> <strong>v petek, 16. 10. 2020.<\/strong><\/p>\n<p>&nbsp;<\/p>\n<p>Marjan Platov\u0161ek, slikar in upokojeni grafi\u010dni oblikovalec, izhaja pri ustvarjanju portretov popularnih osebnosti iz fotografij, zato so njegove slike, kot je zapisal likovni kritik Dejan Mehmedovi\u010d, &#8220;videti kot fotografije, \u010deprav niso fotografije. Natan\u010dneje re\u010deno, videti so kot posebne fotografije, ki izpolnjujejo svojo dokumentacijsko vlogo na poseben na\u010din, kajti ustvarjajo mimeti\u010dnost, preslikavo realnega, v stilizirani obliki.&#8221; S portreti, izdelanimi v tehniki akrila na platnu (velikosti 80 x 90 cm), se slikar tako zgleduje po Andyju Warholu kot tipi\u010dnem predstavniku pop arta. Toda pri Platov\u0161ku, kot opozarja Mehmedovi\u010d, &#8220;ne gre za mimetizacijo, temve\u010d za vizualni efekt, ki deluje na podlagi osnovnih opti\u010dnih likovnih prvin, s to &#8216;abstraktnostjo&#8217; pa upodablja objektivno realnost, konkretno ljudi oziroma njihove obraze.&#8221; V slikarjevem velikem planu, kjer se celota izoblikuje s skrbnim nanosom nians, bo tokrat upodobljena prva serija portretov znotraj projekta, ki ga bo avtor v naslednjih letih nadaljeval z obrazi \u0161e drugih nosilcev najvi\u0161jega igralskega odli\u010dja za \u017eivljenjsko delo pri nas. Slike, ki nastajajo po predlogi fotografij Marka Modica in drugih fotografov, bodo po predstavitvi v okviru festivala stalno razstavljene na Turja\u0161kem gradu.<\/p>\n<p>Odprtje razstave: 21. oktobra 2020 ob 17. uri.<\/p>\n<p>Avtorja projekta, oblikovanje, postavitev, odnosi z javnostmi Marjan Platov\u0161ek, Tja\u0161a Platov\u0161ek<\/p>\n<p>Razstava portretov bo za ogled odprta ves \u010das trajanja festivala.<\/p>\n<p>Partnerji projekta<br \/>\nSlovenian Theater Institute - Theater Museum<br \/>\nBor\u0161tnik&#039;s meeting festival<br \/>\nOb\u010dina Velike La\u0161\u010de<br \/>\nGrad Turjak<br \/>\nMart, Turjak<br \/>\nMarjan Platov\u0161ek, Tja\u0161a Platov\u0161ek<\/p>\n<p>Meceni portretov<br \/>\nOb\u010dina Velike La\u0161\u010de<br \/>\nDru\u017eina Petrovi\u0107, Grade\u017e pri Turjaku<br \/>\nJUB d.o.o., Dol pri Ljubljani<br \/>\nTja\u0161a Platov\u0161ek, Ljubljana<\/p>\n<p>&nbsp;<\/p>\n<div id='gallery-1' class='gallery galleryid-9976 gallery-columns-4 gallery-size-thumbnail'><figure class='gallery-item'>\n\t\t\t<div class='gallery-icon portrait'>\n\t\t\t\t<a href='https:\/\/www.slogi.si\/wp-content\/uploads\/2024\/01\/Platovsek_Stefka-Drolc.jpg'><img decoding=\"async\" width=\"150\" height=\"150\" src=\"https:\/\/www.slogi.si\/wp-content\/uploads\/2024\/01\/Platovsek_Stefka-Drolc-150x150.jpg\" class=\"attachment-thumbnail size-thumbnail\" alt=\"Tribute to the giants of Slovenian theatre. \u0160tefka Drolc. Picture: Marjan Platov\u0161ek.\" aria-describedby=\"gallery-1-9977\" \/><\/a>\n\t\t\t<\/div>\n\t\t\t\t<figcaption class='wp-caption-text gallery-caption' id='gallery-1-9977'>\n\t\t\t\tA Tribute to Giants of the Slovenian Theatre. \u0160tefka Drolc. Picture: Marjan Platov\u0161ek.\n\t\t\t\t<\/figcaption><\/figure><figure class='gallery-item'>\n\t\t\t<div class='gallery-icon portrait'>\n\t\t\t\t<a href='https:\/\/www.slogi.si\/wp-content\/uploads\/2024\/01\/Platovsek_Rifle.jpg'><img decoding=\"async\" width=\"150\" height=\"150\" src=\"https:\/\/www.slogi.si\/wp-content\/uploads\/2024\/01\/Platovsek_Rifle-150x150.jpg\" class=\"attachment-thumbnail size-thumbnail\" alt=\"Poklon Velikanom slovenskega gledali\u0161\u010da. Janez Ho\u010devar. Slika: Marjan Platov\u0161ek.\" aria-describedby=\"gallery-1-9978\" \/><\/a>\n\t\t\t<\/div>\n\t\t\t\t<figcaption class='wp-caption-text gallery-caption' id='gallery-1-9978'>\n\t\t\t\tA Tribute to Giants of the Slovenian Theatre. Janez Ho\u010devar. Picture: Marjan Platov\u0161ek.\n\t\t\t\t<\/figcaption><\/figure><figure class='gallery-item'>\n\t\t\t<div class='gallery-icon portrait'>\n\t\t\t\t<a href='https:\/\/www.slogi.si\/wp-content\/uploads\/2024\/01\/Platovsek_Samobor.jpg'><img decoding=\"async\" width=\"150\" height=\"150\" src=\"https:\/\/www.slogi.si\/wp-content\/uploads\/2024\/01\/Platovsek_Samobor-150x150.jpg\" class=\"attachment-thumbnail size-thumbnail\" alt=\"Poklon Velikanom slovenskega gledali\u0161\u010da. Igor Samobor. Slika: Marjan Platov\u0161ek.\" aria-describedby=\"gallery-1-9979\" \/><\/a>\n\t\t\t<\/div>\n\t\t\t\t<figcaption class='wp-caption-text gallery-caption' id='gallery-1-9979'>\n\t\t\t\tA Tribute to Giants of the Slovenian Theatre. Igor Samobor. Picture: Marjan Platov\u0161ek.\n\t\t\t\t<\/figcaption><\/figure><figure class='gallery-item'>\n\t\t\t<div class='gallery-icon portrait'>\n\t\t\t\t<a href='https:\/\/www.slogi.si\/wp-content\/uploads\/2024\/01\/Platovsek_Ban.jpg'><img loading=\"lazy\" decoding=\"async\" width=\"150\" height=\"150\" src=\"https:\/\/www.slogi.si\/wp-content\/uploads\/2024\/01\/Platovsek_Ban-150x150.jpg\" class=\"attachment-thumbnail size-thumbnail\" alt=\"Poklon Velikanom slovenskega gledali\u0161\u010da. Ivo Ban. Slika: Marjan Platov\u0161ek.\" aria-describedby=\"gallery-1-9980\" \/><\/a>\n\t\t\t<\/div>\n\t\t\t\t<figcaption class='wp-caption-text gallery-caption' id='gallery-1-9980'>\n\t\t\t\tA Tribute to Giants of the Slovenian Theatre. Ivo Ban. Picture: Marjan Platov\u0161ek.\n\t\t\t\t<\/figcaption><\/figure>\n\t\t<\/div>\n\n<h6>Utrinki z razstave<\/h6>\n<div id='gallery-2' class='gallery galleryid-9976 gallery-columns-3 gallery-size-square'><figure class='gallery-item'>\n\t\t\t<div class='gallery-icon landscape'>\n\t\t\t\t<a href='https:\/\/www.slogi.si\/wp-content\/uploads\/2024\/01\/Poklon-velikanom-slovenskega-gledalisca_Foto-Bostjan-Lah-00.jpg'><img loading=\"lazy\" decoding=\"async\" width=\"960\" height=\"640\" src=\"https:\/\/www.slogi.si\/wp-content\/uploads\/2024\/01\/Poklon-velikanom-slovenskega-gledalisca_Foto-Bostjan-Lah-00.jpg\" class=\"attachment-square size-square\" alt=\"\" aria-describedby=\"gallery-2-9981\" srcset=\"https:\/\/www.slogi.si\/wp-content\/uploads\/2024\/01\/Poklon-velikanom-slovenskega-gledalisca_Foto-Bostjan-Lah-00.jpg 960w, https:\/\/www.slogi.si\/wp-content\/uploads\/2024\/01\/Poklon-velikanom-slovenskega-gledalisca_Foto-Bostjan-Lah-00-300x200.jpg 300w, https:\/\/www.slogi.si\/wp-content\/uploads\/2024\/01\/Poklon-velikanom-slovenskega-gledalisca_Foto-Bostjan-Lah-00-768x512.jpg 768w\" sizes=\"(max-width: 960px) 100vw, 960px\" \/><\/a>\n\t\t\t<\/div>\n\t\t\t\t<figcaption class='wp-caption-text gallery-caption' id='gallery-2-9981'>\n\t\t\t\tPoklon Velikanom slovenskega gledali\u0161\u010da. Foto: Bo\u0161tja Lah, arhiv Festivala Bor\u0161tnikovo sre\u010danje.\n\t\t\t\t<\/figcaption><\/figure><figure class='gallery-item'>\n\t\t\t<div class='gallery-icon landscape'>\n\t\t\t\t<a href='https:\/\/www.slogi.si\/wp-content\/uploads\/2024\/01\/Poklon-velikanom-slovenskega-gledalisca_Foto-Bostjan-Lah-2-1.jpg'><img loading=\"lazy\" decoding=\"async\" width=\"960\" height=\"640\" src=\"https:\/\/www.slogi.si\/wp-content\/uploads\/2024\/01\/Poklon-velikanom-slovenskega-gledalisca_Foto-Bostjan-Lah-2-1.jpg\" class=\"attachment-square size-square\" alt=\"\" aria-describedby=\"gallery-2-9982\" srcset=\"https:\/\/www.slogi.si\/wp-content\/uploads\/2024\/01\/Poklon-velikanom-slovenskega-gledalisca_Foto-Bostjan-Lah-2-1.jpg 960w, https:\/\/www.slogi.si\/wp-content\/uploads\/2024\/01\/Poklon-velikanom-slovenskega-gledalisca_Foto-Bostjan-Lah-2-1-300x200.jpg 300w, https:\/\/www.slogi.si\/wp-content\/uploads\/2024\/01\/Poklon-velikanom-slovenskega-gledalisca_Foto-Bostjan-Lah-2-1-768x512.jpg 768w\" sizes=\"(max-width: 960px) 100vw, 960px\" \/><\/a>\n\t\t\t<\/div>\n\t\t\t\t<figcaption class='wp-caption-text gallery-caption' id='gallery-2-9982'>\n\t\t\t\tPoklon Velikanom slovenskega gledali\u0161\u010da. Foto: Bo\u0161tja Lah, arhiv Festivala Bor\u0161tnikovo sre\u010danje.\n\t\t\t\t<\/figcaption><\/figure><figure class='gallery-item'>\n\t\t\t<div class='gallery-icon landscape'>\n\t\t\t\t<a href='https:\/\/www.slogi.si\/wp-content\/uploads\/2024\/01\/Poklon-velikanom-slovenskega-gledalisca_Foto-Bostjan-Lah-1-1.jpg'><img loading=\"lazy\" decoding=\"async\" width=\"960\" height=\"640\" src=\"https:\/\/www.slogi.si\/wp-content\/uploads\/2024\/01\/Poklon-velikanom-slovenskega-gledalisca_Foto-Bostjan-Lah-1-1.jpg\" class=\"attachment-square size-square\" alt=\"\" aria-describedby=\"gallery-2-9983\" srcset=\"https:\/\/www.slogi.si\/wp-content\/uploads\/2024\/01\/Poklon-velikanom-slovenskega-gledalisca_Foto-Bostjan-Lah-1-1.jpg 960w, https:\/\/www.slogi.si\/wp-content\/uploads\/2024\/01\/Poklon-velikanom-slovenskega-gledalisca_Foto-Bostjan-Lah-1-1-300x200.jpg 300w, https:\/\/www.slogi.si\/wp-content\/uploads\/2024\/01\/Poklon-velikanom-slovenskega-gledalisca_Foto-Bostjan-Lah-1-1-768x512.jpg 768w\" sizes=\"(max-width: 960px) 100vw, 960px\" \/><\/a>\n\t\t\t<\/div>\n\t\t\t\t<figcaption class='wp-caption-text gallery-caption' id='gallery-2-9983'>\n\t\t\t\tPoklon Velikanom slovenskega gledali\u0161\u010da. Foto: Bo\u0161tja Lah, arhiv Festivala Bor\u0161tnikovo sre\u010danje.\n\t\t\t\t<\/figcaption><\/figure><figure class='gallery-item'>\n\t\t\t<div class='gallery-icon landscape'>\n\t\t\t\t<a href='https:\/\/www.slogi.si\/wp-content\/uploads\/2024\/01\/Poklon-velikanom-slovenskega-gledalisca_Foto-Bostjan-Lah-8-1.jpg'><img loading=\"lazy\" decoding=\"async\" width=\"960\" height=\"640\" src=\"https:\/\/www.slogi.si\/wp-content\/uploads\/2024\/01\/Poklon-velikanom-slovenskega-gledalisca_Foto-Bostjan-Lah-8-1.jpg\" class=\"attachment-square size-square\" alt=\"\" aria-describedby=\"gallery-2-9984\" srcset=\"https:\/\/www.slogi.si\/wp-content\/uploads\/2024\/01\/Poklon-velikanom-slovenskega-gledalisca_Foto-Bostjan-Lah-8-1.jpg 960w, https:\/\/www.slogi.si\/wp-content\/uploads\/2024\/01\/Poklon-velikanom-slovenskega-gledalisca_Foto-Bostjan-Lah-8-1-300x200.jpg 300w, https:\/\/www.slogi.si\/wp-content\/uploads\/2024\/01\/Poklon-velikanom-slovenskega-gledalisca_Foto-Bostjan-Lah-8-1-768x512.jpg 768w\" sizes=\"(max-width: 960px) 100vw, 960px\" \/><\/a>\n\t\t\t<\/div>\n\t\t\t\t<figcaption class='wp-caption-text gallery-caption' id='gallery-2-9984'>\n\t\t\t\tPoklon Velikanom slovenskega gledali\u0161\u010da. Foto: Bo\u0161tja Lah, arhiv Festivala Bor\u0161tnikovo sre\u010danje.\n\t\t\t\t<\/figcaption><\/figure><figure class='gallery-item'>\n\t\t\t<div class='gallery-icon landscape'>\n\t\t\t\t<a href='https:\/\/www.slogi.si\/wp-content\/uploads\/2024\/01\/Poklon-velikanom-slovenskega-gledalisca_Foto-Bostjan-Lah-7-1.jpg'><img loading=\"lazy\" decoding=\"async\" width=\"960\" height=\"640\" src=\"https:\/\/www.slogi.si\/wp-content\/uploads\/2024\/01\/Poklon-velikanom-slovenskega-gledalisca_Foto-Bostjan-Lah-7-1.jpg\" class=\"attachment-square size-square\" alt=\"\" aria-describedby=\"gallery-2-9985\" srcset=\"https:\/\/www.slogi.si\/wp-content\/uploads\/2024\/01\/Poklon-velikanom-slovenskega-gledalisca_Foto-Bostjan-Lah-7-1.jpg 960w, https:\/\/www.slogi.si\/wp-content\/uploads\/2024\/01\/Poklon-velikanom-slovenskega-gledalisca_Foto-Bostjan-Lah-7-1-300x200.jpg 300w, https:\/\/www.slogi.si\/wp-content\/uploads\/2024\/01\/Poklon-velikanom-slovenskega-gledalisca_Foto-Bostjan-Lah-7-1-768x512.jpg 768w\" sizes=\"(max-width: 960px) 100vw, 960px\" \/><\/a>\n\t\t\t<\/div>\n\t\t\t\t<figcaption class='wp-caption-text gallery-caption' id='gallery-2-9985'>\n\t\t\t\tPoklon Velikanom slovenskega gledali\u0161\u010da. Foto: Bo\u0161tja Lah, arhiv Festivala Bor\u0161tnikovo sre\u010danje.\n\t\t\t\t<\/figcaption><\/figure><figure class='gallery-item'>\n\t\t\t<div class='gallery-icon portrait'>\n\t\t\t\t<a href='https:\/\/www.slogi.si\/wp-content\/uploads\/2024\/01\/Poklon-velikanom-slovenskega-gledalisca_Foto-Bostjan-Lah-6-1.jpg'><img loading=\"lazy\" decoding=\"async\" width=\"640\" height=\"960\" src=\"https:\/\/www.slogi.si\/wp-content\/uploads\/2024\/01\/Poklon-velikanom-slovenskega-gledalisca_Foto-Bostjan-Lah-6-1.jpg\" class=\"attachment-square size-square\" alt=\"\" aria-describedby=\"gallery-2-9986\" srcset=\"https:\/\/www.slogi.si\/wp-content\/uploads\/2024\/01\/Poklon-velikanom-slovenskega-gledalisca_Foto-Bostjan-Lah-6-1.jpg 640w, https:\/\/www.slogi.si\/wp-content\/uploads\/2024\/01\/Poklon-velikanom-slovenskega-gledalisca_Foto-Bostjan-Lah-6-1-200x300.jpg 200w\" sizes=\"(max-width: 640px) 100vw, 640px\" \/><\/a>\n\t\t\t<\/div>\n\t\t\t\t<figcaption class='wp-caption-text gallery-caption' id='gallery-2-9986'>\n\t\t\t\tPoklon Velikanom slovenskega gledali\u0161\u010da. Foto: Bo\u0161tja Lah, arhiv Festivala Bor\u0161tnikovo sre\u010danje.\n\t\t\t\t<\/figcaption><\/figure><figure class='gallery-item'>\n\t\t\t<div class='gallery-icon landscape'>\n\t\t\t\t<a href='https:\/\/www.slogi.si\/wp-content\/uploads\/2024\/01\/Poklon-velikanom-slovenskega-gledalisca_Foto-Bostjan-Lah-0-2.jpg'><img loading=\"lazy\" decoding=\"async\" width=\"960\" height=\"640\" src=\"https:\/\/www.slogi.si\/wp-content\/uploads\/2024\/01\/Poklon-velikanom-slovenskega-gledalisca_Foto-Bostjan-Lah-0-2.jpg\" class=\"attachment-square size-square\" alt=\"\" aria-describedby=\"gallery-2-9987\" srcset=\"https:\/\/www.slogi.si\/wp-content\/uploads\/2024\/01\/Poklon-velikanom-slovenskega-gledalisca_Foto-Bostjan-Lah-0-2.jpg 960w, https:\/\/www.slogi.si\/wp-content\/uploads\/2024\/01\/Poklon-velikanom-slovenskega-gledalisca_Foto-Bostjan-Lah-0-2-300x200.jpg 300w, https:\/\/www.slogi.si\/wp-content\/uploads\/2024\/01\/Poklon-velikanom-slovenskega-gledalisca_Foto-Bostjan-Lah-0-2-768x512.jpg 768w\" sizes=\"(max-width: 960px) 100vw, 960px\" \/><\/a>\n\t\t\t<\/div>\n\t\t\t\t<figcaption class='wp-caption-text gallery-caption' id='gallery-2-9987'>\n\t\t\t\tPoklon Velikanom slovenskega gledali\u0161\u010da. Foto: Bo\u0161tja Lah, arhiv Festivala Bor\u0161tnikovo sre\u010danje.\n\t\t\t\t<\/figcaption><\/figure><figure class='gallery-item'>\n\t\t\t<div class='gallery-icon portrait'>\n\t\t\t\t<a href='https:\/\/www.slogi.si\/wp-content\/uploads\/2024\/01\/Poklon-velikanom-slovenskega-gledalisca_Foto-Bostjan-Lah-5-1.jpg'><img loading=\"lazy\" decoding=\"async\" width=\"640\" height=\"960\" src=\"https:\/\/www.slogi.si\/wp-content\/uploads\/2024\/01\/Poklon-velikanom-slovenskega-gledalisca_Foto-Bostjan-Lah-5-1.jpg\" class=\"attachment-square size-square\" alt=\"\" aria-describedby=\"gallery-2-9988\" srcset=\"https:\/\/www.slogi.si\/wp-content\/uploads\/2024\/01\/Poklon-velikanom-slovenskega-gledalisca_Foto-Bostjan-Lah-5-1.jpg 640w, https:\/\/www.slogi.si\/wp-content\/uploads\/2024\/01\/Poklon-velikanom-slovenskega-gledalisca_Foto-Bostjan-Lah-5-1-200x300.jpg 200w\" sizes=\"(max-width: 640px) 100vw, 640px\" \/><\/a>\n\t\t\t<\/div>\n\t\t\t\t<figcaption class='wp-caption-text gallery-caption' id='gallery-2-9988'>\n\t\t\t\tPoklon Velikanom slovenskega gledali\u0161\u010da. Foto: Bo\u0161tja Lah, arhiv Festivala Bor\u0161tnikovo sre\u010danje.\n\t\t\t\t<\/figcaption><\/figure><figure class='gallery-item'>\n\t\t\t<div class='gallery-icon landscape'>\n\t\t\t\t<a href='https:\/\/www.slogi.si\/wp-content\/uploads\/2024\/01\/Poklon-velikanom-slovenskega-gledalisca_Foto-Bostjan-Lah-4-1.jpg'><img loading=\"lazy\" decoding=\"async\" width=\"960\" height=\"640\" src=\"https:\/\/www.slogi.si\/wp-content\/uploads\/2024\/01\/Poklon-velikanom-slovenskega-gledalisca_Foto-Bostjan-Lah-4-1.jpg\" class=\"attachment-square size-square\" alt=\"\" aria-describedby=\"gallery-2-9989\" srcset=\"https:\/\/www.slogi.si\/wp-content\/uploads\/2024\/01\/Poklon-velikanom-slovenskega-gledalisca_Foto-Bostjan-Lah-4-1.jpg 960w, https:\/\/www.slogi.si\/wp-content\/uploads\/2024\/01\/Poklon-velikanom-slovenskega-gledalisca_Foto-Bostjan-Lah-4-1-300x200.jpg 300w, https:\/\/www.slogi.si\/wp-content\/uploads\/2024\/01\/Poklon-velikanom-slovenskega-gledalisca_Foto-Bostjan-Lah-4-1-768x512.jpg 768w\" sizes=\"(max-width: 960px) 100vw, 960px\" \/><\/a>\n\t\t\t<\/div>\n\t\t\t\t<figcaption class='wp-caption-text gallery-caption' id='gallery-2-9989'>\n\t\t\t\tPoklon Velikanom slovenskega gledali\u0161\u010da. Foto: Bo\u0161tja Lah, arhiv Festivala Bor\u0161tnikovo sre\u010danje.\n\t\t\t\t<\/figcaption><\/figure>\n\t\t<\/div>","protected":false},"excerpt":{"rendered":"<p>Marjan Platov\u0161ek, a painter and retired graphic designer, uses photographs to create portraits of popular figures, which is why his paintings, as art critic Dejan Mehmedovi\u010d wrote, \u201clook like photographs, even though they are not photographs.<\/p>","protected":false},"featured_media":9990,"template":"","categories":[416,409,435],"tags":[],"izpostavljamo":[],"letnik":[346],"tip":[414],"vrsta-razstave":[415,624],"class_list":["post-9976","dogodki","type-dogodki","status-publish","has-post-thumbnail","hentry","category-dogodki","category-razstave","category-za-medije","letnik-346","tip-razstava","vrsta-razstave-obcasna-razstava","vrsta-razstave-vse-razstave"],"acf":[],"yoast_head":"<!-- This site is optimized with the Yoast SEO plugin v27.5 - https:\/\/yoast.com\/product\/yoast-seo-wordpress\/ -->\n<title>Poklon Velikanom slovenskega gledali\u0161\u010da - SLOGI<\/title>\n<meta name=\"robots\" content=\"index, follow, max-snippet:-1, max-image-preview:large, max-video-preview:-1\" \/>\n<link rel=\"canonical\" href=\"https:\/\/www.slogi.si\/en\/events\/poklon-velikanom-slovenskega-gledalisca\/\" \/>\n<meta property=\"og:locale\" content=\"en_GB\" \/>\n<meta property=\"og:type\" content=\"article\" \/>\n<meta property=\"og:title\" content=\"Poklon Velikanom slovenskega gledali\u0161\u010da - SLOGI\" \/>\n<meta property=\"og:description\" content=\"Marjan Platov\u0161ek, slikar in upokojeni grafi\u010dni oblikovalec, izhaja pri ustvarjanju portretov popularnih osebnosti iz fotografij, zato so njegove slike, kot je zapisal likovni kritik Dejan Mehmedovi\u010d, &quot;videti kot fotografije, \u010deprav niso fotografije.\" \/>\n<meta property=\"og:url\" content=\"https:\/\/www.slogi.si\/en\/events\/poklon-velikanom-slovenskega-gledalisca\/\" \/>\n<meta property=\"og:site_name\" content=\"SLOGI\" \/>\n<meta property=\"article:modified_time\" content=\"2025-02-17T12:07:57+00:00\" \/>\n<meta property=\"og:image\" content=\"https:\/\/www.slogi.si\/wp-content\/uploads\/2024\/01\/Poklon-velikanom-slovenskega-gledalisca_Platovsek.jpg\" \/>\n\t<meta property=\"og:image:width\" content=\"710\" \/>\n\t<meta property=\"og:image:height\" content=\"375\" \/>\n\t<meta property=\"og:image:type\" content=\"image\/jpeg\" \/>\n<meta name=\"twitter:card\" content=\"summary_large_image\" \/>\n<meta name=\"twitter:label1\" content=\"Estimated reading time\" \/>\n\t<meta name=\"twitter:data1\" content=\"2 minutes\" \/>\n<script type=\"application\/ld+json\" class=\"yoast-schema-graph\">{\"@context\":\"https:\\\/\\\/schema.org\",\"@graph\":[{\"@type\":\"WebPage\",\"@id\":\"https:\\\/\\\/www.slogi.si\\\/dogodki\\\/poklon-velikanom-slovenskega-gledalisca\\\/\",\"url\":\"https:\\\/\\\/www.slogi.si\\\/dogodki\\\/poklon-velikanom-slovenskega-gledalisca\\\/\",\"name\":\"Poklon Velikanom slovenskega gledali\u0161\u010da - SLOGI\",\"isPartOf\":{\"@id\":\"https:\\\/\\\/www.slogi.si\\\/#website\"},\"primaryImageOfPage\":{\"@id\":\"https:\\\/\\\/www.slogi.si\\\/dogodki\\\/poklon-velikanom-slovenskega-gledalisca\\\/#primaryimage\"},\"image\":{\"@id\":\"https:\\\/\\\/www.slogi.si\\\/dogodki\\\/poklon-velikanom-slovenskega-gledalisca\\\/#primaryimage\"},\"thumbnailUrl\":\"https:\\\/\\\/www.slogi.si\\\/wp-content\\\/uploads\\\/2024\\\/01\\\/Poklon-velikanom-slovenskega-gledalisca_Platovsek.jpg\",\"datePublished\":\"2020-08-30T12:25:08+00:00\",\"dateModified\":\"2025-02-17T12:07:57+00:00\",\"breadcrumb\":{\"@id\":\"https:\\\/\\\/www.slogi.si\\\/dogodki\\\/poklon-velikanom-slovenskega-gledalisca\\\/#breadcrumb\"},\"inLanguage\":\"en-GB\",\"potentialAction\":[{\"@type\":\"ReadAction\",\"target\":[\"https:\\\/\\\/www.slogi.si\\\/dogodki\\\/poklon-velikanom-slovenskega-gledalisca\\\/\"]}]},{\"@type\":\"ImageObject\",\"inLanguage\":\"en-GB\",\"@id\":\"https:\\\/\\\/www.slogi.si\\\/dogodki\\\/poklon-velikanom-slovenskega-gledalisca\\\/#primaryimage\",\"url\":\"https:\\\/\\\/www.slogi.si\\\/wp-content\\\/uploads\\\/2024\\\/01\\\/Poklon-velikanom-slovenskega-gledalisca_Platovsek.jpg\",\"contentUrl\":\"https:\\\/\\\/www.slogi.si\\\/wp-content\\\/uploads\\\/2024\\\/01\\\/Poklon-velikanom-slovenskega-gledalisca_Platovsek.jpg\",\"width\":710,\"height\":375,\"caption\":\"Poklon Velikanom slovenskega gledali\u0161\u010da. \u0160tefka Drolc. Slika: Marjan Platov\u0161ek.\"},{\"@type\":\"BreadcrumbList\",\"@id\":\"https:\\\/\\\/www.slogi.si\\\/dogodki\\\/poklon-velikanom-slovenskega-gledalisca\\\/#breadcrumb\",\"itemListElement\":[{\"@type\":\"ListItem\",\"position\":1,\"name\":\"Home\",\"item\":\"https:\\\/\\\/www.slogi.si\\\/\"},{\"@type\":\"ListItem\",\"position\":2,\"name\":\"Poklon Velikanom slovenskega gledali\u0161\u010da\"}]},{\"@type\":\"WebSite\",\"@id\":\"https:\\\/\\\/www.slogi.si\\\/#website\",\"url\":\"https:\\\/\\\/www.slogi.si\\\/\",\"name\":\"SLOGI\",\"description\":\"Slovenski Gledali\u0161ki In\u0161titut\",\"publisher\":{\"@id\":\"https:\\\/\\\/www.slogi.si\\\/#organization\"},\"alternateName\":\"Slovenski Gledali\u0161ki In\u0161titut\",\"potentialAction\":[{\"@type\":\"SearchAction\",\"target\":{\"@type\":\"EntryPoint\",\"urlTemplate\":\"https:\\\/\\\/www.slogi.si\\\/?s={search_term_string}\"},\"query-input\":{\"@type\":\"PropertyValueSpecification\",\"valueRequired\":true,\"valueName\":\"search_term_string\"}}],\"inLanguage\":\"en-GB\"},{\"@type\":\"Organization\",\"@id\":\"https:\\\/\\\/www.slogi.si\\\/#organization\",\"name\":\"SLOGI\",\"alternateName\":\"Slovenski Gledali\u0161ki In\u0161titut\",\"url\":\"https:\\\/\\\/www.slogi.si\\\/\",\"logo\":{\"@type\":\"ImageObject\",\"inLanguage\":\"en-GB\",\"@id\":\"https:\\\/\\\/www.slogi.si\\\/#\\\/schema\\\/logo\\\/image\\\/\",\"url\":\"https:\\\/\\\/www.slogi.si\\\/wp-content\\\/uploads\\\/2024\\\/01\\\/favicon.svg\",\"contentUrl\":\"https:\\\/\\\/www.slogi.si\\\/wp-content\\\/uploads\\\/2024\\\/01\\\/favicon.svg\",\"width\":100,\"height\":100,\"caption\":\"SLOGI\"},\"image\":{\"@id\":\"https:\\\/\\\/www.slogi.si\\\/#\\\/schema\\\/logo\\\/image\\\/\"}}]}<\/script>\n<!-- \/ Yoast SEO plugin. -->","yoast_head_json":{"title":"Poklon Velikanom slovenskega gledali\u0161\u010da - SLOGI","robots":{"index":"index","follow":"follow","max-snippet":"max-snippet:-1","max-image-preview":"max-image-preview:large","max-video-preview":"max-video-preview:-1"},"canonical":"https:\/\/www.slogi.si\/en\/events\/poklon-velikanom-slovenskega-gledalisca\/","og_locale":"en_GB","og_type":"article","og_title":"Poklon Velikanom slovenskega gledali\u0161\u010da - SLOGI","og_description":"Marjan Platov\u0161ek, slikar in upokojeni grafi\u010dni oblikovalec, izhaja pri ustvarjanju portretov popularnih osebnosti iz fotografij, zato so njegove slike, kot je zapisal likovni kritik Dejan Mehmedovi\u010d, \"videti kot fotografije, \u010deprav niso fotografije.","og_url":"https:\/\/www.slogi.si\/en\/events\/poklon-velikanom-slovenskega-gledalisca\/","og_site_name":"SLOGI","article_modified_time":"2025-02-17T12:07:57+00:00","og_image":[{"width":710,"height":375,"url":"https:\/\/www.slogi.si\/wp-content\/uploads\/2024\/01\/Poklon-velikanom-slovenskega-gledalisca_Platovsek.jpg","type":"image\/jpeg"}],"twitter_card":"summary_large_image","twitter_misc":{"Estimated reading time":"2 minutes"},"schema":{"@context":"https:\/\/schema.org","@graph":[{"@type":"WebPage","@id":"https:\/\/www.slogi.si\/dogodki\/poklon-velikanom-slovenskega-gledalisca\/","url":"https:\/\/www.slogi.si\/dogodki\/poklon-velikanom-slovenskega-gledalisca\/","name":"Poklon Velikanom slovenskega gledali\u0161\u010da - SLOGI","isPartOf":{"@id":"https:\/\/www.slogi.si\/#website"},"primaryImageOfPage":{"@id":"https:\/\/www.slogi.si\/dogodki\/poklon-velikanom-slovenskega-gledalisca\/#primaryimage"},"image":{"@id":"https:\/\/www.slogi.si\/dogodki\/poklon-velikanom-slovenskega-gledalisca\/#primaryimage"},"thumbnailUrl":"https:\/\/www.slogi.si\/wp-content\/uploads\/2024\/01\/Poklon-velikanom-slovenskega-gledalisca_Platovsek.jpg","datePublished":"2020-08-30T12:25:08+00:00","dateModified":"2025-02-17T12:07:57+00:00","breadcrumb":{"@id":"https:\/\/www.slogi.si\/dogodki\/poklon-velikanom-slovenskega-gledalisca\/#breadcrumb"},"inLanguage":"en-GB","potentialAction":[{"@type":"ReadAction","target":["https:\/\/www.slogi.si\/dogodki\/poklon-velikanom-slovenskega-gledalisca\/"]}]},{"@type":"ImageObject","inLanguage":"en-GB","@id":"https:\/\/www.slogi.si\/dogodki\/poklon-velikanom-slovenskega-gledalisca\/#primaryimage","url":"https:\/\/www.slogi.si\/wp-content\/uploads\/2024\/01\/Poklon-velikanom-slovenskega-gledalisca_Platovsek.jpg","contentUrl":"https:\/\/www.slogi.si\/wp-content\/uploads\/2024\/01\/Poklon-velikanom-slovenskega-gledalisca_Platovsek.jpg","width":710,"height":375,"caption":"Poklon Velikanom slovenskega gledali\u0161\u010da. \u0160tefka Drolc. Slika: Marjan Platov\u0161ek."},{"@type":"BreadcrumbList","@id":"https:\/\/www.slogi.si\/dogodki\/poklon-velikanom-slovenskega-gledalisca\/#breadcrumb","itemListElement":[{"@type":"ListItem","position":1,"name":"Home","item":"https:\/\/www.slogi.si\/"},{"@type":"ListItem","position":2,"name":"Poklon Velikanom slovenskega gledali\u0161\u010da"}]},{"@type":"WebSite","@id":"https:\/\/www.slogi.si\/#website","url":"https:\/\/www.slogi.si\/","name":"SLOGI","description":"Slovenian Theatre Institute","publisher":{"@id":"https:\/\/www.slogi.si\/#organization"},"alternateName":"Slovenski Gledali\u0161ki In\u0161titut","potentialAction":[{"@type":"SearchAction","target":{"@type":"EntryPoint","urlTemplate":"https:\/\/www.slogi.si\/?s={search_term_string}"},"query-input":{"@type":"PropertyValueSpecification","valueRequired":true,"valueName":"search_term_string"}}],"inLanguage":"en-GB"},{"@type":"Organization","@id":"https:\/\/www.slogi.si\/#organization","name":"SLOGI","alternateName":"Slovenski Gledali\u0161ki In\u0161titut","url":"https:\/\/www.slogi.si\/","logo":{"@type":"ImageObject","inLanguage":"en-GB","@id":"https:\/\/www.slogi.si\/#\/schema\/logo\/image\/","url":"https:\/\/www.slogi.si\/wp-content\/uploads\/2024\/01\/favicon.svg","contentUrl":"https:\/\/www.slogi.si\/wp-content\/uploads\/2024\/01\/favicon.svg","width":100,"height":100,"caption":"SLOGI"},"image":{"@id":"https:\/\/www.slogi.si\/#\/schema\/logo\/image\/"}}]}},"_links":{"self":[{"href":"https:\/\/www.slogi.si\/en\/wp-json\/wp\/v2\/dogodki\/9976","targetHints":{"allow":["GET"]}}],"collection":[{"href":"https:\/\/www.slogi.si\/en\/wp-json\/wp\/v2\/dogodki"}],"about":[{"href":"https:\/\/www.slogi.si\/en\/wp-json\/wp\/v2\/types\/dogodki"}],"wp:featuredmedia":[{"embeddable":true,"href":"https:\/\/www.slogi.si\/en\/wp-json\/wp\/v2\/media\/9990"}],"wp:attachment":[{"href":"https:\/\/www.slogi.si\/en\/wp-json\/wp\/v2\/media?parent=9976"}],"wp:term":[{"taxonomy":"category","embeddable":true,"href":"https:\/\/www.slogi.si\/en\/wp-json\/wp\/v2\/categories?post=9976"},{"taxonomy":"post_tag","embeddable":true,"href":"https:\/\/www.slogi.si\/en\/wp-json\/wp\/v2\/tags?post=9976"},{"taxonomy":"izpostavljamo","embeddable":true,"href":"https:\/\/www.slogi.si\/en\/wp-json\/wp\/v2\/izpostavljamo?post=9976"},{"taxonomy":"letnik","embeddable":true,"href":"https:\/\/www.slogi.si\/en\/wp-json\/wp\/v2\/letnik?post=9976"},{"taxonomy":"tip","embeddable":true,"href":"https:\/\/www.slogi.si\/en\/wp-json\/wp\/v2\/tip?post=9976"},{"taxonomy":"vrsta-razstave","embeddable":true,"href":"https:\/\/www.slogi.si\/en\/wp-json\/wp\/v2\/vrsta-razstave?post=9976"}],"curies":[{"name":"wp","href":"https:\/\/api.w.org\/{rel}","templated":true}]}}