{"id":9775,"date":"2020-05-24T05:00:36","date_gmt":"2020-05-24T03:00:36","guid":{"rendered":"https:\/\/www.slogi.si\/dogodki\/nase-mlade-drame-slovenski-dnevi-knjige-2020\/"},"modified":"2024-09-13T10:02:22","modified_gmt":"2024-09-13T08:02:22","slug":"nase-mlade-drame-slovenski-dnevi-knjige-2020","status":"publish","type":"dogodki","link":"https:\/\/www.slogi.si\/en\/dogodki\/nase-mlade-drame-slovenski-dnevi-knjige-2020\/","title":{"rendered":"Na\u0161e mlade drame na Slovenskih dnevih knjige 2020"},"content":{"rendered":"<p>V okviru projekta <strong>Na\u0161e mlade drame<\/strong> bodo predstavljeni kratki izseki petih dramskih besedil, ki so v preteklosti iz\u0161li v reviji <a href=\"https:\/\/www.facebook.com\/revijaadept\/\" target=\"_blank\" rel=\"noopener noreferrer\">Adept<\/a>. Kratke spletne drame so nastale v sodelovanje z gledali\u0161kimi ustvarjalci s statusom samozaposlenega v kulturi. Projekt je podprl Slovenski gledali\u0161ki in\u0161titut. Dela izpod peres \u0161tudentk dramaturgije in scenski umetnosti smo pripravljali pod re\u017eijsko taktirko <strong>Mojce Madon<\/strong> ob avtorski glasbi <strong>Luke Ipavca<\/strong>, interpretirajo pa jih <strong>Tamara Avgu\u0161tin<\/strong>, <strong>Andra\u017e Jug<\/strong> and <strong>Lara Vouk<\/strong>. Besedila predstavljajo pet mladih dramati\u010dark, in sicer:<\/p>\n<p>&nbsp;<\/p>\n<p><strong>Eva Kucera \u0160mon<\/strong>: <a href=\"https:\/\/youtu.be\/gl-khGgib0E\" target=\"_blank\" rel=\"noopener noreferrer\"><em>Slowly at first, then pace, pace<\/em><\/a><\/p>\n<p><a href=\"https:\/\/youtu.be\/gl-khGgib0E\">https:\/\/youtu.be\/gl-khGgib0E<\/a><\/p>\n<p>&nbsp;<\/p>\n<p><strong>Iva \u0160. Glossary<\/strong>: <a href=\"https:\/\/youtu.be\/ELfDD2LPchk\" target=\"_blank\" rel=\"noopener noreferrer\"><em>Ton\u010dka<\/em><\/a><\/p>\n<p><a href=\"https:\/\/youtu.be\/ELfDD2LPchk\">https:\/\/youtu.be\/ELfDD2LPchk<\/a><\/p>\n<p>&nbsp;<\/p>\n<p><strong>Katja Gore\u010dan<\/strong>: <a href=\"https:\/\/youtu.be\/v54MVrcHURA\" target=\"_blank\" rel=\"noopener noreferrer\"><em>Po\u017eigalka<\/em><\/a><\/p>\n<p><a href=\"https:\/\/youtu.be\/v54MVrcHURA\">https:\/\/youtu.be\/v54MVrcHURA<\/a><\/p>\n<p>&nbsp;<\/p>\n<p><strong>Helena \u0160ukljan<\/strong>: <a href=\"https:\/\/youtu.be\/y8ivAISWsv0\" target=\"_blank\" rel=\"noopener noreferrer\"><em>Villa<\/em><\/a><\/p>\n<p><a href=\"https:\/\/youtu.be\/y8ivAISWsv0\">https:\/\/youtu.be\/y8ivAISWsv0<\/a><\/p>\n<p>&nbsp;<\/p>\n<p><strong>Ur\u0161ka Sajko<\/strong>: <a href=\"https:\/\/youtu.be\/3jjzG94LM7E\" target=\"_blank\" rel=\"noopener noreferrer\"><em>Fuj, vla\u010duga<\/em><\/a><\/p>\n<p><a href=\"https:\/\/youtu.be\/3jjzG94LM7E\">https:\/\/youtu.be\/3jjzG94LM7E<\/a><\/p>\n<p>&nbsp;<\/p>\n<p>&nbsp;<\/p>\n<p><a href=\"http:\/\/www.dneviknjige.si\" target=\"_blank\" rel=\"noopener noreferrer\">Spremljajte spletno stran Slovenskih dnevov knjige<\/a>, kjer bodo vsak dan objavljene Na\u0161e mlade drame: <a href=\"http:\/\/www.dneviknjige.si\" target=\"_blank\" rel=\"noopener noreferrer\">www.dneviknjige.si<\/a><\/p>\n<p>&nbsp;<\/p>\n<p>&nbsp;<\/p>\n<p>Oblikovanje naslovne fotografije: Jure Brglez.<\/p>","protected":false},"excerpt":{"rendered":"<p>V okviru projekta Na\u0161e mlade drame bodo predstavljeni kratki izseki petih dramskih besedil, ki so v preteklosti iz\u0161li v reviji Adept. Kratke spletne drame so nastale v sodelovanje z gledali\u0161kimi ustvarjalci s statusom samozaposlenega v kulturi. Projekt je podprl Slovenski gledali\u0161ki in\u0161titut. Dela izpod peres \u0161tudentk dramaturgije in scenski umetnosti smo pripravljali pod re\u017eijsko taktirko &#8230;<\/p>","protected":false},"featured_media":9776,"template":"","categories":[416,435],"tags":[],"izpostavljamo":[],"letnik":[346],"tip":[594],"vrsta-razstave":[],"class_list":["post-9775","dogodki","type-dogodki","status-publish","has-post-thumbnail","hentry","category-dogodki","category-za-medije","letnik-346","tip-spletni-dogodek"],"acf":[],"yoast_head":"<!-- This site is optimized with the Yoast SEO plugin v27.5 - https:\/\/yoast.com\/product\/yoast-seo-wordpress\/ -->\n<title>Na\u0161e mlade drame na Slovenskih dnevih knjige 2020 - SLOGI<\/title>\n<meta name=\"robots\" content=\"index, follow, max-snippet:-1, max-image-preview:large, max-video-preview:-1\" \/>\n<link rel=\"canonical\" href=\"https:\/\/www.slogi.si\/en\/events\/nase-mlade-drame-slovenski-dnevi-knjige-2020\/\" \/>\n<meta property=\"og:locale\" content=\"en_GB\" \/>\n<meta property=\"og:type\" content=\"article\" \/>\n<meta property=\"og:title\" content=\"Na\u0161e mlade drame na Slovenskih dnevih knjige 2020 - SLOGI\" \/>\n<meta property=\"og:description\" content=\"V okviru projekta Na\u0161e mlade drame bodo predstavljeni kratki izseki petih dramskih besedil, ki so v preteklosti iz\u0161li v reviji Adept. Kratke spletne drame so nastale v sodelovanje z gledali\u0161kimi ustvarjalci s statusom samozaposlenega v kulturi. Projekt je podprl Slovenski gledali\u0161ki in\u0161titut. Dela izpod peres \u0161tudentk dramaturgije in scenski umetnosti smo pripravljali pod re\u017eijsko taktirko ...\" \/>\n<meta property=\"og:url\" content=\"https:\/\/www.slogi.si\/en\/events\/nase-mlade-drame-slovenski-dnevi-knjige-2020\/\" \/>\n<meta property=\"og:site_name\" content=\"SLOGI\" \/>\n<meta property=\"article:modified_time\" content=\"2024-09-13T08:02:22+00:00\" \/>\n<meta property=\"og:image\" content=\"https:\/\/www.slogi.si\/wp-content\/uploads\/2024\/01\/adept_letnik_6_st_1_2019_2020_web_spreads-4-rsz.jpg\" \/>\n\t<meta property=\"og:image:width\" content=\"710\" \/>\n\t<meta property=\"og:image:height\" content=\"375\" \/>\n\t<meta property=\"og:image:type\" content=\"image\/jpeg\" \/>\n<meta name=\"twitter:card\" content=\"summary_large_image\" \/>\n<meta name=\"twitter:label1\" content=\"Estimated reading time\" \/>\n\t<meta name=\"twitter:data1\" content=\"1 minute\" \/>\n<script type=\"application\/ld+json\" class=\"yoast-schema-graph\">{\"@context\":\"https:\\\/\\\/schema.org\",\"@graph\":[{\"@type\":\"WebPage\",\"@id\":\"https:\\\/\\\/www.slogi.si\\\/dogodki\\\/nase-mlade-drame-slovenski-dnevi-knjige-2020\\\/\",\"url\":\"https:\\\/\\\/www.slogi.si\\\/dogodki\\\/nase-mlade-drame-slovenski-dnevi-knjige-2020\\\/\",\"name\":\"Na\u0161e mlade drame na Slovenskih dnevih knjige 2020 - SLOGI\",\"isPartOf\":{\"@id\":\"https:\\\/\\\/www.slogi.si\\\/#website\"},\"primaryImageOfPage\":{\"@id\":\"https:\\\/\\\/www.slogi.si\\\/dogodki\\\/nase-mlade-drame-slovenski-dnevi-knjige-2020\\\/#primaryimage\"},\"image\":{\"@id\":\"https:\\\/\\\/www.slogi.si\\\/dogodki\\\/nase-mlade-drame-slovenski-dnevi-knjige-2020\\\/#primaryimage\"},\"thumbnailUrl\":\"https:\\\/\\\/www.slogi.si\\\/wp-content\\\/uploads\\\/2024\\\/01\\\/adept_letnik_6_st_1_2019_2020_web_spreads-4-rsz.jpg\",\"datePublished\":\"2020-05-24T03:00:36+00:00\",\"dateModified\":\"2024-09-13T08:02:22+00:00\",\"breadcrumb\":{\"@id\":\"https:\\\/\\\/www.slogi.si\\\/dogodki\\\/nase-mlade-drame-slovenski-dnevi-knjige-2020\\\/#breadcrumb\"},\"inLanguage\":\"en-GB\",\"potentialAction\":[{\"@type\":\"ReadAction\",\"target\":[\"https:\\\/\\\/www.slogi.si\\\/dogodki\\\/nase-mlade-drame-slovenski-dnevi-knjige-2020\\\/\"]}]},{\"@type\":\"ImageObject\",\"inLanguage\":\"en-GB\",\"@id\":\"https:\\\/\\\/www.slogi.si\\\/dogodki\\\/nase-mlade-drame-slovenski-dnevi-knjige-2020\\\/#primaryimage\",\"url\":\"https:\\\/\\\/www.slogi.si\\\/wp-content\\\/uploads\\\/2024\\\/01\\\/adept_letnik_6_st_1_2019_2020_web_spreads-4-rsz.jpg\",\"contentUrl\":\"https:\\\/\\\/www.slogi.si\\\/wp-content\\\/uploads\\\/2024\\\/01\\\/adept_letnik_6_st_1_2019_2020_web_spreads-4-rsz.jpg\",\"width\":710,\"height\":375,\"caption\":\"Adept. Na\u0161e male drame. Oblikovanje fotografije: Jure Brglez\"},{\"@type\":\"BreadcrumbList\",\"@id\":\"https:\\\/\\\/www.slogi.si\\\/dogodki\\\/nase-mlade-drame-slovenski-dnevi-knjige-2020\\\/#breadcrumb\",\"itemListElement\":[{\"@type\":\"ListItem\",\"position\":1,\"name\":\"Home\",\"item\":\"https:\\\/\\\/www.slogi.si\\\/\"},{\"@type\":\"ListItem\",\"position\":2,\"name\":\"Na\u0161e mlade drame na Slovenskih dnevih knjige 2020\"}]},{\"@type\":\"WebSite\",\"@id\":\"https:\\\/\\\/www.slogi.si\\\/#website\",\"url\":\"https:\\\/\\\/www.slogi.si\\\/\",\"name\":\"SLOGI\",\"description\":\"Slovenski Gledali\u0161ki In\u0161titut\",\"publisher\":{\"@id\":\"https:\\\/\\\/www.slogi.si\\\/#organization\"},\"alternateName\":\"Slovenski Gledali\u0161ki In\u0161titut\",\"potentialAction\":[{\"@type\":\"SearchAction\",\"target\":{\"@type\":\"EntryPoint\",\"urlTemplate\":\"https:\\\/\\\/www.slogi.si\\\/?s={search_term_string}\"},\"query-input\":{\"@type\":\"PropertyValueSpecification\",\"valueRequired\":true,\"valueName\":\"search_term_string\"}}],\"inLanguage\":\"en-GB\"},{\"@type\":\"Organization\",\"@id\":\"https:\\\/\\\/www.slogi.si\\\/#organization\",\"name\":\"SLOGI\",\"alternateName\":\"Slovenski Gledali\u0161ki In\u0161titut\",\"url\":\"https:\\\/\\\/www.slogi.si\\\/\",\"logo\":{\"@type\":\"ImageObject\",\"inLanguage\":\"en-GB\",\"@id\":\"https:\\\/\\\/www.slogi.si\\\/#\\\/schema\\\/logo\\\/image\\\/\",\"url\":\"https:\\\/\\\/www.slogi.si\\\/wp-content\\\/uploads\\\/2024\\\/01\\\/favicon.svg\",\"contentUrl\":\"https:\\\/\\\/www.slogi.si\\\/wp-content\\\/uploads\\\/2024\\\/01\\\/favicon.svg\",\"width\":100,\"height\":100,\"caption\":\"SLOGI\"},\"image\":{\"@id\":\"https:\\\/\\\/www.slogi.si\\\/#\\\/schema\\\/logo\\\/image\\\/\"}}]}<\/script>\n<!-- \/ Yoast SEO plugin. -->","yoast_head_json":{"title":"Na\u0161e mlade drame na Slovenskih dnevih knjige 2020 - SLOGI","robots":{"index":"index","follow":"follow","max-snippet":"max-snippet:-1","max-image-preview":"max-image-preview:large","max-video-preview":"max-video-preview:-1"},"canonical":"https:\/\/www.slogi.si\/en\/events\/nase-mlade-drame-slovenski-dnevi-knjige-2020\/","og_locale":"en_GB","og_type":"article","og_title":"Na\u0161e mlade drame na Slovenskih dnevih knjige 2020 - SLOGI","og_description":"V okviru projekta Na\u0161e mlade drame bodo predstavljeni kratki izseki petih dramskih besedil, ki so v preteklosti iz\u0161li v reviji Adept. Kratke spletne drame so nastale v sodelovanje z gledali\u0161kimi ustvarjalci s statusom samozaposlenega v kulturi. Projekt je podprl Slovenski gledali\u0161ki in\u0161titut. Dela izpod peres \u0161tudentk dramaturgije in scenski umetnosti smo pripravljali pod re\u017eijsko taktirko ...","og_url":"https:\/\/www.slogi.si\/en\/events\/nase-mlade-drame-slovenski-dnevi-knjige-2020\/","og_site_name":"SLOGI","article_modified_time":"2024-09-13T08:02:22+00:00","og_image":[{"width":710,"height":375,"url":"https:\/\/www.slogi.si\/wp-content\/uploads\/2024\/01\/adept_letnik_6_st_1_2019_2020_web_spreads-4-rsz.jpg","type":"image\/jpeg"}],"twitter_card":"summary_large_image","twitter_misc":{"Estimated reading time":"1 minute"},"schema":{"@context":"https:\/\/schema.org","@graph":[{"@type":"WebPage","@id":"https:\/\/www.slogi.si\/dogodki\/nase-mlade-drame-slovenski-dnevi-knjige-2020\/","url":"https:\/\/www.slogi.si\/dogodki\/nase-mlade-drame-slovenski-dnevi-knjige-2020\/","name":"Na\u0161e mlade drame na Slovenskih dnevih knjige 2020 - SLOGI","isPartOf":{"@id":"https:\/\/www.slogi.si\/#website"},"primaryImageOfPage":{"@id":"https:\/\/www.slogi.si\/dogodki\/nase-mlade-drame-slovenski-dnevi-knjige-2020\/#primaryimage"},"image":{"@id":"https:\/\/www.slogi.si\/dogodki\/nase-mlade-drame-slovenski-dnevi-knjige-2020\/#primaryimage"},"thumbnailUrl":"https:\/\/www.slogi.si\/wp-content\/uploads\/2024\/01\/adept_letnik_6_st_1_2019_2020_web_spreads-4-rsz.jpg","datePublished":"2020-05-24T03:00:36+00:00","dateModified":"2024-09-13T08:02:22+00:00","breadcrumb":{"@id":"https:\/\/www.slogi.si\/dogodki\/nase-mlade-drame-slovenski-dnevi-knjige-2020\/#breadcrumb"},"inLanguage":"en-GB","potentialAction":[{"@type":"ReadAction","target":["https:\/\/www.slogi.si\/dogodki\/nase-mlade-drame-slovenski-dnevi-knjige-2020\/"]}]},{"@type":"ImageObject","inLanguage":"en-GB","@id":"https:\/\/www.slogi.si\/dogodki\/nase-mlade-drame-slovenski-dnevi-knjige-2020\/#primaryimage","url":"https:\/\/www.slogi.si\/wp-content\/uploads\/2024\/01\/adept_letnik_6_st_1_2019_2020_web_spreads-4-rsz.jpg","contentUrl":"https:\/\/www.slogi.si\/wp-content\/uploads\/2024\/01\/adept_letnik_6_st_1_2019_2020_web_spreads-4-rsz.jpg","width":710,"height":375,"caption":"Adept. Na\u0161e male drame. Oblikovanje fotografije: Jure Brglez"},{"@type":"BreadcrumbList","@id":"https:\/\/www.slogi.si\/dogodki\/nase-mlade-drame-slovenski-dnevi-knjige-2020\/#breadcrumb","itemListElement":[{"@type":"ListItem","position":1,"name":"Home","item":"https:\/\/www.slogi.si\/"},{"@type":"ListItem","position":2,"name":"Na\u0161e mlade drame na Slovenskih dnevih knjige 2020"}]},{"@type":"WebSite","@id":"https:\/\/www.slogi.si\/#website","url":"https:\/\/www.slogi.si\/","name":"SLOGI","description":"Slovenian Theatre Institute","publisher":{"@id":"https:\/\/www.slogi.si\/#organization"},"alternateName":"Slovenski Gledali\u0161ki In\u0161titut","potentialAction":[{"@type":"SearchAction","target":{"@type":"EntryPoint","urlTemplate":"https:\/\/www.slogi.si\/?s={search_term_string}"},"query-input":{"@type":"PropertyValueSpecification","valueRequired":true,"valueName":"search_term_string"}}],"inLanguage":"en-GB"},{"@type":"Organization","@id":"https:\/\/www.slogi.si\/#organization","name":"SLOGI","alternateName":"Slovenski Gledali\u0161ki In\u0161titut","url":"https:\/\/www.slogi.si\/","logo":{"@type":"ImageObject","inLanguage":"en-GB","@id":"https:\/\/www.slogi.si\/#\/schema\/logo\/image\/","url":"https:\/\/www.slogi.si\/wp-content\/uploads\/2024\/01\/favicon.svg","contentUrl":"https:\/\/www.slogi.si\/wp-content\/uploads\/2024\/01\/favicon.svg","width":100,"height":100,"caption":"SLOGI"},"image":{"@id":"https:\/\/www.slogi.si\/#\/schema\/logo\/image\/"}}]}},"_links":{"self":[{"href":"https:\/\/www.slogi.si\/en\/wp-json\/wp\/v2\/dogodki\/9775","targetHints":{"allow":["GET"]}}],"collection":[{"href":"https:\/\/www.slogi.si\/en\/wp-json\/wp\/v2\/dogodki"}],"about":[{"href":"https:\/\/www.slogi.si\/en\/wp-json\/wp\/v2\/types\/dogodki"}],"wp:featuredmedia":[{"embeddable":true,"href":"https:\/\/www.slogi.si\/en\/wp-json\/wp\/v2\/media\/9776"}],"wp:attachment":[{"href":"https:\/\/www.slogi.si\/en\/wp-json\/wp\/v2\/media?parent=9775"}],"wp:term":[{"taxonomy":"category","embeddable":true,"href":"https:\/\/www.slogi.si\/en\/wp-json\/wp\/v2\/categories?post=9775"},{"taxonomy":"post_tag","embeddable":true,"href":"https:\/\/www.slogi.si\/en\/wp-json\/wp\/v2\/tags?post=9775"},{"taxonomy":"izpostavljamo","embeddable":true,"href":"https:\/\/www.slogi.si\/en\/wp-json\/wp\/v2\/izpostavljamo?post=9775"},{"taxonomy":"letnik","embeddable":true,"href":"https:\/\/www.slogi.si\/en\/wp-json\/wp\/v2\/letnik?post=9775"},{"taxonomy":"tip","embeddable":true,"href":"https:\/\/www.slogi.si\/en\/wp-json\/wp\/v2\/tip?post=9775"},{"taxonomy":"vrsta-razstave","embeddable":true,"href":"https:\/\/www.slogi.si\/en\/wp-json\/wp\/v2\/vrsta-razstave?post=9775"}],"curies":[{"name":"wp","href":"https:\/\/api.w.org\/{rel}","templated":true}]}}