{"id":9716,"date":"2020-04-05T09:09:23","date_gmt":"2020-04-05T07:09:23","guid":{"rendered":"https:\/\/www.slogi.si\/dogodki\/slovenski-gledaliski-zalozniki-23-sdk-v-mb\/"},"modified":"2024-09-13T10:02:20","modified_gmt":"2024-09-13T08:02:20","slug":"slovenski-gledaliski-zalozniki-23-sdk-v-mb","status":"publish","type":"dogodki","link":"https:\/\/www.slogi.si\/en\/dogodki\/slovenski-gledaliski-zalozniki-23-sdk-v-mb\/","title":{"rendered":"Slovenski gledali\u0161ki zalo\u017eniki na spletnem knji\u017enem sejmu 23. Slovenskih dnevov knjige v Mariboru"},"content":{"rendered":"<h5>Leto\u0161nji festival Slovenski dnevi knjige v Mariboru bo zaradi izrednih razmer potekal predvidoma konec junija ali v za\u010detku jeseni. Svetovni dan knjige, 23. aprila, pa bodo kljub temu obele\u017eile celotedenske spletne predfestivalske aktivnosti, v dneh od 20. do 25. aprila 2020. Med njimi je tudi spletni knji\u017eni sejem, ki bo potekal na dru\u017eabnih omre\u017ejih in spletnih straneh sodelujo\u010dih zalo\u017eb in festivala, kjer se bodo s preteklo in aktualno knji\u017eno produkcijo predstavile zalo\u017ebe, ki so ob svetovnem dnevu knjige pripravile posebne popuste in akcije za bralce in kupce.<\/h5>\n<p style=\"text-align: center;\"><img fetchpriority=\"high\" decoding=\"async\" class=\"aligncenter wp-image-21204\" src=\"https:\/\/www.slogi.si\/wp-content\/uploads\/2024\/01\/Slovenski-gledaliski-zalozniki-1030x177-1.png\" alt=\"\" width=\"600\" height=\"103\" \/><\/p>\n<p>Na spletnem knji\u017enem sejmu se v koordinaciji Slovenskega gledali\u0161kega in\u0161tituta predstavljamo tudi <strong>Slovenian theater publishers<\/strong> z novitetami, temeljnimi deli in zalo\u017eni\u0161kimi zanimivostmi, namenjenimi strokovni in tudi \u0161ir\u0161i javnosti \u2013 ustvarjalcem, raziskovalcem in gledalcem, vsevedom, radovednim, starej\u0161im in mladim. Gledali\u0161\u010de ni zgolj predstava, je tudi razvejana stroka z ve\u010dtiso\u010dletno tradicijo. Gledali\u0161ka zgodovina, teorija, kritika in analiza, razmisleki, znanja, vedenja, ve\u0161\u010dine \u2026 so zapisani v knjigah, revijah \u2026, ki jih predstavljamo slovenski gledali\u0161ki zalo\u017eniki: <a href=\"https:\/\/www.facebook.com\/emanatinstitute\/\" target=\"_blank\" rel=\"noopener noreferrer\">Emanate<\/a>, <a href=\"https:\/\/www.facebook.com\/FestivalBorstnikovoSrecanje\/\" target=\"_blank\" rel=\"noopener noreferrer\">Bor\u0161tnik&#039;s meeting festival<\/a>, <a href=\"https:\/\/www.facebook.com\/mestnogledalisceLJ\/\" target=\"_blank\" rel=\"noopener noreferrer\">Ljubljana City Theatre Library<\/a>, <a href=\"https:\/\/www.facebook.com\/zavodmaska\/\" target=\"_blank\" rel=\"noopener noreferrer\">Mask Institute<\/a> and <a href=\"https:\/\/www.facebook.com\/SLOGI.SI\" target=\"_blank\" rel=\"noopener noreferrer\">Slovenian Theatre Institute<\/a>.<\/p>\n<p>Ob svetovnem dnevu knjige 2020 in spletnem knji\u017enem sejmu Vam nudimo <strong>fair discounts <\/strong>&#8211; v Slovenskem gledali\u0161kem in\u0161titutu Vam <a href=\"\/en\/?page_id=1460\" target=\"_blank\" rel=\"noopener noreferrer\">na vse na\u0161e izdaje<\/a> nudimo <strong>20% popust<\/strong>. Za informacije in <strong>naro\u010dila publikacij Slovenskega gledali\u0161kega in\u0161tituta<\/strong> nam pi\u0161ite na: <a href=\"mailto:projekt@slogi.si\" target=\"_blank\" rel=\"noopener noreferrer\">projekt@slogi.si<\/a> (ponudba velja do konca meseca aprila).<\/p>\n<p><a href=\"https:\/\/www.facebook.com\/SLOGI.SI\/\" target=\"_blank\" rel=\"noopener noreferrer\">Spremljajte nas na FB<\/a><\/p>\n<p>&nbsp;<\/p>\n<p style=\"text-align: center;\"><a href=\"https:\/\/www.slogi.si\/wp-content\/uploads\/2020\/04\/Oglas-SLOGI_23SDKMB_min.jpg\"><img decoding=\"async\" class=\"aligncenter wp-image-21230 size-medium\" src=\"https:\/\/www.slogi.si\/wp-content\/uploads\/2024\/01\/Oglas-SLOGI_23SDKMB_min-300x300-1.jpg\" alt=\"\" width=\"300\" height=\"300\" \/><\/a><\/p>\n<p style=\"text-align: center;\"><a href=\"https:\/\/www.slogi.si\/wp-content\/uploads\/2020\/04\/Oglas-EMANAT_23SDKMB_min.jpg\"><img decoding=\"async\" class=\"aligncenter wp-image-21222 size-medium\" src=\"https:\/\/www.slogi.si\/wp-content\/uploads\/2024\/01\/Oglas-EMANAT_23SDKMB_min-300x300-1.jpg\" alt=\"\" width=\"300\" height=\"300\" \/><\/a><\/p>\n<p style=\"text-align: center;\"><a href=\"https:\/\/www.slogi.si\/wp-content\/uploads\/2020\/04\/Oglas-FBS_23SDKMB_min.jpg\"><img loading=\"lazy\" decoding=\"async\" class=\"aligncenter wp-image-21224 size-medium\" src=\"https:\/\/www.slogi.si\/wp-content\/uploads\/2024\/01\/Oglas-FBS_23SDKMB_min-300x300-1.jpg\" alt=\"\" width=\"300\" height=\"300\" \/><\/a><\/p>\n<p style=\"text-align: center;\"><a href=\"https:\/\/www.slogi.si\/wp-content\/uploads\/2020\/04\/Oglas-MGL_23SDKMB_min.jpg\"><img loading=\"lazy\" decoding=\"async\" class=\"aligncenter wp-image-21228 size-medium\" src=\"https:\/\/www.slogi.si\/wp-content\/uploads\/2024\/01\/Oglas-MGL_23SDKMB_min-300x300-1.jpg\" alt=\"\" width=\"300\" height=\"300\" \/><\/a><\/p>\n<p style=\"text-align: center;\"><a href=\"https:\/\/www.slogi.si\/wp-content\/uploads\/2020\/04\/Oglas-MASKA_23SDKMB_min.jpg\"><img loading=\"lazy\" decoding=\"async\" class=\"aligncenter wp-image-21226 size-medium\" src=\"https:\/\/www.slogi.si\/wp-content\/uploads\/2024\/01\/Oglas-MASKA_23SDKMB_min-300x300-1.jpg\" alt=\"\" width=\"300\" height=\"300\" \/><\/a><\/p>\n<p>&nbsp;<\/p>\n<p><a href=\"https:\/\/mkc.si\/sdkvmb-aktualno\" target=\"_blank\" rel=\"noopener noreferrer\">Ve\u010d o 23. Slovenskih dnevih knjige v Mariboru<\/a><\/p>\n<p>&nbsp;<\/p>\n<p style=\"text-align: center;\"><a href=\"https:\/\/mkc.si\/sdkvmb-aktualno\"><img loading=\"lazy\" decoding=\"async\" class=\"aligncenter wp-image-21202 size-medium\" src=\"https:\/\/www.slogi.si\/wp-content\/uploads\/2024\/01\/23-Dnevi-knjige-MB-logotip-300x137-1.png\" alt=\"\" width=\"300\" height=\"137\" \/><\/a><\/p>","protected":false},"excerpt":{"rendered":"<p>Leto\u0161nji festival Slovenski dnevi knjige v Mariboru bo zaradi izrednih razmer potekal predvidoma konec junija ali v za\u010detku jeseni. Svetovni dan knjige, 23. aprila, pa bodo kljub temu obele\u017eile celotedenske spletne predfestivalske aktivnosti, v dneh od 20. do 25. aprila 2020. Med njimi je tudi spletni knji\u017eni sejem, ki bo potekal na dru\u017eabnih omre\u017ejih in &#8230;<\/p>","protected":false},"featured_media":9724,"template":"","categories":[416,435],"tags":[],"izpostavljamo":[],"letnik":[346],"tip":[594],"vrsta-razstave":[],"class_list":["post-9716","dogodki","type-dogodki","status-publish","has-post-thumbnail","hentry","category-dogodki","category-za-medije","letnik-346","tip-spletni-dogodek"],"acf":[],"yoast_head":"<!-- This site is optimized with the Yoast SEO plugin v27.5 - https:\/\/yoast.com\/product\/yoast-seo-wordpress\/ -->\n<title>Slovenski gledali\u0161ki zalo\u017eniki na spletnem knji\u017enem sejmu 23. Slovenskih dnevov knjige v Mariboru - SLOGI<\/title>\n<meta name=\"robots\" content=\"index, follow, max-snippet:-1, max-image-preview:large, max-video-preview:-1\" \/>\n<link rel=\"canonical\" href=\"https:\/\/www.slogi.si\/en\/events\/slovenski-gledaliski-zalozniki-23-sdk-v-mb\/\" \/>\n<meta property=\"og:locale\" content=\"en_GB\" \/>\n<meta property=\"og:type\" content=\"article\" \/>\n<meta property=\"og:title\" content=\"Slovenski gledali\u0161ki zalo\u017eniki na spletnem knji\u017enem sejmu 23. Slovenskih dnevov knjige v Mariboru - SLOGI\" \/>\n<meta property=\"og:description\" content=\"Leto\u0161nji festival Slovenski dnevi knjige v Mariboru bo zaradi izrednih razmer potekal predvidoma konec junija ali v za\u010detku jeseni. Svetovni dan knjige, 23. aprila, pa bodo kljub temu obele\u017eile celotedenske spletne predfestivalske aktivnosti, v dneh od 20. do 25. aprila 2020. Med njimi je tudi spletni knji\u017eni sejem, ki bo potekal na dru\u017eabnih omre\u017ejih in ...\" \/>\n<meta property=\"og:url\" content=\"https:\/\/www.slogi.si\/en\/events\/slovenski-gledaliski-zalozniki-23-sdk-v-mb\/\" \/>\n<meta property=\"og:site_name\" content=\"SLOGI\" \/>\n<meta property=\"article:modified_time\" content=\"2024-09-13T08:02:20+00:00\" \/>\n<meta property=\"og:image\" content=\"https:\/\/www.slogi.si\/wp-content\/uploads\/2024\/01\/23-Dnevi-knjige-MB_710.jpg\" \/>\n\t<meta property=\"og:image:width\" content=\"710\" \/>\n\t<meta property=\"og:image:height\" content=\"375\" \/>\n\t<meta property=\"og:image:type\" content=\"image\/jpeg\" \/>\n<meta name=\"twitter:card\" content=\"summary_large_image\" \/>\n<meta name=\"twitter:label1\" content=\"Estimated reading time\" \/>\n\t<meta name=\"twitter:data1\" content=\"1 minute\" \/>\n<script type=\"application\/ld+json\" class=\"yoast-schema-graph\">{\"@context\":\"https:\\\/\\\/schema.org\",\"@graph\":[{\"@type\":\"WebPage\",\"@id\":\"https:\\\/\\\/www.slogi.si\\\/dogodki\\\/slovenski-gledaliski-zalozniki-23-sdk-v-mb\\\/\",\"url\":\"https:\\\/\\\/www.slogi.si\\\/dogodki\\\/slovenski-gledaliski-zalozniki-23-sdk-v-mb\\\/\",\"name\":\"Slovenski gledali\u0161ki zalo\u017eniki na spletnem knji\u017enem sejmu 23. Slovenskih dnevov knjige v Mariboru - SLOGI\",\"isPartOf\":{\"@id\":\"https:\\\/\\\/www.slogi.si\\\/#website\"},\"primaryImageOfPage\":{\"@id\":\"https:\\\/\\\/www.slogi.si\\\/dogodki\\\/slovenski-gledaliski-zalozniki-23-sdk-v-mb\\\/#primaryimage\"},\"image\":{\"@id\":\"https:\\\/\\\/www.slogi.si\\\/dogodki\\\/slovenski-gledaliski-zalozniki-23-sdk-v-mb\\\/#primaryimage\"},\"thumbnailUrl\":\"https:\\\/\\\/www.slogi.si\\\/wp-content\\\/uploads\\\/2024\\\/01\\\/23-Dnevi-knjige-MB_710.jpg\",\"datePublished\":\"2020-04-05T07:09:23+00:00\",\"dateModified\":\"2024-09-13T08:02:20+00:00\",\"breadcrumb\":{\"@id\":\"https:\\\/\\\/www.slogi.si\\\/dogodki\\\/slovenski-gledaliski-zalozniki-23-sdk-v-mb\\\/#breadcrumb\"},\"inLanguage\":\"en-GB\",\"potentialAction\":[{\"@type\":\"ReadAction\",\"target\":[\"https:\\\/\\\/www.slogi.si\\\/dogodki\\\/slovenski-gledaliski-zalozniki-23-sdk-v-mb\\\/\"]}]},{\"@type\":\"ImageObject\",\"inLanguage\":\"en-GB\",\"@id\":\"https:\\\/\\\/www.slogi.si\\\/dogodki\\\/slovenski-gledaliski-zalozniki-23-sdk-v-mb\\\/#primaryimage\",\"url\":\"https:\\\/\\\/www.slogi.si\\\/wp-content\\\/uploads\\\/2024\\\/01\\\/23-Dnevi-knjige-MB_710.jpg\",\"contentUrl\":\"https:\\\/\\\/www.slogi.si\\\/wp-content\\\/uploads\\\/2024\\\/01\\\/23-Dnevi-knjige-MB_710.jpg\",\"width\":710,\"height\":375},{\"@type\":\"BreadcrumbList\",\"@id\":\"https:\\\/\\\/www.slogi.si\\\/dogodki\\\/slovenski-gledaliski-zalozniki-23-sdk-v-mb\\\/#breadcrumb\",\"itemListElement\":[{\"@type\":\"ListItem\",\"position\":1,\"name\":\"Home\",\"item\":\"https:\\\/\\\/www.slogi.si\\\/\"},{\"@type\":\"ListItem\",\"position\":2,\"name\":\"Slovenski gledali\u0161ki zalo\u017eniki na spletnem knji\u017enem sejmu 23. Slovenskih dnevov knjige v Mariboru\"}]},{\"@type\":\"WebSite\",\"@id\":\"https:\\\/\\\/www.slogi.si\\\/#website\",\"url\":\"https:\\\/\\\/www.slogi.si\\\/\",\"name\":\"SLOGI\",\"description\":\"Slovenski Gledali\u0161ki In\u0161titut\",\"publisher\":{\"@id\":\"https:\\\/\\\/www.slogi.si\\\/#organization\"},\"alternateName\":\"Slovenski Gledali\u0161ki In\u0161titut\",\"potentialAction\":[{\"@type\":\"SearchAction\",\"target\":{\"@type\":\"EntryPoint\",\"urlTemplate\":\"https:\\\/\\\/www.slogi.si\\\/?s={search_term_string}\"},\"query-input\":{\"@type\":\"PropertyValueSpecification\",\"valueRequired\":true,\"valueName\":\"search_term_string\"}}],\"inLanguage\":\"en-GB\"},{\"@type\":\"Organization\",\"@id\":\"https:\\\/\\\/www.slogi.si\\\/#organization\",\"name\":\"SLOGI\",\"alternateName\":\"Slovenski Gledali\u0161ki In\u0161titut\",\"url\":\"https:\\\/\\\/www.slogi.si\\\/\",\"logo\":{\"@type\":\"ImageObject\",\"inLanguage\":\"en-GB\",\"@id\":\"https:\\\/\\\/www.slogi.si\\\/#\\\/schema\\\/logo\\\/image\\\/\",\"url\":\"https:\\\/\\\/www.slogi.si\\\/wp-content\\\/uploads\\\/2024\\\/01\\\/favicon.svg\",\"contentUrl\":\"https:\\\/\\\/www.slogi.si\\\/wp-content\\\/uploads\\\/2024\\\/01\\\/favicon.svg\",\"width\":100,\"height\":100,\"caption\":\"SLOGI\"},\"image\":{\"@id\":\"https:\\\/\\\/www.slogi.si\\\/#\\\/schema\\\/logo\\\/image\\\/\"}}]}<\/script>\n<!-- \/ Yoast SEO plugin. -->","yoast_head_json":{"title":"Slovenski gledali\u0161ki zalo\u017eniki na spletnem knji\u017enem sejmu 23. Slovenskih dnevov knjige v Mariboru - SLOGI","robots":{"index":"index","follow":"follow","max-snippet":"max-snippet:-1","max-image-preview":"max-image-preview:large","max-video-preview":"max-video-preview:-1"},"canonical":"https:\/\/www.slogi.si\/en\/events\/slovenski-gledaliski-zalozniki-23-sdk-v-mb\/","og_locale":"en_GB","og_type":"article","og_title":"Slovenski gledali\u0161ki zalo\u017eniki na spletnem knji\u017enem sejmu 23. Slovenskih dnevov knjige v Mariboru - SLOGI","og_description":"Leto\u0161nji festival Slovenski dnevi knjige v Mariboru bo zaradi izrednih razmer potekal predvidoma konec junija ali v za\u010detku jeseni. Svetovni dan knjige, 23. aprila, pa bodo kljub temu obele\u017eile celotedenske spletne predfestivalske aktivnosti, v dneh od 20. do 25. aprila 2020. Med njimi je tudi spletni knji\u017eni sejem, ki bo potekal na dru\u017eabnih omre\u017ejih in ...","og_url":"https:\/\/www.slogi.si\/en\/events\/slovenski-gledaliski-zalozniki-23-sdk-v-mb\/","og_site_name":"SLOGI","article_modified_time":"2024-09-13T08:02:20+00:00","og_image":[{"width":710,"height":375,"url":"https:\/\/www.slogi.si\/wp-content\/uploads\/2024\/01\/23-Dnevi-knjige-MB_710.jpg","type":"image\/jpeg"}],"twitter_card":"summary_large_image","twitter_misc":{"Estimated reading time":"1 minute"},"schema":{"@context":"https:\/\/schema.org","@graph":[{"@type":"WebPage","@id":"https:\/\/www.slogi.si\/dogodki\/slovenski-gledaliski-zalozniki-23-sdk-v-mb\/","url":"https:\/\/www.slogi.si\/dogodki\/slovenski-gledaliski-zalozniki-23-sdk-v-mb\/","name":"Slovenski gledali\u0161ki zalo\u017eniki na spletnem knji\u017enem sejmu 23. Slovenskih dnevov knjige v Mariboru - SLOGI","isPartOf":{"@id":"https:\/\/www.slogi.si\/#website"},"primaryImageOfPage":{"@id":"https:\/\/www.slogi.si\/dogodki\/slovenski-gledaliski-zalozniki-23-sdk-v-mb\/#primaryimage"},"image":{"@id":"https:\/\/www.slogi.si\/dogodki\/slovenski-gledaliski-zalozniki-23-sdk-v-mb\/#primaryimage"},"thumbnailUrl":"https:\/\/www.slogi.si\/wp-content\/uploads\/2024\/01\/23-Dnevi-knjige-MB_710.jpg","datePublished":"2020-04-05T07:09:23+00:00","dateModified":"2024-09-13T08:02:20+00:00","breadcrumb":{"@id":"https:\/\/www.slogi.si\/dogodki\/slovenski-gledaliski-zalozniki-23-sdk-v-mb\/#breadcrumb"},"inLanguage":"en-GB","potentialAction":[{"@type":"ReadAction","target":["https:\/\/www.slogi.si\/dogodki\/slovenski-gledaliski-zalozniki-23-sdk-v-mb\/"]}]},{"@type":"ImageObject","inLanguage":"en-GB","@id":"https:\/\/www.slogi.si\/dogodki\/slovenski-gledaliski-zalozniki-23-sdk-v-mb\/#primaryimage","url":"https:\/\/www.slogi.si\/wp-content\/uploads\/2024\/01\/23-Dnevi-knjige-MB_710.jpg","contentUrl":"https:\/\/www.slogi.si\/wp-content\/uploads\/2024\/01\/23-Dnevi-knjige-MB_710.jpg","width":710,"height":375},{"@type":"BreadcrumbList","@id":"https:\/\/www.slogi.si\/dogodki\/slovenski-gledaliski-zalozniki-23-sdk-v-mb\/#breadcrumb","itemListElement":[{"@type":"ListItem","position":1,"name":"Home","item":"https:\/\/www.slogi.si\/"},{"@type":"ListItem","position":2,"name":"Slovenski gledali\u0161ki zalo\u017eniki na spletnem knji\u017enem sejmu 23. Slovenskih dnevov knjige v Mariboru"}]},{"@type":"WebSite","@id":"https:\/\/www.slogi.si\/#website","url":"https:\/\/www.slogi.si\/","name":"SLOGI","description":"Slovenian Theatre Institute","publisher":{"@id":"https:\/\/www.slogi.si\/#organization"},"alternateName":"Slovenski Gledali\u0161ki In\u0161titut","potentialAction":[{"@type":"SearchAction","target":{"@type":"EntryPoint","urlTemplate":"https:\/\/www.slogi.si\/?s={search_term_string}"},"query-input":{"@type":"PropertyValueSpecification","valueRequired":true,"valueName":"search_term_string"}}],"inLanguage":"en-GB"},{"@type":"Organization","@id":"https:\/\/www.slogi.si\/#organization","name":"SLOGI","alternateName":"Slovenski Gledali\u0161ki In\u0161titut","url":"https:\/\/www.slogi.si\/","logo":{"@type":"ImageObject","inLanguage":"en-GB","@id":"https:\/\/www.slogi.si\/#\/schema\/logo\/image\/","url":"https:\/\/www.slogi.si\/wp-content\/uploads\/2024\/01\/favicon.svg","contentUrl":"https:\/\/www.slogi.si\/wp-content\/uploads\/2024\/01\/favicon.svg","width":100,"height":100,"caption":"SLOGI"},"image":{"@id":"https:\/\/www.slogi.si\/#\/schema\/logo\/image\/"}}]}},"_links":{"self":[{"href":"https:\/\/www.slogi.si\/en\/wp-json\/wp\/v2\/dogodki\/9716","targetHints":{"allow":["GET"]}}],"collection":[{"href":"https:\/\/www.slogi.si\/en\/wp-json\/wp\/v2\/dogodki"}],"about":[{"href":"https:\/\/www.slogi.si\/en\/wp-json\/wp\/v2\/types\/dogodki"}],"wp:featuredmedia":[{"embeddable":true,"href":"https:\/\/www.slogi.si\/en\/wp-json\/wp\/v2\/media\/9724"}],"wp:attachment":[{"href":"https:\/\/www.slogi.si\/en\/wp-json\/wp\/v2\/media?parent=9716"}],"wp:term":[{"taxonomy":"category","embeddable":true,"href":"https:\/\/www.slogi.si\/en\/wp-json\/wp\/v2\/categories?post=9716"},{"taxonomy":"post_tag","embeddable":true,"href":"https:\/\/www.slogi.si\/en\/wp-json\/wp\/v2\/tags?post=9716"},{"taxonomy":"izpostavljamo","embeddable":true,"href":"https:\/\/www.slogi.si\/en\/wp-json\/wp\/v2\/izpostavljamo?post=9716"},{"taxonomy":"letnik","embeddable":true,"href":"https:\/\/www.slogi.si\/en\/wp-json\/wp\/v2\/letnik?post=9716"},{"taxonomy":"tip","embeddable":true,"href":"https:\/\/www.slogi.si\/en\/wp-json\/wp\/v2\/tip?post=9716"},{"taxonomy":"vrsta-razstave","embeddable":true,"href":"https:\/\/www.slogi.si\/en\/wp-json\/wp\/v2\/vrsta-razstave?post=9716"}],"curies":[{"name":"wp","href":"https:\/\/api.w.org\/{rel}","templated":true}]}}