{"id":9612,"date":"2011-10-06T13:47:21","date_gmt":"2011-10-06T11:47:21","guid":{"rendered":"https:\/\/www.slogi.si\/dogodki\/90-let-sentjakob\/"},"modified":"2025-02-17T13:08:00","modified_gmt":"2025-02-17T12:08:00","slug":"90-let-sentjakob","status":"publish","type":"dogodki","link":"https:\/\/www.slogi.si\/en\/dogodki\/90-let-sentjakob\/","title":{"rendered":"The Endless Game \u2013 90 Years of the St. James Theatre Ljubljana"},"content":{"rendered":"<h5>Razstava \u0161entjakobskega gledali\u0161\u010da Ljubljana v sodelovanju z Slovenskim gledali\u0161kim muzejem<\/h5>\n<p>&nbsp;<\/p>\n<div id='gallery-1' class='gallery galleryid-9612 gallery-columns-3 gallery-size-square'><figure class='gallery-item'>\n\t\t\t<div class='gallery-icon landscape'>\n\t\t\t\t<a href='https:\/\/www.slogi.si\/wp-content\/uploads\/2024\/01\/90let-Sentjakob_foto-S.-Strnad-6.jpg'><img fetchpriority=\"high\" decoding=\"async\" width=\"500\" height=\"335\" src=\"https:\/\/www.slogi.si\/wp-content\/uploads\/2024\/01\/90let-Sentjakob_foto-S.-Strnad-6.jpg\" class=\"attachment-square size-square\" alt=\"\" aria-describedby=\"gallery-1-9613\" srcset=\"https:\/\/www.slogi.si\/wp-content\/uploads\/2024\/01\/90let-Sentjakob_foto-S.-Strnad-6.jpg 500w, https:\/\/www.slogi.si\/wp-content\/uploads\/2024\/01\/90let-Sentjakob_foto-S.-Strnad-6-300x201.jpg 300w\" sizes=\"(max-width: 500px) 100vw, 500px\" \/><\/a>\n\t\t\t<\/div>\n\t\t\t\t<figcaption class='wp-caption-text gallery-caption' id='gallery-1-9613'>\n\t\t\t\tUtrinek z drugega razstavnega prostora, foto: S. Strnad\n\t\t\t\t<\/figcaption><\/figure><figure class='gallery-item'>\n\t\t\t<div class='gallery-icon landscape'>\n\t\t\t\t<a href='https:\/\/www.slogi.si\/wp-content\/uploads\/2024\/01\/90let-Sentjakob_foto-S.-Strnad-8.jpg'><img decoding=\"async\" width=\"500\" height=\"335\" src=\"https:\/\/www.slogi.si\/wp-content\/uploads\/2024\/01\/90let-Sentjakob_foto-S.-Strnad-8.jpg\" class=\"attachment-square size-square\" alt=\"\" aria-describedby=\"gallery-1-9614\" srcset=\"https:\/\/www.slogi.si\/wp-content\/uploads\/2024\/01\/90let-Sentjakob_foto-S.-Strnad-8.jpg 500w, https:\/\/www.slogi.si\/wp-content\/uploads\/2024\/01\/90let-Sentjakob_foto-S.-Strnad-8-300x201.jpg 300w\" sizes=\"(max-width: 500px) 100vw, 500px\" \/><\/a>\n\t\t\t<\/div>\n\t\t\t\t<figcaption class='wp-caption-text gallery-caption' id='gallery-1-9614'>\n\t\t\t\tZanimivosti polni razstavni panoji, foto: S. Strnad\n\t\t\t\t<\/figcaption><\/figure><figure class='gallery-item'>\n\t\t\t<div class='gallery-icon landscape'>\n\t\t\t\t<a href='https:\/\/www.slogi.si\/wp-content\/uploads\/2024\/01\/90let-Sentjakob_foto-S.-Strnad-1.jpg'><img decoding=\"async\" width=\"500\" height=\"335\" src=\"https:\/\/www.slogi.si\/wp-content\/uploads\/2024\/01\/90let-Sentjakob_foto-S.-Strnad-1.jpg\" class=\"attachment-square size-square\" alt=\"\" aria-describedby=\"gallery-1-9615\" srcset=\"https:\/\/www.slogi.si\/wp-content\/uploads\/2024\/01\/90let-Sentjakob_foto-S.-Strnad-1.jpg 500w, https:\/\/www.slogi.si\/wp-content\/uploads\/2024\/01\/90let-Sentjakob_foto-S.-Strnad-1-300x201.jpg 300w\" sizes=\"(max-width: 500px) 100vw, 500px\" \/><\/a>\n\t\t\t<\/div>\n\t\t\t\t<figcaption class='wp-caption-text gallery-caption' id='gallery-1-9615'>\n\t\t\t\tMiha Vlaj, obiskovalka, Janez Vlaj, Kajetan Bajt, Miha Zrim\u0161ek, foto: S. Strnad\n\t\t\t\t<\/figcaption><\/figure><figure class='gallery-item'>\n\t\t\t<div class='gallery-icon landscape'>\n\t\t\t\t<a href='https:\/\/www.slogi.si\/wp-content\/uploads\/2024\/01\/90let-Sentjakob_foto-S.-Strnad.jpg'><img loading=\"lazy\" decoding=\"async\" width=\"700\" height=\"670\" src=\"https:\/\/www.slogi.si\/wp-content\/uploads\/2024\/01\/90let-Sentjakob_foto-S.-Strnad.jpg\" class=\"attachment-square size-square\" alt=\"\" srcset=\"https:\/\/www.slogi.si\/wp-content\/uploads\/2024\/01\/90let-Sentjakob_foto-S.-Strnad.jpg 700w, https:\/\/www.slogi.si\/wp-content\/uploads\/2024\/01\/90let-Sentjakob_foto-S.-Strnad-300x287.jpg 300w\" sizes=\"(max-width: 700px) 100vw, 700px\" \/><\/a>\n\t\t\t<\/div><\/figure><figure class='gallery-item'>\n\t\t\t<div class='gallery-icon landscape'>\n\t\t\t\t<a href='https:\/\/www.slogi.si\/wp-content\/uploads\/2024\/01\/90let-Sentjakob_foto-S.-Strnad-7.jpg'><img loading=\"lazy\" decoding=\"async\" width=\"500\" height=\"335\" src=\"https:\/\/www.slogi.si\/wp-content\/uploads\/2024\/01\/90let-Sentjakob_foto-S.-Strnad-7.jpg\" class=\"attachment-square size-square\" alt=\"\" aria-describedby=\"gallery-1-9617\" srcset=\"https:\/\/www.slogi.si\/wp-content\/uploads\/2024\/01\/90let-Sentjakob_foto-S.-Strnad-7.jpg 500w, https:\/\/www.slogi.si\/wp-content\/uploads\/2024\/01\/90let-Sentjakob_foto-S.-Strnad-7-300x201.jpg 300w\" sizes=\"(max-width: 500px) 100vw, 500px\" \/><\/a>\n\t\t\t<\/div>\n\t\t\t\t<figcaption class='wp-caption-text gallery-caption' id='gallery-1-9617'>\n\t\t\t\tKatarina Glavan Batagelj, Krjavelj, Mario Dragojevi\u010d, foto: S. Strnad\n\t\t\t\t<\/figcaption><\/figure><figure class='gallery-item'>\n\t\t\t<div class='gallery-icon landscape'>\n\t\t\t\t<a href='https:\/\/www.slogi.si\/wp-content\/uploads\/2024\/01\/90let-Sentjakob_foto-S.-Strnad-5.jpg'><img loading=\"lazy\" decoding=\"async\" width=\"500\" height=\"335\" src=\"https:\/\/www.slogi.si\/wp-content\/uploads\/2024\/01\/90let-Sentjakob_foto-S.-Strnad-5.jpg\" class=\"attachment-square size-square\" alt=\"\" aria-describedby=\"gallery-1-9618\" srcset=\"https:\/\/www.slogi.si\/wp-content\/uploads\/2024\/01\/90let-Sentjakob_foto-S.-Strnad-5.jpg 500w, https:\/\/www.slogi.si\/wp-content\/uploads\/2024\/01\/90let-Sentjakob_foto-S.-Strnad-5-300x201.jpg 300w\" sizes=\"(max-width: 500px) 100vw, 500px\" \/><\/a>\n\t\t\t<\/div>\n\t\t\t\t<figcaption class='wp-caption-text gallery-caption' id='gallery-1-9618'>\n\t\t\t\tKajetan Bajt, Drago Razbor\u0161ek, Igor Luk\u0161i\u010d, Leopold Punger\u010dar, foto: S. Strnad\n\t\t\t\t<\/figcaption><\/figure><figure class='gallery-item'>\n\t\t\t<div class='gallery-icon landscape'>\n\t\t\t\t<a href='https:\/\/www.slogi.si\/wp-content\/uploads\/2024\/01\/90let-Sentjakob_foto-S.-Strnad-4.jpg'><img loading=\"lazy\" decoding=\"async\" width=\"500\" height=\"335\" src=\"https:\/\/www.slogi.si\/wp-content\/uploads\/2024\/01\/90let-Sentjakob_foto-S.-Strnad-4.jpg\" class=\"attachment-square size-square\" alt=\"\" aria-describedby=\"gallery-1-9619\" srcset=\"https:\/\/www.slogi.si\/wp-content\/uploads\/2024\/01\/90let-Sentjakob_foto-S.-Strnad-4.jpg 500w, https:\/\/www.slogi.si\/wp-content\/uploads\/2024\/01\/90let-Sentjakob_foto-S.-Strnad-4-300x201.jpg 300w\" sizes=\"(max-width: 500px) 100vw, 500px\" \/><\/a>\n\t\t\t<\/div>\n\t\t\t\t<figcaption class='wp-caption-text gallery-caption' id='gallery-1-9619'>\n\t\t\t\tPredsednik Kajetan Bajt, direktor SGM Ivo Svetina, direktor \u0160GL Leopold Punger\u010dar\n\t\t\t\t<\/figcaption><\/figure><figure class='gallery-item'>\n\t\t\t<div class='gallery-icon landscape'>\n\t\t\t\t<a href='https:\/\/www.slogi.si\/wp-content\/uploads\/2024\/01\/90let-Sentjakob_foto-S.-Strnad-3.jpg'><img loading=\"lazy\" decoding=\"async\" width=\"500\" height=\"335\" src=\"https:\/\/www.slogi.si\/wp-content\/uploads\/2024\/01\/90let-Sentjakob_foto-S.-Strnad-3.jpg\" class=\"attachment-square size-square\" alt=\"\" aria-describedby=\"gallery-1-9620\" srcset=\"https:\/\/www.slogi.si\/wp-content\/uploads\/2024\/01\/90let-Sentjakob_foto-S.-Strnad-3.jpg 500w, https:\/\/www.slogi.si\/wp-content\/uploads\/2024\/01\/90let-Sentjakob_foto-S.-Strnad-3-300x201.jpg 300w\" sizes=\"(max-width: 500px) 100vw, 500px\" \/><\/a>\n\t\t\t<\/div>\n\t\t\t\t<figcaption class='wp-caption-text gallery-caption' id='gallery-1-9620'>\n\t\t\t\t\u0160e podrobnej\u0161a razlaga, predsednika dru\u0161tva Kajetana Bajta, foto: S. Strnad\n\t\t\t\t<\/figcaption><\/figure><figure class='gallery-item'>\n\t\t\t<div class='gallery-icon landscape'>\n\t\t\t\t<a href='https:\/\/www.slogi.si\/wp-content\/uploads\/2024\/01\/90let-Sentjakob_foto-S.-Strnad-2.jpg'><img loading=\"lazy\" decoding=\"async\" width=\"500\" height=\"335\" src=\"https:\/\/www.slogi.si\/wp-content\/uploads\/2024\/01\/90let-Sentjakob_foto-S.-Strnad-2.jpg\" class=\"attachment-square size-square\" alt=\"\" aria-describedby=\"gallery-1-9621\" srcset=\"https:\/\/www.slogi.si\/wp-content\/uploads\/2024\/01\/90let-Sentjakob_foto-S.-Strnad-2.jpg 500w, https:\/\/www.slogi.si\/wp-content\/uploads\/2024\/01\/90let-Sentjakob_foto-S.-Strnad-2-300x201.jpg 300w\" sizes=\"(max-width: 500px) 100vw, 500px\" \/><\/a>\n\t\t\t<\/div>\n\t\t\t\t<figcaption class='wp-caption-text gallery-caption' id='gallery-1-9621'>\n\t\t\t\tZadovoljna dolgoletna \u010dlana Peter Taichmeister in Mileva Sovdat, foto: S. Strnad\n\t\t\t\t<\/figcaption><\/figure>\n\t\t<\/div>\n\n<p>&nbsp;<\/p>\n<p>Avtorica razstave&#8230;&#8230;&#8230;.Katarina Glavan Batagelj (\u0161entjakobsko gledali\u0161\u010de Ljubljana)<\/p>\n<p>Celostna podoba razstave&#8230;&#8230;&#8230;.Mario Dragojevi\u0107 (\u0161entjakobsko gledali\u0161\u010de Ljubljana)<\/p>\n<p>Koordinatorja razstave:<br \/>\nIvo Svetina, Slovenski gledali\u0161ki muzej<br \/>\nSa\u0161a Strnad, \u0161entjakobsko gledali\u0161\u010de Ljubljana<\/p>\n<p>Oblikovna izvedba:<br \/>\nLuka Zelenik<br \/>\nKlemen Ul\u010dakar<\/p>\n<p>Tehni\u010dna izvedba:<br \/>\nDu\u0161an Nelec, Slovenski gledali\u0161ki muzej<br \/>\nMilenko Pavlovi\u010d, \u0161entjakobsko gledali\u0161\u010de Ljubljana<br \/>\nIvan Kostanjevec, \u0161entjakobsko gledali\u0161\u010de Ljubljana<br \/>\nBoris Milanko, \u0161entjakobsko gledali\u0161\u010de Ljubljana<\/p>\n<p>Lektoriranje:<br \/>\nDana Petrovi\u010d Kugler<\/p>\n<p>Tisk:<br \/>\nNext line<\/p>\n<p>Zahvaljujemo se vsem, ki so prispevali k uresni\u010ditvi razstave:<br \/>\nMihi Vlaju, vodji arhiva \u0161entjakobskega gledali\u0161\u010da Ljubljana,<br \/>\nLili Ba\u010der Kermavner, Silviji Jovanovi\u010d, Roku Glavanu, Robertu Kav\u010di\u010du, Tatjani Rebolj, Marku Skoku, Mojci Se\u0161ek, Milevi Sovdat, Danijelu \u0161monu, Petru Taichmeistru, Bojanu Vistru idr.<\/p>\n<p>Na razstavi je uporabljeno gradivo iz zasebne zbirke in iz arhiva \u0161entjakobskega gledali\u0161\u010da Ljubljana<\/p>\n<p>Razstavo sta omogo\u010dila Ministrstvo za kulturo Republike Slovenije in Javni sklad za kulturne dejavnosti Republike Slovenije<\/p>","protected":false},"excerpt":{"rendered":"<p>Razstava \u0161entjakobskega gledali\u0161\u010da Ljubljana v sodelovanju z Slovenskim gledali\u0161kim muzejem &nbsp; &nbsp; Avtorica razstave&#8230;&#8230;&#8230;.Katarina Glavan Batagelj (\u0161entjakobsko gledali\u0161\u010de Ljubljana) Celostna podoba razstave&#8230;&#8230;&#8230;.Mario Dragojevi\u0107 (\u0161entjakobsko gledali\u0161\u010de Ljubljana) Koordinatorja razstave: Ivo Svetina, Slovenski gledali\u0161ki muzej Sa\u0161a Strnad, \u0161entjakobsko gledali\u0161\u010de Ljubljana Oblikovna izvedba: Luka Zelenik Klemen Ul\u010dakar Tehni\u010dna izvedba: Du\u0161an Nelec, Slovenski gledali\u0161ki muzej Milenko Pavlovi\u010d, \u0161entjakobsko gledali\u0161\u010de &#8230;<\/p>","protected":false},"featured_media":9622,"template":"","categories":[409],"tags":[],"izpostavljamo":[],"letnik":[239],"tip":[],"vrsta-razstave":[415,624],"class_list":["post-9612","dogodki","type-dogodki","status-publish","has-post-thumbnail","hentry","category-razstave","letnik-239","vrsta-razstave-obcasna-razstava","vrsta-razstave-vse-razstave"],"acf":[],"yoast_head":"<!-- This site is optimized with the Yoast SEO plugin v27.5 - https:\/\/yoast.com\/product\/yoast-seo-wordpress\/ -->\n<title>Neskon\u010dna igra - 90 let \u0160entjakobskega gledali\u0161\u010da Ljubljana - SLOGI<\/title>\n<meta name=\"robots\" content=\"index, follow, max-snippet:-1, max-image-preview:large, max-video-preview:-1\" \/>\n<link rel=\"canonical\" href=\"https:\/\/www.slogi.si\/en\/events\/90-let-sentjakob\/\" \/>\n<meta property=\"og:locale\" content=\"en_GB\" \/>\n<meta property=\"og:type\" content=\"article\" \/>\n<meta property=\"og:title\" content=\"Neskon\u010dna igra - 90 let \u0160entjakobskega gledali\u0161\u010da Ljubljana - SLOGI\" \/>\n<meta property=\"og:description\" content=\"Razstava \u0161entjakobskega gledali\u0161\u010da Ljubljana v sodelovanju z Slovenskim gledali\u0161kim muzejem &nbsp; &nbsp; Avtorica razstave&#8230;&#8230;&#8230;.Katarina Glavan Batagelj (\u0161entjakobsko gledali\u0161\u010de Ljubljana) Celostna podoba razstave&#8230;&#8230;&#8230;.Mario Dragojevi\u0107 (\u0161entjakobsko gledali\u0161\u010de Ljubljana) Koordinatorja razstave: Ivo Svetina, Slovenski gledali\u0161ki muzej Sa\u0161a Strnad, \u0161entjakobsko gledali\u0161\u010de Ljubljana Oblikovna izvedba: Luka Zelenik Klemen Ul\u010dakar Tehni\u010dna izvedba: Du\u0161an Nelec, Slovenski gledali\u0161ki muzej Milenko Pavlovi\u010d, \u0161entjakobsko gledali\u0161\u010de ...\" \/>\n<meta property=\"og:url\" content=\"https:\/\/www.slogi.si\/en\/events\/90-let-sentjakob\/\" \/>\n<meta property=\"og:site_name\" content=\"SLOGI\" \/>\n<meta property=\"article:modified_time\" content=\"2025-02-17T12:08:00+00:00\" \/>\n<meta property=\"og:image\" content=\"https:\/\/www.slogi.si\/wp-content\/uploads\/2024\/01\/90let-Sentjakob.jpg\" \/>\n\t<meta property=\"og:image:width\" content=\"710\" \/>\n\t<meta property=\"og:image:height\" content=\"375\" \/>\n\t<meta property=\"og:image:type\" content=\"image\/jpeg\" \/>\n<meta name=\"twitter:card\" content=\"summary_large_image\" \/>\n<meta name=\"twitter:label1\" content=\"Estimated reading time\" \/>\n\t<meta name=\"twitter:data1\" content=\"1 minute\" \/>\n<script type=\"application\/ld+json\" class=\"yoast-schema-graph\">{\"@context\":\"https:\\\/\\\/schema.org\",\"@graph\":[{\"@type\":\"WebPage\",\"@id\":\"https:\\\/\\\/www.slogi.si\\\/dogodki\\\/90-let-sentjakob\\\/\",\"url\":\"https:\\\/\\\/www.slogi.si\\\/dogodki\\\/90-let-sentjakob\\\/\",\"name\":\"Neskon\u010dna igra - 90 let \u0160entjakobskega gledali\u0161\u010da Ljubljana - SLOGI\",\"isPartOf\":{\"@id\":\"https:\\\/\\\/www.slogi.si\\\/#website\"},\"primaryImageOfPage\":{\"@id\":\"https:\\\/\\\/www.slogi.si\\\/dogodki\\\/90-let-sentjakob\\\/#primaryimage\"},\"image\":{\"@id\":\"https:\\\/\\\/www.slogi.si\\\/dogodki\\\/90-let-sentjakob\\\/#primaryimage\"},\"thumbnailUrl\":\"https:\\\/\\\/www.slogi.si\\\/wp-content\\\/uploads\\\/2024\\\/01\\\/90let-Sentjakob.jpg\",\"datePublished\":\"2011-10-06T11:47:21+00:00\",\"dateModified\":\"2025-02-17T12:08:00+00:00\",\"breadcrumb\":{\"@id\":\"https:\\\/\\\/www.slogi.si\\\/dogodki\\\/90-let-sentjakob\\\/#breadcrumb\"},\"inLanguage\":\"en-GB\",\"potentialAction\":[{\"@type\":\"ReadAction\",\"target\":[\"https:\\\/\\\/www.slogi.si\\\/dogodki\\\/90-let-sentjakob\\\/\"]}]},{\"@type\":\"ImageObject\",\"inLanguage\":\"en-GB\",\"@id\":\"https:\\\/\\\/www.slogi.si\\\/dogodki\\\/90-let-sentjakob\\\/#primaryimage\",\"url\":\"https:\\\/\\\/www.slogi.si\\\/wp-content\\\/uploads\\\/2024\\\/01\\\/90let-Sentjakob.jpg\",\"contentUrl\":\"https:\\\/\\\/www.slogi.si\\\/wp-content\\\/uploads\\\/2024\\\/01\\\/90let-Sentjakob.jpg\",\"width\":710,\"height\":375},{\"@type\":\"BreadcrumbList\",\"@id\":\"https:\\\/\\\/www.slogi.si\\\/dogodki\\\/90-let-sentjakob\\\/#breadcrumb\",\"itemListElement\":[{\"@type\":\"ListItem\",\"position\":1,\"name\":\"Home\",\"item\":\"https:\\\/\\\/www.slogi.si\\\/\"},{\"@type\":\"ListItem\",\"position\":2,\"name\":\"Neskon\u010dna igra &#8211; 90 let \u0160entjakobskega gledali\u0161\u010da Ljubljana\"}]},{\"@type\":\"WebSite\",\"@id\":\"https:\\\/\\\/www.slogi.si\\\/#website\",\"url\":\"https:\\\/\\\/www.slogi.si\\\/\",\"name\":\"SLOGI\",\"description\":\"Slovenski Gledali\u0161ki In\u0161titut\",\"publisher\":{\"@id\":\"https:\\\/\\\/www.slogi.si\\\/#organization\"},\"alternateName\":\"Slovenski Gledali\u0161ki In\u0161titut\",\"potentialAction\":[{\"@type\":\"SearchAction\",\"target\":{\"@type\":\"EntryPoint\",\"urlTemplate\":\"https:\\\/\\\/www.slogi.si\\\/?s={search_term_string}\"},\"query-input\":{\"@type\":\"PropertyValueSpecification\",\"valueRequired\":true,\"valueName\":\"search_term_string\"}}],\"inLanguage\":\"en-GB\"},{\"@type\":\"Organization\",\"@id\":\"https:\\\/\\\/www.slogi.si\\\/#organization\",\"name\":\"SLOGI\",\"alternateName\":\"Slovenski Gledali\u0161ki In\u0161titut\",\"url\":\"https:\\\/\\\/www.slogi.si\\\/\",\"logo\":{\"@type\":\"ImageObject\",\"inLanguage\":\"en-GB\",\"@id\":\"https:\\\/\\\/www.slogi.si\\\/#\\\/schema\\\/logo\\\/image\\\/\",\"url\":\"https:\\\/\\\/www.slogi.si\\\/wp-content\\\/uploads\\\/2024\\\/01\\\/favicon.svg\",\"contentUrl\":\"https:\\\/\\\/www.slogi.si\\\/wp-content\\\/uploads\\\/2024\\\/01\\\/favicon.svg\",\"width\":100,\"height\":100,\"caption\":\"SLOGI\"},\"image\":{\"@id\":\"https:\\\/\\\/www.slogi.si\\\/#\\\/schema\\\/logo\\\/image\\\/\"}}]}<\/script>\n<!-- \/ Yoast SEO plugin. -->","yoast_head_json":{"title":"Neskon\u010dna igra - 90 let \u0160entjakobskega gledali\u0161\u010da Ljubljana - SLOGI","robots":{"index":"index","follow":"follow","max-snippet":"max-snippet:-1","max-image-preview":"max-image-preview:large","max-video-preview":"max-video-preview:-1"},"canonical":"https:\/\/www.slogi.si\/en\/events\/90-let-sentjakob\/","og_locale":"en_GB","og_type":"article","og_title":"Neskon\u010dna igra - 90 let \u0160entjakobskega gledali\u0161\u010da Ljubljana - SLOGI","og_description":"Razstava \u0161entjakobskega gledali\u0161\u010da Ljubljana v sodelovanju z Slovenskim gledali\u0161kim muzejem &nbsp; &nbsp; Avtorica razstave&#8230;&#8230;&#8230;.Katarina Glavan Batagelj (\u0161entjakobsko gledali\u0161\u010de Ljubljana) Celostna podoba razstave&#8230;&#8230;&#8230;.Mario Dragojevi\u0107 (\u0161entjakobsko gledali\u0161\u010de Ljubljana) Koordinatorja razstave: Ivo Svetina, Slovenski gledali\u0161ki muzej Sa\u0161a Strnad, \u0161entjakobsko gledali\u0161\u010de Ljubljana Oblikovna izvedba: Luka Zelenik Klemen Ul\u010dakar Tehni\u010dna izvedba: Du\u0161an Nelec, Slovenski gledali\u0161ki muzej Milenko Pavlovi\u010d, \u0161entjakobsko gledali\u0161\u010de ...","og_url":"https:\/\/www.slogi.si\/en\/events\/90-let-sentjakob\/","og_site_name":"SLOGI","article_modified_time":"2025-02-17T12:08:00+00:00","og_image":[{"width":710,"height":375,"url":"https:\/\/www.slogi.si\/wp-content\/uploads\/2024\/01\/90let-Sentjakob.jpg","type":"image\/jpeg"}],"twitter_card":"summary_large_image","twitter_misc":{"Estimated reading time":"1 minute"},"schema":{"@context":"https:\/\/schema.org","@graph":[{"@type":"WebPage","@id":"https:\/\/www.slogi.si\/dogodki\/90-let-sentjakob\/","url":"https:\/\/www.slogi.si\/dogodki\/90-let-sentjakob\/","name":"Neskon\u010dna igra - 90 let \u0160entjakobskega gledali\u0161\u010da Ljubljana - SLOGI","isPartOf":{"@id":"https:\/\/www.slogi.si\/#website"},"primaryImageOfPage":{"@id":"https:\/\/www.slogi.si\/dogodki\/90-let-sentjakob\/#primaryimage"},"image":{"@id":"https:\/\/www.slogi.si\/dogodki\/90-let-sentjakob\/#primaryimage"},"thumbnailUrl":"https:\/\/www.slogi.si\/wp-content\/uploads\/2024\/01\/90let-Sentjakob.jpg","datePublished":"2011-10-06T11:47:21+00:00","dateModified":"2025-02-17T12:08:00+00:00","breadcrumb":{"@id":"https:\/\/www.slogi.si\/dogodki\/90-let-sentjakob\/#breadcrumb"},"inLanguage":"en-GB","potentialAction":[{"@type":"ReadAction","target":["https:\/\/www.slogi.si\/dogodki\/90-let-sentjakob\/"]}]},{"@type":"ImageObject","inLanguage":"en-GB","@id":"https:\/\/www.slogi.si\/dogodki\/90-let-sentjakob\/#primaryimage","url":"https:\/\/www.slogi.si\/wp-content\/uploads\/2024\/01\/90let-Sentjakob.jpg","contentUrl":"https:\/\/www.slogi.si\/wp-content\/uploads\/2024\/01\/90let-Sentjakob.jpg","width":710,"height":375},{"@type":"BreadcrumbList","@id":"https:\/\/www.slogi.si\/dogodki\/90-let-sentjakob\/#breadcrumb","itemListElement":[{"@type":"ListItem","position":1,"name":"Home","item":"https:\/\/www.slogi.si\/"},{"@type":"ListItem","position":2,"name":"Neskon\u010dna igra &#8211; 90 let \u0160entjakobskega gledali\u0161\u010da Ljubljana"}]},{"@type":"WebSite","@id":"https:\/\/www.slogi.si\/#website","url":"https:\/\/www.slogi.si\/","name":"SLOGI","description":"Slovenian Theatre Institute","publisher":{"@id":"https:\/\/www.slogi.si\/#organization"},"alternateName":"Slovenski Gledali\u0161ki In\u0161titut","potentialAction":[{"@type":"SearchAction","target":{"@type":"EntryPoint","urlTemplate":"https:\/\/www.slogi.si\/?s={search_term_string}"},"query-input":{"@type":"PropertyValueSpecification","valueRequired":true,"valueName":"search_term_string"}}],"inLanguage":"en-GB"},{"@type":"Organization","@id":"https:\/\/www.slogi.si\/#organization","name":"SLOGI","alternateName":"Slovenski Gledali\u0161ki In\u0161titut","url":"https:\/\/www.slogi.si\/","logo":{"@type":"ImageObject","inLanguage":"en-GB","@id":"https:\/\/www.slogi.si\/#\/schema\/logo\/image\/","url":"https:\/\/www.slogi.si\/wp-content\/uploads\/2024\/01\/favicon.svg","contentUrl":"https:\/\/www.slogi.si\/wp-content\/uploads\/2024\/01\/favicon.svg","width":100,"height":100,"caption":"SLOGI"},"image":{"@id":"https:\/\/www.slogi.si\/#\/schema\/logo\/image\/"}}]}},"_links":{"self":[{"href":"https:\/\/www.slogi.si\/en\/wp-json\/wp\/v2\/dogodki\/9612","targetHints":{"allow":["GET"]}}],"collection":[{"href":"https:\/\/www.slogi.si\/en\/wp-json\/wp\/v2\/dogodki"}],"about":[{"href":"https:\/\/www.slogi.si\/en\/wp-json\/wp\/v2\/types\/dogodki"}],"wp:featuredmedia":[{"embeddable":true,"href":"https:\/\/www.slogi.si\/en\/wp-json\/wp\/v2\/media\/9622"}],"wp:attachment":[{"href":"https:\/\/www.slogi.si\/en\/wp-json\/wp\/v2\/media?parent=9612"}],"wp:term":[{"taxonomy":"category","embeddable":true,"href":"https:\/\/www.slogi.si\/en\/wp-json\/wp\/v2\/categories?post=9612"},{"taxonomy":"post_tag","embeddable":true,"href":"https:\/\/www.slogi.si\/en\/wp-json\/wp\/v2\/tags?post=9612"},{"taxonomy":"izpostavljamo","embeddable":true,"href":"https:\/\/www.slogi.si\/en\/wp-json\/wp\/v2\/izpostavljamo?post=9612"},{"taxonomy":"letnik","embeddable":true,"href":"https:\/\/www.slogi.si\/en\/wp-json\/wp\/v2\/letnik?post=9612"},{"taxonomy":"tip","embeddable":true,"href":"https:\/\/www.slogi.si\/en\/wp-json\/wp\/v2\/tip?post=9612"},{"taxonomy":"vrsta-razstave","embeddable":true,"href":"https:\/\/www.slogi.si\/en\/wp-json\/wp\/v2\/vrsta-razstave?post=9612"}],"curies":[{"name":"wp","href":"https:\/\/api.w.org\/{rel}","templated":true}]}}