{"id":9566,"date":"2019-11-18T10:53:28","date_gmt":"2019-11-18T09:53:28","guid":{"rendered":"https:\/\/www.slogi.si\/dogodki\/iz-nasih-zbirk-mirko-mahnic\/"},"modified":"2024-09-13T10:02:15","modified_gmt":"2024-09-13T08:02:15","slug":"iz-nasih-zbirk-mirko-mahnic","status":"publish","type":"dogodki","link":"https:\/\/www.slogi.si\/en\/dogodki\/iz-nasih-zbirk-mirko-mahnic\/","title":{"rendered":"Iz na\u0161ih zbirk \u2013 Velika beseda (Ve\u010der v \u010ditavnici), re\u017eiser Mirko Mahni\u010d"},"content":{"rendered":"<p>Predstavljamo vam zbirke SLOGI \u2013 Gledali\u0161kega muzeja. Decembra 2019 objavljamo fotografijo <em>Velike besede (Ve\u010dera v \u010ditavnici)<\/em> (Miroslav Vilhar in Mirko Mahni\u010d<em>, <\/em>re\u017eiser Mirko Mahni\u010d, Mestno gledali\u0161\u010de ljubljansko, premiera 26. novembra 1953).<\/p>\n<p>Mirko Mahni\u010d (1919\u20132018), lektor, dramaturg, gledali\u0161ki re\u017eiser, predavatelj in publicist, je za oder dramatiziral in priredil ve\u010d iger, med njimi tudi <em>Ve\u010der v \u010ditavnici<\/em>. V njegovi re\u017eiji so ga uprizorili v Mestnem gledali\u0161\u010du ljubljanskem. Uprizoritev je bila leta 1958 izbrana za gostovanje na festivalu Sterijevo pozorje v Novem Sadu, kjer je Mirko Mahni\u010d prejel nagrado za dramsko priredbo.<\/p>\n<p>Source: Iconotheca SLOGI \u2013 Theatre Museum<\/p>\n<p>Iz na\u0161ih zbirk \u2013 plakat\u00a0 december 2019:<\/p>\n<div id='gallery-1' class='gallery galleryid-9566 gallery-columns-2 gallery-size-square'><figure class='gallery-item'>\n\t\t\t<div class='gallery-icon landscape'>\n\t\t\t\t<a href='https:\/\/www.slogi.si\/wp-content\/uploads\/2024\/01\/Plakat-december-2019.jpg'><img fetchpriority=\"high\" decoding=\"async\" width=\"1024\" height=\"1024\" src=\"https:\/\/www.slogi.si\/wp-content\/uploads\/2024\/01\/Plakat-december-2019.jpg\" class=\"attachment-square size-square\" alt=\"\" srcset=\"https:\/\/www.slogi.si\/wp-content\/uploads\/2024\/01\/Plakat-december-2019.jpg 1024w, https:\/\/www.slogi.si\/wp-content\/uploads\/2024\/01\/Plakat-december-2019-300x300.jpg 300w, https:\/\/www.slogi.si\/wp-content\/uploads\/2024\/01\/Plakat-december-2019-150x150.jpg 150w, https:\/\/www.slogi.si\/wp-content\/uploads\/2024\/01\/Plakat-december-2019-768x768.jpg 768w\" sizes=\"(max-width: 1024px) 100vw, 1024px\" \/><\/a>\n\t\t\t<\/div><\/figure><figure class='gallery-item'>\n\t\t\t<div class='gallery-icon landscape'>\n\t\t\t\t<a href='https:\/\/www.slogi.si\/wp-content\/uploads\/2024\/01\/1-2707_Vecer-v-citalnici_MGL_SLOGI_640.jpg'><img decoding=\"async\" width=\"639\" height=\"388\" src=\"https:\/\/www.slogi.si\/wp-content\/uploads\/2024\/01\/1-2707_Vecer-v-citalnici_MGL_SLOGI_640.jpg\" class=\"attachment-square size-square\" alt=\"Miroslav Vilhar and Mirko Mahni\u010d: The Great Word (Evening in the Book of Songs), directed by Mirko Mahni\u010d, Ljubljana City Theatre, premiered on November 26, 1953\" aria-describedby=\"gallery-1-3550\" srcset=\"https:\/\/www.slogi.si\/wp-content\/uploads\/2024\/01\/1-2707_Vecer-v-citalnici_MGL_SLOGI_640.jpg 639w, https:\/\/www.slogi.si\/wp-content\/uploads\/2024\/01\/1-2707_Vecer-v-citalnici_MGL_SLOGI_640-300x182.jpg 300w\" sizes=\"(max-width: 639px) 100vw, 639px\" \/><\/a>\n\t\t\t<\/div>\n\t\t\t\t<figcaption class='wp-caption-text gallery-caption' id='gallery-1-3550'>\n\t\t\t\tMiroslav Vilhar &amp; Mirko Mahni\u010d: The Grand Word (An Evening at the Reading Room), directed by Mirko Mahni\u010d, Ljubljana City Theatre, opening on 26 November, 1953. Source: SLOGI Iconotheque \u2013 Theatre Museum.\n\t\t\t\t<\/figcaption><\/figure>\n\t\t<\/div>","protected":false},"excerpt":{"rendered":"<p>Predstavljamo vam zbirke SLOGI \u2013 Gledali\u0161kega muzeja. Decembra 2019 objavljamo fotografijo Velike besede (Ve\u010dera v \u010ditavnici) (Miroslav Vilhar in Mirko Mahni\u010d, re\u017eiser Mirko Mahni\u010d, Mestno gledali\u0161\u010de ljubljansko, premiera 26. novembra 1953). Mirko Mahni\u010d (1919\u20132018), lektor, dramaturg, gledali\u0161ki re\u017eiser, predavatelj in publicist, je za oder dramatiziral in priredil ve\u010d iger, med njimi tudi Ve\u010der v \u010ditavnici. &#8230;<\/p>","protected":false},"featured_media":9567,"template":"","categories":[416],"tags":[133,125],"izpostavljamo":[40],"letnik":[325],"tip":[],"vrsta-razstave":[],"class_list":["post-9566","dogodki","type-dogodki","status-publish","has-post-thumbnail","hentry","category-dogodki","tag-mirko-mahnic","tag-miroslav-vilhar","izpostavljamo-ne-spreglejte","letnik-325"],"acf":[],"yoast_head":"<!-- This site is optimized with the Yoast SEO plugin v27.5 - https:\/\/yoast.com\/product\/yoast-seo-wordpress\/ -->\n<title>Iz na\u0161ih zbirk \u2013 Velika beseda (Ve\u010der v \u010ditavnici), re\u017eiser Mirko Mahni\u010d - SLOGI<\/title>\n<meta name=\"robots\" content=\"index, follow, max-snippet:-1, max-image-preview:large, max-video-preview:-1\" \/>\n<link rel=\"canonical\" href=\"https:\/\/www.slogi.si\/en\/events\/iz-nasih-zbirk-mirko-mahnic\/\" \/>\n<meta property=\"og:locale\" content=\"en_GB\" \/>\n<meta property=\"og:type\" content=\"article\" \/>\n<meta property=\"og:title\" content=\"Iz na\u0161ih zbirk \u2013 Velika beseda (Ve\u010der v \u010ditavnici), re\u017eiser Mirko Mahni\u010d - SLOGI\" \/>\n<meta property=\"og:description\" content=\"Predstavljamo vam zbirke SLOGI \u2013 Gledali\u0161kega muzeja. Decembra 2019 objavljamo fotografijo Velike besede (Ve\u010dera v \u010ditavnici) (Miroslav Vilhar in Mirko Mahni\u010d, re\u017eiser Mirko Mahni\u010d, Mestno gledali\u0161\u010de ljubljansko, premiera 26. novembra 1953). Mirko Mahni\u010d (1919\u20132018), lektor, dramaturg, gledali\u0161ki re\u017eiser, predavatelj in publicist, je za oder dramatiziral in priredil ve\u010d iger, med njimi tudi Ve\u010der v \u010ditavnici. ...\" \/>\n<meta property=\"og:url\" content=\"https:\/\/www.slogi.si\/en\/events\/iz-nasih-zbirk-mirko-mahnic\/\" \/>\n<meta property=\"og:site_name\" content=\"SLOGI\" \/>\n<meta property=\"article:modified_time\" content=\"2024-09-13T08:02:15+00:00\" \/>\n<meta property=\"og:image\" content=\"https:\/\/www.slogi.si\/wp-content\/uploads\/2024\/01\/1-2707_Vecer-v-citalnici_MGL_SLOGI_710.jpg\" \/>\n\t<meta property=\"og:image:width\" content=\"710\" \/>\n\t<meta property=\"og:image:height\" content=\"375\" \/>\n\t<meta property=\"og:image:type\" content=\"image\/jpeg\" \/>\n<meta name=\"twitter:card\" content=\"summary_large_image\" \/>\n<meta name=\"twitter:label1\" content=\"Estimated reading time\" \/>\n\t<meta name=\"twitter:data1\" content=\"1 minute\" \/>\n<script type=\"application\/ld+json\" class=\"yoast-schema-graph\">{\"@context\":\"https:\\\/\\\/schema.org\",\"@graph\":[{\"@type\":\"WebPage\",\"@id\":\"https:\\\/\\\/www.slogi.si\\\/dogodki\\\/iz-nasih-zbirk-mirko-mahnic\\\/\",\"url\":\"https:\\\/\\\/www.slogi.si\\\/dogodki\\\/iz-nasih-zbirk-mirko-mahnic\\\/\",\"name\":\"Iz na\u0161ih zbirk \u2013 Velika beseda (Ve\u010der v \u010ditavnici), re\u017eiser Mirko Mahni\u010d - SLOGI\",\"isPartOf\":{\"@id\":\"https:\\\/\\\/www.slogi.si\\\/#website\"},\"primaryImageOfPage\":{\"@id\":\"https:\\\/\\\/www.slogi.si\\\/dogodki\\\/iz-nasih-zbirk-mirko-mahnic\\\/#primaryimage\"},\"image\":{\"@id\":\"https:\\\/\\\/www.slogi.si\\\/dogodki\\\/iz-nasih-zbirk-mirko-mahnic\\\/#primaryimage\"},\"thumbnailUrl\":\"https:\\\/\\\/www.slogi.si\\\/wp-content\\\/uploads\\\/2024\\\/01\\\/1-2707_Vecer-v-citalnici_MGL_SLOGI_710.jpg\",\"datePublished\":\"2019-11-18T09:53:28+00:00\",\"dateModified\":\"2024-09-13T08:02:15+00:00\",\"breadcrumb\":{\"@id\":\"https:\\\/\\\/www.slogi.si\\\/dogodki\\\/iz-nasih-zbirk-mirko-mahnic\\\/#breadcrumb\"},\"inLanguage\":\"en-GB\",\"potentialAction\":[{\"@type\":\"ReadAction\",\"target\":[\"https:\\\/\\\/www.slogi.si\\\/dogodki\\\/iz-nasih-zbirk-mirko-mahnic\\\/\"]}]},{\"@type\":\"ImageObject\",\"inLanguage\":\"en-GB\",\"@id\":\"https:\\\/\\\/www.slogi.si\\\/dogodki\\\/iz-nasih-zbirk-mirko-mahnic\\\/#primaryimage\",\"url\":\"https:\\\/\\\/www.slogi.si\\\/wp-content\\\/uploads\\\/2024\\\/01\\\/1-2707_Vecer-v-citalnici_MGL_SLOGI_710.jpg\",\"contentUrl\":\"https:\\\/\\\/www.slogi.si\\\/wp-content\\\/uploads\\\/2024\\\/01\\\/1-2707_Vecer-v-citalnici_MGL_SLOGI_710.jpg\",\"width\":710,\"height\":375,\"caption\":\"Miroslav Vilhar in Mirko Mahni\u010d: Velika beseda (Ve\u010der v \u010ditavnici), re\u017eiser Mirko Mahni\u010d, Mestno gledali\u0161\u010de ljubljansko, premiera 26. novembra 1953. Vir: Ikonoteka SLOGI - Gledali\u0161ki muzej.\"},{\"@type\":\"BreadcrumbList\",\"@id\":\"https:\\\/\\\/www.slogi.si\\\/dogodki\\\/iz-nasih-zbirk-mirko-mahnic\\\/#breadcrumb\",\"itemListElement\":[{\"@type\":\"ListItem\",\"position\":1,\"name\":\"Home\",\"item\":\"https:\\\/\\\/www.slogi.si\\\/\"},{\"@type\":\"ListItem\",\"position\":2,\"name\":\"Iz na\u0161ih zbirk \u2013 Velika beseda (Ve\u010der v \u010ditavnici), re\u017eiser Mirko Mahni\u010d\"}]},{\"@type\":\"WebSite\",\"@id\":\"https:\\\/\\\/www.slogi.si\\\/#website\",\"url\":\"https:\\\/\\\/www.slogi.si\\\/\",\"name\":\"SLOGI\",\"description\":\"Slovenski Gledali\u0161ki In\u0161titut\",\"publisher\":{\"@id\":\"https:\\\/\\\/www.slogi.si\\\/#organization\"},\"alternateName\":\"Slovenski Gledali\u0161ki In\u0161titut\",\"potentialAction\":[{\"@type\":\"SearchAction\",\"target\":{\"@type\":\"EntryPoint\",\"urlTemplate\":\"https:\\\/\\\/www.slogi.si\\\/?s={search_term_string}\"},\"query-input\":{\"@type\":\"PropertyValueSpecification\",\"valueRequired\":true,\"valueName\":\"search_term_string\"}}],\"inLanguage\":\"en-GB\"},{\"@type\":\"Organization\",\"@id\":\"https:\\\/\\\/www.slogi.si\\\/#organization\",\"name\":\"SLOGI\",\"alternateName\":\"Slovenski Gledali\u0161ki In\u0161titut\",\"url\":\"https:\\\/\\\/www.slogi.si\\\/\",\"logo\":{\"@type\":\"ImageObject\",\"inLanguage\":\"en-GB\",\"@id\":\"https:\\\/\\\/www.slogi.si\\\/#\\\/schema\\\/logo\\\/image\\\/\",\"url\":\"https:\\\/\\\/www.slogi.si\\\/wp-content\\\/uploads\\\/2024\\\/01\\\/favicon.svg\",\"contentUrl\":\"https:\\\/\\\/www.slogi.si\\\/wp-content\\\/uploads\\\/2024\\\/01\\\/favicon.svg\",\"width\":100,\"height\":100,\"caption\":\"SLOGI\"},\"image\":{\"@id\":\"https:\\\/\\\/www.slogi.si\\\/#\\\/schema\\\/logo\\\/image\\\/\"}}]}<\/script>\n<!-- \/ Yoast SEO plugin. -->","yoast_head_json":{"title":"Iz na\u0161ih zbirk \u2013 Velika beseda (Ve\u010der v \u010ditavnici), re\u017eiser Mirko Mahni\u010d - SLOGI","robots":{"index":"index","follow":"follow","max-snippet":"max-snippet:-1","max-image-preview":"max-image-preview:large","max-video-preview":"max-video-preview:-1"},"canonical":"https:\/\/www.slogi.si\/en\/events\/iz-nasih-zbirk-mirko-mahnic\/","og_locale":"en_GB","og_type":"article","og_title":"Iz na\u0161ih zbirk \u2013 Velika beseda (Ve\u010der v \u010ditavnici), re\u017eiser Mirko Mahni\u010d - SLOGI","og_description":"Predstavljamo vam zbirke SLOGI \u2013 Gledali\u0161kega muzeja. Decembra 2019 objavljamo fotografijo Velike besede (Ve\u010dera v \u010ditavnici) (Miroslav Vilhar in Mirko Mahni\u010d, re\u017eiser Mirko Mahni\u010d, Mestno gledali\u0161\u010de ljubljansko, premiera 26. novembra 1953). Mirko Mahni\u010d (1919\u20132018), lektor, dramaturg, gledali\u0161ki re\u017eiser, predavatelj in publicist, je za oder dramatiziral in priredil ve\u010d iger, med njimi tudi Ve\u010der v \u010ditavnici. ...","og_url":"https:\/\/www.slogi.si\/en\/events\/iz-nasih-zbirk-mirko-mahnic\/","og_site_name":"SLOGI","article_modified_time":"2024-09-13T08:02:15+00:00","og_image":[{"width":710,"height":375,"url":"https:\/\/www.slogi.si\/wp-content\/uploads\/2024\/01\/1-2707_Vecer-v-citalnici_MGL_SLOGI_710.jpg","type":"image\/jpeg"}],"twitter_card":"summary_large_image","twitter_misc":{"Estimated reading time":"1 minute"},"schema":{"@context":"https:\/\/schema.org","@graph":[{"@type":"WebPage","@id":"https:\/\/www.slogi.si\/dogodki\/iz-nasih-zbirk-mirko-mahnic\/","url":"https:\/\/www.slogi.si\/dogodki\/iz-nasih-zbirk-mirko-mahnic\/","name":"Iz na\u0161ih zbirk \u2013 Velika beseda (Ve\u010der v \u010ditavnici), re\u017eiser Mirko Mahni\u010d - SLOGI","isPartOf":{"@id":"https:\/\/www.slogi.si\/#website"},"primaryImageOfPage":{"@id":"https:\/\/www.slogi.si\/dogodki\/iz-nasih-zbirk-mirko-mahnic\/#primaryimage"},"image":{"@id":"https:\/\/www.slogi.si\/dogodki\/iz-nasih-zbirk-mirko-mahnic\/#primaryimage"},"thumbnailUrl":"https:\/\/www.slogi.si\/wp-content\/uploads\/2024\/01\/1-2707_Vecer-v-citalnici_MGL_SLOGI_710.jpg","datePublished":"2019-11-18T09:53:28+00:00","dateModified":"2024-09-13T08:02:15+00:00","breadcrumb":{"@id":"https:\/\/www.slogi.si\/dogodki\/iz-nasih-zbirk-mirko-mahnic\/#breadcrumb"},"inLanguage":"en-GB","potentialAction":[{"@type":"ReadAction","target":["https:\/\/www.slogi.si\/dogodki\/iz-nasih-zbirk-mirko-mahnic\/"]}]},{"@type":"ImageObject","inLanguage":"en-GB","@id":"https:\/\/www.slogi.si\/dogodki\/iz-nasih-zbirk-mirko-mahnic\/#primaryimage","url":"https:\/\/www.slogi.si\/wp-content\/uploads\/2024\/01\/1-2707_Vecer-v-citalnici_MGL_SLOGI_710.jpg","contentUrl":"https:\/\/www.slogi.si\/wp-content\/uploads\/2024\/01\/1-2707_Vecer-v-citalnici_MGL_SLOGI_710.jpg","width":710,"height":375,"caption":"Miroslav Vilhar in Mirko Mahni\u010d: Velika beseda (Ve\u010der v \u010ditavnici), re\u017eiser Mirko Mahni\u010d, Mestno gledali\u0161\u010de ljubljansko, premiera 26. novembra 1953. Vir: Ikonoteka SLOGI - Gledali\u0161ki muzej."},{"@type":"BreadcrumbList","@id":"https:\/\/www.slogi.si\/dogodki\/iz-nasih-zbirk-mirko-mahnic\/#breadcrumb","itemListElement":[{"@type":"ListItem","position":1,"name":"Home","item":"https:\/\/www.slogi.si\/"},{"@type":"ListItem","position":2,"name":"Iz na\u0161ih zbirk \u2013 Velika beseda (Ve\u010der v \u010ditavnici), re\u017eiser Mirko Mahni\u010d"}]},{"@type":"WebSite","@id":"https:\/\/www.slogi.si\/#website","url":"https:\/\/www.slogi.si\/","name":"SLOGI","description":"Slovenian Theatre Institute","publisher":{"@id":"https:\/\/www.slogi.si\/#organization"},"alternateName":"Slovenski Gledali\u0161ki In\u0161titut","potentialAction":[{"@type":"SearchAction","target":{"@type":"EntryPoint","urlTemplate":"https:\/\/www.slogi.si\/?s={search_term_string}"},"query-input":{"@type":"PropertyValueSpecification","valueRequired":true,"valueName":"search_term_string"}}],"inLanguage":"en-GB"},{"@type":"Organization","@id":"https:\/\/www.slogi.si\/#organization","name":"SLOGI","alternateName":"Slovenski Gledali\u0161ki In\u0161titut","url":"https:\/\/www.slogi.si\/","logo":{"@type":"ImageObject","inLanguage":"en-GB","@id":"https:\/\/www.slogi.si\/#\/schema\/logo\/image\/","url":"https:\/\/www.slogi.si\/wp-content\/uploads\/2024\/01\/favicon.svg","contentUrl":"https:\/\/www.slogi.si\/wp-content\/uploads\/2024\/01\/favicon.svg","width":100,"height":100,"caption":"SLOGI"},"image":{"@id":"https:\/\/www.slogi.si\/#\/schema\/logo\/image\/"}}]}},"_links":{"self":[{"href":"https:\/\/www.slogi.si\/en\/wp-json\/wp\/v2\/dogodki\/9566","targetHints":{"allow":["GET"]}}],"collection":[{"href":"https:\/\/www.slogi.si\/en\/wp-json\/wp\/v2\/dogodki"}],"about":[{"href":"https:\/\/www.slogi.si\/en\/wp-json\/wp\/v2\/types\/dogodki"}],"wp:featuredmedia":[{"embeddable":true,"href":"https:\/\/www.slogi.si\/en\/wp-json\/wp\/v2\/media\/9567"}],"wp:attachment":[{"href":"https:\/\/www.slogi.si\/en\/wp-json\/wp\/v2\/media?parent=9566"}],"wp:term":[{"taxonomy":"category","embeddable":true,"href":"https:\/\/www.slogi.si\/en\/wp-json\/wp\/v2\/categories?post=9566"},{"taxonomy":"post_tag","embeddable":true,"href":"https:\/\/www.slogi.si\/en\/wp-json\/wp\/v2\/tags?post=9566"},{"taxonomy":"izpostavljamo","embeddable":true,"href":"https:\/\/www.slogi.si\/en\/wp-json\/wp\/v2\/izpostavljamo?post=9566"},{"taxonomy":"letnik","embeddable":true,"href":"https:\/\/www.slogi.si\/en\/wp-json\/wp\/v2\/letnik?post=9566"},{"taxonomy":"tip","embeddable":true,"href":"https:\/\/www.slogi.si\/en\/wp-json\/wp\/v2\/tip?post=9566"},{"taxonomy":"vrsta-razstave","embeddable":true,"href":"https:\/\/www.slogi.si\/en\/wp-json\/wp\/v2\/vrsta-razstave?post=9566"}],"curies":[{"name":"wp","href":"https:\/\/api.w.org\/{rel}","templated":true}]}}