{"id":9219,"date":"2019-02-20T13:22:14","date_gmt":"2019-02-20T12:22:14","guid":{"rendered":"https:\/\/www.slogi.si\/dogodki\/dragulji-iz-zbirk-slogi-%e2%80%92-gledaliskega-muzeja\/"},"modified":"2024-09-13T10:02:05","modified_gmt":"2024-09-13T08:02:05","slug":"dragulji-iz-zbirk-slogi-%e2%80%92-gledaliskega-muzeja","status":"publish","type":"dogodki","link":"https:\/\/www.slogi.si\/en\/dogodki\/dragulji-iz-zbirk-slogi-%e2%80%92-gledaliskega-muzeja\/","title":{"rendered":"\u00bbDragulji\u00ab iz zbirk SLOGI \u2012 Gledali\u0161kega muzeja. Gledali\u0161ko-zgodovinski in umetni\u0161ki ve\u010der v po\u010dastitev 5. obletnice Slovenskega gledali\u0161kega in\u0161tituta."},"content":{"rendered":"<p><strong>Vabljeni na dru\u017eabni sprehod po dokumentarnih in umetni\u0161kih pri\u010devanjih slovenske gledali\u0161ke zgodovine ob komentiranem orisu dragocenih dokumentov SLOGI \u2013 Gledali\u0161kega muzeja. Afirmacije na\u0161ih fondov, izris slutnje o tem, kaj vse slovensko gledali\u0161ko preteklost udejanja, ter kreiranje vedrega umetni\u0161kega ve\u010dera in prijetnega dru\u017eenja so cilji na\u0161ega sre\u010danja ob jubileju.<\/strong><\/p>\n<p>V okviru gledali\u0161kega ve\u010dera resda ni mogo\u010de prikazati ve\u010d kot le nekaj drobcev bogatega gradiva, ki ga premoremo, a si domi\u0161ljamo, da lahko v teh mejah sestavimo stiliziran in \u017ee sporo\u010dilen mozaik ter s tem skiciramo sicer zelo luknji\u010davo, a v marsi\u010dem \u017ee zgovorno predstavo o pomembnih fenomenih slovenske gledali\u0161ke zgodovine; naka\u017eemo, kaj vse obsega in kaj vse jo udejanja. Kamen\u010dkov v mozaiku bo kajpak manj od praznin, a bodo kazali tipi\u010dne fenomene in s tem presegli svojo posami\u010dnost.<\/p>\n<p>Govorili bodo o ume\u0161\u010denosti gledali\u0161\u010da v dru\u017ebo, o notranjem ustroju in delovanju zapletenega organizma, ki se imenuje gledali\u0161\u010de, o umetni\u0161ki ustvarjalnosti v njem ter o prostoru pod soncem, ki si ga v njem mora izbojevati igralec oziroma gledali\u0161\u010dnik. Podobo, ki nam jo bodo s svojimi besedami pri\u010darala najve\u010dja imena slovenske gledali\u0161ke zgodovine, bodo estetsko obarvali primerki \u00bbgledali\u0161ke\u00ab poezije, anekdoti\u010dni zapisi, ki od nekdaj spremljajo (najbr\u017e vsako) gledali\u0161\u010de, pa bodo ve\u010der popestrili z drobci hudomu\u0161ne vedrine.<\/p>\n<p>Na romanju skozi zapu\u0161\u010dine velikih gledali\u0161kih imen (Bor\u0161tnika in Bor\u0161tnikove, \u0160esta, Danila ter Avguste in Mire Danilove, Marije Vere in Frana Lipaha, Antona Vodnika in Slavka Jana, Radovana Bren\u010di\u010da in Branka Gavelle, Hinka Nu\u010di\u010da in Otona \u017dupan\u010di\u010da, Franceta Koblarja in Ivana Levarja, Milana Skrbin\u0161ka, Cirila Debevca in Edvarda Kocbeka, Mileta Koruna in Andreja Hienga, Vladimirja Skrbin\u0161ka in Du\u0161ana Moravca, Bratka Krefta in Filipa Kumbatovi\u010da, Ade \u0160kerl, Lili Novy in Mile Ka\u010di\u010d \u2026 ) vas bodo po ikonote\u010dnem, arhivskem in zvo\u010dnem gradivu vodili<\/p>\n<p style=\"text-align: center;\"><strong>Tea Rogelj, MA<\/strong>, <strong>Ana Perne<\/strong> in snovalec dogodka <strong>dr. Stefan Vevar<\/strong>,<br \/>\nz umetni\u0161ko besedo pa jih bo spremljala<br \/>\nprvakinja slovenskega gledali\u0161\u010da, gledali\u0161ka in filmska igralka <strong>Barbara Cerar<\/strong>.<\/p>\n<p>Veselimo se dru\u017eenja z vami, nizanja spominov in ustvarjanja novih skupnih utrinkov v SLOGI.<\/p>\n<p>Sodelavci <strong>SLOGI<\/strong>.<\/p>\n<p>&nbsp;<\/p>\n<p style=\"text-align: center;\"><a href=\"http:\/\/www.slogi.si\/wp-content\/uploads\/2019\/02\/V-SLOGI-je-mo\u010d.png\"><img fetchpriority=\"high\" decoding=\"async\" class=\"aligncenter size-medium wp-image-18141\" src=\"https:\/\/www.slogi.si\/wp-content\/uploads\/2024\/01\/V-SLOGI-je-moc-300x300-1.png\" alt=\"\" width=\"300\" height=\"300\" \/><\/a><\/p>\n<p>&nbsp;<\/p>\n<p><a href=\"https:\/\/ars.rtvslo.si\/2019\/05\/razgledi-in-razmisleki-202\/\" target=\"_blank\" rel=\"noopener noreferrer\">Pogovor z direktorico SLOGI mag. Mojco Jan Zoran ob 5-letnici SLOGI<\/a> (<em>Razgledi in razmisleki<\/em>, 3. program Radia Slovenija &#8211; program Ars, 23. 5. 2019)<\/p>","protected":false},"excerpt":{"rendered":"<p>Vabljeni na dru\u017eabni sprehod po dokumentarnih in umetni\u0161kih pri\u010devanjih slovenske gledali\u0161ke zgodovine ob komentiranem orisu dragocenih dokumentov SLOGI \u2013 Gledali\u0161kega muzeja. Afirmacije na\u0161ih fondov, izris slutnje o tem, kaj vse slovensko gledali\u0161ko preteklost udejanja, ter kreiranje vedrega umetni\u0161kega ve\u010dera in prijetnega dru\u017eenja so cilji na\u0161ega sre\u010danja ob jubileju. V okviru gledali\u0161kega ve\u010dera resda ni mogo\u010de &#8230;<\/p>","protected":false},"featured_media":9221,"template":"","categories":[416,435],"tags":[],"izpostavljamo":[],"letnik":[325],"tip":[421,422,508],"vrsta-razstave":[],"class_list":["post-9219","dogodki","type-dogodki","status-publish","has-post-thumbnail","hentry","category-dogodki","category-za-medije","letnik-325","tip-pogovor","tip-predavanje","tip-uprizoritev"],"acf":[],"yoast_head":"<!-- This site is optimized with the Yoast SEO plugin v27.5 - https:\/\/yoast.com\/product\/yoast-seo-wordpress\/ -->\n<title>\u00bbDragulji\u00ab iz zbirk SLOGI \u2012 Gledali\u0161kega muzeja. Gledali\u0161ko-zgodovinski in umetni\u0161ki ve\u010der v po\u010dastitev 5. obletnice Slovenskega gledali\u0161kega in\u0161tituta. - SLOGI<\/title>\n<meta name=\"robots\" content=\"index, follow, max-snippet:-1, max-image-preview:large, max-video-preview:-1\" \/>\n<link rel=\"canonical\" href=\"https:\/\/www.slogi.si\/en\/events\/dragulji-iz-zbirk-slogi-\u2012-gledaliskega-muzeja\/\" \/>\n<meta property=\"og:locale\" content=\"en_GB\" \/>\n<meta property=\"og:type\" content=\"article\" \/>\n<meta property=\"og:title\" content=\"\u00bbDragulji\u00ab iz zbirk SLOGI \u2012 Gledali\u0161kega muzeja. Gledali\u0161ko-zgodovinski in umetni\u0161ki ve\u010der v po\u010dastitev 5. obletnice Slovenskega gledali\u0161kega in\u0161tituta. - SLOGI\" \/>\n<meta property=\"og:description\" content=\"Vabljeni na dru\u017eabni sprehod po dokumentarnih in umetni\u0161kih pri\u010devanjih slovenske gledali\u0161ke zgodovine ob komentiranem orisu dragocenih dokumentov SLOGI \u2013 Gledali\u0161kega muzeja. Afirmacije na\u0161ih fondov, izris slutnje o tem, kaj vse slovensko gledali\u0161ko preteklost udejanja, ter kreiranje vedrega umetni\u0161kega ve\u010dera in prijetnega dru\u017eenja so cilji na\u0161ega sre\u010danja ob jubileju. V okviru gledali\u0161kega ve\u010dera resda ni mogo\u010de ...\" \/>\n<meta property=\"og:url\" content=\"https:\/\/www.slogi.si\/en\/events\/dragulji-iz-zbirk-slogi-\u2012-gledaliskega-muzeja\/\" \/>\n<meta property=\"og:site_name\" content=\"SLOGI\" \/>\n<meta property=\"article:modified_time\" content=\"2024-09-13T08:02:05+00:00\" \/>\n<meta property=\"og:image\" content=\"https:\/\/www.slogi.si\/wp-content\/uploads\/2024\/01\/Inv-st-Ik-611_Spomin-na-glediski-vecir-17-2-1900_710x375.png\" \/>\n\t<meta property=\"og:image:width\" content=\"710\" \/>\n\t<meta property=\"og:image:height\" content=\"375\" \/>\n\t<meta property=\"og:image:type\" content=\"image\/png\" \/>\n<meta name=\"twitter:card\" content=\"summary_large_image\" \/>\n<meta name=\"twitter:label1\" content=\"Estimated reading time\" \/>\n\t<meta name=\"twitter:data1\" content=\"2 minutes\" \/>\n<script type=\"application\/ld+json\" class=\"yoast-schema-graph\">{\"@context\":\"https:\\\/\\\/schema.org\",\"@graph\":[{\"@type\":\"WebPage\",\"@id\":\"https:\\\/\\\/www.slogi.si\\\/dogodki\\\/dragulji-iz-zbirk-slogi-%e2%80%92-gledaliskega-muzeja\\\/\",\"url\":\"https:\\\/\\\/www.slogi.si\\\/dogodki\\\/dragulji-iz-zbirk-slogi-%e2%80%92-gledaliskega-muzeja\\\/\",\"name\":\"\u00bbDragulji\u00ab iz zbirk SLOGI \u2012 Gledali\u0161kega muzeja. Gledali\u0161ko-zgodovinski in umetni\u0161ki ve\u010der v po\u010dastitev 5. obletnice Slovenskega gledali\u0161kega in\u0161tituta. - SLOGI\",\"isPartOf\":{\"@id\":\"https:\\\/\\\/www.slogi.si\\\/#website\"},\"primaryImageOfPage\":{\"@id\":\"https:\\\/\\\/www.slogi.si\\\/dogodki\\\/dragulji-iz-zbirk-slogi-%e2%80%92-gledaliskega-muzeja\\\/#primaryimage\"},\"image\":{\"@id\":\"https:\\\/\\\/www.slogi.si\\\/dogodki\\\/dragulji-iz-zbirk-slogi-%e2%80%92-gledaliskega-muzeja\\\/#primaryimage\"},\"thumbnailUrl\":\"https:\\\/\\\/www.slogi.si\\\/wp-content\\\/uploads\\\/2024\\\/01\\\/Inv-st-Ik-611_Spomin-na-glediski-vecir-17-2-1900_710x375.png\",\"datePublished\":\"2019-02-20T12:22:14+00:00\",\"dateModified\":\"2024-09-13T08:02:05+00:00\",\"breadcrumb\":{\"@id\":\"https:\\\/\\\/www.slogi.si\\\/dogodki\\\/dragulji-iz-zbirk-slogi-%e2%80%92-gledaliskega-muzeja\\\/#breadcrumb\"},\"inLanguage\":\"en-GB\",\"potentialAction\":[{\"@type\":\"ReadAction\",\"target\":[\"https:\\\/\\\/www.slogi.si\\\/dogodki\\\/dragulji-iz-zbirk-slogi-%e2%80%92-gledaliskega-muzeja\\\/\"]}]},{\"@type\":\"ImageObject\",\"inLanguage\":\"en-GB\",\"@id\":\"https:\\\/\\\/www.slogi.si\\\/dogodki\\\/dragulji-iz-zbirk-slogi-%e2%80%92-gledaliskega-muzeja\\\/#primaryimage\",\"url\":\"https:\\\/\\\/www.slogi.si\\\/wp-content\\\/uploads\\\/2024\\\/01\\\/Inv-st-Ik-611_Spomin-na-glediski-vecir-17-2-1900_710x375.png\",\"contentUrl\":\"https:\\\/\\\/www.slogi.si\\\/wp-content\\\/uploads\\\/2024\\\/01\\\/Inv-st-Ik-611_Spomin-na-glediski-vecir-17-2-1900_710x375.png\",\"width\":710,\"height\":375},{\"@type\":\"BreadcrumbList\",\"@id\":\"https:\\\/\\\/www.slogi.si\\\/dogodki\\\/dragulji-iz-zbirk-slogi-%e2%80%92-gledaliskega-muzeja\\\/#breadcrumb\",\"itemListElement\":[{\"@type\":\"ListItem\",\"position\":1,\"name\":\"Home\",\"item\":\"https:\\\/\\\/www.slogi.si\\\/\"},{\"@type\":\"ListItem\",\"position\":2,\"name\":\"\u00bbDragulji\u00ab iz zbirk SLOGI \u2012 Gledali\u0161kega muzeja. Gledali\u0161ko-zgodovinski in umetni\u0161ki ve\u010der v po\u010dastitev 5. obletnice Slovenskega gledali\u0161kega in\u0161tituta.\"}]},{\"@type\":\"WebSite\",\"@id\":\"https:\\\/\\\/www.slogi.si\\\/#website\",\"url\":\"https:\\\/\\\/www.slogi.si\\\/\",\"name\":\"SLOGI\",\"description\":\"Slovenski Gledali\u0161ki In\u0161titut\",\"publisher\":{\"@id\":\"https:\\\/\\\/www.slogi.si\\\/#organization\"},\"alternateName\":\"Slovenski Gledali\u0161ki In\u0161titut\",\"potentialAction\":[{\"@type\":\"SearchAction\",\"target\":{\"@type\":\"EntryPoint\",\"urlTemplate\":\"https:\\\/\\\/www.slogi.si\\\/?s={search_term_string}\"},\"query-input\":{\"@type\":\"PropertyValueSpecification\",\"valueRequired\":true,\"valueName\":\"search_term_string\"}}],\"inLanguage\":\"en-GB\"},{\"@type\":\"Organization\",\"@id\":\"https:\\\/\\\/www.slogi.si\\\/#organization\",\"name\":\"SLOGI\",\"alternateName\":\"Slovenski Gledali\u0161ki In\u0161titut\",\"url\":\"https:\\\/\\\/www.slogi.si\\\/\",\"logo\":{\"@type\":\"ImageObject\",\"inLanguage\":\"en-GB\",\"@id\":\"https:\\\/\\\/www.slogi.si\\\/#\\\/schema\\\/logo\\\/image\\\/\",\"url\":\"https:\\\/\\\/www.slogi.si\\\/wp-content\\\/uploads\\\/2024\\\/01\\\/favicon.svg\",\"contentUrl\":\"https:\\\/\\\/www.slogi.si\\\/wp-content\\\/uploads\\\/2024\\\/01\\\/favicon.svg\",\"width\":100,\"height\":100,\"caption\":\"SLOGI\"},\"image\":{\"@id\":\"https:\\\/\\\/www.slogi.si\\\/#\\\/schema\\\/logo\\\/image\\\/\"}}]}<\/script>\n<!-- \/ Yoast SEO plugin. -->","yoast_head_json":{"title":"\u00bbDragulji\u00ab iz zbirk SLOGI \u2012 Gledali\u0161kega muzeja. Gledali\u0161ko-zgodovinski in umetni\u0161ki ve\u010der v po\u010dastitev 5. obletnice Slovenskega gledali\u0161kega in\u0161tituta. - SLOGI","robots":{"index":"index","follow":"follow","max-snippet":"max-snippet:-1","max-image-preview":"max-image-preview:large","max-video-preview":"max-video-preview:-1"},"canonical":"https:\/\/www.slogi.si\/en\/events\/dragulji-iz-zbirk-slogi-\u2012-gledaliskega-muzeja\/","og_locale":"en_GB","og_type":"article","og_title":"\u00bbDragulji\u00ab iz zbirk SLOGI \u2012 Gledali\u0161kega muzeja. Gledali\u0161ko-zgodovinski in umetni\u0161ki ve\u010der v po\u010dastitev 5. obletnice Slovenskega gledali\u0161kega in\u0161tituta. - SLOGI","og_description":"Vabljeni na dru\u017eabni sprehod po dokumentarnih in umetni\u0161kih pri\u010devanjih slovenske gledali\u0161ke zgodovine ob komentiranem orisu dragocenih dokumentov SLOGI \u2013 Gledali\u0161kega muzeja. Afirmacije na\u0161ih fondov, izris slutnje o tem, kaj vse slovensko gledali\u0161ko preteklost udejanja, ter kreiranje vedrega umetni\u0161kega ve\u010dera in prijetnega dru\u017eenja so cilji na\u0161ega sre\u010danja ob jubileju. V okviru gledali\u0161kega ve\u010dera resda ni mogo\u010de ...","og_url":"https:\/\/www.slogi.si\/en\/events\/dragulji-iz-zbirk-slogi-\u2012-gledaliskega-muzeja\/","og_site_name":"SLOGI","article_modified_time":"2024-09-13T08:02:05+00:00","og_image":[{"width":710,"height":375,"url":"https:\/\/www.slogi.si\/wp-content\/uploads\/2024\/01\/Inv-st-Ik-611_Spomin-na-glediski-vecir-17-2-1900_710x375.png","type":"image\/png"}],"twitter_card":"summary_large_image","twitter_misc":{"Estimated reading time":"2 minutes"},"schema":{"@context":"https:\/\/schema.org","@graph":[{"@type":"WebPage","@id":"https:\/\/www.slogi.si\/dogodki\/dragulji-iz-zbirk-slogi-%e2%80%92-gledaliskega-muzeja\/","url":"https:\/\/www.slogi.si\/dogodki\/dragulji-iz-zbirk-slogi-%e2%80%92-gledaliskega-muzeja\/","name":"\u00bbDragulji\u00ab iz zbirk SLOGI \u2012 Gledali\u0161kega muzeja. Gledali\u0161ko-zgodovinski in umetni\u0161ki ve\u010der v po\u010dastitev 5. obletnice Slovenskega gledali\u0161kega in\u0161tituta. - SLOGI","isPartOf":{"@id":"https:\/\/www.slogi.si\/#website"},"primaryImageOfPage":{"@id":"https:\/\/www.slogi.si\/dogodki\/dragulji-iz-zbirk-slogi-%e2%80%92-gledaliskega-muzeja\/#primaryimage"},"image":{"@id":"https:\/\/www.slogi.si\/dogodki\/dragulji-iz-zbirk-slogi-%e2%80%92-gledaliskega-muzeja\/#primaryimage"},"thumbnailUrl":"https:\/\/www.slogi.si\/wp-content\/uploads\/2024\/01\/Inv-st-Ik-611_Spomin-na-glediski-vecir-17-2-1900_710x375.png","datePublished":"2019-02-20T12:22:14+00:00","dateModified":"2024-09-13T08:02:05+00:00","breadcrumb":{"@id":"https:\/\/www.slogi.si\/dogodki\/dragulji-iz-zbirk-slogi-%e2%80%92-gledaliskega-muzeja\/#breadcrumb"},"inLanguage":"en-GB","potentialAction":[{"@type":"ReadAction","target":["https:\/\/www.slogi.si\/dogodki\/dragulji-iz-zbirk-slogi-%e2%80%92-gledaliskega-muzeja\/"]}]},{"@type":"ImageObject","inLanguage":"en-GB","@id":"https:\/\/www.slogi.si\/dogodki\/dragulji-iz-zbirk-slogi-%e2%80%92-gledaliskega-muzeja\/#primaryimage","url":"https:\/\/www.slogi.si\/wp-content\/uploads\/2024\/01\/Inv-st-Ik-611_Spomin-na-glediski-vecir-17-2-1900_710x375.png","contentUrl":"https:\/\/www.slogi.si\/wp-content\/uploads\/2024\/01\/Inv-st-Ik-611_Spomin-na-glediski-vecir-17-2-1900_710x375.png","width":710,"height":375},{"@type":"BreadcrumbList","@id":"https:\/\/www.slogi.si\/dogodki\/dragulji-iz-zbirk-slogi-%e2%80%92-gledaliskega-muzeja\/#breadcrumb","itemListElement":[{"@type":"ListItem","position":1,"name":"Home","item":"https:\/\/www.slogi.si\/"},{"@type":"ListItem","position":2,"name":"\u00bbDragulji\u00ab iz zbirk SLOGI \u2012 Gledali\u0161kega muzeja. Gledali\u0161ko-zgodovinski in umetni\u0161ki ve\u010der v po\u010dastitev 5. obletnice Slovenskega gledali\u0161kega in\u0161tituta."}]},{"@type":"WebSite","@id":"https:\/\/www.slogi.si\/#website","url":"https:\/\/www.slogi.si\/","name":"SLOGI","description":"Slovenian Theatre Institute","publisher":{"@id":"https:\/\/www.slogi.si\/#organization"},"alternateName":"Slovenski Gledali\u0161ki In\u0161titut","potentialAction":[{"@type":"SearchAction","target":{"@type":"EntryPoint","urlTemplate":"https:\/\/www.slogi.si\/?s={search_term_string}"},"query-input":{"@type":"PropertyValueSpecification","valueRequired":true,"valueName":"search_term_string"}}],"inLanguage":"en-GB"},{"@type":"Organization","@id":"https:\/\/www.slogi.si\/#organization","name":"SLOGI","alternateName":"Slovenski Gledali\u0161ki In\u0161titut","url":"https:\/\/www.slogi.si\/","logo":{"@type":"ImageObject","inLanguage":"en-GB","@id":"https:\/\/www.slogi.si\/#\/schema\/logo\/image\/","url":"https:\/\/www.slogi.si\/wp-content\/uploads\/2024\/01\/favicon.svg","contentUrl":"https:\/\/www.slogi.si\/wp-content\/uploads\/2024\/01\/favicon.svg","width":100,"height":100,"caption":"SLOGI"},"image":{"@id":"https:\/\/www.slogi.si\/#\/schema\/logo\/image\/"}}]}},"_links":{"self":[{"href":"https:\/\/www.slogi.si\/en\/wp-json\/wp\/v2\/dogodki\/9219","targetHints":{"allow":["GET"]}}],"collection":[{"href":"https:\/\/www.slogi.si\/en\/wp-json\/wp\/v2\/dogodki"}],"about":[{"href":"https:\/\/www.slogi.si\/en\/wp-json\/wp\/v2\/types\/dogodki"}],"wp:featuredmedia":[{"embeddable":true,"href":"https:\/\/www.slogi.si\/en\/wp-json\/wp\/v2\/media\/9221"}],"wp:attachment":[{"href":"https:\/\/www.slogi.si\/en\/wp-json\/wp\/v2\/media?parent=9219"}],"wp:term":[{"taxonomy":"category","embeddable":true,"href":"https:\/\/www.slogi.si\/en\/wp-json\/wp\/v2\/categories?post=9219"},{"taxonomy":"post_tag","embeddable":true,"href":"https:\/\/www.slogi.si\/en\/wp-json\/wp\/v2\/tags?post=9219"},{"taxonomy":"izpostavljamo","embeddable":true,"href":"https:\/\/www.slogi.si\/en\/wp-json\/wp\/v2\/izpostavljamo?post=9219"},{"taxonomy":"letnik","embeddable":true,"href":"https:\/\/www.slogi.si\/en\/wp-json\/wp\/v2\/letnik?post=9219"},{"taxonomy":"tip","embeddable":true,"href":"https:\/\/www.slogi.si\/en\/wp-json\/wp\/v2\/tip?post=9219"},{"taxonomy":"vrsta-razstave","embeddable":true,"href":"https:\/\/www.slogi.si\/en\/wp-json\/wp\/v2\/vrsta-razstave?post=9219"}],"curies":[{"name":"wp","href":"https:\/\/api.w.org\/{rel}","templated":true}]}}