{"id":9164,"date":"2019-01-27T11:10:06","date_gmt":"2019-01-27T10:10:06","guid":{"rendered":"https:\/\/www.slogi.si\/dogodki\/kako-ljubljana-praznuje-100-letnico-slovenskega-baleta-okrogla-miza\/"},"modified":"2024-09-13T10:02:04","modified_gmt":"2024-09-13T08:02:04","slug":"kako-ljubljana-praznuje-100-letnico-slovenskega-baleta-okrogla-miza","status":"publish","type":"dogodki","link":"https:\/\/www.slogi.si\/en\/dogodki\/kako-ljubljana-praznuje-100-letnico-slovenskega-baleta-okrogla-miza\/","title":{"rendered":"Okrogla miza: Kako Ljubljana praznuje 100-letnico slovenskega baleta?"},"content":{"rendered":"<p>Kako v Ljubljani praznujemo 100-letnico slovenskega baleta? Ali jo praznujemo zadovoljivo in dovolj odmevno? Jo morda preve\u010d zanemarjamo?<\/p>\n<p>Na ta in \u0161e ve\u010d vpra\u0161anj bodo odgovarjali in podajali svoja mnenja <strong>Danica Dolinar<\/strong>, urednica Uredni\u0161tva glasbenih in baletnih oddaj TV Slovenija in \u010dlanica Strokovnega sveta SNG Opera in balet Ljubljana, <strong>Daliborka Podboj<\/strong>, plesna kriti\u010darka ter <strong>Rajko Meserko<\/strong>, v.d. ravnatelja SNG Opera in balet Ljubljana. Pogovor bo vodil <strong>Tomaz Rode<\/strong>, predsednik Dru\u0161tva baletnih umetnikov Slovenije.<\/p>\n<p>Welcome!<\/p>\n<p><a href=\"https:\/\/www.dbus.si\/\"><img decoding=\"async\" class=\"alignleft wp-image-17893\" src=\"https:\/\/www.slogi.si\/wp-content\/uploads\/2024\/01\/DBUS_400x300.png\" alt=\"\" width=\"200\" height=\"150\" \/><\/a>\u00a0\u00a0<a href=\"http:\/\/www.slogi.si\/en\/\"><img decoding=\"async\" class=\"alignleft wp-image-16638\" src=\"https:\/\/www.slogi.si\/wp-content\/uploads\/2024\/01\/SLOGI_SGI_RGB-400x300-2.png\" alt=\"\" width=\"200\" height=\"150\" \/><\/a><\/p>","protected":false},"excerpt":{"rendered":"<p>Kako v Ljubljani praznujemo 100-letnico slovenskega baleta? Ali jo praznujemo zadovoljivo in dovolj odmevno? Jo morda preve\u010d zanemarjamo? Na ta in \u0161e ve\u010d vpra\u0161anj bodo odgovarjali in podajali svoja mnenja Danica Dolinar, urednica Uredni\u0161tva glasbenih in baletnih oddaj TV Slovenija in \u010dlanica Strokovnega sveta SNG Opera in balet Ljubljana, Daliborka Podboj, plesna kriti\u010darka ter Rajko &#8230;<\/p>","protected":false},"featured_media":9167,"template":"","categories":[416,435],"tags":[],"izpostavljamo":[],"letnik":[],"tip":[421],"vrsta-razstave":[],"class_list":["post-9164","dogodki","type-dogodki","status-publish","has-post-thumbnail","hentry","category-dogodki","category-za-medije","tip-pogovor"],"acf":[],"yoast_head":"<!-- This site is optimized with the Yoast SEO plugin v27.5 - https:\/\/yoast.com\/product\/yoast-seo-wordpress\/ -->\n<title>Okrogla miza: Kako Ljubljana praznuje 100-letnico slovenskega baleta? - SLOGI<\/title>\n<meta name=\"robots\" content=\"index, follow, max-snippet:-1, max-image-preview:large, max-video-preview:-1\" \/>\n<link rel=\"canonical\" href=\"https:\/\/www.slogi.si\/en\/events\/kako-ljubljana-praznuje-100-letnico-slovenskega-baleta-okrogla-miza\/\" \/>\n<meta property=\"og:locale\" content=\"en_GB\" \/>\n<meta property=\"og:type\" content=\"article\" \/>\n<meta property=\"og:title\" content=\"Okrogla miza: Kako Ljubljana praznuje 100-letnico slovenskega baleta? - SLOGI\" \/>\n<meta property=\"og:description\" content=\"Kako v Ljubljani praznujemo 100-letnico slovenskega baleta? Ali jo praznujemo zadovoljivo in dovolj odmevno? Jo morda preve\u010d zanemarjamo? Na ta in \u0161e ve\u010d vpra\u0161anj bodo odgovarjali in podajali svoja mnenja Danica Dolinar, urednica Uredni\u0161tva glasbenih in baletnih oddaj TV Slovenija in \u010dlanica Strokovnega sveta SNG Opera in balet Ljubljana, Daliborka Podboj, plesna kriti\u010darka ter Rajko ...\" \/>\n<meta property=\"og:url\" content=\"https:\/\/www.slogi.si\/en\/events\/kako-ljubljana-praznuje-100-letnico-slovenskega-baleta-okrogla-miza\/\" \/>\n<meta property=\"og:site_name\" content=\"SLOGI\" \/>\n<meta property=\"article:modified_time\" content=\"2024-09-13T08:02:04+00:00\" \/>\n<meta property=\"og:image\" content=\"https:\/\/www.slogi.si\/wp-content\/uploads\/2024\/01\/100-let-baleta_p.png\" \/>\n\t<meta property=\"og:image:width\" content=\"1920\" \/>\n\t<meta property=\"og:image:height\" content=\"600\" \/>\n\t<meta property=\"og:image:type\" content=\"image\/png\" \/>\n<meta name=\"twitter:card\" content=\"summary_large_image\" \/>\n<script type=\"application\/ld+json\" class=\"yoast-schema-graph\">{\"@context\":\"https:\\\/\\\/schema.org\",\"@graph\":[{\"@type\":\"WebPage\",\"@id\":\"https:\\\/\\\/www.slogi.si\\\/dogodki\\\/kako-ljubljana-praznuje-100-letnico-slovenskega-baleta-okrogla-miza\\\/\",\"url\":\"https:\\\/\\\/www.slogi.si\\\/dogodki\\\/kako-ljubljana-praznuje-100-letnico-slovenskega-baleta-okrogla-miza\\\/\",\"name\":\"Okrogla miza: Kako Ljubljana praznuje 100-letnico slovenskega baleta? - SLOGI\",\"isPartOf\":{\"@id\":\"https:\\\/\\\/www.slogi.si\\\/#website\"},\"primaryImageOfPage\":{\"@id\":\"https:\\\/\\\/www.slogi.si\\\/dogodki\\\/kako-ljubljana-praznuje-100-letnico-slovenskega-baleta-okrogla-miza\\\/#primaryimage\"},\"image\":{\"@id\":\"https:\\\/\\\/www.slogi.si\\\/dogodki\\\/kako-ljubljana-praznuje-100-letnico-slovenskega-baleta-okrogla-miza\\\/#primaryimage\"},\"thumbnailUrl\":\"https:\\\/\\\/www.slogi.si\\\/wp-content\\\/uploads\\\/2024\\\/01\\\/100-let-baleta_p.png\",\"datePublished\":\"2019-01-27T10:10:06+00:00\",\"dateModified\":\"2024-09-13T08:02:04+00:00\",\"breadcrumb\":{\"@id\":\"https:\\\/\\\/www.slogi.si\\\/dogodki\\\/kako-ljubljana-praznuje-100-letnico-slovenskega-baleta-okrogla-miza\\\/#breadcrumb\"},\"inLanguage\":\"en-GB\",\"potentialAction\":[{\"@type\":\"ReadAction\",\"target\":[\"https:\\\/\\\/www.slogi.si\\\/dogodki\\\/kako-ljubljana-praznuje-100-letnico-slovenskega-baleta-okrogla-miza\\\/\"]}]},{\"@type\":\"ImageObject\",\"inLanguage\":\"en-GB\",\"@id\":\"https:\\\/\\\/www.slogi.si\\\/dogodki\\\/kako-ljubljana-praznuje-100-letnico-slovenskega-baleta-okrogla-miza\\\/#primaryimage\",\"url\":\"https:\\\/\\\/www.slogi.si\\\/wp-content\\\/uploads\\\/2024\\\/01\\\/100-let-baleta_p.png\",\"contentUrl\":\"https:\\\/\\\/www.slogi.si\\\/wp-content\\\/uploads\\\/2024\\\/01\\\/100-let-baleta_p.png\",\"width\":1920,\"height\":600},{\"@type\":\"BreadcrumbList\",\"@id\":\"https:\\\/\\\/www.slogi.si\\\/dogodki\\\/kako-ljubljana-praznuje-100-letnico-slovenskega-baleta-okrogla-miza\\\/#breadcrumb\",\"itemListElement\":[{\"@type\":\"ListItem\",\"position\":1,\"name\":\"Home\",\"item\":\"https:\\\/\\\/www.slogi.si\\\/\"},{\"@type\":\"ListItem\",\"position\":2,\"name\":\"Okrogla miza: Kako Ljubljana praznuje 100-letnico slovenskega baleta?\"}]},{\"@type\":\"WebSite\",\"@id\":\"https:\\\/\\\/www.slogi.si\\\/#website\",\"url\":\"https:\\\/\\\/www.slogi.si\\\/\",\"name\":\"SLOGI\",\"description\":\"Slovenski Gledali\u0161ki In\u0161titut\",\"publisher\":{\"@id\":\"https:\\\/\\\/www.slogi.si\\\/#organization\"},\"alternateName\":\"Slovenski Gledali\u0161ki In\u0161titut\",\"potentialAction\":[{\"@type\":\"SearchAction\",\"target\":{\"@type\":\"EntryPoint\",\"urlTemplate\":\"https:\\\/\\\/www.slogi.si\\\/?s={search_term_string}\"},\"query-input\":{\"@type\":\"PropertyValueSpecification\",\"valueRequired\":true,\"valueName\":\"search_term_string\"}}],\"inLanguage\":\"en-GB\"},{\"@type\":\"Organization\",\"@id\":\"https:\\\/\\\/www.slogi.si\\\/#organization\",\"name\":\"SLOGI\",\"alternateName\":\"Slovenski Gledali\u0161ki In\u0161titut\",\"url\":\"https:\\\/\\\/www.slogi.si\\\/\",\"logo\":{\"@type\":\"ImageObject\",\"inLanguage\":\"en-GB\",\"@id\":\"https:\\\/\\\/www.slogi.si\\\/#\\\/schema\\\/logo\\\/image\\\/\",\"url\":\"https:\\\/\\\/www.slogi.si\\\/wp-content\\\/uploads\\\/2024\\\/01\\\/favicon.svg\",\"contentUrl\":\"https:\\\/\\\/www.slogi.si\\\/wp-content\\\/uploads\\\/2024\\\/01\\\/favicon.svg\",\"width\":100,\"height\":100,\"caption\":\"SLOGI\"},\"image\":{\"@id\":\"https:\\\/\\\/www.slogi.si\\\/#\\\/schema\\\/logo\\\/image\\\/\"}}]}<\/script>\n<!-- \/ Yoast SEO plugin. -->","yoast_head_json":{"title":"Okrogla miza: Kako Ljubljana praznuje 100-letnico slovenskega baleta? - SLOGI","robots":{"index":"index","follow":"follow","max-snippet":"max-snippet:-1","max-image-preview":"max-image-preview:large","max-video-preview":"max-video-preview:-1"},"canonical":"https:\/\/www.slogi.si\/en\/events\/kako-ljubljana-praznuje-100-letnico-slovenskega-baleta-okrogla-miza\/","og_locale":"en_GB","og_type":"article","og_title":"Okrogla miza: Kako Ljubljana praznuje 100-letnico slovenskega baleta? - SLOGI","og_description":"Kako v Ljubljani praznujemo 100-letnico slovenskega baleta? Ali jo praznujemo zadovoljivo in dovolj odmevno? Jo morda preve\u010d zanemarjamo? Na ta in \u0161e ve\u010d vpra\u0161anj bodo odgovarjali in podajali svoja mnenja Danica Dolinar, urednica Uredni\u0161tva glasbenih in baletnih oddaj TV Slovenija in \u010dlanica Strokovnega sveta SNG Opera in balet Ljubljana, Daliborka Podboj, plesna kriti\u010darka ter Rajko ...","og_url":"https:\/\/www.slogi.si\/en\/events\/kako-ljubljana-praznuje-100-letnico-slovenskega-baleta-okrogla-miza\/","og_site_name":"SLOGI","article_modified_time":"2024-09-13T08:02:04+00:00","og_image":[{"width":1920,"height":600,"url":"https:\/\/www.slogi.si\/wp-content\/uploads\/2024\/01\/100-let-baleta_p.png","type":"image\/png"}],"twitter_card":"summary_large_image","schema":{"@context":"https:\/\/schema.org","@graph":[{"@type":"WebPage","@id":"https:\/\/www.slogi.si\/dogodki\/kako-ljubljana-praznuje-100-letnico-slovenskega-baleta-okrogla-miza\/","url":"https:\/\/www.slogi.si\/dogodki\/kako-ljubljana-praznuje-100-letnico-slovenskega-baleta-okrogla-miza\/","name":"Okrogla miza: Kako Ljubljana praznuje 100-letnico slovenskega baleta? - SLOGI","isPartOf":{"@id":"https:\/\/www.slogi.si\/#website"},"primaryImageOfPage":{"@id":"https:\/\/www.slogi.si\/dogodki\/kako-ljubljana-praznuje-100-letnico-slovenskega-baleta-okrogla-miza\/#primaryimage"},"image":{"@id":"https:\/\/www.slogi.si\/dogodki\/kako-ljubljana-praznuje-100-letnico-slovenskega-baleta-okrogla-miza\/#primaryimage"},"thumbnailUrl":"https:\/\/www.slogi.si\/wp-content\/uploads\/2024\/01\/100-let-baleta_p.png","datePublished":"2019-01-27T10:10:06+00:00","dateModified":"2024-09-13T08:02:04+00:00","breadcrumb":{"@id":"https:\/\/www.slogi.si\/dogodki\/kako-ljubljana-praznuje-100-letnico-slovenskega-baleta-okrogla-miza\/#breadcrumb"},"inLanguage":"en-GB","potentialAction":[{"@type":"ReadAction","target":["https:\/\/www.slogi.si\/dogodki\/kako-ljubljana-praznuje-100-letnico-slovenskega-baleta-okrogla-miza\/"]}]},{"@type":"ImageObject","inLanguage":"en-GB","@id":"https:\/\/www.slogi.si\/dogodki\/kako-ljubljana-praznuje-100-letnico-slovenskega-baleta-okrogla-miza\/#primaryimage","url":"https:\/\/www.slogi.si\/wp-content\/uploads\/2024\/01\/100-let-baleta_p.png","contentUrl":"https:\/\/www.slogi.si\/wp-content\/uploads\/2024\/01\/100-let-baleta_p.png","width":1920,"height":600},{"@type":"BreadcrumbList","@id":"https:\/\/www.slogi.si\/dogodki\/kako-ljubljana-praznuje-100-letnico-slovenskega-baleta-okrogla-miza\/#breadcrumb","itemListElement":[{"@type":"ListItem","position":1,"name":"Home","item":"https:\/\/www.slogi.si\/"},{"@type":"ListItem","position":2,"name":"Okrogla miza: Kako Ljubljana praznuje 100-letnico slovenskega baleta?"}]},{"@type":"WebSite","@id":"https:\/\/www.slogi.si\/#website","url":"https:\/\/www.slogi.si\/","name":"SLOGI","description":"Slovenian Theatre Institute","publisher":{"@id":"https:\/\/www.slogi.si\/#organization"},"alternateName":"Slovenski Gledali\u0161ki In\u0161titut","potentialAction":[{"@type":"SearchAction","target":{"@type":"EntryPoint","urlTemplate":"https:\/\/www.slogi.si\/?s={search_term_string}"},"query-input":{"@type":"PropertyValueSpecification","valueRequired":true,"valueName":"search_term_string"}}],"inLanguage":"en-GB"},{"@type":"Organization","@id":"https:\/\/www.slogi.si\/#organization","name":"SLOGI","alternateName":"Slovenski Gledali\u0161ki In\u0161titut","url":"https:\/\/www.slogi.si\/","logo":{"@type":"ImageObject","inLanguage":"en-GB","@id":"https:\/\/www.slogi.si\/#\/schema\/logo\/image\/","url":"https:\/\/www.slogi.si\/wp-content\/uploads\/2024\/01\/favicon.svg","contentUrl":"https:\/\/www.slogi.si\/wp-content\/uploads\/2024\/01\/favicon.svg","width":100,"height":100,"caption":"SLOGI"},"image":{"@id":"https:\/\/www.slogi.si\/#\/schema\/logo\/image\/"}}]}},"_links":{"self":[{"href":"https:\/\/www.slogi.si\/en\/wp-json\/wp\/v2\/dogodki\/9164","targetHints":{"allow":["GET"]}}],"collection":[{"href":"https:\/\/www.slogi.si\/en\/wp-json\/wp\/v2\/dogodki"}],"about":[{"href":"https:\/\/www.slogi.si\/en\/wp-json\/wp\/v2\/types\/dogodki"}],"wp:featuredmedia":[{"embeddable":true,"href":"https:\/\/www.slogi.si\/en\/wp-json\/wp\/v2\/media\/9167"}],"wp:attachment":[{"href":"https:\/\/www.slogi.si\/en\/wp-json\/wp\/v2\/media?parent=9164"}],"wp:term":[{"taxonomy":"category","embeddable":true,"href":"https:\/\/www.slogi.si\/en\/wp-json\/wp\/v2\/categories?post=9164"},{"taxonomy":"post_tag","embeddable":true,"href":"https:\/\/www.slogi.si\/en\/wp-json\/wp\/v2\/tags?post=9164"},{"taxonomy":"izpostavljamo","embeddable":true,"href":"https:\/\/www.slogi.si\/en\/wp-json\/wp\/v2\/izpostavljamo?post=9164"},{"taxonomy":"letnik","embeddable":true,"href":"https:\/\/www.slogi.si\/en\/wp-json\/wp\/v2\/letnik?post=9164"},{"taxonomy":"tip","embeddable":true,"href":"https:\/\/www.slogi.si\/en\/wp-json\/wp\/v2\/tip?post=9164"},{"taxonomy":"vrsta-razstave","embeddable":true,"href":"https:\/\/www.slogi.si\/en\/wp-json\/wp\/v2\/vrsta-razstave?post=9164"}],"curies":[{"name":"wp","href":"https:\/\/api.w.org\/{rel}","templated":true}]}}