{"id":9046,"date":"2018-12-07T08:02:36","date_gmt":"2018-12-07T07:02:36","guid":{"rendered":"https:\/\/www.slogi.si\/dogodki\/svetovni-dan-kamisibaja-zgodbe-na-stirih-nozicah-v-slogi-gledaliskem-muzeju\/"},"modified":"2024-09-13T10:02:02","modified_gmt":"2024-09-13T08:02:02","slug":"svetovni-dan-kamisibaja-zgodbe-na-stirih-nozicah-v-slogi-gledaliskem-muzeju","status":"publish","type":"dogodki","link":"https:\/\/www.slogi.si\/en\/dogodki\/svetovni-dan-kamisibaja-zgodbe-na-stirih-nozicah-v-slogi-gledaliskem-muzeju\/","title":{"rendered":"World Kamishibai Day. Stories on Four Legs at SLOGI \u2013 Theatre Museum"},"content":{"rendered":"<p>Na pobudo Mednarodne zveze kami\u0161ibaja na Japonskem (IKAJA \u2013 International Kamishibai Association of Japan), ki zdru\u017euje kami\u0161ibajkarje v 50 dr\u017eavah sveta, letos prvi\u010d 7. decembra obele\u017eujemo Svetovni dan kami\u0161ibaja. Na ta dan ZA \u0160OLSKE SKUPINE v sodelovanju &#8220;star\u0161ema&#8221; kami\u0161ibaja pri nas, Igorjem Cvetkom in Jeleno Sitar Cvetko iz Dru\u0161tva Zapik, pripravljamo kami\u0161ibaj predstavo Zgodbe na \u0161tirih no\u017eicah.<\/p>\n<p>&nbsp;<\/p>\n<p><strong>Free entry<\/strong>, \u0161tevilo prostih mest je omejeno \u2013 OBVEZNE PRIJAVE! Informacije in prijave na: <a href=\"mailto:sandra.jenko@slogi.si\" target=\"_blank\" rel=\"noopener\">sandra.jenko@slogi.si<\/a>.<\/p>\n<p>&nbsp;<\/p>\n<p>at 10 o&#039;clock<br \/>\nv dvorani SLOGI \u2013 Gledali\u0161kega muzeja (Mestni trg 17, Ljubljana)<br \/>\n<strong>Igor Cvetko in Jelena Sitar:<\/strong><br \/>\n<strong>Zgodbe na \u0161tirih no\u017eicah, \u017eivalske pravljice v kami\u0161ibaju, O\u0160 1, 60 min (ZA \u0160OLSKE SKUPINE)<\/strong><\/p>\n<p>&nbsp;<\/p>\n<p><img fetchpriority=\"high\" decoding=\"async\" class=\"wp-image-11066 alignleft\" src=\"https:\/\/www.slogi.si\/wp-content\/uploads\/2024\/01\/Kamisibaj_2-300x236-1.jpg\" alt=\"Igor Cvetko in Jelena Sitar: Zgodbe na \u0161tirih no\u017eicah, \u017eivalske pravljice v kami\u0161ibaju\" width=\"374\" height=\"294\" \/>Od drobne mravlje do velike grdine, vmes pa mi\u0161ke, lisice, volki in druge \u017eivali, vse so junaki na\u0161ih pravljic. \u017divijo v malih lesenih odrih razli\u010dnih oblik in velikosti. Vsakokrat druga\u010de narisane v vsaki papirni zgodbi o\u017eivijo, nas vklju\u010dijo v svoje stiske, juna\u0161tva, modrosti in neumnosti, precej podobne na\u0161im. V\u010dasih se jih ustra\u0161imo, ve\u010dkrat se jim smejimo.<\/p>\n<p>&nbsp;<\/p>\n<p><strong>Kami\u0161ibaj<\/strong> vam je gotovo \u017ee znan: nekaj skupaj zbitih de\u0161\u010dic, vratca in kup\u010dek porisanih listov. Kaj pa je treba storiti, da se v njem zgodi \u010darovnija, da zgodbe pred gledalci o\u017eivijo? To bomo preizkusili v delavnici, ki sledi predstavi. Nastopila bosta Igor Cvetko in Jelena Sitar, ki ju ne kli\u010dejo kami\u0161ibajkarji zastonj \u00bbata in mama\u00ab slovenskega kami\u0161ibaja, saj je Igor zanesel kami\u0161ibaj v Slovenijo in ga skupaj z Jeleno igra, razvija, raziskuje in pou\u010duje.<\/p>\n<p>&nbsp;<\/p>\n<p>&nbsp;<\/p>\n<p>&nbsp;<\/p>","protected":false},"excerpt":{"rendered":"<p>At the initiative of the International Kamishibai Association of Japan (IKAJA), which unites kamishibai players in 50 countries around the world, this year we are celebrating World Kamishibai Day for the first time on December 7. On this day, FOR SCHOOL GROUPS, in cooperation with the &quot;parents&quot; of kamishibai in our country, Igor Cvetko and Jelena Sitar Cvetko from the Zapik Society, we are preparing a kamishibai performance called Stories on ...<\/p>","protected":false},"featured_media":9048,"template":"","categories":[416],"tags":[468,471],"izpostavljamo":[],"letnik":[305],"tip":[508],"vrsta-razstave":[],"class_list":["post-9046","dogodki","type-dogodki","status-publish","has-post-thumbnail","hentry","category-dogodki","tag-drustvo-kamisibaj","tag-kamisibaj","letnik-305","tip-uprizoritev"],"acf":[],"yoast_head":"<!-- This site is optimized with the Yoast SEO plugin v27.5 - https:\/\/yoast.com\/product\/yoast-seo-wordpress\/ -->\n<title>Svetovni dan kami\u0161ibaja. Zgodbe na \u0161tirih no\u017eicah v SLOGI \u2013 Gledali\u0161kem muzeju - SLOGI<\/title>\n<meta name=\"robots\" content=\"index, follow, max-snippet:-1, max-image-preview:large, max-video-preview:-1\" \/>\n<link rel=\"canonical\" href=\"https:\/\/www.slogi.si\/en\/events\/svetovni-dan-kamisibaja-zgodbe-na-stirih-nozicah-v-slogi-gledaliskem-muzeju\/\" \/>\n<meta property=\"og:locale\" content=\"en_GB\" \/>\n<meta property=\"og:type\" content=\"article\" \/>\n<meta property=\"og:title\" content=\"Svetovni dan kami\u0161ibaja. Zgodbe na \u0161tirih no\u017eicah v SLOGI \u2013 Gledali\u0161kem muzeju - SLOGI\" \/>\n<meta property=\"og:description\" content=\"Na pobudo Mednarodne zveze kami\u0161ibaja na Japonskem (IKAJA \u2013 International Kamishibai Association of Japan), ki zdru\u017euje kami\u0161ibajkarje v 50 dr\u017eavah sveta, letos prvi\u010d 7. decembra obele\u017eujemo Svetovni dan kami\u0161ibaja. Na ta dan ZA \u0160OLSKE SKUPINE v sodelovanju &#8220;star\u0161ema&#8221; kami\u0161ibaja pri nas, Igorjem Cvetkom in Jeleno Sitar Cvetko iz Dru\u0161tva Zapik, pripravljamo kami\u0161ibaj predstavo Zgodbe na ...\" \/>\n<meta property=\"og:url\" content=\"https:\/\/www.slogi.si\/en\/events\/svetovni-dan-kamisibaja-zgodbe-na-stirih-nozicah-v-slogi-gledaliskem-muzeju\/\" \/>\n<meta property=\"og:site_name\" content=\"SLOGI\" \/>\n<meta property=\"article:modified_time\" content=\"2024-09-13T08:02:02+00:00\" \/>\n<meta property=\"og:image\" content=\"https:\/\/www.slogi.si\/wp-content\/uploads\/2024\/01\/Kamisibaj_2018-1.jpg\" \/>\n\t<meta property=\"og:image:width\" content=\"900\" \/>\n\t<meta property=\"og:image:height\" content=\"475\" \/>\n\t<meta property=\"og:image:type\" content=\"image\/jpeg\" \/>\n<meta name=\"twitter:card\" content=\"summary_large_image\" \/>\n<meta name=\"twitter:label1\" content=\"Estimated reading time\" \/>\n\t<meta name=\"twitter:data1\" content=\"1 minute\" \/>\n<script type=\"application\/ld+json\" class=\"yoast-schema-graph\">{\"@context\":\"https:\\\/\\\/schema.org\",\"@graph\":[{\"@type\":\"WebPage\",\"@id\":\"https:\\\/\\\/www.slogi.si\\\/dogodki\\\/svetovni-dan-kamisibaja-zgodbe-na-stirih-nozicah-v-slogi-gledaliskem-muzeju\\\/\",\"url\":\"https:\\\/\\\/www.slogi.si\\\/dogodki\\\/svetovni-dan-kamisibaja-zgodbe-na-stirih-nozicah-v-slogi-gledaliskem-muzeju\\\/\",\"name\":\"Svetovni dan kami\u0161ibaja. Zgodbe na \u0161tirih no\u017eicah v SLOGI \u2013 Gledali\u0161kem muzeju - SLOGI\",\"isPartOf\":{\"@id\":\"https:\\\/\\\/www.slogi.si\\\/#website\"},\"primaryImageOfPage\":{\"@id\":\"https:\\\/\\\/www.slogi.si\\\/dogodki\\\/svetovni-dan-kamisibaja-zgodbe-na-stirih-nozicah-v-slogi-gledaliskem-muzeju\\\/#primaryimage\"},\"image\":{\"@id\":\"https:\\\/\\\/www.slogi.si\\\/dogodki\\\/svetovni-dan-kamisibaja-zgodbe-na-stirih-nozicah-v-slogi-gledaliskem-muzeju\\\/#primaryimage\"},\"thumbnailUrl\":\"https:\\\/\\\/www.slogi.si\\\/wp-content\\\/uploads\\\/2024\\\/01\\\/Kamisibaj_2018-1.jpg\",\"datePublished\":\"2018-12-07T07:02:36+00:00\",\"dateModified\":\"2024-09-13T08:02:02+00:00\",\"breadcrumb\":{\"@id\":\"https:\\\/\\\/www.slogi.si\\\/dogodki\\\/svetovni-dan-kamisibaja-zgodbe-na-stirih-nozicah-v-slogi-gledaliskem-muzeju\\\/#breadcrumb\"},\"inLanguage\":\"en-GB\",\"potentialAction\":[{\"@type\":\"ReadAction\",\"target\":[\"https:\\\/\\\/www.slogi.si\\\/dogodki\\\/svetovni-dan-kamisibaja-zgodbe-na-stirih-nozicah-v-slogi-gledaliskem-muzeju\\\/\"]}]},{\"@type\":\"ImageObject\",\"inLanguage\":\"en-GB\",\"@id\":\"https:\\\/\\\/www.slogi.si\\\/dogodki\\\/svetovni-dan-kamisibaja-zgodbe-na-stirih-nozicah-v-slogi-gledaliskem-muzeju\\\/#primaryimage\",\"url\":\"https:\\\/\\\/www.slogi.si\\\/wp-content\\\/uploads\\\/2024\\\/01\\\/Kamisibaj_2018-1.jpg\",\"contentUrl\":\"https:\\\/\\\/www.slogi.si\\\/wp-content\\\/uploads\\\/2024\\\/01\\\/Kamisibaj_2018-1.jpg\",\"width\":900,\"height\":475,\"caption\":\"Na pobudo Mednarodne zveze kami\u0161ibaja na Japonskem letos prvi\u010d 7. decembra obele\u017eujemo Svetovni dan kami\u0161ibaja. Na ta dan pripravljamo kami\u0161ibaj predstavo.\"},{\"@type\":\"BreadcrumbList\",\"@id\":\"https:\\\/\\\/www.slogi.si\\\/dogodki\\\/svetovni-dan-kamisibaja-zgodbe-na-stirih-nozicah-v-slogi-gledaliskem-muzeju\\\/#breadcrumb\",\"itemListElement\":[{\"@type\":\"ListItem\",\"position\":1,\"name\":\"Home\",\"item\":\"https:\\\/\\\/www.slogi.si\\\/\"},{\"@type\":\"ListItem\",\"position\":2,\"name\":\"Svetovni dan kami\u0161ibaja. Zgodbe na \u0161tirih no\u017eicah v SLOGI \u2013 Gledali\u0161kem muzeju\"}]},{\"@type\":\"WebSite\",\"@id\":\"https:\\\/\\\/www.slogi.si\\\/#website\",\"url\":\"https:\\\/\\\/www.slogi.si\\\/\",\"name\":\"SLOGI\",\"description\":\"Slovenski Gledali\u0161ki In\u0161titut\",\"publisher\":{\"@id\":\"https:\\\/\\\/www.slogi.si\\\/#organization\"},\"alternateName\":\"Slovenski Gledali\u0161ki In\u0161titut\",\"potentialAction\":[{\"@type\":\"SearchAction\",\"target\":{\"@type\":\"EntryPoint\",\"urlTemplate\":\"https:\\\/\\\/www.slogi.si\\\/?s={search_term_string}\"},\"query-input\":{\"@type\":\"PropertyValueSpecification\",\"valueRequired\":true,\"valueName\":\"search_term_string\"}}],\"inLanguage\":\"en-GB\"},{\"@type\":\"Organization\",\"@id\":\"https:\\\/\\\/www.slogi.si\\\/#organization\",\"name\":\"SLOGI\",\"alternateName\":\"Slovenski Gledali\u0161ki In\u0161titut\",\"url\":\"https:\\\/\\\/www.slogi.si\\\/\",\"logo\":{\"@type\":\"ImageObject\",\"inLanguage\":\"en-GB\",\"@id\":\"https:\\\/\\\/www.slogi.si\\\/#\\\/schema\\\/logo\\\/image\\\/\",\"url\":\"https:\\\/\\\/www.slogi.si\\\/wp-content\\\/uploads\\\/2024\\\/01\\\/favicon.svg\",\"contentUrl\":\"https:\\\/\\\/www.slogi.si\\\/wp-content\\\/uploads\\\/2024\\\/01\\\/favicon.svg\",\"width\":100,\"height\":100,\"caption\":\"SLOGI\"},\"image\":{\"@id\":\"https:\\\/\\\/www.slogi.si\\\/#\\\/schema\\\/logo\\\/image\\\/\"}}]}<\/script>\n<!-- \/ Yoast SEO plugin. -->","yoast_head_json":{"title":"Svetovni dan kami\u0161ibaja. Zgodbe na \u0161tirih no\u017eicah v SLOGI \u2013 Gledali\u0161kem muzeju - SLOGI","robots":{"index":"index","follow":"follow","max-snippet":"max-snippet:-1","max-image-preview":"max-image-preview:large","max-video-preview":"max-video-preview:-1"},"canonical":"https:\/\/www.slogi.si\/en\/events\/svetovni-dan-kamisibaja-zgodbe-na-stirih-nozicah-v-slogi-gledaliskem-muzeju\/","og_locale":"en_GB","og_type":"article","og_title":"Svetovni dan kami\u0161ibaja. Zgodbe na \u0161tirih no\u017eicah v SLOGI \u2013 Gledali\u0161kem muzeju - SLOGI","og_description":"Na pobudo Mednarodne zveze kami\u0161ibaja na Japonskem (IKAJA \u2013 International Kamishibai Association of Japan), ki zdru\u017euje kami\u0161ibajkarje v 50 dr\u017eavah sveta, letos prvi\u010d 7. decembra obele\u017eujemo Svetovni dan kami\u0161ibaja. Na ta dan ZA \u0160OLSKE SKUPINE v sodelovanju &#8220;star\u0161ema&#8221; kami\u0161ibaja pri nas, Igorjem Cvetkom in Jeleno Sitar Cvetko iz Dru\u0161tva Zapik, pripravljamo kami\u0161ibaj predstavo Zgodbe na ...","og_url":"https:\/\/www.slogi.si\/en\/events\/svetovni-dan-kamisibaja-zgodbe-na-stirih-nozicah-v-slogi-gledaliskem-muzeju\/","og_site_name":"SLOGI","article_modified_time":"2024-09-13T08:02:02+00:00","og_image":[{"width":900,"height":475,"url":"https:\/\/www.slogi.si\/wp-content\/uploads\/2024\/01\/Kamisibaj_2018-1.jpg","type":"image\/jpeg"}],"twitter_card":"summary_large_image","twitter_misc":{"Estimated reading time":"1 minute"},"schema":{"@context":"https:\/\/schema.org","@graph":[{"@type":"WebPage","@id":"https:\/\/www.slogi.si\/dogodki\/svetovni-dan-kamisibaja-zgodbe-na-stirih-nozicah-v-slogi-gledaliskem-muzeju\/","url":"https:\/\/www.slogi.si\/dogodki\/svetovni-dan-kamisibaja-zgodbe-na-stirih-nozicah-v-slogi-gledaliskem-muzeju\/","name":"Svetovni dan kami\u0161ibaja. Zgodbe na \u0161tirih no\u017eicah v SLOGI \u2013 Gledali\u0161kem muzeju - SLOGI","isPartOf":{"@id":"https:\/\/www.slogi.si\/#website"},"primaryImageOfPage":{"@id":"https:\/\/www.slogi.si\/dogodki\/svetovni-dan-kamisibaja-zgodbe-na-stirih-nozicah-v-slogi-gledaliskem-muzeju\/#primaryimage"},"image":{"@id":"https:\/\/www.slogi.si\/dogodki\/svetovni-dan-kamisibaja-zgodbe-na-stirih-nozicah-v-slogi-gledaliskem-muzeju\/#primaryimage"},"thumbnailUrl":"https:\/\/www.slogi.si\/wp-content\/uploads\/2024\/01\/Kamisibaj_2018-1.jpg","datePublished":"2018-12-07T07:02:36+00:00","dateModified":"2024-09-13T08:02:02+00:00","breadcrumb":{"@id":"https:\/\/www.slogi.si\/dogodki\/svetovni-dan-kamisibaja-zgodbe-na-stirih-nozicah-v-slogi-gledaliskem-muzeju\/#breadcrumb"},"inLanguage":"en-GB","potentialAction":[{"@type":"ReadAction","target":["https:\/\/www.slogi.si\/dogodki\/svetovni-dan-kamisibaja-zgodbe-na-stirih-nozicah-v-slogi-gledaliskem-muzeju\/"]}]},{"@type":"ImageObject","inLanguage":"en-GB","@id":"https:\/\/www.slogi.si\/dogodki\/svetovni-dan-kamisibaja-zgodbe-na-stirih-nozicah-v-slogi-gledaliskem-muzeju\/#primaryimage","url":"https:\/\/www.slogi.si\/wp-content\/uploads\/2024\/01\/Kamisibaj_2018-1.jpg","contentUrl":"https:\/\/www.slogi.si\/wp-content\/uploads\/2024\/01\/Kamisibaj_2018-1.jpg","width":900,"height":475,"caption":"Na pobudo Mednarodne zveze kami\u0161ibaja na Japonskem letos prvi\u010d 7. decembra obele\u017eujemo Svetovni dan kami\u0161ibaja. Na ta dan pripravljamo kami\u0161ibaj predstavo."},{"@type":"BreadcrumbList","@id":"https:\/\/www.slogi.si\/dogodki\/svetovni-dan-kamisibaja-zgodbe-na-stirih-nozicah-v-slogi-gledaliskem-muzeju\/#breadcrumb","itemListElement":[{"@type":"ListItem","position":1,"name":"Home","item":"https:\/\/www.slogi.si\/"},{"@type":"ListItem","position":2,"name":"Svetovni dan kami\u0161ibaja. Zgodbe na \u0161tirih no\u017eicah v SLOGI \u2013 Gledali\u0161kem muzeju"}]},{"@type":"WebSite","@id":"https:\/\/www.slogi.si\/#website","url":"https:\/\/www.slogi.si\/","name":"SLOGI","description":"Slovenian Theatre Institute","publisher":{"@id":"https:\/\/www.slogi.si\/#organization"},"alternateName":"Slovenski Gledali\u0161ki In\u0161titut","potentialAction":[{"@type":"SearchAction","target":{"@type":"EntryPoint","urlTemplate":"https:\/\/www.slogi.si\/?s={search_term_string}"},"query-input":{"@type":"PropertyValueSpecification","valueRequired":true,"valueName":"search_term_string"}}],"inLanguage":"en-GB"},{"@type":"Organization","@id":"https:\/\/www.slogi.si\/#organization","name":"SLOGI","alternateName":"Slovenski Gledali\u0161ki In\u0161titut","url":"https:\/\/www.slogi.si\/","logo":{"@type":"ImageObject","inLanguage":"en-GB","@id":"https:\/\/www.slogi.si\/#\/schema\/logo\/image\/","url":"https:\/\/www.slogi.si\/wp-content\/uploads\/2024\/01\/favicon.svg","contentUrl":"https:\/\/www.slogi.si\/wp-content\/uploads\/2024\/01\/favicon.svg","width":100,"height":100,"caption":"SLOGI"},"image":{"@id":"https:\/\/www.slogi.si\/#\/schema\/logo\/image\/"}}]}},"_links":{"self":[{"href":"https:\/\/www.slogi.si\/en\/wp-json\/wp\/v2\/dogodki\/9046","targetHints":{"allow":["GET"]}}],"collection":[{"href":"https:\/\/www.slogi.si\/en\/wp-json\/wp\/v2\/dogodki"}],"about":[{"href":"https:\/\/www.slogi.si\/en\/wp-json\/wp\/v2\/types\/dogodki"}],"wp:featuredmedia":[{"embeddable":true,"href":"https:\/\/www.slogi.si\/en\/wp-json\/wp\/v2\/media\/9048"}],"wp:attachment":[{"href":"https:\/\/www.slogi.si\/en\/wp-json\/wp\/v2\/media?parent=9046"}],"wp:term":[{"taxonomy":"category","embeddable":true,"href":"https:\/\/www.slogi.si\/en\/wp-json\/wp\/v2\/categories?post=9046"},{"taxonomy":"post_tag","embeddable":true,"href":"https:\/\/www.slogi.si\/en\/wp-json\/wp\/v2\/tags?post=9046"},{"taxonomy":"izpostavljamo","embeddable":true,"href":"https:\/\/www.slogi.si\/en\/wp-json\/wp\/v2\/izpostavljamo?post=9046"},{"taxonomy":"letnik","embeddable":true,"href":"https:\/\/www.slogi.si\/en\/wp-json\/wp\/v2\/letnik?post=9046"},{"taxonomy":"tip","embeddable":true,"href":"https:\/\/www.slogi.si\/en\/wp-json\/wp\/v2\/tip?post=9046"},{"taxonomy":"vrsta-razstave","embeddable":true,"href":"https:\/\/www.slogi.si\/en\/wp-json\/wp\/v2\/vrsta-razstave?post=9046"}],"curies":[{"name":"wp","href":"https:\/\/api.w.org\/{rel}","templated":true}]}}