{"id":8715,"date":"2015-10-15T11:06:08","date_gmt":"2015-10-15T09:06:08","guid":{"rendered":"https:\/\/www.slogi.si\/dogodki\/odprtje-razstave-portreti-prvakov-prejemnice-in-prejemniki-borstnikovega-prstana-1970-2015-2\/"},"modified":"2024-09-13T10:01:49","modified_gmt":"2024-09-13T08:01:49","slug":"odprtje-razstave-portreti-prvakov-prejemnice-in-prejemniki-borstnikovega-prstana-1970-2015-2","status":"publish","type":"dogodki","link":"https:\/\/www.slogi.si\/en\/dogodki\/odprtje-razstave-portreti-prvakov-prejemnice-in-prejemniki-borstnikovega-prstana-1970-2015-2\/","title":{"rendered":"Opening of the exhibition and e-exhibition: Let&#039;s go to Bor\u0161tnik!"},"content":{"rendered":"<p>Slovenski gledali\u0161ki in\u0161titut, Muzej narodne osvoboditve Maribor in SNG Maribor (Festival Bor\u0161tnikovo sre\u010danje) v sodelovanju s slovenskimi gledali\u0161\u010di, AGRFT in Zgodovinskim arhivom Celje bomo jubilej proslavili z veliko razstavo ob 50. obletnici Festivala Bor\u0161tnikovo sre\u010danje<strong> Let&#039;s go to Bor\u0161tnik!<\/strong>, ki bo od 15. oktobra 2015 do 8. februarja 2015 na ogled v Muzeju narodne osvoboditve v Mariboru, in e-razstavo <a href=\"http:\/\/repertoar.sigledal.org\/razstava\/prejemnice-in-prejemniki-borstnikovega-prstana\" target=\"_blank\" rel=\"noopener\"><strong>Dobitniki Bor\u0161tnikovega prstana 1970\u20132014<\/strong><\/a>, pri kateri sta partnerja \u0161e zavod Novi Zato. in RTV Slovenija \u2013 Radio Slovenija.<\/p>\n<p>&nbsp;<\/p>\n<p>Obiskovalcem \u017eelimo ponuditi razmislek o spremembah v slovenski (in sploh dana\u0161nji) dru\u017ebi ter o pomenu in ume\u0161\u010denosti kulture v na\u0161e vsakdanje \u017eivljenje. Razstavo bomo odprli 15. oktobra 2015 ob 18. uri v Muzeju narodne osvoboditve Maribor, predhodno pa jo bomo tudi predstavili na novinarski konferenci, ki bo <strong>v sredo, 14. oktobra ob 11.00 uri v Muzeju narodne osvoboditve Maribor<\/strong>.<\/p>\n<p>&nbsp;<\/p>\n<p><a href=\"\/en\/?p=5330\" target=\"_blank\" rel=\"noopener\">More about the exhibition<\/a><\/p>\n<p>&nbsp;<\/p>\n<p><img decoding=\"async\" class=\"alignnone wp-image-2843\" src=\"https:\/\/www.slogi.si\/wp-content\/uploads\/2024\/01\/SLOGI_SGI_RGB-300x112-1.jpg\" alt=\"\" width=\"246\" height=\"92\" \/>\u00a0 \u00a0 \u00a0 \u00a0\u00a0<img decoding=\"async\" class=\"alignnone wp-image-4437\" src=\"https:\/\/www.slogi.si\/wp-content\/uploads\/2024\/01\/muzej-narodne-osvoboditve-maribor.gif\" alt=\"\" width=\"120\" height=\"84\" \/>\u00a0 \u00a0 \u00a0 \u00a0\u00a0<img decoding=\"async\" class=\"alignnone size-full wp-image-4439\" src=\"https:\/\/www.slogi.si\/wp-content\/uploads\/2024\/01\/Drama-opera-balet-Maribor.jpg\" alt=\"\" width=\"201\" height=\"78\" \/><\/p>\n<p>&nbsp;<\/p>\n<p>&nbsp;<\/p>","protected":false},"excerpt":{"rendered":"<p>Slovenski gledali\u0161ki in\u0161titut, Muzej narodne osvoboditve Maribor in SNG Maribor (Festival Bor\u0161tnikovo sre\u010danje) v sodelovanju s slovenskimi gledali\u0161\u010di, AGRFT in Zgodovinskim arhivom Celje bomo jubilej proslavili z veliko razstavo ob 50. obletnici Festivala Bor\u0161tnikovo sre\u010danje Gremo na Bor\u0161tnika!, ki bo od 15. oktobra 2015 do 8. februarja 2015 na ogled v Muzeju narodne osvoboditve v &#8230;<\/p>","protected":false},"featured_media":8620,"template":"","categories":[416],"tags":[441,554,413],"izpostavljamo":[],"letnik":[241],"tip":[414],"vrsta-razstave":[],"class_list":["post-8715","dogodki","type-dogodki","status-publish","has-post-thumbnail","hentry","category-dogodki","tag-borstnikovo-srecanje","tag-e-razstava","tag-razstava","letnik-241","tip-razstava"],"acf":[],"yoast_head":"<!-- This site is optimized with the Yoast SEO plugin v27.5 - https:\/\/yoast.com\/product\/yoast-seo-wordpress\/ -->\n<title>Odprtje razstave in e-razstave: Gremo na Bor\u0161tnika! - SLOGI<\/title>\n<meta name=\"robots\" content=\"index, follow, max-snippet:-1, max-image-preview:large, max-video-preview:-1\" \/>\n<link rel=\"canonical\" href=\"https:\/\/www.slogi.si\/en\/events\/odprtje-razstave-portreti-prvakov-prejemnice-in-prejemniki-borstnikovega-prstana-1970-2015-2\/\" \/>\n<meta property=\"og:locale\" content=\"en_GB\" \/>\n<meta property=\"og:type\" content=\"article\" \/>\n<meta property=\"og:title\" content=\"Odprtje razstave in e-razstave: Gremo na Bor\u0161tnika! - SLOGI\" \/>\n<meta property=\"og:description\" content=\"Slovenski gledali\u0161ki in\u0161titut, Muzej narodne osvoboditve Maribor in SNG Maribor (Festival Bor\u0161tnikovo sre\u010danje) v sodelovanju s slovenskimi gledali\u0161\u010di, AGRFT in Zgodovinskim arhivom Celje bomo jubilej proslavili z veliko razstavo ob 50. obletnici Festivala Bor\u0161tnikovo sre\u010danje Gremo na Bor\u0161tnika!, ki bo od 15. oktobra 2015 do 8. februarja 2015 na ogled v Muzeju narodne osvoboditve v ...\" \/>\n<meta property=\"og:url\" content=\"https:\/\/www.slogi.si\/en\/events\/odprtje-razstave-portreti-prvakov-prejemnice-in-prejemniki-borstnikovega-prstana-1970-2015-2\/\" \/>\n<meta property=\"og:site_name\" content=\"SLOGI\" \/>\n<meta property=\"article:modified_time\" content=\"2024-09-13T08:01:49+00:00\" \/>\n<meta property=\"og:image\" content=\"https:\/\/www.slogi.si\/wp-content\/uploads\/2024\/01\/Gremo-na-Borstnika-2.jpg\" \/>\n\t<meta property=\"og:image:width\" content=\"900\" \/>\n\t<meta property=\"og:image:height\" content=\"475\" \/>\n\t<meta property=\"og:image:type\" content=\"image\/jpeg\" \/>\n<meta name=\"twitter:card\" content=\"summary_large_image\" \/>\n<meta name=\"twitter:label1\" content=\"Estimated reading time\" \/>\n\t<meta name=\"twitter:data1\" content=\"1 minute\" \/>\n<script type=\"application\/ld+json\" class=\"yoast-schema-graph\">{\"@context\":\"https:\\\/\\\/schema.org\",\"@graph\":[{\"@type\":\"WebPage\",\"@id\":\"https:\\\/\\\/www.slogi.si\\\/dogodki\\\/odprtje-razstave-portreti-prvakov-prejemnice-in-prejemniki-borstnikovega-prstana-1970-2015-2\\\/\",\"url\":\"https:\\\/\\\/www.slogi.si\\\/dogodki\\\/odprtje-razstave-portreti-prvakov-prejemnice-in-prejemniki-borstnikovega-prstana-1970-2015-2\\\/\",\"name\":\"Odprtje razstave in e-razstave: Gremo na Bor\u0161tnika! - SLOGI\",\"isPartOf\":{\"@id\":\"https:\\\/\\\/www.slogi.si\\\/#website\"},\"primaryImageOfPage\":{\"@id\":\"https:\\\/\\\/www.slogi.si\\\/dogodki\\\/odprtje-razstave-portreti-prvakov-prejemnice-in-prejemniki-borstnikovega-prstana-1970-2015-2\\\/#primaryimage\"},\"image\":{\"@id\":\"https:\\\/\\\/www.slogi.si\\\/dogodki\\\/odprtje-razstave-portreti-prvakov-prejemnice-in-prejemniki-borstnikovega-prstana-1970-2015-2\\\/#primaryimage\"},\"thumbnailUrl\":\"https:\\\/\\\/www.slogi.si\\\/wp-content\\\/uploads\\\/2024\\\/01\\\/Gremo-na-Borstnika-2.jpg\",\"datePublished\":\"2015-10-15T09:06:08+00:00\",\"dateModified\":\"2024-09-13T08:01:49+00:00\",\"breadcrumb\":{\"@id\":\"https:\\\/\\\/www.slogi.si\\\/dogodki\\\/odprtje-razstave-portreti-prvakov-prejemnice-in-prejemniki-borstnikovega-prstana-1970-2015-2\\\/#breadcrumb\"},\"inLanguage\":\"en-GB\",\"potentialAction\":[{\"@type\":\"ReadAction\",\"target\":[\"https:\\\/\\\/www.slogi.si\\\/dogodki\\\/odprtje-razstave-portreti-prvakov-prejemnice-in-prejemniki-borstnikovega-prstana-1970-2015-2\\\/\"]}]},{\"@type\":\"ImageObject\",\"inLanguage\":\"en-GB\",\"@id\":\"https:\\\/\\\/www.slogi.si\\\/dogodki\\\/odprtje-razstave-portreti-prvakov-prejemnice-in-prejemniki-borstnikovega-prstana-1970-2015-2\\\/#primaryimage\",\"url\":\"https:\\\/\\\/www.slogi.si\\\/wp-content\\\/uploads\\\/2024\\\/01\\\/Gremo-na-Borstnika-2.jpg\",\"contentUrl\":\"https:\\\/\\\/www.slogi.si\\\/wp-content\\\/uploads\\\/2024\\\/01\\\/Gremo-na-Borstnika-2.jpg\",\"width\":900,\"height\":475,\"caption\":\"Odprtje gostovanja razstave Gremo na Bor\u0161tnika! v SNG Nova Gorica\"},{\"@type\":\"BreadcrumbList\",\"@id\":\"https:\\\/\\\/www.slogi.si\\\/dogodki\\\/odprtje-razstave-portreti-prvakov-prejemnice-in-prejemniki-borstnikovega-prstana-1970-2015-2\\\/#breadcrumb\",\"itemListElement\":[{\"@type\":\"ListItem\",\"position\":1,\"name\":\"Home\",\"item\":\"https:\\\/\\\/www.slogi.si\\\/\"},{\"@type\":\"ListItem\",\"position\":2,\"name\":\"Odprtje razstave in e-razstave: Gremo na Bor\u0161tnika!\"}]},{\"@type\":\"WebSite\",\"@id\":\"https:\\\/\\\/www.slogi.si\\\/#website\",\"url\":\"https:\\\/\\\/www.slogi.si\\\/\",\"name\":\"SLOGI\",\"description\":\"Slovenski Gledali\u0161ki In\u0161titut\",\"publisher\":{\"@id\":\"https:\\\/\\\/www.slogi.si\\\/#organization\"},\"alternateName\":\"Slovenski Gledali\u0161ki In\u0161titut\",\"potentialAction\":[{\"@type\":\"SearchAction\",\"target\":{\"@type\":\"EntryPoint\",\"urlTemplate\":\"https:\\\/\\\/www.slogi.si\\\/?s={search_term_string}\"},\"query-input\":{\"@type\":\"PropertyValueSpecification\",\"valueRequired\":true,\"valueName\":\"search_term_string\"}}],\"inLanguage\":\"en-GB\"},{\"@type\":\"Organization\",\"@id\":\"https:\\\/\\\/www.slogi.si\\\/#organization\",\"name\":\"SLOGI\",\"alternateName\":\"Slovenski Gledali\u0161ki In\u0161titut\",\"url\":\"https:\\\/\\\/www.slogi.si\\\/\",\"logo\":{\"@type\":\"ImageObject\",\"inLanguage\":\"en-GB\",\"@id\":\"https:\\\/\\\/www.slogi.si\\\/#\\\/schema\\\/logo\\\/image\\\/\",\"url\":\"https:\\\/\\\/www.slogi.si\\\/wp-content\\\/uploads\\\/2024\\\/01\\\/favicon.svg\",\"contentUrl\":\"https:\\\/\\\/www.slogi.si\\\/wp-content\\\/uploads\\\/2024\\\/01\\\/favicon.svg\",\"width\":100,\"height\":100,\"caption\":\"SLOGI\"},\"image\":{\"@id\":\"https:\\\/\\\/www.slogi.si\\\/#\\\/schema\\\/logo\\\/image\\\/\"}}]}<\/script>\n<!-- \/ Yoast SEO plugin. -->","yoast_head_json":{"title":"Odprtje razstave in e-razstave: Gremo na Bor\u0161tnika! - SLOGI","robots":{"index":"index","follow":"follow","max-snippet":"max-snippet:-1","max-image-preview":"max-image-preview:large","max-video-preview":"max-video-preview:-1"},"canonical":"https:\/\/www.slogi.si\/en\/events\/odprtje-razstave-portreti-prvakov-prejemnice-in-prejemniki-borstnikovega-prstana-1970-2015-2\/","og_locale":"en_GB","og_type":"article","og_title":"Odprtje razstave in e-razstave: Gremo na Bor\u0161tnika! - SLOGI","og_description":"Slovenski gledali\u0161ki in\u0161titut, Muzej narodne osvoboditve Maribor in SNG Maribor (Festival Bor\u0161tnikovo sre\u010danje) v sodelovanju s slovenskimi gledali\u0161\u010di, AGRFT in Zgodovinskim arhivom Celje bomo jubilej proslavili z veliko razstavo ob 50. obletnici Festivala Bor\u0161tnikovo sre\u010danje Gremo na Bor\u0161tnika!, ki bo od 15. oktobra 2015 do 8. februarja 2015 na ogled v Muzeju narodne osvoboditve v ...","og_url":"https:\/\/www.slogi.si\/en\/events\/odprtje-razstave-portreti-prvakov-prejemnice-in-prejemniki-borstnikovega-prstana-1970-2015-2\/","og_site_name":"SLOGI","article_modified_time":"2024-09-13T08:01:49+00:00","og_image":[{"width":900,"height":475,"url":"https:\/\/www.slogi.si\/wp-content\/uploads\/2024\/01\/Gremo-na-Borstnika-2.jpg","type":"image\/jpeg"}],"twitter_card":"summary_large_image","twitter_misc":{"Estimated reading time":"1 minute"},"schema":{"@context":"https:\/\/schema.org","@graph":[{"@type":"WebPage","@id":"https:\/\/www.slogi.si\/dogodki\/odprtje-razstave-portreti-prvakov-prejemnice-in-prejemniki-borstnikovega-prstana-1970-2015-2\/","url":"https:\/\/www.slogi.si\/dogodki\/odprtje-razstave-portreti-prvakov-prejemnice-in-prejemniki-borstnikovega-prstana-1970-2015-2\/","name":"Odprtje razstave in e-razstave: Gremo na Bor\u0161tnika! - SLOGI","isPartOf":{"@id":"https:\/\/www.slogi.si\/#website"},"primaryImageOfPage":{"@id":"https:\/\/www.slogi.si\/dogodki\/odprtje-razstave-portreti-prvakov-prejemnice-in-prejemniki-borstnikovega-prstana-1970-2015-2\/#primaryimage"},"image":{"@id":"https:\/\/www.slogi.si\/dogodki\/odprtje-razstave-portreti-prvakov-prejemnice-in-prejemniki-borstnikovega-prstana-1970-2015-2\/#primaryimage"},"thumbnailUrl":"https:\/\/www.slogi.si\/wp-content\/uploads\/2024\/01\/Gremo-na-Borstnika-2.jpg","datePublished":"2015-10-15T09:06:08+00:00","dateModified":"2024-09-13T08:01:49+00:00","breadcrumb":{"@id":"https:\/\/www.slogi.si\/dogodki\/odprtje-razstave-portreti-prvakov-prejemnice-in-prejemniki-borstnikovega-prstana-1970-2015-2\/#breadcrumb"},"inLanguage":"en-GB","potentialAction":[{"@type":"ReadAction","target":["https:\/\/www.slogi.si\/dogodki\/odprtje-razstave-portreti-prvakov-prejemnice-in-prejemniki-borstnikovega-prstana-1970-2015-2\/"]}]},{"@type":"ImageObject","inLanguage":"en-GB","@id":"https:\/\/www.slogi.si\/dogodki\/odprtje-razstave-portreti-prvakov-prejemnice-in-prejemniki-borstnikovega-prstana-1970-2015-2\/#primaryimage","url":"https:\/\/www.slogi.si\/wp-content\/uploads\/2024\/01\/Gremo-na-Borstnika-2.jpg","contentUrl":"https:\/\/www.slogi.si\/wp-content\/uploads\/2024\/01\/Gremo-na-Borstnika-2.jpg","width":900,"height":475,"caption":"Odprtje gostovanja razstave Gremo na Bor\u0161tnika! v SNG Nova Gorica"},{"@type":"BreadcrumbList","@id":"https:\/\/www.slogi.si\/dogodki\/odprtje-razstave-portreti-prvakov-prejemnice-in-prejemniki-borstnikovega-prstana-1970-2015-2\/#breadcrumb","itemListElement":[{"@type":"ListItem","position":1,"name":"Home","item":"https:\/\/www.slogi.si\/"},{"@type":"ListItem","position":2,"name":"Odprtje razstave in e-razstave: Gremo na Bor\u0161tnika!"}]},{"@type":"WebSite","@id":"https:\/\/www.slogi.si\/#website","url":"https:\/\/www.slogi.si\/","name":"SLOGI","description":"Slovenian Theatre Institute","publisher":{"@id":"https:\/\/www.slogi.si\/#organization"},"alternateName":"Slovenski Gledali\u0161ki In\u0161titut","potentialAction":[{"@type":"SearchAction","target":{"@type":"EntryPoint","urlTemplate":"https:\/\/www.slogi.si\/?s={search_term_string}"},"query-input":{"@type":"PropertyValueSpecification","valueRequired":true,"valueName":"search_term_string"}}],"inLanguage":"en-GB"},{"@type":"Organization","@id":"https:\/\/www.slogi.si\/#organization","name":"SLOGI","alternateName":"Slovenski Gledali\u0161ki In\u0161titut","url":"https:\/\/www.slogi.si\/","logo":{"@type":"ImageObject","inLanguage":"en-GB","@id":"https:\/\/www.slogi.si\/#\/schema\/logo\/image\/","url":"https:\/\/www.slogi.si\/wp-content\/uploads\/2024\/01\/favicon.svg","contentUrl":"https:\/\/www.slogi.si\/wp-content\/uploads\/2024\/01\/favicon.svg","width":100,"height":100,"caption":"SLOGI"},"image":{"@id":"https:\/\/www.slogi.si\/#\/schema\/logo\/image\/"}}]}},"_links":{"self":[{"href":"https:\/\/www.slogi.si\/en\/wp-json\/wp\/v2\/dogodki\/8715","targetHints":{"allow":["GET"]}}],"collection":[{"href":"https:\/\/www.slogi.si\/en\/wp-json\/wp\/v2\/dogodki"}],"about":[{"href":"https:\/\/www.slogi.si\/en\/wp-json\/wp\/v2\/types\/dogodki"}],"wp:featuredmedia":[{"embeddable":true,"href":"https:\/\/www.slogi.si\/en\/wp-json\/wp\/v2\/media\/8620"}],"wp:attachment":[{"href":"https:\/\/www.slogi.si\/en\/wp-json\/wp\/v2\/media?parent=8715"}],"wp:term":[{"taxonomy":"category","embeddable":true,"href":"https:\/\/www.slogi.si\/en\/wp-json\/wp\/v2\/categories?post=8715"},{"taxonomy":"post_tag","embeddable":true,"href":"https:\/\/www.slogi.si\/en\/wp-json\/wp\/v2\/tags?post=8715"},{"taxonomy":"izpostavljamo","embeddable":true,"href":"https:\/\/www.slogi.si\/en\/wp-json\/wp\/v2\/izpostavljamo?post=8715"},{"taxonomy":"letnik","embeddable":true,"href":"https:\/\/www.slogi.si\/en\/wp-json\/wp\/v2\/letnik?post=8715"},{"taxonomy":"tip","embeddable":true,"href":"https:\/\/www.slogi.si\/en\/wp-json\/wp\/v2\/tip?post=8715"},{"taxonomy":"vrsta-razstave","embeddable":true,"href":"https:\/\/www.slogi.si\/en\/wp-json\/wp\/v2\/vrsta-razstave?post=8715"}],"curies":[{"name":"wp","href":"https:\/\/api.w.org\/{rel}","templated":true}]}}