{"id":8701,"date":"2015-09-25T12:21:22","date_gmt":"2015-09-25T10:21:22","guid":{"rendered":"https:\/\/www.slogi.si\/?post_type=dogodki&#038;p=8701"},"modified":"2024-09-13T10:01:51","modified_gmt":"2024-09-13T08:01:51","slug":"dnevi-evropske-kulturne-dediscine-in-teden-kulturne-dediscine-v-slogi-2-2","status":"publish","type":"dogodki","link":"https:\/\/www.slogi.si\/en\/dogodki\/dnevi-evropske-kulturne-dediscine-in-teden-kulturne-dediscine-v-slogi-2-2\/","title":{"rendered":"European Cultural Heritage Days and Cultural Heritage Week in SLOGI"},"content":{"rendered":"<p>Tudi letos se v Slovenskem gledali\u0161kem in\u0161titutu (SLOGI) pridru\u017eujemo tokrat \u017ee <a href=\"http:\/\/www.zvkds.si\/sl\/dekd\/dekd-tkd\" target=\"_blank\" rel=\"noopener\">25. Dnevom evropske kulturne dedi\u0161\u010dine<\/a>, katerih rde\u010da nit bo \u00bbPraznovanja\u00ab in bodo potekali med 25. septembrom in 3. oktobrom. <strong>Free entry.<\/strong><\/p>\n<p>&nbsp;<\/p>\n<p><strong>torek, 29. septembra ob 10.00 (razstava SLOGI, 2. nadstropje)<\/strong><br \/>\n<strong>Do\u017eivetje \u0160kofjelo\u0161kega pasijona, ve\u010d\u010dutna delavnica; O\u0160 in S\u0160<\/strong><br \/>\n<img decoding=\"async\" class=\"wp-image-4551 alignleft\" src=\"https:\/\/www.slogi.si\/wp-content\/uploads\/2024\/01\/Dozivetje-Skofjeloskega-pasijona-300x200-1.jpg\" alt=\"Do\u017eivetje \u0160kofjelo\u0161kega pasijona, ve\u010d\u010dutna delavnica; O\u0160 in S\u0160\" width=\"191\" height=\"127\" \/>Neko\u010d je bila povezava med gledali\u0161\u010dem in verskimi prazniki veliko tesnej\u0161a. Pasijonske procesije na primer so tesno povezane z Veliko no\u010djo. Med njimi se je v Sloveniji kot \u017eiva dedi\u0161\u010dina ohranila procesija v \u0160kofji Loki. Udele\u017eenci delavnice spoznajo zgodovino, pomen, vsebino in podobo \u0160kofjelo\u0161kega pasijona. Primerno za osebe z okvaro vida. Informacije in prijave: <a href=\"mailto:sandra.jenko@slogi.si\">sandra.jenko@slogi.si<\/a>.<\/p>\n<p>&nbsp;<\/p>\n<p>&nbsp;<\/p>\n<p><strong>1. oktober in <\/strong><br \/>\n<strong>sobota, 3. oktobra ob 11.00 (razstava SLOGI, 2. nadstropje)<\/strong><br \/>\n<strong>Sre\u010danje z Bor\u0161tnikom, gledali\u0161ka delavnica; O\u0160 in S\u0160 ter za dru\u017eine z otroki na 5 let starosti<\/strong><\/p>\n<p><img decoding=\"async\" class=\"wp-image-4338 alignleft\" src=\"https:\/\/www.slogi.si\/wp-content\/uploads\/2024\/01\/Srecanje-z-Borstnikom-194x300-1.jpg\" alt=\"Ob 50. obletnici Festivala Bor\u0161tnikovo sre\u010danje \" width=\"134\" height=\"207\" \/>Ob 50. obletnici Festivala Bor\u0161tnikovo sre\u010danje se bomo vpra\u0161ali, kdo je bil Ignacij Bor\u0161tnik in zakaj se po njem imenuje gledali\u0161ki festival ter najpomembnej\u0161a gledali\u0161ka nagrada v Sloveniji. Udele\u017eenci se bodo seznanili tudi z delom igralca in se sami preizkusili v razvijanju vloge. Informacije in prijave: <a href=\"mailto:sandra.jenko@slogi.si\">sandra.jenko@slogi.si<\/a>.<\/p>\n<p>&nbsp;<\/p>\n<p>&nbsp;<\/p>\n<p>&nbsp;<\/p>\n<p>&nbsp;<\/p>\n<p>&nbsp;<\/p>\n<p><strong>petek, 2. oktobra ob 10.00 (razstava SLOGI, 2. nadstropje)<\/strong><br \/>\n<a href=\"\/en\/?p=5461\" target=\"_blank\" rel=\"noopener\"><strong>Hoja za gledali\u0161\u010dem &#8211; Od jezuitov do Cankarja. Praznovanje, vodstvo<\/strong><\/a><\/p>\n<p><img decoding=\"async\" class=\"wp-image-4340 alignleft\" src=\"https:\/\/www.slogi.si\/wp-content\/uploads\/2024\/01\/Hoja-za-gledaliscem-300x200-2.jpg\" alt=\"Permanent exhibition \" width=\"217\" height=\"144\" \/>Na vodstvu po stalni razstavi Hoja za gledali\u0161\u010dem &#8211; Od jezuitov do Cankarja se bomo osredoto\u010dili na praznovanje z gledali\u0161\u010dem.<br \/>\nStalna razstava osvetljuje pot, ki jo je gledali\u0161\u010de na Slovenskem prehodilo od druge polovice 17. do zgodnjega 20. stoletja. Predstavlja osebnosti in prostore gledali\u0161\u010da ter njegovo vpetost v evropska kulturna dogajanja in njegovo vlogo pri oblikovanju nacionalne zavesti. Informacije in prijave: <a href=\"mailto:mihael.cepeljnik@slogi.si\">mihael.cepeljnik@slogi.si<\/a>.<\/p>\n<p>&nbsp;<\/p>\n<p>&nbsp;<\/p>","protected":false},"excerpt":{"rendered":"<p>Tudi letos se v Slovenskem gledali\u0161kem in\u0161titutu (SLOGI) pridru\u017eujemo tokrat \u017ee 25. Dnevom evropske kulturne dedi\u0161\u010dine, katerih rde\u010da nit bo \u00bbPraznovanja\u00ab in bodo potekali med 25. septembrom in 3. oktobrom. Vstop prost. &nbsp; torek, 29. septembra ob 10.00 (razstava SLOGI, 2. nadstropje) Do\u017eivetje \u0160kofjelo\u0161kega pasijona, ve\u010d\u010dutna delavnica; O\u0160 in S\u0160 Neko\u010d je bila povezava med &#8230;<\/p>","protected":false},"featured_media":8704,"template":"","categories":[416],"tags":[443,493,413],"izpostavljamo":[],"letnik":[241],"tip":[414],"vrsta-razstave":[],"class_list":["post-8701","dogodki","type-dogodki","status-publish","has-post-thumbnail","hentry","category-dogodki","tag-hoja-za-gledaliscem","tag-od-jezuitov-do-cankarja","tag-razstava","letnik-241","tip-razstava"],"acf":[],"yoast_head":"<!-- This site is optimized with the Yoast SEO plugin v27.5 - https:\/\/yoast.com\/product\/yoast-seo-wordpress\/ -->\n<title>Dnevi evropske kulturne dedi\u0161\u010dine in Teden kulturne dedi\u0161\u010dine v SLOGI - SLOGI<\/title>\n<meta name=\"robots\" content=\"index, follow, max-snippet:-1, max-image-preview:large, max-video-preview:-1\" \/>\n<link rel=\"canonical\" href=\"https:\/\/www.slogi.si\/en\/events\/dnevi-evropske-kulturne-dediscine-in-teden-kulturne-dediscine-v-slogi-2-2\/\" \/>\n<meta property=\"og:locale\" content=\"en_GB\" \/>\n<meta property=\"og:type\" content=\"article\" \/>\n<meta property=\"og:title\" content=\"Dnevi evropske kulturne dedi\u0161\u010dine in Teden kulturne dedi\u0161\u010dine v SLOGI - SLOGI\" \/>\n<meta property=\"og:description\" content=\"Tudi letos se v Slovenskem gledali\u0161kem in\u0161titutu (SLOGI) pridru\u017eujemo tokrat \u017ee 25. Dnevom evropske kulturne dedi\u0161\u010dine, katerih rde\u010da nit bo \u00bbPraznovanja\u00ab in bodo potekali med 25. septembrom in 3. oktobrom. Vstop prost. &nbsp; torek, 29. septembra ob 10.00 (razstava SLOGI, 2. nadstropje) Do\u017eivetje \u0160kofjelo\u0161kega pasijona, ve\u010d\u010dutna delavnica; O\u0160 in S\u0160 Neko\u010d je bila povezava med ...\" \/>\n<meta property=\"og:url\" content=\"https:\/\/www.slogi.si\/en\/events\/dnevi-evropske-kulturne-dediscine-in-teden-kulturne-dediscine-v-slogi-2-2\/\" \/>\n<meta property=\"og:site_name\" content=\"SLOGI\" \/>\n<meta property=\"article:modified_time\" content=\"2024-09-13T08:01:51+00:00\" \/>\n<meta property=\"og:image\" content=\"https:\/\/www.slogi.si\/wp-content\/uploads\/2024\/01\/Dnevi-evropske-kulturne-dediscine.jpg\" \/>\n\t<meta property=\"og:image:width\" content=\"900\" \/>\n\t<meta property=\"og:image:height\" content=\"475\" \/>\n\t<meta property=\"og:image:type\" content=\"image\/jpeg\" \/>\n<meta name=\"twitter:card\" content=\"summary_large_image\" \/>\n<meta name=\"twitter:label1\" content=\"Estimated reading time\" \/>\n\t<meta name=\"twitter:data1\" content=\"1 minute\" \/>\n<script type=\"application\/ld+json\" class=\"yoast-schema-graph\">{\"@context\":\"https:\\\/\\\/schema.org\",\"@graph\":[{\"@type\":\"WebPage\",\"@id\":\"https:\\\/\\\/www.slogi.si\\\/dogodki\\\/dnevi-evropske-kulturne-dediscine-in-teden-kulturne-dediscine-v-slogi-2-2\\\/\",\"url\":\"https:\\\/\\\/www.slogi.si\\\/dogodki\\\/dnevi-evropske-kulturne-dediscine-in-teden-kulturne-dediscine-v-slogi-2-2\\\/\",\"name\":\"Dnevi evropske kulturne dedi\u0161\u010dine in Teden kulturne dedi\u0161\u010dine v SLOGI - SLOGI\",\"isPartOf\":{\"@id\":\"https:\\\/\\\/www.slogi.si\\\/#website\"},\"primaryImageOfPage\":{\"@id\":\"https:\\\/\\\/www.slogi.si\\\/dogodki\\\/dnevi-evropske-kulturne-dediscine-in-teden-kulturne-dediscine-v-slogi-2-2\\\/#primaryimage\"},\"image\":{\"@id\":\"https:\\\/\\\/www.slogi.si\\\/dogodki\\\/dnevi-evropske-kulturne-dediscine-in-teden-kulturne-dediscine-v-slogi-2-2\\\/#primaryimage\"},\"thumbnailUrl\":\"https:\\\/\\\/www.slogi.si\\\/wp-content\\\/uploads\\\/2024\\\/01\\\/Dnevi-evropske-kulturne-dediscine.jpg\",\"datePublished\":\"2015-09-25T10:21:22+00:00\",\"dateModified\":\"2024-09-13T08:01:51+00:00\",\"breadcrumb\":{\"@id\":\"https:\\\/\\\/www.slogi.si\\\/dogodki\\\/dnevi-evropske-kulturne-dediscine-in-teden-kulturne-dediscine-v-slogi-2-2\\\/#breadcrumb\"},\"inLanguage\":\"en-GB\",\"potentialAction\":[{\"@type\":\"ReadAction\",\"target\":[\"https:\\\/\\\/www.slogi.si\\\/dogodki\\\/dnevi-evropske-kulturne-dediscine-in-teden-kulturne-dediscine-v-slogi-2-2\\\/\"]}]},{\"@type\":\"ImageObject\",\"inLanguage\":\"en-GB\",\"@id\":\"https:\\\/\\\/www.slogi.si\\\/dogodki\\\/dnevi-evropske-kulturne-dediscine-in-teden-kulturne-dediscine-v-slogi-2-2\\\/#primaryimage\",\"url\":\"https:\\\/\\\/www.slogi.si\\\/wp-content\\\/uploads\\\/2024\\\/01\\\/Dnevi-evropske-kulturne-dediscine.jpg\",\"contentUrl\":\"https:\\\/\\\/www.slogi.si\\\/wp-content\\\/uploads\\\/2024\\\/01\\\/Dnevi-evropske-kulturne-dediscine.jpg\",\"width\":900,\"height\":475,\"caption\":\"Tudi letos se v Slovenskem gledali\u0161kem in\u0161titutu (SLOGI) pridru\u017eujemo tokrat \u017ee 25. Dnevom evropske kulturne dedi\u0161\u010dine\"},{\"@type\":\"BreadcrumbList\",\"@id\":\"https:\\\/\\\/www.slogi.si\\\/dogodki\\\/dnevi-evropske-kulturne-dediscine-in-teden-kulturne-dediscine-v-slogi-2-2\\\/#breadcrumb\",\"itemListElement\":[{\"@type\":\"ListItem\",\"position\":1,\"name\":\"Home\",\"item\":\"https:\\\/\\\/www.slogi.si\\\/\"},{\"@type\":\"ListItem\",\"position\":2,\"name\":\"Dnevi evropske kulturne dedi\u0161\u010dine in Teden kulturne dedi\u0161\u010dine v SLOGI\"}]},{\"@type\":\"WebSite\",\"@id\":\"https:\\\/\\\/www.slogi.si\\\/#website\",\"url\":\"https:\\\/\\\/www.slogi.si\\\/\",\"name\":\"SLOGI\",\"description\":\"Slovenski Gledali\u0161ki In\u0161titut\",\"publisher\":{\"@id\":\"https:\\\/\\\/www.slogi.si\\\/#organization\"},\"alternateName\":\"Slovenski Gledali\u0161ki In\u0161titut\",\"potentialAction\":[{\"@type\":\"SearchAction\",\"target\":{\"@type\":\"EntryPoint\",\"urlTemplate\":\"https:\\\/\\\/www.slogi.si\\\/?s={search_term_string}\"},\"query-input\":{\"@type\":\"PropertyValueSpecification\",\"valueRequired\":true,\"valueName\":\"search_term_string\"}}],\"inLanguage\":\"en-GB\"},{\"@type\":\"Organization\",\"@id\":\"https:\\\/\\\/www.slogi.si\\\/#organization\",\"name\":\"SLOGI\",\"alternateName\":\"Slovenski Gledali\u0161ki In\u0161titut\",\"url\":\"https:\\\/\\\/www.slogi.si\\\/\",\"logo\":{\"@type\":\"ImageObject\",\"inLanguage\":\"en-GB\",\"@id\":\"https:\\\/\\\/www.slogi.si\\\/#\\\/schema\\\/logo\\\/image\\\/\",\"url\":\"https:\\\/\\\/www.slogi.si\\\/wp-content\\\/uploads\\\/2024\\\/01\\\/favicon.svg\",\"contentUrl\":\"https:\\\/\\\/www.slogi.si\\\/wp-content\\\/uploads\\\/2024\\\/01\\\/favicon.svg\",\"width\":100,\"height\":100,\"caption\":\"SLOGI\"},\"image\":{\"@id\":\"https:\\\/\\\/www.slogi.si\\\/#\\\/schema\\\/logo\\\/image\\\/\"}}]}<\/script>\n<!-- \/ Yoast SEO plugin. -->","yoast_head_json":{"title":"Dnevi evropske kulturne dedi\u0161\u010dine in Teden kulturne dedi\u0161\u010dine v SLOGI - SLOGI","robots":{"index":"index","follow":"follow","max-snippet":"max-snippet:-1","max-image-preview":"max-image-preview:large","max-video-preview":"max-video-preview:-1"},"canonical":"https:\/\/www.slogi.si\/en\/events\/dnevi-evropske-kulturne-dediscine-in-teden-kulturne-dediscine-v-slogi-2-2\/","og_locale":"en_GB","og_type":"article","og_title":"Dnevi evropske kulturne dedi\u0161\u010dine in Teden kulturne dedi\u0161\u010dine v SLOGI - SLOGI","og_description":"Tudi letos se v Slovenskem gledali\u0161kem in\u0161titutu (SLOGI) pridru\u017eujemo tokrat \u017ee 25. Dnevom evropske kulturne dedi\u0161\u010dine, katerih rde\u010da nit bo \u00bbPraznovanja\u00ab in bodo potekali med 25. septembrom in 3. oktobrom. Vstop prost. &nbsp; torek, 29. septembra ob 10.00 (razstava SLOGI, 2. nadstropje) Do\u017eivetje \u0160kofjelo\u0161kega pasijona, ve\u010d\u010dutna delavnica; O\u0160 in S\u0160 Neko\u010d je bila povezava med ...","og_url":"https:\/\/www.slogi.si\/en\/events\/dnevi-evropske-kulturne-dediscine-in-teden-kulturne-dediscine-v-slogi-2-2\/","og_site_name":"SLOGI","article_modified_time":"2024-09-13T08:01:51+00:00","og_image":[{"width":900,"height":475,"url":"https:\/\/www.slogi.si\/wp-content\/uploads\/2024\/01\/Dnevi-evropske-kulturne-dediscine.jpg","type":"image\/jpeg"}],"twitter_card":"summary_large_image","twitter_misc":{"Estimated reading time":"1 minute"},"schema":{"@context":"https:\/\/schema.org","@graph":[{"@type":"WebPage","@id":"https:\/\/www.slogi.si\/dogodki\/dnevi-evropske-kulturne-dediscine-in-teden-kulturne-dediscine-v-slogi-2-2\/","url":"https:\/\/www.slogi.si\/dogodki\/dnevi-evropske-kulturne-dediscine-in-teden-kulturne-dediscine-v-slogi-2-2\/","name":"Dnevi evropske kulturne dedi\u0161\u010dine in Teden kulturne dedi\u0161\u010dine v SLOGI - SLOGI","isPartOf":{"@id":"https:\/\/www.slogi.si\/#website"},"primaryImageOfPage":{"@id":"https:\/\/www.slogi.si\/dogodki\/dnevi-evropske-kulturne-dediscine-in-teden-kulturne-dediscine-v-slogi-2-2\/#primaryimage"},"image":{"@id":"https:\/\/www.slogi.si\/dogodki\/dnevi-evropske-kulturne-dediscine-in-teden-kulturne-dediscine-v-slogi-2-2\/#primaryimage"},"thumbnailUrl":"https:\/\/www.slogi.si\/wp-content\/uploads\/2024\/01\/Dnevi-evropske-kulturne-dediscine.jpg","datePublished":"2015-09-25T10:21:22+00:00","dateModified":"2024-09-13T08:01:51+00:00","breadcrumb":{"@id":"https:\/\/www.slogi.si\/dogodki\/dnevi-evropske-kulturne-dediscine-in-teden-kulturne-dediscine-v-slogi-2-2\/#breadcrumb"},"inLanguage":"en-GB","potentialAction":[{"@type":"ReadAction","target":["https:\/\/www.slogi.si\/dogodki\/dnevi-evropske-kulturne-dediscine-in-teden-kulturne-dediscine-v-slogi-2-2\/"]}]},{"@type":"ImageObject","inLanguage":"en-GB","@id":"https:\/\/www.slogi.si\/dogodki\/dnevi-evropske-kulturne-dediscine-in-teden-kulturne-dediscine-v-slogi-2-2\/#primaryimage","url":"https:\/\/www.slogi.si\/wp-content\/uploads\/2024\/01\/Dnevi-evropske-kulturne-dediscine.jpg","contentUrl":"https:\/\/www.slogi.si\/wp-content\/uploads\/2024\/01\/Dnevi-evropske-kulturne-dediscine.jpg","width":900,"height":475,"caption":"Tudi letos se v Slovenskem gledali\u0161kem in\u0161titutu (SLOGI) pridru\u017eujemo tokrat \u017ee 25. Dnevom evropske kulturne dedi\u0161\u010dine"},{"@type":"BreadcrumbList","@id":"https:\/\/www.slogi.si\/dogodki\/dnevi-evropske-kulturne-dediscine-in-teden-kulturne-dediscine-v-slogi-2-2\/#breadcrumb","itemListElement":[{"@type":"ListItem","position":1,"name":"Home","item":"https:\/\/www.slogi.si\/"},{"@type":"ListItem","position":2,"name":"Dnevi evropske kulturne dedi\u0161\u010dine in Teden kulturne dedi\u0161\u010dine v SLOGI"}]},{"@type":"WebSite","@id":"https:\/\/www.slogi.si\/#website","url":"https:\/\/www.slogi.si\/","name":"SLOGI","description":"Slovenian Theatre Institute","publisher":{"@id":"https:\/\/www.slogi.si\/#organization"},"alternateName":"Slovenski Gledali\u0161ki In\u0161titut","potentialAction":[{"@type":"SearchAction","target":{"@type":"EntryPoint","urlTemplate":"https:\/\/www.slogi.si\/?s={search_term_string}"},"query-input":{"@type":"PropertyValueSpecification","valueRequired":true,"valueName":"search_term_string"}}],"inLanguage":"en-GB"},{"@type":"Organization","@id":"https:\/\/www.slogi.si\/#organization","name":"SLOGI","alternateName":"Slovenski Gledali\u0161ki In\u0161titut","url":"https:\/\/www.slogi.si\/","logo":{"@type":"ImageObject","inLanguage":"en-GB","@id":"https:\/\/www.slogi.si\/#\/schema\/logo\/image\/","url":"https:\/\/www.slogi.si\/wp-content\/uploads\/2024\/01\/favicon.svg","contentUrl":"https:\/\/www.slogi.si\/wp-content\/uploads\/2024\/01\/favicon.svg","width":100,"height":100,"caption":"SLOGI"},"image":{"@id":"https:\/\/www.slogi.si\/#\/schema\/logo\/image\/"}}]}},"_links":{"self":[{"href":"https:\/\/www.slogi.si\/en\/wp-json\/wp\/v2\/dogodki\/8701","targetHints":{"allow":["GET"]}}],"collection":[{"href":"https:\/\/www.slogi.si\/en\/wp-json\/wp\/v2\/dogodki"}],"about":[{"href":"https:\/\/www.slogi.si\/en\/wp-json\/wp\/v2\/types\/dogodki"}],"wp:featuredmedia":[{"embeddable":true,"href":"https:\/\/www.slogi.si\/en\/wp-json\/wp\/v2\/media\/8704"}],"wp:attachment":[{"href":"https:\/\/www.slogi.si\/en\/wp-json\/wp\/v2\/media?parent=8701"}],"wp:term":[{"taxonomy":"category","embeddable":true,"href":"https:\/\/www.slogi.si\/en\/wp-json\/wp\/v2\/categories?post=8701"},{"taxonomy":"post_tag","embeddable":true,"href":"https:\/\/www.slogi.si\/en\/wp-json\/wp\/v2\/tags?post=8701"},{"taxonomy":"izpostavljamo","embeddable":true,"href":"https:\/\/www.slogi.si\/en\/wp-json\/wp\/v2\/izpostavljamo?post=8701"},{"taxonomy":"letnik","embeddable":true,"href":"https:\/\/www.slogi.si\/en\/wp-json\/wp\/v2\/letnik?post=8701"},{"taxonomy":"tip","embeddable":true,"href":"https:\/\/www.slogi.si\/en\/wp-json\/wp\/v2\/tip?post=8701"},{"taxonomy":"vrsta-razstave","embeddable":true,"href":"https:\/\/www.slogi.si\/en\/wp-json\/wp\/v2\/vrsta-razstave?post=8701"}],"curies":[{"name":"wp","href":"https:\/\/api.w.org\/{rel}","templated":true}]}}