{"id":8683,"date":"2015-12-10T13:05:33","date_gmt":"2015-12-10T12:05:33","guid":{"rendered":"https:\/\/www.slogi.si\/dogodki\/migracije-begunci-avantgarda-21-stoletja-simpozij-situacija\/"},"modified":"2024-09-13T10:01:48","modified_gmt":"2024-09-13T08:01:48","slug":"migracije-begunci-avantgarda-21-stoletja-simpozij-situacija","status":"publish","type":"dogodki","link":"https:\/\/www.slogi.si\/en\/dogodki\/migracije-begunci-avantgarda-21-stoletja-simpozij-situacija\/","title":{"rendered":"Migracije  &#8211; begunci \u2013 avantgarda 21. stoletja, simpozij-situacija"},"content":{"rendered":"<p>Na dvodnevnem simpoziju-situaciji, ki ga 10. in 11. decembra organizira Zavod Projekt Atol v sodelovanju s Slovenskim gledali\u0161kim in\u0161titutom in posve\u010da 20. obletnici Srebreni\u0161kega genocida, \u017eelimo s prispevki vabljenih gostov kontekstualizirati dru\u017ebene odgovore na sedanjo in pretekle begunske krize in razviti pogovor o skupni usodi sedanjih in bodo\u010dih dr\u017eavljanov Evrope in novih identitet, ki se vzpostavljajo v kriti\u010dnih trenutkih zgodovine.<\/p>\n<p>&nbsp;<\/p>\n<p>Prvi dan simpozija-situacije bo namenjen zgodovinskim nastavkom sodobnega konteksta, ko se dvajset let po koncu vojn na obmo\u010dju nekdanje Jugoslavije znova soo\u010damo s tragedijo, ki jo nekateri ocenjujejo kot najhuj\u0161i eksodus po 2. svetovni vojni. Osvetlili jo bomo s prispevki predstavnikov relevantnih in\u0161titucij in anga\u017eiranih posameznikov ter moderiranimi pogovori.<\/p>\n<p>&nbsp;<\/p>\n<p>Drugi dan bo osrednji gost Hasan Nuhanovi\u0107, nekdanji prevajalec mirovnih sil v Srebrenici in eden od pre\u017eivelih, predstavil avtobiografijo z naslovom Zbijeg, ki govori o treh letih srebreni\u0161kega pekla. Pogovor o knjigi bo slu\u017eil tudi kot izhodi\u0161\u010de za razmislek o mestu in vlogi obravnavane tematike znotraj gledali\u0161\u010da in performativnih praks. Temu se bomo posvetili s prispevki nekaterih vidnej\u0161ih imen slovenskega gledali\u0161\u010da ter k sodelovanju in podajanju lastnih pogledov povabili tudi predstavnike mlaj\u0161e generacije.<\/p>\n<p>&nbsp;<\/p>\n<p>Ob simpoziju-situaicji bo v Slovenskem gledali\u0161kem in\u0161titutu predstavljena instalacija <em>Territory 1995<\/em> \u2013<em> Evidence (2006-2010<\/em>) (<em>Teritorij 1995 &#8211; Dokazi<\/em>), umetnika Marka Peljhana.<\/p>\n<p>&nbsp;<\/p>\n<p><strong>Free entry.<\/strong><\/p>\n<p>&nbsp;<\/p>\n<p><a href=\"https:\/\/www.facebook.com\/events\/1525833217736510\/\" target=\"_blank\" rel=\"noopener\">Program in ve\u010d o dvodnevnem simpoziju<\/a><\/p>\n<p>&nbsp;<\/p>\n<p><img decoding=\"async\" class=\"alignnone wp-image-4257\" src=\"https:\/\/www.slogi.si\/wp-content\/uploads\/2024\/01\/Zavod-projekt-atol.jpg\" alt=\"\" width=\"323\" height=\"101\" \/><\/p>\n<p>&nbsp;<\/p>","protected":false},"excerpt":{"rendered":"<p>Na dvodnevnem simpoziju-situaciji, ki ga 10. in 11. decembra organizira Zavod Projekt Atol v sodelovanju s Slovenskim gledali\u0161kim in\u0161titutom in posve\u010da 20. obletnici Srebreni\u0161kega genocida, \u017eelimo s prispevki vabljenih gostov kontekstualizirati dru\u017ebene odgovore na sedanjo in pretekle begunske krize in razviti pogovor o skupni usodi sedanjih in bodo\u010dih dr\u017eavljanov Evrope in novih identitet, ki se &#8230;<\/p>","protected":false},"featured_media":8685,"template":"","categories":[416],"tags":[551,438],"izpostavljamo":[],"letnik":[241],"tip":[],"vrsta-razstave":[],"class_list":["post-8683","dogodki","type-dogodki","status-publish","has-post-thumbnail","hentry","category-dogodki","tag-migracije","tag-simpozij","letnik-241"],"acf":[],"yoast_head":"<!-- This site is optimized with the Yoast SEO plugin v27.5 - https:\/\/yoast.com\/product\/yoast-seo-wordpress\/ -->\n<title>Migracije - begunci \u2013 avantgarda 21. stoletja, simpozij-situacija - SLOGI<\/title>\n<meta name=\"robots\" content=\"index, follow, max-snippet:-1, max-image-preview:large, max-video-preview:-1\" \/>\n<link rel=\"canonical\" href=\"https:\/\/www.slogi.si\/en\/events\/migracije-begunci-avantgarda-21-stoletja-simpozij-situacija\/\" \/>\n<meta property=\"og:locale\" content=\"en_GB\" \/>\n<meta property=\"og:type\" content=\"article\" \/>\n<meta property=\"og:title\" content=\"Migracije - begunci \u2013 avantgarda 21. stoletja, simpozij-situacija - SLOGI\" \/>\n<meta property=\"og:description\" content=\"Na dvodnevnem simpoziju-situaciji, ki ga 10. in 11. decembra organizira Zavod Projekt Atol v sodelovanju s Slovenskim gledali\u0161kim in\u0161titutom in posve\u010da 20. obletnici Srebreni\u0161kega genocida, \u017eelimo s prispevki vabljenih gostov kontekstualizirati dru\u017ebene odgovore na sedanjo in pretekle begunske krize in razviti pogovor o skupni usodi sedanjih in bodo\u010dih dr\u017eavljanov Evrope in novih identitet, ki se ...\" \/>\n<meta property=\"og:url\" content=\"https:\/\/www.slogi.si\/en\/events\/migracije-begunci-avantgarda-21-stoletja-simpozij-situacija\/\" \/>\n<meta property=\"og:site_name\" content=\"SLOGI\" \/>\n<meta property=\"article:modified_time\" content=\"2024-09-13T08:01:48+00:00\" \/>\n<meta property=\"og:image\" content=\"https:\/\/www.slogi.si\/wp-content\/uploads\/2024\/01\/Migracije-begunci-\u2013-avantgarda-21.-stoletja-simpozij-situacija.jpg\" \/>\n\t<meta property=\"og:image:width\" content=\"900\" \/>\n\t<meta property=\"og:image:height\" content=\"475\" \/>\n\t<meta property=\"og:image:type\" content=\"image\/jpeg\" \/>\n<meta name=\"twitter:card\" content=\"summary_large_image\" \/>\n<meta name=\"twitter:label1\" content=\"Estimated reading time\" \/>\n\t<meta name=\"twitter:data1\" content=\"1 minute\" \/>\n<script type=\"application\/ld+json\" class=\"yoast-schema-graph\">{\"@context\":\"https:\\\/\\\/schema.org\",\"@graph\":[{\"@type\":\"WebPage\",\"@id\":\"https:\\\/\\\/www.slogi.si\\\/dogodki\\\/migracije-begunci-avantgarda-21-stoletja-simpozij-situacija\\\/\",\"url\":\"https:\\\/\\\/www.slogi.si\\\/dogodki\\\/migracije-begunci-avantgarda-21-stoletja-simpozij-situacija\\\/\",\"name\":\"Migracije - begunci \u2013 avantgarda 21. stoletja, simpozij-situacija - SLOGI\",\"isPartOf\":{\"@id\":\"https:\\\/\\\/www.slogi.si\\\/#website\"},\"primaryImageOfPage\":{\"@id\":\"https:\\\/\\\/www.slogi.si\\\/dogodki\\\/migracije-begunci-avantgarda-21-stoletja-simpozij-situacija\\\/#primaryimage\"},\"image\":{\"@id\":\"https:\\\/\\\/www.slogi.si\\\/dogodki\\\/migracije-begunci-avantgarda-21-stoletja-simpozij-situacija\\\/#primaryimage\"},\"thumbnailUrl\":\"https:\\\/\\\/www.slogi.si\\\/wp-content\\\/uploads\\\/2024\\\/01\\\/Migracije-begunci-\u2013-avantgarda-21.-stoletja-simpozij-situacija.jpg\",\"datePublished\":\"2015-12-10T12:05:33+00:00\",\"dateModified\":\"2024-09-13T08:01:48+00:00\",\"breadcrumb\":{\"@id\":\"https:\\\/\\\/www.slogi.si\\\/dogodki\\\/migracije-begunci-avantgarda-21-stoletja-simpozij-situacija\\\/#breadcrumb\"},\"inLanguage\":\"en-GB\",\"potentialAction\":[{\"@type\":\"ReadAction\",\"target\":[\"https:\\\/\\\/www.slogi.si\\\/dogodki\\\/migracije-begunci-avantgarda-21-stoletja-simpozij-situacija\\\/\"]}]},{\"@type\":\"ImageObject\",\"inLanguage\":\"en-GB\",\"@id\":\"https:\\\/\\\/www.slogi.si\\\/dogodki\\\/migracije-begunci-avantgarda-21-stoletja-simpozij-situacija\\\/#primaryimage\",\"url\":\"https:\\\/\\\/www.slogi.si\\\/wp-content\\\/uploads\\\/2024\\\/01\\\/Migracije-begunci-\u2013-avantgarda-21.-stoletja-simpozij-situacija.jpg\",\"contentUrl\":\"https:\\\/\\\/www.slogi.si\\\/wp-content\\\/uploads\\\/2024\\\/01\\\/Migracije-begunci-\u2013-avantgarda-21.-stoletja-simpozij-situacija.jpg\",\"width\":900,\"height\":475,\"caption\":\"Migracije - begunci \u2013 avantgarda 21. stoletja, simpozij-situacija\"},{\"@type\":\"BreadcrumbList\",\"@id\":\"https:\\\/\\\/www.slogi.si\\\/dogodki\\\/migracije-begunci-avantgarda-21-stoletja-simpozij-situacija\\\/#breadcrumb\",\"itemListElement\":[{\"@type\":\"ListItem\",\"position\":1,\"name\":\"Home\",\"item\":\"https:\\\/\\\/www.slogi.si\\\/\"},{\"@type\":\"ListItem\",\"position\":2,\"name\":\"Migracije &#8211; begunci \u2013 avantgarda 21. stoletja, simpozij-situacija\"}]},{\"@type\":\"WebSite\",\"@id\":\"https:\\\/\\\/www.slogi.si\\\/#website\",\"url\":\"https:\\\/\\\/www.slogi.si\\\/\",\"name\":\"SLOGI\",\"description\":\"Slovenski Gledali\u0161ki In\u0161titut\",\"publisher\":{\"@id\":\"https:\\\/\\\/www.slogi.si\\\/#organization\"},\"alternateName\":\"Slovenski Gledali\u0161ki In\u0161titut\",\"potentialAction\":[{\"@type\":\"SearchAction\",\"target\":{\"@type\":\"EntryPoint\",\"urlTemplate\":\"https:\\\/\\\/www.slogi.si\\\/?s={search_term_string}\"},\"query-input\":{\"@type\":\"PropertyValueSpecification\",\"valueRequired\":true,\"valueName\":\"search_term_string\"}}],\"inLanguage\":\"en-GB\"},{\"@type\":\"Organization\",\"@id\":\"https:\\\/\\\/www.slogi.si\\\/#organization\",\"name\":\"SLOGI\",\"alternateName\":\"Slovenski Gledali\u0161ki In\u0161titut\",\"url\":\"https:\\\/\\\/www.slogi.si\\\/\",\"logo\":{\"@type\":\"ImageObject\",\"inLanguage\":\"en-GB\",\"@id\":\"https:\\\/\\\/www.slogi.si\\\/#\\\/schema\\\/logo\\\/image\\\/\",\"url\":\"https:\\\/\\\/www.slogi.si\\\/wp-content\\\/uploads\\\/2024\\\/01\\\/favicon.svg\",\"contentUrl\":\"https:\\\/\\\/www.slogi.si\\\/wp-content\\\/uploads\\\/2024\\\/01\\\/favicon.svg\",\"width\":100,\"height\":100,\"caption\":\"SLOGI\"},\"image\":{\"@id\":\"https:\\\/\\\/www.slogi.si\\\/#\\\/schema\\\/logo\\\/image\\\/\"}}]}<\/script>\n<!-- \/ Yoast SEO plugin. -->","yoast_head_json":{"title":"Migracije - begunci \u2013 avantgarda 21. stoletja, simpozij-situacija - SLOGI","robots":{"index":"index","follow":"follow","max-snippet":"max-snippet:-1","max-image-preview":"max-image-preview:large","max-video-preview":"max-video-preview:-1"},"canonical":"https:\/\/www.slogi.si\/en\/events\/migracije-begunci-avantgarda-21-stoletja-simpozij-situacija\/","og_locale":"en_GB","og_type":"article","og_title":"Migracije - begunci \u2013 avantgarda 21. stoletja, simpozij-situacija - SLOGI","og_description":"Na dvodnevnem simpoziju-situaciji, ki ga 10. in 11. decembra organizira Zavod Projekt Atol v sodelovanju s Slovenskim gledali\u0161kim in\u0161titutom in posve\u010da 20. obletnici Srebreni\u0161kega genocida, \u017eelimo s prispevki vabljenih gostov kontekstualizirati dru\u017ebene odgovore na sedanjo in pretekle begunske krize in razviti pogovor o skupni usodi sedanjih in bodo\u010dih dr\u017eavljanov Evrope in novih identitet, ki se ...","og_url":"https:\/\/www.slogi.si\/en\/events\/migracije-begunci-avantgarda-21-stoletja-simpozij-situacija\/","og_site_name":"SLOGI","article_modified_time":"2024-09-13T08:01:48+00:00","og_image":[{"width":900,"height":475,"url":"https:\/\/www.slogi.si\/wp-content\/uploads\/2024\/01\/Migracije-begunci-\u2013-avantgarda-21.-stoletja-simpozij-situacija.jpg","type":"image\/jpeg"}],"twitter_card":"summary_large_image","twitter_misc":{"Estimated reading time":"1 minute"},"schema":{"@context":"https:\/\/schema.org","@graph":[{"@type":"WebPage","@id":"https:\/\/www.slogi.si\/dogodki\/migracije-begunci-avantgarda-21-stoletja-simpozij-situacija\/","url":"https:\/\/www.slogi.si\/dogodki\/migracije-begunci-avantgarda-21-stoletja-simpozij-situacija\/","name":"Migracije - begunci \u2013 avantgarda 21. stoletja, simpozij-situacija - SLOGI","isPartOf":{"@id":"https:\/\/www.slogi.si\/#website"},"primaryImageOfPage":{"@id":"https:\/\/www.slogi.si\/dogodki\/migracije-begunci-avantgarda-21-stoletja-simpozij-situacija\/#primaryimage"},"image":{"@id":"https:\/\/www.slogi.si\/dogodki\/migracije-begunci-avantgarda-21-stoletja-simpozij-situacija\/#primaryimage"},"thumbnailUrl":"https:\/\/www.slogi.si\/wp-content\/uploads\/2024\/01\/Migracije-begunci-\u2013-avantgarda-21.-stoletja-simpozij-situacija.jpg","datePublished":"2015-12-10T12:05:33+00:00","dateModified":"2024-09-13T08:01:48+00:00","breadcrumb":{"@id":"https:\/\/www.slogi.si\/dogodki\/migracije-begunci-avantgarda-21-stoletja-simpozij-situacija\/#breadcrumb"},"inLanguage":"en-GB","potentialAction":[{"@type":"ReadAction","target":["https:\/\/www.slogi.si\/dogodki\/migracije-begunci-avantgarda-21-stoletja-simpozij-situacija\/"]}]},{"@type":"ImageObject","inLanguage":"en-GB","@id":"https:\/\/www.slogi.si\/dogodki\/migracije-begunci-avantgarda-21-stoletja-simpozij-situacija\/#primaryimage","url":"https:\/\/www.slogi.si\/wp-content\/uploads\/2024\/01\/Migracije-begunci-\u2013-avantgarda-21.-stoletja-simpozij-situacija.jpg","contentUrl":"https:\/\/www.slogi.si\/wp-content\/uploads\/2024\/01\/Migracije-begunci-\u2013-avantgarda-21.-stoletja-simpozij-situacija.jpg","width":900,"height":475,"caption":"Migracije - begunci \u2013 avantgarda 21. stoletja, simpozij-situacija"},{"@type":"BreadcrumbList","@id":"https:\/\/www.slogi.si\/dogodki\/migracije-begunci-avantgarda-21-stoletja-simpozij-situacija\/#breadcrumb","itemListElement":[{"@type":"ListItem","position":1,"name":"Home","item":"https:\/\/www.slogi.si\/"},{"@type":"ListItem","position":2,"name":"Migracije &#8211; begunci \u2013 avantgarda 21. stoletja, simpozij-situacija"}]},{"@type":"WebSite","@id":"https:\/\/www.slogi.si\/#website","url":"https:\/\/www.slogi.si\/","name":"SLOGI","description":"Slovenian Theatre Institute","publisher":{"@id":"https:\/\/www.slogi.si\/#organization"},"alternateName":"Slovenski Gledali\u0161ki In\u0161titut","potentialAction":[{"@type":"SearchAction","target":{"@type":"EntryPoint","urlTemplate":"https:\/\/www.slogi.si\/?s={search_term_string}"},"query-input":{"@type":"PropertyValueSpecification","valueRequired":true,"valueName":"search_term_string"}}],"inLanguage":"en-GB"},{"@type":"Organization","@id":"https:\/\/www.slogi.si\/#organization","name":"SLOGI","alternateName":"Slovenski Gledali\u0161ki In\u0161titut","url":"https:\/\/www.slogi.si\/","logo":{"@type":"ImageObject","inLanguage":"en-GB","@id":"https:\/\/www.slogi.si\/#\/schema\/logo\/image\/","url":"https:\/\/www.slogi.si\/wp-content\/uploads\/2024\/01\/favicon.svg","contentUrl":"https:\/\/www.slogi.si\/wp-content\/uploads\/2024\/01\/favicon.svg","width":100,"height":100,"caption":"SLOGI"},"image":{"@id":"https:\/\/www.slogi.si\/#\/schema\/logo\/image\/"}}]}},"_links":{"self":[{"href":"https:\/\/www.slogi.si\/en\/wp-json\/wp\/v2\/dogodki\/8683","targetHints":{"allow":["GET"]}}],"collection":[{"href":"https:\/\/www.slogi.si\/en\/wp-json\/wp\/v2\/dogodki"}],"about":[{"href":"https:\/\/www.slogi.si\/en\/wp-json\/wp\/v2\/types\/dogodki"}],"wp:featuredmedia":[{"embeddable":true,"href":"https:\/\/www.slogi.si\/en\/wp-json\/wp\/v2\/media\/8685"}],"wp:attachment":[{"href":"https:\/\/www.slogi.si\/en\/wp-json\/wp\/v2\/media?parent=8683"}],"wp:term":[{"taxonomy":"category","embeddable":true,"href":"https:\/\/www.slogi.si\/en\/wp-json\/wp\/v2\/categories?post=8683"},{"taxonomy":"post_tag","embeddable":true,"href":"https:\/\/www.slogi.si\/en\/wp-json\/wp\/v2\/tags?post=8683"},{"taxonomy":"izpostavljamo","embeddable":true,"href":"https:\/\/www.slogi.si\/en\/wp-json\/wp\/v2\/izpostavljamo?post=8683"},{"taxonomy":"letnik","embeddable":true,"href":"https:\/\/www.slogi.si\/en\/wp-json\/wp\/v2\/letnik?post=8683"},{"taxonomy":"tip","embeddable":true,"href":"https:\/\/www.slogi.si\/en\/wp-json\/wp\/v2\/tip?post=8683"},{"taxonomy":"vrsta-razstave","embeddable":true,"href":"https:\/\/www.slogi.si\/en\/wp-json\/wp\/v2\/vrsta-razstave?post=8683"}],"curies":[{"name":"wp","href":"https:\/\/api.w.org\/{rel}","templated":true}]}}