{"id":8633,"date":"2016-11-09T09:19:39","date_gmt":"2016-11-09T08:19:39","guid":{"rendered":"https:\/\/www.slogi.si\/dogodki\/dogodki-na-slovenski-kulturni-praznik\/"},"modified":"2024-09-13T10:01:47","modified_gmt":"2024-09-13T08:01:47","slug":"dogodki-na-slovenski-kulturni-praznik","status":"publish","type":"dogodki","link":"https:\/\/www.slogi.si\/en\/dogodki\/dogodki-na-slovenski-kulturni-praznik\/","title":{"rendered":"Dogodki na slovenski kulturni praznik"},"content":{"rendered":"<p><strong>ponedeljek, 8. februarja ob 15.00 in 17.00 (Muzej narodne osvoboditve Maribor)<\/strong><br \/>\n<strong>Javno vodstvo po razstavi Gremo na Bor\u0161tnika!<\/strong><\/p>\n<p>&nbsp;<\/p>\n<p>Po razstavi <a href=\"\/en\/?p=5330\" target=\"_blank\" rel=\"noopener\">Let&#039;s go to Bor\u0161tnik!<\/a> bosta vodili tudi njeni soavtorici mag. Tea Rogelj in Ana Perne. VSTOP ob slovenskem kulturnem prazniku PROST.<\/p>\n<p>&nbsp;<\/p>\n<p><strong>Bobri v SLOGI \u010detrtek, 4. februarja, ob 9.00 in ob 11.30 (oba termina sta \u017ee ZASEDENA) (za \u0161ole) ter <\/strong><\/p>\n<p><strong>ponedeljek, 8. februarja, ob 10.00 (za dru\u017eine)\u00a0<\/strong><strong>Clothes make the man, guided tour with workshop (6+, 90-120 min)<\/strong><\/p>\n<p>&nbsp;<\/p>\n<p><img fetchpriority=\"high\" decoding=\"async\" class=\"size-medium wp-image-1840 alignleft\" src=\"https:\/\/www.slogi.si\/wp-content\/uploads\/2024\/01\/Velika_Stalna-rastava-SLOGI_Hoja-za-GLEDalISCEM-Od-jezuitov-do-Cankarja_01-300x176-1.jpg\" alt=\"\" width=\"300\" height=\"176\" \/>S slogom obla\u010denja lahko izrazimo, kdo smo. Tudi v gledali\u0161\u010du je temu tako. Kostum spremlja igralca \u017ee od za\u010detkov gledali\u0161\u010da, kot ga poznamo danes, in lahko gledalcu pove marsikaj o vlogi in o igri. Z gledali\u0161kim kostumom lahko izrazimo starost, spol, osebnost, poklic, slog in druge zna\u010dilnosti osebe. Prav tako nam lahko pove, v katerem \u010dasu in na katerem kraju se igra dogaja. Na delavnici bomo raziskovali, kako se je gledali\u0161ki kostum razvil skozi \u010das, kako danes nastaja kostum v gledali\u0161\u010du ter kak\u0161no sporo\u010dilnost lahko ima. Ne smemo pozabiti, da je tudi kostum samo kos obla\u010dila, ki pravzaprav za\u017eivi \u0161ele z igro. Zato bomo poskusili o\u017eivljati kostume in jim z igro dati pomen, preden se z recikliranimi materiali tudi sami preizkusimo v vlogi kostumografov. VSTOP PROST. Informacije in prijave:<a href=\"mailto:sandra.jenko@slogi.si\"> sandra.jenko@slogi.si<\/a><\/p>\n<p>&nbsp;<\/p>\n<p><strong>od 23. januarja do 8. februarja 2016<\/strong><br \/>\n<strong>BOBRI, 8th Ljubljana Festival of Cultural and Artistic Education<\/strong><br \/>\n<strong>Festival organizer: City of Ljubljana; executive producer: Slovenian Youth Theatre<\/strong><\/p>\n<p>&nbsp;<\/p>\n<p><img decoding=\"async\" class=\"size-medium wp-image-4120 alignleft\" src=\"https:\/\/www.slogi.si\/wp-content\/uploads\/2024\/01\/Bobri-2-300x151-1.jpg\" alt=\"BOBRI, 8th Ljubljana Festival of Cultural and Artistic Education\" width=\"300\" height=\"151\" \/>Ljubljana will be the European Green Capital in 2016; the 8th Ljubljana Festival of Cultural and Artistic Education Bobri will join the numerous events taking place under this umbrella. At various workshops and other events in museums, galleries and libraries, as well as at theatre, film, dance and music performances, we will explore and develop sensitivity to protecting the local and global environment, which is currently plagued by climate change, resource scarcity and harmful appropriation. We will examine how we can creatively use waste, how we can share and share goods, skills and knowledge. Children will once again be able to actively participate in festival events and thus help to co-create them. <a href=\"http:\/\/www.bobri.si\/\" target=\"_blank\" rel=\"noopener\">More information<\/a><\/p>\n<p>&nbsp;<\/p>","protected":false},"excerpt":{"rendered":"<p>ponedeljek, 8. februarja ob 15.00 in 17.00 (Muzej narodne osvoboditve Maribor) Javno vodstvo po razstavi Gremo na Bor\u0161tnika! &nbsp; Po razstavi Gremo na Bor\u0161tnika! bosta vodili tudi njeni soavtorici mag. Tea Rogelj in Ana Perne. VSTOP ob slovenskem kulturnem prazniku PROST. &nbsp; Bobri v SLOGI \u010detrtek, 4. februarja, ob 9.00 in ob 11.30 (oba termina &#8230;<\/p>","protected":false},"featured_media":8635,"template":"","categories":[416],"tags":[424,412,480,548,413],"izpostavljamo":[],"letnik":[243],"tip":[432],"vrsta-razstave":[],"class_list":["post-8633","dogodki","type-dogodki","status-publish","has-post-thumbnail","hentry","category-dogodki","tag-festival","tag-gledalisce-in-mladi","tag-kultura","tag-kulturni-praznik","tag-razstava","letnik-243","tip-vodstvo"],"acf":[],"yoast_head":"<!-- This site is optimized with the Yoast SEO plugin v27.5 - https:\/\/yoast.com\/product\/yoast-seo-wordpress\/ -->\n<title>Dogodki na slovenski kulturni praznik - SLOGI<\/title>\n<meta name=\"robots\" content=\"index, follow, max-snippet:-1, max-image-preview:large, max-video-preview:-1\" \/>\n<link rel=\"canonical\" href=\"https:\/\/www.slogi.si\/en\/events\/dogodki-na-slovenski-kulturni-praznik\/\" \/>\n<meta property=\"og:locale\" content=\"en_GB\" \/>\n<meta property=\"og:type\" content=\"article\" \/>\n<meta property=\"og:title\" content=\"Dogodki na slovenski kulturni praznik - SLOGI\" \/>\n<meta property=\"og:description\" content=\"ponedeljek, 8. februarja ob 15.00 in 17.00 (Muzej narodne osvoboditve Maribor) Javno vodstvo po razstavi Gremo na Bor\u0161tnika! &nbsp; Po razstavi Gremo na Bor\u0161tnika! bosta vodili tudi njeni soavtorici mag. Tea Rogelj in Ana Perne. VSTOP ob slovenskem kulturnem prazniku PROST. &nbsp; Bobri v SLOGI \u010detrtek, 4. februarja, ob 9.00 in ob 11.30 (oba termina ...\" \/>\n<meta property=\"og:url\" content=\"https:\/\/www.slogi.si\/en\/events\/dogodki-na-slovenski-kulturni-praznik\/\" \/>\n<meta property=\"og:site_name\" content=\"SLOGI\" \/>\n<meta property=\"article:modified_time\" content=\"2024-09-13T08:01:47+00:00\" \/>\n<meta property=\"og:image\" content=\"https:\/\/www.slogi.si\/wp-content\/uploads\/2024\/01\/Borstnik_.jpg\" \/>\n\t<meta property=\"og:image:width\" content=\"640\" \/>\n\t<meta property=\"og:image:height\" content=\"374\" \/>\n\t<meta property=\"og:image:type\" content=\"image\/jpeg\" \/>\n<meta name=\"twitter:card\" content=\"summary_large_image\" \/>\n<meta name=\"twitter:label1\" content=\"Estimated reading time\" \/>\n\t<meta name=\"twitter:data1\" content=\"2 minutes\" \/>\n<script type=\"application\/ld+json\" class=\"yoast-schema-graph\">{\"@context\":\"https:\\\/\\\/schema.org\",\"@graph\":[{\"@type\":\"WebPage\",\"@id\":\"https:\\\/\\\/www.slogi.si\\\/dogodki\\\/dogodki-na-slovenski-kulturni-praznik\\\/\",\"url\":\"https:\\\/\\\/www.slogi.si\\\/dogodki\\\/dogodki-na-slovenski-kulturni-praznik\\\/\",\"name\":\"Dogodki na slovenski kulturni praznik - SLOGI\",\"isPartOf\":{\"@id\":\"https:\\\/\\\/www.slogi.si\\\/#website\"},\"primaryImageOfPage\":{\"@id\":\"https:\\\/\\\/www.slogi.si\\\/dogodki\\\/dogodki-na-slovenski-kulturni-praznik\\\/#primaryimage\"},\"image\":{\"@id\":\"https:\\\/\\\/www.slogi.si\\\/dogodki\\\/dogodki-na-slovenski-kulturni-praznik\\\/#primaryimage\"},\"thumbnailUrl\":\"https:\\\/\\\/www.slogi.si\\\/wp-content\\\/uploads\\\/2024\\\/01\\\/Borstnik_.jpg\",\"datePublished\":\"2016-11-09T08:19:39+00:00\",\"dateModified\":\"2024-09-13T08:01:47+00:00\",\"breadcrumb\":{\"@id\":\"https:\\\/\\\/www.slogi.si\\\/dogodki\\\/dogodki-na-slovenski-kulturni-praznik\\\/#breadcrumb\"},\"inLanguage\":\"en-GB\",\"potentialAction\":[{\"@type\":\"ReadAction\",\"target\":[\"https:\\\/\\\/www.slogi.si\\\/dogodki\\\/dogodki-na-slovenski-kulturni-praznik\\\/\"]}]},{\"@type\":\"ImageObject\",\"inLanguage\":\"en-GB\",\"@id\":\"https:\\\/\\\/www.slogi.si\\\/dogodki\\\/dogodki-na-slovenski-kulturni-praznik\\\/#primaryimage\",\"url\":\"https:\\\/\\\/www.slogi.si\\\/wp-content\\\/uploads\\\/2024\\\/01\\\/Borstnik_.jpg\",\"contentUrl\":\"https:\\\/\\\/www.slogi.si\\\/wp-content\\\/uploads\\\/2024\\\/01\\\/Borstnik_.jpg\",\"width\":640,\"height\":374},{\"@type\":\"BreadcrumbList\",\"@id\":\"https:\\\/\\\/www.slogi.si\\\/dogodki\\\/dogodki-na-slovenski-kulturni-praznik\\\/#breadcrumb\",\"itemListElement\":[{\"@type\":\"ListItem\",\"position\":1,\"name\":\"Home\",\"item\":\"https:\\\/\\\/www.slogi.si\\\/\"},{\"@type\":\"ListItem\",\"position\":2,\"name\":\"Dogodki na slovenski kulturni praznik\"}]},{\"@type\":\"WebSite\",\"@id\":\"https:\\\/\\\/www.slogi.si\\\/#website\",\"url\":\"https:\\\/\\\/www.slogi.si\\\/\",\"name\":\"SLOGI\",\"description\":\"Slovenski Gledali\u0161ki In\u0161titut\",\"publisher\":{\"@id\":\"https:\\\/\\\/www.slogi.si\\\/#organization\"},\"alternateName\":\"Slovenski Gledali\u0161ki In\u0161titut\",\"potentialAction\":[{\"@type\":\"SearchAction\",\"target\":{\"@type\":\"EntryPoint\",\"urlTemplate\":\"https:\\\/\\\/www.slogi.si\\\/?s={search_term_string}\"},\"query-input\":{\"@type\":\"PropertyValueSpecification\",\"valueRequired\":true,\"valueName\":\"search_term_string\"}}],\"inLanguage\":\"en-GB\"},{\"@type\":\"Organization\",\"@id\":\"https:\\\/\\\/www.slogi.si\\\/#organization\",\"name\":\"SLOGI\",\"alternateName\":\"Slovenski Gledali\u0161ki In\u0161titut\",\"url\":\"https:\\\/\\\/www.slogi.si\\\/\",\"logo\":{\"@type\":\"ImageObject\",\"inLanguage\":\"en-GB\",\"@id\":\"https:\\\/\\\/www.slogi.si\\\/#\\\/schema\\\/logo\\\/image\\\/\",\"url\":\"https:\\\/\\\/www.slogi.si\\\/wp-content\\\/uploads\\\/2024\\\/01\\\/favicon.svg\",\"contentUrl\":\"https:\\\/\\\/www.slogi.si\\\/wp-content\\\/uploads\\\/2024\\\/01\\\/favicon.svg\",\"width\":100,\"height\":100,\"caption\":\"SLOGI\"},\"image\":{\"@id\":\"https:\\\/\\\/www.slogi.si\\\/#\\\/schema\\\/logo\\\/image\\\/\"}}]}<\/script>\n<!-- \/ Yoast SEO plugin. -->","yoast_head_json":{"title":"Dogodki na slovenski kulturni praznik - SLOGI","robots":{"index":"index","follow":"follow","max-snippet":"max-snippet:-1","max-image-preview":"max-image-preview:large","max-video-preview":"max-video-preview:-1"},"canonical":"https:\/\/www.slogi.si\/en\/events\/dogodki-na-slovenski-kulturni-praznik\/","og_locale":"en_GB","og_type":"article","og_title":"Dogodki na slovenski kulturni praznik - SLOGI","og_description":"ponedeljek, 8. februarja ob 15.00 in 17.00 (Muzej narodne osvoboditve Maribor) Javno vodstvo po razstavi Gremo na Bor\u0161tnika! &nbsp; Po razstavi Gremo na Bor\u0161tnika! bosta vodili tudi njeni soavtorici mag. Tea Rogelj in Ana Perne. VSTOP ob slovenskem kulturnem prazniku PROST. &nbsp; Bobri v SLOGI \u010detrtek, 4. februarja, ob 9.00 in ob 11.30 (oba termina ...","og_url":"https:\/\/www.slogi.si\/en\/events\/dogodki-na-slovenski-kulturni-praznik\/","og_site_name":"SLOGI","article_modified_time":"2024-09-13T08:01:47+00:00","og_image":[{"width":640,"height":374,"url":"https:\/\/www.slogi.si\/wp-content\/uploads\/2024\/01\/Borstnik_.jpg","type":"image\/jpeg"}],"twitter_card":"summary_large_image","twitter_misc":{"Estimated reading time":"2 minutes"},"schema":{"@context":"https:\/\/schema.org","@graph":[{"@type":"WebPage","@id":"https:\/\/www.slogi.si\/dogodki\/dogodki-na-slovenski-kulturni-praznik\/","url":"https:\/\/www.slogi.si\/dogodki\/dogodki-na-slovenski-kulturni-praznik\/","name":"Dogodki na slovenski kulturni praznik - SLOGI","isPartOf":{"@id":"https:\/\/www.slogi.si\/#website"},"primaryImageOfPage":{"@id":"https:\/\/www.slogi.si\/dogodki\/dogodki-na-slovenski-kulturni-praznik\/#primaryimage"},"image":{"@id":"https:\/\/www.slogi.si\/dogodki\/dogodki-na-slovenski-kulturni-praznik\/#primaryimage"},"thumbnailUrl":"https:\/\/www.slogi.si\/wp-content\/uploads\/2024\/01\/Borstnik_.jpg","datePublished":"2016-11-09T08:19:39+00:00","dateModified":"2024-09-13T08:01:47+00:00","breadcrumb":{"@id":"https:\/\/www.slogi.si\/dogodki\/dogodki-na-slovenski-kulturni-praznik\/#breadcrumb"},"inLanguage":"en-GB","potentialAction":[{"@type":"ReadAction","target":["https:\/\/www.slogi.si\/dogodki\/dogodki-na-slovenski-kulturni-praznik\/"]}]},{"@type":"ImageObject","inLanguage":"en-GB","@id":"https:\/\/www.slogi.si\/dogodki\/dogodki-na-slovenski-kulturni-praznik\/#primaryimage","url":"https:\/\/www.slogi.si\/wp-content\/uploads\/2024\/01\/Borstnik_.jpg","contentUrl":"https:\/\/www.slogi.si\/wp-content\/uploads\/2024\/01\/Borstnik_.jpg","width":640,"height":374},{"@type":"BreadcrumbList","@id":"https:\/\/www.slogi.si\/dogodki\/dogodki-na-slovenski-kulturni-praznik\/#breadcrumb","itemListElement":[{"@type":"ListItem","position":1,"name":"Home","item":"https:\/\/www.slogi.si\/"},{"@type":"ListItem","position":2,"name":"Dogodki na slovenski kulturni praznik"}]},{"@type":"WebSite","@id":"https:\/\/www.slogi.si\/#website","url":"https:\/\/www.slogi.si\/","name":"SLOGI","description":"Slovenian Theatre Institute","publisher":{"@id":"https:\/\/www.slogi.si\/#organization"},"alternateName":"Slovenski Gledali\u0161ki In\u0161titut","potentialAction":[{"@type":"SearchAction","target":{"@type":"EntryPoint","urlTemplate":"https:\/\/www.slogi.si\/?s={search_term_string}"},"query-input":{"@type":"PropertyValueSpecification","valueRequired":true,"valueName":"search_term_string"}}],"inLanguage":"en-GB"},{"@type":"Organization","@id":"https:\/\/www.slogi.si\/#organization","name":"SLOGI","alternateName":"Slovenski Gledali\u0161ki In\u0161titut","url":"https:\/\/www.slogi.si\/","logo":{"@type":"ImageObject","inLanguage":"en-GB","@id":"https:\/\/www.slogi.si\/#\/schema\/logo\/image\/","url":"https:\/\/www.slogi.si\/wp-content\/uploads\/2024\/01\/favicon.svg","contentUrl":"https:\/\/www.slogi.si\/wp-content\/uploads\/2024\/01\/favicon.svg","width":100,"height":100,"caption":"SLOGI"},"image":{"@id":"https:\/\/www.slogi.si\/#\/schema\/logo\/image\/"}}]}},"_links":{"self":[{"href":"https:\/\/www.slogi.si\/en\/wp-json\/wp\/v2\/dogodki\/8633","targetHints":{"allow":["GET"]}}],"collection":[{"href":"https:\/\/www.slogi.si\/en\/wp-json\/wp\/v2\/dogodki"}],"about":[{"href":"https:\/\/www.slogi.si\/en\/wp-json\/wp\/v2\/types\/dogodki"}],"wp:featuredmedia":[{"embeddable":true,"href":"https:\/\/www.slogi.si\/en\/wp-json\/wp\/v2\/media\/8635"}],"wp:attachment":[{"href":"https:\/\/www.slogi.si\/en\/wp-json\/wp\/v2\/media?parent=8633"}],"wp:term":[{"taxonomy":"category","embeddable":true,"href":"https:\/\/www.slogi.si\/en\/wp-json\/wp\/v2\/categories?post=8633"},{"taxonomy":"post_tag","embeddable":true,"href":"https:\/\/www.slogi.si\/en\/wp-json\/wp\/v2\/tags?post=8633"},{"taxonomy":"izpostavljamo","embeddable":true,"href":"https:\/\/www.slogi.si\/en\/wp-json\/wp\/v2\/izpostavljamo?post=8633"},{"taxonomy":"letnik","embeddable":true,"href":"https:\/\/www.slogi.si\/en\/wp-json\/wp\/v2\/letnik?post=8633"},{"taxonomy":"tip","embeddable":true,"href":"https:\/\/www.slogi.si\/en\/wp-json\/wp\/v2\/tip?post=8633"},{"taxonomy":"vrsta-razstave","embeddable":true,"href":"https:\/\/www.slogi.si\/en\/wp-json\/wp\/v2\/vrsta-razstave?post=8633"}],"curies":[{"name":"wp","href":"https:\/\/api.w.org\/{rel}","templated":true}]}}