{"id":8493,"date":"2022-03-08T09:48:15","date_gmt":"2022-03-08T08:48:15","guid":{"rendered":"https:\/\/www.slogi.si\/dogodki\/stalna-razstava-hoja-za-gledaliscem-od-jezuitov-do-cankarja-v-tednu-odprtih-vrat-muzejev-in-galerij-za-studente\/"},"modified":"2024-09-13T10:02:41","modified_gmt":"2024-09-13T08:02:41","slug":"teden-odprtih-vrat-muzejev-in-galerij-za-studente-22-2","status":"publish","type":"dogodki","link":"https:\/\/www.slogi.si\/en\/dogodki\/teden-odprtih-vrat-muzejev-in-galerij-za-studente-22-2\/","title":{"rendered":"The permanent exhibition WALK behind the THEATER. From the Jesuits to Cankar in the Week of Open Doors of Museums and Galleries for Students"},"content":{"rendered":"<p>V <a href=\"https:\/\/www.facebook.com\/meseckulture\" target=\"_blank\" rel=\"noopener\">Mesecu \u0161tudentske kulture<\/a> je \u0160OU v Ljubljani v sodelovanju s Skupnostjo muzejev Slovenije ter muzeji in galerijami pripravil Teden odprtih vrat muzejev. \u0160tudentke in \u0161tudenti, lepo vabljeni med 21. in 25. marcem na stalno razstavo SLOGI \u2013 Gledali\u0161kega muzeja, kjer se podate na <a href=\"https:\/\/www.slogi.si\/en\/events\/permanent-exhibition-walking-behind-the-theater-from-the-jesuits-to-the-cankar-exhibition\/\" target=\"_blank\" rel=\"noopener\"><em>HOJO ZA GLEDalI\u0160\u010cEM. Od jezuitov do Cankarja<\/em><\/a>!<\/p>\n<p>&nbsp;<\/p>\n<p>&nbsp;<\/p>","protected":false},"excerpt":{"rendered":"<p>V Mesecu \u0161tudentske kulture je \u0160OU v Ljubljani v sodelovanju s Skupnostjo muzejev Slovenije ter muzeji in galerijami pripravil Teden odprtih vrat muzejev. \u0160tudentke in \u0161tudenti, lepo vabljeni med 21. in 25. marcem na stalno razstavo SLOGI \u2013 Gledali\u0161kega muzeja, kjer se podate na HOJO ZA GLEDalI\u0160\u010cEM. Od jezuitov do Cankarja! &nbsp; &nbsp;<\/p>","protected":false},"featured_media":10373,"template":"","categories":[416],"tags":[476,443,529,493,413],"izpostavljamo":[],"letnik":[375],"tip":[414],"vrsta-razstave":[],"class_list":["post-8493","dogodki","type-dogodki","status-publish","has-post-thumbnail","hentry","category-dogodki","tag-cankar","tag-hoja-za-gledaliscem","tag-mesec-studentske-kulture","tag-od-jezuitov-do-cankarja","tag-razstava","letnik-375","tip-razstava"],"acf":[],"yoast_head":"<!-- This site is optimized with the Yoast SEO plugin v27.5 - https:\/\/yoast.com\/product\/yoast-seo-wordpress\/ -->\n<title>Stalna razstava HOJA za GLEDalI\u0160\u010cEM. Od jezuitov do Cankarja v Tednu odprtih vrat muzejev in galerij za \u0161tudente - SLOGI<\/title>\n<meta name=\"robots\" content=\"index, follow, max-snippet:-1, max-image-preview:large, max-video-preview:-1\" \/>\n<link rel=\"canonical\" href=\"https:\/\/www.slogi.si\/en\/events\/teden-odprtih-vrat-muzejev-in-galerij-za-studente-22-2\/\" \/>\n<meta property=\"og:locale\" content=\"en_GB\" \/>\n<meta property=\"og:type\" content=\"article\" \/>\n<meta property=\"og:title\" content=\"Stalna razstava HOJA za GLEDalI\u0160\u010cEM. Od jezuitov do Cankarja v Tednu odprtih vrat muzejev in galerij za \u0161tudente - SLOGI\" \/>\n<meta property=\"og:description\" content=\"V Mesecu \u0161tudentske kulture je \u0160OU v Ljubljani v sodelovanju s Skupnostjo muzejev Slovenije ter muzeji in galerijami pripravil Teden odprtih vrat muzejev. \u0160tudentke in \u0161tudenti, lepo vabljeni med 21. in 25. marcem na stalno razstavo SLOGI \u2013 Gledali\u0161kega muzeja, kjer se podate na HOJO ZA GLEDalI\u0160\u010cEM. Od jezuitov do Cankarja! &nbsp; &nbsp;\" \/>\n<meta property=\"og:url\" content=\"https:\/\/www.slogi.si\/en\/events\/teden-odprtih-vrat-muzejev-in-galerij-za-studente-22-2\/\" \/>\n<meta property=\"og:site_name\" content=\"SLOGI\" \/>\n<meta property=\"article:modified_time\" content=\"2024-09-13T08:02:41+00:00\" \/>\n<meta property=\"og:image\" content=\"https:\/\/www.slogi.si\/wp-content\/uploads\/2024\/01\/Teden-studentske-kulture-2022.jpg\" \/>\n\t<meta property=\"og:image:width\" content=\"710\" \/>\n\t<meta property=\"og:image:height\" content=\"375\" \/>\n\t<meta property=\"og:image:type\" content=\"image\/jpeg\" \/>\n<meta name=\"twitter:card\" content=\"summary_large_image\" \/>\n<script type=\"application\/ld+json\" class=\"yoast-schema-graph\">{\"@context\":\"https:\\\/\\\/schema.org\",\"@graph\":[{\"@type\":\"WebPage\",\"@id\":\"https:\\\/\\\/www.slogi.si\\\/dogodki\\\/teden-odprtih-vrat-muzejev-in-galerij-za-studente-22-2\\\/\",\"url\":\"https:\\\/\\\/www.slogi.si\\\/dogodki\\\/teden-odprtih-vrat-muzejev-in-galerij-za-studente-22-2\\\/\",\"name\":\"Stalna razstava HOJA za GLEDalI\u0160\u010cEM. Od jezuitov do Cankarja v Tednu odprtih vrat muzejev in galerij za \u0161tudente - SLOGI\",\"isPartOf\":{\"@id\":\"https:\\\/\\\/www.slogi.si\\\/#website\"},\"primaryImageOfPage\":{\"@id\":\"https:\\\/\\\/www.slogi.si\\\/dogodki\\\/teden-odprtih-vrat-muzejev-in-galerij-za-studente-22-2\\\/#primaryimage\"},\"image\":{\"@id\":\"https:\\\/\\\/www.slogi.si\\\/dogodki\\\/teden-odprtih-vrat-muzejev-in-galerij-za-studente-22-2\\\/#primaryimage\"},\"thumbnailUrl\":\"https:\\\/\\\/www.slogi.si\\\/wp-content\\\/uploads\\\/2024\\\/01\\\/Teden-studentske-kulture-2022.jpg\",\"datePublished\":\"2022-03-08T08:48:15+00:00\",\"dateModified\":\"2024-09-13T08:02:41+00:00\",\"breadcrumb\":{\"@id\":\"https:\\\/\\\/www.slogi.si\\\/dogodki\\\/teden-odprtih-vrat-muzejev-in-galerij-za-studente-22-2\\\/#breadcrumb\"},\"inLanguage\":\"en-GB\",\"potentialAction\":[{\"@type\":\"ReadAction\",\"target\":[\"https:\\\/\\\/www.slogi.si\\\/dogodki\\\/teden-odprtih-vrat-muzejev-in-galerij-za-studente-22-2\\\/\"]}]},{\"@type\":\"ImageObject\",\"inLanguage\":\"en-GB\",\"@id\":\"https:\\\/\\\/www.slogi.si\\\/dogodki\\\/teden-odprtih-vrat-muzejev-in-galerij-za-studente-22-2\\\/#primaryimage\",\"url\":\"https:\\\/\\\/www.slogi.si\\\/wp-content\\\/uploads\\\/2024\\\/01\\\/Teden-studentske-kulture-2022.jpg\",\"contentUrl\":\"https:\\\/\\\/www.slogi.si\\\/wp-content\\\/uploads\\\/2024\\\/01\\\/Teden-studentske-kulture-2022.jpg\",\"width\":710,\"height\":375},{\"@type\":\"BreadcrumbList\",\"@id\":\"https:\\\/\\\/www.slogi.si\\\/dogodki\\\/teden-odprtih-vrat-muzejev-in-galerij-za-studente-22-2\\\/#breadcrumb\",\"itemListElement\":[{\"@type\":\"ListItem\",\"position\":1,\"name\":\"Home\",\"item\":\"https:\\\/\\\/www.slogi.si\\\/\"},{\"@type\":\"ListItem\",\"position\":2,\"name\":\"Stalna razstava HOJA za GLEDalI\u0160\u010cEM. Od jezuitov do Cankarja v Tednu odprtih vrat muzejev in galerij za \u0161tudente\"}]},{\"@type\":\"WebSite\",\"@id\":\"https:\\\/\\\/www.slogi.si\\\/#website\",\"url\":\"https:\\\/\\\/www.slogi.si\\\/\",\"name\":\"SLOGI\",\"description\":\"Slovenski Gledali\u0161ki In\u0161titut\",\"publisher\":{\"@id\":\"https:\\\/\\\/www.slogi.si\\\/#organization\"},\"alternateName\":\"Slovenski Gledali\u0161ki In\u0161titut\",\"potentialAction\":[{\"@type\":\"SearchAction\",\"target\":{\"@type\":\"EntryPoint\",\"urlTemplate\":\"https:\\\/\\\/www.slogi.si\\\/?s={search_term_string}\"},\"query-input\":{\"@type\":\"PropertyValueSpecification\",\"valueRequired\":true,\"valueName\":\"search_term_string\"}}],\"inLanguage\":\"en-GB\"},{\"@type\":\"Organization\",\"@id\":\"https:\\\/\\\/www.slogi.si\\\/#organization\",\"name\":\"SLOGI\",\"alternateName\":\"Slovenski Gledali\u0161ki In\u0161titut\",\"url\":\"https:\\\/\\\/www.slogi.si\\\/\",\"logo\":{\"@type\":\"ImageObject\",\"inLanguage\":\"en-GB\",\"@id\":\"https:\\\/\\\/www.slogi.si\\\/#\\\/schema\\\/logo\\\/image\\\/\",\"url\":\"https:\\\/\\\/www.slogi.si\\\/wp-content\\\/uploads\\\/2024\\\/01\\\/favicon.svg\",\"contentUrl\":\"https:\\\/\\\/www.slogi.si\\\/wp-content\\\/uploads\\\/2024\\\/01\\\/favicon.svg\",\"width\":100,\"height\":100,\"caption\":\"SLOGI\"},\"image\":{\"@id\":\"https:\\\/\\\/www.slogi.si\\\/#\\\/schema\\\/logo\\\/image\\\/\"}}]}<\/script>\n<!-- \/ Yoast SEO plugin. -->","yoast_head_json":{"title":"Stalna razstava HOJA za GLEDalI\u0160\u010cEM. Od jezuitov do Cankarja v Tednu odprtih vrat muzejev in galerij za \u0161tudente - SLOGI","robots":{"index":"index","follow":"follow","max-snippet":"max-snippet:-1","max-image-preview":"max-image-preview:large","max-video-preview":"max-video-preview:-1"},"canonical":"https:\/\/www.slogi.si\/en\/events\/teden-odprtih-vrat-muzejev-in-galerij-za-studente-22-2\/","og_locale":"en_GB","og_type":"article","og_title":"Stalna razstava HOJA za GLEDalI\u0160\u010cEM. Od jezuitov do Cankarja v Tednu odprtih vrat muzejev in galerij za \u0161tudente - SLOGI","og_description":"V Mesecu \u0161tudentske kulture je \u0160OU v Ljubljani v sodelovanju s Skupnostjo muzejev Slovenije ter muzeji in galerijami pripravil Teden odprtih vrat muzejev. \u0160tudentke in \u0161tudenti, lepo vabljeni med 21. in 25. marcem na stalno razstavo SLOGI \u2013 Gledali\u0161kega muzeja, kjer se podate na HOJO ZA GLEDalI\u0160\u010cEM. Od jezuitov do Cankarja! &nbsp; &nbsp;","og_url":"https:\/\/www.slogi.si\/en\/events\/teden-odprtih-vrat-muzejev-in-galerij-za-studente-22-2\/","og_site_name":"SLOGI","article_modified_time":"2024-09-13T08:02:41+00:00","og_image":[{"width":710,"height":375,"url":"https:\/\/www.slogi.si\/wp-content\/uploads\/2024\/01\/Teden-studentske-kulture-2022.jpg","type":"image\/jpeg"}],"twitter_card":"summary_large_image","schema":{"@context":"https:\/\/schema.org","@graph":[{"@type":"WebPage","@id":"https:\/\/www.slogi.si\/dogodki\/teden-odprtih-vrat-muzejev-in-galerij-za-studente-22-2\/","url":"https:\/\/www.slogi.si\/dogodki\/teden-odprtih-vrat-muzejev-in-galerij-za-studente-22-2\/","name":"Stalna razstava HOJA za GLEDalI\u0160\u010cEM. Od jezuitov do Cankarja v Tednu odprtih vrat muzejev in galerij za \u0161tudente - SLOGI","isPartOf":{"@id":"https:\/\/www.slogi.si\/#website"},"primaryImageOfPage":{"@id":"https:\/\/www.slogi.si\/dogodki\/teden-odprtih-vrat-muzejev-in-galerij-za-studente-22-2\/#primaryimage"},"image":{"@id":"https:\/\/www.slogi.si\/dogodki\/teden-odprtih-vrat-muzejev-in-galerij-za-studente-22-2\/#primaryimage"},"thumbnailUrl":"https:\/\/www.slogi.si\/wp-content\/uploads\/2024\/01\/Teden-studentske-kulture-2022.jpg","datePublished":"2022-03-08T08:48:15+00:00","dateModified":"2024-09-13T08:02:41+00:00","breadcrumb":{"@id":"https:\/\/www.slogi.si\/dogodki\/teden-odprtih-vrat-muzejev-in-galerij-za-studente-22-2\/#breadcrumb"},"inLanguage":"en-GB","potentialAction":[{"@type":"ReadAction","target":["https:\/\/www.slogi.si\/dogodki\/teden-odprtih-vrat-muzejev-in-galerij-za-studente-22-2\/"]}]},{"@type":"ImageObject","inLanguage":"en-GB","@id":"https:\/\/www.slogi.si\/dogodki\/teden-odprtih-vrat-muzejev-in-galerij-za-studente-22-2\/#primaryimage","url":"https:\/\/www.slogi.si\/wp-content\/uploads\/2024\/01\/Teden-studentske-kulture-2022.jpg","contentUrl":"https:\/\/www.slogi.si\/wp-content\/uploads\/2024\/01\/Teden-studentske-kulture-2022.jpg","width":710,"height":375},{"@type":"BreadcrumbList","@id":"https:\/\/www.slogi.si\/dogodki\/teden-odprtih-vrat-muzejev-in-galerij-za-studente-22-2\/#breadcrumb","itemListElement":[{"@type":"ListItem","position":1,"name":"Home","item":"https:\/\/www.slogi.si\/"},{"@type":"ListItem","position":2,"name":"Stalna razstava HOJA za GLEDalI\u0160\u010cEM. Od jezuitov do Cankarja v Tednu odprtih vrat muzejev in galerij za \u0161tudente"}]},{"@type":"WebSite","@id":"https:\/\/www.slogi.si\/#website","url":"https:\/\/www.slogi.si\/","name":"SLOGI","description":"Slovenian Theatre Institute","publisher":{"@id":"https:\/\/www.slogi.si\/#organization"},"alternateName":"Slovenski Gledali\u0161ki In\u0161titut","potentialAction":[{"@type":"SearchAction","target":{"@type":"EntryPoint","urlTemplate":"https:\/\/www.slogi.si\/?s={search_term_string}"},"query-input":{"@type":"PropertyValueSpecification","valueRequired":true,"valueName":"search_term_string"}}],"inLanguage":"en-GB"},{"@type":"Organization","@id":"https:\/\/www.slogi.si\/#organization","name":"SLOGI","alternateName":"Slovenski Gledali\u0161ki In\u0161titut","url":"https:\/\/www.slogi.si\/","logo":{"@type":"ImageObject","inLanguage":"en-GB","@id":"https:\/\/www.slogi.si\/#\/schema\/logo\/image\/","url":"https:\/\/www.slogi.si\/wp-content\/uploads\/2024\/01\/favicon.svg","contentUrl":"https:\/\/www.slogi.si\/wp-content\/uploads\/2024\/01\/favicon.svg","width":100,"height":100,"caption":"SLOGI"},"image":{"@id":"https:\/\/www.slogi.si\/#\/schema\/logo\/image\/"}}]}},"_links":{"self":[{"href":"https:\/\/www.slogi.si\/en\/wp-json\/wp\/v2\/dogodki\/8493","targetHints":{"allow":["GET"]}}],"collection":[{"href":"https:\/\/www.slogi.si\/en\/wp-json\/wp\/v2\/dogodki"}],"about":[{"href":"https:\/\/www.slogi.si\/en\/wp-json\/wp\/v2\/types\/dogodki"}],"wp:featuredmedia":[{"embeddable":true,"href":"https:\/\/www.slogi.si\/en\/wp-json\/wp\/v2\/media\/10373"}],"wp:attachment":[{"href":"https:\/\/www.slogi.si\/en\/wp-json\/wp\/v2\/media?parent=8493"}],"wp:term":[{"taxonomy":"category","embeddable":true,"href":"https:\/\/www.slogi.si\/en\/wp-json\/wp\/v2\/categories?post=8493"},{"taxonomy":"post_tag","embeddable":true,"href":"https:\/\/www.slogi.si\/en\/wp-json\/wp\/v2\/tags?post=8493"},{"taxonomy":"izpostavljamo","embeddable":true,"href":"https:\/\/www.slogi.si\/en\/wp-json\/wp\/v2\/izpostavljamo?post=8493"},{"taxonomy":"letnik","embeddable":true,"href":"https:\/\/www.slogi.si\/en\/wp-json\/wp\/v2\/letnik?post=8493"},{"taxonomy":"tip","embeddable":true,"href":"https:\/\/www.slogi.si\/en\/wp-json\/wp\/v2\/tip?post=8493"},{"taxonomy":"vrsta-razstave","embeddable":true,"href":"https:\/\/www.slogi.si\/en\/wp-json\/wp\/v2\/vrsta-razstave?post=8493"}],"curies":[{"name":"wp","href":"https:\/\/api.w.org\/{rel}","templated":true}]}}