{"id":8461,"date":"2017-05-10T10:00:07","date_gmt":"2017-05-10T08:00:07","guid":{"rendered":"https:\/\/www.slogi.si\/dogodki\/gostujoca-predstavitev-knjige-zive-kraigher-ko-se-zgodi-ples-zapisi-dokumenti-spomini\/"},"modified":"2024-09-13T10:01:40","modified_gmt":"2024-09-13T08:01:40","slug":"gostujoca-predstavitev-knjige-zive-kraigher-ko-se-zgodi-ples-zapisi-dokumenti-spomini","status":"publish","type":"dogodki","link":"https:\/\/www.slogi.si\/en\/dogodki\/gostujoca-predstavitev-knjige-zive-kraigher-ko-se-zgodi-ples-zapisi-dokumenti-spomini\/","title":{"rendered":"Gostujo\u010da predstavitev knjige \u017dive Kraigher: Ko se zgodi ples. Zapisi, dokumenti, spomini"},"content":{"rendered":"<p>Knjiga govori o razvoju sodobnega umetni\u0161kega plesa pri nas skozi osebno plesno pot \u017dive Kraigher (1920-2011) od u\u010denke do plesalke, koreografinje in predvsem plesne pedagoginje. Danes ji priznavamo mesto ene od utemeljiteljic sodobnega plesa pri nas. Knjiga je iz\u0161la v zbirki Zavoda MASKA Posebne izdaje v sozalo\u017eni\u0161tvu z JSKD.<\/p>\n<p>Predstavitev bo vodil Rok Vevar, sodelovali bodo: Jasna Knez, Toma\u017e Kraigher, Nina Me\u0161ko in Daliborka Podboj.<\/p>\n<p>&nbsp;<\/p>\n<p>&nbsp;<\/p>\n<p><img decoding=\"async\" class=\"wp-image-3565 alignleft\" src=\"https:\/\/www.slogi.si\/wp-content\/uploads\/2024\/01\/MASKA_LOGO-300x88-1.jpg\" alt=\"\" width=\"197\" height=\"58\" \/> \u00a0 \u00a0 \u00a0 \u00a0\u00a0<img decoding=\"async\" class=\"alignnone wp-image-3567\" src=\"https:\/\/www.slogi.si\/wp-content\/uploads\/2024\/01\/logo_jskd.jpg\" alt=\"\" width=\"133\" height=\"106\" \/><\/p>\n<p>&nbsp;<\/p>\n<p>&nbsp;<\/p>","protected":false},"excerpt":{"rendered":"<p>Knjiga govori o razvoju sodobnega umetni\u0161kega plesa pri nas skozi osebno plesno pot \u017dive Kraigher (1920-2011) od u\u010denke do plesalke, koreografinje in predvsem plesne pedagoginje. Danes ji priznavamo mesto ene od utemeljiteljic sodobnega plesa pri nas. Knjiga je iz\u0161la v zbirki Zavoda MASKA Posebne izdaje v sozalo\u017eni\u0161tvu z JSKD. Predstavitev bo vodil Rok Vevar, sodelovali &#8230;<\/p>","protected":false},"featured_media":8464,"template":"","categories":[416],"tags":[426,32],"izpostavljamo":[],"letnik":[244],"tip":[418],"vrsta-razstave":[],"class_list":["post-8461","dogodki","type-dogodki","status-publish","has-post-thumbnail","hentry","category-dogodki","tag-knjiga","tag-sodobni-ples","letnik-244","tip-gostujoca-prireditev"],"acf":[],"yoast_head":"<!-- This site is optimized with the Yoast SEO plugin v27.5 - https:\/\/yoast.com\/product\/yoast-seo-wordpress\/ -->\n<title>Gostujo\u010da predstavitev knjige \u017dive Kraigher: Ko se zgodi ples. Zapisi, dokumenti, spomini - SLOGI<\/title>\n<meta name=\"robots\" content=\"index, follow, max-snippet:-1, max-image-preview:large, max-video-preview:-1\" \/>\n<link rel=\"canonical\" href=\"https:\/\/www.slogi.si\/en\/events\/gostujoca-predstavitev-knjige-zive-kraigher-ko-se-zgodi-ples-zapisi-dokumenti-spomini\/\" \/>\n<meta property=\"og:locale\" content=\"en_GB\" \/>\n<meta property=\"og:type\" content=\"article\" \/>\n<meta property=\"og:title\" content=\"Gostujo\u010da predstavitev knjige \u017dive Kraigher: Ko se zgodi ples. Zapisi, dokumenti, spomini - SLOGI\" \/>\n<meta property=\"og:description\" content=\"Knjiga govori o razvoju sodobnega umetni\u0161kega plesa pri nas skozi osebno plesno pot \u017dive Kraigher (1920-2011) od u\u010denke do plesalke, koreografinje in predvsem plesne pedagoginje. Danes ji priznavamo mesto ene od utemeljiteljic sodobnega plesa pri nas. Knjiga je iz\u0161la v zbirki Zavoda MASKA Posebne izdaje v sozalo\u017eni\u0161tvu z JSKD. Predstavitev bo vodil Rok Vevar, sodelovali ...\" \/>\n<meta property=\"og:url\" content=\"https:\/\/www.slogi.si\/en\/events\/gostujoca-predstavitev-knjige-zive-kraigher-ko-se-zgodi-ples-zapisi-dokumenti-spomini\/\" \/>\n<meta property=\"og:site_name\" content=\"SLOGI\" \/>\n<meta property=\"article:modified_time\" content=\"2024-09-13T08:01:40+00:00\" \/>\n<meta property=\"og:image\" content=\"https:\/\/www.slogi.si\/wp-content\/uploads\/2024\/01\/Ko-se-zgodi-ples.-Zapisi-dokumenti-spomini.jpg\" \/>\n\t<meta property=\"og:image:width\" content=\"710\" \/>\n\t<meta property=\"og:image:height\" content=\"375\" \/>\n\t<meta property=\"og:image:type\" content=\"image\/jpeg\" \/>\n<meta name=\"twitter:card\" content=\"summary_large_image\" \/>\n<script type=\"application\/ld+json\" class=\"yoast-schema-graph\">{\"@context\":\"https:\\\/\\\/schema.org\",\"@graph\":[{\"@type\":\"WebPage\",\"@id\":\"https:\\\/\\\/www.slogi.si\\\/dogodki\\\/gostujoca-predstavitev-knjige-zive-kraigher-ko-se-zgodi-ples-zapisi-dokumenti-spomini\\\/\",\"url\":\"https:\\\/\\\/www.slogi.si\\\/dogodki\\\/gostujoca-predstavitev-knjige-zive-kraigher-ko-se-zgodi-ples-zapisi-dokumenti-spomini\\\/\",\"name\":\"Gostujo\u010da predstavitev knjige \u017dive Kraigher: Ko se zgodi ples. Zapisi, dokumenti, spomini - SLOGI\",\"isPartOf\":{\"@id\":\"https:\\\/\\\/www.slogi.si\\\/#website\"},\"primaryImageOfPage\":{\"@id\":\"https:\\\/\\\/www.slogi.si\\\/dogodki\\\/gostujoca-predstavitev-knjige-zive-kraigher-ko-se-zgodi-ples-zapisi-dokumenti-spomini\\\/#primaryimage\"},\"image\":{\"@id\":\"https:\\\/\\\/www.slogi.si\\\/dogodki\\\/gostujoca-predstavitev-knjige-zive-kraigher-ko-se-zgodi-ples-zapisi-dokumenti-spomini\\\/#primaryimage\"},\"thumbnailUrl\":\"https:\\\/\\\/www.slogi.si\\\/wp-content\\\/uploads\\\/2024\\\/01\\\/Ko-se-zgodi-ples.-Zapisi-dokumenti-spomini.jpg\",\"datePublished\":\"2017-05-10T08:00:07+00:00\",\"dateModified\":\"2024-09-13T08:01:40+00:00\",\"breadcrumb\":{\"@id\":\"https:\\\/\\\/www.slogi.si\\\/dogodki\\\/gostujoca-predstavitev-knjige-zive-kraigher-ko-se-zgodi-ples-zapisi-dokumenti-spomini\\\/#breadcrumb\"},\"inLanguage\":\"en-GB\",\"potentialAction\":[{\"@type\":\"ReadAction\",\"target\":[\"https:\\\/\\\/www.slogi.si\\\/dogodki\\\/gostujoca-predstavitev-knjige-zive-kraigher-ko-se-zgodi-ples-zapisi-dokumenti-spomini\\\/\"]}]},{\"@type\":\"ImageObject\",\"inLanguage\":\"en-GB\",\"@id\":\"https:\\\/\\\/www.slogi.si\\\/dogodki\\\/gostujoca-predstavitev-knjige-zive-kraigher-ko-se-zgodi-ples-zapisi-dokumenti-spomini\\\/#primaryimage\",\"url\":\"https:\\\/\\\/www.slogi.si\\\/wp-content\\\/uploads\\\/2024\\\/01\\\/Ko-se-zgodi-ples.-Zapisi-dokumenti-spomini.jpg\",\"contentUrl\":\"https:\\\/\\\/www.slogi.si\\\/wp-content\\\/uploads\\\/2024\\\/01\\\/Ko-se-zgodi-ples.-Zapisi-dokumenti-spomini.jpg\",\"width\":710,\"height\":375,\"caption\":\"Gostujo\u010da predstavitev knjige \u017dive Kraigher: Ko se zgodi ples. Zapisi, dokumenti, spomini\"},{\"@type\":\"BreadcrumbList\",\"@id\":\"https:\\\/\\\/www.slogi.si\\\/dogodki\\\/gostujoca-predstavitev-knjige-zive-kraigher-ko-se-zgodi-ples-zapisi-dokumenti-spomini\\\/#breadcrumb\",\"itemListElement\":[{\"@type\":\"ListItem\",\"position\":1,\"name\":\"Home\",\"item\":\"https:\\\/\\\/www.slogi.si\\\/\"},{\"@type\":\"ListItem\",\"position\":2,\"name\":\"Gostujo\u010da predstavitev knjige \u017dive Kraigher: Ko se zgodi ples. Zapisi, dokumenti, spomini\"}]},{\"@type\":\"WebSite\",\"@id\":\"https:\\\/\\\/www.slogi.si\\\/#website\",\"url\":\"https:\\\/\\\/www.slogi.si\\\/\",\"name\":\"SLOGI\",\"description\":\"Slovenski Gledali\u0161ki In\u0161titut\",\"publisher\":{\"@id\":\"https:\\\/\\\/www.slogi.si\\\/#organization\"},\"alternateName\":\"Slovenski Gledali\u0161ki In\u0161titut\",\"potentialAction\":[{\"@type\":\"SearchAction\",\"target\":{\"@type\":\"EntryPoint\",\"urlTemplate\":\"https:\\\/\\\/www.slogi.si\\\/?s={search_term_string}\"},\"query-input\":{\"@type\":\"PropertyValueSpecification\",\"valueRequired\":true,\"valueName\":\"search_term_string\"}}],\"inLanguage\":\"en-GB\"},{\"@type\":\"Organization\",\"@id\":\"https:\\\/\\\/www.slogi.si\\\/#organization\",\"name\":\"SLOGI\",\"alternateName\":\"Slovenski Gledali\u0161ki In\u0161titut\",\"url\":\"https:\\\/\\\/www.slogi.si\\\/\",\"logo\":{\"@type\":\"ImageObject\",\"inLanguage\":\"en-GB\",\"@id\":\"https:\\\/\\\/www.slogi.si\\\/#\\\/schema\\\/logo\\\/image\\\/\",\"url\":\"https:\\\/\\\/www.slogi.si\\\/wp-content\\\/uploads\\\/2024\\\/01\\\/favicon.svg\",\"contentUrl\":\"https:\\\/\\\/www.slogi.si\\\/wp-content\\\/uploads\\\/2024\\\/01\\\/favicon.svg\",\"width\":100,\"height\":100,\"caption\":\"SLOGI\"},\"image\":{\"@id\":\"https:\\\/\\\/www.slogi.si\\\/#\\\/schema\\\/logo\\\/image\\\/\"}}]}<\/script>\n<!-- \/ Yoast SEO plugin. -->","yoast_head_json":{"title":"Gostujo\u010da predstavitev knjige \u017dive Kraigher: Ko se zgodi ples. Zapisi, dokumenti, spomini - SLOGI","robots":{"index":"index","follow":"follow","max-snippet":"max-snippet:-1","max-image-preview":"max-image-preview:large","max-video-preview":"max-video-preview:-1"},"canonical":"https:\/\/www.slogi.si\/en\/events\/gostujoca-predstavitev-knjige-zive-kraigher-ko-se-zgodi-ples-zapisi-dokumenti-spomini\/","og_locale":"en_GB","og_type":"article","og_title":"Gostujo\u010da predstavitev knjige \u017dive Kraigher: Ko se zgodi ples. Zapisi, dokumenti, spomini - SLOGI","og_description":"Knjiga govori o razvoju sodobnega umetni\u0161kega plesa pri nas skozi osebno plesno pot \u017dive Kraigher (1920-2011) od u\u010denke do plesalke, koreografinje in predvsem plesne pedagoginje. Danes ji priznavamo mesto ene od utemeljiteljic sodobnega plesa pri nas. Knjiga je iz\u0161la v zbirki Zavoda MASKA Posebne izdaje v sozalo\u017eni\u0161tvu z JSKD. Predstavitev bo vodil Rok Vevar, sodelovali ...","og_url":"https:\/\/www.slogi.si\/en\/events\/gostujoca-predstavitev-knjige-zive-kraigher-ko-se-zgodi-ples-zapisi-dokumenti-spomini\/","og_site_name":"SLOGI","article_modified_time":"2024-09-13T08:01:40+00:00","og_image":[{"width":710,"height":375,"url":"https:\/\/www.slogi.si\/wp-content\/uploads\/2024\/01\/Ko-se-zgodi-ples.-Zapisi-dokumenti-spomini.jpg","type":"image\/jpeg"}],"twitter_card":"summary_large_image","schema":{"@context":"https:\/\/schema.org","@graph":[{"@type":"WebPage","@id":"https:\/\/www.slogi.si\/dogodki\/gostujoca-predstavitev-knjige-zive-kraigher-ko-se-zgodi-ples-zapisi-dokumenti-spomini\/","url":"https:\/\/www.slogi.si\/dogodki\/gostujoca-predstavitev-knjige-zive-kraigher-ko-se-zgodi-ples-zapisi-dokumenti-spomini\/","name":"Gostujo\u010da predstavitev knjige \u017dive Kraigher: Ko se zgodi ples. Zapisi, dokumenti, spomini - SLOGI","isPartOf":{"@id":"https:\/\/www.slogi.si\/#website"},"primaryImageOfPage":{"@id":"https:\/\/www.slogi.si\/dogodki\/gostujoca-predstavitev-knjige-zive-kraigher-ko-se-zgodi-ples-zapisi-dokumenti-spomini\/#primaryimage"},"image":{"@id":"https:\/\/www.slogi.si\/dogodki\/gostujoca-predstavitev-knjige-zive-kraigher-ko-se-zgodi-ples-zapisi-dokumenti-spomini\/#primaryimage"},"thumbnailUrl":"https:\/\/www.slogi.si\/wp-content\/uploads\/2024\/01\/Ko-se-zgodi-ples.-Zapisi-dokumenti-spomini.jpg","datePublished":"2017-05-10T08:00:07+00:00","dateModified":"2024-09-13T08:01:40+00:00","breadcrumb":{"@id":"https:\/\/www.slogi.si\/dogodki\/gostujoca-predstavitev-knjige-zive-kraigher-ko-se-zgodi-ples-zapisi-dokumenti-spomini\/#breadcrumb"},"inLanguage":"en-GB","potentialAction":[{"@type":"ReadAction","target":["https:\/\/www.slogi.si\/dogodki\/gostujoca-predstavitev-knjige-zive-kraigher-ko-se-zgodi-ples-zapisi-dokumenti-spomini\/"]}]},{"@type":"ImageObject","inLanguage":"en-GB","@id":"https:\/\/www.slogi.si\/dogodki\/gostujoca-predstavitev-knjige-zive-kraigher-ko-se-zgodi-ples-zapisi-dokumenti-spomini\/#primaryimage","url":"https:\/\/www.slogi.si\/wp-content\/uploads\/2024\/01\/Ko-se-zgodi-ples.-Zapisi-dokumenti-spomini.jpg","contentUrl":"https:\/\/www.slogi.si\/wp-content\/uploads\/2024\/01\/Ko-se-zgodi-ples.-Zapisi-dokumenti-spomini.jpg","width":710,"height":375,"caption":"Gostujo\u010da predstavitev knjige \u017dive Kraigher: Ko se zgodi ples. Zapisi, dokumenti, spomini"},{"@type":"BreadcrumbList","@id":"https:\/\/www.slogi.si\/dogodki\/gostujoca-predstavitev-knjige-zive-kraigher-ko-se-zgodi-ples-zapisi-dokumenti-spomini\/#breadcrumb","itemListElement":[{"@type":"ListItem","position":1,"name":"Home","item":"https:\/\/www.slogi.si\/"},{"@type":"ListItem","position":2,"name":"Gostujo\u010da predstavitev knjige \u017dive Kraigher: Ko se zgodi ples. Zapisi, dokumenti, spomini"}]},{"@type":"WebSite","@id":"https:\/\/www.slogi.si\/#website","url":"https:\/\/www.slogi.si\/","name":"SLOGI","description":"Slovenian Theatre Institute","publisher":{"@id":"https:\/\/www.slogi.si\/#organization"},"alternateName":"Slovenski Gledali\u0161ki In\u0161titut","potentialAction":[{"@type":"SearchAction","target":{"@type":"EntryPoint","urlTemplate":"https:\/\/www.slogi.si\/?s={search_term_string}"},"query-input":{"@type":"PropertyValueSpecification","valueRequired":true,"valueName":"search_term_string"}}],"inLanguage":"en-GB"},{"@type":"Organization","@id":"https:\/\/www.slogi.si\/#organization","name":"SLOGI","alternateName":"Slovenski Gledali\u0161ki In\u0161titut","url":"https:\/\/www.slogi.si\/","logo":{"@type":"ImageObject","inLanguage":"en-GB","@id":"https:\/\/www.slogi.si\/#\/schema\/logo\/image\/","url":"https:\/\/www.slogi.si\/wp-content\/uploads\/2024\/01\/favicon.svg","contentUrl":"https:\/\/www.slogi.si\/wp-content\/uploads\/2024\/01\/favicon.svg","width":100,"height":100,"caption":"SLOGI"},"image":{"@id":"https:\/\/www.slogi.si\/#\/schema\/logo\/image\/"}}]}},"_links":{"self":[{"href":"https:\/\/www.slogi.si\/en\/wp-json\/wp\/v2\/dogodki\/8461","targetHints":{"allow":["GET"]}}],"collection":[{"href":"https:\/\/www.slogi.si\/en\/wp-json\/wp\/v2\/dogodki"}],"about":[{"href":"https:\/\/www.slogi.si\/en\/wp-json\/wp\/v2\/types\/dogodki"}],"wp:featuredmedia":[{"embeddable":true,"href":"https:\/\/www.slogi.si\/en\/wp-json\/wp\/v2\/media\/8464"}],"wp:attachment":[{"href":"https:\/\/www.slogi.si\/en\/wp-json\/wp\/v2\/media?parent=8461"}],"wp:term":[{"taxonomy":"category","embeddable":true,"href":"https:\/\/www.slogi.si\/en\/wp-json\/wp\/v2\/categories?post=8461"},{"taxonomy":"post_tag","embeddable":true,"href":"https:\/\/www.slogi.si\/en\/wp-json\/wp\/v2\/tags?post=8461"},{"taxonomy":"izpostavljamo","embeddable":true,"href":"https:\/\/www.slogi.si\/en\/wp-json\/wp\/v2\/izpostavljamo?post=8461"},{"taxonomy":"letnik","embeddable":true,"href":"https:\/\/www.slogi.si\/en\/wp-json\/wp\/v2\/letnik?post=8461"},{"taxonomy":"tip","embeddable":true,"href":"https:\/\/www.slogi.si\/en\/wp-json\/wp\/v2\/tip?post=8461"},{"taxonomy":"vrsta-razstave","embeddable":true,"href":"https:\/\/www.slogi.si\/en\/wp-json\/wp\/v2\/vrsta-razstave?post=8461"}],"curies":[{"name":"wp","href":"https:\/\/api.w.org\/{rel}","templated":true}]}}