{"id":8153,"date":"2018-06-16T13:38:02","date_gmt":"2018-06-16T11:38:02","guid":{"rendered":"https:\/\/www.slogi.si\/?post_type=dogodki&#038;p=8153"},"modified":"2024-09-13T10:01:34","modified_gmt":"2024-09-13T08:01:34","slug":"poletna-muzejska-noc-v-slogi-gledaliskem-muzeju-2-2","status":"publish","type":"dogodki","link":"https:\/\/www.slogi.si\/en\/dogodki\/poletna-muzejska-noc-v-slogi-gledaliskem-muzeju-2-2\/","title":{"rendered":"POLETNA MUZEJSKA NO\u010c v SLOGI &#8211; Gledali\u0161kem muzeju"},"content":{"rendered":"<p>Tudi letos se pridru\u017eujemo akciji Poletne muzejske no\u010di in na trejo junijsko soboto od poznega popoldneva pa do polno\u010di pripravljamo brezpla\u010den program.<\/p>\n<p>&nbsp;<\/p>\n<p><strong><a href=\"\/en\/?p=5461\" target=\"_blank\" rel=\"noopener\">In Pursuit of a Theatre. From the Jesuits to Cankar<\/a>, VODSTVO PO STALNI RAZSTAVI<\/strong><br \/>\n<strong>18.30 in 21.30 (razstava, 2. nadstropje) <\/strong><\/p>\n<p>Razstavo si med 18. in 24. uro lahko ogledate tudi samostojno.<\/p>\n<p>V Cankarjevem letu in Evropskem letu kulturne dedi\u0161\u010dine smo ponovno odprli stalno razstavo, ki jo je v letu 2017 skoraj leto dni nadome\u0161\u010dala 150. obletnici ustanovitve Dramati\u010dnega dru\u0161tva v Ljubljani (1867\u20122017) posve\u010dena za\u010dasna razstava.<\/p>\n<p>Stalno razstavo, ki osvetljuje pot, ki jo je slovensko gledali\u0161\u010de prehodilo od 17. do 20. stoletja, smo <strong>v letu evropske kulturne dedi\u0161\u010dine<\/strong> dodali nove dimenzije in perspektive, s katerimi jo sku\u0161amo jasneje postaviti na zemljevid evropske gledali\u0161ke zgodovine. Velika storia sega od gledali\u0161\u010da reformatorjev in protireformatorjev in se sklene z nastopom <strong>slovenskega dramatika evropskega formata Ivana Cankarja<\/strong> na prelomu 19. in 20. stoletja. Ob tem nazorno prika\u017ee, da so vsi klju\u010dni prelomni dogodki in procesi na tej poti v znamenju bodisi paralelnih evropskih procesov ali pa evropskih korenin oziroma vplivov; a hkrati vendarle tudi v znamenju emancipacije slovenskega gledali\u0161\u010da od prevelike zavezanosti slednjim \u2012 zlasti na ravni jezika in nacionalne samobitnosti.<\/p>\n<p>Skozi obnovljeno javno vodstvo po stalni razstavi Vas bo popeljala kustosinja pedagoginja mag. Sandra Jenko iz Slovenskega gledali\u0161kega in\u0161tituta \u2013 Gledali\u0161kega muzeja.<\/p>\n<p>&nbsp;<\/p>\n<p><img fetchpriority=\"high\" decoding=\"async\" class=\"alignnone wp-image-2948\" src=\"https:\/\/www.slogi.si\/wp-content\/uploads\/2024\/01\/Stalna-razstava-1-300x95-1.jpg\" alt=\"\" width=\"1023\" height=\"324\" \/><\/p>\n<p>&nbsp;<\/p>\n<p><strong>Cankarjanski ustvarjalni koti\u010dek, DELAVNICA ZA OTROKE IN DRU\u017dINE<\/strong><br \/>\n<strong>18.00-21.30 (razstava, 2. nadstropje)<\/strong><\/p>\n<p>Izdelali bomo gledali\u0161ke dnevnike in pisane knji\u017ene kazalke ter se ustvarjalno spomnili slovenskega dramatika Ivana Cankarja.<\/p>\n<p>&nbsp;<\/p>\n<p><img decoding=\"async\" class=\"wp-image-2946 aligncenter\" src=\"https:\/\/www.slogi.si\/wp-content\/uploads\/2024\/01\/cankarjanski-ustvarjalni-koticek-300x169-1.jpg\" alt=\"\" width=\"499\" height=\"281\" \/><\/p>\n<p>&nbsp;<\/p>","protected":false},"excerpt":{"rendered":"<p>Tudi letos se pridru\u017eujemo akciji Poletne muzejske no\u010di in na trejo junijsko soboto od poznega popoldneva pa do polno\u010di pripravljamo brezpla\u010den program. &nbsp; Hoja za gledali\u0161\u010dem. Od jezuitov do Cankarja, VODSTVO PO STALNI RAZSTAVI 18.30 in 21.30 (razstava, 2. nadstropje) Razstavo si med 18. in 24. uro lahko ogledate tudi samostojno. V Cankarjevem letu in &#8230;<\/p>","protected":false},"featured_media":8265,"template":"","categories":[416],"tags":[410,78,61,457,458,459,455,413],"izpostavljamo":[],"letnik":[305],"tip":[428,414],"vrsta-razstave":[],"class_list":["post-8153","dogodki","type-dogodki","status-publish","has-post-thumbnail","hentry","category-dogodki","tag-delavnica","tag-gledalisce","tag-ivan-cankar","tag-muzej","tag-otroci","tag-poletna-muzejska-noc","tag-program","tag-razstava","letnik-305","tip-delavnice","tip-razstava"],"acf":[],"yoast_head":"<!-- This site is optimized with the Yoast SEO plugin v27.5 - https:\/\/yoast.com\/product\/yoast-seo-wordpress\/ -->\n<title>POLETNA MUZEJSKA NO\u010c v SLOGI - Gledali\u0161kem muzeju - SLOGI<\/title>\n<meta name=\"robots\" content=\"index, follow, max-snippet:-1, max-image-preview:large, max-video-preview:-1\" \/>\n<link rel=\"canonical\" href=\"https:\/\/www.slogi.si\/en\/events\/poletna-muzejska-noc-v-slogi-gledaliskem-muzeju-2-2\/\" \/>\n<meta property=\"og:locale\" content=\"en_GB\" \/>\n<meta property=\"og:type\" content=\"article\" \/>\n<meta property=\"og:title\" content=\"POLETNA MUZEJSKA NO\u010c v SLOGI - Gledali\u0161kem muzeju - SLOGI\" \/>\n<meta property=\"og:description\" content=\"Tudi letos se pridru\u017eujemo akciji Poletne muzejske no\u010di in na trejo junijsko soboto od poznega popoldneva pa do polno\u010di pripravljamo brezpla\u010den program. &nbsp; Hoja za gledali\u0161\u010dem. Od jezuitov do Cankarja, VODSTVO PO STALNI RAZSTAVI 18.30 in 21.30 (razstava, 2. nadstropje) Razstavo si med 18. in 24. uro lahko ogledate tudi samostojno. V Cankarjevem letu in ...\" \/>\n<meta property=\"og:url\" content=\"https:\/\/www.slogi.si\/en\/events\/poletna-muzejska-noc-v-slogi-gledaliskem-muzeju-2-2\/\" \/>\n<meta property=\"og:site_name\" content=\"SLOGI\" \/>\n<meta property=\"article:modified_time\" content=\"2024-09-13T08:01:34+00:00\" \/>\n<meta property=\"og:image\" content=\"https:\/\/www.slogi.si\/wp-content\/uploads\/2024\/01\/poletna_muzejska_noc_2018_podoba-2.jpg\" \/>\n\t<meta property=\"og:image:width\" content=\"710\" \/>\n\t<meta property=\"og:image:height\" content=\"375\" \/>\n\t<meta property=\"og:image:type\" content=\"image\/jpeg\" \/>\n<meta name=\"twitter:card\" content=\"summary_large_image\" \/>\n<meta name=\"twitter:label1\" content=\"Estimated reading time\" \/>\n\t<meta name=\"twitter:data1\" content=\"1 minute\" \/>\n<script type=\"application\/ld+json\" class=\"yoast-schema-graph\">{\"@context\":\"https:\\\/\\\/schema.org\",\"@graph\":[{\"@type\":\"WebPage\",\"@id\":\"https:\\\/\\\/www.slogi.si\\\/dogodki\\\/poletna-muzejska-noc-v-slogi-gledaliskem-muzeju-2-2\\\/\",\"url\":\"https:\\\/\\\/www.slogi.si\\\/dogodki\\\/poletna-muzejska-noc-v-slogi-gledaliskem-muzeju-2-2\\\/\",\"name\":\"POLETNA MUZEJSKA NO\u010c v SLOGI - Gledali\u0161kem muzeju - SLOGI\",\"isPartOf\":{\"@id\":\"https:\\\/\\\/www.slogi.si\\\/#website\"},\"primaryImageOfPage\":{\"@id\":\"https:\\\/\\\/www.slogi.si\\\/dogodki\\\/poletna-muzejska-noc-v-slogi-gledaliskem-muzeju-2-2\\\/#primaryimage\"},\"image\":{\"@id\":\"https:\\\/\\\/www.slogi.si\\\/dogodki\\\/poletna-muzejska-noc-v-slogi-gledaliskem-muzeju-2-2\\\/#primaryimage\"},\"thumbnailUrl\":\"https:\\\/\\\/www.slogi.si\\\/wp-content\\\/uploads\\\/2024\\\/01\\\/poletna_muzejska_noc_2018_podoba-2.jpg\",\"datePublished\":\"2018-06-16T11:38:02+00:00\",\"dateModified\":\"2024-09-13T08:01:34+00:00\",\"breadcrumb\":{\"@id\":\"https:\\\/\\\/www.slogi.si\\\/dogodki\\\/poletna-muzejska-noc-v-slogi-gledaliskem-muzeju-2-2\\\/#breadcrumb\"},\"inLanguage\":\"en-GB\",\"potentialAction\":[{\"@type\":\"ReadAction\",\"target\":[\"https:\\\/\\\/www.slogi.si\\\/dogodki\\\/poletna-muzejska-noc-v-slogi-gledaliskem-muzeju-2-2\\\/\"]}]},{\"@type\":\"ImageObject\",\"inLanguage\":\"en-GB\",\"@id\":\"https:\\\/\\\/www.slogi.si\\\/dogodki\\\/poletna-muzejska-noc-v-slogi-gledaliskem-muzeju-2-2\\\/#primaryimage\",\"url\":\"https:\\\/\\\/www.slogi.si\\\/wp-content\\\/uploads\\\/2024\\\/01\\\/poletna_muzejska_noc_2018_podoba-2.jpg\",\"contentUrl\":\"https:\\\/\\\/www.slogi.si\\\/wp-content\\\/uploads\\\/2024\\\/01\\\/poletna_muzejska_noc_2018_podoba-2.jpg\",\"width\":710,\"height\":375},{\"@type\":\"BreadcrumbList\",\"@id\":\"https:\\\/\\\/www.slogi.si\\\/dogodki\\\/poletna-muzejska-noc-v-slogi-gledaliskem-muzeju-2-2\\\/#breadcrumb\",\"itemListElement\":[{\"@type\":\"ListItem\",\"position\":1,\"name\":\"Home\",\"item\":\"https:\\\/\\\/www.slogi.si\\\/\"},{\"@type\":\"ListItem\",\"position\":2,\"name\":\"POLETNA MUZEJSKA NO\u010c v SLOGI &#8211; Gledali\u0161kem muzeju\"}]},{\"@type\":\"WebSite\",\"@id\":\"https:\\\/\\\/www.slogi.si\\\/#website\",\"url\":\"https:\\\/\\\/www.slogi.si\\\/\",\"name\":\"SLOGI\",\"description\":\"Slovenski Gledali\u0161ki In\u0161titut\",\"publisher\":{\"@id\":\"https:\\\/\\\/www.slogi.si\\\/#organization\"},\"alternateName\":\"Slovenski Gledali\u0161ki In\u0161titut\",\"potentialAction\":[{\"@type\":\"SearchAction\",\"target\":{\"@type\":\"EntryPoint\",\"urlTemplate\":\"https:\\\/\\\/www.slogi.si\\\/?s={search_term_string}\"},\"query-input\":{\"@type\":\"PropertyValueSpecification\",\"valueRequired\":true,\"valueName\":\"search_term_string\"}}],\"inLanguage\":\"en-GB\"},{\"@type\":\"Organization\",\"@id\":\"https:\\\/\\\/www.slogi.si\\\/#organization\",\"name\":\"SLOGI\",\"alternateName\":\"Slovenski Gledali\u0161ki In\u0161titut\",\"url\":\"https:\\\/\\\/www.slogi.si\\\/\",\"logo\":{\"@type\":\"ImageObject\",\"inLanguage\":\"en-GB\",\"@id\":\"https:\\\/\\\/www.slogi.si\\\/#\\\/schema\\\/logo\\\/image\\\/\",\"url\":\"https:\\\/\\\/www.slogi.si\\\/wp-content\\\/uploads\\\/2024\\\/01\\\/favicon.svg\",\"contentUrl\":\"https:\\\/\\\/www.slogi.si\\\/wp-content\\\/uploads\\\/2024\\\/01\\\/favicon.svg\",\"width\":100,\"height\":100,\"caption\":\"SLOGI\"},\"image\":{\"@id\":\"https:\\\/\\\/www.slogi.si\\\/#\\\/schema\\\/logo\\\/image\\\/\"}}]}<\/script>\n<!-- \/ Yoast SEO plugin. -->","yoast_head_json":{"title":"POLETNA MUZEJSKA NO\u010c v SLOGI - Gledali\u0161kem muzeju - SLOGI","robots":{"index":"index","follow":"follow","max-snippet":"max-snippet:-1","max-image-preview":"max-image-preview:large","max-video-preview":"max-video-preview:-1"},"canonical":"https:\/\/www.slogi.si\/en\/events\/poletna-muzejska-noc-v-slogi-gledaliskem-muzeju-2-2\/","og_locale":"en_GB","og_type":"article","og_title":"POLETNA MUZEJSKA NO\u010c v SLOGI - Gledali\u0161kem muzeju - SLOGI","og_description":"Tudi letos se pridru\u017eujemo akciji Poletne muzejske no\u010di in na trejo junijsko soboto od poznega popoldneva pa do polno\u010di pripravljamo brezpla\u010den program. &nbsp; Hoja za gledali\u0161\u010dem. Od jezuitov do Cankarja, VODSTVO PO STALNI RAZSTAVI 18.30 in 21.30 (razstava, 2. nadstropje) Razstavo si med 18. in 24. uro lahko ogledate tudi samostojno. V Cankarjevem letu in ...","og_url":"https:\/\/www.slogi.si\/en\/events\/poletna-muzejska-noc-v-slogi-gledaliskem-muzeju-2-2\/","og_site_name":"SLOGI","article_modified_time":"2024-09-13T08:01:34+00:00","og_image":[{"width":710,"height":375,"url":"https:\/\/www.slogi.si\/wp-content\/uploads\/2024\/01\/poletna_muzejska_noc_2018_podoba-2.jpg","type":"image\/jpeg"}],"twitter_card":"summary_large_image","twitter_misc":{"Estimated reading time":"1 minute"},"schema":{"@context":"https:\/\/schema.org","@graph":[{"@type":"WebPage","@id":"https:\/\/www.slogi.si\/dogodki\/poletna-muzejska-noc-v-slogi-gledaliskem-muzeju-2-2\/","url":"https:\/\/www.slogi.si\/dogodki\/poletna-muzejska-noc-v-slogi-gledaliskem-muzeju-2-2\/","name":"POLETNA MUZEJSKA NO\u010c v SLOGI - Gledali\u0161kem muzeju - SLOGI","isPartOf":{"@id":"https:\/\/www.slogi.si\/#website"},"primaryImageOfPage":{"@id":"https:\/\/www.slogi.si\/dogodki\/poletna-muzejska-noc-v-slogi-gledaliskem-muzeju-2-2\/#primaryimage"},"image":{"@id":"https:\/\/www.slogi.si\/dogodki\/poletna-muzejska-noc-v-slogi-gledaliskem-muzeju-2-2\/#primaryimage"},"thumbnailUrl":"https:\/\/www.slogi.si\/wp-content\/uploads\/2024\/01\/poletna_muzejska_noc_2018_podoba-2.jpg","datePublished":"2018-06-16T11:38:02+00:00","dateModified":"2024-09-13T08:01:34+00:00","breadcrumb":{"@id":"https:\/\/www.slogi.si\/dogodki\/poletna-muzejska-noc-v-slogi-gledaliskem-muzeju-2-2\/#breadcrumb"},"inLanguage":"en-GB","potentialAction":[{"@type":"ReadAction","target":["https:\/\/www.slogi.si\/dogodki\/poletna-muzejska-noc-v-slogi-gledaliskem-muzeju-2-2\/"]}]},{"@type":"ImageObject","inLanguage":"en-GB","@id":"https:\/\/www.slogi.si\/dogodki\/poletna-muzejska-noc-v-slogi-gledaliskem-muzeju-2-2\/#primaryimage","url":"https:\/\/www.slogi.si\/wp-content\/uploads\/2024\/01\/poletna_muzejska_noc_2018_podoba-2.jpg","contentUrl":"https:\/\/www.slogi.si\/wp-content\/uploads\/2024\/01\/poletna_muzejska_noc_2018_podoba-2.jpg","width":710,"height":375},{"@type":"BreadcrumbList","@id":"https:\/\/www.slogi.si\/dogodki\/poletna-muzejska-noc-v-slogi-gledaliskem-muzeju-2-2\/#breadcrumb","itemListElement":[{"@type":"ListItem","position":1,"name":"Home","item":"https:\/\/www.slogi.si\/"},{"@type":"ListItem","position":2,"name":"POLETNA MUZEJSKA NO\u010c v SLOGI &#8211; Gledali\u0161kem muzeju"}]},{"@type":"WebSite","@id":"https:\/\/www.slogi.si\/#website","url":"https:\/\/www.slogi.si\/","name":"SLOGI","description":"Slovenian Theatre Institute","publisher":{"@id":"https:\/\/www.slogi.si\/#organization"},"alternateName":"Slovenski Gledali\u0161ki In\u0161titut","potentialAction":[{"@type":"SearchAction","target":{"@type":"EntryPoint","urlTemplate":"https:\/\/www.slogi.si\/?s={search_term_string}"},"query-input":{"@type":"PropertyValueSpecification","valueRequired":true,"valueName":"search_term_string"}}],"inLanguage":"en-GB"},{"@type":"Organization","@id":"https:\/\/www.slogi.si\/#organization","name":"SLOGI","alternateName":"Slovenski Gledali\u0161ki In\u0161titut","url":"https:\/\/www.slogi.si\/","logo":{"@type":"ImageObject","inLanguage":"en-GB","@id":"https:\/\/www.slogi.si\/#\/schema\/logo\/image\/","url":"https:\/\/www.slogi.si\/wp-content\/uploads\/2024\/01\/favicon.svg","contentUrl":"https:\/\/www.slogi.si\/wp-content\/uploads\/2024\/01\/favicon.svg","width":100,"height":100,"caption":"SLOGI"},"image":{"@id":"https:\/\/www.slogi.si\/#\/schema\/logo\/image\/"}}]}},"_links":{"self":[{"href":"https:\/\/www.slogi.si\/en\/wp-json\/wp\/v2\/dogodki\/8153","targetHints":{"allow":["GET"]}}],"collection":[{"href":"https:\/\/www.slogi.si\/en\/wp-json\/wp\/v2\/dogodki"}],"about":[{"href":"https:\/\/www.slogi.si\/en\/wp-json\/wp\/v2\/types\/dogodki"}],"wp:featuredmedia":[{"embeddable":true,"href":"https:\/\/www.slogi.si\/en\/wp-json\/wp\/v2\/media\/8265"}],"wp:attachment":[{"href":"https:\/\/www.slogi.si\/en\/wp-json\/wp\/v2\/media?parent=8153"}],"wp:term":[{"taxonomy":"category","embeddable":true,"href":"https:\/\/www.slogi.si\/en\/wp-json\/wp\/v2\/categories?post=8153"},{"taxonomy":"post_tag","embeddable":true,"href":"https:\/\/www.slogi.si\/en\/wp-json\/wp\/v2\/tags?post=8153"},{"taxonomy":"izpostavljamo","embeddable":true,"href":"https:\/\/www.slogi.si\/en\/wp-json\/wp\/v2\/izpostavljamo?post=8153"},{"taxonomy":"letnik","embeddable":true,"href":"https:\/\/www.slogi.si\/en\/wp-json\/wp\/v2\/letnik?post=8153"},{"taxonomy":"tip","embeddable":true,"href":"https:\/\/www.slogi.si\/en\/wp-json\/wp\/v2\/tip?post=8153"},{"taxonomy":"vrsta-razstave","embeddable":true,"href":"https:\/\/www.slogi.si\/en\/wp-json\/wp\/v2\/vrsta-razstave?post=8153"}],"curies":[{"name":"wp","href":"https:\/\/api.w.org\/{rel}","templated":true}]}}