{"id":8046,"date":"2007-10-16T13:30:53","date_gmt":"2007-10-16T11:30:53","guid":{"rendered":"https:\/\/www.slogi.si\/dogodki\/marcos-fink-baritonist\/"},"modified":"2024-09-13T10:01:27","modified_gmt":"2024-09-13T08:01:27","slug":"marcos-fink-baritonist","status":"publish","type":"dogodki","link":"https:\/\/www.slogi.si\/en\/dogodki\/marcos-fink-baritonist\/","title":{"rendered":"Marcos Fink \u2013 baritonist, predstavitev"},"content":{"rendered":"<p>Operni krogi\u2013 ve\u010der z osebnostjo iz sveta slovenske operne umetnosti \u2013 je bil posve\u010den osebnosti in delu Marcosa Finka, poustvarjalca samospevov in iskanega oratorijskiega pevca. Rojen je bil v slovenski dru\u017eini v Argentini, kot koncertni pevec se je izpopolnil v Londonu, nato pa se je zaposlil kot solist De\u017eelne opere v Salzburgu, za tem pa je \u017eivel in delal v Sloveniji kot samostojni ustvarjalec. Gostoval je po uglednih opernih hi\u0161ah po Evropi, na Japonskem in v Avstraliji. Marcos Fink je prejemnik \u0161tevilnih nagrad, tudi nagrade Pre\u0161ernovega sklada.<br \/>\nRazgovor je vodil Jo\u017ee Humer.<br \/>\nIn collaboration with KD Glasbena Matica and SNG Opera and Ballet.<\/p>\n<p>&nbsp;<\/p>\n<p>Rojen je bil 26. novembra 1950 v slovenski glasbeni dru\u017eini v Buenos Airesu; doma\u010di so ga zgodaj spodbudili, da je pel v zborih. Kljub temu je po kon\u010dani srednji \u0161oli \u0161tudiral agronomijo na univerzi v Buenos Airesu in leta 1980 diplomiral. Tudi njegova prva zaposlitev je bila zunaj glasbe. Za pevsko pot se je odlo\u010dil \u0161ele leta 1985, potem ko je bil \u010dlan Argentinskega polifonskega zbora in Bachove akademije v Buenos Airesu. S \u0161tipendijo Shell Argentina mu je bil leta 1988 omogo\u010den \u0161tudij petja v Londonu pri sopranistki Heather Harper in pianistu Robertu Sutherlandu. Pozneje se je izpopolnjeval \u0161e pri drugih znanih evropskih glasbenih pedagogih (W. Sch\u00f6ne, P. Huttenlocker, A. Baldin, E. Werba).<\/p>\n<p>&nbsp;<\/p>\n<p>Po izteku \u0161tipendije je bil prvi\u010d anga\u017eiran v Evropi. Leta 1990 je debitiral v Festspielhausu v Salzburgu. Dve leti je bil \u010dlan solisti\u010dnega ansambla salzbur\u0161kega De\u017eelnega gledali\u0161\u010da in v Mozartovem jubilejnem letu 1991 je pel vlogi Leporella in Figara, nato pa se je odlo\u010dil za svobodni poklic. Imel je vabila opernih hi\u0161 iz Pariza, Basla, Bordeauxa, Strasbourga, Catanije, Trsta, San Sebastiana, Frankfurta in Ljubljane.<\/p>\n<p>&nbsp;<\/p>\n<p>Basbaritonist Marko Fink je v svoji karieri odpel vrsto vlog. Med njimi so vloge v Verdijevih operah Otello in Macbeth, v Wagnerjevem Persifalu, v Straussovi Ariadni na Naksosu, v Niicolajevih Veselih \u017eenah windsorskih, pel je Evgenija Onjegina in v operah Kapljice za ljubezen ter Boris Godunov, v Rossinijevi operi Turek v Italiji. Med opernimi skladatelji, katerih dela je izvajal, je najve\u010dkrat zastopan W. A. Mozart. Poleg nagrajene vloge Leporella v Don Giovanniju je pel \u0161e v operah Cos\u00ed fan tutte, Figarova svatba, Bastien und Bastienne in Gledali\u0161ki ravnatelj. Basovske vloge je pel v Honeggerjevem oratoriju Devica Orleanska na grmadi.<\/p>\n<p>&nbsp;<\/p>\n<p>Mnogo je pel in \u0161e poje tudi na koncertnem odru v velikih oratorijih in kantatah, v Bachovem Pasijonu po Janezu in Ma\u0161i v h-molu, v Beethovnovi 9. simfoniji in Missi solemnis, v Brahmsovem Nem\u0161kem requiemu, Brucknerjevem Te Deumu, Dvo\u0159\u00e1kovi Stabat mater, v H\u00e4ndlovih oratorijih Baltazar, Mesija, Savel, v Haydnovih delih Stvarjenje in Letni \u010dasi, v Mendelssohnovem Eliji, Mozartovem Requiemu, Rossinijevi Stabat mater, Telemannovem Pasijonu po Luki. Pel je tudi v Premrlovih Bo\u017ei\u010dnih skrivnostih in je cenjen kot interpret samospevov. Za interpretacijo Shubertovega ciklusa Zimsko popotovanje (Winterreise) je leta 1998 dobil zlatega orfeja pari\u0161ke Acad\u00e9mie du disque lyrique. To nagrado je leta 1999 ponovno dobil za posnetek Don Giovannija z dirigentom Alainom Lombardom, kjer je pel Leporella. V domovini je istega leta za uspe\u0161ne koncerte in posnetke Schubertovih samospevov s pianistko Nata\u0161o Valant prejel nagrado Pre\u0161ernovega sklada.<\/p>\n<p>&nbsp;<\/p>\n<p>S sestro mezzosopranistko Bernardo Fink, sta v Ljubljani leta 2001 skupaj z organistom D.Miklav\u010di\u010dem in gambistom D.marin\u010di\u010dem posnela Bachove korale v Schemellijevi zbirki.<\/p>\n<p>&nbsp;<\/p>\n<p>Doslej je sodeloval s \u0161tevilnimi pomembnimi dirigenti in orkestri, kot so Orchester National de Paris, Orchestre Colonne de paris, Wiener Symphoniker, Combattimento Consort Amsterdam, Calgary Philharmonic Orchestra, capella Istropolitan v Bratislavio, I Virtuosi di Praga, Orquestra Filarmonica de Buenos Aires, leipziger Rundfunk Orchester, Concerto K\u00f6ln, seveda pa tudi z vsemi orkestri v Sloveniji, kjer zdaj \u017eivi in deluje. Primo\u017e Kurent: Sto slovenskih opernih zvezd, Koledarska zbirka, Pre\u0161ernova dru\u017eba d.d.; Ljubljana, 2005<\/p>\n<p>&nbsp;<\/p>\n<p><img fetchpriority=\"high\" decoding=\"async\" class=\"alignnone wp-image-6021\" src=\"https:\/\/www.slogi.si\/wp-content\/uploads\/2024\/01\/Marcos-Fink-\u2013-baritonist2-222x300-1.jpg\" alt=\"Operni krogi\u2013 ve\u010der z osebnostjo iz sveta slovenske operne umetnosti \u2013 je bil posve\u010den osebnosti in delu Marcosa Finka.\" width=\"500\" height=\"675\" \/><\/p>\n<p>&nbsp;<\/p>","protected":false},"excerpt":{"rendered":"<p>Operni krogi\u2013 ve\u010der z osebnostjo iz sveta slovenske operne umetnosti \u2013 je bil posve\u010den osebnosti in delu Marcosa Finka, poustvarjalca samospevov in iskanega oratorijskiega pevca. Rojen je bil v slovenski dru\u017eini v Argentini, kot koncertni pevec se je izpopolnil v Londonu, nato pa se je zaposlil kot solist De\u017eelne opere v Salzburgu, za tem pa &#8230;<\/p>","protected":false},"featured_media":8048,"template":"","categories":[416],"tags":[25],"izpostavljamo":[],"letnik":[256],"tip":[420],"vrsta-razstave":[],"class_list":["post-8046","dogodki","type-dogodki","status-publish","has-post-thumbnail","hentry","category-dogodki","tag-opera","letnik-256","tip-predstavitev"],"acf":[],"yoast_head":"<!-- This site is optimized with the Yoast SEO plugin v27.5 - https:\/\/yoast.com\/product\/yoast-seo-wordpress\/ -->\n<title>Marcos Fink \u2013 baritonist, predstavitev - SLOGI<\/title>\n<meta name=\"robots\" content=\"index, follow, max-snippet:-1, max-image-preview:large, max-video-preview:-1\" \/>\n<link rel=\"canonical\" href=\"https:\/\/www.slogi.si\/en\/events\/marcos-fink-baritonist\/\" \/>\n<meta property=\"og:locale\" content=\"en_GB\" \/>\n<meta property=\"og:type\" content=\"article\" \/>\n<meta property=\"og:title\" content=\"Marcos Fink \u2013 baritonist, predstavitev - SLOGI\" \/>\n<meta property=\"og:description\" content=\"Operni krogi\u2013 ve\u010der z osebnostjo iz sveta slovenske operne umetnosti \u2013 je bil posve\u010den osebnosti in delu Marcosa Finka, poustvarjalca samospevov in iskanega oratorijskiega pevca. Rojen je bil v slovenski dru\u017eini v Argentini, kot koncertni pevec se je izpopolnil v Londonu, nato pa se je zaposlil kot solist De\u017eelne opere v Salzburgu, za tem pa ...\" \/>\n<meta property=\"og:url\" content=\"https:\/\/www.slogi.si\/en\/events\/marcos-fink-baritonist\/\" \/>\n<meta property=\"og:site_name\" content=\"SLOGI\" \/>\n<meta property=\"article:modified_time\" content=\"2024-09-13T08:01:27+00:00\" \/>\n<meta property=\"og:image\" content=\"https:\/\/www.slogi.si\/wp-content\/uploads\/2024\/01\/Marcos-Fink-\u2013-baritonist.jpg\" \/>\n\t<meta property=\"og:image:width\" content=\"710\" \/>\n\t<meta property=\"og:image:height\" content=\"375\" \/>\n\t<meta property=\"og:image:type\" content=\"image\/jpeg\" \/>\n<meta name=\"twitter:card\" content=\"summary_large_image\" \/>\n<meta name=\"twitter:label1\" content=\"Estimated reading time\" \/>\n\t<meta name=\"twitter:data1\" content=\"3 minutes\" \/>\n<script type=\"application\/ld+json\" class=\"yoast-schema-graph\">{\"@context\":\"https:\\\/\\\/schema.org\",\"@graph\":[{\"@type\":\"WebPage\",\"@id\":\"https:\\\/\\\/www.slogi.si\\\/dogodki\\\/marcos-fink-baritonist\\\/\",\"url\":\"https:\\\/\\\/www.slogi.si\\\/dogodki\\\/marcos-fink-baritonist\\\/\",\"name\":\"Marcos Fink \u2013 baritonist, predstavitev - SLOGI\",\"isPartOf\":{\"@id\":\"https:\\\/\\\/www.slogi.si\\\/#website\"},\"primaryImageOfPage\":{\"@id\":\"https:\\\/\\\/www.slogi.si\\\/dogodki\\\/marcos-fink-baritonist\\\/#primaryimage\"},\"image\":{\"@id\":\"https:\\\/\\\/www.slogi.si\\\/dogodki\\\/marcos-fink-baritonist\\\/#primaryimage\"},\"thumbnailUrl\":\"https:\\\/\\\/www.slogi.si\\\/wp-content\\\/uploads\\\/2024\\\/01\\\/Marcos-Fink-\u2013-baritonist.jpg\",\"datePublished\":\"2007-10-16T11:30:53+00:00\",\"dateModified\":\"2024-09-13T08:01:27+00:00\",\"breadcrumb\":{\"@id\":\"https:\\\/\\\/www.slogi.si\\\/dogodki\\\/marcos-fink-baritonist\\\/#breadcrumb\"},\"inLanguage\":\"en-GB\",\"potentialAction\":[{\"@type\":\"ReadAction\",\"target\":[\"https:\\\/\\\/www.slogi.si\\\/dogodki\\\/marcos-fink-baritonist\\\/\"]}]},{\"@type\":\"ImageObject\",\"inLanguage\":\"en-GB\",\"@id\":\"https:\\\/\\\/www.slogi.si\\\/dogodki\\\/marcos-fink-baritonist\\\/#primaryimage\",\"url\":\"https:\\\/\\\/www.slogi.si\\\/wp-content\\\/uploads\\\/2024\\\/01\\\/Marcos-Fink-\u2013-baritonist.jpg\",\"contentUrl\":\"https:\\\/\\\/www.slogi.si\\\/wp-content\\\/uploads\\\/2024\\\/01\\\/Marcos-Fink-\u2013-baritonist.jpg\",\"width\":710,\"height\":375},{\"@type\":\"BreadcrumbList\",\"@id\":\"https:\\\/\\\/www.slogi.si\\\/dogodki\\\/marcos-fink-baritonist\\\/#breadcrumb\",\"itemListElement\":[{\"@type\":\"ListItem\",\"position\":1,\"name\":\"Home\",\"item\":\"https:\\\/\\\/www.slogi.si\\\/\"},{\"@type\":\"ListItem\",\"position\":2,\"name\":\"Marcos Fink \u2013 baritonist, predstavitev\"}]},{\"@type\":\"WebSite\",\"@id\":\"https:\\\/\\\/www.slogi.si\\\/#website\",\"url\":\"https:\\\/\\\/www.slogi.si\\\/\",\"name\":\"SLOGI\",\"description\":\"Slovenski Gledali\u0161ki In\u0161titut\",\"publisher\":{\"@id\":\"https:\\\/\\\/www.slogi.si\\\/#organization\"},\"alternateName\":\"Slovenski Gledali\u0161ki In\u0161titut\",\"potentialAction\":[{\"@type\":\"SearchAction\",\"target\":{\"@type\":\"EntryPoint\",\"urlTemplate\":\"https:\\\/\\\/www.slogi.si\\\/?s={search_term_string}\"},\"query-input\":{\"@type\":\"PropertyValueSpecification\",\"valueRequired\":true,\"valueName\":\"search_term_string\"}}],\"inLanguage\":\"en-GB\"},{\"@type\":\"Organization\",\"@id\":\"https:\\\/\\\/www.slogi.si\\\/#organization\",\"name\":\"SLOGI\",\"alternateName\":\"Slovenski Gledali\u0161ki In\u0161titut\",\"url\":\"https:\\\/\\\/www.slogi.si\\\/\",\"logo\":{\"@type\":\"ImageObject\",\"inLanguage\":\"en-GB\",\"@id\":\"https:\\\/\\\/www.slogi.si\\\/#\\\/schema\\\/logo\\\/image\\\/\",\"url\":\"https:\\\/\\\/www.slogi.si\\\/wp-content\\\/uploads\\\/2024\\\/01\\\/favicon.svg\",\"contentUrl\":\"https:\\\/\\\/www.slogi.si\\\/wp-content\\\/uploads\\\/2024\\\/01\\\/favicon.svg\",\"width\":100,\"height\":100,\"caption\":\"SLOGI\"},\"image\":{\"@id\":\"https:\\\/\\\/www.slogi.si\\\/#\\\/schema\\\/logo\\\/image\\\/\"}}]}<\/script>\n<!-- \/ Yoast SEO plugin. -->","yoast_head_json":{"title":"Marcos Fink \u2013 baritonist, predstavitev - SLOGI","robots":{"index":"index","follow":"follow","max-snippet":"max-snippet:-1","max-image-preview":"max-image-preview:large","max-video-preview":"max-video-preview:-1"},"canonical":"https:\/\/www.slogi.si\/en\/events\/marcos-fink-baritonist\/","og_locale":"en_GB","og_type":"article","og_title":"Marcos Fink \u2013 baritonist, predstavitev - SLOGI","og_description":"Operni krogi\u2013 ve\u010der z osebnostjo iz sveta slovenske operne umetnosti \u2013 je bil posve\u010den osebnosti in delu Marcosa Finka, poustvarjalca samospevov in iskanega oratorijskiega pevca. Rojen je bil v slovenski dru\u017eini v Argentini, kot koncertni pevec se je izpopolnil v Londonu, nato pa se je zaposlil kot solist De\u017eelne opere v Salzburgu, za tem pa ...","og_url":"https:\/\/www.slogi.si\/en\/events\/marcos-fink-baritonist\/","og_site_name":"SLOGI","article_modified_time":"2024-09-13T08:01:27+00:00","og_image":[{"width":710,"height":375,"url":"https:\/\/www.slogi.si\/wp-content\/uploads\/2024\/01\/Marcos-Fink-\u2013-baritonist.jpg","type":"image\/jpeg"}],"twitter_card":"summary_large_image","twitter_misc":{"Estimated reading time":"3 minutes"},"schema":{"@context":"https:\/\/schema.org","@graph":[{"@type":"WebPage","@id":"https:\/\/www.slogi.si\/dogodki\/marcos-fink-baritonist\/","url":"https:\/\/www.slogi.si\/dogodki\/marcos-fink-baritonist\/","name":"Marcos Fink \u2013 baritonist, predstavitev - SLOGI","isPartOf":{"@id":"https:\/\/www.slogi.si\/#website"},"primaryImageOfPage":{"@id":"https:\/\/www.slogi.si\/dogodki\/marcos-fink-baritonist\/#primaryimage"},"image":{"@id":"https:\/\/www.slogi.si\/dogodki\/marcos-fink-baritonist\/#primaryimage"},"thumbnailUrl":"https:\/\/www.slogi.si\/wp-content\/uploads\/2024\/01\/Marcos-Fink-\u2013-baritonist.jpg","datePublished":"2007-10-16T11:30:53+00:00","dateModified":"2024-09-13T08:01:27+00:00","breadcrumb":{"@id":"https:\/\/www.slogi.si\/dogodki\/marcos-fink-baritonist\/#breadcrumb"},"inLanguage":"en-GB","potentialAction":[{"@type":"ReadAction","target":["https:\/\/www.slogi.si\/dogodki\/marcos-fink-baritonist\/"]}]},{"@type":"ImageObject","inLanguage":"en-GB","@id":"https:\/\/www.slogi.si\/dogodki\/marcos-fink-baritonist\/#primaryimage","url":"https:\/\/www.slogi.si\/wp-content\/uploads\/2024\/01\/Marcos-Fink-\u2013-baritonist.jpg","contentUrl":"https:\/\/www.slogi.si\/wp-content\/uploads\/2024\/01\/Marcos-Fink-\u2013-baritonist.jpg","width":710,"height":375},{"@type":"BreadcrumbList","@id":"https:\/\/www.slogi.si\/dogodki\/marcos-fink-baritonist\/#breadcrumb","itemListElement":[{"@type":"ListItem","position":1,"name":"Home","item":"https:\/\/www.slogi.si\/"},{"@type":"ListItem","position":2,"name":"Marcos Fink \u2013 baritonist, predstavitev"}]},{"@type":"WebSite","@id":"https:\/\/www.slogi.si\/#website","url":"https:\/\/www.slogi.si\/","name":"SLOGI","description":"Slovenian Theatre Institute","publisher":{"@id":"https:\/\/www.slogi.si\/#organization"},"alternateName":"Slovenski Gledali\u0161ki In\u0161titut","potentialAction":[{"@type":"SearchAction","target":{"@type":"EntryPoint","urlTemplate":"https:\/\/www.slogi.si\/?s={search_term_string}"},"query-input":{"@type":"PropertyValueSpecification","valueRequired":true,"valueName":"search_term_string"}}],"inLanguage":"en-GB"},{"@type":"Organization","@id":"https:\/\/www.slogi.si\/#organization","name":"SLOGI","alternateName":"Slovenski Gledali\u0161ki In\u0161titut","url":"https:\/\/www.slogi.si\/","logo":{"@type":"ImageObject","inLanguage":"en-GB","@id":"https:\/\/www.slogi.si\/#\/schema\/logo\/image\/","url":"https:\/\/www.slogi.si\/wp-content\/uploads\/2024\/01\/favicon.svg","contentUrl":"https:\/\/www.slogi.si\/wp-content\/uploads\/2024\/01\/favicon.svg","width":100,"height":100,"caption":"SLOGI"},"image":{"@id":"https:\/\/www.slogi.si\/#\/schema\/logo\/image\/"}}]}},"_links":{"self":[{"href":"https:\/\/www.slogi.si\/en\/wp-json\/wp\/v2\/dogodki\/8046","targetHints":{"allow":["GET"]}}],"collection":[{"href":"https:\/\/www.slogi.si\/en\/wp-json\/wp\/v2\/dogodki"}],"about":[{"href":"https:\/\/www.slogi.si\/en\/wp-json\/wp\/v2\/types\/dogodki"}],"wp:featuredmedia":[{"embeddable":true,"href":"https:\/\/www.slogi.si\/en\/wp-json\/wp\/v2\/media\/8048"}],"wp:attachment":[{"href":"https:\/\/www.slogi.si\/en\/wp-json\/wp\/v2\/media?parent=8046"}],"wp:term":[{"taxonomy":"category","embeddable":true,"href":"https:\/\/www.slogi.si\/en\/wp-json\/wp\/v2\/categories?post=8046"},{"taxonomy":"post_tag","embeddable":true,"href":"https:\/\/www.slogi.si\/en\/wp-json\/wp\/v2\/tags?post=8046"},{"taxonomy":"izpostavljamo","embeddable":true,"href":"https:\/\/www.slogi.si\/en\/wp-json\/wp\/v2\/izpostavljamo?post=8046"},{"taxonomy":"letnik","embeddable":true,"href":"https:\/\/www.slogi.si\/en\/wp-json\/wp\/v2\/letnik?post=8046"},{"taxonomy":"tip","embeddable":true,"href":"https:\/\/www.slogi.si\/en\/wp-json\/wp\/v2\/tip?post=8046"},{"taxonomy":"vrsta-razstave","embeddable":true,"href":"https:\/\/www.slogi.si\/en\/wp-json\/wp\/v2\/vrsta-razstave?post=8046"}],"curies":[{"name":"wp","href":"https:\/\/api.w.org\/{rel}","templated":true}]}}