{"id":7784,"date":"1999-10-14T17:45:40","date_gmt":"1999-10-14T15:45:40","guid":{"rendered":"https:\/\/www.slogi.si\/dogodki\/video-portret-zdravka-kovaca\/"},"modified":"2024-09-13T10:01:10","modified_gmt":"2024-09-13T08:01:10","slug":"video-portrait-of-a-blacksmith-doctor","status":"publish","type":"dogodki","link":"https:\/\/www.slogi.si\/en\/dogodki\/video-portret-zdravka-kovaca\/","title":{"rendered":"Video portrait of Zdravko Kova\u010d, presentation"},"content":{"rendered":"<p>On the occasion of the opera singer&#039;s 70th birthday, a video portrait of the artist was presented, produced by Studio MEG based on the idea and directorial design of Janez Megli\u010d. The screening was followed by an interview with the opera singer, conducted by Peter Bedjani\u010d.<\/p>\n<p>&nbsp;<\/p>\n<p><em>Bassist <strong>Zdravko Kova\u010d<\/strong> was born on September 24, 1929 in Ljubljana. After matriculation, he completed private solo studies with prof. Ksenia Ku\u0161ej Novak. Even as a child, he performed on the stage of the Ljubljana Opera House in youth plays, operettas and operas. The first major role he sang at the Ljubljana Opera House after finishing his studies was the role of Monterono in Verdi&#039;s Rigoletto. With him, the Ljubljana Opera gained a high lyrical bassist with a large vocal range, musicality, a good memory and an unusually large voice: two octaves and a solid fifth on top of that. He could sing the lowest bass as well as the highest baritone roles. Zdravko Kova\u010d showed his extraordinary vocal range at the very beginning of his career, when he sang the short but very demanding role of the Scythian king Toas in Gluck&#039;s opera Iphigenia na Taurida. During the thirty years of his artistic activity, Zdravko Kova\u010d sang a large number of demanding bass roles, among which we can mention the merman in Rusalka, Mephisto in Faust, Philip II. in Don Carlos, Prince Gremin in Prince Igor, Dosife in Hovan\u0161\u010dina, the magician Chelia in the opera Zaljuben ve three oranges, Don Basilio in The Barber of Seville, Banquo in Macbeth, Canciana in The Four Roughnecks, Taos in Iphigenia on Taurida, the king in Lohengrin and all four the bass parts in Offenbach&#039;s Tales of Hoffman, the king in Aida. <\/em><\/p>\n<p>&nbsp;<\/p>\n<p><em>At a singing competition in Geneva in 1954, Zdravko Kova\u010d received a diploma. He toured most of the opera theaters of the former Yugoslavia and was one of the leading Yugoslav oratorio bassists; he sang a large number of demanding and weighty bass operatic roles. He performed at home and abroad and conquered the audience with his musicality and sense of stage design, as well as with his imposing stage presence. He established himself as a soloist in oratorios in Haydn&#039;s Seasons, and then in Zagreb in Beethoven&#039;s 9th Symphony, conducted by Friedrich Zaun, then head of the Zagreb Philharmonic. This success earned Kova\u010d an invitation to Vienna, where he sang in Bach&#039;s Matthew Passion under the direction of the legendary conductor Karl B\u00f6hm. He also participated in the opening of the New Festival Theater in Salzburg. Some recordings are kept by RTV Slovenia (Hoffman&#039;s Tales, Canciano in \u0160tireh Grobijane). He recorded the title role in Nikolaj Rimsky-Korsakov&#039;s opera Tsar Sultan for Philips in Zagreb. He retired in 1983. He celebrated his seventieth birthday in good health, but after two years he succumbed to a rapidly progressing illness and died on July 28, 2001 in Rijeka. Zdravko Kova\u010d belongs to that brilliant generation of singers of the Ljubljana opera, in which, besides him, there were also Sonja Ho\u010devar, Sonja Draksler, Cvetka Ahlin, Ga\u0161per Dermota and a little later Zlata Ognjanovi\u0107 and Bozena Glavak.\u00a0<\/em><em>Primo\u017e Kurent: One Hundred Slovenian Opera Stars, Calendar Collection, Pre\u0161ernova dru\u017eba dd; Ljubljana, 2005<\/em><\/p>\n<p>&nbsp;<\/p>","protected":false},"excerpt":{"rendered":"<p>Ob 70 letnici opernega pevca je bil predstavljen umetnikov video portret, ki je nastal v produkciji Studia MEG po ideji ter re\u017eiserski zasnovi Janeza Megli\u010da. Projekciji je sledil razgovor z opernim pevcem, ki ga je vodil Peter Bedjani\u010d. &nbsp; Basist Zdravko Kova\u010d se je rodil 24. septembra 1929 v Ljubljani. Po maturi je zasebno do\u0161tudiral &#8230;<\/p>","protected":false},"featured_media":7785,"template":"","categories":[416],"tags":[25],"izpostavljamo":[],"letnik":[253],"tip":[420],"vrsta-razstave":[],"class_list":["post-7784","dogodki","type-dogodki","status-publish","has-post-thumbnail","hentry","category-dogodki","tag-opera","letnik-253","tip-predstavitev"],"acf":[],"yoast_head":"<!-- This site is optimized with the Yoast SEO plugin v27.5 - https:\/\/yoast.com\/product\/yoast-seo-wordpress\/ -->\n<title>Video portret Zdravka Kova\u010da, predstavitev - SLOGI<\/title>\n<meta name=\"robots\" content=\"index, follow, max-snippet:-1, max-image-preview:large, max-video-preview:-1\" \/>\n<link rel=\"canonical\" href=\"https:\/\/www.slogi.si\/en\/events\/video-portrait-of-a-blacksmith-doctor\/\" \/>\n<meta property=\"og:locale\" content=\"en_GB\" \/>\n<meta property=\"og:type\" content=\"article\" \/>\n<meta property=\"og:title\" content=\"Video portret Zdravka Kova\u010da, predstavitev - SLOGI\" \/>\n<meta property=\"og:description\" content=\"Ob 70 letnici opernega pevca je bil predstavljen umetnikov video portret, ki je nastal v produkciji Studia MEG po ideji ter re\u017eiserski zasnovi Janeza Megli\u010da. Projekciji je sledil razgovor z opernim pevcem, ki ga je vodil Peter Bedjani\u010d. &nbsp; Basist Zdravko Kova\u010d se je rodil 24. septembra 1929 v Ljubljani. Po maturi je zasebno do\u0161tudiral ...\" \/>\n<meta property=\"og:url\" content=\"https:\/\/www.slogi.si\/en\/events\/video-portrait-of-a-blacksmith-doctor\/\" \/>\n<meta property=\"og:site_name\" content=\"SLOGI\" \/>\n<meta property=\"article:modified_time\" content=\"2024-09-13T08:01:10+00:00\" \/>\n<meta property=\"og:image\" content=\"https:\/\/www.slogi.si\/wp-content\/uploads\/2024\/01\/Video-portret-Zdravka-Kovaca-1.jpg\" \/>\n\t<meta property=\"og:image:width\" content=\"710\" \/>\n\t<meta property=\"og:image:height\" content=\"375\" \/>\n\t<meta property=\"og:image:type\" content=\"image\/jpeg\" \/>\n<meta name=\"twitter:card\" content=\"summary_large_image\" \/>\n<meta name=\"twitter:label1\" content=\"Estimated reading time\" \/>\n\t<meta name=\"twitter:data1\" content=\"2 minutes\" \/>\n<script type=\"application\/ld+json\" class=\"yoast-schema-graph\">{\"@context\":\"https:\\\/\\\/schema.org\",\"@graph\":[{\"@type\":\"WebPage\",\"@id\":\"https:\\\/\\\/www.slogi.si\\\/dogodki\\\/video-portret-zdravka-kovaca\\\/\",\"url\":\"https:\\\/\\\/www.slogi.si\\\/dogodki\\\/video-portret-zdravka-kovaca\\\/\",\"name\":\"Video portret Zdravka Kova\u010da, predstavitev - SLOGI\",\"isPartOf\":{\"@id\":\"https:\\\/\\\/www.slogi.si\\\/#website\"},\"primaryImageOfPage\":{\"@id\":\"https:\\\/\\\/www.slogi.si\\\/dogodki\\\/video-portret-zdravka-kovaca\\\/#primaryimage\"},\"image\":{\"@id\":\"https:\\\/\\\/www.slogi.si\\\/dogodki\\\/video-portret-zdravka-kovaca\\\/#primaryimage\"},\"thumbnailUrl\":\"https:\\\/\\\/www.slogi.si\\\/wp-content\\\/uploads\\\/2024\\\/01\\\/Video-portret-Zdravka-Kovaca-1.jpg\",\"datePublished\":\"1999-10-14T15:45:40+00:00\",\"dateModified\":\"2024-09-13T08:01:10+00:00\",\"breadcrumb\":{\"@id\":\"https:\\\/\\\/www.slogi.si\\\/dogodki\\\/video-portret-zdravka-kovaca\\\/#breadcrumb\"},\"inLanguage\":\"en-GB\",\"potentialAction\":[{\"@type\":\"ReadAction\",\"target\":[\"https:\\\/\\\/www.slogi.si\\\/dogodki\\\/video-portret-zdravka-kovaca\\\/\"]}]},{\"@type\":\"ImageObject\",\"inLanguage\":\"en-GB\",\"@id\":\"https:\\\/\\\/www.slogi.si\\\/dogodki\\\/video-portret-zdravka-kovaca\\\/#primaryimage\",\"url\":\"https:\\\/\\\/www.slogi.si\\\/wp-content\\\/uploads\\\/2024\\\/01\\\/Video-portret-Zdravka-Kovaca-1.jpg\",\"contentUrl\":\"https:\\\/\\\/www.slogi.si\\\/wp-content\\\/uploads\\\/2024\\\/01\\\/Video-portret-Zdravka-Kovaca-1.jpg\",\"width\":710,\"height\":375,\"caption\":\"Ob 70 letnici opernega pevca je bil predstavljen video portret, ki je nastal v produkciji Studia MEG po ideji ter re\u017eiserski zasnovi Janeza Megli\u010da.\"},{\"@type\":\"BreadcrumbList\",\"@id\":\"https:\\\/\\\/www.slogi.si\\\/dogodki\\\/video-portret-zdravka-kovaca\\\/#breadcrumb\",\"itemListElement\":[{\"@type\":\"ListItem\",\"position\":1,\"name\":\"Home\",\"item\":\"https:\\\/\\\/www.slogi.si\\\/\"},{\"@type\":\"ListItem\",\"position\":2,\"name\":\"Video portret Zdravka Kova\u010da, predstavitev\"}]},{\"@type\":\"WebSite\",\"@id\":\"https:\\\/\\\/www.slogi.si\\\/#website\",\"url\":\"https:\\\/\\\/www.slogi.si\\\/\",\"name\":\"SLOGI\",\"description\":\"Slovenski Gledali\u0161ki In\u0161titut\",\"publisher\":{\"@id\":\"https:\\\/\\\/www.slogi.si\\\/#organization\"},\"alternateName\":\"Slovenski Gledali\u0161ki In\u0161titut\",\"potentialAction\":[{\"@type\":\"SearchAction\",\"target\":{\"@type\":\"EntryPoint\",\"urlTemplate\":\"https:\\\/\\\/www.slogi.si\\\/?s={search_term_string}\"},\"query-input\":{\"@type\":\"PropertyValueSpecification\",\"valueRequired\":true,\"valueName\":\"search_term_string\"}}],\"inLanguage\":\"en-GB\"},{\"@type\":\"Organization\",\"@id\":\"https:\\\/\\\/www.slogi.si\\\/#organization\",\"name\":\"SLOGI\",\"alternateName\":\"Slovenski Gledali\u0161ki In\u0161titut\",\"url\":\"https:\\\/\\\/www.slogi.si\\\/\",\"logo\":{\"@type\":\"ImageObject\",\"inLanguage\":\"en-GB\",\"@id\":\"https:\\\/\\\/www.slogi.si\\\/#\\\/schema\\\/logo\\\/image\\\/\",\"url\":\"https:\\\/\\\/www.slogi.si\\\/wp-content\\\/uploads\\\/2024\\\/01\\\/favicon.svg\",\"contentUrl\":\"https:\\\/\\\/www.slogi.si\\\/wp-content\\\/uploads\\\/2024\\\/01\\\/favicon.svg\",\"width\":100,\"height\":100,\"caption\":\"SLOGI\"},\"image\":{\"@id\":\"https:\\\/\\\/www.slogi.si\\\/#\\\/schema\\\/logo\\\/image\\\/\"}}]}<\/script>\n<!-- \/ Yoast SEO plugin. -->","yoast_head_json":{"title":"Video portrait of Zdravko Kova\u010d, presentation - SLOGI","robots":{"index":"index","follow":"follow","max-snippet":"max-snippet:-1","max-image-preview":"max-image-preview:large","max-video-preview":"max-video-preview:-1"},"canonical":"https:\/\/www.slogi.si\/en\/events\/video-portrait-of-a-blacksmith-doctor\/","og_locale":"en_GB","og_type":"article","og_title":"Video portret Zdravka Kova\u010da, predstavitev - SLOGI","og_description":"Ob 70 letnici opernega pevca je bil predstavljen umetnikov video portret, ki je nastal v produkciji Studia MEG po ideji ter re\u017eiserski zasnovi Janeza Megli\u010da. Projekciji je sledil razgovor z opernim pevcem, ki ga je vodil Peter Bedjani\u010d. &nbsp; Basist Zdravko Kova\u010d se je rodil 24. septembra 1929 v Ljubljani. Po maturi je zasebno do\u0161tudiral ...","og_url":"https:\/\/www.slogi.si\/en\/events\/video-portrait-of-a-blacksmith-doctor\/","og_site_name":"SLOGI","article_modified_time":"2024-09-13T08:01:10+00:00","og_image":[{"width":710,"height":375,"url":"https:\/\/www.slogi.si\/wp-content\/uploads\/2024\/01\/Video-portret-Zdravka-Kovaca-1.jpg","type":"image\/jpeg"}],"twitter_card":"summary_large_image","twitter_misc":{"Estimated reading time":"2 minutes"},"schema":{"@context":"https:\/\/schema.org","@graph":[{"@type":"WebPage","@id":"https:\/\/www.slogi.si\/dogodki\/video-portret-zdravka-kovaca\/","url":"https:\/\/www.slogi.si\/dogodki\/video-portret-zdravka-kovaca\/","name":"Video portrait of Zdravko Kova\u010d, presentation - SLOGI","isPartOf":{"@id":"https:\/\/www.slogi.si\/#website"},"primaryImageOfPage":{"@id":"https:\/\/www.slogi.si\/dogodki\/video-portret-zdravka-kovaca\/#primaryimage"},"image":{"@id":"https:\/\/www.slogi.si\/dogodki\/video-portret-zdravka-kovaca\/#primaryimage"},"thumbnailUrl":"https:\/\/www.slogi.si\/wp-content\/uploads\/2024\/01\/Video-portret-Zdravka-Kovaca-1.jpg","datePublished":"1999-10-14T15:45:40+00:00","dateModified":"2024-09-13T08:01:10+00:00","breadcrumb":{"@id":"https:\/\/www.slogi.si\/dogodki\/video-portret-zdravka-kovaca\/#breadcrumb"},"inLanguage":"en-GB","potentialAction":[{"@type":"ReadAction","target":["https:\/\/www.slogi.si\/dogodki\/video-portret-zdravka-kovaca\/"]}]},{"@type":"ImageObject","inLanguage":"en-GB","@id":"https:\/\/www.slogi.si\/dogodki\/video-portret-zdravka-kovaca\/#primaryimage","url":"https:\/\/www.slogi.si\/wp-content\/uploads\/2024\/01\/Video-portret-Zdravka-Kovaca-1.jpg","contentUrl":"https:\/\/www.slogi.si\/wp-content\/uploads\/2024\/01\/Video-portret-Zdravka-Kovaca-1.jpg","width":710,"height":375,"caption":"Ob 70 letnici opernega pevca je bil predstavljen video portret, ki je nastal v produkciji Studia MEG po ideji ter re\u017eiserski zasnovi Janeza Megli\u010da."},{"@type":"BreadcrumbList","@id":"https:\/\/www.slogi.si\/dogodki\/video-portret-zdravka-kovaca\/#breadcrumb","itemListElement":[{"@type":"ListItem","position":1,"name":"Home","item":"https:\/\/www.slogi.si\/"},{"@type":"ListItem","position":2,"name":"Video portret Zdravka Kova\u010da, predstavitev"}]},{"@type":"WebSite","@id":"https:\/\/www.slogi.si\/#website","url":"https:\/\/www.slogi.si\/","name":"SLOGI","description":"Slovenian Theatre Institute","publisher":{"@id":"https:\/\/www.slogi.si\/#organization"},"alternateName":"Slovenski Gledali\u0161ki In\u0161titut","potentialAction":[{"@type":"SearchAction","target":{"@type":"EntryPoint","urlTemplate":"https:\/\/www.slogi.si\/?s={search_term_string}"},"query-input":{"@type":"PropertyValueSpecification","valueRequired":true,"valueName":"search_term_string"}}],"inLanguage":"en-GB"},{"@type":"Organization","@id":"https:\/\/www.slogi.si\/#organization","name":"SLOGI","alternateName":"Slovenski Gledali\u0161ki In\u0161titut","url":"https:\/\/www.slogi.si\/","logo":{"@type":"ImageObject","inLanguage":"en-GB","@id":"https:\/\/www.slogi.si\/#\/schema\/logo\/image\/","url":"https:\/\/www.slogi.si\/wp-content\/uploads\/2024\/01\/favicon.svg","contentUrl":"https:\/\/www.slogi.si\/wp-content\/uploads\/2024\/01\/favicon.svg","width":100,"height":100,"caption":"SLOGI"},"image":{"@id":"https:\/\/www.slogi.si\/#\/schema\/logo\/image\/"}}]}},"_links":{"self":[{"href":"https:\/\/www.slogi.si\/en\/wp-json\/wp\/v2\/dogodki\/7784","targetHints":{"allow":["GET"]}}],"collection":[{"href":"https:\/\/www.slogi.si\/en\/wp-json\/wp\/v2\/dogodki"}],"about":[{"href":"https:\/\/www.slogi.si\/en\/wp-json\/wp\/v2\/types\/dogodki"}],"wp:featuredmedia":[{"embeddable":true,"href":"https:\/\/www.slogi.si\/en\/wp-json\/wp\/v2\/media\/7785"}],"wp:attachment":[{"href":"https:\/\/www.slogi.si\/en\/wp-json\/wp\/v2\/media?parent=7784"}],"wp:term":[{"taxonomy":"category","embeddable":true,"href":"https:\/\/www.slogi.si\/en\/wp-json\/wp\/v2\/categories?post=7784"},{"taxonomy":"post_tag","embeddable":true,"href":"https:\/\/www.slogi.si\/en\/wp-json\/wp\/v2\/tags?post=7784"},{"taxonomy":"izpostavljamo","embeddable":true,"href":"https:\/\/www.slogi.si\/en\/wp-json\/wp\/v2\/izpostavljamo?post=7784"},{"taxonomy":"letnik","embeddable":true,"href":"https:\/\/www.slogi.si\/en\/wp-json\/wp\/v2\/letnik?post=7784"},{"taxonomy":"tip","embeddable":true,"href":"https:\/\/www.slogi.si\/en\/wp-json\/wp\/v2\/tip?post=7784"},{"taxonomy":"vrsta-razstave","embeddable":true,"href":"https:\/\/www.slogi.si\/en\/wp-json\/wp\/v2\/vrsta-razstave?post=7784"}],"curies":[{"name":"wp","href":"https:\/\/api.w.org\/{rel}","templated":true}]}}