{"id":7765,"date":"1999-01-27T20:01:38","date_gmt":"1999-01-27T19:01:38","guid":{"rendered":"https:\/\/www.slogi.si\/dogodki\/to-je-ziva-carovnija-vecer-poezije-gregorja-strnise\/"},"modified":"2024-09-13T10:01:08","modified_gmt":"2024-09-13T08:01:08","slug":"to-je-ziva-carovnija-vecer-poezije-gregorja-strnise","status":"publish","type":"dogodki","link":"https:\/\/www.slogi.si\/en\/dogodki\/to-je-ziva-carovnija-vecer-poezije-gregorja-strnise\/","title":{"rendered":"To je \u017eiva \u010darovnija\u2026 &#8211; ve\u010der poezije Gregorja Strni\u0161e, literarni ve\u010der"},"content":{"rendered":"<p>Ob obletnici smrti pesnika in dramatika Gregorja Strni\u0161e sta prof. Andrijan Lah in Katarina Stegnar pripravila recital njegove poezije.<\/p>\n<p>&nbsp;<\/p>\n<p><em><strong>Gregor Strni\u0161a<\/strong> (1930-1987) je eden najpomembnej\u0161ih slovenskih pesnikov, dramatikov in tudi pomemben pisec mladinske knji\u017eevnosti. Strni\u0161eva mati je bila sodna uradnica, o\u010de pa knji\u017eevnik v svobodnem poklicu. Pesni\u0161tvo je Strni\u0161a torej imel \u017ee v krvi, saj je bil njegov o\u010de Gustav Strni\u0161a (1887 &#8211; 1970) pesnik in pisatelj za mladino. Od leta 1937 do 1941 je v Ljubljani obiskoval osnovno \u0161olo. \u0160olanje je nadaljeval na klasi\u010dni gimnaziji od leta 1941. Njegov \u0161tudij je bil prekinjen maja 1949, ko je bil aretiran in kasneje avgusta na sodnem procesu obsojen zaradi suma pomo\u010di pobeglim politi\u010dnim emigrantom. Obsojen je bil na \u0161tiri leta prisilnega dela. Iz zapora je bil pogojno izpu\u0161\u010den junija leta 1951. Po maturi leta 1952 se je vpisal na Filozofsko fakulteto, kjer je leta 1961 diplomiral iz angle\u0161\u010dine in nem\u0161\u010dine in prejel tudi \u0161tudentsko Pre\u0161ernovo nagrado. Med \u0161tudijem je obiskoval tudi predavanja iz akadologije (osnove sumerskega in asirsko-babilonskega jezika) in hebrej\u0161\u010dine. Leta 1957 se je vklju\u010dil v delo uredni\u0161kega odbora Revije 57 in bil eden izmed njenih ustanoviteljev. Po kon\u010danem \u0161tudiju se ni zaposlil ampak je bil vse do smrti poklicni knji\u017eevnik. Leta 1963 je spoznal Svetlano Makarovi\u010d, ki je nastopala v prvih uprizoritvah njegovih poeti\u010dnih dram. Skoraj dvajset let je pisal besedila za zabavno glasbo in leta 1962 prejel nagrado za najbolj\u0161e besedilo na 1. festivalu slovenske popevke na Bledu za besedilo pesmi \u00bbZemlja ple\u0161e\u00ab, katere glasbo je napisal Mojmir Sepe. Z denarjem, ki ga je zbral od avtorskih honorarjev, je leta 1963 odkupil lastno zaplenjeno hi\u0161o v Ro\u017eni dolini. Leta 1985 se je kot kandidat za Fulbrightovo \u0161tipendijo pripravljal na odhod v ZDA, vendar do odhoda ni nikoli pri\u0161lo, ker beograjska administracija v Washington nikoli ni poslala njegovih dokumentov. Tega Strni\u0161a ni nikoli izvedel.<\/em><\/p>\n<p>&nbsp;<\/p>\n<p><em>Za njegov pesni\u0161ki svet je zna\u010dilna bogata imaginacija, ki se je napajala pri vrsti arhetipskih mitov in simbolov. S svojim pesni\u0161kim opusom predstavlja samosvojo sodobno razli\u010dico simbolisti\u010dnega pesni\u0161tva. V njegovem opusu je prisotno nagnjenje k transcendenci in metafiziki. Nadaljnji razvoj njegove poezije predstavljajo njegove drame (Samorog, \u017dabe, Ljudo\u017eerci, Driada), v katerih se pogosto pojavljajo odli\u010dne vlo\u017ene pesmi. Zelo pomemben del njegovega pisanja je vpletanje pesni\u0161ke filozofije v dramski svet. Leta 1967 je prejel prvo ve\u010dje priznanje, ko se je uvrstil v antologijo Slovenska lirika (1945-1965). Za svoje delo je prejel Nagrado mesta Ljubljane, \u017dupan\u010di\u010devo nagrado, Nagrado Sterijinega pozorja in druge. Leta 1986 je za \u017eivljenjsko delo prejel Pre\u0161ernovo nagrado. Umrl je 23. januarja 1987 v Ljubljani, v mestu katerega je le redko zapustil.<\/em><\/p>\n<p>&nbsp;<\/p>","protected":false},"excerpt":{"rendered":"<p>Ob obletnici smrti pesnika in dramatika Gregorja Strni\u0161e sta prof. Andrijan Lah in Katarina Stegnar pripravila recital njegove poezije. &nbsp; Gregor Strni\u0161a (1930-1987) je eden najpomembnej\u0161ih slovenskih pesnikov, dramatikov in tudi pomemben pisec mladinske knji\u017eevnosti. Strni\u0161eva mati je bila sodna uradnica, o\u010de pa knji\u017eevnik v svobodnem poklicu. Pesni\u0161tvo je Strni\u0161a torej imel \u017ee v krvi, &#8230;<\/p>","protected":false},"featured_media":7766,"template":"","categories":[416],"tags":[21],"izpostavljamo":[],"letnik":[253],"tip":[421],"vrsta-razstave":[],"class_list":["post-7765","dogodki","type-dogodki","status-publish","has-post-thumbnail","hentry","category-dogodki","tag-dramatika","letnik-253","tip-pogovor"],"acf":[],"yoast_head":"<!-- This site is optimized with the Yoast SEO plugin v27.5 - https:\/\/yoast.com\/product\/yoast-seo-wordpress\/ -->\n<title>To je \u017eiva \u010darovnija\u2026 - ve\u010der poezije Gregorja Strni\u0161e, literarni ve\u010der - SLOGI<\/title>\n<meta name=\"robots\" content=\"index, follow, max-snippet:-1, max-image-preview:large, max-video-preview:-1\" \/>\n<link rel=\"canonical\" href=\"https:\/\/www.slogi.si\/en\/events\/to-je-ziva-carovnija-vecer-poezije-gregorja-strnise\/\" \/>\n<meta property=\"og:locale\" content=\"en_GB\" \/>\n<meta property=\"og:type\" content=\"article\" \/>\n<meta property=\"og:title\" content=\"To je \u017eiva \u010darovnija\u2026 - ve\u010der poezije Gregorja Strni\u0161e, literarni ve\u010der - SLOGI\" \/>\n<meta property=\"og:description\" content=\"Ob obletnici smrti pesnika in dramatika Gregorja Strni\u0161e sta prof. Andrijan Lah in Katarina Stegnar pripravila recital njegove poezije. &nbsp; Gregor Strni\u0161a (1930-1987) je eden najpomembnej\u0161ih slovenskih pesnikov, dramatikov in tudi pomemben pisec mladinske knji\u017eevnosti. Strni\u0161eva mati je bila sodna uradnica, o\u010de pa knji\u017eevnik v svobodnem poklicu. Pesni\u0161tvo je Strni\u0161a torej imel \u017ee v krvi, ...\" \/>\n<meta property=\"og:url\" content=\"https:\/\/www.slogi.si\/en\/events\/to-je-ziva-carovnija-vecer-poezije-gregorja-strnise\/\" \/>\n<meta property=\"og:site_name\" content=\"SLOGI\" \/>\n<meta property=\"article:modified_time\" content=\"2024-09-13T08:01:08+00:00\" \/>\n<meta property=\"og:image\" content=\"https:\/\/www.slogi.si\/wp-content\/uploads\/2024\/01\/Gregor-Strnisa.jpg\" \/>\n\t<meta property=\"og:image:width\" content=\"900\" \/>\n\t<meta property=\"og:image:height\" content=\"475\" \/>\n\t<meta property=\"og:image:type\" content=\"image\/jpeg\" \/>\n<meta name=\"twitter:card\" content=\"summary_large_image\" \/>\n<meta name=\"twitter:label1\" content=\"Estimated reading time\" \/>\n\t<meta name=\"twitter:data1\" content=\"2 minutes\" \/>\n<script type=\"application\/ld+json\" class=\"yoast-schema-graph\">{\"@context\":\"https:\\\/\\\/schema.org\",\"@graph\":[{\"@type\":\"WebPage\",\"@id\":\"https:\\\/\\\/www.slogi.si\\\/dogodki\\\/to-je-ziva-carovnija-vecer-poezije-gregorja-strnise\\\/\",\"url\":\"https:\\\/\\\/www.slogi.si\\\/dogodki\\\/to-je-ziva-carovnija-vecer-poezije-gregorja-strnise\\\/\",\"name\":\"To je \u017eiva \u010darovnija\u2026 - ve\u010der poezije Gregorja Strni\u0161e, literarni ve\u010der - SLOGI\",\"isPartOf\":{\"@id\":\"https:\\\/\\\/www.slogi.si\\\/#website\"},\"primaryImageOfPage\":{\"@id\":\"https:\\\/\\\/www.slogi.si\\\/dogodki\\\/to-je-ziva-carovnija-vecer-poezije-gregorja-strnise\\\/#primaryimage\"},\"image\":{\"@id\":\"https:\\\/\\\/www.slogi.si\\\/dogodki\\\/to-je-ziva-carovnija-vecer-poezije-gregorja-strnise\\\/#primaryimage\"},\"thumbnailUrl\":\"https:\\\/\\\/www.slogi.si\\\/wp-content\\\/uploads\\\/2024\\\/01\\\/Gregor-Strnisa.jpg\",\"datePublished\":\"1999-01-27T19:01:38+00:00\",\"dateModified\":\"2024-09-13T08:01:08+00:00\",\"breadcrumb\":{\"@id\":\"https:\\\/\\\/www.slogi.si\\\/dogodki\\\/to-je-ziva-carovnija-vecer-poezije-gregorja-strnise\\\/#breadcrumb\"},\"inLanguage\":\"en-GB\",\"potentialAction\":[{\"@type\":\"ReadAction\",\"target\":[\"https:\\\/\\\/www.slogi.si\\\/dogodki\\\/to-je-ziva-carovnija-vecer-poezije-gregorja-strnise\\\/\"]}]},{\"@type\":\"ImageObject\",\"inLanguage\":\"en-GB\",\"@id\":\"https:\\\/\\\/www.slogi.si\\\/dogodki\\\/to-je-ziva-carovnija-vecer-poezije-gregorja-strnise\\\/#primaryimage\",\"url\":\"https:\\\/\\\/www.slogi.si\\\/wp-content\\\/uploads\\\/2024\\\/01\\\/Gregor-Strnisa.jpg\",\"contentUrl\":\"https:\\\/\\\/www.slogi.si\\\/wp-content\\\/uploads\\\/2024\\\/01\\\/Gregor-Strnisa.jpg\",\"width\":900,\"height\":475,\"caption\":\"Gregor Strni\u0161a, \u017dabe ali Prilika o ubogem in bogatem Lazarju, Drama SNG v Ljubljani, 1986\\\/87\"},{\"@type\":\"BreadcrumbList\",\"@id\":\"https:\\\/\\\/www.slogi.si\\\/dogodki\\\/to-je-ziva-carovnija-vecer-poezije-gregorja-strnise\\\/#breadcrumb\",\"itemListElement\":[{\"@type\":\"ListItem\",\"position\":1,\"name\":\"Home\",\"item\":\"https:\\\/\\\/www.slogi.si\\\/\"},{\"@type\":\"ListItem\",\"position\":2,\"name\":\"To je \u017eiva \u010darovnija\u2026 &#8211; ve\u010der poezije Gregorja Strni\u0161e, literarni ve\u010der\"}]},{\"@type\":\"WebSite\",\"@id\":\"https:\\\/\\\/www.slogi.si\\\/#website\",\"url\":\"https:\\\/\\\/www.slogi.si\\\/\",\"name\":\"SLOGI\",\"description\":\"Slovenski Gledali\u0161ki In\u0161titut\",\"publisher\":{\"@id\":\"https:\\\/\\\/www.slogi.si\\\/#organization\"},\"alternateName\":\"Slovenski Gledali\u0161ki In\u0161titut\",\"potentialAction\":[{\"@type\":\"SearchAction\",\"target\":{\"@type\":\"EntryPoint\",\"urlTemplate\":\"https:\\\/\\\/www.slogi.si\\\/?s={search_term_string}\"},\"query-input\":{\"@type\":\"PropertyValueSpecification\",\"valueRequired\":true,\"valueName\":\"search_term_string\"}}],\"inLanguage\":\"en-GB\"},{\"@type\":\"Organization\",\"@id\":\"https:\\\/\\\/www.slogi.si\\\/#organization\",\"name\":\"SLOGI\",\"alternateName\":\"Slovenski Gledali\u0161ki In\u0161titut\",\"url\":\"https:\\\/\\\/www.slogi.si\\\/\",\"logo\":{\"@type\":\"ImageObject\",\"inLanguage\":\"en-GB\",\"@id\":\"https:\\\/\\\/www.slogi.si\\\/#\\\/schema\\\/logo\\\/image\\\/\",\"url\":\"https:\\\/\\\/www.slogi.si\\\/wp-content\\\/uploads\\\/2024\\\/01\\\/favicon.svg\",\"contentUrl\":\"https:\\\/\\\/www.slogi.si\\\/wp-content\\\/uploads\\\/2024\\\/01\\\/favicon.svg\",\"width\":100,\"height\":100,\"caption\":\"SLOGI\"},\"image\":{\"@id\":\"https:\\\/\\\/www.slogi.si\\\/#\\\/schema\\\/logo\\\/image\\\/\"}}]}<\/script>\n<!-- \/ Yoast SEO plugin. -->","yoast_head_json":{"title":"To je \u017eiva \u010darovnija\u2026 - ve\u010der poezije Gregorja Strni\u0161e, literarni ve\u010der - SLOGI","robots":{"index":"index","follow":"follow","max-snippet":"max-snippet:-1","max-image-preview":"max-image-preview:large","max-video-preview":"max-video-preview:-1"},"canonical":"https:\/\/www.slogi.si\/en\/events\/to-je-ziva-carovnija-vecer-poezije-gregorja-strnise\/","og_locale":"en_GB","og_type":"article","og_title":"To je \u017eiva \u010darovnija\u2026 - ve\u010der poezije Gregorja Strni\u0161e, literarni ve\u010der - SLOGI","og_description":"Ob obletnici smrti pesnika in dramatika Gregorja Strni\u0161e sta prof. Andrijan Lah in Katarina Stegnar pripravila recital njegove poezije. &nbsp; Gregor Strni\u0161a (1930-1987) je eden najpomembnej\u0161ih slovenskih pesnikov, dramatikov in tudi pomemben pisec mladinske knji\u017eevnosti. Strni\u0161eva mati je bila sodna uradnica, o\u010de pa knji\u017eevnik v svobodnem poklicu. Pesni\u0161tvo je Strni\u0161a torej imel \u017ee v krvi, ...","og_url":"https:\/\/www.slogi.si\/en\/events\/to-je-ziva-carovnija-vecer-poezije-gregorja-strnise\/","og_site_name":"SLOGI","article_modified_time":"2024-09-13T08:01:08+00:00","og_image":[{"width":900,"height":475,"url":"https:\/\/www.slogi.si\/wp-content\/uploads\/2024\/01\/Gregor-Strnisa.jpg","type":"image\/jpeg"}],"twitter_card":"summary_large_image","twitter_misc":{"Estimated reading time":"2 minutes"},"schema":{"@context":"https:\/\/schema.org","@graph":[{"@type":"WebPage","@id":"https:\/\/www.slogi.si\/dogodki\/to-je-ziva-carovnija-vecer-poezije-gregorja-strnise\/","url":"https:\/\/www.slogi.si\/dogodki\/to-je-ziva-carovnija-vecer-poezije-gregorja-strnise\/","name":"To je \u017eiva \u010darovnija\u2026 - ve\u010der poezije Gregorja Strni\u0161e, literarni ve\u010der - SLOGI","isPartOf":{"@id":"https:\/\/www.slogi.si\/#website"},"primaryImageOfPage":{"@id":"https:\/\/www.slogi.si\/dogodki\/to-je-ziva-carovnija-vecer-poezije-gregorja-strnise\/#primaryimage"},"image":{"@id":"https:\/\/www.slogi.si\/dogodki\/to-je-ziva-carovnija-vecer-poezije-gregorja-strnise\/#primaryimage"},"thumbnailUrl":"https:\/\/www.slogi.si\/wp-content\/uploads\/2024\/01\/Gregor-Strnisa.jpg","datePublished":"1999-01-27T19:01:38+00:00","dateModified":"2024-09-13T08:01:08+00:00","breadcrumb":{"@id":"https:\/\/www.slogi.si\/dogodki\/to-je-ziva-carovnija-vecer-poezije-gregorja-strnise\/#breadcrumb"},"inLanguage":"en-GB","potentialAction":[{"@type":"ReadAction","target":["https:\/\/www.slogi.si\/dogodki\/to-je-ziva-carovnija-vecer-poezije-gregorja-strnise\/"]}]},{"@type":"ImageObject","inLanguage":"en-GB","@id":"https:\/\/www.slogi.si\/dogodki\/to-je-ziva-carovnija-vecer-poezije-gregorja-strnise\/#primaryimage","url":"https:\/\/www.slogi.si\/wp-content\/uploads\/2024\/01\/Gregor-Strnisa.jpg","contentUrl":"https:\/\/www.slogi.si\/wp-content\/uploads\/2024\/01\/Gregor-Strnisa.jpg","width":900,"height":475,"caption":"Gregor Strni\u0161a, \u017dabe ali Prilika o ubogem in bogatem Lazarju, Drama SNG v Ljubljani, 1986\/87"},{"@type":"BreadcrumbList","@id":"https:\/\/www.slogi.si\/dogodki\/to-je-ziva-carovnija-vecer-poezije-gregorja-strnise\/#breadcrumb","itemListElement":[{"@type":"ListItem","position":1,"name":"Home","item":"https:\/\/www.slogi.si\/"},{"@type":"ListItem","position":2,"name":"To je \u017eiva \u010darovnija\u2026 &#8211; ve\u010der poezije Gregorja Strni\u0161e, literarni ve\u010der"}]},{"@type":"WebSite","@id":"https:\/\/www.slogi.si\/#website","url":"https:\/\/www.slogi.si\/","name":"SLOGI","description":"Slovenian Theatre Institute","publisher":{"@id":"https:\/\/www.slogi.si\/#organization"},"alternateName":"Slovenski Gledali\u0161ki In\u0161titut","potentialAction":[{"@type":"SearchAction","target":{"@type":"EntryPoint","urlTemplate":"https:\/\/www.slogi.si\/?s={search_term_string}"},"query-input":{"@type":"PropertyValueSpecification","valueRequired":true,"valueName":"search_term_string"}}],"inLanguage":"en-GB"},{"@type":"Organization","@id":"https:\/\/www.slogi.si\/#organization","name":"SLOGI","alternateName":"Slovenski Gledali\u0161ki In\u0161titut","url":"https:\/\/www.slogi.si\/","logo":{"@type":"ImageObject","inLanguage":"en-GB","@id":"https:\/\/www.slogi.si\/#\/schema\/logo\/image\/","url":"https:\/\/www.slogi.si\/wp-content\/uploads\/2024\/01\/favicon.svg","contentUrl":"https:\/\/www.slogi.si\/wp-content\/uploads\/2024\/01\/favicon.svg","width":100,"height":100,"caption":"SLOGI"},"image":{"@id":"https:\/\/www.slogi.si\/#\/schema\/logo\/image\/"}}]}},"_links":{"self":[{"href":"https:\/\/www.slogi.si\/en\/wp-json\/wp\/v2\/dogodki\/7765","targetHints":{"allow":["GET"]}}],"collection":[{"href":"https:\/\/www.slogi.si\/en\/wp-json\/wp\/v2\/dogodki"}],"about":[{"href":"https:\/\/www.slogi.si\/en\/wp-json\/wp\/v2\/types\/dogodki"}],"wp:featuredmedia":[{"embeddable":true,"href":"https:\/\/www.slogi.si\/en\/wp-json\/wp\/v2\/media\/7766"}],"wp:attachment":[{"href":"https:\/\/www.slogi.si\/en\/wp-json\/wp\/v2\/media?parent=7765"}],"wp:term":[{"taxonomy":"category","embeddable":true,"href":"https:\/\/www.slogi.si\/en\/wp-json\/wp\/v2\/categories?post=7765"},{"taxonomy":"post_tag","embeddable":true,"href":"https:\/\/www.slogi.si\/en\/wp-json\/wp\/v2\/tags?post=7765"},{"taxonomy":"izpostavljamo","embeddable":true,"href":"https:\/\/www.slogi.si\/en\/wp-json\/wp\/v2\/izpostavljamo?post=7765"},{"taxonomy":"letnik","embeddable":true,"href":"https:\/\/www.slogi.si\/en\/wp-json\/wp\/v2\/letnik?post=7765"},{"taxonomy":"tip","embeddable":true,"href":"https:\/\/www.slogi.si\/en\/wp-json\/wp\/v2\/tip?post=7765"},{"taxonomy":"vrsta-razstave","embeddable":true,"href":"https:\/\/www.slogi.si\/en\/wp-json\/wp\/v2\/vrsta-razstave?post=7765"}],"curies":[{"name":"wp","href":"https:\/\/api.w.org\/{rel}","templated":true}]}}