{"id":7751,"date":"1998-11-04T17:53:49","date_gmt":"1998-11-04T16:53:49","guid":{"rendered":"https:\/\/www.slogi.si\/dogodki\/dnevi-kinetikona\/"},"modified":"2024-09-13T10:01:08","modified_gmt":"2024-09-13T08:01:08","slug":"kineticon-days","status":"publish","type":"dogodki","link":"https:\/\/www.slogi.si\/en\/dogodki\/dnevi-kinetikona\/","title":{"rendered":"Kineticon Days, guest event"},"content":{"rendered":"<p>The Slovenian Theatre Museum and the Kinetikon group have prepared the Kinetikon Days.<\/p>\n<p>&nbsp;<\/p>\n<p>4. 11. 20998<br \/>\n-Documentary video: I Walk, I Dance, I Am \u2013 a portrait of Marija Vogelnik<br \/>\ndirected by: Eka Vogelnik<br \/>\nThe video was created as an award from the Audiovisual Laboratory of the Slovenian Academy of Sciences and Arts at the 2nd Festival of Independent Film and Video of Slovenia, in October 1997, in collaboration with KUD Cineast and TV Slovenia.<\/p>\n<p>-The screening was introduced by the Ethno Music Concert, which is the basis for the video.<br \/>\nPerformers: Andra\u017e Kr\u017ei\u010d and Brina Vogelnik saje, vocals; Jaka Ropret, double bass; Luka Ropret, guitar.<\/p>\n<p>-On this occasion, there was an opening of an exhibition of film puppets and scenes from Eka Vogelnik&#039;s puppet film One Saved Tolar<\/p>\n<p>&nbsp;<\/p>\n<p>6. 11. 1998<br \/>\n-Premiere of the first performance of the puppet play for children Du\u0161ica Majcena by Marija Vogelnik<br \/>\nThe Little Mermaid was based on an old Slovenian folk legend, directed by Eka Vogelnik and performed by the band Kinetikon.<\/p>\n<p>&nbsp;<\/p>","protected":false},"excerpt":{"rendered":"<p>The Slovenian Theatre Museum and the Kinetikon group have prepared the Kinetikon Days. 4. 11. 20998 -Documentary video: I walk, I dance, I am \u2013 a portrait of Marija Vogelnik directed by: Eka Vogelnik The video was created as an award from the Audiovisual Laboratory of the Slovenian Academy of Sciences and Arts at the 2nd Festival of Independent Film and Video of Slovenia, in October 1997, in cooperation with the KUD Cineast and TV Slovenia. -The screening was introduced by \u2026<\/p>","protected":false},"featured_media":7752,"template":"","categories":[416],"tags":[417],"izpostavljamo":[],"letnik":[252],"tip":[418],"vrsta-razstave":[],"class_list":["post-7751","dogodki","type-dogodki","status-publish","has-post-thumbnail","hentry","category-dogodki","tag-kinoteka","letnik-252","tip-gostujoca-prireditev"],"acf":[],"yoast_head":"<!-- This site is optimized with the Yoast SEO plugin v27.5 - https:\/\/yoast.com\/product\/yoast-seo-wordpress\/ -->\n<title>Dnevi Kinetikona, gostujo\u010da prireditev - SLOGI<\/title>\n<meta name=\"robots\" content=\"index, follow, max-snippet:-1, max-image-preview:large, max-video-preview:-1\" \/>\n<link rel=\"canonical\" href=\"https:\/\/www.slogi.si\/en\/events\/kineticon-days\/\" \/>\n<meta property=\"og:locale\" content=\"en_GB\" \/>\n<meta property=\"og:type\" content=\"article\" \/>\n<meta property=\"og:title\" content=\"Dnevi Kinetikona, gostujo\u010da prireditev - SLOGI\" \/>\n<meta property=\"og:description\" content=\"Slovenski gledali\u0161ki muzej in skupina Kinetikon sta pripravila Dneve Kinetikona. &nbsp; 4. 11. 20998 -Dokumentarni video: Hodim, ple\u0161em, sem &#8211; portret Marije Vogelnik re\u017eija: Eka Vogelnik Video je nastal kot nagrada Avdiovizualnega laboratorija ZRC SAZU na II.festivalu neodvisnega filma in videa Slovenije, oktobra 1997 v sodelovanju z KUD Cineast in TV Slovenija. -Projekcijo je uvedel ...\" \/>\n<meta property=\"og:url\" content=\"https:\/\/www.slogi.si\/en\/events\/kineticon-days\/\" \/>\n<meta property=\"og:site_name\" content=\"SLOGI\" \/>\n<meta property=\"article:modified_time\" content=\"2024-09-13T08:01:08+00:00\" \/>\n<meta property=\"og:image\" content=\"https:\/\/www.slogi.si\/wp-content\/uploads\/2024\/01\/Dnevi-Kinetikona.jpg\" \/>\n\t<meta property=\"og:image:width\" content=\"710\" \/>\n\t<meta property=\"og:image:height\" content=\"375\" \/>\n\t<meta property=\"og:image:type\" content=\"image\/jpeg\" \/>\n<meta name=\"twitter:card\" content=\"summary_large_image\" \/>\n<meta name=\"twitter:label1\" content=\"Estimated reading time\" \/>\n\t<meta name=\"twitter:data1\" content=\"1 minute\" \/>\n<script type=\"application\/ld+json\" class=\"yoast-schema-graph\">{\"@context\":\"https:\\\/\\\/schema.org\",\"@graph\":[{\"@type\":\"WebPage\",\"@id\":\"https:\\\/\\\/www.slogi.si\\\/dogodki\\\/dnevi-kinetikona\\\/\",\"url\":\"https:\\\/\\\/www.slogi.si\\\/dogodki\\\/dnevi-kinetikona\\\/\",\"name\":\"Dnevi Kinetikona, gostujo\u010da prireditev - SLOGI\",\"isPartOf\":{\"@id\":\"https:\\\/\\\/www.slogi.si\\\/#website\"},\"primaryImageOfPage\":{\"@id\":\"https:\\\/\\\/www.slogi.si\\\/dogodki\\\/dnevi-kinetikona\\\/#primaryimage\"},\"image\":{\"@id\":\"https:\\\/\\\/www.slogi.si\\\/dogodki\\\/dnevi-kinetikona\\\/#primaryimage\"},\"thumbnailUrl\":\"https:\\\/\\\/www.slogi.si\\\/wp-content\\\/uploads\\\/2024\\\/01\\\/Dnevi-Kinetikona.jpg\",\"datePublished\":\"1998-11-04T16:53:49+00:00\",\"dateModified\":\"2024-09-13T08:01:08+00:00\",\"breadcrumb\":{\"@id\":\"https:\\\/\\\/www.slogi.si\\\/dogodki\\\/dnevi-kinetikona\\\/#breadcrumb\"},\"inLanguage\":\"en-GB\",\"potentialAction\":[{\"@type\":\"ReadAction\",\"target\":[\"https:\\\/\\\/www.slogi.si\\\/dogodki\\\/dnevi-kinetikona\\\/\"]}]},{\"@type\":\"ImageObject\",\"inLanguage\":\"en-GB\",\"@id\":\"https:\\\/\\\/www.slogi.si\\\/dogodki\\\/dnevi-kinetikona\\\/#primaryimage\",\"url\":\"https:\\\/\\\/www.slogi.si\\\/wp-content\\\/uploads\\\/2024\\\/01\\\/Dnevi-Kinetikona.jpg\",\"contentUrl\":\"https:\\\/\\\/www.slogi.si\\\/wp-content\\\/uploads\\\/2024\\\/01\\\/Dnevi-Kinetikona.jpg\",\"width\":710,\"height\":375,\"caption\":\"Slovenski gledali\u0161ki muzej in skupina Kinetikon sta pripravila Dneve Kinetikona.\"},{\"@type\":\"BreadcrumbList\",\"@id\":\"https:\\\/\\\/www.slogi.si\\\/dogodki\\\/dnevi-kinetikona\\\/#breadcrumb\",\"itemListElement\":[{\"@type\":\"ListItem\",\"position\":1,\"name\":\"Home\",\"item\":\"https:\\\/\\\/www.slogi.si\\\/\"},{\"@type\":\"ListItem\",\"position\":2,\"name\":\"Dnevi Kinetikona, gostujo\u010da prireditev\"}]},{\"@type\":\"WebSite\",\"@id\":\"https:\\\/\\\/www.slogi.si\\\/#website\",\"url\":\"https:\\\/\\\/www.slogi.si\\\/\",\"name\":\"SLOGI\",\"description\":\"Slovenski Gledali\u0161ki In\u0161titut\",\"publisher\":{\"@id\":\"https:\\\/\\\/www.slogi.si\\\/#organization\"},\"alternateName\":\"Slovenski Gledali\u0161ki In\u0161titut\",\"potentialAction\":[{\"@type\":\"SearchAction\",\"target\":{\"@type\":\"EntryPoint\",\"urlTemplate\":\"https:\\\/\\\/www.slogi.si\\\/?s={search_term_string}\"},\"query-input\":{\"@type\":\"PropertyValueSpecification\",\"valueRequired\":true,\"valueName\":\"search_term_string\"}}],\"inLanguage\":\"en-GB\"},{\"@type\":\"Organization\",\"@id\":\"https:\\\/\\\/www.slogi.si\\\/#organization\",\"name\":\"SLOGI\",\"alternateName\":\"Slovenski Gledali\u0161ki In\u0161titut\",\"url\":\"https:\\\/\\\/www.slogi.si\\\/\",\"logo\":{\"@type\":\"ImageObject\",\"inLanguage\":\"en-GB\",\"@id\":\"https:\\\/\\\/www.slogi.si\\\/#\\\/schema\\\/logo\\\/image\\\/\",\"url\":\"https:\\\/\\\/www.slogi.si\\\/wp-content\\\/uploads\\\/2024\\\/01\\\/favicon.svg\",\"contentUrl\":\"https:\\\/\\\/www.slogi.si\\\/wp-content\\\/uploads\\\/2024\\\/01\\\/favicon.svg\",\"width\":100,\"height\":100,\"caption\":\"SLOGI\"},\"image\":{\"@id\":\"https:\\\/\\\/www.slogi.si\\\/#\\\/schema\\\/logo\\\/image\\\/\"}}]}<\/script>\n<!-- \/ Yoast SEO plugin. -->","yoast_head_json":{"title":"Kineticon Days, guest event - SLOGI","robots":{"index":"index","follow":"follow","max-snippet":"max-snippet:-1","max-image-preview":"max-image-preview:large","max-video-preview":"max-video-preview:-1"},"canonical":"https:\/\/www.slogi.si\/en\/events\/kineticon-days\/","og_locale":"en_GB","og_type":"article","og_title":"Dnevi Kinetikona, gostujo\u010da prireditev - SLOGI","og_description":"Slovenski gledali\u0161ki muzej in skupina Kinetikon sta pripravila Dneve Kinetikona. &nbsp; 4. 11. 20998 -Dokumentarni video: Hodim, ple\u0161em, sem &#8211; portret Marije Vogelnik re\u017eija: Eka Vogelnik Video je nastal kot nagrada Avdiovizualnega laboratorija ZRC SAZU na II.festivalu neodvisnega filma in videa Slovenije, oktobra 1997 v sodelovanju z KUD Cineast in TV Slovenija. -Projekcijo je uvedel ...","og_url":"https:\/\/www.slogi.si\/en\/events\/kineticon-days\/","og_site_name":"SLOGI","article_modified_time":"2024-09-13T08:01:08+00:00","og_image":[{"width":710,"height":375,"url":"https:\/\/www.slogi.si\/wp-content\/uploads\/2024\/01\/Dnevi-Kinetikona.jpg","type":"image\/jpeg"}],"twitter_card":"summary_large_image","twitter_misc":{"Estimated reading time":"1 minute"},"schema":{"@context":"https:\/\/schema.org","@graph":[{"@type":"WebPage","@id":"https:\/\/www.slogi.si\/dogodki\/dnevi-kinetikona\/","url":"https:\/\/www.slogi.si\/dogodki\/dnevi-kinetikona\/","name":"Kineticon Days, guest event - SLOGI","isPartOf":{"@id":"https:\/\/www.slogi.si\/#website"},"primaryImageOfPage":{"@id":"https:\/\/www.slogi.si\/dogodki\/dnevi-kinetikona\/#primaryimage"},"image":{"@id":"https:\/\/www.slogi.si\/dogodki\/dnevi-kinetikona\/#primaryimage"},"thumbnailUrl":"https:\/\/www.slogi.si\/wp-content\/uploads\/2024\/01\/Dnevi-Kinetikona.jpg","datePublished":"1998-11-04T16:53:49+00:00","dateModified":"2024-09-13T08:01:08+00:00","breadcrumb":{"@id":"https:\/\/www.slogi.si\/dogodki\/dnevi-kinetikona\/#breadcrumb"},"inLanguage":"en-GB","potentialAction":[{"@type":"ReadAction","target":["https:\/\/www.slogi.si\/dogodki\/dnevi-kinetikona\/"]}]},{"@type":"ImageObject","inLanguage":"en-GB","@id":"https:\/\/www.slogi.si\/dogodki\/dnevi-kinetikona\/#primaryimage","url":"https:\/\/www.slogi.si\/wp-content\/uploads\/2024\/01\/Dnevi-Kinetikona.jpg","contentUrl":"https:\/\/www.slogi.si\/wp-content\/uploads\/2024\/01\/Dnevi-Kinetikona.jpg","width":710,"height":375,"caption":"Slovenski gledali\u0161ki muzej in skupina Kinetikon sta pripravila Dneve Kinetikona."},{"@type":"BreadcrumbList","@id":"https:\/\/www.slogi.si\/dogodki\/dnevi-kinetikona\/#breadcrumb","itemListElement":[{"@type":"ListItem","position":1,"name":"Home","item":"https:\/\/www.slogi.si\/"},{"@type":"ListItem","position":2,"name":"Dnevi Kinetikona, gostujo\u010da prireditev"}]},{"@type":"WebSite","@id":"https:\/\/www.slogi.si\/#website","url":"https:\/\/www.slogi.si\/","name":"SLOGI","description":"Slovenian Theatre Institute","publisher":{"@id":"https:\/\/www.slogi.si\/#organization"},"alternateName":"Slovenski Gledali\u0161ki In\u0161titut","potentialAction":[{"@type":"SearchAction","target":{"@type":"EntryPoint","urlTemplate":"https:\/\/www.slogi.si\/?s={search_term_string}"},"query-input":{"@type":"PropertyValueSpecification","valueRequired":true,"valueName":"search_term_string"}}],"inLanguage":"en-GB"},{"@type":"Organization","@id":"https:\/\/www.slogi.si\/#organization","name":"SLOGI","alternateName":"Slovenski Gledali\u0161ki In\u0161titut","url":"https:\/\/www.slogi.si\/","logo":{"@type":"ImageObject","inLanguage":"en-GB","@id":"https:\/\/www.slogi.si\/#\/schema\/logo\/image\/","url":"https:\/\/www.slogi.si\/wp-content\/uploads\/2024\/01\/favicon.svg","contentUrl":"https:\/\/www.slogi.si\/wp-content\/uploads\/2024\/01\/favicon.svg","width":100,"height":100,"caption":"SLOGI"},"image":{"@id":"https:\/\/www.slogi.si\/#\/schema\/logo\/image\/"}}]}},"_links":{"self":[{"href":"https:\/\/www.slogi.si\/en\/wp-json\/wp\/v2\/dogodki\/7751","targetHints":{"allow":["GET"]}}],"collection":[{"href":"https:\/\/www.slogi.si\/en\/wp-json\/wp\/v2\/dogodki"}],"about":[{"href":"https:\/\/www.slogi.si\/en\/wp-json\/wp\/v2\/types\/dogodki"}],"wp:featuredmedia":[{"embeddable":true,"href":"https:\/\/www.slogi.si\/en\/wp-json\/wp\/v2\/media\/7752"}],"wp:attachment":[{"href":"https:\/\/www.slogi.si\/en\/wp-json\/wp\/v2\/media?parent=7751"}],"wp:term":[{"taxonomy":"category","embeddable":true,"href":"https:\/\/www.slogi.si\/en\/wp-json\/wp\/v2\/categories?post=7751"},{"taxonomy":"post_tag","embeddable":true,"href":"https:\/\/www.slogi.si\/en\/wp-json\/wp\/v2\/tags?post=7751"},{"taxonomy":"izpostavljamo","embeddable":true,"href":"https:\/\/www.slogi.si\/en\/wp-json\/wp\/v2\/izpostavljamo?post=7751"},{"taxonomy":"letnik","embeddable":true,"href":"https:\/\/www.slogi.si\/en\/wp-json\/wp\/v2\/letnik?post=7751"},{"taxonomy":"tip","embeddable":true,"href":"https:\/\/www.slogi.si\/en\/wp-json\/wp\/v2\/tip?post=7751"},{"taxonomy":"vrsta-razstave","embeddable":true,"href":"https:\/\/www.slogi.si\/en\/wp-json\/wp\/v2\/vrsta-razstave?post=7751"}],"curies":[{"name":"wp","href":"https:\/\/api.w.org\/{rel}","templated":true}]}}