{"id":18373,"date":"2026-03-12T13:12:20","date_gmt":"2026-03-12T12:12:20","guid":{"rendered":"https:\/\/www.slogi.si\/?post_type=dogodki&#038;p=18373"},"modified":"2026-04-13T13:38:45","modified_gmt":"2026-04-13T11:38:45","slug":"svetovni-dan-gledalisca-2026","status":"publish","type":"dogodki","link":"https:\/\/www.slogi.si\/en\/dogodki\/svetovni-dan-gledalisca-2026\/","title":{"rendered":"Svetovni dan gledali\u0161\u010da 2026"},"content":{"rendered":"<p><strong>March 27<\/strong> has been celebrated as World Theatre Day since 1962. The year before, it was initiated by the International Theatre Institute (ITI), which promotes the exchange of knowledge and practices in the field of performing arts, ensures connections between artists of all nations and nationalities, and, among other things, draws attention to the importance of respecting human rights and cultural diversity.<\/p>\n<p>In Slovenia, this day traditionally begins <strong>Week of Slovenian drama<\/strong>, and the Association of Dramatic Artists of Slovenia (ZDUS) <a href=\"https:\/\/www.slogi.si\/en\/events\/cestitamo-nagrajenkam-in-nagrajencem-zdruzenja-dramskih-umetnikov-slovenije-2026\/\">awards<\/a>.<\/p>\n<p>Na svetovni dan gledali\u0161\u010da obkro\u017ei svet mednarodna poslanica, ki jo v ta namen na povabilo ITI spi\u0161e izbrana gledali\u0161ka ustvarjalka ali ustvarjalec. Prva poslanica je bila v svet poslana leta 1962, njen avtor je bil Jean Cocteau. Avtor leto\u0161nje mednarodne poslanice je\u00a0ameri\u0161ki igralec in gledali\u0161ki ustvarjalec <strong>Willem Dafoe<\/strong>.<\/p>\n<p>Poleg mednarodne poslanice, ki jo po svetu (tudi pri nas) prebirajo na posebnih gledali\u0161kih dogodkih ali pred predstavami, pa v mnogih dr\u017eavah svetovni dan gledali\u0161\u010da obele\u017eujemo tudi z nacionalnimi poslanicami. Zdru\u017eenje dramskih umetnikov Slovenije je letos zaprosilo\u00a0dramsko igralko <strong>Marijano Brecelj<\/strong>to write a Slovenian message.<\/p>\n<h4 class=\"wp-block-heading\">Slovenska poslanica ob svetovnem dnevu gledali\u0161\u010da 2026<\/h4>\n<figure id=\"attachment_18375\" aria-describedby=\"caption-attachment-18375\" style=\"width: 150px\" class=\"wp-caption alignleft\"><img decoding=\"async\" class=\"size-thumbnail wp-image-18375\" src=\"https:\/\/www.slogi.si\/wp-content\/uploads\/2026\/03\/Marijana-Brecelj_Foto-Peter-Uhan_SNG-Drama-Ljubljana-150x150.jpg\" alt=\"Marijana Brecelj, dramska igralka. Foto: Peter Uhan, SNG Drama Ljubljana.\" width=\"150\" height=\"150\" srcset=\"https:\/\/www.slogi.si\/wp-content\/uploads\/2026\/03\/Marijana-Brecelj_Foto-Peter-Uhan_SNG-Drama-Ljubljana-150x150.jpg 150w, https:\/\/www.slogi.si\/wp-content\/uploads\/2026\/03\/Marijana-Brecelj_Foto-Peter-Uhan_SNG-Drama-Ljubljana-12x12.jpg 12w\" sizes=\"(max-width: 150px) 100vw, 150px\" \/><figcaption id=\"caption-attachment-18375\" class=\"wp-caption-text\">Marijana Brecelj, dramska igralka. Foto: Peter Uhan, SNG Drama Ljubljana.<\/figcaption><\/figure>\n<p>Gledali\u0161\u010de mi je na ste\u017eaj odprlo vrata \u017ee v zgodnjem otro\u0161tvu. V garderobi moje mame so se rojevale \u0161tevilne izmi\u0161ljene zgodbe o nesre\u010dnih kralji\u010dnah, za\u010daranih \u017eabah, hudobnih \u0161kratih, pametnih je\u017ekih, radovednih lastovkah \u2013 skratka, moja otro\u0161ka domi\u0161ljija bi poletela v nebo, \u010de ta mamina garderoba ne bi imela stropa! Ena \u017eelja pa nikakor ni hotela iz garderobe \u2013 ni hotela odleteti nikamor: \u017eelja, da bi tudi sama enkrat imela garderobo, in tako sem enkrat tudi sama imela garderobo. V njej se sicer niso sprehajale princese in spleti\u010dne, niti niso letale lastovke, pa\u010d pa so potihem vstopale najrazli\u010dnej\u0161e usode deklet, \u017eena, mater &#8230;<\/p>\n<p>Gledali\u0161\u010de mi je \u0161e enkrat na ste\u017eaj odprlo vrata v svojo brez\u010dasnost. Zna\u0161la sem se na dolgem potovanju skozi zgodovino \u010dlove\u0161kega hrepenenja, sovra\u0161tva, ljubezni, nestrpnosti, pohlepa, solz in smeha, spletkarstva in la\u017ei. Z vsako novo vlogo sem se vedno znova u\u010dila razumeti in za\u010dutiti vse te labirinte \u010dlove\u0161ke du\u0161e. Na tem desetletja dolgem popotovanju iz lu\u010di v temo in iz teme v lu\u010d sem na odru stala skupaj z izjemnimi igralci: z Majdo Potokar, Du\u0161o Po\u010dkaj, Poldetom Bib\u010dem, \u0160tefko Drolc, Lojzetom Rozmanom, Rudijem Kosma\u010dem, in se od njih nau\u010dila, da v tem poslu ni ne bli\u017enjic ne sprenevedanja ne cenenosti \u2013 hvale\u017ena sem jim za to.<\/p>\n<p>Spoznala sem tudi mo\u010d besede in brez\u010dasnost gledali\u0161\u010da. Davno napisane besede gr\u0161kih klasikov zvenijo tako sodobno. V monodrami <em>Nem\u0161ko \u017eivljenje<\/em> govorim besede Goebbelsove tajnice izpred 80 in ve\u010d let, ki zvenijo prav srhljivo dana\u0161nje.<\/p>\n<p>Ni\u010desar se nismo nau\u010dili, ker preteklost ni nau\u010dila sedanjosti, da bi razumela prihodnost. In v tem \u010dasu, ko padajo vrednote, ko kot razumna bitja izgubljamo kompas \u2013 je treba govoriti, kri\u010dati z vseh odrov tega sveta &#8230; Samo ne mol\u010dati!<\/p>\n<p>Jaz, ki ta oder zapu\u0161\u010dam, in tisti mladeni\u010d, ki nanj \u0161ele stopa, sva enaka, sva na istih okopih. Gledali\u0161\u010de se ne bojuje ne s pu\u0161kami ne z bajoneti ne z medcelinskimi raketami in droni \u2013 bojuje se z besedo, ki se je ne da ne sestreliti ne razstreliti!<\/p>\n<p>Jaz nisem govorec ali pisatelj ali politik \u2013 sem samo igralka, ki zapu\u0161\u010da ta oder, kateremu sem dala vse in \u0161e ve\u010d, pa tudi dobila vse in \u0161e ve\u010d od njega.<\/p>\n<p>In za slovo naj za\u017eelim: vztrajaj v svojem poslanstvu gledali\u0161\u010de, ljubezen moja.<\/p>\n<h4 class=\"wp-block-heading\">Mednarodna poslanica ob svetovnem dnevu gledali\u0161\u010da 2026<\/h4>\n<figure id=\"attachment_18376\" aria-describedby=\"caption-attachment-18376\" style=\"width: 150px\" class=\"wp-caption alignleft\"><img decoding=\"async\" class=\"size-thumbnail wp-image-18376\" src=\"https:\/\/www.slogi.si\/wp-content\/uploads\/2026\/03\/Willem-Dafoe_Foto_Willem-Dafoe\u00a9Brad-Trent-150x150.jpg\" alt=\"Willem Dafoe. Foto: Willem Dafoe\u00a9Brad Trent.\" width=\"150\" height=\"150\" \/><figcaption id=\"caption-attachment-18376\" class=\"wp-caption-text\">Willem Dafoe. Foto: Willem Dafoe\u00a9Brad Trent.<\/figcaption><\/figure>\n<p>Sem igralec, znan predvsem kot filmski igralec. Toda moja igralska pot se je za\u010dela v gledali\u0161\u010du. Med letoma 1977 in 2003 sem bil \u010dlan newyor\u0161ke gledali\u0161ke skupine The Wooster Group. Na odru gledali\u0161\u010da The Performing Garage v New Yorku smo ustvarjali izvirna dela in s predstavami gostovali po vsem svetu. Sodeloval sem tudi z Richardom Foremanom, Robertom Wilsonom in Romeom Castelluccijem. Danes sem umetni\u0161ki direktor Bene\u0161kega gledali\u0161kega bienala. Ta prilo\u017enost in odgovornost, dogodki v svetu ter \u017eelja po vrnitvi h gledali\u0161kemu delu so mo\u010dno utrdili moje prepri\u010danje v izjemno mo\u010d in pomen gledali\u0161\u010da.<\/p>\n<p>V \u010dasu mojih skromnih za\u010detkov z The Wooster Group so bile nekatere predstave zelo slabo obiskane. Predstavo bi lahko odpovedali, \u010de bi bilo nastopajo\u010dih ve\u010d kot gledalcev v dvorani, a se to ni nikoli zgodilo. \u0160tevilni med nami niso imeli gledali\u0161ke izobrazbe; ljudje z razli\u010dnimi izku\u0161njami smo se zdru\u017eili pri ustvarjanju gledali\u0161\u010da, zato \u201cthe show must go on\u201d pravzaprav ni bila na\u0161a mantra. Na\u0161a odgovornost je bila, da vzdr\u017eujemo sre\u010devanja z ob\u010dinstvom.<\/p>\n<p>Pogosto smo \u010dez dan vadili, zve\u010der pa predstavljali dela v nastajanju. V\u010dasih smo to po\u010deli ve\u010d let, medtem pa smo se pre\u017eivljali z gostovanji starej\u0161ih produkcij. Ve\u010dletno delo na eni predstavi je bilo zame pogosto naporno in vaje so bile v\u010dasih zahtevne, vendar so bile predstavitve del v nastajanju vedno vznemirljive \u2013 tudi kadar je bilo malo\u0161tevilno ob\u010dinstvo skoraj obsojajo\u010d odraz ravni zanimanja za na\u0161e po\u010detje. Ta izku\u0161nja me je ozavestila, da so gledalci, ne glede na njihovo \u0161tevilo, pri\u010de, ki gledali\u0161\u010du dajejo pomen in \u017eivljenje.<\/p>\n<p>Tako kot pravi napis v igralnici: \u201cDA LAHKO ZMAGA\u0160, MORA\u0160 BITI TU.\u201d Skupna ustvarjalna izku\u0161nja v realnem \u010dasu, \u010deprav je strukturirana in oblikovana, je vedno druga\u010dna \u2013 in prav v tem je nedvomno mo\u010d gledali\u0161\u010da. V dru\u017ebenem in politi\u010dnem smislu gledali\u0161\u010de \u0161e nikoli ni bilo tako pomembno in klju\u010dno za na\u0161e razumevanje sebe in sveta okoli nas.<\/p>\n<p>O\u010ditna, a zamol\u010dana resnica, so nove tehnologije in socialna omre\u017eja, ki obljubljajo povezanost, a se zdi, da so ljudi med seboj razdvojile in osamile. Tudi sam vsakodnevno uporabljam ra\u010dunalnik. Na dru\u017eabnih omre\u017ejih nisem aktiven, sem pa na spletu poiskal informacije o svoji igralski karieri in se posvetoval z umetno inteligenco. A \u010dlovek je lahko resni\u010dno slep: tvegamo, da bo \u010dlove\u0161ki stik nadomestil odnos z napravami. Nekatere tehnologije so lahko koristne, a velika te\u017eava je, da ne vemo, kdo je na drugi strani, kar poglablja krizo resnice in ob\u010dutka za resni\u010dnost. Internet lahko odpira vpra\u0161anja, a le redko je to razmislek, ki ga poraja gledali\u0161\u010de \u2013 \u010dudenje, ki temelji na pozornosti, vklju\u010denosti in spontani skupnosti tistih, ki so prisotni v krogu dejanja in odziva.<\/p>\n<p>Kot igralec in gledali\u0161ki ustvarjalec ostajam zvest mo\u010di gledali\u0161\u010da. V svetu, ki postaja vse bolj razdeljen, nadzorovan in nasilen, je za gledali\u0161ke ustvarjalce velik izziv, da gledali\u0161\u010de ne postane zgolj zabava, ki odvra\u010da pozornost, ali suhoparen institucionalni varuh tradicij. Okrepiti moramo njegovo mo\u010d \u2013 med\u010dlove\u0161ko, skupnostno in kulturno povezanost. Predvsem pa si moramo zastaviti vpra\u0161anje, kam gremo \u2026<\/p>\n<p>Pomembna gledali\u0161ka umetnost je v svojem bistvu izziv za na\u0161 na\u010din razmi\u0161ljanja; spodbuja nas, da si predstavljamo, k \u010demu stremimo.<\/p>\n<p>Ljudje smo dru\u017ebena bitja, na\u0161a vklju\u010denost v dru\u017ebo je biolo\u0161ko pogojena. Vsa na\u0161a \u010dutila so vrata v novo sre\u010danje. S temi sre\u010danji jasneje prepoznavamo, kdo smo. S pripovedovanjem zgodb, estetiko, jezikom, gibom in scenografijo \u2013 gledali\u0161\u010de kot vseobsegajo\u010da umetnost nam omogo\u010da, da se zazremo v preteklost, da vidimo sedanjost in da si predstavljamo, kak\u0161en bi lahko bil na\u0161 svet.<\/p>\n<p class=\"wp-block-heading\">Prevod: Tatjana A\u017eman<\/p>\n<p><iframe title=\"Video Message by Willem Dafoe, World Theatre Day Message Author 2026\" width=\"800\" height=\"450\" src=\"https:\/\/www.youtube.com\/embed\/gg15aPydLbE?feature=oembed&#038;enablejsapi=1&#038;origin=https:\/\/www.slogi.si\" frameborder=\"0\" allow=\"accelerometer; autoplay; clipboard-write; encrypted-media; gyroscope; picture-in-picture; web-share\" referrerpolicy=\"strict-origin-when-cross-origin\" allowfullscreen><\/iframe><\/p>\n<p class=\"wp-block-heading\"><a role=\"link\" href=\"https:\/\/www.world-theatre-day.org\/index.html\">More about World Theatre Day (AN)<\/a><\/p>\n<p>Naslovna fotografija via Pixabay.<\/p>","protected":false},"excerpt":{"rendered":"<p>March 27 has been celebrated as World Theatre Day since 1962. The initiative was taken the year before by the International Theatre Institute (ITI), which promotes the exchange of knowledge and practices in the field of performing arts, ensures connections between artists of all nations and nationalities, and, among other things, draws attention to the importance of respecting human rights and cultural diversity.<\/p>","protected":false},"featured_media":18374,"template":"","categories":[416,435],"tags":[],"izpostavljamo":[],"letnik":[639],"tip":[],"vrsta-razstave":[],"class_list":["post-18373","dogodki","type-dogodki","status-publish","has-post-thumbnail","hentry","category-dogodki","category-za-medije","letnik-639"],"acf":[],"yoast_head":"<!-- This site is optimized with the Yoast SEO plugin v27.5 - https:\/\/yoast.com\/product\/yoast-seo-wordpress\/ -->\n<title>Svetovni dan gledali\u0161\u010da 2026 - SLOGI<\/title>\n<meta name=\"description\" content=\"27. marec se kot svetovni dan gledali\u0161\u010da obele\u017euje od leta 1962. Leto prej je pobudo zanj dal Mednarodni gledali\u0161ki in\u0161titut (ITI), ki promovira izmenjavo znanja in praks s podro\u010dja uprizoritvenih umetnosti, skrbi za povezovanje med umetniki vseh narodov in narodnosti ter med drugim opozarja na pomen spo\u0161tovanja \u010dlovekovih pravic in kulturne raznolikosti.\" \/>\n<meta name=\"robots\" content=\"index, follow, max-snippet:-1, max-image-preview:large, max-video-preview:-1\" \/>\n<link rel=\"canonical\" href=\"https:\/\/www.slogi.si\/en\/events\/svetovni-dan-gledalisca-2026\/\" \/>\n<meta property=\"og:locale\" content=\"en_GB\" \/>\n<meta property=\"og:type\" content=\"article\" \/>\n<meta property=\"og:title\" content=\"Svetovni dan gledali\u0161\u010da 2026 - SLOGI\" \/>\n<meta property=\"og:description\" content=\"27. marec se kot svetovni dan gledali\u0161\u010da obele\u017euje od leta 1962. Leto prej je pobudo zanj dal Mednarodni gledali\u0161ki in\u0161titut (ITI), ki promovira izmenjavo znanja in praks s podro\u010dja uprizoritvenih umetnosti, skrbi za povezovanje med umetniki vseh narodov in narodnosti ter med drugim opozarja na pomen spo\u0161tovanja \u010dlovekovih pravic in kulturne raznolikosti.\" \/>\n<meta property=\"og:url\" content=\"https:\/\/www.slogi.si\/en\/events\/svetovni-dan-gledalisca-2026\/\" \/>\n<meta property=\"og:site_name\" content=\"SLOGI\" \/>\n<meta property=\"article:modified_time\" content=\"2026-04-13T11:38:45+00:00\" \/>\n<meta property=\"og:image\" content=\"https:\/\/www.slogi.si\/wp-content\/uploads\/2026\/03\/383961-theater-stage-430552_1920.jpg\" \/>\n\t<meta property=\"og:image:width\" content=\"1920\" \/>\n\t<meta property=\"og:image:height\" content=\"1315\" \/>\n\t<meta property=\"og:image:type\" content=\"image\/jpeg\" \/>\n<meta name=\"twitter:card\" content=\"summary_large_image\" \/>\n<meta name=\"twitter:label1\" content=\"Estimated reading time\" \/>\n\t<meta name=\"twitter:data1\" content=\"7 minutes\" \/>\n<script type=\"application\/ld+json\" class=\"yoast-schema-graph\">{\"@context\":\"https:\\\/\\\/schema.org\",\"@graph\":[{\"@type\":\"WebPage\",\"@id\":\"https:\\\/\\\/www.slogi.si\\\/dogodki\\\/svetovni-dan-gledalisca-2026\\\/\",\"url\":\"https:\\\/\\\/www.slogi.si\\\/dogodki\\\/svetovni-dan-gledalisca-2026\\\/\",\"name\":\"Svetovni dan gledali\u0161\u010da 2026 - SLOGI\",\"isPartOf\":{\"@id\":\"https:\\\/\\\/www.slogi.si\\\/#website\"},\"primaryImageOfPage\":{\"@id\":\"https:\\\/\\\/www.slogi.si\\\/dogodki\\\/svetovni-dan-gledalisca-2026\\\/#primaryimage\"},\"image\":{\"@id\":\"https:\\\/\\\/www.slogi.si\\\/dogodki\\\/svetovni-dan-gledalisca-2026\\\/#primaryimage\"},\"thumbnailUrl\":\"https:\\\/\\\/www.slogi.si\\\/wp-content\\\/uploads\\\/2026\\\/03\\\/383961-theater-stage-430552_1920.jpg\",\"datePublished\":\"2026-03-12T12:12:20+00:00\",\"dateModified\":\"2026-04-13T11:38:45+00:00\",\"description\":\"27. marec se kot svetovni dan gledali\u0161\u010da obele\u017euje od leta 1962. Leto prej je pobudo zanj dal Mednarodni gledali\u0161ki in\u0161titut (ITI), ki promovira izmenjavo znanja in praks s podro\u010dja uprizoritvenih umetnosti, skrbi za povezovanje med umetniki vseh narodov in narodnosti ter med drugim opozarja na pomen spo\u0161tovanja \u010dlovekovih pravic in kulturne raznolikosti.\",\"breadcrumb\":{\"@id\":\"https:\\\/\\\/www.slogi.si\\\/dogodki\\\/svetovni-dan-gledalisca-2026\\\/#breadcrumb\"},\"inLanguage\":\"en-GB\",\"potentialAction\":[{\"@type\":\"ReadAction\",\"target\":[\"https:\\\/\\\/www.slogi.si\\\/dogodki\\\/svetovni-dan-gledalisca-2026\\\/\"]}]},{\"@type\":\"ImageObject\",\"inLanguage\":\"en-GB\",\"@id\":\"https:\\\/\\\/www.slogi.si\\\/dogodki\\\/svetovni-dan-gledalisca-2026\\\/#primaryimage\",\"url\":\"https:\\\/\\\/www.slogi.si\\\/wp-content\\\/uploads\\\/2026\\\/03\\\/383961-theater-stage-430552_1920.jpg\",\"contentUrl\":\"https:\\\/\\\/www.slogi.si\\\/wp-content\\\/uploads\\\/2026\\\/03\\\/383961-theater-stage-430552_1920.jpg\",\"width\":1920,\"height\":1315},{\"@type\":\"BreadcrumbList\",\"@id\":\"https:\\\/\\\/www.slogi.si\\\/dogodki\\\/svetovni-dan-gledalisca-2026\\\/#breadcrumb\",\"itemListElement\":[{\"@type\":\"ListItem\",\"position\":1,\"name\":\"Home\",\"item\":\"https:\\\/\\\/www.slogi.si\\\/\"},{\"@type\":\"ListItem\",\"position\":2,\"name\":\"Svetovni dan gledali\u0161\u010da 2026\"}]},{\"@type\":\"WebSite\",\"@id\":\"https:\\\/\\\/www.slogi.si\\\/#website\",\"url\":\"https:\\\/\\\/www.slogi.si\\\/\",\"name\":\"SLOGI\",\"description\":\"Slovenski Gledali\u0161ki In\u0161titut\",\"publisher\":{\"@id\":\"https:\\\/\\\/www.slogi.si\\\/#organization\"},\"alternateName\":\"Slovenski Gledali\u0161ki In\u0161titut\",\"potentialAction\":[{\"@type\":\"SearchAction\",\"target\":{\"@type\":\"EntryPoint\",\"urlTemplate\":\"https:\\\/\\\/www.slogi.si\\\/?s={search_term_string}\"},\"query-input\":{\"@type\":\"PropertyValueSpecification\",\"valueRequired\":true,\"valueName\":\"search_term_string\"}}],\"inLanguage\":\"en-GB\"},{\"@type\":\"Organization\",\"@id\":\"https:\\\/\\\/www.slogi.si\\\/#organization\",\"name\":\"SLOGI\",\"alternateName\":\"Slovenski Gledali\u0161ki In\u0161titut\",\"url\":\"https:\\\/\\\/www.slogi.si\\\/\",\"logo\":{\"@type\":\"ImageObject\",\"inLanguage\":\"en-GB\",\"@id\":\"https:\\\/\\\/www.slogi.si\\\/#\\\/schema\\\/logo\\\/image\\\/\",\"url\":\"https:\\\/\\\/www.slogi.si\\\/wp-content\\\/uploads\\\/2024\\\/01\\\/favicon.svg\",\"contentUrl\":\"https:\\\/\\\/www.slogi.si\\\/wp-content\\\/uploads\\\/2024\\\/01\\\/favicon.svg\",\"width\":100,\"height\":100,\"caption\":\"SLOGI\"},\"image\":{\"@id\":\"https:\\\/\\\/www.slogi.si\\\/#\\\/schema\\\/logo\\\/image\\\/\"}}]}<\/script>\n<!-- \/ Yoast SEO plugin. -->","yoast_head_json":{"title":"Svetovni dan gledali\u0161\u010da 2026 - SLOGI","description":"March 27 has been celebrated as World Theatre Day since 1962. The initiative was taken the year before by the International Theatre Institute (ITI), which promotes the exchange of knowledge and practices in the field of performing arts, ensures connections between artists of all nations and nationalities, and, among other things, draws attention to the importance of respecting human rights and cultural diversity.","robots":{"index":"index","follow":"follow","max-snippet":"max-snippet:-1","max-image-preview":"max-image-preview:large","max-video-preview":"max-video-preview:-1"},"canonical":"https:\/\/www.slogi.si\/en\/events\/svetovni-dan-gledalisca-2026\/","og_locale":"en_GB","og_type":"article","og_title":"Svetovni dan gledali\u0161\u010da 2026 - SLOGI","og_description":"27. marec se kot svetovni dan gledali\u0161\u010da obele\u017euje od leta 1962. Leto prej je pobudo zanj dal Mednarodni gledali\u0161ki in\u0161titut (ITI), ki promovira izmenjavo znanja in praks s podro\u010dja uprizoritvenih umetnosti, skrbi za povezovanje med umetniki vseh narodov in narodnosti ter med drugim opozarja na pomen spo\u0161tovanja \u010dlovekovih pravic in kulturne raznolikosti.","og_url":"https:\/\/www.slogi.si\/en\/events\/svetovni-dan-gledalisca-2026\/","og_site_name":"SLOGI","article_modified_time":"2026-04-13T11:38:45+00:00","og_image":[{"width":1920,"height":1315,"url":"https:\/\/www.slogi.si\/wp-content\/uploads\/2026\/03\/383961-theater-stage-430552_1920.jpg","type":"image\/jpeg"}],"twitter_card":"summary_large_image","twitter_misc":{"Estimated reading time":"7 minutes"},"schema":{"@context":"https:\/\/schema.org","@graph":[{"@type":"WebPage","@id":"https:\/\/www.slogi.si\/dogodki\/svetovni-dan-gledalisca-2026\/","url":"https:\/\/www.slogi.si\/dogodki\/svetovni-dan-gledalisca-2026\/","name":"Svetovni dan gledali\u0161\u010da 2026 - SLOGI","isPartOf":{"@id":"https:\/\/www.slogi.si\/#website"},"primaryImageOfPage":{"@id":"https:\/\/www.slogi.si\/dogodki\/svetovni-dan-gledalisca-2026\/#primaryimage"},"image":{"@id":"https:\/\/www.slogi.si\/dogodki\/svetovni-dan-gledalisca-2026\/#primaryimage"},"thumbnailUrl":"https:\/\/www.slogi.si\/wp-content\/uploads\/2026\/03\/383961-theater-stage-430552_1920.jpg","datePublished":"2026-03-12T12:12:20+00:00","dateModified":"2026-04-13T11:38:45+00:00","description":"March 27 has been celebrated as World Theatre Day since 1962. The initiative was taken the year before by the International Theatre Institute (ITI), which promotes the exchange of knowledge and practices in the field of performing arts, ensures connections between artists of all nations and nationalities, and, among other things, draws attention to the importance of respecting human rights and cultural diversity.","breadcrumb":{"@id":"https:\/\/www.slogi.si\/dogodki\/svetovni-dan-gledalisca-2026\/#breadcrumb"},"inLanguage":"en-GB","potentialAction":[{"@type":"ReadAction","target":["https:\/\/www.slogi.si\/dogodki\/svetovni-dan-gledalisca-2026\/"]}]},{"@type":"ImageObject","inLanguage":"en-GB","@id":"https:\/\/www.slogi.si\/dogodki\/svetovni-dan-gledalisca-2026\/#primaryimage","url":"https:\/\/www.slogi.si\/wp-content\/uploads\/2026\/03\/383961-theater-stage-430552_1920.jpg","contentUrl":"https:\/\/www.slogi.si\/wp-content\/uploads\/2026\/03\/383961-theater-stage-430552_1920.jpg","width":1920,"height":1315},{"@type":"BreadcrumbList","@id":"https:\/\/www.slogi.si\/dogodki\/svetovni-dan-gledalisca-2026\/#breadcrumb","itemListElement":[{"@type":"ListItem","position":1,"name":"Home","item":"https:\/\/www.slogi.si\/"},{"@type":"ListItem","position":2,"name":"Svetovni dan gledali\u0161\u010da 2026"}]},{"@type":"WebSite","@id":"https:\/\/www.slogi.si\/#website","url":"https:\/\/www.slogi.si\/","name":"SLOGI","description":"Slovenian Theatre Institute","publisher":{"@id":"https:\/\/www.slogi.si\/#organization"},"alternateName":"Slovenski Gledali\u0161ki In\u0161titut","potentialAction":[{"@type":"SearchAction","target":{"@type":"EntryPoint","urlTemplate":"https:\/\/www.slogi.si\/?s={search_term_string}"},"query-input":{"@type":"PropertyValueSpecification","valueRequired":true,"valueName":"search_term_string"}}],"inLanguage":"en-GB"},{"@type":"Organization","@id":"https:\/\/www.slogi.si\/#organization","name":"SLOGI","alternateName":"Slovenski Gledali\u0161ki In\u0161titut","url":"https:\/\/www.slogi.si\/","logo":{"@type":"ImageObject","inLanguage":"en-GB","@id":"https:\/\/www.slogi.si\/#\/schema\/logo\/image\/","url":"https:\/\/www.slogi.si\/wp-content\/uploads\/2024\/01\/favicon.svg","contentUrl":"https:\/\/www.slogi.si\/wp-content\/uploads\/2024\/01\/favicon.svg","width":100,"height":100,"caption":"SLOGI"},"image":{"@id":"https:\/\/www.slogi.si\/#\/schema\/logo\/image\/"}}]}},"_links":{"self":[{"href":"https:\/\/www.slogi.si\/en\/wp-json\/wp\/v2\/dogodki\/18373","targetHints":{"allow":["GET"]}}],"collection":[{"href":"https:\/\/www.slogi.si\/en\/wp-json\/wp\/v2\/dogodki"}],"about":[{"href":"https:\/\/www.slogi.si\/en\/wp-json\/wp\/v2\/types\/dogodki"}],"wp:featuredmedia":[{"embeddable":true,"href":"https:\/\/www.slogi.si\/en\/wp-json\/wp\/v2\/media\/18374"}],"wp:attachment":[{"href":"https:\/\/www.slogi.si\/en\/wp-json\/wp\/v2\/media?parent=18373"}],"wp:term":[{"taxonomy":"category","embeddable":true,"href":"https:\/\/www.slogi.si\/en\/wp-json\/wp\/v2\/categories?post=18373"},{"taxonomy":"post_tag","embeddable":true,"href":"https:\/\/www.slogi.si\/en\/wp-json\/wp\/v2\/tags?post=18373"},{"taxonomy":"izpostavljamo","embeddable":true,"href":"https:\/\/www.slogi.si\/en\/wp-json\/wp\/v2\/izpostavljamo?post=18373"},{"taxonomy":"letnik","embeddable":true,"href":"https:\/\/www.slogi.si\/en\/wp-json\/wp\/v2\/letnik?post=18373"},{"taxonomy":"tip","embeddable":true,"href":"https:\/\/www.slogi.si\/en\/wp-json\/wp\/v2\/tip?post=18373"},{"taxonomy":"vrsta-razstave","embeddable":true,"href":"https:\/\/www.slogi.si\/en\/wp-json\/wp\/v2\/vrsta-razstave?post=18373"}],"curies":[{"name":"wp","href":"https:\/\/api.w.org\/{rel}","templated":true}]}}