{"id":18363,"date":"2026-03-12T15:47:45","date_gmt":"2026-03-12T14:47:45","guid":{"rendered":"https:\/\/www.slogi.si\/?post_type=dogodki&#038;p=18363"},"modified":"2026-04-13T13:21:44","modified_gmt":"2026-04-13T11:21:44","slug":"slovenska-dramatika-v-prevodih-razstava-na-tsd","status":"publish","type":"dogodki","link":"https:\/\/www.slogi.si\/en\/dogodki\/slovenska-dramatika-v-prevodih-razstava-na-tsd\/","title":{"rendered":"Slovenska dramatika v prevodih, razstava na 56. Tednu slovenske drame"},"content":{"rendered":"<h6>On the schedule\u00a0<a role=\"link\" href=\"https:\/\/www.tsd.si\/\" target=\"_blank\" rel=\"noopener\">56. Tedna slovenske drame<\/a><\/h6>\n<p>Odprtje razstave bo v soboto, 28. marca 2026, ob 18.30 v Layerjevi hi\u0161i v Kranju.<\/p>\n<p>Slovenski gledali\u0161ki in\u0161titut v sodelovanju s Pre\u0161ernovim gledali\u0161\u010dem na 56. Tednu slovenske drame v Kranju pripravlja knji\u017eno razstavo prevodov slovenskih dram v \u0161tevilne svetovne jezike.<\/p>\n<p>V Slovenskem gledali\u0161kem in\u0161titutu hranimo tudi prevode slovenskih avtoric in avtorjev v tuje jezike. Z razstavo \u017eelimo opozoriti na obse\u017enost in pestrost tega prevodnega gradiva, na spletni portal <em>Slovene Drama in Translation<\/em> in na druge vire informacij o prevodih slovenskih dramskih besedil.<\/p>\n<p>The oldest text on display is Bor\u0161tnik&#039;s translation of Cankarjev <em>Jakob Ruda<\/em>\u00a0v hrva\u0161\u010dino (1900). Zalo\u017enik najpomembnej\u0161ih prevodnih projektov, med drugim <em>Zbranih dramskih del\u00a0<\/em>Ivana Cankarja in besedil Grumovih nagrajencev, je Pre\u0161ernovo gledali\u0161\u010de. Pomembno poslanstvo Tedna slovenske drame je bilo poleg gostovanj tujih gledali\u0161kih skupin z uprizoritvami slovenskih avtorjev tudi predstavljanje slovenskih dramati\u010dark in dramatikov v mednarodnem prostoru.<\/p>\n<p>Razstava bo v Layerjevi hi\u0161i v Kranju na ogled do 15. aprila 2026.<\/p>\n<p><a href=\"https:\/\/www.slogi.si\/wp-content\/uploads\/2026\/03\/Zlozenka_Slovenska-dramatika-v-prevodih_56-TSD.pdf\" target=\"_blank\" rel=\"noopener\">Zlo\u017eenka &gt;&gt;<\/a><\/p>\n<p>Author of the exhibition: Katarina Kocijan\u010di\u010d<br \/>\nDesign: Andrej Ovsec<br \/>\nPobuda, organizacija in koordinacija: Nika Leskov\u0161ek<\/p>\n<h6>Photo: Ma\u0161a Pirc \/ PGK.<\/h6>\n<div id='gallery-1' class='gallery galleryid-18363 gallery-columns-4 gallery-size-thumbnail'><figure class='gallery-item'>\n\t\t\t<div class='gallery-icon portrait'>\n\t\t\t\t<a href='https:\/\/www.slogi.si\/wp-content\/uploads\/2026\/03\/Slovenska-dramatika-v-prevodih_razstava_56-TSD_foto-Masa-Pirc_PGK-9.jpg'><img decoding=\"async\" width=\"150\" height=\"150\" src=\"https:\/\/www.slogi.si\/wp-content\/uploads\/2026\/03\/Slovenska-dramatika-v-prevodih_razstava_56-TSD_foto-Masa-Pirc_PGK-9-150x150.jpg\" class=\"attachment-thumbnail size-thumbnail\" alt=\"Slovenska dramatika v prevodih. Odprtje razstave na sporedu 56. Tedna slovenske drame, 28. marca 2026, Layerjeva hi\u0161a, Kranj. Foto: Ma\u0161a Pirc \/ PGK.\" aria-describedby=\"gallery-1-18411\" \/><\/a>\n\t\t\t<\/div>\n\t\t\t\t<figcaption class='wp-caption-text gallery-caption' id='gallery-1-18411'>\n\t\t\t\tSlovenska dramatika v prevodih. Odprtje razstave na sporedu 56. Tedna slovenske drame, 28. marca 2026, Layerjeva hi\u0161a, Kranj. Foto: Ma\u0161a Pirc \/ PGK.\n\t\t\t\t<\/figcaption><\/figure><figure class='gallery-item'>\n\t\t\t<div class='gallery-icon portrait'>\n\t\t\t\t<a href='https:\/\/www.slogi.si\/wp-content\/uploads\/2026\/03\/Slovenska-dramatika-v-prevodih_razstava_56-TSD_foto-Masa-Pirc_PGK-8.jpg'><img decoding=\"async\" width=\"150\" height=\"150\" src=\"https:\/\/www.slogi.si\/wp-content\/uploads\/2026\/03\/Slovenska-dramatika-v-prevodih_razstava_56-TSD_foto-Masa-Pirc_PGK-8-150x150.jpg\" class=\"attachment-thumbnail size-thumbnail\" alt=\"Slovenska dramatika v prevodih. Odprtje razstave na sporedu 56. Tedna slovenske drame, 28. marca 2026, Layerjeva hi\u0161a, Kranj. Foto: Ma\u0161a Pirc \/ PGK.\" aria-describedby=\"gallery-1-18410\" \/><\/a>\n\t\t\t<\/div>\n\t\t\t\t<figcaption class='wp-caption-text gallery-caption' id='gallery-1-18410'>\n\t\t\t\tSlovenska dramatika v prevodih. Odprtje razstave na sporedu 56. Tedna slovenske drame, 28. marca 2026, Layerjeva hi\u0161a, Kranj. Foto: Ma\u0161a Pirc \/ PGK.\n\t\t\t\t<\/figcaption><\/figure><figure class='gallery-item'>\n\t\t\t<div class='gallery-icon portrait'>\n\t\t\t\t<a href='https:\/\/www.slogi.si\/wp-content\/uploads\/2026\/03\/Slovenska-dramatika-v-prevodih_razstava_56-TSD_foto-Masa-Pirc_PGK-41.jpg'><img decoding=\"async\" width=\"150\" height=\"150\" src=\"https:\/\/www.slogi.si\/wp-content\/uploads\/2026\/03\/Slovenska-dramatika-v-prevodih_razstava_56-TSD_foto-Masa-Pirc_PGK-41-150x150.jpg\" class=\"attachment-thumbnail size-thumbnail\" alt=\"Slovenska dramatika v prevodih. Odprtje razstave na sporedu 56. Tedna slovenske drame, 28. marca 2026, Layerjeva hi\u0161a, Kranj. Foto: Ma\u0161a Pirc \/ PGK.\" aria-describedby=\"gallery-1-18429\" \/><\/a>\n\t\t\t<\/div>\n\t\t\t\t<figcaption class='wp-caption-text gallery-caption' id='gallery-1-18429'>\n\t\t\t\tSlovenska dramatika v prevodih. Odprtje razstave na sporedu 56. Tedna slovenske drame, 28. marca 2026, Layerjeva hi\u0161a, Kranj. Foto: Ma\u0161a Pirc \/ PGK.\n\t\t\t\t<\/figcaption><\/figure><figure class='gallery-item'>\n\t\t\t<div class='gallery-icon portrait'>\n\t\t\t\t<a href='https:\/\/www.slogi.si\/wp-content\/uploads\/2026\/03\/Slovenska-dramatika-v-prevodih_razstava_56-TSD_foto-Masa-Pirc_PGK-28.jpg'><img loading=\"lazy\" decoding=\"async\" width=\"150\" height=\"150\" src=\"https:\/\/www.slogi.si\/wp-content\/uploads\/2026\/03\/Slovenska-dramatika-v-prevodih_razstava_56-TSD_foto-Masa-Pirc_PGK-28-150x150.jpg\" class=\"attachment-thumbnail size-thumbnail\" alt=\"Slovenska dramatika v prevodih. Odprtje razstave na sporedu 56. Tedna slovenske drame, 28. marca 2026, Layerjeva hi\u0161a, Kranj. Foto: Ma\u0161a Pirc \/ PGK.\" aria-describedby=\"gallery-1-18423\" \/><\/a>\n\t\t\t<\/div>\n\t\t\t\t<figcaption class='wp-caption-text gallery-caption' id='gallery-1-18423'>\n\t\t\t\tSlovenska dramatika v prevodih. Odprtje razstave na sporedu 56. Tedna slovenske drame, 28. marca 2026, Layerjeva hi\u0161a, Kranj. Foto: Ma\u0161a Pirc \/ PGK.\n\t\t\t\t<\/figcaption><\/figure><figure class='gallery-item'>\n\t\t\t<div class='gallery-icon portrait'>\n\t\t\t\t<a href='https:\/\/www.slogi.si\/wp-content\/uploads\/2026\/03\/Slovenska-dramatika-v-prevodih_razstava_56-TSD_foto-Masa-Pirc_PGK-37.jpg'><img loading=\"lazy\" decoding=\"async\" width=\"150\" height=\"150\" src=\"https:\/\/www.slogi.si\/wp-content\/uploads\/2026\/03\/Slovenska-dramatika-v-prevodih_razstava_56-TSD_foto-Masa-Pirc_PGK-37-150x150.jpg\" class=\"attachment-thumbnail size-thumbnail\" alt=\"Slovenska dramatika v prevodih. Odprtje razstave na sporedu 56. Tedna slovenske drame, 28. marca 2026, Layerjeva hi\u0161a, Kranj. Foto: Ma\u0161a Pirc \/ PGK.\" aria-describedby=\"gallery-1-18428\" \/><\/a>\n\t\t\t<\/div>\n\t\t\t\t<figcaption class='wp-caption-text gallery-caption' id='gallery-1-18428'>\n\t\t\t\tSlovenska dramatika v prevodih. Odprtje razstave na sporedu 56. Tedna slovenske drame, 28. marca 2026, Layerjeva hi\u0161a, Kranj. Foto: Ma\u0161a Pirc \/ PGK.\n\t\t\t\t<\/figcaption><\/figure><figure class='gallery-item'>\n\t\t\t<div class='gallery-icon portrait'>\n\t\t\t\t<a href='https:\/\/www.slogi.si\/wp-content\/uploads\/2026\/03\/Slovenska-dramatika-v-prevodih_razstava_56-TSD_foto-Masa-Pirc_PGK-43.jpg'><img loading=\"lazy\" decoding=\"async\" width=\"150\" height=\"150\" src=\"https:\/\/www.slogi.si\/wp-content\/uploads\/2026\/03\/Slovenska-dramatika-v-prevodih_razstava_56-TSD_foto-Masa-Pirc_PGK-43-150x150.jpg\" class=\"attachment-thumbnail size-thumbnail\" alt=\"Slovenska dramatika v prevodih. Odprtje razstave na sporedu 56. Tedna slovenske drame, 28. marca 2026, Layerjeva hi\u0161a, Kranj. Foto: Ma\u0161a Pirc \/ PGK.\" aria-describedby=\"gallery-1-18431\" \/><\/a>\n\t\t\t<\/div>\n\t\t\t\t<figcaption class='wp-caption-text gallery-caption' id='gallery-1-18431'>\n\t\t\t\tSlovenska dramatika v prevodih. Odprtje razstave na sporedu 56. Tedna slovenske drame, 28. marca 2026, Layerjeva hi\u0161a, Kranj. Foto: Ma\u0161a Pirc \/ PGK.\n\t\t\t\t<\/figcaption><\/figure><figure class='gallery-item'>\n\t\t\t<div class='gallery-icon portrait'>\n\t\t\t\t<a href='https:\/\/www.slogi.si\/wp-content\/uploads\/2026\/03\/Slovenska-dramatika-v-prevodih_razstava_56-TSD_foto-Masa-Pirc_PGK-42.jpg'><img loading=\"lazy\" decoding=\"async\" width=\"150\" height=\"150\" src=\"https:\/\/www.slogi.si\/wp-content\/uploads\/2026\/03\/Slovenska-dramatika-v-prevodih_razstava_56-TSD_foto-Masa-Pirc_PGK-42-150x150.jpg\" class=\"attachment-thumbnail size-thumbnail\" alt=\"Slovenska dramatika v prevodih. Odprtje razstave na sporedu 56. Tedna slovenske drame, 28. marca 2026, Layerjeva hi\u0161a, Kranj. Foto: Ma\u0161a Pirc \/ PGK.\" aria-describedby=\"gallery-1-18430\" \/><\/a>\n\t\t\t<\/div>\n\t\t\t\t<figcaption class='wp-caption-text gallery-caption' id='gallery-1-18430'>\n\t\t\t\tSlovenska dramatika v prevodih. Odprtje razstave na sporedu 56. Tedna slovenske drame, 28. marca 2026, Layerjeva hi\u0161a, Kranj. Foto: Ma\u0161a Pirc \/ PGK.\n\t\t\t\t<\/figcaption><\/figure><figure class='gallery-item'>\n\t\t\t<div class='gallery-icon portrait'>\n\t\t\t\t<a href='https:\/\/www.slogi.si\/wp-content\/uploads\/2026\/03\/Slovenska-dramatika-v-prevodih_razstava_56-TSD_foto-Masa-Pirc_PGK-35.jpg'><img loading=\"lazy\" decoding=\"async\" width=\"150\" height=\"150\" src=\"https:\/\/www.slogi.si\/wp-content\/uploads\/2026\/03\/Slovenska-dramatika-v-prevodih_razstava_56-TSD_foto-Masa-Pirc_PGK-35-150x150.jpg\" class=\"attachment-thumbnail size-thumbnail\" alt=\"Slovenska dramatika v prevodih. Odprtje razstave na sporedu 56. Tedna slovenske drame, 28. marca 2026, Layerjeva hi\u0161a, Kranj. Foto: Ma\u0161a Pirc \/ PGK.\" aria-describedby=\"gallery-1-18427\" \/><\/a>\n\t\t\t<\/div>\n\t\t\t\t<figcaption class='wp-caption-text gallery-caption' id='gallery-1-18427'>\n\t\t\t\tSlovenska dramatika v prevodih. Odprtje razstave na sporedu 56. Tedna slovenske drame, 28. marca 2026, Layerjeva hi\u0161a, Kranj. Foto: Ma\u0161a Pirc \/ PGK.\n\t\t\t\t<\/figcaption><\/figure><figure class='gallery-item'>\n\t\t\t<div class='gallery-icon portrait'>\n\t\t\t\t<a href='https:\/\/www.slogi.si\/wp-content\/uploads\/2026\/03\/Slovenska-dramatika-v-prevodih_razstava_56-TSD_foto-Masa-Pirc_PGK-22.jpg'><img loading=\"lazy\" decoding=\"async\" width=\"150\" height=\"150\" src=\"https:\/\/www.slogi.si\/wp-content\/uploads\/2026\/03\/Slovenska-dramatika-v-prevodih_razstava_56-TSD_foto-Masa-Pirc_PGK-22-150x150.jpg\" class=\"attachment-thumbnail size-thumbnail\" alt=\"Slovenska dramatika v prevodih. Odprtje razstave na sporedu 56. Tedna slovenske drame, 28. marca 2026, Layerjeva hi\u0161a, Kranj. Foto: Ma\u0161a Pirc \/ PGK.\" aria-describedby=\"gallery-1-18420\" \/><\/a>\n\t\t\t<\/div>\n\t\t\t\t<figcaption class='wp-caption-text gallery-caption' id='gallery-1-18420'>\n\t\t\t\tSlovenska dramatika v prevodih. Odprtje razstave na sporedu 56. Tedna slovenske drame, 28. marca 2026, Layerjeva hi\u0161a, Kranj. Foto: Ma\u0161a Pirc \/ PGK.\n\t\t\t\t<\/figcaption><\/figure><figure class='gallery-item'>\n\t\t\t<div class='gallery-icon portrait'>\n\t\t\t\t<a href='https:\/\/www.slogi.si\/wp-content\/uploads\/2026\/03\/Slovenska-dramatika-v-prevodih_razstava_56-TSD_foto-Masa-Pirc_PGK-34.jpg'><img loading=\"lazy\" decoding=\"async\" width=\"150\" height=\"150\" src=\"https:\/\/www.slogi.si\/wp-content\/uploads\/2026\/03\/Slovenska-dramatika-v-prevodih_razstava_56-TSD_foto-Masa-Pirc_PGK-34-150x150.jpg\" class=\"attachment-thumbnail size-thumbnail\" alt=\"Slovenska dramatika v prevodih. Odprtje razstave na sporedu 56. Tedna slovenske drame, 28. marca 2026, Layerjeva hi\u0161a, Kranj. Foto: Ma\u0161a Pirc \/ PGK.\" aria-describedby=\"gallery-1-18426\" \/><\/a>\n\t\t\t<\/div>\n\t\t\t\t<figcaption class='wp-caption-text gallery-caption' id='gallery-1-18426'>\n\t\t\t\tSlovenska dramatika v prevodih. Odprtje razstave na sporedu 56. Tedna slovenske drame, 28. marca 2026, Layerjeva hi\u0161a, Kranj. Foto: Ma\u0161a Pirc \/ PGK.\n\t\t\t\t<\/figcaption><\/figure><figure class='gallery-item'>\n\t\t\t<div class='gallery-icon portrait'>\n\t\t\t\t<a href='https:\/\/www.slogi.si\/wp-content\/uploads\/2026\/03\/Slovenska-dramatika-v-prevodih_razstava_56-TSD_foto-Masa-Pirc_PGK-32.jpg'><img loading=\"lazy\" decoding=\"async\" width=\"150\" height=\"150\" src=\"https:\/\/www.slogi.si\/wp-content\/uploads\/2026\/03\/Slovenska-dramatika-v-prevodih_razstava_56-TSD_foto-Masa-Pirc_PGK-32-150x150.jpg\" class=\"attachment-thumbnail size-thumbnail\" alt=\"Slovenska dramatika v prevodih. Odprtje razstave na sporedu 56. Tedna slovenske drame, 28. marca 2026, Layerjeva hi\u0161a, Kranj. Foto: Ma\u0161a Pirc \/ PGK.\" aria-describedby=\"gallery-1-18425\" \/><\/a>\n\t\t\t<\/div>\n\t\t\t\t<figcaption class='wp-caption-text gallery-caption' id='gallery-1-18425'>\n\t\t\t\tSlovenska dramatika v prevodih. Odprtje razstave na sporedu 56. Tedna slovenske drame, 28. marca 2026, Layerjeva hi\u0161a, Kranj. Foto: Ma\u0161a Pirc \/ PGK.\n\t\t\t\t<\/figcaption><\/figure><figure class='gallery-item'>\n\t\t\t<div class='gallery-icon portrait'>\n\t\t\t\t<a href='https:\/\/www.slogi.si\/wp-content\/uploads\/2026\/03\/Slovenska-dramatika-v-prevodih_razstava_56-TSD_foto-Masa-Pirc_PGK-30.jpg'><img loading=\"lazy\" decoding=\"async\" width=\"150\" height=\"150\" src=\"https:\/\/www.slogi.si\/wp-content\/uploads\/2026\/03\/Slovenska-dramatika-v-prevodih_razstava_56-TSD_foto-Masa-Pirc_PGK-30-150x150.jpg\" class=\"attachment-thumbnail size-thumbnail\" alt=\"Slovenska dramatika v prevodih. Odprtje razstave na sporedu 56. Tedna slovenske drame, 28. marca 2026, Layerjeva hi\u0161a, Kranj. Foto: Ma\u0161a Pirc \/ PGK.\" aria-describedby=\"gallery-1-18424\" \/><\/a>\n\t\t\t<\/div>\n\t\t\t\t<figcaption class='wp-caption-text gallery-caption' id='gallery-1-18424'>\n\t\t\t\tSlovenska dramatika v prevodih. Odprtje razstave na sporedu 56. Tedna slovenske drame, 28. marca 2026, Layerjeva hi\u0161a, Kranj. Foto: Ma\u0161a Pirc \/ PGK.\n\t\t\t\t<\/figcaption><\/figure><figure class='gallery-item'>\n\t\t\t<div class='gallery-icon portrait'>\n\t\t\t\t<a href='https:\/\/www.slogi.si\/wp-content\/uploads\/2026\/03\/Slovenska-dramatika-v-prevodih_razstava_56-TSD_foto-Masa-Pirc_PGK-16.jpg'><img loading=\"lazy\" decoding=\"async\" width=\"150\" height=\"150\" src=\"https:\/\/www.slogi.si\/wp-content\/uploads\/2026\/03\/Slovenska-dramatika-v-prevodih_razstava_56-TSD_foto-Masa-Pirc_PGK-16-150x150.jpg\" class=\"attachment-thumbnail size-thumbnail\" alt=\"Slovenska dramatika v prevodih. Odprtje razstave na sporedu 56. Tedna slovenske drame, 28. marca 2026, Layerjeva hi\u0161a, Kranj. Foto: Ma\u0161a Pirc \/ PGK.\" aria-describedby=\"gallery-1-18416\" \/><\/a>\n\t\t\t<\/div>\n\t\t\t\t<figcaption class='wp-caption-text gallery-caption' id='gallery-1-18416'>\n\t\t\t\tSlovenska dramatika v prevodih. Odprtje razstave na sporedu 56. Tedna slovenske drame, 28. marca 2026, Layerjeva hi\u0161a, Kranj. Foto: Ma\u0161a Pirc \/ PGK.\n\t\t\t\t<\/figcaption><\/figure><figure class='gallery-item'>\n\t\t\t<div class='gallery-icon portrait'>\n\t\t\t\t<a href='https:\/\/www.slogi.si\/wp-content\/uploads\/2026\/03\/Slovenska-dramatika-v-prevodih_razstava_56-TSD_foto-Masa-Pirc_PGK-15.jpg'><img loading=\"lazy\" decoding=\"async\" width=\"150\" height=\"150\" src=\"https:\/\/www.slogi.si\/wp-content\/uploads\/2026\/03\/Slovenska-dramatika-v-prevodih_razstava_56-TSD_foto-Masa-Pirc_PGK-15-150x150.jpg\" class=\"attachment-thumbnail size-thumbnail\" alt=\"Slovenska dramatika v prevodih. Odprtje razstave na sporedu 56. Tedna slovenske drame, 28. marca 2026, Layerjeva hi\u0161a, Kranj. Foto: Ma\u0161a Pirc \/ PGK.\" aria-describedby=\"gallery-1-18415\" \/><\/a>\n\t\t\t<\/div>\n\t\t\t\t<figcaption class='wp-caption-text gallery-caption' id='gallery-1-18415'>\n\t\t\t\tSlovenska dramatika v prevodih. Odprtje razstave na sporedu 56. Tedna slovenske drame, 28. marca 2026, Layerjeva hi\u0161a, Kranj. Foto: Ma\u0161a Pirc \/ PGK.\n\t\t\t\t<\/figcaption><\/figure><figure class='gallery-item'>\n\t\t\t<div class='gallery-icon portrait'>\n\t\t\t\t<a href='https:\/\/www.slogi.si\/wp-content\/uploads\/2026\/03\/Slovenska-dramatika-v-prevodih_razstava_56-TSD_foto-Masa-Pirc_PGK-17.jpg'><img loading=\"lazy\" decoding=\"async\" width=\"150\" height=\"150\" src=\"https:\/\/www.slogi.si\/wp-content\/uploads\/2026\/03\/Slovenska-dramatika-v-prevodih_razstava_56-TSD_foto-Masa-Pirc_PGK-17-150x150.jpg\" class=\"attachment-thumbnail size-thumbnail\" alt=\"Slovenska dramatika v prevodih. Odprtje razstave na sporedu 56. Tedna slovenske drame, 28. marca 2026, Layerjeva hi\u0161a, Kranj. Foto: Ma\u0161a Pirc \/ PGK.\" aria-describedby=\"gallery-1-18417\" \/><\/a>\n\t\t\t<\/div>\n\t\t\t\t<figcaption class='wp-caption-text gallery-caption' id='gallery-1-18417'>\n\t\t\t\tSlovenska dramatika v prevodih. Odprtje razstave na sporedu 56. Tedna slovenske drame, 28. marca 2026, Layerjeva hi\u0161a, Kranj. Foto: Ma\u0161a Pirc \/ PGK.\n\t\t\t\t<\/figcaption><\/figure><figure class='gallery-item'>\n\t\t\t<div class='gallery-icon portrait'>\n\t\t\t\t<a href='https:\/\/www.slogi.si\/wp-content\/uploads\/2026\/03\/Slovenska-dramatika-v-prevodih_razstava_56-TSD_foto-Masa-Pirc_PGK-19.jpg'><img loading=\"lazy\" decoding=\"async\" width=\"150\" height=\"150\" src=\"https:\/\/www.slogi.si\/wp-content\/uploads\/2026\/03\/Slovenska-dramatika-v-prevodih_razstava_56-TSD_foto-Masa-Pirc_PGK-19-150x150.jpg\" class=\"attachment-thumbnail size-thumbnail\" alt=\"Slovenska dramatika v prevodih. Odprtje razstave na sporedu 56. Tedna slovenske drame, 28. marca 2026, Layerjeva hi\u0161a, Kranj. Foto: Ma\u0161a Pirc \/ PGK.\" aria-describedby=\"gallery-1-18418\" \/><\/a>\n\t\t\t<\/div>\n\t\t\t\t<figcaption class='wp-caption-text gallery-caption' id='gallery-1-18418'>\n\t\t\t\tSlovenska dramatika v prevodih. Odprtje razstave na sporedu 56. Tedna slovenske drame, 28. marca 2026, Layerjeva hi\u0161a, Kranj. Foto: Ma\u0161a Pirc \/ PGK.\n\t\t\t\t<\/figcaption><\/figure><figure class='gallery-item'>\n\t\t\t<div class='gallery-icon landscape'>\n\t\t\t\t<a href='https:\/\/www.slogi.si\/wp-content\/uploads\/2026\/03\/Slovenska-dramatika-v-prevodih_razstava_56-TSD_foto-Masa-Pirc_PGK-23.jpg'><img loading=\"lazy\" decoding=\"async\" width=\"150\" height=\"150\" src=\"https:\/\/www.slogi.si\/wp-content\/uploads\/2026\/03\/Slovenska-dramatika-v-prevodih_razstava_56-TSD_foto-Masa-Pirc_PGK-23-150x150.jpg\" class=\"attachment-thumbnail size-thumbnail\" alt=\"Slovenska dramatika v prevodih. Odprtje razstave na sporedu 56. Tedna slovenske drame, 28. marca 2026, Layerjeva hi\u0161a, Kranj. Foto: Ma\u0161a Pirc \/ PGK.\" aria-describedby=\"gallery-1-18421\" \/><\/a>\n\t\t\t<\/div>\n\t\t\t\t<figcaption class='wp-caption-text gallery-caption' id='gallery-1-18421'>\n\t\t\t\tSlovenska dramatika v prevodih. Odprtje razstave na sporedu 56. Tedna slovenske drame, 28. marca 2026, Layerjeva hi\u0161a, Kranj. Foto: Ma\u0161a Pirc \/ PGK.\n\t\t\t\t<\/figcaption><\/figure><figure class='gallery-item'>\n\t\t\t<div class='gallery-icon portrait'>\n\t\t\t\t<a href='https:\/\/www.slogi.si\/wp-content\/uploads\/2026\/03\/Slovenska-dramatika-v-prevodih_razstava_56-TSD_foto-Masa-Pirc_PGK-25.jpg'><img loading=\"lazy\" decoding=\"async\" width=\"150\" height=\"150\" src=\"https:\/\/www.slogi.si\/wp-content\/uploads\/2026\/03\/Slovenska-dramatika-v-prevodih_razstava_56-TSD_foto-Masa-Pirc_PGK-25-150x150.jpg\" class=\"attachment-thumbnail size-thumbnail\" alt=\"Slovenska dramatika v prevodih. Odprtje razstave na sporedu 56. Tedna slovenske drame, 28. marca 2026, Layerjeva hi\u0161a, Kranj. Foto: Ma\u0161a Pirc \/ PGK.\" aria-describedby=\"gallery-1-18422\" \/><\/a>\n\t\t\t<\/div>\n\t\t\t\t<figcaption class='wp-caption-text gallery-caption' id='gallery-1-18422'>\n\t\t\t\tSlovenska dramatika v prevodih. Odprtje razstave na sporedu 56. Tedna slovenske drame, 28. marca 2026, Layerjeva hi\u0161a, Kranj. Foto: Ma\u0161a Pirc \/ PGK.\n\t\t\t\t<\/figcaption><\/figure><figure class='gallery-item'>\n\t\t\t<div class='gallery-icon portrait'>\n\t\t\t\t<a href='https:\/\/www.slogi.si\/wp-content\/uploads\/2026\/03\/Slovenska-dramatika-v-prevodih_razstava_56-TSD_foto-Masa-Pirc_PGK-10.jpg'><img loading=\"lazy\" decoding=\"async\" width=\"150\" height=\"150\" src=\"https:\/\/www.slogi.si\/wp-content\/uploads\/2026\/03\/Slovenska-dramatika-v-prevodih_razstava_56-TSD_foto-Masa-Pirc_PGK-10-150x150.jpg\" class=\"attachment-thumbnail size-thumbnail\" alt=\"Slovenska dramatika v prevodih. Odprtje razstave na sporedu 56. Tedna slovenske drame, 28. marca 2026, Layerjeva hi\u0161a, Kranj. Foto: Ma\u0161a Pirc \/ PGK.\" aria-describedby=\"gallery-1-18412\" \/><\/a>\n\t\t\t<\/div>\n\t\t\t\t<figcaption class='wp-caption-text gallery-caption' id='gallery-1-18412'>\n\t\t\t\tSlovenska dramatika v prevodih. Odprtje razstave na sporedu 56. Tedna slovenske drame, 28. marca 2026, Layerjeva hi\u0161a, Kranj. Foto: Ma\u0161a Pirc \/ PGK.\n\t\t\t\t<\/figcaption><\/figure><figure class='gallery-item'>\n\t\t\t<div class='gallery-icon portrait'>\n\t\t\t\t<a href='https:\/\/www.slogi.si\/wp-content\/uploads\/2026\/03\/Slovenska-dramatika-v-prevodih_razstava_56-TSD_foto-Masa-Pirc_PGK-2.jpg'><img loading=\"lazy\" decoding=\"async\" width=\"150\" height=\"150\" src=\"https:\/\/www.slogi.si\/wp-content\/uploads\/2026\/03\/Slovenska-dramatika-v-prevodih_razstava_56-TSD_foto-Masa-Pirc_PGK-2-150x150.jpg\" class=\"attachment-thumbnail size-thumbnail\" alt=\"Slovenska dramatika v prevodih. Odprtje razstave na sporedu 56. Tedna slovenske drame, 28. marca 2026, Layerjeva hi\u0161a, Kranj. Foto: Ma\u0161a Pirc \/ PGK.\" aria-describedby=\"gallery-1-18408\" \/><\/a>\n\t\t\t<\/div>\n\t\t\t\t<figcaption class='wp-caption-text gallery-caption' id='gallery-1-18408'>\n\t\t\t\tSlovenska dramatika v prevodih. Odprtje razstave na sporedu 56. Tedna slovenske drame, 28. marca 2026, Layerjeva hi\u0161a, Kranj. Foto: Ma\u0161a Pirc \/ PGK.\n\t\t\t\t<\/figcaption><\/figure><figure class='gallery-item'>\n\t\t\t<div class='gallery-icon portrait'>\n\t\t\t\t<a href='https:\/\/www.slogi.si\/wp-content\/uploads\/2026\/03\/Slovenska-dramatika-v-prevodih_razstava_56-TSD_foto-Masa-Pirc_PGK-1.jpg'><img loading=\"lazy\" decoding=\"async\" width=\"150\" height=\"150\" src=\"https:\/\/www.slogi.si\/wp-content\/uploads\/2026\/03\/Slovenska-dramatika-v-prevodih_razstava_56-TSD_foto-Masa-Pirc_PGK-1-150x150.jpg\" class=\"attachment-thumbnail size-thumbnail\" alt=\"Slovenska dramatika v prevodih. Odprtje razstave na sporedu 56. Tedna slovenske drame, 28. marca 2026, Layerjeva hi\u0161a, Kranj. Foto: Ma\u0161a Pirc \/ PGK.\" aria-describedby=\"gallery-1-18407\" \/><\/a>\n\t\t\t<\/div>\n\t\t\t\t<figcaption class='wp-caption-text gallery-caption' id='gallery-1-18407'>\n\t\t\t\tSlovenska dramatika v prevodih. Odprtje razstave na sporedu 56. Tedna slovenske drame, 28. marca 2026, Layerjeva hi\u0161a, Kranj. Foto: Ma\u0161a Pirc \/ PGK.\n\t\t\t\t<\/figcaption><\/figure>\n\t\t<\/div>\n\n<p>Pre\u0161ernovo gledali\u0161\u010de Kranj v sodelovanju s Slovenskim gledali\u0161kim in\u0161titutom<\/p>\n<p><img loading=\"lazy\" decoding=\"async\" class=\"aligncenter wp-image-18364 size-medium\" src=\"https:\/\/www.slogi.si\/wp-content\/uploads\/2026\/03\/Logo_tsd_dramatika-300x128.jpg\" alt=\"\" width=\"300\" height=\"128\" srcset=\"https:\/\/www.slogi.si\/wp-content\/uploads\/2026\/03\/Logo_tsd_dramatika-300x128.jpg 300w, https:\/\/www.slogi.si\/wp-content\/uploads\/2026\/03\/Logo_tsd_dramatika-768x327.jpg 768w, https:\/\/www.slogi.si\/wp-content\/uploads\/2026\/03\/Logo_tsd_dramatika-18x8.jpg 18w, https:\/\/www.slogi.si\/wp-content\/uploads\/2026\/03\/Logo_tsd_dramatika.jpg 990w\" sizes=\"(max-width: 300px) 100vw, 300px\" \/><\/p>\n<p style=\"text-align: center;\"><a href=\"https:\/\/www.tsd.si\/\"><img loading=\"lazy\" decoding=\"async\" class=\"aligncenter size-medium wp-image-18372\" src=\"https:\/\/www.slogi.si\/wp-content\/uploads\/2026\/03\/TSD-2026-300x90.jpg\" alt=\"\" width=\"300\" height=\"90\" srcset=\"https:\/\/www.slogi.si\/wp-content\/uploads\/2026\/03\/TSD-2026-300x90.jpg 300w, https:\/\/www.slogi.si\/wp-content\/uploads\/2026\/03\/TSD-2026-768x231.jpg 768w, https:\/\/www.slogi.si\/wp-content\/uploads\/2026\/03\/TSD-2026-18x5.jpg 18w, https:\/\/www.slogi.si\/wp-content\/uploads\/2026\/03\/TSD-2026.jpg 973w\" sizes=\"(max-width: 300px) 100vw, 300px\" \/><\/a><\/p>","protected":false},"excerpt":{"rendered":"<p>Pre\u0161ernovo gledali\u0161\u010de Kranj in Slovenski gledali\u0161ki in\u0161titut na 56. Tednu slovenske drame pripravljata knji\u017eno razstavo prevodov slovenskih dram v \u0161tevilne svetovne jezike.<\/p>","protected":false},"featured_media":18366,"template":"","categories":[416],"tags":[],"izpostavljamo":[],"letnik":[639],"tip":[418],"vrsta-razstave":[415],"class_list":["post-18363","dogodki","type-dogodki","status-publish","has-post-thumbnail","hentry","category-dogodki","letnik-639","tip-gostujoca-prireditev","vrsta-razstave-obcasna-razstava"],"acf":[],"yoast_head":"<!-- This site is optimized with the Yoast SEO plugin v27.5 - https:\/\/yoast.com\/product\/yoast-seo-wordpress\/ -->\n<title>Slovenska dramatika v prevodih, razstava na 56. Tednu slovenske drame - SLOGI<\/title>\n<meta name=\"description\" content=\"Pre\u0161ernovo gledali\u0161\u010de Kranj in Slovenski gledali\u0161ki in\u0161titut na 56. Tednu slovenske drame pripravljata knji\u017eno razstavo prevodov slovenskih dram v \u0161tevilne svetovne jezike.\" \/>\n<meta name=\"robots\" content=\"index, follow, max-snippet:-1, max-image-preview:large, max-video-preview:-1\" \/>\n<link rel=\"canonical\" href=\"https:\/\/www.slogi.si\/en\/events\/slovenska-dramatika-v-prevodih-razstava-na-tsd\/\" \/>\n<meta property=\"og:locale\" content=\"en_GB\" \/>\n<meta property=\"og:type\" content=\"article\" \/>\n<meta property=\"og:title\" content=\"Slovenska dramatika v prevodih, razstava na 56. Tednu slovenske drame - SLOGI\" \/>\n<meta property=\"og:description\" content=\"Pre\u0161ernovo gledali\u0161\u010de Kranj in Slovenski gledali\u0161ki in\u0161titut na 56. Tednu slovenske drame pripravljata knji\u017eno razstavo prevodov slovenskih dram v \u0161tevilne svetovne jezike.\" \/>\n<meta property=\"og:url\" content=\"https:\/\/www.slogi.si\/en\/events\/slovenska-dramatika-v-prevodih-razstava-na-tsd\/\" \/>\n<meta property=\"og:site_name\" content=\"SLOGI\" \/>\n<meta property=\"article:modified_time\" content=\"2026-04-13T11:21:44+00:00\" \/>\n<meta property=\"og:image\" content=\"https:\/\/www.slogi.si\/wp-content\/uploads\/2026\/03\/SDVP_3.jpg\" \/>\n\t<meta property=\"og:image:width\" content=\"1290\" \/>\n\t<meta property=\"og:image:height\" content=\"931\" \/>\n\t<meta property=\"og:image:type\" content=\"image\/jpeg\" \/>\n<meta name=\"twitter:card\" content=\"summary_large_image\" \/>\n<meta name=\"twitter:label1\" content=\"Estimated reading time\" \/>\n\t<meta name=\"twitter:data1\" content=\"1 minute\" \/>\n<script type=\"application\/ld+json\" class=\"yoast-schema-graph\">{\"@context\":\"https:\\\/\\\/schema.org\",\"@graph\":[{\"@type\":\"WebPage\",\"@id\":\"https:\\\/\\\/www.slogi.si\\\/dogodki\\\/slovenska-dramatika-v-prevodih-razstava-na-tsd\\\/\",\"url\":\"https:\\\/\\\/www.slogi.si\\\/dogodki\\\/slovenska-dramatika-v-prevodih-razstava-na-tsd\\\/\",\"name\":\"Slovenska dramatika v prevodih, razstava na 56. Tednu slovenske drame - SLOGI\",\"isPartOf\":{\"@id\":\"https:\\\/\\\/www.slogi.si\\\/#website\"},\"primaryImageOfPage\":{\"@id\":\"https:\\\/\\\/www.slogi.si\\\/dogodki\\\/slovenska-dramatika-v-prevodih-razstava-na-tsd\\\/#primaryimage\"},\"image\":{\"@id\":\"https:\\\/\\\/www.slogi.si\\\/dogodki\\\/slovenska-dramatika-v-prevodih-razstava-na-tsd\\\/#primaryimage\"},\"thumbnailUrl\":\"https:\\\/\\\/www.slogi.si\\\/wp-content\\\/uploads\\\/2026\\\/03\\\/SDVP_3.jpg\",\"datePublished\":\"2026-03-12T14:47:45+00:00\",\"dateModified\":\"2026-04-13T11:21:44+00:00\",\"description\":\"Pre\u0161ernovo gledali\u0161\u010de Kranj in Slovenski gledali\u0161ki in\u0161titut na 56. Tednu slovenske drame pripravljata knji\u017eno razstavo prevodov slovenskih dram v \u0161tevilne svetovne jezike.\",\"breadcrumb\":{\"@id\":\"https:\\\/\\\/www.slogi.si\\\/dogodki\\\/slovenska-dramatika-v-prevodih-razstava-na-tsd\\\/#breadcrumb\"},\"inLanguage\":\"en-GB\",\"potentialAction\":[{\"@type\":\"ReadAction\",\"target\":[\"https:\\\/\\\/www.slogi.si\\\/dogodki\\\/slovenska-dramatika-v-prevodih-razstava-na-tsd\\\/\"]}]},{\"@type\":\"ImageObject\",\"inLanguage\":\"en-GB\",\"@id\":\"https:\\\/\\\/www.slogi.si\\\/dogodki\\\/slovenska-dramatika-v-prevodih-razstava-na-tsd\\\/#primaryimage\",\"url\":\"https:\\\/\\\/www.slogi.si\\\/wp-content\\\/uploads\\\/2026\\\/03\\\/SDVP_3.jpg\",\"contentUrl\":\"https:\\\/\\\/www.slogi.si\\\/wp-content\\\/uploads\\\/2026\\\/03\\\/SDVP_3.jpg\",\"width\":1290,\"height\":931},{\"@type\":\"BreadcrumbList\",\"@id\":\"https:\\\/\\\/www.slogi.si\\\/dogodki\\\/slovenska-dramatika-v-prevodih-razstava-na-tsd\\\/#breadcrumb\",\"itemListElement\":[{\"@type\":\"ListItem\",\"position\":1,\"name\":\"Home\",\"item\":\"https:\\\/\\\/www.slogi.si\\\/\"},{\"@type\":\"ListItem\",\"position\":2,\"name\":\"Slovenska dramatika v prevodih, razstava na 56. Tednu slovenske drame\"}]},{\"@type\":\"WebSite\",\"@id\":\"https:\\\/\\\/www.slogi.si\\\/#website\",\"url\":\"https:\\\/\\\/www.slogi.si\\\/\",\"name\":\"SLOGI\",\"description\":\"Slovenski Gledali\u0161ki In\u0161titut\",\"publisher\":{\"@id\":\"https:\\\/\\\/www.slogi.si\\\/#organization\"},\"alternateName\":\"Slovenski Gledali\u0161ki In\u0161titut\",\"potentialAction\":[{\"@type\":\"SearchAction\",\"target\":{\"@type\":\"EntryPoint\",\"urlTemplate\":\"https:\\\/\\\/www.slogi.si\\\/?s={search_term_string}\"},\"query-input\":{\"@type\":\"PropertyValueSpecification\",\"valueRequired\":true,\"valueName\":\"search_term_string\"}}],\"inLanguage\":\"en-GB\"},{\"@type\":\"Organization\",\"@id\":\"https:\\\/\\\/www.slogi.si\\\/#organization\",\"name\":\"SLOGI\",\"alternateName\":\"Slovenski Gledali\u0161ki In\u0161titut\",\"url\":\"https:\\\/\\\/www.slogi.si\\\/\",\"logo\":{\"@type\":\"ImageObject\",\"inLanguage\":\"en-GB\",\"@id\":\"https:\\\/\\\/www.slogi.si\\\/#\\\/schema\\\/logo\\\/image\\\/\",\"url\":\"https:\\\/\\\/www.slogi.si\\\/wp-content\\\/uploads\\\/2024\\\/01\\\/favicon.svg\",\"contentUrl\":\"https:\\\/\\\/www.slogi.si\\\/wp-content\\\/uploads\\\/2024\\\/01\\\/favicon.svg\",\"width\":100,\"height\":100,\"caption\":\"SLOGI\"},\"image\":{\"@id\":\"https:\\\/\\\/www.slogi.si\\\/#\\\/schema\\\/logo\\\/image\\\/\"}}]}<\/script>\n<!-- \/ Yoast SEO plugin. -->","yoast_head_json":{"title":"Slovenska dramatika v prevodih, razstava na 56. Tednu slovenske drame - SLOGI","description":"Pre\u0161ernovo gledali\u0161\u010de Kranj in Slovenski gledali\u0161ki in\u0161titut na 56. Tednu slovenske drame pripravljata knji\u017eno razstavo prevodov slovenskih dram v \u0161tevilne svetovne jezike.","robots":{"index":"index","follow":"follow","max-snippet":"max-snippet:-1","max-image-preview":"max-image-preview:large","max-video-preview":"max-video-preview:-1"},"canonical":"https:\/\/www.slogi.si\/en\/events\/slovenska-dramatika-v-prevodih-razstava-na-tsd\/","og_locale":"en_GB","og_type":"article","og_title":"Slovenska dramatika v prevodih, razstava na 56. Tednu slovenske drame - SLOGI","og_description":"Pre\u0161ernovo gledali\u0161\u010de Kranj in Slovenski gledali\u0161ki in\u0161titut na 56. Tednu slovenske drame pripravljata knji\u017eno razstavo prevodov slovenskih dram v \u0161tevilne svetovne jezike.","og_url":"https:\/\/www.slogi.si\/en\/events\/slovenska-dramatika-v-prevodih-razstava-na-tsd\/","og_site_name":"SLOGI","article_modified_time":"2026-04-13T11:21:44+00:00","og_image":[{"width":1290,"height":931,"url":"https:\/\/www.slogi.si\/wp-content\/uploads\/2026\/03\/SDVP_3.jpg","type":"image\/jpeg"}],"twitter_card":"summary_large_image","twitter_misc":{"Estimated reading time":"1 minute"},"schema":{"@context":"https:\/\/schema.org","@graph":[{"@type":"WebPage","@id":"https:\/\/www.slogi.si\/dogodki\/slovenska-dramatika-v-prevodih-razstava-na-tsd\/","url":"https:\/\/www.slogi.si\/dogodki\/slovenska-dramatika-v-prevodih-razstava-na-tsd\/","name":"Slovenska dramatika v prevodih, razstava na 56. Tednu slovenske drame - SLOGI","isPartOf":{"@id":"https:\/\/www.slogi.si\/#website"},"primaryImageOfPage":{"@id":"https:\/\/www.slogi.si\/dogodki\/slovenska-dramatika-v-prevodih-razstava-na-tsd\/#primaryimage"},"image":{"@id":"https:\/\/www.slogi.si\/dogodki\/slovenska-dramatika-v-prevodih-razstava-na-tsd\/#primaryimage"},"thumbnailUrl":"https:\/\/www.slogi.si\/wp-content\/uploads\/2026\/03\/SDVP_3.jpg","datePublished":"2026-03-12T14:47:45+00:00","dateModified":"2026-04-13T11:21:44+00:00","description":"Pre\u0161ernovo gledali\u0161\u010de Kranj in Slovenski gledali\u0161ki in\u0161titut na 56. Tednu slovenske drame pripravljata knji\u017eno razstavo prevodov slovenskih dram v \u0161tevilne svetovne jezike.","breadcrumb":{"@id":"https:\/\/www.slogi.si\/dogodki\/slovenska-dramatika-v-prevodih-razstava-na-tsd\/#breadcrumb"},"inLanguage":"en-GB","potentialAction":[{"@type":"ReadAction","target":["https:\/\/www.slogi.si\/dogodki\/slovenska-dramatika-v-prevodih-razstava-na-tsd\/"]}]},{"@type":"ImageObject","inLanguage":"en-GB","@id":"https:\/\/www.slogi.si\/dogodki\/slovenska-dramatika-v-prevodih-razstava-na-tsd\/#primaryimage","url":"https:\/\/www.slogi.si\/wp-content\/uploads\/2026\/03\/SDVP_3.jpg","contentUrl":"https:\/\/www.slogi.si\/wp-content\/uploads\/2026\/03\/SDVP_3.jpg","width":1290,"height":931},{"@type":"BreadcrumbList","@id":"https:\/\/www.slogi.si\/dogodki\/slovenska-dramatika-v-prevodih-razstava-na-tsd\/#breadcrumb","itemListElement":[{"@type":"ListItem","position":1,"name":"Home","item":"https:\/\/www.slogi.si\/"},{"@type":"ListItem","position":2,"name":"Slovenska dramatika v prevodih, razstava na 56. Tednu slovenske drame"}]},{"@type":"WebSite","@id":"https:\/\/www.slogi.si\/#website","url":"https:\/\/www.slogi.si\/","name":"SLOGI","description":"Slovenian Theatre Institute","publisher":{"@id":"https:\/\/www.slogi.si\/#organization"},"alternateName":"Slovenski Gledali\u0161ki In\u0161titut","potentialAction":[{"@type":"SearchAction","target":{"@type":"EntryPoint","urlTemplate":"https:\/\/www.slogi.si\/?s={search_term_string}"},"query-input":{"@type":"PropertyValueSpecification","valueRequired":true,"valueName":"search_term_string"}}],"inLanguage":"en-GB"},{"@type":"Organization","@id":"https:\/\/www.slogi.si\/#organization","name":"SLOGI","alternateName":"Slovenski Gledali\u0161ki In\u0161titut","url":"https:\/\/www.slogi.si\/","logo":{"@type":"ImageObject","inLanguage":"en-GB","@id":"https:\/\/www.slogi.si\/#\/schema\/logo\/image\/","url":"https:\/\/www.slogi.si\/wp-content\/uploads\/2024\/01\/favicon.svg","contentUrl":"https:\/\/www.slogi.si\/wp-content\/uploads\/2024\/01\/favicon.svg","width":100,"height":100,"caption":"SLOGI"},"image":{"@id":"https:\/\/www.slogi.si\/#\/schema\/logo\/image\/"}}]}},"_links":{"self":[{"href":"https:\/\/www.slogi.si\/en\/wp-json\/wp\/v2\/dogodki\/18363","targetHints":{"allow":["GET"]}}],"collection":[{"href":"https:\/\/www.slogi.si\/en\/wp-json\/wp\/v2\/dogodki"}],"about":[{"href":"https:\/\/www.slogi.si\/en\/wp-json\/wp\/v2\/types\/dogodki"}],"wp:featuredmedia":[{"embeddable":true,"href":"https:\/\/www.slogi.si\/en\/wp-json\/wp\/v2\/media\/18366"}],"wp:attachment":[{"href":"https:\/\/www.slogi.si\/en\/wp-json\/wp\/v2\/media?parent=18363"}],"wp:term":[{"taxonomy":"category","embeddable":true,"href":"https:\/\/www.slogi.si\/en\/wp-json\/wp\/v2\/categories?post=18363"},{"taxonomy":"post_tag","embeddable":true,"href":"https:\/\/www.slogi.si\/en\/wp-json\/wp\/v2\/tags?post=18363"},{"taxonomy":"izpostavljamo","embeddable":true,"href":"https:\/\/www.slogi.si\/en\/wp-json\/wp\/v2\/izpostavljamo?post=18363"},{"taxonomy":"letnik","embeddable":true,"href":"https:\/\/www.slogi.si\/en\/wp-json\/wp\/v2\/letnik?post=18363"},{"taxonomy":"tip","embeddable":true,"href":"https:\/\/www.slogi.si\/en\/wp-json\/wp\/v2\/tip?post=18363"},{"taxonomy":"vrsta-razstave","embeddable":true,"href":"https:\/\/www.slogi.si\/en\/wp-json\/wp\/v2\/vrsta-razstave?post=18363"}],"curies":[{"name":"wp","href":"https:\/\/api.w.org\/{rel}","templated":true}]}}