{"id":18340,"date":"2026-03-10T16:00:05","date_gmt":"2026-03-10T15:00:05","guid":{"rendered":"https:\/\/www.slogi.si\/?post_type=dogodki&#038;p=18340"},"modified":"2026-04-02T12:10:15","modified_gmt":"2026-04-02T10:10:15","slug":"svetovni-dan-lutk-2026","status":"publish","type":"dogodki","link":"https:\/\/www.slogi.si\/en\/dogodki\/svetovni-dan-lutk-2026\/","title":{"rendered":"Svetovni dan lutk 2026"},"content":{"rendered":"<p>Na pobudo svetovnega zdru\u017eenja lutkarjev UNIMA od leta 2003 vsako leto <strong>21. marca<\/strong> praznujemo <strong>svetovni dan lutk<\/strong>, ki ga pospremita mednarodna in slovenska poslanica, v lutkovnih gledali\u0161\u010dih po vsem svetu pa pripravljajo dogodke za ve\u010djo prepoznavnost lutkovne umetnosti v dru\u017ebi.<\/p>\n<p>Leto\u0161njo mednarodno poslanico je napisal maliijski lutkar, pripovedovalec, mag in glasbenik <strong>Yaya Coulibaly<\/strong>,\u00a0 avtor slovenske pa je re\u017eiser <strong><span lang=\"SL\">Tin Grabnar<\/span><\/strong>.<\/p>\n<p>&nbsp;<\/p>\n<div class=\"content-default container-xl\">\n<figure id=\"attachment_18344\" aria-describedby=\"caption-attachment-18344\" style=\"width: 150px\" class=\"wp-caption alignleft\"><img decoding=\"async\" class=\"size-thumbnail wp-image-18344\" src=\"https:\/\/www.slogi.si\/wp-content\/uploads\/2026\/03\/ajda-rooss_Ajda-Rooss-foto-Mimi-Antolovic-150x150.jpg\" alt=\"\" width=\"150\" height=\"150\" \/><figcaption id=\"caption-attachment-18344\" class=\"wp-caption-text\">Ajda Rooss. Foto: Mimi Antolovi\u0107, vir: LGL.<\/figcaption><\/figure>\n<p>Dear audience, dear artists of puppet theatre!<\/p>\n<p>Lutkarstvo je ena najstarej\u0161ih in najglobljih oblik \u010dlove\u0161kega izraza, ki izvira iz duhovnih in mitolo\u0161kih korenin. \u017de predtiso\u010dletji je \u010dlovek risal podobe ljudi, \u017eivali in bitij na stene jam in ustvarjal njihove sence, ki so o\u017eivele ob ognju. Sence niso bile le igra svetlobe, temve\u010d most med vidnim in nevidnim, na\u010din povezave s predniki in silami, ki presegajo \u010dloveka.<\/p>\n<p>Arheolo\u0161ke najdbe lutk v starodavnih civilizacijah ter antropolo\u0161ke raziskave potrjujejo njihov starodavni in univerzalni zna\u010daj. Lutke so prisotne v vseh delih sveta, kar ka\u017ee, da so ena temeljnih oblik \u010dlove\u0161kega izraza.<\/p>\n<p>V svojem izvoru so lutke delovale kot posredniki med \u010dlovekom ter svetom bogov, prednikov in naravnih sil, kar \u0161e danes prepoznamo v tradiciji Bambarov iz Malija. Avtor leto\u0161nje poslanice, <strong>Yaya Coulibaly<\/strong>, v svojem delu prepleta sodobni izraz z ve\u010dstoletno bambarsko tradicijo, kjer lutko razumejo kot glas prednikov oz. \u00bbnajbolj suveren izraz \u010dlovekove du\u0161e\u00ab, razumljeno kot utele\u0161enje prvotne ustvarjalne sile. Po legendi je duh prvega vulkana na Zemljo vrgel Meren, prvo bo\u017eanstvo in lutko, ki je rodila rastline, \u017eivali in ljudi ter tako postala simbol za\u010detka vsega \u017eivega.<\/p>\n<p>Lutki je od nekdaj lastno, da v ne\u017eivem prebudi \u017eivljenje in v vidnem razkrije nevidno, s \u010dimer \u010dloveku nastavlja ogledalo. Ko jo vodi animator, postane metafora \u010dloveka, razpetega med notranjimi silami, dru\u017ebenimi okvirji in ideologijami, a hkrati soustvarjalca svojega sveta. Spominja nas, da niti niso le tisto, kar nas vodi, ampak tudi mo\u010d, ki jo lahko vzamemo v svoje roke. Na to nas spominja tudi razmislek sodobnega gledali\u0161kega ustvarjalca <strong>Tina Grabnarja<\/strong>, ki gledali\u0161\u010de razume kot prostor oblikovanja \u010dloveka. Kot otrok je v njem odkrival \u010dustva, empatijo in domi\u0161ljijo, danes pa v njem i\u0161\u010de odgovore na kompleksnost sveta. Kot ustvarjalec poudarja, da gledali\u0161\u010de ne odra\u017ea le resni\u010dnosti, temve\u010d jo lahko tudi preoblikuje, razpira perspektive in soustvarja druga\u010dne mo\u017enosti prihodnosti.<\/p>\n<p>Lutkovno gledali\u0161\u010de nas torej u\u010di, da smo tako kot lutke soustvarjalci sveta, ki z zavestjo, domi\u0161ljijo in odgovornostjo lahko soustvarjamo svojo prihodnost.<\/p>\n<p>\u010cudovito praznovanje lutkovne umetnosti vam \u017eelim!<\/p>\n<p><strong>Ajda Rooss<\/strong><br \/>\nPresident of Unima Slovenia<\/p>\n<p>***<\/p>\n<p><strong>DOGODKI<\/strong><\/p>\n<p>Na\u00a0Svetovni dan lutk, 21. marca 2026, bo po vsej Sloveniji potekalo ve\u010d dogodkov.<\/p>\n<p>UNIMA Slovenija ob 17. uri vabi v\u00a0Lutkovni muzej Maribor\u00a0na premiero dokumentarnega portreta\u00a0<strong><em>Midva<\/em><\/strong><strong><em>,<\/em><\/strong><strong><em> lutkarja<\/em><\/strong>, filma o\u00a0Bredi in Tinetu Varlu, dveh pomembnih osebnostih slovenskega lutkarstva.<\/p>\n<p>Film je del serije\u00a0<em>Lutkovni spomini<\/em>, ki ohranja in vrednoti dedi\u0161\u010dino najpomembnej\u0161ih slovenskih lutkovnih ustvarjalcev, v produkciji\u00a0Lutkovnega muzeja, Lutkovnega gledali\u0161\u010da Ljubljana\u00a0in\u00a0UNIMA Slovenije.<\/p>\n<p>Filmu bo sledil pogovor z Bredo Varl, ki ga bo vodila Katarina Klan\u010dnik Kocutar.<\/p>\n<p><strong><u>Lutkovno<\/u><\/strong><u> <strong>gledali\u0161\u010de Ljubljana<\/strong><\/u><\/p>\n<p>11.00<\/p>\n<p><strong>Skriti koti\u010dki<\/strong>, voden ogled gledali\u0161\u010da<\/p>\n<p>16.30, Ljubljanski grad<\/p>\n<p><strong> Z odra v muzej,<\/strong> voden ogled Lutkovnega muzeja in ogled predstave Misterij sove<\/p>\n<p>17.30, Ljubljanski grad<\/p>\n<p><strong>Misterij sove<\/strong> (predstava, 15+)<\/p>\n<p><strong><u>Puppet Theater Maribor<\/u><\/strong><\/p>\n<p>10:00, Sodni stolp<\/p>\n<p>Bina \u0160tampe \u017dmavc:<strong> Skrinjica sinjega maka<\/strong> (predstava)<\/p>\n<p><strong>Lutkovni muzej<\/strong>\u00a0bo odprt med 9. in 16. uro, ob 11. uri je ogled muzeja z vodstvom.<\/p>\n<p><strong><u>Hi\u0161a otrok in umetnosti<\/u><\/strong><\/p>\n<p><strong>10:00<\/strong><\/p>\n<p><strong>V~DIH~IZ~DIH~OD~DIH <\/strong>(delavnica, 3+)<\/p>\n<p><strong>17:00<\/strong><\/p>\n<p><strong>\u0160tirje letni \u010dasi<\/strong> (predstava, 3+)<\/p>\n<p>Produkcija: Lutkovno gledali\u0161\u010de FRU-FRU in Hi\u0161a otrok in umetnosti<\/p>\n<p>***<\/p>\n<p><strong>AVTORJA LETO\u0160NJE POSLANICE<\/strong><\/p>\n<p><strong>Yaya Coulibaly<\/strong>, maliijski lutkar, pripovedovalec, mag in glasbenik, se je rodil 26. aprila 1959 v Kouli v okro\u017eju Koulikoro. Kot potomec Bit\u00f2na Coulibalyja, kralja S\u00e9gouja, je \u017ee v mladosti podedoval obse\u017eno znanje lutkarstva, tesno povezano z iniciacijskimi obredi bambarske tradicije. \u0160tudiral je na\u00a0<strong>Institut<\/strong><strong>u<\/strong><strong> National des Arts<\/strong>\u00a0v Bamaku ter v Franciji na\u00a0<strong>Institut<\/strong><strong>u<\/strong><strong> International de la Marionnette (IIM)<\/strong>\u00a0and\u00a0<strong>\u00c9cole Nationale Sup\u00e9rieure des Arts et de la Marionnette (ESNAM)<\/strong><strong>\u00a0<\/strong>v Charleville-M\u00e9zi\u00e8res, sodeloval z etnologi in prispeval k razvoju zahodnega razumevanja zahodnoafri\u0161kih dru\u017eb in kulture.<\/p>\n<p>Leta 1980 je ustanovil skupino Sogolon, ki zdru\u017euje tradicije etni\u010dnih skupin Bamanan, Somono in Bozo ter promovira lutkarstvo doma in po svetu. Je dedi\u010d velike zbirke lutk (skoraj 25.000 kosov), med katerimi so ro\u010dne lutke, marionete, sen\u010dne lutke, maske in kipci, ki so bili predstavljeni na mednarodnih festivalih in razstavah, med drugim v Cape Townu, New Yorku, Parizu, Bruslju, Dakru in Tunisu.<\/p>\n<p>Navdihuje se v afri\u0161ki ustni tradiciji. Kot predan u\u010ditelj in dru\u017einski \u010dlovek svoje znanje prena\u0161a na naslednje generacije, obenem pa je leta 2024 ustanovil tudi Mednarodni festival Sogob\u00f4 v Bamaku.<\/p>\n<p><strong>***<\/strong><\/p>\n<p><strong>Tin Grabnar<\/strong> deluje na prese\u010di\u0161\u010du performativnih in uprizoritvenih praks kot eden vodilnih sodobnih lutkovnih ustvarjalcev. Njegovo delo zdru\u017euje lutkovne tehnike, performans, magijo in vizualno umetnost, pri \u010demer nastajajo uprizoritve, ki odpirajo \u010dustvena, eti\u010dna in filozofska vpra\u0161anja sodobnega \u010dasa, s posebnim poudarkom na trajnostnem na\u010dinu bivanja v vsebini in tudi v produkciji.<\/p>\n<p>Med njegovimi odmevnej\u0161imi projekti izstopa mednarodni projekt\u00a0<strong><em>Transport<\/em><\/strong>, ki je v sezoni 2024\/25 premierno uprizoril \u0161est predstav v Sloveniji, Poljski, \u010ce\u0161ki, Estoniji in Litvi. Litovska predstava\u00a0<strong><em>Transport: Fasten Your Seatbelts!<\/em><\/strong>\u00a0je nominirana za\u00a0<strong>Golden Stage Cross<\/strong>, najvi\u0161je litovsko priznanje v kategoriji lutkovnega in predmetnega gledali\u0161\u010da; zmagovalci bodo razgla\u0161eni 27. marca.<\/p>\n<p>Med njegovimi najodmevnej\u0161imi lutkovnimi predstavami sta \u0161e\u00a0<strong><em>Nekje drugje<\/em><\/strong><strong>\u00a0<\/strong>and<strong>\u00a0<\/strong><strong><em>Tiho\u017eitje<\/em><\/strong><em>\u00a0<\/em>(Lutkovno gledali\u0161\u010de Ljubljana).<\/p>\n<p><strong>***<\/strong><\/p>\n<h3>Mednarodna poslanica ob svetovnem dnevu lutk 2026<\/h3>\n<\/div>\n<div class=\"content-default container-xl\">\n<h3>Praznovanje svetlobe \u017eivljenja\/Hijenine sanje<\/h3>\n<p><strong>Yaya Coulibaly<\/strong><br \/>\nPredsednik Compagnie Sogolon<br \/>\nVitez nacionalnega reda Malija<\/p>\n<p>&nbsp;<\/p>\n<figure id=\"attachment_18343\" aria-describedby=\"caption-attachment-18343\" style=\"width: 150px\" class=\"wp-caption alignleft\"><img decoding=\"async\" class=\"size-thumbnail wp-image-18343\" src=\"https:\/\/www.slogi.si\/wp-content\/uploads\/2026\/03\/9h2a6524atcie-sogolon-150x150.jpg\" alt=\"\" width=\"150\" height=\"150\" \/><figcaption id=\"caption-attachment-18343\" class=\"wp-caption-text\">Yaya Coulibaly. Vir: www.unima.org<\/figcaption><\/figure>\n<p>Moji dragi rojaki in rojakinje, lutkarice in lutkarji organizacije UNIMA, prebivalci in prebivalke Zemlje,<\/p>\n<p>Bambarci v Maliju imajo, tako kot druga ljudstva sveta, koncept nenehnega ustvarjanja, pri katerem stvari nastajajo iz glasu Boga Stvarnika in njegovih vrtin\u010dastih, visokolete\u010dih besed.\u00a0Duh prvega vulkana je na Zemljo vrgel Meren, prvo bo\u017eanstvo, lutko, ki naj bi vladala temu \u0161e vedno kaoti\u010dnemu svetu.\u00a0Ta prva lutka je imela podobo \u017eenske in je rodila rastline, \u017eivali in ljudi (<em>Jiriw, Sogow ani maaniw<\/em>).\u00a0O\u017eivljanje na\u0161e preteklosti in prikazovanje lutkarstva, pomembnega elementa svetovne kulturne dedi\u0161\u010dine, ni le znanstveno prizadevanje, temve\u010d tudi izkaz inteligence in ljubezni do sebe.<\/p>\n<p>Tema ni nova, a je \u0161e vedno pomembna.\u00a0V takem gledali\u0161\u010du, v katerem vsi igrajo dvojno igro, moralnim posledicam lutkinih dejanj ne more ube\u017eati niti \u010dlovek iz najodli\u010dnej\u0161ega dru\u017ebenega okolja.\u00a0Z igro lutk dobimo fascinanten vpogled v duh \u010dasa: pravi junaki tega gledali\u0161\u010da so ljudje, ki utele\u0161ajo veselje do \u017eivljenja in majhne radosti.\u00a0Edinstvena lepota lutk, bogato in raznoliko lutkovno gledali\u0161\u010de, glasba ter pesmi in plesi lutk, ki odra\u017eajo pristno civilizacijo in prepri\u010danja prednikov, so ogromen vir navdiha za gledali\u0161ke strokovnjake, \u0161e zlasti za mlade, ki razvijajo univerzalno kulturo.\u00a0Izobra\u017eevanje mladih je stalna skrb Mandejcev in preostalega sveta. Zato si svet stare\u0161in s pomo\u010djo lutkovne dejavnosti v njenih razli\u010dnih izraznih oblikah prizadeva zagotoviti karseda ugodne pogoje za telesni, intelektualni in moralni razvoj mladih.\u00a0Nikoli v zgodovini niso odrasli ali starej\u0161i dovolili mladim, da bi delovali povsem po svoje, brez usmerjanja. Odrasli mladih ne smejo povsem prepustiti samim sebi. Moder \u010dlovek mora biti dober zgled v o\u010deh mladih.\u00a0Druge mora nasmejati in jih hkrati popravljati, paziti na moralo. Lutka, ki se kot karavana premika v soju mese\u010dine \u2013 v lutkovnem gledali\u0161\u010du ali zunaj njega \u2013 je kot vas.<\/p>\n<p>To je moja vas; tu \u017eivim.\u00a0\u00bbKo gre jastreb na konjski sejem, se pripravlja na prihodnost,\u00ab saj ga \u010daka lakota. Bambarska lutka iz Malija v enigmati\u010dnem jeziku mlade u\u010di, naj vsako leto negujejo razvoj na novih podro\u010djih in ohranjajo tradicijo.\u00a0Svetovni dan lutkarstva je praznovanje lu\u010di \u017eivljenja.\u00a0Tako v najpomembnej\u0161ih institucijah svetovne kulture najdemo lutke; najdemo organizacijo UNIMA. Lutke, ki so predvsem verske narave, so v smislu umetni\u0161kih, politi\u010dnih in dru\u017ebenih odnosov v samem sredi\u0161\u010du \u017eivljenja. \u00a0Ko duhovi lutk govorijo z nami, jih ubogamo. Lutka je kot sonce; mora nas greti s toploto ljubezni in razumevanja. To je UNIMA, ljubezen ve\u010dnega sonca.\u00a0UNIMA je vse\u017eivljenjska zaveza. UNIMA je politi\u010dna in kulturna institucija na visoki ravni, brez katere ljudje sveta ne morejo ve\u010d \u017eiveti. Lutke si v trenutni razvojni fazi kot instrument zavedanja, izraz solidarnosti in simbol komunikacije zaslu\u017eijo posebno pozornost, tako da jih snujemo, ustvarjamo in populariziramo po vsem svetu.<\/p>\n<p>Lutka je ogledalo na\u0161e kulturne identitete, odsko\u010dna deska za razcvet umetnosti in kulture, nenadomestljiv okvir za afirmacijo na\u0161e ustvarjalnosti, zato je treba umetnost lutkarstva \u0161iriti.\u00a0Legendarna lepota lutke vzbuja vsesplo\u0161no ob\u010dudovanje. Lutkarstvo je od nekdaj bilo in vedno bo praksa ljudstev sveta. Opredeliti v praksi pomeni za\u010drtati meje, omejitve. Lutka pa meje zavra\u010da. Lutka pre\u017eema in se razteza \u010dez vse. Je najbolj suveren izraz \u010dlove\u0161ke du\u0161e.<\/p>\n<p>V preteklosti so se ljudje izobra\u017eevali s pripovedovanjem zgodb in se zabavali ob figuricah ljudi ali \u017eivali, ki so se sprehajale naokoli tako, da so jih ljudje upravljali \u2013 v\u010dasih s pomo\u010djo vrvic, v\u010dasih brez. Kdaj se je v Maliju za\u010dela tradicija lutkarstva? Na to vpra\u0161anje je te\u017eko odgovoriti. Za mnoge zgodovinarje se zgodba za\u010dne v 9. in 12. stoletju.\u00a0Lutkovna umetnost Malija v zgodovini afri\u0161kega lutkarstva zavzema pomembno mesto. Leta 1878 jo je &#8220;odkril&#8221; Paul Soleillet. Tako je bilo to prvo afri\u0161ko lutkovno gledali\u0161\u010de, ki je postalo znano zunaj Afrike. (Soleillet, P., Les voyages et d\u00e9couvertes dans le Sahara et dans le Soudan, Pariz, M. Dreyfous, 1881, citirala Olenka Darkowska-Nidzgorski, Th\u00e9\u00e2tre populaire de marionnettes en Afrique Sud-saharienne, 1980.) Malijsko lutkarstvo kot velik kanu, z jadrom ali brez njega, ki zato, da odpluje po reki afri\u0161ke umetnosti, potrebuje le valove.<\/p>\n<p>Rivalstvo med skupnostmi odpravljajo zavezni\u0161tva, ki se sklepajo s pomo\u010djo lutkovne umetnosti. Lutkarstvu je uspelo mnoge konflikte preoblikovati v zavezni\u0161tva. UNIMA oziroma lutkovna in likovna oblika so nedvomno sanje hijene (totemske \u017eivali).<\/p>\n<p>Zgodba o hijeni, ki simbolizira mo\u010d in silovitost, nas popelje v njene sanje, sanje o prihodnosti, sanje, v katerih je \u010dlove\u0161tvo modro in v ve\u010dni harmoniji s svojim telesom in umom. Sanje o ob\u010destvu, sanje o medsebojni delitvi, sanje, v katerih se hijena soo\u010di z razli\u010dnimi situacijami, da ustvari prihodnost in, upajmo, bolj\u0161i jutri. Ni mi te\u017eko vzpostaviti stika z bambarskimi kmeti v Maliju; namre\u010d, \u010de ne ve\u0161, od kod prihaja\u0161, ne ve\u0161, kam gre\u0161. In med Bambarci je tako, da \u010de ne veste, od kod prihajate, se zberejo vsi duhovi in vam eden za drugim v obraz izpljuvajo pre\u017eve\u010dene ore\u0161\u010dke kole.<\/p>\n<p>Genialnost sem podedoval od o\u010deta, on pa od svojega o\u010deta. O\u010de je \u017eelel, da utele\u0161am podobo bambarske svetovne hi\u0161e in njenih tradicij.\u00a0Kar se mi zdaj dogaja, je \u010dudovito. O\u010detu dajem nove ideje.<\/p>\n<p>Drage kolegice in kolegi, lutkarji in lutkarice z vsega sveta: lutka je in\u0161trument, ki prena\u0161a glas prednikov. Zaradi svoje mo\u010di je to bistveno orodje poveljevanja in avtoritete poglavarjev. Vse pa je seveda odvisno od regije, v kateri \u017eivite.<\/p>\n<p>Tradicionalno znotraj sodobnega. Moj glavni cilj je po vsem svetu spodbujati tradicionalno lutkarstvo in prakse prednikov \u2013 od kiparstva do tehnik upravljanja. Potem pa \u017eelim \u0161e spoznavati tradicionalno afri\u0161ko in svetovno gledali\u0161\u010de ter edinstveni slog predstav z maskami in lutkami, ki temelji na glasbi, plesu in pesmi.<\/p>\n<p>Za otroke Malija, otroke Afrike in za otroke povsod po svetu upam, da boste vsi vzljubili ta obse\u017een dru\u017ebeni pomnilnik, ki predstavlja na\u0161o univerzalno kulturno dedi\u0161\u010dino.\u00a0Neutrudno si prizadevam, da bi bila izvirnost in bogastvo tradicionalnega lutkarstva prepoznana v celoti.<\/p>\n<p><strong>***<\/strong><\/p>\n<\/div>\n<h3>Slovenska poslanica ob svetovnem dnevu lutk 2026<\/h3>\n<div class=\"content-default container-xl\">\n<div>\n<h3 class=\"Body\"><strong><span lang=\"SL\">Poslanica ob svetovnem dnevu lutk 2026<\/span><\/strong><\/h3>\n<p class=\"Body\"><strong><span lang=\"SL\">Tin Grabnar<\/span><\/strong><span lang=\"SL\">, re\u017eiser<\/span><\/p>\n<\/div>\n<div>\n<figure id=\"attachment_18345\" aria-describedby=\"caption-attachment-18345\" style=\"width: 150px\" class=\"wp-caption alignleft\"><img decoding=\"async\" class=\"size-thumbnail wp-image-18345\" src=\"https:\/\/www.slogi.si\/wp-content\/uploads\/2026\/03\/grabnar-portrait1-gregorgobec-jpg-150x150.jpg\" alt=\"\" width=\"150\" height=\"150\" \/><figcaption id=\"caption-attachment-18345\" class=\"wp-caption-text\">Tin Grabnar. Foto: Gregor Gobec. Vir: LGL.<\/figcaption><\/figure>\n<p class=\"Body\"><span lang=\"SL\">Spomnim se, kako sem kot otrok vsako soboto prestopil prag lutkovnega gledali\u0161\u010da in se za nekaj trenutkov preselil v drug svet. Kot da bi se odpravil na neko \u010darobno popotovanje. Gledali\u0161\u010de je bilo zame takrat prostor, kjer sem lahko \u010dutil, karkoli sem \u017eelel. Lahko me je bilo strah, lahko sem se smejal, lahko sem se navdu\u0161eval in \u017ealoval. Po vsem tem vrtiljaku do\u017eivetij, ko se je ob koncu predstave zastor spustil, sem se vedno znova zna\u0161el v varnem zavetju gledali\u0161kih sede\u017eev. Ko sem odhajal iz dvorane, sem bil bogatej\u0161i za novo izku\u0161njo. Skozi gledali\u0161\u010de sem se u\u010dil \u010dustvovati, u\u010dil sem se empatije in pridobival neke temeljne osebne vrednote. Uril sem svojo domi\u0161ljijo.<\/span><\/p>\n<\/div>\n<div>\n<p class=\"Body\"><span lang=\"SL\">Kot mladostnik sem postal nekoliko zahtevnej\u0161i gledalec. Ker sem se za\u010del z gledali\u0161\u010dem tudi sam ukvarjati, sem vsak obisk gledali\u0161ke predstave izkoristil za nekak\u0161no majhno analiti\u010dno \u0161tudijo. Iskal sem predstave, ki so v meni razpirale nove perspektive. \u017delel sem, da mi omogo\u010dijo vpogled v kompleksnost sveta. Da razgrnejo vpra\u0161anja, ki nimajo preprostih odgovorov. Gledali\u0161\u010de je bilo takrat moj sopotnik pri odra\u0161\u010danju, dialo\u0161ki partner pri oblikovanju pogledov na svet in priro\u010dnik za razumevanje \u010dlove\u0161ke psihologije.<\/span><\/p>\n<\/div>\n<div>\n<p class=\"Body\"><span lang=\"SL\">Ob vstopu v odraslost se je gledali\u0161\u010de dokon\u010dno ustalilo kot moja \u017eivljenjska in poklicna pot. S tem se je perspektiva popolnoma obrnila, saj sem zdaj jaz v polo\u017eaju, da na oder postavljam gledali\u0161ka dela. Z vsako uprizoritvijo se znova spra\u0161ujem, kaj bi moral spro\u017eiti v ob\u010dinstvu. Kako lahko konstruktivno vplivam na to mnogoplastno dru\u017ebeno tkivo, v katerem \u017eivim? Zna\u0161li smo se sredi turbulentnega zgodovinskega trenutka, kjer oboro\u017eevanje vedno bolj nadome\u0161\u010da ob\u010dutek varnosti, opletanje z vojno retoriko je postalo del vsakodnevnega besednjaka, brezkompromisno pusto\u0161enje po naravi je o\u010ditno najkraj\u0161a pot do kopi\u010denja kapitala, sr\u010dnost in empatija pa nista ve\u010d razumljeni kot temeljni \u010dlove\u0161ki vrednoti, temve\u010d sta znotraj vol\u010dje kapitalisti\u010dne logike postali \u0161ibkost. Ko je razkol med bogatimi in revnimi iz dneva v dan ve\u010dji, meja med resnico in la\u017ejo vedno bolj zabrisana, na\u0161a iluzija o svobodni izbiri pa izpostavljena partikularnim interesom megakorporacij, se lahko s popolno legitimnostjo vpra\u0161amo: kak\u0161en polo\u017eaj ima znotraj vsega tega gledali\u0161\u010de?<\/span><\/p>\n<\/div>\n<div>\n<p class=\"Body\"><span lang=\"SL\">Gledali\u0161\u010de lahko razvedri. Gledali\u0161\u010de lahko ponudi zato\u010di\u0161\u010de. Gledali\u0161\u010de lahko informira, razkrije in poudari. Lahko nas pove\u017ee v skupnost, prav tako kot lahko skupnost tudi razbije. In \u010de je gledali\u0161\u010de res dobro, lahko utira pot novim mo\u017enostim. \u010ce je na konici prebojnih idej, lahko pomaga soustvarjati druga\u010dno vizijo sveta. Ne zgolj, da na odrskih deskah odslikava realnost na\u0161ega vsakdanjega \u017eivljenja \u2026 S postavljanjem novih razmerij lahko recipro\u010dno vsakdanjemu \u017eivljenju utira novo pot.<\/span><\/p>\n<\/div>\n<div>\n<p class=\"Body\"><span lang=\"SL\">Lutkovno gledali\u0161\u010de ima znotraj sesuvajo\u010dega se dru\u017ebenega konteksta \u0161e toliko ve\u010dji potencial. Ko se zastor dvigne, so na odru pred nami nepremi\u010dno razpostavljeni predmeti. Negibna telesa le\u017eijo, kot da bi bila zamrznjena v \u010dasu. Potem pridejo animatorji in z gibanjem ustvarijo iluzijo \u017eivljenja. Aktivirajo domi\u0161ljijo gledalk in gledalcev. Namigujejo nam, da se za tem, kar vidimo, skriva nekaj ve\u010djega. Nekaj lep\u0161ega in bolj\u0161ega, nekaj, kar je razumu te\u017eko dosegljivo. Z animacijo prebudijo silovito mo\u010d \u010dlove\u0161ke domi\u0161ljije. Mo\u010d, ki lahko premika meje, ru\u0161i zidove in gradi mostove. Domi\u0161ljija je tista, ki lahko ustvari bolj\u0161i svet.<\/span><\/p>\n<\/div>\n<div>\n<p class=\"Body\"><span lang=\"SL\">Gledali\u0161\u010de lahko premika meje. Gledali\u0161\u010de lahko ponudi druga\u010dno vizijo. Gledali\u0161\u010de pa lahko tudi aktivira. Zato naj vas ob koncu poslanice, vse, ki imate privilegij volilne pravice, \u0161e povabim, da izkoristite svojo politi\u010dno mo\u010d in se udele\u017eite prihajajo\u010dih parlamentarnih volitev. Na tej to\u010dki je namre\u010d mo\u017enost in prilo\u017enost, kjer se gledali\u0161ke sanje o bolj strpni in solidarni prihodnosti lahko prevesijo v realnost.<\/span><\/p>\n<\/div>\n<div>\n<p class=\"Body\"><span lang=\"SL\">Se vidimo 22. marca na voli\u0161\u010dih.<\/span><\/p>\n<\/div>\n<\/div>\n<p>&nbsp;<\/p>\n<p style=\"text-align: center;\"><a href=\"https:\/\/www.slogi.si\/wp-content\/uploads\/2026\/03\/Svetovni-dan-lutk-scaled.png\"><img loading=\"lazy\" decoding=\"async\" class=\"aligncenter wp-image-18342 size-large\" src=\"https:\/\/www.slogi.si\/wp-content\/uploads\/2026\/03\/Svetovni-dan-lutk-724x1024.png\" alt=\"\" width=\"724\" height=\"1024\" srcset=\"https:\/\/www.slogi.si\/wp-content\/uploads\/2026\/03\/Svetovni-dan-lutk-724x1024.png 724w, https:\/\/www.slogi.si\/wp-content\/uploads\/2026\/03\/Svetovni-dan-lutk-212x300.png 212w, https:\/\/www.slogi.si\/wp-content\/uploads\/2026\/03\/Svetovni-dan-lutk-768x1086.png 768w, https:\/\/www.slogi.si\/wp-content\/uploads\/2026\/03\/Svetovni-dan-lutk-1086x1536.png 1086w, https:\/\/www.slogi.si\/wp-content\/uploads\/2026\/03\/Svetovni-dan-lutk-1448x2048.png 1448w, https:\/\/www.slogi.si\/wp-content\/uploads\/2026\/03\/Svetovni-dan-lutk-8x12.png 8w, https:\/\/www.slogi.si\/wp-content\/uploads\/2026\/03\/Svetovni-dan-lutk-scaled.png 1810w\" sizes=\"(max-width: 724px) 100vw, 724px\" \/><\/a><\/p>\n<p>&nbsp;<\/p>\n<p>Naslovna fotografija: Lutke <em>Doktor Fausta<\/em> Milana Klemen\u010di\u010da. Foto: SLOGI<\/p>","protected":false},"excerpt":{"rendered":"<p>Od leta 2003 na pobudo svetovnega zdru\u017eenja lutkarjev UNIMA 21. marca obele\u017eujemo svetovni dan lutk. Na ta dan sta objavljeni mednarodna in slovenska poslanica, lutkovna gledali\u0161\u010da pa vabijo k ogledu svojih predstav. Mednarodno poslanico 2026 je napisal maliijski lutkar, pripovedovalec, mag in glasbenik Yaya Coulibaly,\u00a0 avtor slovenske pa je re\u017eiser Tin Grabnar.<\/p>","protected":false},"featured_media":18341,"template":"","categories":[416,435],"tags":[],"izpostavljamo":[],"letnik":[639],"tip":[],"vrsta-razstave":[],"class_list":["post-18340","dogodki","type-dogodki","status-publish","has-post-thumbnail","hentry","category-dogodki","category-za-medije","letnik-639"],"acf":[],"yoast_head":"<!-- This site is optimized with the Yoast SEO plugin v27.5 - https:\/\/yoast.com\/product\/yoast-seo-wordpress\/ -->\n<title>Svetovni dan lutk 2026 - SLOGI<\/title>\n<meta name=\"description\" content=\"Od leta 2003 na pobudo svetovnega zdru\u017eenja lutkarjev UNIMA 21. marca obele\u017eujemo svetovni dan lutk. Na ta dan sta objavljeni mednarodna in slovenska poslanica, lutkovna gledali\u0161\u010da pa vabijo k ogledu svojih predstav. Mednarodno poslanico 2026 je napisal maliijski lutkar, pripovedovalec, mag in glasbenik Yaya Coulibaly, avtor slovenske pa je re\u017eiser Tin Grabnar.\" \/>\n<meta name=\"robots\" content=\"index, follow, max-snippet:-1, max-image-preview:large, max-video-preview:-1\" \/>\n<link rel=\"canonical\" href=\"https:\/\/www.slogi.si\/en\/events\/svetovni-dan-lutk-2026\/\" \/>\n<meta property=\"og:locale\" content=\"en_GB\" \/>\n<meta property=\"og:type\" content=\"article\" \/>\n<meta property=\"og:title\" content=\"Svetovni dan lutk 2026 - SLOGI\" \/>\n<meta property=\"og:description\" content=\"Od leta 2003 na pobudo svetovnega zdru\u017eenja lutkarjev UNIMA 21. marca obele\u017eujemo svetovni dan lutk. Na ta dan sta objavljeni mednarodna in slovenska poslanica, lutkovna gledali\u0161\u010da pa vabijo k ogledu svojih predstav. Mednarodno poslanico 2026 je napisal maliijski lutkar, pripovedovalec, mag in glasbenik Yaya Coulibaly, avtor slovenske pa je re\u017eiser Tin Grabnar.\" \/>\n<meta property=\"og:url\" content=\"https:\/\/www.slogi.si\/en\/events\/svetovni-dan-lutk-2026\/\" \/>\n<meta property=\"og:site_name\" content=\"SLOGI\" \/>\n<meta property=\"article:modified_time\" content=\"2026-04-02T10:10:15+00:00\" \/>\n<meta property=\"og:image\" content=\"https:\/\/www.slogi.si\/wp-content\/uploads\/2026\/03\/Lutke_Milan-Klemencic_Doktor-Faust_foto-SLOGI.jpg\" \/>\n\t<meta property=\"og:image:width\" content=\"1024\" \/>\n\t<meta property=\"og:image:height\" content=\"684\" \/>\n\t<meta property=\"og:image:type\" content=\"image\/jpeg\" \/>\n<meta name=\"twitter:card\" content=\"summary_large_image\" \/>\n<meta name=\"twitter:label1\" content=\"Estimated reading time\" \/>\n\t<meta name=\"twitter:data1\" content=\"18 minutes\" \/>\n<script type=\"application\/ld+json\" class=\"yoast-schema-graph\">{\"@context\":\"https:\\\/\\\/schema.org\",\"@graph\":[{\"@type\":\"WebPage\",\"@id\":\"https:\\\/\\\/www.slogi.si\\\/dogodki\\\/svetovni-dan-lutk-2026\\\/\",\"url\":\"https:\\\/\\\/www.slogi.si\\\/dogodki\\\/svetovni-dan-lutk-2026\\\/\",\"name\":\"Svetovni dan lutk 2026 - SLOGI\",\"isPartOf\":{\"@id\":\"https:\\\/\\\/www.slogi.si\\\/#website\"},\"primaryImageOfPage\":{\"@id\":\"https:\\\/\\\/www.slogi.si\\\/dogodki\\\/svetovni-dan-lutk-2026\\\/#primaryimage\"},\"image\":{\"@id\":\"https:\\\/\\\/www.slogi.si\\\/dogodki\\\/svetovni-dan-lutk-2026\\\/#primaryimage\"},\"thumbnailUrl\":\"https:\\\/\\\/www.slogi.si\\\/wp-content\\\/uploads\\\/2026\\\/03\\\/Lutke_Milan-Klemencic_Doktor-Faust_foto-SLOGI.jpg\",\"datePublished\":\"2026-03-10T15:00:05+00:00\",\"dateModified\":\"2026-04-02T10:10:15+00:00\",\"description\":\"Od leta 2003 na pobudo svetovnega zdru\u017eenja lutkarjev UNIMA 21. marca obele\u017eujemo svetovni dan lutk. Na ta dan sta objavljeni mednarodna in slovenska poslanica, lutkovna gledali\u0161\u010da pa vabijo k ogledu svojih predstav. Mednarodno poslanico 2026 je napisal maliijski lutkar, pripovedovalec, mag in glasbenik Yaya Coulibaly, avtor slovenske pa je re\u017eiser Tin Grabnar.\",\"breadcrumb\":{\"@id\":\"https:\\\/\\\/www.slogi.si\\\/dogodki\\\/svetovni-dan-lutk-2026\\\/#breadcrumb\"},\"inLanguage\":\"en-GB\",\"potentialAction\":[{\"@type\":\"ReadAction\",\"target\":[\"https:\\\/\\\/www.slogi.si\\\/dogodki\\\/svetovni-dan-lutk-2026\\\/\"]}]},{\"@type\":\"ImageObject\",\"inLanguage\":\"en-GB\",\"@id\":\"https:\\\/\\\/www.slogi.si\\\/dogodki\\\/svetovni-dan-lutk-2026\\\/#primaryimage\",\"url\":\"https:\\\/\\\/www.slogi.si\\\/wp-content\\\/uploads\\\/2026\\\/03\\\/Lutke_Milan-Klemencic_Doktor-Faust_foto-SLOGI.jpg\",\"contentUrl\":\"https:\\\/\\\/www.slogi.si\\\/wp-content\\\/uploads\\\/2026\\\/03\\\/Lutke_Milan-Klemencic_Doktor-Faust_foto-SLOGI.jpg\",\"width\":1024,\"height\":684},{\"@type\":\"BreadcrumbList\",\"@id\":\"https:\\\/\\\/www.slogi.si\\\/dogodki\\\/svetovni-dan-lutk-2026\\\/#breadcrumb\",\"itemListElement\":[{\"@type\":\"ListItem\",\"position\":1,\"name\":\"Home\",\"item\":\"https:\\\/\\\/www.slogi.si\\\/\"},{\"@type\":\"ListItem\",\"position\":2,\"name\":\"Svetovni dan lutk 2026\"}]},{\"@type\":\"WebSite\",\"@id\":\"https:\\\/\\\/www.slogi.si\\\/#website\",\"url\":\"https:\\\/\\\/www.slogi.si\\\/\",\"name\":\"SLOGI\",\"description\":\"Slovenski Gledali\u0161ki In\u0161titut\",\"publisher\":{\"@id\":\"https:\\\/\\\/www.slogi.si\\\/#organization\"},\"alternateName\":\"Slovenski Gledali\u0161ki In\u0161titut\",\"potentialAction\":[{\"@type\":\"SearchAction\",\"target\":{\"@type\":\"EntryPoint\",\"urlTemplate\":\"https:\\\/\\\/www.slogi.si\\\/?s={search_term_string}\"},\"query-input\":{\"@type\":\"PropertyValueSpecification\",\"valueRequired\":true,\"valueName\":\"search_term_string\"}}],\"inLanguage\":\"en-GB\"},{\"@type\":\"Organization\",\"@id\":\"https:\\\/\\\/www.slogi.si\\\/#organization\",\"name\":\"SLOGI\",\"alternateName\":\"Slovenski Gledali\u0161ki In\u0161titut\",\"url\":\"https:\\\/\\\/www.slogi.si\\\/\",\"logo\":{\"@type\":\"ImageObject\",\"inLanguage\":\"en-GB\",\"@id\":\"https:\\\/\\\/www.slogi.si\\\/#\\\/schema\\\/logo\\\/image\\\/\",\"url\":\"https:\\\/\\\/www.slogi.si\\\/wp-content\\\/uploads\\\/2024\\\/01\\\/favicon.svg\",\"contentUrl\":\"https:\\\/\\\/www.slogi.si\\\/wp-content\\\/uploads\\\/2024\\\/01\\\/favicon.svg\",\"width\":100,\"height\":100,\"caption\":\"SLOGI\"},\"image\":{\"@id\":\"https:\\\/\\\/www.slogi.si\\\/#\\\/schema\\\/logo\\\/image\\\/\"}}]}<\/script>\n<!-- \/ Yoast SEO plugin. -->","yoast_head_json":{"title":"Svetovni dan lutk 2026 - SLOGI","description":"Od leta 2003 na pobudo svetovnega zdru\u017eenja lutkarjev UNIMA 21. marca obele\u017eujemo svetovni dan lutk. Na ta dan sta objavljeni mednarodna in slovenska poslanica, lutkovna gledali\u0161\u010da pa vabijo k ogledu svojih predstav. Mednarodno poslanico 2026 je napisal maliijski lutkar, pripovedovalec, mag in glasbenik Yaya Coulibaly, avtor slovenske pa je re\u017eiser Tin Grabnar.","robots":{"index":"index","follow":"follow","max-snippet":"max-snippet:-1","max-image-preview":"max-image-preview:large","max-video-preview":"max-video-preview:-1"},"canonical":"https:\/\/www.slogi.si\/en\/events\/svetovni-dan-lutk-2026\/","og_locale":"en_GB","og_type":"article","og_title":"Svetovni dan lutk 2026 - SLOGI","og_description":"Od leta 2003 na pobudo svetovnega zdru\u017eenja lutkarjev UNIMA 21. marca obele\u017eujemo svetovni dan lutk. Na ta dan sta objavljeni mednarodna in slovenska poslanica, lutkovna gledali\u0161\u010da pa vabijo k ogledu svojih predstav. Mednarodno poslanico 2026 je napisal maliijski lutkar, pripovedovalec, mag in glasbenik Yaya Coulibaly, avtor slovenske pa je re\u017eiser Tin Grabnar.","og_url":"https:\/\/www.slogi.si\/en\/events\/svetovni-dan-lutk-2026\/","og_site_name":"SLOGI","article_modified_time":"2026-04-02T10:10:15+00:00","og_image":[{"width":1024,"height":684,"url":"https:\/\/www.slogi.si\/wp-content\/uploads\/2026\/03\/Lutke_Milan-Klemencic_Doktor-Faust_foto-SLOGI.jpg","type":"image\/jpeg"}],"twitter_card":"summary_large_image","twitter_misc":{"Estimated reading time":"18 minutes"},"schema":{"@context":"https:\/\/schema.org","@graph":[{"@type":"WebPage","@id":"https:\/\/www.slogi.si\/dogodki\/svetovni-dan-lutk-2026\/","url":"https:\/\/www.slogi.si\/dogodki\/svetovni-dan-lutk-2026\/","name":"Svetovni dan lutk 2026 - SLOGI","isPartOf":{"@id":"https:\/\/www.slogi.si\/#website"},"primaryImageOfPage":{"@id":"https:\/\/www.slogi.si\/dogodki\/svetovni-dan-lutk-2026\/#primaryimage"},"image":{"@id":"https:\/\/www.slogi.si\/dogodki\/svetovni-dan-lutk-2026\/#primaryimage"},"thumbnailUrl":"https:\/\/www.slogi.si\/wp-content\/uploads\/2026\/03\/Lutke_Milan-Klemencic_Doktor-Faust_foto-SLOGI.jpg","datePublished":"2026-03-10T15:00:05+00:00","dateModified":"2026-04-02T10:10:15+00:00","description":"Od leta 2003 na pobudo svetovnega zdru\u017eenja lutkarjev UNIMA 21. marca obele\u017eujemo svetovni dan lutk. Na ta dan sta objavljeni mednarodna in slovenska poslanica, lutkovna gledali\u0161\u010da pa vabijo k ogledu svojih predstav. Mednarodno poslanico 2026 je napisal maliijski lutkar, pripovedovalec, mag in glasbenik Yaya Coulibaly, avtor slovenske pa je re\u017eiser Tin Grabnar.","breadcrumb":{"@id":"https:\/\/www.slogi.si\/dogodki\/svetovni-dan-lutk-2026\/#breadcrumb"},"inLanguage":"en-GB","potentialAction":[{"@type":"ReadAction","target":["https:\/\/www.slogi.si\/dogodki\/svetovni-dan-lutk-2026\/"]}]},{"@type":"ImageObject","inLanguage":"en-GB","@id":"https:\/\/www.slogi.si\/dogodki\/svetovni-dan-lutk-2026\/#primaryimage","url":"https:\/\/www.slogi.si\/wp-content\/uploads\/2026\/03\/Lutke_Milan-Klemencic_Doktor-Faust_foto-SLOGI.jpg","contentUrl":"https:\/\/www.slogi.si\/wp-content\/uploads\/2026\/03\/Lutke_Milan-Klemencic_Doktor-Faust_foto-SLOGI.jpg","width":1024,"height":684},{"@type":"BreadcrumbList","@id":"https:\/\/www.slogi.si\/dogodki\/svetovni-dan-lutk-2026\/#breadcrumb","itemListElement":[{"@type":"ListItem","position":1,"name":"Home","item":"https:\/\/www.slogi.si\/"},{"@type":"ListItem","position":2,"name":"Svetovni dan lutk 2026"}]},{"@type":"WebSite","@id":"https:\/\/www.slogi.si\/#website","url":"https:\/\/www.slogi.si\/","name":"SLOGI","description":"Slovenian Theatre Institute","publisher":{"@id":"https:\/\/www.slogi.si\/#organization"},"alternateName":"Slovenski Gledali\u0161ki In\u0161titut","potentialAction":[{"@type":"SearchAction","target":{"@type":"EntryPoint","urlTemplate":"https:\/\/www.slogi.si\/?s={search_term_string}"},"query-input":{"@type":"PropertyValueSpecification","valueRequired":true,"valueName":"search_term_string"}}],"inLanguage":"en-GB"},{"@type":"Organization","@id":"https:\/\/www.slogi.si\/#organization","name":"SLOGI","alternateName":"Slovenski Gledali\u0161ki In\u0161titut","url":"https:\/\/www.slogi.si\/","logo":{"@type":"ImageObject","inLanguage":"en-GB","@id":"https:\/\/www.slogi.si\/#\/schema\/logo\/image\/","url":"https:\/\/www.slogi.si\/wp-content\/uploads\/2024\/01\/favicon.svg","contentUrl":"https:\/\/www.slogi.si\/wp-content\/uploads\/2024\/01\/favicon.svg","width":100,"height":100,"caption":"SLOGI"},"image":{"@id":"https:\/\/www.slogi.si\/#\/schema\/logo\/image\/"}}]}},"_links":{"self":[{"href":"https:\/\/www.slogi.si\/en\/wp-json\/wp\/v2\/dogodki\/18340","targetHints":{"allow":["GET"]}}],"collection":[{"href":"https:\/\/www.slogi.si\/en\/wp-json\/wp\/v2\/dogodki"}],"about":[{"href":"https:\/\/www.slogi.si\/en\/wp-json\/wp\/v2\/types\/dogodki"}],"wp:featuredmedia":[{"embeddable":true,"href":"https:\/\/www.slogi.si\/en\/wp-json\/wp\/v2\/media\/18341"}],"wp:attachment":[{"href":"https:\/\/www.slogi.si\/en\/wp-json\/wp\/v2\/media?parent=18340"}],"wp:term":[{"taxonomy":"category","embeddable":true,"href":"https:\/\/www.slogi.si\/en\/wp-json\/wp\/v2\/categories?post=18340"},{"taxonomy":"post_tag","embeddable":true,"href":"https:\/\/www.slogi.si\/en\/wp-json\/wp\/v2\/tags?post=18340"},{"taxonomy":"izpostavljamo","embeddable":true,"href":"https:\/\/www.slogi.si\/en\/wp-json\/wp\/v2\/izpostavljamo?post=18340"},{"taxonomy":"letnik","embeddable":true,"href":"https:\/\/www.slogi.si\/en\/wp-json\/wp\/v2\/letnik?post=18340"},{"taxonomy":"tip","embeddable":true,"href":"https:\/\/www.slogi.si\/en\/wp-json\/wp\/v2\/tip?post=18340"},{"taxonomy":"vrsta-razstave","embeddable":true,"href":"https:\/\/www.slogi.si\/en\/wp-json\/wp\/v2\/vrsta-razstave?post=18340"}],"curies":[{"name":"wp","href":"https:\/\/api.w.org\/{rel}","templated":true}]}}