{"id":18298,"date":"2026-03-10T14:28:32","date_gmt":"2026-03-10T13:28:32","guid":{"rendered":"https:\/\/www.slogi.si\/?post_type=dogodki&#038;p=18298"},"modified":"2026-04-02T12:10:24","modified_gmt":"2026-04-02T10:10:24","slug":"svetovni-dan-gledalisca-za-otroke-in-mlade-2026","status":"publish","type":"dogodki","link":"https:\/\/www.slogi.si\/en\/dogodki\/svetovni-dan-gledalisca-za-otroke-in-mlade-2026\/","title":{"rendered":"Svetovni dan gledali\u0161\u010da za otroke in mlade 2026"},"content":{"rendered":"<p>Pod okriljem Mednarodnega zdru\u017eenja gledali\u0161\u010d za otroke in mlade ASSITEJ <strong>20. marca<\/strong> obele\u017eujemo <strong>svetovni dan gledali\u0161\u010da za otroke in mlade<\/strong>. Letos poteka <strong>pod geslom<em> Postavimo pravice otrok na oder. Danes. Vsak dan. (Staging the rights of children. Today. Everyday.)<\/em><\/strong>, ki postavlja v sredi\u0161\u010de pravice otrok \u2013 pravice, ki se jih praznuje en dan, a varuje vsak dan v letu.<\/p>\n<p>V <strong>poslanici ob svetovnem dnevu 2026<\/strong> je Sue Gilles, predsednica ASSITEJ, izpostavila:<\/p>\n<p><em>\u201cPo vsem svetu se na\u0161i \u010dlani \u2013 umetniki in organizacije, ki ustvarjajo gledali\u0161\u010de in uprizoritvene umetnosti za otroke in mlade, z njimi ter po njihovi meri \u2013 trudijo za priznanje svojega dela in svojega ob\u010dinstva. Otroci in mladi pod 18. letom starosti predstavljajo pribli\u017eno 29 % svetovnega prebivalstva, vendar ta pomemben dele\u017e v ve\u010dini dru\u017eb trpi zaradi kulturne odrinjenosti na rob, zgolj zaradi svoje starosti. Zlasti otroci imajo malo mo\u010di, denarja ali izbire ter so odvisni od odraslih okoli sebe in tistih, ki zanje sprejemajo odlo\u010ditve. [\u2026]<\/em><\/p>\n<p><em>Ko gre za dostop do gledali\u0161\u010da in uprizoritvenih umetnosti, obstaja preprost klju\u010d: odrasli so tisti, ki otroku ali mladim izku\u0161njo omogo\u010dijo ali pa jo prepre\u010dijo. V mnogih krajih pravica otrok in mladih do sodelovanja v umetnosti, kulturi ter prostem \u010dasu ni splo\u0161no poznana, razumljena ali jemana resno. Njihova pravica do samoizra\u017eanja in do tega, da se njihov glas sli\u0161i, je prav tako pogosto zanemarjena ali prezrta.<\/em><\/p>\n<p><em>Zato na\u0161a leto\u0161nja kampanja poudarja pomen POSTAVLJANJA PRAVIC OTROK DO UMETNOSTI IN KULTURE NA ODER \u2013 s tem te pravice naredimo vidne, prisotne in neposredne za vse odrasle, ki lahko omogo\u010dijo dostop do njih. [\u2026]<\/em><\/p>\n<p><em>S POSTAVLJANJEM PRAVIC OTROK DO UMETNOSTI IN KULTURE NA ODER, DANES in VSAK DAN\u00a0 zagotavljamo, da so otroci in mladi vklju\u010deni, da imajo dostop do gledali\u0161\u010da in uprizoritvenih umetnosti, do velikih idej in lepote, do \u010dudovitih dogodiv\u0161\u010din in \u010darobnih trenutkov, do ustvarjalnosti in presene\u010denj \u2014 do najbolj\u0161ih in najbolj zanimivih izku\u0161enj, ki jim jih lahko omogo\u010dijo odrasli okoli njih. [\u2026]\u201d<\/em><\/p>\n<p><a role=\"link\" href=\"https:\/\/assitej-international.org\/advocacy\/world-day\/world-day-2026\/world-day-message-2026\/\" target=\"_blank\" rel=\"noopener\">Celotna poslanica (ANG)<\/a> &gt;&gt;<\/p>\n<p style=\"text-align: center;\"><a href=\"https:\/\/www.slogi.si\/wp-content\/uploads\/2026\/03\/POST-1440x1080-1-scaled.jpg\"><img fetchpriority=\"high\" decoding=\"async\" class=\"aligncenter size-medium wp-image-18300\" src=\"https:\/\/www.slogi.si\/wp-content\/uploads\/2026\/03\/POST-1440x1080-1-225x300.jpg\" alt=\"\" width=\"225\" height=\"300\" srcset=\"https:\/\/www.slogi.si\/wp-content\/uploads\/2026\/03\/POST-1440x1080-1-225x300.jpg 225w, https:\/\/www.slogi.si\/wp-content\/uploads\/2026\/03\/POST-1440x1080-1-768x1024.jpg 768w, https:\/\/www.slogi.si\/wp-content\/uploads\/2026\/03\/POST-1440x1080-1-1152x1536.jpg 1152w, https:\/\/www.slogi.si\/wp-content\/uploads\/2026\/03\/POST-1440x1080-1-1536x2048.jpg 1536w, https:\/\/www.slogi.si\/wp-content\/uploads\/2026\/03\/POST-1440x1080-1-9x12.jpg 9w, https:\/\/www.slogi.si\/wp-content\/uploads\/2026\/03\/POST-1440x1080-1-scaled.jpg 1920w\" sizes=\"(max-width: 225px) 100vw, 225px\" \/><\/a><\/p>\n<p>&nbsp;<\/p>\n","protected":false},"excerpt":{"rendered":"<p>Pod okriljem Mednarodnega zdru\u017eenja gledali\u0161\u010d za otroke in mlade ASSITEJ 20. marca obele\u017eujemo svetovni dan gledali\u0161\u010da za otroke in mlade. Leta 2026 poteka pod geslom, ki postavlja v sredi\u0161\u010de pravice otrok \u2013 pravice, ki se jih praznuje en dan, a varuje vsak dan v letu.<\/p>","protected":false},"featured_media":18299,"template":"","categories":[416],"tags":[],"izpostavljamo":[],"letnik":[639],"tip":[],"vrsta-razstave":[],"class_list":["post-18298","dogodki","type-dogodki","status-publish","has-post-thumbnail","hentry","category-dogodki","letnik-639"],"acf":[],"yoast_head":"<!-- This site is optimized with the Yoast SEO plugin v27.5 - https:\/\/yoast.com\/product\/yoast-seo-wordpress\/ -->\n<title>Svetovni dan gledali\u0161\u010da za otroke in mlade 2026 - SLOGI<\/title>\n<meta name=\"description\" content=\"Pod okriljem Mednarodnega zdru\u017eenja gledali\u0161\u010d za otroke in mlade ASSITEJ 20. marca obele\u017eujemo svetovni dan gledali\u0161\u010da za otroke in mlade. Leta 2026 poteka pod geslom, ki postavlja v sredi\u0161\u010de pravice otrok \u2013 pravice, ki se jih praznuje en dan, a varuje vsak dan v letu.\" \/>\n<meta name=\"robots\" content=\"index, follow, max-snippet:-1, max-image-preview:large, max-video-preview:-1\" \/>\n<link rel=\"canonical\" href=\"https:\/\/www.slogi.si\/en\/events\/svetovni-dan-gledalisca-za-otroke-in-mlade-2026\/\" \/>\n<meta property=\"og:locale\" content=\"en_GB\" \/>\n<meta property=\"og:type\" content=\"article\" \/>\n<meta property=\"og:title\" content=\"Svetovni dan gledali\u0161\u010da za otroke in mlade 2026 - SLOGI\" \/>\n<meta property=\"og:description\" content=\"Pod okriljem Mednarodnega zdru\u017eenja gledali\u0161\u010d za otroke in mlade ASSITEJ 20. marca obele\u017eujemo svetovni dan gledali\u0161\u010da za otroke in mlade. Leta 2026 poteka pod geslom, ki postavlja v sredi\u0161\u010de pravice otrok \u2013 pravice, ki se jih praznuje en dan, a varuje vsak dan v letu.\" \/>\n<meta property=\"og:url\" content=\"https:\/\/www.slogi.si\/en\/events\/svetovni-dan-gledalisca-za-otroke-in-mlade-2026\/\" \/>\n<meta property=\"og:site_name\" content=\"SLOGI\" \/>\n<meta property=\"article:modified_time\" content=\"2026-04-02T10:10:24+00:00\" \/>\n<meta property=\"og:image\" content=\"https:\/\/www.slogi.si\/wp-content\/uploads\/2026\/03\/Svetovni-dan-gledalisca-za-otroke-in-mlade_w.jpg\" \/>\n\t<meta property=\"og:image:width\" content=\"1920\" \/>\n\t<meta property=\"og:image:height\" content=\"1080\" \/>\n\t<meta property=\"og:image:type\" content=\"image\/jpeg\" \/>\n<meta name=\"twitter:card\" content=\"summary_large_image\" \/>\n<meta name=\"twitter:label1\" content=\"Estimated reading time\" \/>\n\t<meta name=\"twitter:data1\" content=\"1 minute\" \/>\n<script type=\"application\/ld+json\" class=\"yoast-schema-graph\">{\"@context\":\"https:\\\/\\\/schema.org\",\"@graph\":[{\"@type\":\"WebPage\",\"@id\":\"https:\\\/\\\/www.slogi.si\\\/dogodki\\\/svetovni-dan-gledalisca-za-otroke-in-mlade-2026\\\/\",\"url\":\"https:\\\/\\\/www.slogi.si\\\/dogodki\\\/svetovni-dan-gledalisca-za-otroke-in-mlade-2026\\\/\",\"name\":\"Svetovni dan gledali\u0161\u010da za otroke in mlade 2026 - SLOGI\",\"isPartOf\":{\"@id\":\"https:\\\/\\\/www.slogi.si\\\/#website\"},\"primaryImageOfPage\":{\"@id\":\"https:\\\/\\\/www.slogi.si\\\/dogodki\\\/svetovni-dan-gledalisca-za-otroke-in-mlade-2026\\\/#primaryimage\"},\"image\":{\"@id\":\"https:\\\/\\\/www.slogi.si\\\/dogodki\\\/svetovni-dan-gledalisca-za-otroke-in-mlade-2026\\\/#primaryimage\"},\"thumbnailUrl\":\"https:\\\/\\\/www.slogi.si\\\/wp-content\\\/uploads\\\/2026\\\/03\\\/Svetovni-dan-gledalisca-za-otroke-in-mlade_w.jpg\",\"datePublished\":\"2026-03-10T13:28:32+00:00\",\"dateModified\":\"2026-04-02T10:10:24+00:00\",\"description\":\"Pod okriljem Mednarodnega zdru\u017eenja gledali\u0161\u010d za otroke in mlade ASSITEJ 20. marca obele\u017eujemo svetovni dan gledali\u0161\u010da za otroke in mlade. Leta 2026 poteka pod geslom, ki postavlja v sredi\u0161\u010de pravice otrok \u2013 pravice, ki se jih praznuje en dan, a varuje vsak dan v letu.\",\"breadcrumb\":{\"@id\":\"https:\\\/\\\/www.slogi.si\\\/dogodki\\\/svetovni-dan-gledalisca-za-otroke-in-mlade-2026\\\/#breadcrumb\"},\"inLanguage\":\"en-GB\",\"potentialAction\":[{\"@type\":\"ReadAction\",\"target\":[\"https:\\\/\\\/www.slogi.si\\\/dogodki\\\/svetovni-dan-gledalisca-za-otroke-in-mlade-2026\\\/\"]}]},{\"@type\":\"ImageObject\",\"inLanguage\":\"en-GB\",\"@id\":\"https:\\\/\\\/www.slogi.si\\\/dogodki\\\/svetovni-dan-gledalisca-za-otroke-in-mlade-2026\\\/#primaryimage\",\"url\":\"https:\\\/\\\/www.slogi.si\\\/wp-content\\\/uploads\\\/2026\\\/03\\\/Svetovni-dan-gledalisca-za-otroke-in-mlade_w.jpg\",\"contentUrl\":\"https:\\\/\\\/www.slogi.si\\\/wp-content\\\/uploads\\\/2026\\\/03\\\/Svetovni-dan-gledalisca-za-otroke-in-mlade_w.jpg\",\"width\":1920,\"height\":1080},{\"@type\":\"BreadcrumbList\",\"@id\":\"https:\\\/\\\/www.slogi.si\\\/dogodki\\\/svetovni-dan-gledalisca-za-otroke-in-mlade-2026\\\/#breadcrumb\",\"itemListElement\":[{\"@type\":\"ListItem\",\"position\":1,\"name\":\"Home\",\"item\":\"https:\\\/\\\/www.slogi.si\\\/\"},{\"@type\":\"ListItem\",\"position\":2,\"name\":\"Svetovni dan gledali\u0161\u010da za otroke in mlade 2026\"}]},{\"@type\":\"WebSite\",\"@id\":\"https:\\\/\\\/www.slogi.si\\\/#website\",\"url\":\"https:\\\/\\\/www.slogi.si\\\/\",\"name\":\"SLOGI\",\"description\":\"Slovenski Gledali\u0161ki In\u0161titut\",\"publisher\":{\"@id\":\"https:\\\/\\\/www.slogi.si\\\/#organization\"},\"alternateName\":\"Slovenski Gledali\u0161ki In\u0161titut\",\"potentialAction\":[{\"@type\":\"SearchAction\",\"target\":{\"@type\":\"EntryPoint\",\"urlTemplate\":\"https:\\\/\\\/www.slogi.si\\\/?s={search_term_string}\"},\"query-input\":{\"@type\":\"PropertyValueSpecification\",\"valueRequired\":true,\"valueName\":\"search_term_string\"}}],\"inLanguage\":\"en-GB\"},{\"@type\":\"Organization\",\"@id\":\"https:\\\/\\\/www.slogi.si\\\/#organization\",\"name\":\"SLOGI\",\"alternateName\":\"Slovenski Gledali\u0161ki In\u0161titut\",\"url\":\"https:\\\/\\\/www.slogi.si\\\/\",\"logo\":{\"@type\":\"ImageObject\",\"inLanguage\":\"en-GB\",\"@id\":\"https:\\\/\\\/www.slogi.si\\\/#\\\/schema\\\/logo\\\/image\\\/\",\"url\":\"https:\\\/\\\/www.slogi.si\\\/wp-content\\\/uploads\\\/2024\\\/01\\\/favicon.svg\",\"contentUrl\":\"https:\\\/\\\/www.slogi.si\\\/wp-content\\\/uploads\\\/2024\\\/01\\\/favicon.svg\",\"width\":100,\"height\":100,\"caption\":\"SLOGI\"},\"image\":{\"@id\":\"https:\\\/\\\/www.slogi.si\\\/#\\\/schema\\\/logo\\\/image\\\/\"}}]}<\/script>\n<!-- \/ Yoast SEO plugin. -->","yoast_head_json":{"title":"Svetovni dan gledali\u0161\u010da za otroke in mlade 2026 - SLOGI","description":"Pod okriljem Mednarodnega zdru\u017eenja gledali\u0161\u010d za otroke in mlade ASSITEJ 20. marca obele\u017eujemo svetovni dan gledali\u0161\u010da za otroke in mlade. Leta 2026 poteka pod geslom, ki postavlja v sredi\u0161\u010de pravice otrok \u2013 pravice, ki se jih praznuje en dan, a varuje vsak dan v letu.","robots":{"index":"index","follow":"follow","max-snippet":"max-snippet:-1","max-image-preview":"max-image-preview:large","max-video-preview":"max-video-preview:-1"},"canonical":"https:\/\/www.slogi.si\/en\/events\/svetovni-dan-gledalisca-za-otroke-in-mlade-2026\/","og_locale":"en_GB","og_type":"article","og_title":"Svetovni dan gledali\u0161\u010da za otroke in mlade 2026 - SLOGI","og_description":"Pod okriljem Mednarodnega zdru\u017eenja gledali\u0161\u010d za otroke in mlade ASSITEJ 20. marca obele\u017eujemo svetovni dan gledali\u0161\u010da za otroke in mlade. Leta 2026 poteka pod geslom, ki postavlja v sredi\u0161\u010de pravice otrok \u2013 pravice, ki se jih praznuje en dan, a varuje vsak dan v letu.","og_url":"https:\/\/www.slogi.si\/en\/events\/svetovni-dan-gledalisca-za-otroke-in-mlade-2026\/","og_site_name":"SLOGI","article_modified_time":"2026-04-02T10:10:24+00:00","og_image":[{"width":1920,"height":1080,"url":"https:\/\/www.slogi.si\/wp-content\/uploads\/2026\/03\/Svetovni-dan-gledalisca-za-otroke-in-mlade_w.jpg","type":"image\/jpeg"}],"twitter_card":"summary_large_image","twitter_misc":{"Estimated reading time":"1 minute"},"schema":{"@context":"https:\/\/schema.org","@graph":[{"@type":"WebPage","@id":"https:\/\/www.slogi.si\/dogodki\/svetovni-dan-gledalisca-za-otroke-in-mlade-2026\/","url":"https:\/\/www.slogi.si\/dogodki\/svetovni-dan-gledalisca-za-otroke-in-mlade-2026\/","name":"Svetovni dan gledali\u0161\u010da za otroke in mlade 2026 - SLOGI","isPartOf":{"@id":"https:\/\/www.slogi.si\/#website"},"primaryImageOfPage":{"@id":"https:\/\/www.slogi.si\/dogodki\/svetovni-dan-gledalisca-za-otroke-in-mlade-2026\/#primaryimage"},"image":{"@id":"https:\/\/www.slogi.si\/dogodki\/svetovni-dan-gledalisca-za-otroke-in-mlade-2026\/#primaryimage"},"thumbnailUrl":"https:\/\/www.slogi.si\/wp-content\/uploads\/2026\/03\/Svetovni-dan-gledalisca-za-otroke-in-mlade_w.jpg","datePublished":"2026-03-10T13:28:32+00:00","dateModified":"2026-04-02T10:10:24+00:00","description":"Pod okriljem Mednarodnega zdru\u017eenja gledali\u0161\u010d za otroke in mlade ASSITEJ 20. marca obele\u017eujemo svetovni dan gledali\u0161\u010da za otroke in mlade. Leta 2026 poteka pod geslom, ki postavlja v sredi\u0161\u010de pravice otrok \u2013 pravice, ki se jih praznuje en dan, a varuje vsak dan v letu.","breadcrumb":{"@id":"https:\/\/www.slogi.si\/dogodki\/svetovni-dan-gledalisca-za-otroke-in-mlade-2026\/#breadcrumb"},"inLanguage":"en-GB","potentialAction":[{"@type":"ReadAction","target":["https:\/\/www.slogi.si\/dogodki\/svetovni-dan-gledalisca-za-otroke-in-mlade-2026\/"]}]},{"@type":"ImageObject","inLanguage":"en-GB","@id":"https:\/\/www.slogi.si\/dogodki\/svetovni-dan-gledalisca-za-otroke-in-mlade-2026\/#primaryimage","url":"https:\/\/www.slogi.si\/wp-content\/uploads\/2026\/03\/Svetovni-dan-gledalisca-za-otroke-in-mlade_w.jpg","contentUrl":"https:\/\/www.slogi.si\/wp-content\/uploads\/2026\/03\/Svetovni-dan-gledalisca-za-otroke-in-mlade_w.jpg","width":1920,"height":1080},{"@type":"BreadcrumbList","@id":"https:\/\/www.slogi.si\/dogodki\/svetovni-dan-gledalisca-za-otroke-in-mlade-2026\/#breadcrumb","itemListElement":[{"@type":"ListItem","position":1,"name":"Home","item":"https:\/\/www.slogi.si\/"},{"@type":"ListItem","position":2,"name":"Svetovni dan gledali\u0161\u010da za otroke in mlade 2026"}]},{"@type":"WebSite","@id":"https:\/\/www.slogi.si\/#website","url":"https:\/\/www.slogi.si\/","name":"SLOGI","description":"Slovenian Theatre Institute","publisher":{"@id":"https:\/\/www.slogi.si\/#organization"},"alternateName":"Slovenski Gledali\u0161ki In\u0161titut","potentialAction":[{"@type":"SearchAction","target":{"@type":"EntryPoint","urlTemplate":"https:\/\/www.slogi.si\/?s={search_term_string}"},"query-input":{"@type":"PropertyValueSpecification","valueRequired":true,"valueName":"search_term_string"}}],"inLanguage":"en-GB"},{"@type":"Organization","@id":"https:\/\/www.slogi.si\/#organization","name":"SLOGI","alternateName":"Slovenski Gledali\u0161ki In\u0161titut","url":"https:\/\/www.slogi.si\/","logo":{"@type":"ImageObject","inLanguage":"en-GB","@id":"https:\/\/www.slogi.si\/#\/schema\/logo\/image\/","url":"https:\/\/www.slogi.si\/wp-content\/uploads\/2024\/01\/favicon.svg","contentUrl":"https:\/\/www.slogi.si\/wp-content\/uploads\/2024\/01\/favicon.svg","width":100,"height":100,"caption":"SLOGI"},"image":{"@id":"https:\/\/www.slogi.si\/#\/schema\/logo\/image\/"}}]}},"_links":{"self":[{"href":"https:\/\/www.slogi.si\/en\/wp-json\/wp\/v2\/dogodki\/18298","targetHints":{"allow":["GET"]}}],"collection":[{"href":"https:\/\/www.slogi.si\/en\/wp-json\/wp\/v2\/dogodki"}],"about":[{"href":"https:\/\/www.slogi.si\/en\/wp-json\/wp\/v2\/types\/dogodki"}],"wp:featuredmedia":[{"embeddable":true,"href":"https:\/\/www.slogi.si\/en\/wp-json\/wp\/v2\/media\/18299"}],"wp:attachment":[{"href":"https:\/\/www.slogi.si\/en\/wp-json\/wp\/v2\/media?parent=18298"}],"wp:term":[{"taxonomy":"category","embeddable":true,"href":"https:\/\/www.slogi.si\/en\/wp-json\/wp\/v2\/categories?post=18298"},{"taxonomy":"post_tag","embeddable":true,"href":"https:\/\/www.slogi.si\/en\/wp-json\/wp\/v2\/tags?post=18298"},{"taxonomy":"izpostavljamo","embeddable":true,"href":"https:\/\/www.slogi.si\/en\/wp-json\/wp\/v2\/izpostavljamo?post=18298"},{"taxonomy":"letnik","embeddable":true,"href":"https:\/\/www.slogi.si\/en\/wp-json\/wp\/v2\/letnik?post=18298"},{"taxonomy":"tip","embeddable":true,"href":"https:\/\/www.slogi.si\/en\/wp-json\/wp\/v2\/tip?post=18298"},{"taxonomy":"vrsta-razstave","embeddable":true,"href":"https:\/\/www.slogi.si\/en\/wp-json\/wp\/v2\/vrsta-razstave?post=18298"}],"curies":[{"name":"wp","href":"https:\/\/api.w.org\/{rel}","templated":true}]}}