{"id":18293,"date":"2026-03-12T12:20:53","date_gmt":"2026-03-12T11:20:53","guid":{"rendered":"https:\/\/www.slogi.si\/?post_type=dogodki&#038;p=18293"},"modified":"2026-03-26T09:26:58","modified_gmt":"2026-03-26T08:26:58","slug":"cveta-mirnik-kostumografinja-in-njen-svet_javno-vodstvo_250326","status":"publish","type":"dogodki","link":"https:\/\/www.slogi.si\/en\/dogodki\/cveta-mirnik-kostumografinja-in-njen-svet_javno-vodstvo_250326\/","title":{"rendered":"Javno vodstvo po razstavi Cveta Mirnik: kostumografinja in njen svet"},"content":{"rendered":"<p>The exhibition <a href=\"https:\/\/www.slogi.si\/en\/events\/cveta-mirnik_costume_designer_and_her_world\/\"><em>Cveta Mirnik: Costume Designer and her World<\/em><\/a> predstavlja opus kostumografinje <strong>Cvete Mirnik<\/strong> (1951\u20132021), ki je v slovenskih gledali\u0161\u010dih ter na filmu in televiziji zasnovala ve\u010d kot petin\u0161tirideset kostumografij. Ustvarjala je v celjskem, novogori\u0161kem, mariborskem in ptujskem gledali\u0161\u010du ter v Mestnem gledali\u0161\u010du ljubljanskem in SNG Drama Ljubljana. Njeno predanost ustvarjanju razodevajo tudi kostumografske skice, ki niso za\u017eivele na odru. Na razstavi so na ogled kostumografske skice iz zbirk Slovenskega gledali\u0161kega in\u0161tituta in Medob\u010dinske splo\u0161ne knji\u017enice \u017dalec ter kostumi, ki jih je Cveta Mirnik zasnovala v SNG Nova Gorica.<\/p>\n<p>Na javnem vodstvu vas bo v svet kostumografinje Cvete Mirnik popeljala avtorica razstave, muzejska svetovalka mag. <strong>Tea Rogelj<\/strong>.<\/p>\n<p><strong>Free entry!<\/strong><\/p>\n<p>Razstava v SLOGI je del medinstitucionalnega projekta <em>Cveta Mirnik: Costume Designer and her World<\/em>, pri katerem sodelujemo Slovenski gledali\u0161ki in\u0161titut, Medob\u010dinska splo\u0161na knji\u017enica \u017dalec in ZK\u0160T Zavod za kulturo, \u0161port in turizem \u017dalec. Projekt vklju\u010duje \u0161e razstavo, ki bo od 26. marca do 8. maja 2026 na ogled v Savinovem likovnem salonu, potujo\u010do razstavo in skupni razstavni katalog.<\/p>\n<p>You are cordially invited!<\/p>","protected":false},"excerpt":{"rendered":"<p>Na javnem vodstvu vas bo v svet kostumografinje Cvete Mirnik popeljala avtorica razstave, muzejska svetovalka mag. Tea Rogelj. <\/p>","protected":false},"featured_media":18285,"template":"","categories":[416],"tags":[],"izpostavljamo":[],"letnik":[639],"tip":[432],"vrsta-razstave":[],"class_list":["post-18293","dogodki","type-dogodki","status-publish","has-post-thumbnail","hentry","category-dogodki","letnik-639","tip-vodstvo"],"acf":[],"yoast_head":"<!-- This site is optimized with the Yoast SEO plugin v27.5 - https:\/\/yoast.com\/product\/yoast-seo-wordpress\/ -->\n<title>Javno vodstvo po razstavi Cveta Mirnik: kostumografinja in njen svet - SLOGI<\/title>\n<meta name=\"description\" content=\"Na javnem vodstvu vas bo v svet kostumografinje Cvete Mirnik popeljala avtorica razstave, muzejska svetovalka mag. Tea Rogelj. 25. marca ob 17.30 v SLOGI.\" \/>\n<meta name=\"robots\" content=\"index, follow, max-snippet:-1, max-image-preview:large, max-video-preview:-1\" \/>\n<link rel=\"canonical\" href=\"https:\/\/www.slogi.si\/en\/events\/cveta-mirnik-kostumografinja-in-njen-svet_javno-vodstvo_250326\/\" \/>\n<meta property=\"og:locale\" content=\"en_GB\" \/>\n<meta property=\"og:type\" content=\"article\" \/>\n<meta property=\"og:title\" content=\"Javno vodstvo po razstavi Cveta Mirnik: kostumografinja in njen svet - SLOGI\" \/>\n<meta property=\"og:description\" content=\"Na javnem vodstvu vas bo v svet kostumografinje Cvete Mirnik popeljala avtorica razstave, muzejska svetovalka mag. Tea Rogelj. 25. marca ob 17.30 v SLOGI.\" \/>\n<meta property=\"og:url\" content=\"https:\/\/www.slogi.si\/en\/events\/cveta-mirnik-kostumografinja-in-njen-svet_javno-vodstvo_250326\/\" \/>\n<meta property=\"og:site_name\" content=\"SLOGI\" \/>\n<meta property=\"article:modified_time\" content=\"2026-03-26T08:26:58+00:00\" \/>\n<meta property=\"og:image\" content=\"https:\/\/www.slogi.si\/wp-content\/uploads\/2025\/05\/NaslovnicaAP_FIN-scaled.png\" \/>\n\t<meta property=\"og:image:width\" content=\"2560\" \/>\n\t<meta property=\"og:image:height\" content=\"1440\" \/>\n\t<meta property=\"og:image:type\" content=\"image\/png\" \/>\n<meta name=\"twitter:card\" content=\"summary_large_image\" \/>\n<meta name=\"twitter:label1\" content=\"Estimated reading time\" \/>\n\t<meta name=\"twitter:data1\" content=\"8 minutes\" \/>\n<script type=\"application\/ld+json\" class=\"yoast-schema-graph\">{\"@context\":\"https:\\\/\\\/schema.org\",\"@graph\":[{\"@type\":\"WebPage\",\"@id\":\"https:\\\/\\\/www.slogi.si\\\/dogodki\\\/cveta-mirnik-kostumografinja-in-njen-svet_javno-vodstvo_250326\\\/\",\"url\":\"https:\\\/\\\/www.slogi.si\\\/dogodki\\\/cveta-mirnik-kostumografinja-in-njen-svet_javno-vodstvo_250326\\\/\",\"name\":\"Javno vodstvo po razstavi Cveta Mirnik: kostumografinja in njen svet - SLOGI\",\"isPartOf\":{\"@id\":\"https:\\\/\\\/www.slogi.si\\\/#website\"},\"primaryImageOfPage\":{\"@id\":\"https:\\\/\\\/www.slogi.si\\\/dogodki\\\/cveta-mirnik-kostumografinja-in-njen-svet_javno-vodstvo_250326\\\/#primaryimage\"},\"image\":{\"@id\":\"https:\\\/\\\/www.slogi.si\\\/dogodki\\\/cveta-mirnik-kostumografinja-in-njen-svet_javno-vodstvo_250326\\\/#primaryimage\"},\"thumbnailUrl\":\"https:\\\/\\\/www.slogi.si\\\/wp-content\\\/uploads\\\/2026\\\/03\\\/Cveta-Mirnik_kostumografinja_odprtje_10032026_foto-SLOGI-33.jpg\",\"datePublished\":\"2026-03-12T11:20:53+00:00\",\"dateModified\":\"2026-03-26T08:26:58+00:00\",\"description\":\"Na javnem vodstvu vas bo v svet kostumografinje Cvete Mirnik popeljala avtorica razstave, muzejska svetovalka mag. Tea Rogelj. 25. marca ob 17.30 v SLOGI.\",\"breadcrumb\":{\"@id\":\"https:\\\/\\\/www.slogi.si\\\/dogodki\\\/cveta-mirnik-kostumografinja-in-njen-svet_javno-vodstvo_250326\\\/#breadcrumb\"},\"inLanguage\":\"en-GB\",\"potentialAction\":[{\"@type\":\"ReadAction\",\"target\":[\"https:\\\/\\\/www.slogi.si\\\/dogodki\\\/cveta-mirnik-kostumografinja-in-njen-svet_javno-vodstvo_250326\\\/\"]}]},{\"@type\":\"ImageObject\",\"inLanguage\":\"en-GB\",\"@id\":\"https:\\\/\\\/www.slogi.si\\\/dogodki\\\/cveta-mirnik-kostumografinja-in-njen-svet_javno-vodstvo_250326\\\/#primaryimage\",\"url\":\"https:\\\/\\\/www.slogi.si\\\/wp-content\\\/uploads\\\/2026\\\/03\\\/Cveta-Mirnik_kostumografinja_odprtje_10032026_foto-SLOGI-33.jpg\",\"contentUrl\":\"https:\\\/\\\/www.slogi.si\\\/wp-content\\\/uploads\\\/2026\\\/03\\\/Cveta-Mirnik_kostumografinja_odprtje_10032026_foto-SLOGI-33.jpg\",\"width\":1285,\"height\":857,\"caption\":\"Cveta Mirnik: kostumografinja in njen svet, odprtje razstave v Slovenskem gledali\u0161kem in\u0161titutu, 10. marca 2026. Foto: SLOGI.\"},{\"@type\":\"BreadcrumbList\",\"@id\":\"https:\\\/\\\/www.slogi.si\\\/dogodki\\\/cveta-mirnik-kostumografinja-in-njen-svet_javno-vodstvo_250326\\\/#breadcrumb\",\"itemListElement\":[{\"@type\":\"ListItem\",\"position\":1,\"name\":\"Home\",\"item\":\"https:\\\/\\\/www.slogi.si\\\/\"},{\"@type\":\"ListItem\",\"position\":2,\"name\":\"Javno vodstvo po razstavi Cveta Mirnik: kostumografinja in njen svet\"}]},{\"@type\":\"WebSite\",\"@id\":\"https:\\\/\\\/www.slogi.si\\\/#website\",\"url\":\"https:\\\/\\\/www.slogi.si\\\/\",\"name\":\"SLOGI\",\"description\":\"Slovenski Gledali\u0161ki In\u0161titut\",\"publisher\":{\"@id\":\"https:\\\/\\\/www.slogi.si\\\/#organization\"},\"alternateName\":\"Slovenski Gledali\u0161ki In\u0161titut\",\"potentialAction\":[{\"@type\":\"SearchAction\",\"target\":{\"@type\":\"EntryPoint\",\"urlTemplate\":\"https:\\\/\\\/www.slogi.si\\\/?s={search_term_string}\"},\"query-input\":{\"@type\":\"PropertyValueSpecification\",\"valueRequired\":true,\"valueName\":\"search_term_string\"}}],\"inLanguage\":\"en-GB\"},{\"@type\":\"Organization\",\"@id\":\"https:\\\/\\\/www.slogi.si\\\/#organization\",\"name\":\"SLOGI\",\"alternateName\":\"Slovenski Gledali\u0161ki In\u0161titut\",\"url\":\"https:\\\/\\\/www.slogi.si\\\/\",\"logo\":{\"@type\":\"ImageObject\",\"inLanguage\":\"en-GB\",\"@id\":\"https:\\\/\\\/www.slogi.si\\\/#\\\/schema\\\/logo\\\/image\\\/\",\"url\":\"https:\\\/\\\/www.slogi.si\\\/wp-content\\\/uploads\\\/2024\\\/01\\\/favicon.svg\",\"contentUrl\":\"https:\\\/\\\/www.slogi.si\\\/wp-content\\\/uploads\\\/2024\\\/01\\\/favicon.svg\",\"width\":100,\"height\":100,\"caption\":\"SLOGI\"},\"image\":{\"@id\":\"https:\\\/\\\/www.slogi.si\\\/#\\\/schema\\\/logo\\\/image\\\/\"}}]}<\/script>\n<!-- \/ Yoast SEO plugin. -->","yoast_head_json":{"title":"Javno vodstvo po razstavi Cveta Mirnik: kostumografinja in njen svet - SLOGI","description":"Na javnem vodstvu vas bo v svet kostumografinje Cvete Mirnik popeljala avtorica razstave, muzejska svetovalka mag. Tea Rogelj. 25. marca ob 17.30 v SLOGI.","robots":{"index":"index","follow":"follow","max-snippet":"max-snippet:-1","max-image-preview":"max-image-preview:large","max-video-preview":"max-video-preview:-1"},"canonical":"https:\/\/www.slogi.si\/en\/events\/cveta-mirnik-kostumografinja-in-njen-svet_javno-vodstvo_250326\/","og_locale":"en_GB","og_type":"article","og_title":"Javno vodstvo po razstavi Cveta Mirnik: kostumografinja in njen svet - SLOGI","og_description":"Na javnem vodstvu vas bo v svet kostumografinje Cvete Mirnik popeljala avtorica razstave, muzejska svetovalka mag. Tea Rogelj. 25. marca ob 17.30 v SLOGI.","og_url":"https:\/\/www.slogi.si\/en\/events\/cveta-mirnik-kostumografinja-in-njen-svet_javno-vodstvo_250326\/","og_site_name":"SLOGI","article_modified_time":"2026-03-26T08:26:58+00:00","og_image":[{"width":2560,"height":1440,"url":"https:\/\/www.slogi.si\/wp-content\/uploads\/2025\/05\/NaslovnicaAP_FIN-scaled.png","type":"image\/png"}],"twitter_card":"summary_large_image","twitter_misc":{"Estimated reading time":"8 minutes"},"schema":{"@context":"https:\/\/schema.org","@graph":[{"@type":"WebPage","@id":"https:\/\/www.slogi.si\/dogodki\/cveta-mirnik-kostumografinja-in-njen-svet_javno-vodstvo_250326\/","url":"https:\/\/www.slogi.si\/dogodki\/cveta-mirnik-kostumografinja-in-njen-svet_javno-vodstvo_250326\/","name":"Javno vodstvo po razstavi Cveta Mirnik: kostumografinja in njen svet - SLOGI","isPartOf":{"@id":"https:\/\/www.slogi.si\/#website"},"primaryImageOfPage":{"@id":"https:\/\/www.slogi.si\/dogodki\/cveta-mirnik-kostumografinja-in-njen-svet_javno-vodstvo_250326\/#primaryimage"},"image":{"@id":"https:\/\/www.slogi.si\/dogodki\/cveta-mirnik-kostumografinja-in-njen-svet_javno-vodstvo_250326\/#primaryimage"},"thumbnailUrl":"https:\/\/www.slogi.si\/wp-content\/uploads\/2026\/03\/Cveta-Mirnik_kostumografinja_odprtje_10032026_foto-SLOGI-33.jpg","datePublished":"2026-03-12T11:20:53+00:00","dateModified":"2026-03-26T08:26:58+00:00","description":"Na javnem vodstvu vas bo v svet kostumografinje Cvete Mirnik popeljala avtorica razstave, muzejska svetovalka mag. Tea Rogelj. 25. marca ob 17.30 v SLOGI.","breadcrumb":{"@id":"https:\/\/www.slogi.si\/dogodki\/cveta-mirnik-kostumografinja-in-njen-svet_javno-vodstvo_250326\/#breadcrumb"},"inLanguage":"en-GB","potentialAction":[{"@type":"ReadAction","target":["https:\/\/www.slogi.si\/dogodki\/cveta-mirnik-kostumografinja-in-njen-svet_javno-vodstvo_250326\/"]}]},{"@type":"ImageObject","inLanguage":"en-GB","@id":"https:\/\/www.slogi.si\/dogodki\/cveta-mirnik-kostumografinja-in-njen-svet_javno-vodstvo_250326\/#primaryimage","url":"https:\/\/www.slogi.si\/wp-content\/uploads\/2026\/03\/Cveta-Mirnik_kostumografinja_odprtje_10032026_foto-SLOGI-33.jpg","contentUrl":"https:\/\/www.slogi.si\/wp-content\/uploads\/2026\/03\/Cveta-Mirnik_kostumografinja_odprtje_10032026_foto-SLOGI-33.jpg","width":1285,"height":857,"caption":"Cveta Mirnik: kostumografinja in njen svet, odprtje razstave v Slovenskem gledali\u0161kem in\u0161titutu, 10. marca 2026. Foto: SLOGI."},{"@type":"BreadcrumbList","@id":"https:\/\/www.slogi.si\/dogodki\/cveta-mirnik-kostumografinja-in-njen-svet_javno-vodstvo_250326\/#breadcrumb","itemListElement":[{"@type":"ListItem","position":1,"name":"Home","item":"https:\/\/www.slogi.si\/"},{"@type":"ListItem","position":2,"name":"Javno vodstvo po razstavi Cveta Mirnik: kostumografinja in njen svet"}]},{"@type":"WebSite","@id":"https:\/\/www.slogi.si\/#website","url":"https:\/\/www.slogi.si\/","name":"SLOGI","description":"Slovenian Theatre Institute","publisher":{"@id":"https:\/\/www.slogi.si\/#organization"},"alternateName":"Slovenski Gledali\u0161ki In\u0161titut","potentialAction":[{"@type":"SearchAction","target":{"@type":"EntryPoint","urlTemplate":"https:\/\/www.slogi.si\/?s={search_term_string}"},"query-input":{"@type":"PropertyValueSpecification","valueRequired":true,"valueName":"search_term_string"}}],"inLanguage":"en-GB"},{"@type":"Organization","@id":"https:\/\/www.slogi.si\/#organization","name":"SLOGI","alternateName":"Slovenski Gledali\u0161ki In\u0161titut","url":"https:\/\/www.slogi.si\/","logo":{"@type":"ImageObject","inLanguage":"en-GB","@id":"https:\/\/www.slogi.si\/#\/schema\/logo\/image\/","url":"https:\/\/www.slogi.si\/wp-content\/uploads\/2024\/01\/favicon.svg","contentUrl":"https:\/\/www.slogi.si\/wp-content\/uploads\/2024\/01\/favicon.svg","width":100,"height":100,"caption":"SLOGI"},"image":{"@id":"https:\/\/www.slogi.si\/#\/schema\/logo\/image\/"}}]}},"_links":{"self":[{"href":"https:\/\/www.slogi.si\/en\/wp-json\/wp\/v2\/dogodki\/18293","targetHints":{"allow":["GET"]}}],"collection":[{"href":"https:\/\/www.slogi.si\/en\/wp-json\/wp\/v2\/dogodki"}],"about":[{"href":"https:\/\/www.slogi.si\/en\/wp-json\/wp\/v2\/types\/dogodki"}],"wp:featuredmedia":[{"embeddable":true,"href":"https:\/\/www.slogi.si\/en\/wp-json\/wp\/v2\/media\/18285"}],"wp:attachment":[{"href":"https:\/\/www.slogi.si\/en\/wp-json\/wp\/v2\/media?parent=18293"}],"wp:term":[{"taxonomy":"category","embeddable":true,"href":"https:\/\/www.slogi.si\/en\/wp-json\/wp\/v2\/categories?post=18293"},{"taxonomy":"post_tag","embeddable":true,"href":"https:\/\/www.slogi.si\/en\/wp-json\/wp\/v2\/tags?post=18293"},{"taxonomy":"izpostavljamo","embeddable":true,"href":"https:\/\/www.slogi.si\/en\/wp-json\/wp\/v2\/izpostavljamo?post=18293"},{"taxonomy":"letnik","embeddable":true,"href":"https:\/\/www.slogi.si\/en\/wp-json\/wp\/v2\/letnik?post=18293"},{"taxonomy":"tip","embeddable":true,"href":"https:\/\/www.slogi.si\/en\/wp-json\/wp\/v2\/tip?post=18293"},{"taxonomy":"vrsta-razstave","embeddable":true,"href":"https:\/\/www.slogi.si\/en\/wp-json\/wp\/v2\/vrsta-razstave?post=18293"}],"curies":[{"name":"wp","href":"https:\/\/api.w.org\/{rel}","templated":true}]}}