{"id":18195,"date":"2026-02-26T13:00:16","date_gmt":"2026-02-26T12:00:16","guid":{"rendered":"https:\/\/www.slogi.si\/?post_type=dogodki&#038;p=18195"},"modified":"2026-04-03T13:50:51","modified_gmt":"2026-04-03T11:50:51","slug":"iz-nasih-zbirk-cveta-mirnik-kostumografinja-in-njen-svet","status":"publish","type":"dogodki","link":"https:\/\/www.slogi.si\/en\/dogodki\/iz-nasih-zbirk-cveta-mirnik-kostumografinja-in-njen-svet\/","title":{"rendered":"From our collections \u2013 Cveta Mirnik: Costume Designer and her World"},"content":{"rendered":"<p>We are presenting our collections.<\/p>\n<p><strong><em>Cveta Mirnik: Costume Designer and her World<\/em><\/strong><\/p>\n<p><strong>Cveta Mirnik<\/strong> (1951\u20132021) studied costume design at the Academy of Applied Arts in Belgrade. She graduated in September 1978 and immediately created her first theatre costumes \u2013 for the first staging of the <em>Pindar's Ode<\/em> by Janez \u017dmavc at Celje City Theatre.<\/p>\n<p>The costume design ouvre of Cveta Mirnik is perhaps less extensive, but its imprint marks the period between 1978 and 2005. She created 45 costume designs at various Slovenian theatre institutions, but collaborated in film and television as well.<\/p>\n<p>She was awarded the Bor\u0161tnik Prize twice, in 1979 and 1985. Except for theatre stages, she presented sketches and costumes in the frame of individual exhibitions in \u017dalec, La\u0161ko, Celje and Maribor, as well as at group exhibitions at home and abroad.<\/p>\n<p class=\"translation-block\">The exhibit is at display in the domains of SLOGI (Mestni trg 17, 1st floor) from March 10 to May 22, 2026.<\/p>\n<p>From our collections \u2013 March 2026 poster:<\/p>\n<div dir=\"auto\">\n<div id='gallery-1' class='gallery galleryid-18195 gallery-columns-2 gallery-size-thumbnail'><figure class='gallery-item'>\n\t\t\t<div class='gallery-icon landscape'>\n\t\t\t\t<a href='https:\/\/www.slogi.si\/wp-content\/uploads\/2026\/03\/Plakat-marec-2026.jpg'><img decoding=\"async\" width=\"150\" height=\"150\" src=\"https:\/\/www.slogi.si\/wp-content\/uploads\/2026\/03\/Plakat-marec-2026-150x150.jpg\" class=\"attachment-thumbnail size-thumbnail\" alt=\"\" srcset=\"https:\/\/www.slogi.si\/wp-content\/uploads\/2026\/03\/Plakat-marec-2026-150x150.jpg 150w, https:\/\/www.slogi.si\/wp-content\/uploads\/2026\/03\/Plakat-marec-2026-300x300.jpg 300w, https:\/\/www.slogi.si\/wp-content\/uploads\/2026\/03\/Plakat-marec-2026-1024x1024.jpg 1024w, https:\/\/www.slogi.si\/wp-content\/uploads\/2026\/03\/Plakat-marec-2026-768x768.jpg 768w, https:\/\/www.slogi.si\/wp-content\/uploads\/2026\/03\/Plakat-marec-2026-1536x1536.jpg 1536w, https:\/\/www.slogi.si\/wp-content\/uploads\/2026\/03\/Plakat-marec-2026-12x12.jpg 12w, https:\/\/www.slogi.si\/wp-content\/uploads\/2026\/03\/Plakat-marec-2026.jpg 2048w\" sizes=\"(max-width: 150px) 100vw, 150px\" \/><\/a>\n\t\t\t<\/div><\/figure><figure class='gallery-item'>\n\t\t\t<div class='gallery-icon landscape'>\n\t\t\t\t<a href='https:\/\/www.slogi.si\/wp-content\/uploads\/2026\/03\/Kostumske-skice-Cvete-Mirnik-za-farsicno-tragedijo-Victor-ali-Otroci-na-oblasti.jpg'><img decoding=\"async\" width=\"150\" height=\"150\" src=\"https:\/\/www.slogi.si\/wp-content\/uploads\/2026\/03\/Kostumske-skice-Cvete-Mirnik-za-farsicno-tragedijo-Victor-ali-Otroci-na-oblasti-150x150.jpg\" class=\"attachment-thumbnail size-thumbnail\" alt=\"Costume Sketches by Cveta Mirnik for the Farcical Tragedy Victor, or The Children in Power by Roger Vitrac, Celje City Theatre, 1992. Mixed painting techniques (crayon, felt tip pen, watercolor), paper, 36 x 50 cm; Slovenian Theatre Institute.\" aria-describedby=\"gallery-1-18196\" \/><\/a>\n\t\t\t<\/div>\n\t\t\t\t<figcaption class='wp-caption-text gallery-caption translation-block' id='gallery-1-18196'>Costume Sketches by Cveta Mirnik for the Farcical Tragedy <em>Victor, or The Children in Power<\/em> by Roger Vitrac, Celje City Theatre, 1992. Mixed painting techniques (crayon, felt tip pen, watercolor), paper, 36 x 50 cm; Slovenian Theatre Institute.<\/figcaption><\/figure>\n\t\t<\/div>\n\n<\/div>","protected":false},"excerpt":{"rendered":"<p>Cveta Mirnik je septembra 1978 diplomirala in \u0161e isto leto zasnovala svojo prvo gledali\u0161ko kostumografijo \u2013 sodelovala je pri krstni postavitvi Pindarove Ode Janeza \u017dmavca v Slovenskem ljudskem gledali\u0161\u010du Celje.<\/p>","protected":false},"featured_media":18196,"template":"","categories":[416],"tags":[],"izpostavljamo":[],"letnik":[639],"tip":[],"vrsta-razstave":[],"class_list":["post-18195","dogodki","type-dogodki","status-publish","has-post-thumbnail","hentry","category-dogodki","letnik-639"],"acf":[],"yoast_head":"<!-- This site is optimized with the Yoast SEO plugin v27.5 - https:\/\/yoast.com\/product\/yoast-seo-wordpress\/ -->\n<title>Iz na\u0161ih zbirk - Cveta Mirnik: kostumografinja in njen svet - SLOGI<\/title>\n<meta name=\"description\" content=\"Cveta Mirnik (1951\u20132021) je \u0161tudirala kostumografijo na Akademiji uporabnih umetnosti v Beogradu. Septembra 1978 je diplomirala in \u0161e isto leto zasnovala svojo prvo gledali\u0161ko kostumografijo \u2013 sodelovala je pri krstni postavitvi Pindarove Ode Janeza \u017dmavca v Slovenskem ljudskem gledali\u0161\u010du Celje. Razstavo Cveta Mirnik: kostumografinja in njen svet si lahko ogledate od 10. marca do 22. maja 2026 v Dvorani SLOGI (Mestni trg 17, 1. nadstropje).\" \/>\n<meta name=\"robots\" content=\"index, follow, max-snippet:-1, max-image-preview:large, max-video-preview:-1\" \/>\n<link rel=\"canonical\" href=\"https:\/\/www.slogi.si\/en\/events\/iz-nasih-zbirk-cveta-mirnik-kostumografinja-in-njen-svet\/\" \/>\n<meta property=\"og:locale\" content=\"en_GB\" \/>\n<meta property=\"og:type\" content=\"article\" \/>\n<meta property=\"og:title\" content=\"Iz na\u0161ih zbirk - Cveta Mirnik: kostumografinja in njen svet - SLOGI\" \/>\n<meta property=\"og:description\" content=\"Cveta Mirnik (1951\u20132021) je \u0161tudirala kostumografijo na Akademiji uporabnih umetnosti v Beogradu. Septembra 1978 je diplomirala in \u0161e isto leto zasnovala svojo prvo gledali\u0161ko kostumografijo \u2013 sodelovala je pri krstni postavitvi Pindarove Ode Janeza \u017dmavca v Slovenskem ljudskem gledali\u0161\u010du Celje. Razstavo Cveta Mirnik: kostumografinja in njen svet si lahko ogledate od 10. marca do 22. maja 2026 v Dvorani SLOGI (Mestni trg 17, 1. nadstropje).\" \/>\n<meta property=\"og:url\" content=\"https:\/\/www.slogi.si\/en\/events\/iz-nasih-zbirk-cveta-mirnik-kostumografinja-in-njen-svet\/\" \/>\n<meta property=\"og:site_name\" content=\"SLOGI\" \/>\n<meta property=\"article:modified_time\" content=\"2026-04-03T11:50:51+00:00\" \/>\n<meta property=\"og:image\" content=\"https:\/\/www.slogi.si\/wp-content\/uploads\/2026\/03\/Kostumske-skice-Cvete-Mirnik-za-farsicno-tragedijo-Victor-ali-Otroci-na-oblasti.jpg\" \/>\n\t<meta property=\"og:image:width\" content=\"1024\" \/>\n\t<meta property=\"og:image:height\" content=\"723\" \/>\n\t<meta property=\"og:image:type\" content=\"image\/jpeg\" \/>\n<meta name=\"twitter:card\" content=\"summary_large_image\" \/>\n<meta name=\"twitter:label1\" content=\"Estimated reading time\" \/>\n\t<meta name=\"twitter:data1\" content=\"2 minutes\" \/>\n<script type=\"application\/ld+json\" class=\"yoast-schema-graph\">{\"@context\":\"https:\\\/\\\/schema.org\",\"@graph\":[{\"@type\":\"WebPage\",\"@id\":\"https:\\\/\\\/www.slogi.si\\\/dogodki\\\/iz-nasih-zbirk-cveta-mirnik-kostumografinja-in-njen-svet\\\/\",\"url\":\"https:\\\/\\\/www.slogi.si\\\/dogodki\\\/iz-nasih-zbirk-cveta-mirnik-kostumografinja-in-njen-svet\\\/\",\"name\":\"Iz na\u0161ih zbirk - Cveta Mirnik: kostumografinja in njen svet - SLOGI\",\"isPartOf\":{\"@id\":\"https:\\\/\\\/www.slogi.si\\\/#website\"},\"primaryImageOfPage\":{\"@id\":\"https:\\\/\\\/www.slogi.si\\\/dogodki\\\/iz-nasih-zbirk-cveta-mirnik-kostumografinja-in-njen-svet\\\/#primaryimage\"},\"image\":{\"@id\":\"https:\\\/\\\/www.slogi.si\\\/dogodki\\\/iz-nasih-zbirk-cveta-mirnik-kostumografinja-in-njen-svet\\\/#primaryimage\"},\"thumbnailUrl\":\"https:\\\/\\\/www.slogi.si\\\/wp-content\\\/uploads\\\/2026\\\/03\\\/Kostumske-skice-Cvete-Mirnik-za-farsicno-tragedijo-Victor-ali-Otroci-na-oblasti.jpg\",\"datePublished\":\"2026-02-26T12:00:16+00:00\",\"dateModified\":\"2026-04-03T11:50:51+00:00\",\"description\":\"Cveta Mirnik (1951\u20132021) je \u0161tudirala kostumografijo na Akademiji uporabnih umetnosti v Beogradu. Septembra 1978 je diplomirala in \u0161e isto leto zasnovala svojo prvo gledali\u0161ko kostumografijo \u2013 sodelovala je pri krstni postavitvi Pindarove Ode Janeza \u017dmavca v Slovenskem ljudskem gledali\u0161\u010du Celje. Razstavo Cveta Mirnik: kostumografinja in njen svet si lahko ogledate od 10. marca do 22. maja 2026 v Dvorani SLOGI (Mestni trg 17, 1. nadstropje).\",\"breadcrumb\":{\"@id\":\"https:\\\/\\\/www.slogi.si\\\/dogodki\\\/iz-nasih-zbirk-cveta-mirnik-kostumografinja-in-njen-svet\\\/#breadcrumb\"},\"inLanguage\":\"en-GB\",\"potentialAction\":[{\"@type\":\"ReadAction\",\"target\":[\"https:\\\/\\\/www.slogi.si\\\/dogodki\\\/iz-nasih-zbirk-cveta-mirnik-kostumografinja-in-njen-svet\\\/\"]}]},{\"@type\":\"ImageObject\",\"inLanguage\":\"en-GB\",\"@id\":\"https:\\\/\\\/www.slogi.si\\\/dogodki\\\/iz-nasih-zbirk-cveta-mirnik-kostumografinja-in-njen-svet\\\/#primaryimage\",\"url\":\"https:\\\/\\\/www.slogi.si\\\/wp-content\\\/uploads\\\/2026\\\/03\\\/Kostumske-skice-Cvete-Mirnik-za-farsicno-tragedijo-Victor-ali-Otroci-na-oblasti.jpg\",\"contentUrl\":\"https:\\\/\\\/www.slogi.si\\\/wp-content\\\/uploads\\\/2026\\\/03\\\/Kostumske-skice-Cvete-Mirnik-za-farsicno-tragedijo-Victor-ali-Otroci-na-oblasti.jpg\",\"width\":1024,\"height\":723,\"caption\":\"Kostumske skice Cvete Mirnik za farsi\u010dno tragedijo Victor ali Otroci na oblasti Rogerja Vitraca, SLG Celje, 1992. Me\u0161ana tehnika (vo\u0161\u010denka, flomaster, akvarel), papir, 36 x 50 cm; Slovenski gledali\u0161ki in\u0161titut.\"},{\"@type\":\"BreadcrumbList\",\"@id\":\"https:\\\/\\\/www.slogi.si\\\/dogodki\\\/iz-nasih-zbirk-cveta-mirnik-kostumografinja-in-njen-svet\\\/#breadcrumb\",\"itemListElement\":[{\"@type\":\"ListItem\",\"position\":1,\"name\":\"Home\",\"item\":\"https:\\\/\\\/www.slogi.si\\\/\"},{\"@type\":\"ListItem\",\"position\":2,\"name\":\"Iz na\u0161ih zbirk &#8211; Cveta Mirnik: kostumografinja in njen svet\"}]},{\"@type\":\"WebSite\",\"@id\":\"https:\\\/\\\/www.slogi.si\\\/#website\",\"url\":\"https:\\\/\\\/www.slogi.si\\\/\",\"name\":\"SLOGI\",\"description\":\"Slovenski Gledali\u0161ki In\u0161titut\",\"publisher\":{\"@id\":\"https:\\\/\\\/www.slogi.si\\\/#organization\"},\"alternateName\":\"Slovenski Gledali\u0161ki In\u0161titut\",\"potentialAction\":[{\"@type\":\"SearchAction\",\"target\":{\"@type\":\"EntryPoint\",\"urlTemplate\":\"https:\\\/\\\/www.slogi.si\\\/?s={search_term_string}\"},\"query-input\":{\"@type\":\"PropertyValueSpecification\",\"valueRequired\":true,\"valueName\":\"search_term_string\"}}],\"inLanguage\":\"en-GB\"},{\"@type\":\"Organization\",\"@id\":\"https:\\\/\\\/www.slogi.si\\\/#organization\",\"name\":\"SLOGI\",\"alternateName\":\"Slovenski Gledali\u0161ki In\u0161titut\",\"url\":\"https:\\\/\\\/www.slogi.si\\\/\",\"logo\":{\"@type\":\"ImageObject\",\"inLanguage\":\"en-GB\",\"@id\":\"https:\\\/\\\/www.slogi.si\\\/#\\\/schema\\\/logo\\\/image\\\/\",\"url\":\"https:\\\/\\\/www.slogi.si\\\/wp-content\\\/uploads\\\/2024\\\/01\\\/favicon.svg\",\"contentUrl\":\"https:\\\/\\\/www.slogi.si\\\/wp-content\\\/uploads\\\/2024\\\/01\\\/favicon.svg\",\"width\":100,\"height\":100,\"caption\":\"SLOGI\"},\"image\":{\"@id\":\"https:\\\/\\\/www.slogi.si\\\/#\\\/schema\\\/logo\\\/image\\\/\"}}]}<\/script>\n<!-- \/ Yoast SEO plugin. -->","yoast_head_json":{"title":"Iz na\u0161ih zbirk - Cveta Mirnik: kostumografinja in njen svet - SLOGI","description":"Cveta Mirnik (1951\u20132021) je \u0161tudirala kostumografijo na Akademiji uporabnih umetnosti v Beogradu. Septembra 1978 je diplomirala in \u0161e isto leto zasnovala svojo prvo gledali\u0161ko kostumografijo \u2013 sodelovala je pri krstni postavitvi Pindarove Ode Janeza \u017dmavca v Slovenskem ljudskem gledali\u0161\u010du Celje. Razstavo Cveta Mirnik: kostumografinja in njen svet si lahko ogledate od 10. marca do 22. maja 2026 v Dvorani SLOGI (Mestni trg 17, 1. nadstropje).","robots":{"index":"index","follow":"follow","max-snippet":"max-snippet:-1","max-image-preview":"max-image-preview:large","max-video-preview":"max-video-preview:-1"},"canonical":"https:\/\/www.slogi.si\/en\/events\/iz-nasih-zbirk-cveta-mirnik-kostumografinja-in-njen-svet\/","og_locale":"en_GB","og_type":"article","og_title":"Iz na\u0161ih zbirk - Cveta Mirnik: kostumografinja in njen svet - SLOGI","og_description":"Cveta Mirnik (1951\u20132021) je \u0161tudirala kostumografijo na Akademiji uporabnih umetnosti v Beogradu. Septembra 1978 je diplomirala in \u0161e isto leto zasnovala svojo prvo gledali\u0161ko kostumografijo \u2013 sodelovala je pri krstni postavitvi Pindarove Ode Janeza \u017dmavca v Slovenskem ljudskem gledali\u0161\u010du Celje. Razstavo Cveta Mirnik: kostumografinja in njen svet si lahko ogledate od 10. marca do 22. maja 2026 v Dvorani SLOGI (Mestni trg 17, 1. nadstropje).","og_url":"https:\/\/www.slogi.si\/en\/events\/iz-nasih-zbirk-cveta-mirnik-kostumografinja-in-njen-svet\/","og_site_name":"SLOGI","article_modified_time":"2026-04-03T11:50:51+00:00","og_image":[{"width":1024,"height":723,"url":"https:\/\/www.slogi.si\/wp-content\/uploads\/2026\/03\/Kostumske-skice-Cvete-Mirnik-za-farsicno-tragedijo-Victor-ali-Otroci-na-oblasti.jpg","type":"image\/jpeg"}],"twitter_card":"summary_large_image","twitter_misc":{"Estimated reading time":"2 minutes"},"schema":{"@context":"https:\/\/schema.org","@graph":[{"@type":"WebPage","@id":"https:\/\/www.slogi.si\/dogodki\/iz-nasih-zbirk-cveta-mirnik-kostumografinja-in-njen-svet\/","url":"https:\/\/www.slogi.si\/dogodki\/iz-nasih-zbirk-cveta-mirnik-kostumografinja-in-njen-svet\/","name":"Iz na\u0161ih zbirk - Cveta Mirnik: kostumografinja in njen svet - SLOGI","isPartOf":{"@id":"https:\/\/www.slogi.si\/#website"},"primaryImageOfPage":{"@id":"https:\/\/www.slogi.si\/dogodki\/iz-nasih-zbirk-cveta-mirnik-kostumografinja-in-njen-svet\/#primaryimage"},"image":{"@id":"https:\/\/www.slogi.si\/dogodki\/iz-nasih-zbirk-cveta-mirnik-kostumografinja-in-njen-svet\/#primaryimage"},"thumbnailUrl":"https:\/\/www.slogi.si\/wp-content\/uploads\/2026\/03\/Kostumske-skice-Cvete-Mirnik-za-farsicno-tragedijo-Victor-ali-Otroci-na-oblasti.jpg","datePublished":"2026-02-26T12:00:16+00:00","dateModified":"2026-04-03T11:50:51+00:00","description":"Cveta Mirnik (1951\u20132021) je \u0161tudirala kostumografijo na Akademiji uporabnih umetnosti v Beogradu. Septembra 1978 je diplomirala in \u0161e isto leto zasnovala svojo prvo gledali\u0161ko kostumografijo \u2013 sodelovala je pri krstni postavitvi Pindarove Ode Janeza \u017dmavca v Slovenskem ljudskem gledali\u0161\u010du Celje. Razstavo Cveta Mirnik: kostumografinja in njen svet si lahko ogledate od 10. marca do 22. maja 2026 v Dvorani SLOGI (Mestni trg 17, 1. nadstropje).","breadcrumb":{"@id":"https:\/\/www.slogi.si\/dogodki\/iz-nasih-zbirk-cveta-mirnik-kostumografinja-in-njen-svet\/#breadcrumb"},"inLanguage":"en-GB","potentialAction":[{"@type":"ReadAction","target":["https:\/\/www.slogi.si\/dogodki\/iz-nasih-zbirk-cveta-mirnik-kostumografinja-in-njen-svet\/"]}]},{"@type":"ImageObject","inLanguage":"en-GB","@id":"https:\/\/www.slogi.si\/dogodki\/iz-nasih-zbirk-cveta-mirnik-kostumografinja-in-njen-svet\/#primaryimage","url":"https:\/\/www.slogi.si\/wp-content\/uploads\/2026\/03\/Kostumske-skice-Cvete-Mirnik-za-farsicno-tragedijo-Victor-ali-Otroci-na-oblasti.jpg","contentUrl":"https:\/\/www.slogi.si\/wp-content\/uploads\/2026\/03\/Kostumske-skice-Cvete-Mirnik-za-farsicno-tragedijo-Victor-ali-Otroci-na-oblasti.jpg","width":1024,"height":723,"caption":"Kostumske skice Cvete Mirnik za farsi\u010dno tragedijo Victor ali Otroci na oblasti Rogerja Vitraca, SLG Celje, 1992. Me\u0161ana tehnika (vo\u0161\u010denka, flomaster, akvarel), papir, 36 x 50 cm; Slovenski gledali\u0161ki in\u0161titut."},{"@type":"BreadcrumbList","@id":"https:\/\/www.slogi.si\/dogodki\/iz-nasih-zbirk-cveta-mirnik-kostumografinja-in-njen-svet\/#breadcrumb","itemListElement":[{"@type":"ListItem","position":1,"name":"Home","item":"https:\/\/www.slogi.si\/"},{"@type":"ListItem","position":2,"name":"Iz na\u0161ih zbirk &#8211; Cveta Mirnik: kostumografinja in njen svet"}]},{"@type":"WebSite","@id":"https:\/\/www.slogi.si\/#website","url":"https:\/\/www.slogi.si\/","name":"SLOGI","description":"Slovenian Theatre Institute","publisher":{"@id":"https:\/\/www.slogi.si\/#organization"},"alternateName":"Slovenski Gledali\u0161ki In\u0161titut","potentialAction":[{"@type":"SearchAction","target":{"@type":"EntryPoint","urlTemplate":"https:\/\/www.slogi.si\/?s={search_term_string}"},"query-input":{"@type":"PropertyValueSpecification","valueRequired":true,"valueName":"search_term_string"}}],"inLanguage":"en-GB"},{"@type":"Organization","@id":"https:\/\/www.slogi.si\/#organization","name":"SLOGI","alternateName":"Slovenski Gledali\u0161ki In\u0161titut","url":"https:\/\/www.slogi.si\/","logo":{"@type":"ImageObject","inLanguage":"en-GB","@id":"https:\/\/www.slogi.si\/#\/schema\/logo\/image\/","url":"https:\/\/www.slogi.si\/wp-content\/uploads\/2024\/01\/favicon.svg","contentUrl":"https:\/\/www.slogi.si\/wp-content\/uploads\/2024\/01\/favicon.svg","width":100,"height":100,"caption":"SLOGI"},"image":{"@id":"https:\/\/www.slogi.si\/#\/schema\/logo\/image\/"}}]}},"_links":{"self":[{"href":"https:\/\/www.slogi.si\/en\/wp-json\/wp\/v2\/dogodki\/18195","targetHints":{"allow":["GET"]}}],"collection":[{"href":"https:\/\/www.slogi.si\/en\/wp-json\/wp\/v2\/dogodki"}],"about":[{"href":"https:\/\/www.slogi.si\/en\/wp-json\/wp\/v2\/types\/dogodki"}],"wp:featuredmedia":[{"embeddable":true,"href":"https:\/\/www.slogi.si\/en\/wp-json\/wp\/v2\/media\/18196"}],"wp:attachment":[{"href":"https:\/\/www.slogi.si\/en\/wp-json\/wp\/v2\/media?parent=18195"}],"wp:term":[{"taxonomy":"category","embeddable":true,"href":"https:\/\/www.slogi.si\/en\/wp-json\/wp\/v2\/categories?post=18195"},{"taxonomy":"post_tag","embeddable":true,"href":"https:\/\/www.slogi.si\/en\/wp-json\/wp\/v2\/tags?post=18195"},{"taxonomy":"izpostavljamo","embeddable":true,"href":"https:\/\/www.slogi.si\/en\/wp-json\/wp\/v2\/izpostavljamo?post=18195"},{"taxonomy":"letnik","embeddable":true,"href":"https:\/\/www.slogi.si\/en\/wp-json\/wp\/v2\/letnik?post=18195"},{"taxonomy":"tip","embeddable":true,"href":"https:\/\/www.slogi.si\/en\/wp-json\/wp\/v2\/tip?post=18195"},{"taxonomy":"vrsta-razstave","embeddable":true,"href":"https:\/\/www.slogi.si\/en\/wp-json\/wp\/v2\/vrsta-razstave?post=18195"}],"curies":[{"name":"wp","href":"https:\/\/api.w.org\/{rel}","templated":true}]}}