{"id":17935,"date":"2026-01-30T15:00:54","date_gmt":"2026-01-30T14:00:54","guid":{"rendered":"https:\/\/www.slogi.si\/?post_type=dogodki&#038;p=17935"},"modified":"2026-03-23T13:25:33","modified_gmt":"2026-03-23T12:25:33","slug":"ibsen-na-slovenskih-odrih","status":"publish","type":"dogodki","link":"https:\/\/www.slogi.si\/en\/dogodki\/ibsen-na-slovenskih-odrih\/","title":{"rendered":"Ibsen na slovenskih odrih, cikel predavanj SLOGI in Drama"},"content":{"rendered":"<h4 style=\"text-align: center;\">Insights into the Theatre History<br \/>\nLecture series SLOGI and Drama<\/h4>\n<h3 style=\"text-align: center;\">Dr. Matic Kocijan\u010di\u010d:<\/h3>\n<h2 class=\"pf0\" style=\"text-align: center;\"><em><span class=\"cf0\"> Ibsen na slovenskih odrih\u00a0<\/span><\/em><em>\u00a0<\/em><\/h2>\n<p><em><!--StartFragment --><\/em><\/p>\n<p><!--StartFragment --><\/p>\n<p>Slovenski gledali\u0161ki in\u0161titut in SNG Drama Ljubljana nadaljujemo s skupnimi dogodki v ciklu <em>SLOGI and Drama<\/em>, kjer so uprizoritve \u0161e pred premiero osvetljene z vidika gledali\u0161ke zgodovine in postavljene v \u0161ir\u0161i umetni\u0161ki in dru\u017ebeni kontekst.<\/p>\n<p>Februarja na Veliki oder SNG Drama Ljubljana prihaja <em>Sovra\u017enik ljudstva<\/em>. Ibsenova drama tematizira boj idealisti\u010dnega posameznika, ki iskreno zasleduje resnico in pravico, proti kolesju togega dru\u017ebenega sistema, ki se silovito upira kakr\u0161nikoli spremembi in prepoznanju lastnih napak. Na slovenskih profesionalnih odrih je bila doslej uprizorjena \u0161tirikrat, prvi\u010d v Ljubljani (re\u017eija Franti\u0161ek Lier, 1906), pozneje \u0161e v Mariboru (r. Milan Skrbin\u0161ek, 1922), Celju (r. Franci Kri\u017eaj, 1970), in nazadnje v Novi Gorici (r. Du\u0161an Mlakar, 2010). Gre za eno izmed najbolj cenjenih Ibsenovih dram, z izjemno razgibano zgodovino interpretacij in uprizoritev po vsem svetu, za slovensko gledali\u0161\u010de pa je \u0161e prav posebej pomembna zaradi mo\u010dnega vpliva, skupaj s sorodnimi Ibsenovimi deli, na dramatiko Ivana Cankarja.<\/p>\n<p>Ibsen je sicer \u2013 s skoraj sedemdesetimi uprizoritvami \u2013 eden izmed najve\u010dkrat uprizarjanih dramatikov v slovenskem gledali\u0161\u010du, prvi\u010d \u017ee leta 1892, v Ljubljani (<em>Crazy<\/em>, r. Ignacij Bor\u0161tnik). Rekordno je bilo leto 1919, s kar \u0161tirimi profesionalnimi uprizoritvami. Najpogosteje uprizarjana Ibsenova drama pri nas so <em>Fears<\/em>, s \u0161tirinajstimi uprizoritvami in skoraj stotridesetletno uprizoritveno zgodovino. Ibsena sta najve\u010dkrat re\u017eirala Marija Vera in Hinko Nu\u010di\u010d, vsak petkrat.<\/p>\n<p>Pred premiero <em>Sovra\u017enika ljudstva<\/em> lepo vabljeni na zgodovinski prelet gledali\u0161kih sre\u010devanj z Ibsenovimi dramami na na\u0161ih odrih prek fotografskega in kriti\u0161kega gradiva, ki ga bo predstavil <strong>Matic Kocijan\u010di\u010d, PhD<\/strong>, kustos in vodja arhivske zbirke Slovenskega gledali\u0161kega in\u0161tituta.<\/p>\n<p><!--EndFragment --><\/p>\n<p><!--EndFragment --><strong>Free tickets<\/strong> you can get it at <a href=\"https:\/\/drama.kupikarto.si\/dogodek.php?&amp;dogId=7440&amp;page=2\" target=\"_blank\" rel=\"noopener\">drama.kupikarto.si<\/a> ali osebno prevzamete pri blagajni Drame, ki deluje v sredi\u0161\u010du mesta v prostorih blagajne SNG Opera in balet Ljubljana na \u017dupan\u010di\u010devi 1 (od ponedeljka do petka od 14.00 do 17.00) in v Drami na Litostrojski 56 (uro pred predstavo ali drugo prireditvijo). Za rezervacije vstopnic in dodatne informacije lahko pi\u0161ete na <a href=\"mailto:blagajna@drama.si\" target=\"_blank\" rel=\"noopener\">blagajna@drama.si<\/a>.<\/p>\n<figure id=\"attachment_17936\" aria-describedby=\"caption-attachment-17936\" style=\"width: 633px\" class=\"wp-caption aligncenter\"><a href=\"https:\/\/www.slogi.si\/wp-content\/uploads\/2026\/01\/1-662_Sovraznik-ljudstva_DLj_1906_lepak_SLOGI-min.jpg\"><img fetchpriority=\"high\" decoding=\"async\" class=\"wp-image-17936 size-full\" src=\"https:\/\/www.slogi.si\/wp-content\/uploads\/2026\/01\/1-662_Sovraznik-ljudstva_DLj_1906_lepak_SLOGI-min.jpg\" alt=\"Lepak za praizvedbo Sovra\u017enika ljudstva Henrika Ibsena, re\u017eiser Franti\u0161ek Lier, De\u017eelno gledali\u0161\u010de v Ljubljani, premiera 30. januarja 1906.\" width=\"633\" height=\"1024\" srcset=\"https:\/\/www.slogi.si\/wp-content\/uploads\/2026\/01\/1-662_Sovraznik-ljudstva_DLj_1906_lepak_SLOGI-min.jpg 633w, https:\/\/www.slogi.si\/wp-content\/uploads\/2026\/01\/1-662_Sovraznik-ljudstva_DLj_1906_lepak_SLOGI-min-185x300.jpg 185w, https:\/\/www.slogi.si\/wp-content\/uploads\/2026\/01\/1-662_Sovraznik-ljudstva_DLj_1906_lepak_SLOGI-min-7x12.jpg 7w\" sizes=\"(max-width: 633px) 100vw, 633px\" \/><\/a><figcaption id=\"caption-attachment-17936\" class=\"wp-caption-text\">Lepak za praizvedbo Sovra\u017enika ljudstva Henrika Ibsena, re\u017eiser Franti\u0161ek Lier, De\u017eelno gledali\u0161\u010de v Ljubljani, premiera 30. januarja 1906.<\/figcaption><\/figure>\n<h5>Foto: SLOGI.<\/h5>\n<div id='gallery-1' class='gallery galleryid-17935 gallery-columns-5 gallery-size-thumbnail'><figure class='gallery-item'>\n\t\t\t<div class='gallery-icon landscape'>\n\t\t\t\t<a href='https:\/\/www.slogi.si\/wp-content\/uploads\/2026\/01\/Ibsen-na-slovenskih-odrih_Slogi-in-Drama_12022026_fotoSLOGI-4.jpg'><img decoding=\"async\" width=\"150\" height=\"150\" src=\"https:\/\/www.slogi.si\/wp-content\/uploads\/2026\/01\/Ibsen-na-slovenskih-odrih_Slogi-in-Drama_12022026_fotoSLOGI-4-150x150.jpg\" class=\"attachment-thumbnail size-thumbnail\" alt=\"Cikel predavanj SLOGI in Drama. dr. Matic Kocijan\u010di\u010d:, Ibsen na slovenskih odrih. 12. februarja 2026, Drama Kavarna.\" \/><\/a>\n\t\t\t<\/div><\/figure><figure class='gallery-item'>\n\t\t\t<div class='gallery-icon landscape'>\n\t\t\t\t<a href='https:\/\/www.slogi.si\/wp-content\/uploads\/2026\/01\/Ibsen-na-slovenskih-odrih_Slogi-in-Drama_12022026_fotoSLOGI-3.jpg'><img decoding=\"async\" width=\"150\" height=\"150\" src=\"https:\/\/www.slogi.si\/wp-content\/uploads\/2026\/01\/Ibsen-na-slovenskih-odrih_Slogi-in-Drama_12022026_fotoSLOGI-3-150x150.jpg\" class=\"attachment-thumbnail size-thumbnail\" alt=\"Cikel predavanj SLOGI in Drama. dr. Matic Kocijan\u010di\u010d:, Ibsen na slovenskih odrih. 12. februarja 2026, Drama Kavarna.\" \/><\/a>\n\t\t\t<\/div><\/figure><figure class='gallery-item'>\n\t\t\t<div class='gallery-icon landscape'>\n\t\t\t\t<a href='https:\/\/www.slogi.si\/wp-content\/uploads\/2026\/01\/Ibsen-na-slovenskih-odrih_Slogi-in-Drama_12022026_fotoSLOGI-20.jpg'><img loading=\"lazy\" decoding=\"async\" width=\"150\" height=\"150\" src=\"https:\/\/www.slogi.si\/wp-content\/uploads\/2026\/01\/Ibsen-na-slovenskih-odrih_Slogi-in-Drama_12022026_fotoSLOGI-20-150x150.jpg\" class=\"attachment-thumbnail size-thumbnail\" alt=\"Cikel predavanj SLOGI in Drama. dr. Matic Kocijan\u010di\u010d:, Ibsen na slovenskih odrih. 12. februarja 2026, Drama Kavarna.\" \/><\/a>\n\t\t\t<\/div><\/figure><figure class='gallery-item'>\n\t\t\t<div class='gallery-icon landscape'>\n\t\t\t\t<a href='https:\/\/www.slogi.si\/wp-content\/uploads\/2026\/01\/Ibsen-na-slovenskih-odrih_Slogi-in-Drama_12022026_fotoSLOGI-5.jpg'><img loading=\"lazy\" decoding=\"async\" width=\"150\" height=\"150\" src=\"https:\/\/www.slogi.si\/wp-content\/uploads\/2026\/01\/Ibsen-na-slovenskih-odrih_Slogi-in-Drama_12022026_fotoSLOGI-5-150x150.jpg\" class=\"attachment-thumbnail size-thumbnail\" alt=\"Cikel predavanj SLOGI in Drama. dr. Matic Kocijan\u010di\u010d:, Ibsen na slovenskih odrih. 12. februarja 2026, Drama Kavarna.\" \/><\/a>\n\t\t\t<\/div><\/figure><figure class='gallery-item'>\n\t\t\t<div class='gallery-icon landscape'>\n\t\t\t\t<a href='https:\/\/www.slogi.si\/wp-content\/uploads\/2026\/01\/Ibsen-na-slovenskih-odrih_Slogi-in-Drama_12022026_fotoSLOGI-19.jpg'><img loading=\"lazy\" decoding=\"async\" width=\"150\" height=\"150\" src=\"https:\/\/www.slogi.si\/wp-content\/uploads\/2026\/01\/Ibsen-na-slovenskih-odrih_Slogi-in-Drama_12022026_fotoSLOGI-19-150x150.jpg\" class=\"attachment-thumbnail size-thumbnail\" alt=\"Cikel predavanj SLOGI in Drama. dr. Matic Kocijan\u010di\u010d:, Ibsen na slovenskih odrih. 12. februarja 2026, Drama Kavarna.\" \/><\/a>\n\t\t\t<\/div><\/figure><figure class='gallery-item'>\n\t\t\t<div class='gallery-icon landscape'>\n\t\t\t\t<a href='https:\/\/www.slogi.si\/wp-content\/uploads\/2026\/01\/Ibsen-na-slovenskih-odrih_Slogi-in-Drama_12022026_fotoSLOGI-17.jpg'><img loading=\"lazy\" decoding=\"async\" width=\"150\" height=\"150\" src=\"https:\/\/www.slogi.si\/wp-content\/uploads\/2026\/01\/Ibsen-na-slovenskih-odrih_Slogi-in-Drama_12022026_fotoSLOGI-17-150x150.jpg\" class=\"attachment-thumbnail size-thumbnail\" alt=\"Cikel predavanj SLOGI in Drama. dr. Matic Kocijan\u010di\u010d:, Ibsen na slovenskih odrih. 12. februarja 2026, Drama Kavarna.\" \/><\/a>\n\t\t\t<\/div><\/figure><figure class='gallery-item'>\n\t\t\t<div class='gallery-icon landscape'>\n\t\t\t\t<a href='https:\/\/www.slogi.si\/wp-content\/uploads\/2026\/01\/Ibsen-na-slovenskih-odrih_Slogi-in-Drama_12022026_fotoSLOGI-16.jpg'><img loading=\"lazy\" decoding=\"async\" width=\"150\" height=\"150\" src=\"https:\/\/www.slogi.si\/wp-content\/uploads\/2026\/01\/Ibsen-na-slovenskih-odrih_Slogi-in-Drama_12022026_fotoSLOGI-16-150x150.jpg\" class=\"attachment-thumbnail size-thumbnail\" alt=\"Cikel predavanj SLOGI in Drama. dr. Matic Kocijan\u010di\u010d:, Ibsen na slovenskih odrih. 12. februarja 2026, Drama Kavarna.\" \/><\/a>\n\t\t\t<\/div><\/figure><figure class='gallery-item'>\n\t\t\t<div class='gallery-icon landscape'>\n\t\t\t\t<a href='https:\/\/www.slogi.si\/wp-content\/uploads\/2026\/01\/Ibsen-na-slovenskih-odrih_Slogi-in-Drama_12022026_fotoSLOGI-12.jpg'><img loading=\"lazy\" decoding=\"async\" width=\"150\" height=\"150\" src=\"https:\/\/www.slogi.si\/wp-content\/uploads\/2026\/01\/Ibsen-na-slovenskih-odrih_Slogi-in-Drama_12022026_fotoSLOGI-12-150x150.jpg\" class=\"attachment-thumbnail size-thumbnail\" alt=\"Cikel predavanj SLOGI in Drama. dr. Matic Kocijan\u010di\u010d:, Ibsen na slovenskih odrih. 12. februarja 2026, Drama Kavarna.\" \/><\/a>\n\t\t\t<\/div><\/figure><figure class='gallery-item'>\n\t\t\t<div class='gallery-icon landscape'>\n\t\t\t\t<a href='https:\/\/www.slogi.si\/wp-content\/uploads\/2026\/01\/Ibsen-na-slovenskih-odrih_Slogi-in-Drama_12022026_fotoSLOGI-10.jpg'><img loading=\"lazy\" decoding=\"async\" width=\"150\" height=\"150\" src=\"https:\/\/www.slogi.si\/wp-content\/uploads\/2026\/01\/Ibsen-na-slovenskih-odrih_Slogi-in-Drama_12022026_fotoSLOGI-10-150x150.jpg\" class=\"attachment-thumbnail size-thumbnail\" alt=\"Cikel predavanj SLOGI in Drama. dr. Matic Kocijan\u010di\u010d:, Ibsen na slovenskih odrih. 12. februarja 2026, Drama Kavarna.\" \/><\/a>\n\t\t\t<\/div><\/figure><figure class='gallery-item'>\n\t\t\t<div class='gallery-icon landscape'>\n\t\t\t\t<a href='https:\/\/www.slogi.si\/wp-content\/uploads\/2026\/01\/Ibsen-na-slovenskih-odrih_Slogi-in-Drama_12022026_fotoSLOGI-6.jpg'><img loading=\"lazy\" decoding=\"async\" width=\"150\" height=\"150\" src=\"https:\/\/www.slogi.si\/wp-content\/uploads\/2026\/01\/Ibsen-na-slovenskih-odrih_Slogi-in-Drama_12022026_fotoSLOGI-6-150x150.jpg\" class=\"attachment-thumbnail size-thumbnail\" alt=\"Cikel predavanj SLOGI in Drama. dr. Matic Kocijan\u010di\u010d:, Ibsen na slovenskih odrih. 12. februarja 2026, Drama Kavarna.\" \/><\/a>\n\t\t\t<\/div><\/figure>\n\t\t<\/div>\n\n<p>&nbsp;<\/p>\n<p><img loading=\"lazy\" decoding=\"async\" class=\"size-large wp-image-14272 aligncenter\" src=\"https:\/\/www.slogi.si\/wp-content\/uploads\/2024\/09\/LogoPogledi_Lezeci_RGB_eM-1024x256.png\" alt=\"\" width=\"800\" height=\"200\" srcset=\"https:\/\/www.slogi.si\/wp-content\/uploads\/2024\/09\/LogoPogledi_Lezeci_RGB_eM-1024x256.png 1024w, https:\/\/www.slogi.si\/wp-content\/uploads\/2024\/09\/LogoPogledi_Lezeci_RGB_eM-300x75.png 300w, https:\/\/www.slogi.si\/wp-content\/uploads\/2024\/09\/LogoPogledi_Lezeci_RGB_eM-768x192.png 768w, https:\/\/www.slogi.si\/wp-content\/uploads\/2024\/09\/LogoPogledi_Lezeci_RGB_eM-18x5.png 18w, https:\/\/www.slogi.si\/wp-content\/uploads\/2024\/09\/LogoPogledi_Lezeci_RGB_eM.png 1347w\" sizes=\"(max-width: 800px) 100vw, 800px\" \/><\/p>\n<p>Dogodki v ciklu <em>SLOGI and Drama<\/em> ponujajo ekskluzivni vpogled v zbirke SLOGI \u2013 Gledali\u0161kega muzeja in ob\u010dinstvo \u017ee pred ogledom posameznih predstav spodbujajo k razmisleku o temah ter vpra\u0161anjih, ki jih odpirajo izbrana dramska dela, njihova kriti\u0161ka recepcija in uprizoritvena zgodovina.<\/p>\n<p>Tokratno predavanje pripravljamo pred uprizoritvijo <em>Sovra\u017enika ljudstva<\/em> Henrika Ibsena, ki bo v priredbi <strong>Viktorja Ivan\u010di\u0107a<\/strong> in v re\u017eiji <strong>Ivice Buljana<\/strong> za\u017eivela <strong>28. februarja 2026 na Velikem odru SNG Drama Ljubljana<\/strong>. V uprizoritvi igrajo: <strong>Marko Mandi\u0107<\/strong>, <strong>Pia Zemlji\u010d<\/strong>, <strong>Kaja Petrovi\u010d<\/strong> (k. g.), <strong>Jure Henigman<\/strong>, <strong>Klemen Jane\u017ei\u010d<\/strong>, <strong>Benjamin Krneti\u0107<\/strong>, <strong>Timon \u0160turbej<\/strong>, <strong>Matija Rozman<\/strong> and <strong>Maks Dakskobler<\/strong> (k. g.).<br \/>\n<em>V provincialnem mestu so pred kratkim odprli zdravili\u0161\u010de. Vse ka\u017ee, da se obetata razvoj in prosperiteta, a doktor Stockmann odkrije, da je voda v zdravili\u0161\u010du onesna\u017eena in zdravju nevarna, kar je zdaj nujno treba sanirati. Vendar pa \u017eupan in delni\u010darji v projekt, ki \u017ee prina\u0161a dobi\u010dke, niso pripravljeni vlagati novih sredstev. Ibsenova drama se ukvarja s temo ekolo\u0161ke odgovornosti in resnice. Boj doktorja Stockmanna lahko vzporejamo z dana\u0161njimi izzivi boja proti podnebnim spremembam in krivicam. V \u010dasu, ko so dezinformacije in propaganda prisotne kot \u0161e nikoli prej, predstavlja simbol upora, zahtevo po resnici v dru\u017ebi, ki ji je pogosto ljub\u0161a udobnost la\u017ei.<\/em><\/p>\n<p>&nbsp;<\/p>\n<p><img loading=\"lazy\" decoding=\"async\" class=\"size-large wp-image-10882 aligncenter\" src=\"https:\/\/www.slogi.si\/wp-content\/uploads\/2024\/01\/SLOGI-DRAMA2-1030x77-1-1024x77.png\" alt=\"\" width=\"800\" height=\"60\" srcset=\"https:\/\/www.slogi.si\/wp-content\/uploads\/2024\/01\/SLOGI-DRAMA2-1030x77-1-1024x77.png 1024w, https:\/\/www.slogi.si\/wp-content\/uploads\/2024\/01\/SLOGI-DRAMA2-1030x77-1-300x22.png 300w, https:\/\/www.slogi.si\/wp-content\/uploads\/2024\/01\/SLOGI-DRAMA2-1030x77-1-768x57.png 768w, https:\/\/www.slogi.si\/wp-content\/uploads\/2024\/01\/SLOGI-DRAMA2-1030x77-1.png 1030w\" sizes=\"(max-width: 800px) 100vw, 800px\" \/><\/p>\n<p>Predavanje poteka v okviru <a href=\"https:\/\/www.visitljubljana.com\/sl\/obiskovalci\/znamenitosti-in-aktivnosti\/izpostavljeno\/luv-fest\/\" target=\"_blank\" rel=\"noopener\">LUV festa<\/a>.<\/p>\n<p><a href=\"https:\/\/www.visitljubljana.com\/sl\/obiskovalci\/znamenitosti-in-aktivnosti\/izpostavljeno\/luv-fest\/\" target=\"_blank\" rel=\"noopener\"><img loading=\"lazy\" decoding=\"async\" class=\"alignleft wp-image-17934\" src=\"https:\/\/www.slogi.si\/wp-content\/uploads\/2026\/01\/LUVFEST_01-2026_elementi_1200-x-1000-300x250.png\" alt=\"\" width=\"250\" height=\"208\" srcset=\"https:\/\/www.slogi.si\/wp-content\/uploads\/2026\/01\/LUVFEST_01-2026_elementi_1200-x-1000-300x250.png 300w, https:\/\/www.slogi.si\/wp-content\/uploads\/2026\/01\/LUVFEST_01-2026_elementi_1200-x-1000-1024x853.png 1024w, https:\/\/www.slogi.si\/wp-content\/uploads\/2026\/01\/LUVFEST_01-2026_elementi_1200-x-1000-768x640.png 768w, https:\/\/www.slogi.si\/wp-content\/uploads\/2026\/01\/LUVFEST_01-2026_elementi_1200-x-1000-14x12.png 14w, https:\/\/www.slogi.si\/wp-content\/uploads\/2026\/01\/LUVFEST_01-2026_elementi_1200-x-1000.png 1200w\" sizes=\"(max-width: 250px) 100vw, 250px\" \/><\/a><\/p>","protected":false},"excerpt":{"rendered":"<p>Na predavanju v ciklu SLOGI in Drama se bomo z dr. Maticem Kocijan\u010di\u010dem, kustosom in vodjo arhivske zbirke Slovenskega gledali\u0161kega in\u0161tituta, podali skozi uprizarjanja Ibsenovih dram na na\u0161ih odrih.<\/p>","protected":false},"featured_media":17937,"template":"","categories":[416,435],"tags":[],"izpostavljamo":[],"letnik":[639],"tip":[422],"vrsta-razstave":[],"class_list":["post-17935","dogodki","type-dogodki","status-publish","has-post-thumbnail","hentry","category-dogodki","category-za-medije","letnik-639","tip-predavanje"],"acf":[],"yoast_head":"<!-- This site is optimized with the Yoast SEO plugin v27.5 - https:\/\/yoast.com\/product\/yoast-seo-wordpress\/ -->\n<title>Ibsen na slovenskih odrih, cikel predavanj SLOGI in Drama - SLOGI<\/title>\n<meta name=\"description\" content=\"Na predavanju v ciklu SLOGI in Drama se bomo z dr. Maticem Kocijan\u010di\u010dem, kustosom in vodjo arhivske zbirke Slovenskega gledali\u0161kega in\u0161tituta, podali skozi uprizarjanja Ibsenovih dram na na\u0161ih odrih. 12. februarja 2026, ob 17.30 v SNG Drama Ljubljana.\" \/>\n<meta name=\"robots\" content=\"index, follow, max-snippet:-1, max-image-preview:large, max-video-preview:-1\" \/>\n<link rel=\"canonical\" href=\"https:\/\/www.slogi.si\/en\/events\/ibsen-na-slovenskih-odrih\/\" \/>\n<meta property=\"og:locale\" content=\"en_GB\" \/>\n<meta property=\"og:type\" content=\"article\" \/>\n<meta property=\"og:title\" content=\"Ibsen na slovenskih odrih, cikel predavanj SLOGI in Drama - SLOGI\" \/>\n<meta property=\"og:description\" content=\"Na predavanju v ciklu SLOGI in Drama se bomo z dr. Maticem Kocijan\u010di\u010dem, kustosom in vodjo arhivske zbirke Slovenskega gledali\u0161kega in\u0161tituta, podali skozi uprizarjanja Ibsenovih dram na na\u0161ih odrih. 12. februarja 2026, ob 17.30 v SNG Drama Ljubljana.\" \/>\n<meta property=\"og:url\" content=\"https:\/\/www.slogi.si\/en\/events\/ibsen-na-slovenskih-odrih\/\" \/>\n<meta property=\"og:site_name\" content=\"SLOGI\" \/>\n<meta property=\"article:modified_time\" content=\"2026-03-23T12:25:33+00:00\" \/>\n<meta property=\"og:image\" content=\"https:\/\/www.slogi.si\/wp-content\/uploads\/2026\/01\/Sovraznik-ljudstva_DLj_1906_lepak_izsek_SLOGI_min.jpg\" \/>\n\t<meta property=\"og:image:width\" content=\"1950\" \/>\n\t<meta property=\"og:image:height\" content=\"1080\" \/>\n\t<meta property=\"og:image:type\" content=\"image\/jpeg\" \/>\n<meta name=\"twitter:card\" content=\"summary_large_image\" \/>\n<meta name=\"twitter:label1\" content=\"Estimated reading time\" \/>\n\t<meta name=\"twitter:data1\" content=\"4 minutes\" \/>\n<script type=\"application\/ld+json\" class=\"yoast-schema-graph\">{\"@context\":\"https:\\\/\\\/schema.org\",\"@graph\":[{\"@type\":\"WebPage\",\"@id\":\"https:\\\/\\\/www.slogi.si\\\/dogodki\\\/ibsen-na-slovenskih-odrih\\\/\",\"url\":\"https:\\\/\\\/www.slogi.si\\\/dogodki\\\/ibsen-na-slovenskih-odrih\\\/\",\"name\":\"Ibsen na slovenskih odrih, cikel predavanj SLOGI in Drama - SLOGI\",\"isPartOf\":{\"@id\":\"https:\\\/\\\/www.slogi.si\\\/#website\"},\"primaryImageOfPage\":{\"@id\":\"https:\\\/\\\/www.slogi.si\\\/dogodki\\\/ibsen-na-slovenskih-odrih\\\/#primaryimage\"},\"image\":{\"@id\":\"https:\\\/\\\/www.slogi.si\\\/dogodki\\\/ibsen-na-slovenskih-odrih\\\/#primaryimage\"},\"thumbnailUrl\":\"https:\\\/\\\/www.slogi.si\\\/wp-content\\\/uploads\\\/2026\\\/01\\\/Sovraznik-ljudstva_DLj_1906_lepak_izsek_SLOGI_min.jpg\",\"datePublished\":\"2026-01-30T14:00:54+00:00\",\"dateModified\":\"2026-03-23T12:25:33+00:00\",\"description\":\"Na predavanju v ciklu SLOGI in Drama se bomo z dr. Maticem Kocijan\u010di\u010dem, kustosom in vodjo arhivske zbirke Slovenskega gledali\u0161kega in\u0161tituta, podali skozi uprizarjanja Ibsenovih dram na na\u0161ih odrih. 12. februarja 2026, ob 17.30 v SNG Drama Ljubljana.\",\"breadcrumb\":{\"@id\":\"https:\\\/\\\/www.slogi.si\\\/dogodki\\\/ibsen-na-slovenskih-odrih\\\/#breadcrumb\"},\"inLanguage\":\"en-GB\",\"potentialAction\":[{\"@type\":\"ReadAction\",\"target\":[\"https:\\\/\\\/www.slogi.si\\\/dogodki\\\/ibsen-na-slovenskih-odrih\\\/\"]}]},{\"@type\":\"ImageObject\",\"inLanguage\":\"en-GB\",\"@id\":\"https:\\\/\\\/www.slogi.si\\\/dogodki\\\/ibsen-na-slovenskih-odrih\\\/#primaryimage\",\"url\":\"https:\\\/\\\/www.slogi.si\\\/wp-content\\\/uploads\\\/2026\\\/01\\\/Sovraznik-ljudstva_DLj_1906_lepak_izsek_SLOGI_min.jpg\",\"contentUrl\":\"https:\\\/\\\/www.slogi.si\\\/wp-content\\\/uploads\\\/2026\\\/01\\\/Sovraznik-ljudstva_DLj_1906_lepak_izsek_SLOGI_min.jpg\",\"width\":1950,\"height\":1080,\"caption\":\"Lepak za praizvedbo Sovra\u017enika ljudstva Henrika Ibsena, re\u017eiser Franti\u0161ek Lier, De\u017eelno gledali\u0161\u010de v Ljubljani, premiera 30. januarja 1906.\"},{\"@type\":\"BreadcrumbList\",\"@id\":\"https:\\\/\\\/www.slogi.si\\\/dogodki\\\/ibsen-na-slovenskih-odrih\\\/#breadcrumb\",\"itemListElement\":[{\"@type\":\"ListItem\",\"position\":1,\"name\":\"Home\",\"item\":\"https:\\\/\\\/www.slogi.si\\\/\"},{\"@type\":\"ListItem\",\"position\":2,\"name\":\"Ibsen na slovenskih odrih, cikel predavanj SLOGI in Drama\"}]},{\"@type\":\"WebSite\",\"@id\":\"https:\\\/\\\/www.slogi.si\\\/#website\",\"url\":\"https:\\\/\\\/www.slogi.si\\\/\",\"name\":\"SLOGI\",\"description\":\"Slovenski Gledali\u0161ki In\u0161titut\",\"publisher\":{\"@id\":\"https:\\\/\\\/www.slogi.si\\\/#organization\"},\"alternateName\":\"Slovenski Gledali\u0161ki In\u0161titut\",\"potentialAction\":[{\"@type\":\"SearchAction\",\"target\":{\"@type\":\"EntryPoint\",\"urlTemplate\":\"https:\\\/\\\/www.slogi.si\\\/?s={search_term_string}\"},\"query-input\":{\"@type\":\"PropertyValueSpecification\",\"valueRequired\":true,\"valueName\":\"search_term_string\"}}],\"inLanguage\":\"en-GB\"},{\"@type\":\"Organization\",\"@id\":\"https:\\\/\\\/www.slogi.si\\\/#organization\",\"name\":\"SLOGI\",\"alternateName\":\"Slovenski Gledali\u0161ki In\u0161titut\",\"url\":\"https:\\\/\\\/www.slogi.si\\\/\",\"logo\":{\"@type\":\"ImageObject\",\"inLanguage\":\"en-GB\",\"@id\":\"https:\\\/\\\/www.slogi.si\\\/#\\\/schema\\\/logo\\\/image\\\/\",\"url\":\"https:\\\/\\\/www.slogi.si\\\/wp-content\\\/uploads\\\/2024\\\/01\\\/favicon.svg\",\"contentUrl\":\"https:\\\/\\\/www.slogi.si\\\/wp-content\\\/uploads\\\/2024\\\/01\\\/favicon.svg\",\"width\":100,\"height\":100,\"caption\":\"SLOGI\"},\"image\":{\"@id\":\"https:\\\/\\\/www.slogi.si\\\/#\\\/schema\\\/logo\\\/image\\\/\"}}]}<\/script>\n<!-- \/ Yoast SEO plugin. -->","yoast_head_json":{"title":"Ibsen na slovenskih odrih, cikel predavanj SLOGI in Drama - SLOGI","description":"Na predavanju v ciklu SLOGI in Drama se bomo z dr. Maticem Kocijan\u010di\u010dem, kustosom in vodjo arhivske zbirke Slovenskega gledali\u0161kega in\u0161tituta, podali skozi uprizarjanja Ibsenovih dram na na\u0161ih odrih. 12. februarja 2026, ob 17.30 v SNG Drama Ljubljana.","robots":{"index":"index","follow":"follow","max-snippet":"max-snippet:-1","max-image-preview":"max-image-preview:large","max-video-preview":"max-video-preview:-1"},"canonical":"https:\/\/www.slogi.si\/en\/events\/ibsen-na-slovenskih-odrih\/","og_locale":"en_GB","og_type":"article","og_title":"Ibsen na slovenskih odrih, cikel predavanj SLOGI in Drama - SLOGI","og_description":"Na predavanju v ciklu SLOGI in Drama se bomo z dr. Maticem Kocijan\u010di\u010dem, kustosom in vodjo arhivske zbirke Slovenskega gledali\u0161kega in\u0161tituta, podali skozi uprizarjanja Ibsenovih dram na na\u0161ih odrih. 12. februarja 2026, ob 17.30 v SNG Drama Ljubljana.","og_url":"https:\/\/www.slogi.si\/en\/events\/ibsen-na-slovenskih-odrih\/","og_site_name":"SLOGI","article_modified_time":"2026-03-23T12:25:33+00:00","og_image":[{"width":1950,"height":1080,"url":"https:\/\/www.slogi.si\/wp-content\/uploads\/2026\/01\/Sovraznik-ljudstva_DLj_1906_lepak_izsek_SLOGI_min.jpg","type":"image\/jpeg"}],"twitter_card":"summary_large_image","twitter_misc":{"Estimated reading time":"4 minutes"},"schema":{"@context":"https:\/\/schema.org","@graph":[{"@type":"WebPage","@id":"https:\/\/www.slogi.si\/dogodki\/ibsen-na-slovenskih-odrih\/","url":"https:\/\/www.slogi.si\/dogodki\/ibsen-na-slovenskih-odrih\/","name":"Ibsen na slovenskih odrih, cikel predavanj SLOGI in Drama - SLOGI","isPartOf":{"@id":"https:\/\/www.slogi.si\/#website"},"primaryImageOfPage":{"@id":"https:\/\/www.slogi.si\/dogodki\/ibsen-na-slovenskih-odrih\/#primaryimage"},"image":{"@id":"https:\/\/www.slogi.si\/dogodki\/ibsen-na-slovenskih-odrih\/#primaryimage"},"thumbnailUrl":"https:\/\/www.slogi.si\/wp-content\/uploads\/2026\/01\/Sovraznik-ljudstva_DLj_1906_lepak_izsek_SLOGI_min.jpg","datePublished":"2026-01-30T14:00:54+00:00","dateModified":"2026-03-23T12:25:33+00:00","description":"Na predavanju v ciklu SLOGI in Drama se bomo z dr. Maticem Kocijan\u010di\u010dem, kustosom in vodjo arhivske zbirke Slovenskega gledali\u0161kega in\u0161tituta, podali skozi uprizarjanja Ibsenovih dram na na\u0161ih odrih. 12. februarja 2026, ob 17.30 v SNG Drama Ljubljana.","breadcrumb":{"@id":"https:\/\/www.slogi.si\/dogodki\/ibsen-na-slovenskih-odrih\/#breadcrumb"},"inLanguage":"en-GB","potentialAction":[{"@type":"ReadAction","target":["https:\/\/www.slogi.si\/dogodki\/ibsen-na-slovenskih-odrih\/"]}]},{"@type":"ImageObject","inLanguage":"en-GB","@id":"https:\/\/www.slogi.si\/dogodki\/ibsen-na-slovenskih-odrih\/#primaryimage","url":"https:\/\/www.slogi.si\/wp-content\/uploads\/2026\/01\/Sovraznik-ljudstva_DLj_1906_lepak_izsek_SLOGI_min.jpg","contentUrl":"https:\/\/www.slogi.si\/wp-content\/uploads\/2026\/01\/Sovraznik-ljudstva_DLj_1906_lepak_izsek_SLOGI_min.jpg","width":1950,"height":1080,"caption":"Lepak za praizvedbo Sovra\u017enika ljudstva Henrika Ibsena, re\u017eiser Franti\u0161ek Lier, De\u017eelno gledali\u0161\u010de v Ljubljani, premiera 30. januarja 1906."},{"@type":"BreadcrumbList","@id":"https:\/\/www.slogi.si\/dogodki\/ibsen-na-slovenskih-odrih\/#breadcrumb","itemListElement":[{"@type":"ListItem","position":1,"name":"Home","item":"https:\/\/www.slogi.si\/"},{"@type":"ListItem","position":2,"name":"Ibsen na slovenskih odrih, cikel predavanj SLOGI in Drama"}]},{"@type":"WebSite","@id":"https:\/\/www.slogi.si\/#website","url":"https:\/\/www.slogi.si\/","name":"SLOGI","description":"Slovenian Theatre Institute","publisher":{"@id":"https:\/\/www.slogi.si\/#organization"},"alternateName":"Slovenski Gledali\u0161ki In\u0161titut","potentialAction":[{"@type":"SearchAction","target":{"@type":"EntryPoint","urlTemplate":"https:\/\/www.slogi.si\/?s={search_term_string}"},"query-input":{"@type":"PropertyValueSpecification","valueRequired":true,"valueName":"search_term_string"}}],"inLanguage":"en-GB"},{"@type":"Organization","@id":"https:\/\/www.slogi.si\/#organization","name":"SLOGI","alternateName":"Slovenski Gledali\u0161ki In\u0161titut","url":"https:\/\/www.slogi.si\/","logo":{"@type":"ImageObject","inLanguage":"en-GB","@id":"https:\/\/www.slogi.si\/#\/schema\/logo\/image\/","url":"https:\/\/www.slogi.si\/wp-content\/uploads\/2024\/01\/favicon.svg","contentUrl":"https:\/\/www.slogi.si\/wp-content\/uploads\/2024\/01\/favicon.svg","width":100,"height":100,"caption":"SLOGI"},"image":{"@id":"https:\/\/www.slogi.si\/#\/schema\/logo\/image\/"}}]}},"_links":{"self":[{"href":"https:\/\/www.slogi.si\/en\/wp-json\/wp\/v2\/dogodki\/17935","targetHints":{"allow":["GET"]}}],"collection":[{"href":"https:\/\/www.slogi.si\/en\/wp-json\/wp\/v2\/dogodki"}],"about":[{"href":"https:\/\/www.slogi.si\/en\/wp-json\/wp\/v2\/types\/dogodki"}],"wp:featuredmedia":[{"embeddable":true,"href":"https:\/\/www.slogi.si\/en\/wp-json\/wp\/v2\/media\/17937"}],"wp:attachment":[{"href":"https:\/\/www.slogi.si\/en\/wp-json\/wp\/v2\/media?parent=17935"}],"wp:term":[{"taxonomy":"category","embeddable":true,"href":"https:\/\/www.slogi.si\/en\/wp-json\/wp\/v2\/categories?post=17935"},{"taxonomy":"post_tag","embeddable":true,"href":"https:\/\/www.slogi.si\/en\/wp-json\/wp\/v2\/tags?post=17935"},{"taxonomy":"izpostavljamo","embeddable":true,"href":"https:\/\/www.slogi.si\/en\/wp-json\/wp\/v2\/izpostavljamo?post=17935"},{"taxonomy":"letnik","embeddable":true,"href":"https:\/\/www.slogi.si\/en\/wp-json\/wp\/v2\/letnik?post=17935"},{"taxonomy":"tip","embeddable":true,"href":"https:\/\/www.slogi.si\/en\/wp-json\/wp\/v2\/tip?post=17935"},{"taxonomy":"vrsta-razstave","embeddable":true,"href":"https:\/\/www.slogi.si\/en\/wp-json\/wp\/v2\/vrsta-razstave?post=17935"}],"curies":[{"name":"wp","href":"https:\/\/api.w.org\/{rel}","templated":true}]}}