{"id":17841,"date":"2025-12-05T12:50:43","date_gmt":"2025-12-05T11:50:43","guid":{"rendered":"https:\/\/www.slogi.si\/?post_type=dogodki&#038;p=17841"},"modified":"2025-12-18T13:00:29","modified_gmt":"2025-12-18T12:00:29","slug":"iz-nasih-zbirk-leto-2026-v-znamenju-bertolta-brechta","status":"publish","type":"dogodki","link":"https:\/\/www.slogi.si\/en\/dogodki\/iz-nasih-zbirk-leto-2026-v-znamenju-bertolta-brechta\/","title":{"rendered":"From our collections \u2013 70 years since passing of Bertolt Brecht in 2026"},"content":{"rendered":"<p>In 2026, we mark 70 years since passing of Bertolt Brecht, theatre practitioner and one of the key theatre reformists whose theoretical framework in the 1930s challenged and stretched dramaturgical norms of contemporary theatre. Slovenian Theatre Institute is a part of the interdisciplinary project on Brecht\u2019s work and its relevance today.<\/p>\n<p>May 2026 bring only three pennies of worries, next to joy in every corner!<\/p>\n<p>&nbsp;<\/p>\n<div dir=\"auto\">\n<p>From our collections \u2013 December 2025 poster<\/p>\n<div id='gallery-1' class='gallery galleryid-17841 gallery-columns-2 gallery-size-thumbnail'><figure class='gallery-item'>\n\t\t\t<div class='gallery-icon landscape'>\n\t\t\t\t<a href='https:\/\/www.slogi.si\/wp-content\/uploads\/2025\/12\/Plakat-december2025.jpg'><img decoding=\"async\" width=\"150\" height=\"150\" src=\"https:\/\/www.slogi.si\/wp-content\/uploads\/2025\/12\/Plakat-december2025-150x150.jpg\" class=\"attachment-thumbnail size-thumbnail\" alt=\"\" srcset=\"https:\/\/www.slogi.si\/wp-content\/uploads\/2025\/12\/Plakat-december2025-150x150.jpg 150w, https:\/\/www.slogi.si\/wp-content\/uploads\/2025\/12\/Plakat-december2025-300x300.jpg 300w, https:\/\/www.slogi.si\/wp-content\/uploads\/2025\/12\/Plakat-december2025-768x768.jpg 768w, https:\/\/www.slogi.si\/wp-content\/uploads\/2025\/12\/Plakat-december2025-12x12.jpg 12w, https:\/\/www.slogi.si\/wp-content\/uploads\/2025\/12\/Plakat-december2025.jpg 1024w\" sizes=\"(max-width: 150px) 100vw, 150px\" \/><\/a>\n\t\t\t<\/div><\/figure><figure class='gallery-item'>\n\t\t\t<div class='gallery-icon landscape'>\n\t\t\t\t<a href='https:\/\/www.slogi.si\/wp-content\/uploads\/2025\/12\/Sever-v-Brecht_Kurt-Well_foto-V_Simoncic_vir_SLOGI.jpg'><img decoding=\"async\" width=\"150\" height=\"150\" src=\"https:\/\/www.slogi.si\/wp-content\/uploads\/2025\/12\/Sever-v-Brecht_Kurt-Well_foto-V_Simoncic_vir_SLOGI-150x150.jpg\" class=\"attachment-thumbnail size-thumbnail\" alt=\"Stane Sever as Jonatan Jeremiah Peachum in: Bertolt Brecht, Kurt Weill, The Threepenny Opera, directed by France Jamnik, SNT Drama Ljubljana, opening night 7 March 1961. Photo: Vlastja Simon\u010di\u010d; source: SLOGI Iconotheque \u2013 Theatre Museum.\" aria-describedby=\"gallery-1-17843\" \/><\/a>\n\t\t\t<\/div>\n\t\t\t\t<figcaption class='wp-caption-text gallery-caption translation-block' id='gallery-1-17843'>Stane Sever as Jonatan Jeremiah Peachum in: Bertolt Brecht, Kurt Weill, <em>The Threepenny Opera<\/em>, directed by France Jamnik, SNT Drama Ljubljana, opening night 7 March 1961. Photo: Vlastja Simon\u010di\u010d; source: SLOGI Iconotheque \u2013 Theatre Museum.<\/figcaption><\/figure>\n\t\t<\/div>\n\n<\/div>","protected":false},"excerpt":{"rendered":"<p>In 2026, we mark 70 years since passing of Bertolt Brecht, theatre practitioner and one of the key theatre reformists whose theoretical framework in the 1930s challenged and stretched dramaturgical norms of contemporary theatre. Slovenian Theatre Institute is a part of the interdisciplinary project on Brecht\u2019s work and its relevance today.<\/p>","protected":false},"featured_media":17843,"template":"","categories":[416],"tags":[],"izpostavljamo":[40],"letnik":[615],"tip":[],"vrsta-razstave":[],"class_list":["post-17841","dogodki","type-dogodki","status-publish","has-post-thumbnail","hentry","category-dogodki","izpostavljamo-ne-spreglejte","letnik-615"],"acf":[],"yoast_head":"<!-- This site is optimized with the Yoast SEO plugin v27.5 - https:\/\/yoast.com\/product\/yoast-seo-wordpress\/ -->\n<title>Iz na\u0161ih zbirk - leto 2026 v znamenju Bertolta Brechta - SLOGI<\/title>\n<meta name=\"description\" content=\"Leto 2026 bo v znamenju Bertolta Brechta, 70. obletnice smrti tega pomembnega gledali\u0161kega praktika in enega klju\u010dnih reformatorjev, ki je v tridesetih letih 20. stoletja preoblikoval in raz\u0161iril dramatur\u0161ke norme sodobnega gledali\u0161\u010da. Slovenski gledali\u0161ki in\u0161titut bo sodeloval pri interdisciplinarno zasnovanem projektu o Brechtovem delu in njegovi aktualnosti v dana\u0161njem \u010dasu.\" \/>\n<meta name=\"robots\" content=\"index, follow, max-snippet:-1, max-image-preview:large, max-video-preview:-1\" \/>\n<link rel=\"canonical\" href=\"https:\/\/www.slogi.si\/en\/events\/iz-nasih-zbirk-leto-2026-v-znamenju-bertolta-brechta\/\" \/>\n<meta property=\"og:locale\" content=\"en_GB\" \/>\n<meta property=\"og:type\" content=\"article\" \/>\n<meta property=\"og:title\" content=\"Iz na\u0161ih zbirk - leto 2026 v znamenju Bertolta Brechta - SLOGI\" \/>\n<meta property=\"og:description\" content=\"Leto 2026 bo v znamenju Bertolta Brechta, 70. obletnice smrti tega pomembnega gledali\u0161kega praktika in enega klju\u010dnih reformatorjev, ki je v tridesetih letih 20. stoletja preoblikoval in raz\u0161iril dramatur\u0161ke norme sodobnega gledali\u0161\u010da. Slovenski gledali\u0161ki in\u0161titut bo sodeloval pri interdisciplinarno zasnovanem projektu o Brechtovem delu in njegovi aktualnosti v dana\u0161njem \u010dasu.\" \/>\n<meta property=\"og:url\" content=\"https:\/\/www.slogi.si\/en\/events\/iz-nasih-zbirk-leto-2026-v-znamenju-bertolta-brechta\/\" \/>\n<meta property=\"og:site_name\" content=\"SLOGI\" \/>\n<meta property=\"article:modified_time\" content=\"2025-12-18T12:00:29+00:00\" \/>\n<meta property=\"og:image\" content=\"https:\/\/www.slogi.si\/wp-content\/uploads\/2025\/12\/Sever-v-Brecht_Kurt-Well_foto-V_Simoncic_vir_SLOGI.jpg\" \/>\n\t<meta property=\"og:image:width\" content=\"1024\" \/>\n\t<meta property=\"og:image:height\" content=\"739\" \/>\n\t<meta property=\"og:image:type\" content=\"image\/png\" \/>\n<meta name=\"twitter:card\" content=\"summary_large_image\" \/>\n<meta name=\"twitter:label1\" content=\"Estimated reading time\" \/>\n\t<meta name=\"twitter:data1\" content=\"2 minutes\" \/>\n<script type=\"application\/ld+json\" class=\"yoast-schema-graph\">{\"@context\":\"https:\\\/\\\/schema.org\",\"@graph\":[{\"@type\":\"WebPage\",\"@id\":\"https:\\\/\\\/www.slogi.si\\\/dogodki\\\/iz-nasih-zbirk-leto-2026-v-znamenju-bertolta-brechta\\\/\",\"url\":\"https:\\\/\\\/www.slogi.si\\\/dogodki\\\/iz-nasih-zbirk-leto-2026-v-znamenju-bertolta-brechta\\\/\",\"name\":\"Iz na\u0161ih zbirk - leto 2026 v znamenju Bertolta Brechta - SLOGI\",\"isPartOf\":{\"@id\":\"https:\\\/\\\/www.slogi.si\\\/#website\"},\"primaryImageOfPage\":{\"@id\":\"https:\\\/\\\/www.slogi.si\\\/dogodki\\\/iz-nasih-zbirk-leto-2026-v-znamenju-bertolta-brechta\\\/#primaryimage\"},\"image\":{\"@id\":\"https:\\\/\\\/www.slogi.si\\\/dogodki\\\/iz-nasih-zbirk-leto-2026-v-znamenju-bertolta-brechta\\\/#primaryimage\"},\"thumbnailUrl\":\"https:\\\/\\\/www.slogi.si\\\/wp-content\\\/uploads\\\/2025\\\/12\\\/Sever-v-Brecht_Kurt-Well_foto-V_Simoncic_vir_SLOGI.jpg\",\"datePublished\":\"2025-12-05T11:50:43+00:00\",\"dateModified\":\"2025-12-18T12:00:29+00:00\",\"description\":\"Leto 2026 bo v znamenju Bertolta Brechta, 70. obletnice smrti tega pomembnega gledali\u0161kega praktika in enega klju\u010dnih reformatorjev, ki je v tridesetih letih 20. stoletja preoblikoval in raz\u0161iril dramatur\u0161ke norme sodobnega gledali\u0161\u010da. Slovenski gledali\u0161ki in\u0161titut bo sodeloval pri interdisciplinarno zasnovanem projektu o Brechtovem delu in njegovi aktualnosti v dana\u0161njem \u010dasu.\",\"breadcrumb\":{\"@id\":\"https:\\\/\\\/www.slogi.si\\\/dogodki\\\/iz-nasih-zbirk-leto-2026-v-znamenju-bertolta-brechta\\\/#breadcrumb\"},\"inLanguage\":\"en-GB\",\"potentialAction\":[{\"@type\":\"ReadAction\",\"target\":[\"https:\\\/\\\/www.slogi.si\\\/dogodki\\\/iz-nasih-zbirk-leto-2026-v-znamenju-bertolta-brechta\\\/\"]}]},{\"@type\":\"ImageObject\",\"inLanguage\":\"en-GB\",\"@id\":\"https:\\\/\\\/www.slogi.si\\\/dogodki\\\/iz-nasih-zbirk-leto-2026-v-znamenju-bertolta-brechta\\\/#primaryimage\",\"url\":\"https:\\\/\\\/www.slogi.si\\\/wp-content\\\/uploads\\\/2025\\\/12\\\/Sever-v-Brecht_Kurt-Well_foto-V_Simoncic_vir_SLOGI.jpg\",\"contentUrl\":\"https:\\\/\\\/www.slogi.si\\\/wp-content\\\/uploads\\\/2025\\\/12\\\/Sever-v-Brecht_Kurt-Well_foto-V_Simoncic_vir_SLOGI.jpg\",\"width\":1024,\"height\":739,\"caption\":\"Stane Sever kot Jonatan Jeremija Peachum v: Bertolt Brecht, Kurt Weill, Opera za tri gro\u0161e, re\u017eija France Jamnik, Drama SNG v Ljubljani, premiera 7. marca 1961. Foto: Vlastja Simon\u010di\u010d; vir: Ikonoteka SLOGI \u2013 Gledali\u0161ki muzej.\"},{\"@type\":\"BreadcrumbList\",\"@id\":\"https:\\\/\\\/www.slogi.si\\\/dogodki\\\/iz-nasih-zbirk-leto-2026-v-znamenju-bertolta-brechta\\\/#breadcrumb\",\"itemListElement\":[{\"@type\":\"ListItem\",\"position\":1,\"name\":\"Home\",\"item\":\"https:\\\/\\\/www.slogi.si\\\/\"},{\"@type\":\"ListItem\",\"position\":2,\"name\":\"Iz na\u0161ih zbirk &#8211; leto 2026 v znamenju Bertolta Brechta\"}]},{\"@type\":\"WebSite\",\"@id\":\"https:\\\/\\\/www.slogi.si\\\/#website\",\"url\":\"https:\\\/\\\/www.slogi.si\\\/\",\"name\":\"SLOGI\",\"description\":\"Slovenski Gledali\u0161ki In\u0161titut\",\"publisher\":{\"@id\":\"https:\\\/\\\/www.slogi.si\\\/#organization\"},\"alternateName\":\"Slovenski Gledali\u0161ki In\u0161titut\",\"potentialAction\":[{\"@type\":\"SearchAction\",\"target\":{\"@type\":\"EntryPoint\",\"urlTemplate\":\"https:\\\/\\\/www.slogi.si\\\/?s={search_term_string}\"},\"query-input\":{\"@type\":\"PropertyValueSpecification\",\"valueRequired\":true,\"valueName\":\"search_term_string\"}}],\"inLanguage\":\"en-GB\"},{\"@type\":\"Organization\",\"@id\":\"https:\\\/\\\/www.slogi.si\\\/#organization\",\"name\":\"SLOGI\",\"alternateName\":\"Slovenski Gledali\u0161ki In\u0161titut\",\"url\":\"https:\\\/\\\/www.slogi.si\\\/\",\"logo\":{\"@type\":\"ImageObject\",\"inLanguage\":\"en-GB\",\"@id\":\"https:\\\/\\\/www.slogi.si\\\/#\\\/schema\\\/logo\\\/image\\\/\",\"url\":\"https:\\\/\\\/www.slogi.si\\\/wp-content\\\/uploads\\\/2024\\\/01\\\/favicon.svg\",\"contentUrl\":\"https:\\\/\\\/www.slogi.si\\\/wp-content\\\/uploads\\\/2024\\\/01\\\/favicon.svg\",\"width\":100,\"height\":100,\"caption\":\"SLOGI\"},\"image\":{\"@id\":\"https:\\\/\\\/www.slogi.si\\\/#\\\/schema\\\/logo\\\/image\\\/\"}}]}<\/script>\n<!-- \/ Yoast SEO plugin. -->","yoast_head_json":{"title":"Iz na\u0161ih zbirk - leto 2026 v znamenju Bertolta Brechta - SLOGI","description":"In 2026, we mark 70 years since passing of Bertolt Brecht, theatre practitioner and one of the key theatre reformists whose theoretical framework in the 1930s challenged and stretched dramaturgical norms of contemporary theatre. Slovenian Theatre Institute is a part of the interdisciplinary project on Brecht\u2019s work and its relevance today.","robots":{"index":"index","follow":"follow","max-snippet":"max-snippet:-1","max-image-preview":"max-image-preview:large","max-video-preview":"max-video-preview:-1"},"canonical":"https:\/\/www.slogi.si\/en\/events\/iz-nasih-zbirk-leto-2026-v-znamenju-bertolta-brechta\/","og_locale":"en_GB","og_type":"article","og_title":"Iz na\u0161ih zbirk - leto 2026 v znamenju Bertolta Brechta - SLOGI","og_description":"Leto 2026 bo v znamenju Bertolta Brechta, 70. obletnice smrti tega pomembnega gledali\u0161kega praktika in enega klju\u010dnih reformatorjev, ki je v tridesetih letih 20. stoletja preoblikoval in raz\u0161iril dramatur\u0161ke norme sodobnega gledali\u0161\u010da. Slovenski gledali\u0161ki in\u0161titut bo sodeloval pri interdisciplinarno zasnovanem projektu o Brechtovem delu in njegovi aktualnosti v dana\u0161njem \u010dasu.","og_url":"https:\/\/www.slogi.si\/en\/events\/iz-nasih-zbirk-leto-2026-v-znamenju-bertolta-brechta\/","og_site_name":"SLOGI","article_modified_time":"2025-12-18T12:00:29+00:00","og_image":[{"width":1024,"height":739,"url":"https:\/\/www.slogi.si\/wp-content\/uploads\/2025\/12\/Sever-v-Brecht_Kurt-Well_foto-V_Simoncic_vir_SLOGI.jpg","type":"image\/png"}],"twitter_card":"summary_large_image","twitter_misc":{"Estimated reading time":"2 minutes"},"schema":{"@context":"https:\/\/schema.org","@graph":[{"@type":"WebPage","@id":"https:\/\/www.slogi.si\/dogodki\/iz-nasih-zbirk-leto-2026-v-znamenju-bertolta-brechta\/","url":"https:\/\/www.slogi.si\/dogodki\/iz-nasih-zbirk-leto-2026-v-znamenju-bertolta-brechta\/","name":"Iz na\u0161ih zbirk - leto 2026 v znamenju Bertolta Brechta - SLOGI","isPartOf":{"@id":"https:\/\/www.slogi.si\/#website"},"primaryImageOfPage":{"@id":"https:\/\/www.slogi.si\/dogodki\/iz-nasih-zbirk-leto-2026-v-znamenju-bertolta-brechta\/#primaryimage"},"image":{"@id":"https:\/\/www.slogi.si\/dogodki\/iz-nasih-zbirk-leto-2026-v-znamenju-bertolta-brechta\/#primaryimage"},"thumbnailUrl":"https:\/\/www.slogi.si\/wp-content\/uploads\/2025\/12\/Sever-v-Brecht_Kurt-Well_foto-V_Simoncic_vir_SLOGI.jpg","datePublished":"2025-12-05T11:50:43+00:00","dateModified":"2025-12-18T12:00:29+00:00","description":"In 2026, we mark 70 years since passing of Bertolt Brecht, theatre practitioner and one of the key theatre reformists whose theoretical framework in the 1930s challenged and stretched dramaturgical norms of contemporary theatre. Slovenian Theatre Institute is a part of the interdisciplinary project on Brecht\u2019s work and its relevance today.","breadcrumb":{"@id":"https:\/\/www.slogi.si\/dogodki\/iz-nasih-zbirk-leto-2026-v-znamenju-bertolta-brechta\/#breadcrumb"},"inLanguage":"en-GB","potentialAction":[{"@type":"ReadAction","target":["https:\/\/www.slogi.si\/dogodki\/iz-nasih-zbirk-leto-2026-v-znamenju-bertolta-brechta\/"]}]},{"@type":"ImageObject","inLanguage":"en-GB","@id":"https:\/\/www.slogi.si\/dogodki\/iz-nasih-zbirk-leto-2026-v-znamenju-bertolta-brechta\/#primaryimage","url":"https:\/\/www.slogi.si\/wp-content\/uploads\/2025\/12\/Sever-v-Brecht_Kurt-Well_foto-V_Simoncic_vir_SLOGI.jpg","contentUrl":"https:\/\/www.slogi.si\/wp-content\/uploads\/2025\/12\/Sever-v-Brecht_Kurt-Well_foto-V_Simoncic_vir_SLOGI.jpg","width":1024,"height":739,"caption":"Stane Sever kot Jonatan Jeremija Peachum v: Bertolt Brecht, Kurt Weill, Opera za tri gro\u0161e, re\u017eija France Jamnik, Drama SNG v Ljubljani, premiera 7. marca 1961. Foto: Vlastja Simon\u010di\u010d; vir: Ikonoteka SLOGI \u2013 Gledali\u0161ki muzej."},{"@type":"BreadcrumbList","@id":"https:\/\/www.slogi.si\/dogodki\/iz-nasih-zbirk-leto-2026-v-znamenju-bertolta-brechta\/#breadcrumb","itemListElement":[{"@type":"ListItem","position":1,"name":"Home","item":"https:\/\/www.slogi.si\/"},{"@type":"ListItem","position":2,"name":"Iz na\u0161ih zbirk &#8211; leto 2026 v znamenju Bertolta Brechta"}]},{"@type":"WebSite","@id":"https:\/\/www.slogi.si\/#website","url":"https:\/\/www.slogi.si\/","name":"SLOGI","description":"Slovenian Theatre Institute","publisher":{"@id":"https:\/\/www.slogi.si\/#organization"},"alternateName":"Slovenski Gledali\u0161ki In\u0161titut","potentialAction":[{"@type":"SearchAction","target":{"@type":"EntryPoint","urlTemplate":"https:\/\/www.slogi.si\/?s={search_term_string}"},"query-input":{"@type":"PropertyValueSpecification","valueRequired":true,"valueName":"search_term_string"}}],"inLanguage":"en-GB"},{"@type":"Organization","@id":"https:\/\/www.slogi.si\/#organization","name":"SLOGI","alternateName":"Slovenski Gledali\u0161ki In\u0161titut","url":"https:\/\/www.slogi.si\/","logo":{"@type":"ImageObject","inLanguage":"en-GB","@id":"https:\/\/www.slogi.si\/#\/schema\/logo\/image\/","url":"https:\/\/www.slogi.si\/wp-content\/uploads\/2024\/01\/favicon.svg","contentUrl":"https:\/\/www.slogi.si\/wp-content\/uploads\/2024\/01\/favicon.svg","width":100,"height":100,"caption":"SLOGI"},"image":{"@id":"https:\/\/www.slogi.si\/#\/schema\/logo\/image\/"}}]}},"_links":{"self":[{"href":"https:\/\/www.slogi.si\/en\/wp-json\/wp\/v2\/dogodki\/17841","targetHints":{"allow":["GET"]}}],"collection":[{"href":"https:\/\/www.slogi.si\/en\/wp-json\/wp\/v2\/dogodki"}],"about":[{"href":"https:\/\/www.slogi.si\/en\/wp-json\/wp\/v2\/types\/dogodki"}],"wp:featuredmedia":[{"embeddable":true,"href":"https:\/\/www.slogi.si\/en\/wp-json\/wp\/v2\/media\/17843"}],"wp:attachment":[{"href":"https:\/\/www.slogi.si\/en\/wp-json\/wp\/v2\/media?parent=17841"}],"wp:term":[{"taxonomy":"category","embeddable":true,"href":"https:\/\/www.slogi.si\/en\/wp-json\/wp\/v2\/categories?post=17841"},{"taxonomy":"post_tag","embeddable":true,"href":"https:\/\/www.slogi.si\/en\/wp-json\/wp\/v2\/tags?post=17841"},{"taxonomy":"izpostavljamo","embeddable":true,"href":"https:\/\/www.slogi.si\/en\/wp-json\/wp\/v2\/izpostavljamo?post=17841"},{"taxonomy":"letnik","embeddable":true,"href":"https:\/\/www.slogi.si\/en\/wp-json\/wp\/v2\/letnik?post=17841"},{"taxonomy":"tip","embeddable":true,"href":"https:\/\/www.slogi.si\/en\/wp-json\/wp\/v2\/tip?post=17841"},{"taxonomy":"vrsta-razstave","embeddable":true,"href":"https:\/\/www.slogi.si\/en\/wp-json\/wp\/v2\/vrsta-razstave?post=17841"}],"curies":[{"name":"wp","href":"https:\/\/api.w.org\/{rel}","templated":true}]}}