{"id":16408,"date":"2025-05-22T14:00:27","date_gmt":"2025-05-22T12:00:27","guid":{"rendered":"https:\/\/www.slogi.si\/?post_type=dogodki&#038;p=16408"},"modified":"2026-03-06T13:29:14","modified_gmt":"2026-03-06T12:29:14","slug":"from-our-collections-alenka-makes-puppets","status":"publish","type":"dogodki","link":"https:\/\/www.slogi.si\/en\/dogodki\/iz-nasih-zbirk-alenka-dela-lutke-razstava\/","title":{"rendered":"From our Collections: Alenka makes Puppets, exhibition of puppets by Alenka Pirjevec"},"content":{"rendered":"<p class=\"translation-block\">The all-round puppet artist <strong>Alenka Pirjevec<\/strong> marked her 80th birthday in 2025. On this occasion, she donated her puppet creations to the Slovenian Theatre Institute \u2013 Theatre Museum.<\/p>\n<p class=\"translation-block\">The exhibition <strong><em>Alenka makes puppets<\/em><\/strong> presents an important part of Alenka Pirjevec's body of work, <strong>focusing on her author projects<\/strong>, as well as on the <strong>productions for which she created original puppets<\/strong>. We follow her career from the performance of Ivan Cankar's <em>Depravity in St. Florian Valley<\/em> (1994), in which Pirjevec\u2019s puppets first appeared on the Slovenian stage, to <em>First Love<\/em> , the production of \u0160KUC Theatre (2017), which completed her career of a puppeteer.<\/p>\n<p>The exhibition was on display in the Hall of the Slovenian Theatre Institute from June 12, 2025 to February 8, 2026.<\/p>\n<figure id=\"attachment_16414\" aria-describedby=\"caption-attachment-16414\" style=\"width: 196px\" class=\"wp-caption alignleft\"><a href=\"https:\/\/www.slogi.si\/wp-content\/uploads\/2025\/05\/Alenka-Pirjevec-in-njena-lutka_Foto-A-Ovsec_SLOGI2.jpg\"><img fetchpriority=\"high\" decoding=\"async\" class=\"wp-image-16414 size-medium\" src=\"https:\/\/www.slogi.si\/wp-content\/uploads\/2025\/05\/Alenka-Pirjevec-in-njena-lutka_Foto-A-Ovsec_SLOGI2-196x300.jpg\" alt=\"Alenka Pirjevec and her puppet. Photo: Andrej Ovsec; Iconotheque SLOGI \u2013 Theatre Museum.\" width=\"196\" height=\"300\" srcset=\"https:\/\/www.slogi.si\/wp-content\/uploads\/2025\/05\/Alenka-Pirjevec-in-njena-lutka_Foto-A-Ovsec_SLOGI2-196x300.jpg 196w, https:\/\/www.slogi.si\/wp-content\/uploads\/2025\/05\/Alenka-Pirjevec-in-njena-lutka_Foto-A-Ovsec_SLOGI2-8x12.jpg 8w, https:\/\/www.slogi.si\/wp-content\/uploads\/2025\/05\/Alenka-Pirjevec-in-njena-lutka_Foto-A-Ovsec_SLOGI2.jpg 668w\" sizes=\"(max-width: 196px) 100vw, 196px\" \/><\/a><figcaption id=\"caption-attachment-16414\" class=\"wp-caption-text\">Alenka Pirjevec and her puppet. Photo: Andrej Ovsec; Iconotheque SLOGI \u2013 Theatre Museum.<\/figcaption><\/figure>\n<p class=\"translation-block\"><strong>ALENKA PIRJEVEC <\/strong> has worked as a versatile puppet artist for over four decades. In the course of her rich and diverse creative oeuvre she has proven herself as dramatic actor and\/or puppet animator (she has performed in over 70 puppet productions), as director, dramaturg, author of the visual design of the production, set designer, puppet designer and puppet maker, as well as mentor. For two years, she even held the function of artistic director of the Ljubljana Puppet Theatre. She has also worked internationally - During the 1990s, she was the president of UNIMA Slovenia, she has performed extensively in Europe, and twice she has presented Slovenian puppetry with performances and workshops on a tour of Japan. She has received several awards for her work.<\/p>\n<p class=\"translation-block\">Puppets have been an inseparable part of Alenka's life, in fact, of her very self, her innermost being. In her Master's thesis, <em>Invisible Space between the Actor and the Puppet<\/em> \u2013 she embarked on her Master's studies as an artist full of energy and creative curiosity in 1999, at the age of 54 \u2013 in the chapter on the methodology of working with puppets, she wrote: \"If the actor brings the puppet to life with their breathing, they \/...\/ give it their own expression, all of their emotions and thoughts, whether this should involve text or they just do it with movement alone, without using words. When they have worked with the puppet according to this principle long enough, their next observation will be that they have become a substantial whole with the puppet, regardless of the physical distance of the puppet from the actor. The moment has arrived when the actor identifies with the puppet, accepts it as part of themself, no longer just on the physical level, but also mentally and emotionally. This is also the stage when the actor starts loving the puppet; they open up to it and surrender to it.\"<\/p>\n<p>Among her many accomplished acting and\/or animation creations at the Ljubljana Puppet Theatre, Alenka Pirjevec has particularly endeared herself to younger and older audiences with her interpretation of mischievous and inventive characters. Her stage creations have often demonstrated a gift for comicality and a lively stage rhythm. On the other hand, she has shown a talent for creating poetic, subtle dramatic figures. As an actress, she was able to put herself in the background, to give the floor to the puppet, to identify with it completely. Reviewers have also repeatedly pointed out her dedication, her sense of harmonious ensemble acting and her \u2018mastery of the culture of movement\u2019.<\/p>\n<p>Alenka Pirjevec is also a superb maker of puppets, or rather, the queen of all puppets \u2013 the marionette. But it is not just skilful hands that suffice. On the contrary, it takes mastery of puppet-making techniques, knowledge of materials and physiognomy, and, of course, talent and a vivid imagination. And, of course, years of experience as an actress and animator also had their share in achieving this excellence. Or, as Alenka writes in her aforementioned Master's thesis: \"Whenever I decide to start working on a production, I always have in mind the visual image of the performance and its performance requirements from the very beginning, both at the level of the making of puppet elements and at the level of the acting animation of individual puppets. What do I mean by that? I mean that at the time of planning and designing a particular puppet, I am already thinking about what I am going to do with it once it is finished, and why I am going to do it. That is to say, my acting work starts as soon as I take a piece of wood and start sawing. Through all the stages of making a puppet, I am also building up its character.\"<\/p>\n<p>Alenka Pirjevec, as an interpreter and a holistic artist, with her creative curiosity and continuous research of the puppet medium, has contributed greatly to the development of puppetry art in Slovenia.<\/p>\n<p>&nbsp;<\/p>\n<h4>Public Guided Tours:<\/h4>\n<p class=\"translation-block\">\u2013 on the Museum summer night, June 21st 2025, at 18.30 and 20.00,<\/p>\n<p>&#8211; ob Dnevih evropske kulturne dedi\u0161\u010dine, 1. oktobra 2025, ob 17. uri, ter vodstvo z delavnico za dru\u017eine: 11. oktobra 2025, ob 10. uri,<\/p>\n<p class=\"translation-block\">\u2013 on December 3rd 2025, at 17.00,<\/p>\n<p>&#8211; 18. decembra 2025, ob 17. uri.<\/p>\n<p class=\"translation-block\">\u2013 on Slovenian Cultural Holiday, February 8th 2026, at 11 a.m.<\/p>\n<h4>Educational program accompanying the exhibition:<\/h4>\n<p><a href=\"https:\/\/www.slogi.si\/en\/pedagogical-programs\/z-alenkinimi-lutkami-v-svet-marionet\/\" target=\"_blank\" rel=\"noopener\"><em>Z Alenkinimi lutkami v svet marionet (in Slovenian)<\/em> &gt;&gt;<\/a><\/p>\n<h4><\/h4>\n<p class=\"translation-block\">The exhibition was opened on Thursday, 12 June 2025,  by the Minister of Culture, Dr. Asta Vre\u010dko.<\/p>\n<p><a href=\"https:\/\/www.slogi.si\/wp-content\/uploads\/2025\/05\/E_VabiloAP_min.png\"><img decoding=\"async\" class=\"aligncenter wp-image-16418 size-medium\" src=\"https:\/\/www.slogi.si\/wp-content\/uploads\/2025\/05\/E_VabiloAP_min-160x300.png\" alt=\"\" width=\"160\" height=\"300\" srcset=\"https:\/\/www.slogi.si\/wp-content\/uploads\/2025\/05\/E_VabiloAP_min-160x300.png 160w, https:\/\/www.slogi.si\/wp-content\/uploads\/2025\/05\/E_VabiloAP_min-546x1024.png 546w, https:\/\/www.slogi.si\/wp-content\/uploads\/2025\/05\/E_VabiloAP_min-768x1440.png 768w, https:\/\/www.slogi.si\/wp-content\/uploads\/2025\/05\/E_VabiloAP_min-819x1536.png 819w, https:\/\/www.slogi.si\/wp-content\/uploads\/2025\/05\/E_VabiloAP_min-6x12.png 6w, https:\/\/www.slogi.si\/wp-content\/uploads\/2025\/05\/E_VabiloAP_min.png 1092w\" sizes=\"(max-width: 160px) 100vw, 160px\" \/><\/a><\/p>\n<h5>Opening and installation of the exhibition. Photo: Andrej Ovsec\/SLOGI.<\/h5>\n<div id='gallery-1' class='gallery galleryid-16408 gallery-columns-5 gallery-size-thumbnail'><figure class='gallery-item'>\n\t\t\t<div class='gallery-icon landscape'>\n\t\t\t\t<a href='https:\/\/www.slogi.si\/wp-content\/uploads\/2025\/05\/Alenka-dela-lutke_odprtje-in-postavitev_foto-Andrej-Ovsec-SLOGI-1.jpg'><img decoding=\"async\" width=\"150\" height=\"150\" src=\"https:\/\/www.slogi.si\/wp-content\/uploads\/2025\/05\/Alenka-dela-lutke_odprtje-in-postavitev_foto-Andrej-Ovsec-SLOGI-1-150x150.jpg\" class=\"attachment-thumbnail size-thumbnail\" alt=\"Iz na\u0161ih zbirk: Alenka dela lutke, 12. junija 2025 v Dvorani SLOGI. Foto: Andrej Ovsec\/SLOGI.\" aria-describedby=\"gallery-1-16439\" \/><\/a>\n\t\t\t<\/div>\n\t\t\t\t<figcaption class='wp-caption-text gallery-caption' id='gallery-1-16439'>\n\t\t\t\tIz na\u0161ih zbirk: Alenka dela lutke, 12. junija 2025 v Dvorani SLOGI. Foto: Andrej Ovsec\/SLOGI.\n\t\t\t\t<\/figcaption><\/figure><figure class='gallery-item'>\n\t\t\t<div class='gallery-icon landscape'>\n\t\t\t\t<a href='https:\/\/www.slogi.si\/wp-content\/uploads\/2025\/05\/Alenka-dela-lutke_odprtje-in-postavitev_foto-Andrej-Ovsec-SLOGI-4.jpg'><img loading=\"lazy\" decoding=\"async\" width=\"150\" height=\"150\" src=\"https:\/\/www.slogi.si\/wp-content\/uploads\/2025\/05\/Alenka-dela-lutke_odprtje-in-postavitev_foto-Andrej-Ovsec-SLOGI-4-150x150.jpg\" class=\"attachment-thumbnail size-thumbnail\" alt=\"Iz na\u0161ih zbirk: Alenka dela lutke, 12. junija 2025 v Dvorani SLOGI. Foto: Andrej Ovsec\/SLOGI.\" aria-describedby=\"gallery-1-16442\" \/><\/a>\n\t\t\t<\/div>\n\t\t\t\t<figcaption class='wp-caption-text gallery-caption' id='gallery-1-16442'>\n\t\t\t\tIz na\u0161ih zbirk: Alenka dela lutke, 12. junija 2025 v Dvorani SLOGI. Foto: Andrej Ovsec\/SLOGI.\n\t\t\t\t<\/figcaption><\/figure><figure class='gallery-item'>\n\t\t\t<div class='gallery-icon landscape'>\n\t\t\t\t<a href='https:\/\/www.slogi.si\/wp-content\/uploads\/2025\/05\/Alenka-dela-lutke_odprtje-in-postavitev_foto-Andrej-Ovsec-SLOGI-21.jpg'><img loading=\"lazy\" decoding=\"async\" width=\"150\" height=\"150\" src=\"https:\/\/www.slogi.si\/wp-content\/uploads\/2025\/05\/Alenka-dela-lutke_odprtje-in-postavitev_foto-Andrej-Ovsec-SLOGI-21-150x150.jpg\" class=\"attachment-thumbnail size-thumbnail\" alt=\"Iz na\u0161ih zbirk: Alenka dela lutke, 12. junija 2025 v Dvorani SLOGI. Foto: Andrej Ovsec\/SLOGI.\" aria-describedby=\"gallery-1-16459\" \/><\/a>\n\t\t\t<\/div>\n\t\t\t\t<figcaption class='wp-caption-text gallery-caption' id='gallery-1-16459'>\n\t\t\t\tIz na\u0161ih zbirk: Alenka dela lutke, 12. junija 2025 v Dvorani SLOGI. Foto: Andrej Ovsec\/SLOGI.\n\t\t\t\t<\/figcaption><\/figure><figure class='gallery-item'>\n\t\t\t<div class='gallery-icon landscape'>\n\t\t\t\t<a href='https:\/\/www.slogi.si\/wp-content\/uploads\/2025\/05\/Alenka-dela-lutke_odprtje-in-postavitev_foto-Andrej-Ovsec-SLOGI-5.jpg'><img loading=\"lazy\" decoding=\"async\" width=\"150\" height=\"150\" src=\"https:\/\/www.slogi.si\/wp-content\/uploads\/2025\/05\/Alenka-dela-lutke_odprtje-in-postavitev_foto-Andrej-Ovsec-SLOGI-5-150x150.jpg\" class=\"attachment-thumbnail size-thumbnail\" alt=\"Iz na\u0161ih zbirk: Alenka dela lutke, 12. junija 2025 v Dvorani SLOGI. Foto: Andrej Ovsec\/SLOGI.\" aria-describedby=\"gallery-1-16443\" \/><\/a>\n\t\t\t<\/div>\n\t\t\t\t<figcaption class='wp-caption-text gallery-caption' id='gallery-1-16443'>\n\t\t\t\tIz na\u0161ih zbirk: Alenka dela lutke, 12. junija 2025 v Dvorani SLOGI. Foto: Andrej Ovsec\/SLOGI.\n\t\t\t\t<\/figcaption><\/figure><figure class='gallery-item'>\n\t\t\t<div class='gallery-icon landscape'>\n\t\t\t\t<a href='https:\/\/www.slogi.si\/wp-content\/uploads\/2025\/05\/Alenka-dela-lutke_odprtje-in-postavitev_foto-Andrej-Ovsec-SLOGI-6.jpg'><img loading=\"lazy\" decoding=\"async\" width=\"150\" height=\"150\" src=\"https:\/\/www.slogi.si\/wp-content\/uploads\/2025\/05\/Alenka-dela-lutke_odprtje-in-postavitev_foto-Andrej-Ovsec-SLOGI-6-150x150.jpg\" class=\"attachment-thumbnail size-thumbnail\" alt=\"Iz na\u0161ih zbirk: Alenka dela lutke, 12. junija 2025 v Dvorani SLOGI. Foto: Andrej Ovsec\/SLOGI.\" aria-describedby=\"gallery-1-16444\" \/><\/a>\n\t\t\t<\/div>\n\t\t\t\t<figcaption class='wp-caption-text gallery-caption' id='gallery-1-16444'>\n\t\t\t\tIz na\u0161ih zbirk: Alenka dela lutke, 12. junija 2025 v Dvorani SLOGI. Foto: Andrej Ovsec\/SLOGI.\n\t\t\t\t<\/figcaption><\/figure><figure class='gallery-item'>\n\t\t\t<div class='gallery-icon landscape'>\n\t\t\t\t<a href='https:\/\/www.slogi.si\/wp-content\/uploads\/2025\/05\/Alenka-dela-lutke_odprtje-in-postavitev_foto-Andrej-Ovsec-SLOGI-7.jpg'><img loading=\"lazy\" decoding=\"async\" width=\"150\" height=\"150\" src=\"https:\/\/www.slogi.si\/wp-content\/uploads\/2025\/05\/Alenka-dela-lutke_odprtje-in-postavitev_foto-Andrej-Ovsec-SLOGI-7-150x150.jpg\" class=\"attachment-thumbnail size-thumbnail\" alt=\"Iz na\u0161ih zbirk: Alenka dela lutke, 12. junija 2025 v Dvorani SLOGI. Foto: Andrej Ovsec\/SLOGI.\" aria-describedby=\"gallery-1-16445\" \/><\/a>\n\t\t\t<\/div>\n\t\t\t\t<figcaption class='wp-caption-text gallery-caption' id='gallery-1-16445'>\n\t\t\t\tIz na\u0161ih zbirk: Alenka dela lutke, 12. junija 2025 v Dvorani SLOGI. Foto: Andrej Ovsec\/SLOGI.\n\t\t\t\t<\/figcaption><\/figure><figure class='gallery-item'>\n\t\t\t<div class='gallery-icon landscape'>\n\t\t\t\t<a href='https:\/\/www.slogi.si\/wp-content\/uploads\/2025\/05\/Alenka-dela-lutke_odprtje-in-postavitev_foto-Andrej-Ovsec-SLOGI-8.jpg'><img loading=\"lazy\" decoding=\"async\" width=\"150\" height=\"150\" src=\"https:\/\/www.slogi.si\/wp-content\/uploads\/2025\/05\/Alenka-dela-lutke_odprtje-in-postavitev_foto-Andrej-Ovsec-SLOGI-8-150x150.jpg\" class=\"attachment-thumbnail size-thumbnail\" alt=\"Iz na\u0161ih zbirk: Alenka dela lutke, 12. junija 2025 v Dvorani SLOGI. Foto: Andrej Ovsec\/SLOGI.\" aria-describedby=\"gallery-1-16446\" \/><\/a>\n\t\t\t<\/div>\n\t\t\t\t<figcaption class='wp-caption-text gallery-caption' id='gallery-1-16446'>\n\t\t\t\tIz na\u0161ih zbirk: Alenka dela lutke, 12. junija 2025 v Dvorani SLOGI. Foto: Andrej Ovsec\/SLOGI.\n\t\t\t\t<\/figcaption><\/figure><figure class='gallery-item'>\n\t\t\t<div class='gallery-icon landscape'>\n\t\t\t\t<a href='https:\/\/www.slogi.si\/wp-content\/uploads\/2025\/05\/Alenka-dela-lutke_odprtje-in-postavitev_foto-Andrej-Ovsec-SLOGI-2.jpg'><img loading=\"lazy\" decoding=\"async\" width=\"150\" height=\"150\" src=\"https:\/\/www.slogi.si\/wp-content\/uploads\/2025\/05\/Alenka-dela-lutke_odprtje-in-postavitev_foto-Andrej-Ovsec-SLOGI-2-150x150.jpg\" class=\"attachment-thumbnail size-thumbnail\" alt=\"Iz na\u0161ih zbirk: Alenka dela lutke, 12. junija 2025 v Dvorani SLOGI. Foto: Andrej Ovsec\/SLOGI.\" aria-describedby=\"gallery-1-16440\" \/><\/a>\n\t\t\t<\/div>\n\t\t\t\t<figcaption class='wp-caption-text gallery-caption' id='gallery-1-16440'>\n\t\t\t\tIz na\u0161ih zbirk: Alenka dela lutke, 12. junija 2025 v Dvorani SLOGI. Foto: Andrej Ovsec\/SLOGI.\n\t\t\t\t<\/figcaption><\/figure><figure class='gallery-item'>\n\t\t\t<div class='gallery-icon landscape'>\n\t\t\t\t<a href='https:\/\/www.slogi.si\/wp-content\/uploads\/2025\/05\/Alenka-dela-lutke_odprtje-in-postavitev_foto-Andrej-Ovsec-SLOGI-3.jpg'><img loading=\"lazy\" decoding=\"async\" width=\"150\" height=\"150\" src=\"https:\/\/www.slogi.si\/wp-content\/uploads\/2025\/05\/Alenka-dela-lutke_odprtje-in-postavitev_foto-Andrej-Ovsec-SLOGI-3-150x150.jpg\" class=\"attachment-thumbnail size-thumbnail\" alt=\"Iz na\u0161ih zbirk: Alenka dela lutke, 12. junija 2025 v Dvorani SLOGI. Foto: Andrej Ovsec\/SLOGI.\" aria-describedby=\"gallery-1-16441\" \/><\/a>\n\t\t\t<\/div>\n\t\t\t\t<figcaption class='wp-caption-text gallery-caption' id='gallery-1-16441'>\n\t\t\t\tIz na\u0161ih zbirk: Alenka dela lutke, 12. junija 2025 v Dvorani SLOGI. Foto: Andrej Ovsec\/SLOGI.\n\t\t\t\t<\/figcaption><\/figure><figure class='gallery-item'>\n\t\t\t<div class='gallery-icon landscape'>\n\t\t\t\t<a href='https:\/\/www.slogi.si\/wp-content\/uploads\/2025\/05\/Alenka-dela-lutke_odprtje-in-postavitev_foto-Andrej-Ovsec-SLOGI-33.jpg'><img loading=\"lazy\" decoding=\"async\" width=\"150\" height=\"150\" src=\"https:\/\/www.slogi.si\/wp-content\/uploads\/2025\/05\/Alenka-dela-lutke_odprtje-in-postavitev_foto-Andrej-Ovsec-SLOGI-33-150x150.jpg\" class=\"attachment-thumbnail size-thumbnail\" alt=\"Iz na\u0161ih zbirk: Alenka dela lutke, 12. junija 2025 v Dvorani SLOGI. Foto: Andrej Ovsec\/SLOGI.\" aria-describedby=\"gallery-1-16471\" \/><\/a>\n\t\t\t<\/div>\n\t\t\t\t<figcaption class='wp-caption-text gallery-caption' id='gallery-1-16471'>\n\t\t\t\tIz na\u0161ih zbirk: Alenka dela lutke, 12. junija 2025 v Dvorani SLOGI. Foto: Andrej Ovsec\/SLOGI.\n\t\t\t\t<\/figcaption><\/figure><figure class='gallery-item'>\n\t\t\t<div class='gallery-icon landscape'>\n\t\t\t\t<a href='https:\/\/www.slogi.si\/wp-content\/uploads\/2025\/05\/Alenka-dela-lutke_odprtje-in-postavitev_foto-Andrej-Ovsec-SLOGI-32.jpg'><img loading=\"lazy\" decoding=\"async\" width=\"150\" height=\"150\" src=\"https:\/\/www.slogi.si\/wp-content\/uploads\/2025\/05\/Alenka-dela-lutke_odprtje-in-postavitev_foto-Andrej-Ovsec-SLOGI-32-150x150.jpg\" class=\"attachment-thumbnail size-thumbnail\" alt=\"Iz na\u0161ih zbirk: Alenka dela lutke, 12. junija 2025 v Dvorani SLOGI. Foto: Andrej Ovsec\/SLOGI.\" aria-describedby=\"gallery-1-16470\" \/><\/a>\n\t\t\t<\/div>\n\t\t\t\t<figcaption class='wp-caption-text gallery-caption' id='gallery-1-16470'>\n\t\t\t\tIz na\u0161ih zbirk: Alenka dela lutke, 12. junija 2025 v Dvorani SLOGI. Foto: Andrej Ovsec\/SLOGI.\n\t\t\t\t<\/figcaption><\/figure><figure class='gallery-item'>\n\t\t\t<div class='gallery-icon landscape'>\n\t\t\t\t<a href='https:\/\/www.slogi.si\/wp-content\/uploads\/2025\/05\/Alenka-dela-lutke_odprtje-in-postavitev_foto-Andrej-Ovsec-SLOGI-31.jpg'><img loading=\"lazy\" decoding=\"async\" width=\"150\" height=\"150\" src=\"https:\/\/www.slogi.si\/wp-content\/uploads\/2025\/05\/Alenka-dela-lutke_odprtje-in-postavitev_foto-Andrej-Ovsec-SLOGI-31-150x150.jpg\" class=\"attachment-thumbnail size-thumbnail\" alt=\"Iz na\u0161ih zbirk: Alenka dela lutke, 12. junija 2025 v Dvorani SLOGI. Foto: Andrej Ovsec\/SLOGI.\" aria-describedby=\"gallery-1-16469\" \/><\/a>\n\t\t\t<\/div>\n\t\t\t\t<figcaption class='wp-caption-text gallery-caption' id='gallery-1-16469'>\n\t\t\t\tIz na\u0161ih zbirk: Alenka dela lutke, 12. junija 2025 v Dvorani SLOGI. Foto: Andrej Ovsec\/SLOGI.\n\t\t\t\t<\/figcaption><\/figure><figure class='gallery-item'>\n\t\t\t<div class='gallery-icon landscape'>\n\t\t\t\t<a href='https:\/\/www.slogi.si\/wp-content\/uploads\/2025\/05\/Alenka-dela-lutke_odprtje-in-postavitev_foto-Andrej-Ovsec-SLOGI-30.jpg'><img loading=\"lazy\" decoding=\"async\" width=\"150\" height=\"150\" src=\"https:\/\/www.slogi.si\/wp-content\/uploads\/2025\/05\/Alenka-dela-lutke_odprtje-in-postavitev_foto-Andrej-Ovsec-SLOGI-30-150x150.jpg\" class=\"attachment-thumbnail size-thumbnail\" alt=\"Iz na\u0161ih zbirk: Alenka dela lutke, 12. junija 2025 v Dvorani SLOGI. Foto: Andrej Ovsec\/SLOGI.\" aria-describedby=\"gallery-1-16468\" \/><\/a>\n\t\t\t<\/div>\n\t\t\t\t<figcaption class='wp-caption-text gallery-caption' id='gallery-1-16468'>\n\t\t\t\tIz na\u0161ih zbirk: Alenka dela lutke, 12. junija 2025 v Dvorani SLOGI. Foto: Andrej Ovsec\/SLOGI.\n\t\t\t\t<\/figcaption><\/figure><figure class='gallery-item'>\n\t\t\t<div class='gallery-icon landscape'>\n\t\t\t\t<a href='https:\/\/www.slogi.si\/wp-content\/uploads\/2025\/05\/Alenka-dela-lutke_odprtje-in-postavitev_foto-Andrej-Ovsec-SLOGI-29.jpg'><img loading=\"lazy\" decoding=\"async\" width=\"150\" height=\"150\" src=\"https:\/\/www.slogi.si\/wp-content\/uploads\/2025\/05\/Alenka-dela-lutke_odprtje-in-postavitev_foto-Andrej-Ovsec-SLOGI-29-150x150.jpg\" class=\"attachment-thumbnail size-thumbnail\" alt=\"Iz na\u0161ih zbirk: Alenka dela lutke, 12. junija 2025 v Dvorani SLOGI. Foto: Andrej Ovsec\/SLOGI.\" aria-describedby=\"gallery-1-16467\" \/><\/a>\n\t\t\t<\/div>\n\t\t\t\t<figcaption class='wp-caption-text gallery-caption' id='gallery-1-16467'>\n\t\t\t\tIz na\u0161ih zbirk: Alenka dela lutke, 12. junija 2025 v Dvorani SLOGI. Foto: Andrej Ovsec\/SLOGI.\n\t\t\t\t<\/figcaption><\/figure><figure class='gallery-item'>\n\t\t\t<div class='gallery-icon landscape'>\n\t\t\t\t<a href='https:\/\/www.slogi.si\/wp-content\/uploads\/2025\/05\/Alenka-dela-lutke_odprtje-in-postavitev_foto-Andrej-Ovsec-SLOGI-27.jpg'><img loading=\"lazy\" decoding=\"async\" width=\"150\" height=\"150\" src=\"https:\/\/www.slogi.si\/wp-content\/uploads\/2025\/05\/Alenka-dela-lutke_odprtje-in-postavitev_foto-Andrej-Ovsec-SLOGI-27-150x150.jpg\" class=\"attachment-thumbnail size-thumbnail\" alt=\"Iz na\u0161ih zbirk: Alenka dela lutke, 12. junija 2025 v Dvorani SLOGI. Foto: Andrej Ovsec\/SLOGI.\" aria-describedby=\"gallery-1-16465\" \/><\/a>\n\t\t\t<\/div>\n\t\t\t\t<figcaption class='wp-caption-text gallery-caption' id='gallery-1-16465'>\n\t\t\t\tIz na\u0161ih zbirk: Alenka dela lutke, 12. junija 2025 v Dvorani SLOGI. Foto: Andrej Ovsec\/SLOGI.\n\t\t\t\t<\/figcaption><\/figure><figure class='gallery-item'>\n\t\t\t<div class='gallery-icon landscape'>\n\t\t\t\t<a href='https:\/\/www.slogi.si\/wp-content\/uploads\/2025\/05\/Alenka-dela-lutke_odprtje-in-postavitev_foto-Andrej-Ovsec-SLOGI-26.jpg'><img loading=\"lazy\" decoding=\"async\" width=\"150\" height=\"150\" src=\"https:\/\/www.slogi.si\/wp-content\/uploads\/2025\/05\/Alenka-dela-lutke_odprtje-in-postavitev_foto-Andrej-Ovsec-SLOGI-26-150x150.jpg\" class=\"attachment-thumbnail size-thumbnail\" alt=\"Iz na\u0161ih zbirk: Alenka dela lutke, 12. junija 2025 v Dvorani SLOGI. Foto: Andrej Ovsec\/SLOGI.\" aria-describedby=\"gallery-1-16464\" \/><\/a>\n\t\t\t<\/div>\n\t\t\t\t<figcaption class='wp-caption-text gallery-caption' id='gallery-1-16464'>\n\t\t\t\tIz na\u0161ih zbirk: Alenka dela lutke, 12. junija 2025 v Dvorani SLOGI. Foto: Andrej Ovsec\/SLOGI.\n\t\t\t\t<\/figcaption><\/figure><figure class='gallery-item'>\n\t\t\t<div class='gallery-icon landscape'>\n\t\t\t\t<a href='https:\/\/www.slogi.si\/wp-content\/uploads\/2025\/05\/Alenka-dela-lutke_odprtje-in-postavitev_foto-Andrej-Ovsec-SLOGI-25.jpg'><img loading=\"lazy\" decoding=\"async\" width=\"150\" height=\"150\" src=\"https:\/\/www.slogi.si\/wp-content\/uploads\/2025\/05\/Alenka-dela-lutke_odprtje-in-postavitev_foto-Andrej-Ovsec-SLOGI-25-150x150.jpg\" class=\"attachment-thumbnail size-thumbnail\" alt=\"Iz na\u0161ih zbirk: Alenka dela lutke, 12. junija 2025 v Dvorani SLOGI. Foto: Andrej Ovsec\/SLOGI.\" aria-describedby=\"gallery-1-16463\" \/><\/a>\n\t\t\t<\/div>\n\t\t\t\t<figcaption class='wp-caption-text gallery-caption' id='gallery-1-16463'>\n\t\t\t\tIz na\u0161ih zbirk: Alenka dela lutke, 12. junija 2025 v Dvorani SLOGI. Foto: Andrej Ovsec\/SLOGI.\n\t\t\t\t<\/figcaption><\/figure><figure class='gallery-item'>\n\t\t\t<div class='gallery-icon portrait'>\n\t\t\t\t<a href='https:\/\/www.slogi.si\/wp-content\/uploads\/2025\/05\/Alenka-dela-lutke_odprtje-in-postavitev_foto-Andrej-Ovsec-SLOGI-23.jpg'><img loading=\"lazy\" decoding=\"async\" width=\"150\" height=\"150\" src=\"https:\/\/www.slogi.si\/wp-content\/uploads\/2025\/05\/Alenka-dela-lutke_odprtje-in-postavitev_foto-Andrej-Ovsec-SLOGI-23-150x150.jpg\" class=\"attachment-thumbnail size-thumbnail\" alt=\"Iz na\u0161ih zbirk: Alenka dela lutke, 12. junija 2025 v Dvorani SLOGI. Foto: Andrej Ovsec\/SLOGI.\" aria-describedby=\"gallery-1-16461\" \/><\/a>\n\t\t\t<\/div>\n\t\t\t\t<figcaption class='wp-caption-text gallery-caption' id='gallery-1-16461'>\n\t\t\t\tIz na\u0161ih zbirk: Alenka dela lutke, 12. junija 2025 v Dvorani SLOGI. Foto: Andrej Ovsec\/SLOGI.\n\t\t\t\t<\/figcaption><\/figure><figure class='gallery-item'>\n\t\t\t<div class='gallery-icon landscape'>\n\t\t\t\t<a href='https:\/\/www.slogi.si\/wp-content\/uploads\/2025\/05\/Alenka-dela-lutke_odprtje-in-postavitev_foto-Andrej-Ovsec-SLOGI-24.jpg'><img loading=\"lazy\" decoding=\"async\" width=\"150\" height=\"150\" src=\"https:\/\/www.slogi.si\/wp-content\/uploads\/2025\/05\/Alenka-dela-lutke_odprtje-in-postavitev_foto-Andrej-Ovsec-SLOGI-24-150x150.jpg\" class=\"attachment-thumbnail size-thumbnail\" alt=\"Iz na\u0161ih zbirk: Alenka dela lutke, 12. junija 2025 v Dvorani SLOGI. Foto: Andrej Ovsec\/SLOGI.\" aria-describedby=\"gallery-1-16462\" \/><\/a>\n\t\t\t<\/div>\n\t\t\t\t<figcaption class='wp-caption-text gallery-caption' id='gallery-1-16462'>\n\t\t\t\tIz na\u0161ih zbirk: Alenka dela lutke, 12. junija 2025 v Dvorani SLOGI. Foto: Andrej Ovsec\/SLOGI.\n\t\t\t\t<\/figcaption><\/figure><figure class='gallery-item'>\n\t\t\t<div class='gallery-icon landscape'>\n\t\t\t\t<a href='https:\/\/www.slogi.si\/wp-content\/uploads\/2025\/05\/Alenka-dela-lutke_odprtje-in-postavitev_foto-Andrej-Ovsec-SLOGI-34.jpg'><img loading=\"lazy\" decoding=\"async\" width=\"150\" height=\"150\" src=\"https:\/\/www.slogi.si\/wp-content\/uploads\/2025\/05\/Alenka-dela-lutke_odprtje-in-postavitev_foto-Andrej-Ovsec-SLOGI-34-150x150.jpg\" class=\"attachment-thumbnail size-thumbnail\" alt=\"Iz na\u0161ih zbirk: Alenka dela lutke, 12. junija 2025 v Dvorani SLOGI. Foto: Andrej Ovsec\/SLOGI.\" aria-describedby=\"gallery-1-16472\" \/><\/a>\n\t\t\t<\/div>\n\t\t\t\t<figcaption class='wp-caption-text gallery-caption' id='gallery-1-16472'>\n\t\t\t\tIz na\u0161ih zbirk: Alenka dela lutke, 12. junija 2025 v Dvorani SLOGI. Foto: Andrej Ovsec\/SLOGI.\n\t\t\t\t<\/figcaption><\/figure><figure class='gallery-item'>\n\t\t\t<div class='gallery-icon landscape'>\n\t\t\t\t<a href='https:\/\/www.slogi.si\/wp-content\/uploads\/2025\/05\/Alenka-dela-lutke_odprtje-in-postavitev_foto-Andrej-Ovsec-SLOGI-22.jpg'><img loading=\"lazy\" decoding=\"async\" width=\"150\" height=\"150\" src=\"https:\/\/www.slogi.si\/wp-content\/uploads\/2025\/05\/Alenka-dela-lutke_odprtje-in-postavitev_foto-Andrej-Ovsec-SLOGI-22-150x150.jpg\" class=\"attachment-thumbnail size-thumbnail\" alt=\"Iz na\u0161ih zbirk: Alenka dela lutke, 12. junija 2025 v Dvorani SLOGI. Foto: Andrej Ovsec\/SLOGI.\" aria-describedby=\"gallery-1-16460\" \/><\/a>\n\t\t\t<\/div>\n\t\t\t\t<figcaption class='wp-caption-text gallery-caption' id='gallery-1-16460'>\n\t\t\t\tIz na\u0161ih zbirk: Alenka dela lutke, 12. junija 2025 v Dvorani SLOGI. Foto: Andrej Ovsec\/SLOGI.\n\t\t\t\t<\/figcaption><\/figure><figure class='gallery-item'>\n\t\t\t<div class='gallery-icon landscape'>\n\t\t\t\t<a href='https:\/\/www.slogi.si\/wp-content\/uploads\/2025\/05\/Alenka-dela-lutke_odprtje-in-postavitev_foto-Andrej-Ovsec-SLOGI-9.jpg'><img loading=\"lazy\" decoding=\"async\" width=\"150\" height=\"150\" src=\"https:\/\/www.slogi.si\/wp-content\/uploads\/2025\/05\/Alenka-dela-lutke_odprtje-in-postavitev_foto-Andrej-Ovsec-SLOGI-9-150x150.jpg\" class=\"attachment-thumbnail size-thumbnail\" alt=\"Razstava Iz na\u0161ih zbirk: Alenka dela lutke. Foto: Andrej Ovsec\/SLOGI.\" aria-describedby=\"gallery-1-16447\" \/><\/a>\n\t\t\t<\/div>\n\t\t\t\t<figcaption class='wp-caption-text gallery-caption' id='gallery-1-16447'>\n\t\t\t\tRazstava Iz na\u0161ih zbirk: Alenka dela lutke. Foto: Andrej Ovsec\/SLOGI.\n\t\t\t\t<\/figcaption><\/figure><figure class='gallery-item'>\n\t\t\t<div class='gallery-icon landscape'>\n\t\t\t\t<a href='https:\/\/www.slogi.si\/wp-content\/uploads\/2025\/05\/Alenka-dela-lutke_odprtje-in-postavitev_foto-Andrej-Ovsec-SLOGI-19.jpg'><img loading=\"lazy\" decoding=\"async\" width=\"150\" height=\"150\" src=\"https:\/\/www.slogi.si\/wp-content\/uploads\/2025\/05\/Alenka-dela-lutke_odprtje-in-postavitev_foto-Andrej-Ovsec-SLOGI-19-150x150.jpg\" class=\"attachment-thumbnail size-thumbnail\" alt=\"Razstava Iz na\u0161ih zbirk: Alenka dela lutke. Foto: Andrej Ovsec\/SLOGI.\" aria-describedby=\"gallery-1-16457\" \/><\/a>\n\t\t\t<\/div>\n\t\t\t\t<figcaption class='wp-caption-text gallery-caption' id='gallery-1-16457'>\n\t\t\t\tRazstava Iz na\u0161ih zbirk: Alenka dela lutke. Foto: Andrej Ovsec\/SLOGI.\n\t\t\t\t<\/figcaption><\/figure><figure class='gallery-item'>\n\t\t\t<div class='gallery-icon landscape'>\n\t\t\t\t<a href='https:\/\/www.slogi.si\/wp-content\/uploads\/2025\/05\/Alenka-dela-lutke_odprtje-in-postavitev_foto-Andrej-Ovsec-SLOGI-14.jpg'><img loading=\"lazy\" decoding=\"async\" width=\"150\" height=\"150\" src=\"https:\/\/www.slogi.si\/wp-content\/uploads\/2025\/05\/Alenka-dela-lutke_odprtje-in-postavitev_foto-Andrej-Ovsec-SLOGI-14-150x150.jpg\" class=\"attachment-thumbnail size-thumbnail\" alt=\"Razstava Iz na\u0161ih zbirk: Alenka dela lutke. Foto: Andrej Ovsec\/SLOGI.\" aria-describedby=\"gallery-1-16452\" \/><\/a>\n\t\t\t<\/div>\n\t\t\t\t<figcaption class='wp-caption-text gallery-caption' id='gallery-1-16452'>\n\t\t\t\tRazstava Iz na\u0161ih zbirk: Alenka dela lutke. Foto: Andrej Ovsec\/SLOGI.\n\t\t\t\t<\/figcaption><\/figure><figure class='gallery-item'>\n\t\t\t<div class='gallery-icon landscape'>\n\t\t\t\t<a href='https:\/\/www.slogi.si\/wp-content\/uploads\/2025\/05\/Alenka-dela-lutke_odprtje-in-postavitev_foto-Andrej-Ovsec-SLOGI-13.jpg'><img loading=\"lazy\" decoding=\"async\" width=\"150\" height=\"150\" src=\"https:\/\/www.slogi.si\/wp-content\/uploads\/2025\/05\/Alenka-dela-lutke_odprtje-in-postavitev_foto-Andrej-Ovsec-SLOGI-13-150x150.jpg\" class=\"attachment-thumbnail size-thumbnail\" alt=\"Razstava Iz na\u0161ih zbirk: Alenka dela lutke. Foto: Andrej Ovsec\/SLOGI.\" aria-describedby=\"gallery-1-16451\" \/><\/a>\n\t\t\t<\/div>\n\t\t\t\t<figcaption class='wp-caption-text gallery-caption' id='gallery-1-16451'>\n\t\t\t\tRazstava Iz na\u0161ih zbirk: Alenka dela lutke. Foto: Andrej Ovsec\/SLOGI.\n\t\t\t\t<\/figcaption><\/figure><figure class='gallery-item'>\n\t\t\t<div class='gallery-icon landscape'>\n\t\t\t\t<a href='https:\/\/www.slogi.si\/wp-content\/uploads\/2025\/05\/Alenka-dela-lutke_odprtje-in-postavitev_foto-Andrej-Ovsec-SLOGI-12.jpg'><img loading=\"lazy\" decoding=\"async\" width=\"150\" height=\"150\" src=\"https:\/\/www.slogi.si\/wp-content\/uploads\/2025\/05\/Alenka-dela-lutke_odprtje-in-postavitev_foto-Andrej-Ovsec-SLOGI-12-150x150.jpg\" class=\"attachment-thumbnail size-thumbnail\" alt=\"Razstava Iz na\u0161ih zbirk: Alenka dela lutke. Foto: Andrej Ovsec\/SLOGI.\" aria-describedby=\"gallery-1-16450\" \/><\/a>\n\t\t\t<\/div>\n\t\t\t\t<figcaption class='wp-caption-text gallery-caption' id='gallery-1-16450'>\n\t\t\t\tRazstava Iz na\u0161ih zbirk: Alenka dela lutke. Foto: Andrej Ovsec\/SLOGI.\n\t\t\t\t<\/figcaption><\/figure><figure class='gallery-item'>\n\t\t\t<div class='gallery-icon landscape'>\n\t\t\t\t<a href='https:\/\/www.slogi.si\/wp-content\/uploads\/2025\/05\/Alenka-dela-lutke_odprtje-in-postavitev_foto-Andrej-Ovsec-SLOGI-16.jpg'><img loading=\"lazy\" decoding=\"async\" width=\"150\" height=\"150\" src=\"https:\/\/www.slogi.si\/wp-content\/uploads\/2025\/05\/Alenka-dela-lutke_odprtje-in-postavitev_foto-Andrej-Ovsec-SLOGI-16-150x150.jpg\" class=\"attachment-thumbnail size-thumbnail\" alt=\"Razstava Iz na\u0161ih zbirk: Alenka dela lutke. Foto: Andrej Ovsec\/SLOGI.\" aria-describedby=\"gallery-1-16454\" \/><\/a>\n\t\t\t<\/div>\n\t\t\t\t<figcaption class='wp-caption-text gallery-caption' id='gallery-1-16454'>\n\t\t\t\tRazstava Iz na\u0161ih zbirk: Alenka dela lutke. Foto: Andrej Ovsec\/SLOGI.\n\t\t\t\t<\/figcaption><\/figure><figure class='gallery-item'>\n\t\t\t<div class='gallery-icon landscape'>\n\t\t\t\t<a href='https:\/\/www.slogi.si\/wp-content\/uploads\/2025\/05\/Alenka-dela-lutke_odprtje-in-postavitev_foto-Andrej-Ovsec-SLOGI-11.jpg'><img loading=\"lazy\" decoding=\"async\" width=\"150\" height=\"150\" src=\"https:\/\/www.slogi.si\/wp-content\/uploads\/2025\/05\/Alenka-dela-lutke_odprtje-in-postavitev_foto-Andrej-Ovsec-SLOGI-11-150x150.jpg\" class=\"attachment-thumbnail size-thumbnail\" alt=\"Razstava Iz na\u0161ih zbirk: Alenka dela lutke. Foto: Andrej Ovsec\/SLOGI.\" aria-describedby=\"gallery-1-16449\" \/><\/a>\n\t\t\t<\/div>\n\t\t\t\t<figcaption class='wp-caption-text gallery-caption' id='gallery-1-16449'>\n\t\t\t\tRazstava Iz na\u0161ih zbirk: Alenka dela lutke. Foto: Andrej Ovsec\/SLOGI.\n\t\t\t\t<\/figcaption><\/figure>\n\t\t<\/div>\n\n<h5>From the media (in Slovenian)<\/h5>\n<p><a href=\"https:\/\/ars.rtvslo.si\/podkast\/nasi-umetniki-pred-mikrofonom\/64838718\/175144297\" target=\"_blank\" rel=\"noopener\"><em>Alenka Pirjevec: \u010carobno je, da mrtev predmet postane \u017eiv<\/em><\/a>, <em>Na\u0161i umetniki pred mikrofonom<\/em>, 3. program Radia Slovenija \u2013 program Ars, 5. 7. 2025<\/p>\n<p><a href=\"https:\/\/misli.sta.si\/3444051\/alenka-pirjevec-praznuje-80-rojstni-dan\" target=\"_blank\" rel=\"noopener\"><em>Alenka Pirjevec praznuje 80. rojstni dan<\/em><\/a>, STA\/STAmisli, 5. 7. 2025<\/p>\n<p><a href=\"https:\/\/veza.sigledal.org\/prispevki\/alenka-pirjevec-praznuje-80-rojstni-dan\" target=\"_blank\" rel=\"noopener\"><em>Alenka Pirjevec praznuje 80. rojstni dan<\/em><\/a>, SiGledal\/STA, 5. 7. 2025<\/p>\n<p><a href=\"https:\/\/www.dnevnik.si\/kultura\/oder\/lutkam-vdihniti-zivljenje-2741247\/\" target=\"_blank\" rel=\"noopener\"><em>Lutkam vdihniti \u017eivljenje<\/em><\/a>, Dnevnik, str. 10, 1. 7. 2025<\/p>\n<p><em>Alenka dela lutke: sprehod skozi desetletja radovedne lutkovne ustvarjalke Alenke Pirjevec<\/em>, Dnevnik, str. 9, 16. 6. 2025<\/p>\n<p><a href=\"https:\/\/youtu.be\/MslRNaE9Vp4?list=PLVir8QOTqW_PQ8sP_80ar7lwHeZnZxHus&amp;t=2827\" target=\"_blank\" rel=\"noopener\"><em>Kulturna panorama<\/em><\/a>, 47:07\u201352:44 min, 3. program Radia Slovenija \u2013 program Ars, 14. 6. 2025<\/p>\n<p><a href=\"https:\/\/www.rtvslo.si\/kultura\/razstave\/alenka-dela-lutke-sprehod-skozi-desetletja-radovedne-lutkovne-ustvarjalke-alenke-pirjevec\/748778\" target=\"_blank\" rel=\"noopener\"><em>Alenka dela lutke: sprehod skozi desetletja radovedne lutkovne ustvarjalke Alenke Pirjevec<\/em><\/a>, MMC RTV SLO, 12. 6. 2025<\/p>\n<p><a href=\"https:\/\/ars.rtvslo.si\/podkast\/svet-kulture\/64838778\/175139099\" target=\"_blank\" rel=\"noopener\"><em>Svet kulture<\/em><\/a>, 16:11\u201316:50 min, 3. program Radia Slovenija \u2013 program Ars, 12. 6. 2025<\/p>\n<p><a href=\"https:\/\/www.sta.si\/3435974\/v-slogiju-razstava-lutkovne-ustvarjalke-alenke-pirjevec\" target=\"_blank\" rel=\"noopener\"><em>V Slogiju razstava lutkovne ustvarjalke Alenke Pirjevec<\/em><\/a>, STA, 12. 6. 2025<\/p>\n<p><em><a href=\"https:\/\/www.gorenjskiglas.si\/sta\/v-slogiju-razstava-lutkovne-ustvarjalke-alenke-pirjevec-ljubljana-278863\/\" target=\"_blank\" rel=\"noopener\">V Slogiju razstava lutkovne ustvarjalke Alenke Pirjevec Ljubljana<\/a><\/em>, Gorenjski glas\/STA, 12. 6. 2025<\/p>\n<p><em><a href=\"https:\/\/veza.sigledal.org\/kritika\/v-slogiju-razstava-lutkovne-ustvarjalke-alenke-pirjevec\" target=\"_blank\" rel=\"noopener\">V Slogiju razstava lutkovne ustvarjalke Alenke Pirjevec Ljubljana<\/a><\/em>, SiGledal\/STA, 12. 6. 2025<\/p>\n<p><a href=\"https:\/\/megafon.si\/kultura-vse\/v-slogiju-razstava-lutkovne-ustvarjalke-alenke-pirjevec\/\" target=\"_blank\" rel=\"noopener\"><em>V Slogiju razstava lutkovne ustvarjalke Alenke Pirjevec<\/em><\/a>, megafon.si\/STA, 12. 6. 2025<\/p>\n<p><a href=\"https:\/\/www.lutka.net\/novice\/muzej-6czsn\" target=\"_blank\" rel=\"noopener\"><em>Alenka dela lutke<\/em><\/a>, Lutka, 8. 6. 2025<\/p>\n<p><a href=\"https:\/\/www.rtvslo.si\/kultura\/doma-v-muzeju\/kaj-imajo-skupnega-skatla-cigar-ostaline-iz-pozara-in-lutke\/748161\" target=\"_blank\" rel=\"noopener\"><em>Kaj imajo skupnega \u0161katla cigar, ostaline iz po\u017eara in lutke?<\/em><\/a>, <em>Doma v muzeju<\/em>, MMC RTV SLO, 7. 6. 2025<\/p>\n<p><a href=\"https:\/\/veza.sigledal.org\/prispevki\/alenka-dela-lutke-razstava-lutk-alenke-pirjevec\" target=\"_blank\" rel=\"noopener\"><em>Alenka dela lutke: razstava lutk Alenke Pirjevec<\/em><\/a>,\u00a0SiGledal, 6. 6. 2025<\/p>\n<p>&nbsp;<\/p>\n<p>&nbsp;<\/p>\n<p style=\"text-align: center;\"><strong>FROM OUR COLLECTIONS: ALENKA MAKES PUPPETS<\/strong><br \/>\n<strong>Exhibition of Puppets by Alenka Pirjevec<\/strong><\/p>\n<p style=\"text-align: center;\" class=\"translation-block\">Production: Sloveninan Theatre Institute<br>\nCurator: <strong>Tea Rogelj<\/strong>, MA \u2022 Digitisation, graphic and technical set up: <strong>Andrej Ovsec<\/strong> \u2022 Selection of excerpts and adaptation of AV material: <strong>Ana Perne<\/strong>, editing: <strong>David Verli\u010d<\/strong> (Klub Zagon) \u2022 Pedagogical and andragogical programmes: <strong>Sandra Jenko<\/strong>, MA, <strong>Alenka Pirjevec<\/strong>, MA, <strong>Tea Rogelj<\/strong>, MA \u2022 Expert consultant: <strong>Primo\u017e Jesenko<\/strong>, MA \u2022 Translation into English: <strong>Jaka Andrej Vojevec<\/strong>; English language editor: <strong>Jana Ren\u00e9e Wilcoxen<\/strong> \u2022 Language consultant: <strong>Andra\u017e Polon\u010di\u010d Rupar\u010di\u010d<\/strong><\/p>\n<p style=\"text-align: center;\" class=\"translation-block\">The following institutions and companies helped in the preparation of the exhibition:<br>\nMuseum of Puppetry (Ljubljana Puppet Theatre); Archive of the Ljubljana Puppet Theatre; RTV Slovenia Archive; Prodok, d.o.o.; \u0160KUC\nArchive<\/p>\n<p style=\"text-align: center;\" class=\"translation-block\">The following individuals helped in the preparation of the exhibition:<br>\nLidija Franji\u0107, Alen Jelen, Tja\u0161a Juhart, Zala Kalan, \u017diga Koritnik, Jasmina Ko\u017ear, Rok Omahen, Tone Stojko, Simon Stojko Falk, Igor \u0160terk,\nBor Turel, Nada \u017dgank<\/p>\n<p style=\"text-align: center;\">The Slovenian Theatre Institute is funded by the Ministry of Culture of the Republic of Slovenia.<\/p>\n<p style=\"text-align: center;\"><a href=\"https:\/\/www.slogi.si\/wp-content\/uploads\/2025\/05\/SLOGI_MK.png\"><img loading=\"lazy\" decoding=\"async\" class=\"size-large wp-image-16416 aligncenter\" src=\"https:\/\/www.slogi.si\/wp-content\/uploads\/2025\/05\/SLOGI_MK-1024x94.png\" alt=\"\" width=\"800\" height=\"73\" srcset=\"https:\/\/www.slogi.si\/wp-content\/uploads\/2025\/05\/SLOGI_MK-1024x94.png 1024w, https:\/\/www.slogi.si\/wp-content\/uploads\/2025\/05\/SLOGI_MK-300x28.png 300w, https:\/\/www.slogi.si\/wp-content\/uploads\/2025\/05\/SLOGI_MK-768x71.png 768w, https:\/\/www.slogi.si\/wp-content\/uploads\/2025\/05\/SLOGI_MK-18x2.png 18w, https:\/\/www.slogi.si\/wp-content\/uploads\/2025\/05\/SLOGI_MK.png 1031w\" sizes=\"(max-width: 800px) 100vw, 800px\" \/><\/a><\/p>","protected":false},"excerpt":{"rendered":"<p>The exhibition Alenka Makes Puppets, which represents an important part of Alenka Pirjevec&#039;s work, focuses on Alenka Pirjevec&#039;s original projects, as well as on the performances for which she made puppets. The exhibition is on view in the Hall of the Slovenian Theatre Institute from June 12 to December 31, 2025. <\/p>","protected":false},"featured_media":16421,"template":"","categories":[416,409,435],"tags":[],"izpostavljamo":[],"letnik":[615],"tip":[414],"vrsta-razstave":[415],"class_list":["post-16408","dogodki","type-dogodki","status-publish","has-post-thumbnail","hentry","category-dogodki","category-razstave","category-za-medije","letnik-615","tip-razstava","vrsta-razstave-obcasna-razstava"],"acf":[],"yoast_head":"<!-- This site is optimized with the Yoast SEO plugin v27.5 - https:\/\/yoast.com\/product\/yoast-seo-wordpress\/ -->\n<title>Iz na\u0161ih zbirk: Alenka dela lutke, razstava lutk Alenke Pirjevec - SLOGI<\/title>\n<meta name=\"description\" content=\"Razstava Alenka dela lutke, ki predstavlja pomembni del ustvarjanja Alenke Pirjevec, se osredoto\u010da na avtorske projekte Alenke Pirjevec, kot tudi na uprizoritve, za katere je izdelala lutke. Razstava je v Dvorani Slovenskega gledali\u0161kega in\u0161tituta na ogled od 12. junija do 31. decembra 2025.\" \/>\n<meta name=\"robots\" content=\"index, follow, max-snippet:-1, max-image-preview:large, max-video-preview:-1\" \/>\n<link rel=\"canonical\" href=\"https:\/\/www.slogi.si\/en\/events\/from-our-collections-alenka-makes-puppets\/\" \/>\n<meta property=\"og:locale\" content=\"en_GB\" \/>\n<meta property=\"og:type\" content=\"article\" \/>\n<meta property=\"og:title\" content=\"Iz na\u0161ih zbirk: Alenka dela lutke, razstava lutk Alenke Pirjevec - SLOGI\" \/>\n<meta property=\"og:description\" content=\"Razstava Alenka dela lutke, ki predstavlja pomembni del ustvarjanja Alenke Pirjevec, se osredoto\u010da na avtorske projekte Alenke Pirjevec, kot tudi na uprizoritve, za katere je izdelala lutke. Razstava je v Dvorani Slovenskega gledali\u0161kega in\u0161tituta na ogled od 12. junija do 31. decembra 2025.\" \/>\n<meta property=\"og:url\" content=\"https:\/\/www.slogi.si\/en\/events\/from-our-collections-alenka-makes-puppets\/\" \/>\n<meta property=\"og:site_name\" content=\"SLOGI\" \/>\n<meta property=\"article:modified_time\" content=\"2026-03-06T12:29:14+00:00\" \/>\n<meta property=\"og:image\" content=\"https:\/\/www.slogi.si\/wp-content\/uploads\/2025\/05\/NaslovnicaAP_FIN-scaled.png\" \/>\n\t<meta property=\"og:image:width\" content=\"2560\" \/>\n\t<meta property=\"og:image:height\" content=\"1440\" \/>\n\t<meta property=\"og:image:type\" content=\"image\/png\" \/>\n<meta name=\"twitter:card\" content=\"summary_large_image\" \/>\n<meta name=\"twitter:label1\" content=\"Estimated reading time\" \/>\n\t<meta name=\"twitter:data1\" content=\"8 minutes\" \/>\n<script type=\"application\/ld+json\" class=\"yoast-schema-graph\">{\"@context\":\"https:\\\/\\\/schema.org\",\"@graph\":[{\"@type\":\"WebPage\",\"@id\":\"https:\\\/\\\/www.slogi.si\\\/dogodki\\\/iz-nasih-zbirk-alenka-dela-lutke-razstava\\\/\",\"url\":\"https:\\\/\\\/www.slogi.si\\\/dogodki\\\/iz-nasih-zbirk-alenka-dela-lutke-razstava\\\/\",\"name\":\"Iz na\u0161ih zbirk: Alenka dela lutke, razstava lutk Alenke Pirjevec - SLOGI\",\"isPartOf\":{\"@id\":\"https:\\\/\\\/www.slogi.si\\\/#website\"},\"primaryImageOfPage\":{\"@id\":\"https:\\\/\\\/www.slogi.si\\\/dogodki\\\/iz-nasih-zbirk-alenka-dela-lutke-razstava\\\/#primaryimage\"},\"image\":{\"@id\":\"https:\\\/\\\/www.slogi.si\\\/dogodki\\\/iz-nasih-zbirk-alenka-dela-lutke-razstava\\\/#primaryimage\"},\"thumbnailUrl\":\"https:\\\/\\\/www.slogi.si\\\/wp-content\\\/uploads\\\/2025\\\/05\\\/NaslovnicaAP_FIN-scaled.png\",\"datePublished\":\"2025-05-22T12:00:27+00:00\",\"dateModified\":\"2026-03-06T12:29:14+00:00\",\"description\":\"Razstava Alenka dela lutke, ki predstavlja pomembni del ustvarjanja Alenke Pirjevec, se osredoto\u010da na avtorske projekte Alenke Pirjevec, kot tudi na uprizoritve, za katere je izdelala lutke. Razstava je v Dvorani Slovenskega gledali\u0161kega in\u0161tituta na ogled od 12. junija do 31. decembra 2025.\",\"breadcrumb\":{\"@id\":\"https:\\\/\\\/www.slogi.si\\\/dogodki\\\/iz-nasih-zbirk-alenka-dela-lutke-razstava\\\/#breadcrumb\"},\"inLanguage\":\"en-GB\",\"potentialAction\":[{\"@type\":\"ReadAction\",\"target\":[\"https:\\\/\\\/www.slogi.si\\\/dogodki\\\/iz-nasih-zbirk-alenka-dela-lutke-razstava\\\/\"]}]},{\"@type\":\"ImageObject\",\"inLanguage\":\"en-GB\",\"@id\":\"https:\\\/\\\/www.slogi.si\\\/dogodki\\\/iz-nasih-zbirk-alenka-dela-lutke-razstava\\\/#primaryimage\",\"url\":\"https:\\\/\\\/www.slogi.si\\\/wp-content\\\/uploads\\\/2025\\\/05\\\/NaslovnicaAP_FIN-scaled.png\",\"contentUrl\":\"https:\\\/\\\/www.slogi.si\\\/wp-content\\\/uploads\\\/2025\\\/05\\\/NaslovnicaAP_FIN-scaled.png\",\"width\":2560,\"height\":1440},{\"@type\":\"BreadcrumbList\",\"@id\":\"https:\\\/\\\/www.slogi.si\\\/dogodki\\\/iz-nasih-zbirk-alenka-dela-lutke-razstava\\\/#breadcrumb\",\"itemListElement\":[{\"@type\":\"ListItem\",\"position\":1,\"name\":\"Home\",\"item\":\"https:\\\/\\\/www.slogi.si\\\/\"},{\"@type\":\"ListItem\",\"position\":2,\"name\":\"Iz na\u0161ih zbirk: Alenka dela lutke, razstava lutk Alenke Pirjevec\"}]},{\"@type\":\"WebSite\",\"@id\":\"https:\\\/\\\/www.slogi.si\\\/#website\",\"url\":\"https:\\\/\\\/www.slogi.si\\\/\",\"name\":\"SLOGI\",\"description\":\"Slovenski Gledali\u0161ki In\u0161titut\",\"publisher\":{\"@id\":\"https:\\\/\\\/www.slogi.si\\\/#organization\"},\"alternateName\":\"Slovenski Gledali\u0161ki In\u0161titut\",\"potentialAction\":[{\"@type\":\"SearchAction\",\"target\":{\"@type\":\"EntryPoint\",\"urlTemplate\":\"https:\\\/\\\/www.slogi.si\\\/?s={search_term_string}\"},\"query-input\":{\"@type\":\"PropertyValueSpecification\",\"valueRequired\":true,\"valueName\":\"search_term_string\"}}],\"inLanguage\":\"en-GB\"},{\"@type\":\"Organization\",\"@id\":\"https:\\\/\\\/www.slogi.si\\\/#organization\",\"name\":\"SLOGI\",\"alternateName\":\"Slovenski Gledali\u0161ki In\u0161titut\",\"url\":\"https:\\\/\\\/www.slogi.si\\\/\",\"logo\":{\"@type\":\"ImageObject\",\"inLanguage\":\"en-GB\",\"@id\":\"https:\\\/\\\/www.slogi.si\\\/#\\\/schema\\\/logo\\\/image\\\/\",\"url\":\"https:\\\/\\\/www.slogi.si\\\/wp-content\\\/uploads\\\/2024\\\/01\\\/favicon.svg\",\"contentUrl\":\"https:\\\/\\\/www.slogi.si\\\/wp-content\\\/uploads\\\/2024\\\/01\\\/favicon.svg\",\"width\":100,\"height\":100,\"caption\":\"SLOGI\"},\"image\":{\"@id\":\"https:\\\/\\\/www.slogi.si\\\/#\\\/schema\\\/logo\\\/image\\\/\"}}]}<\/script>\n<!-- \/ Yoast SEO plugin. -->","yoast_head_json":{"title":"Iz na\u0161ih zbirk: Alenka dela lutke, razstava lutk Alenke Pirjevec - SLOGI","description":"Razstava Alenka dela lutke, ki predstavlja pomembni del ustvarjanja Alenke Pirjevec, se osredoto\u010da na avtorske projekte Alenke Pirjevec, kot tudi na uprizoritve, za katere je izdelala lutke. Razstava je v Dvorani Slovenskega gledali\u0161kega in\u0161tituta na ogled od 12. junija do 31. decembra 2025.","robots":{"index":"index","follow":"follow","max-snippet":"max-snippet:-1","max-image-preview":"max-image-preview:large","max-video-preview":"max-video-preview:-1"},"canonical":"https:\/\/www.slogi.si\/en\/events\/from-our-collections-alenka-makes-puppets\/","og_locale":"en_GB","og_type":"article","og_title":"Iz na\u0161ih zbirk: Alenka dela lutke, razstava lutk Alenke Pirjevec - SLOGI","og_description":"Razstava Alenka dela lutke, ki predstavlja pomembni del ustvarjanja Alenke Pirjevec, se osredoto\u010da na avtorske projekte Alenke Pirjevec, kot tudi na uprizoritve, za katere je izdelala lutke. Razstava je v Dvorani Slovenskega gledali\u0161kega in\u0161tituta na ogled od 12. junija do 31. decembra 2025.","og_url":"https:\/\/www.slogi.si\/en\/events\/from-our-collections-alenka-makes-puppets\/","og_site_name":"SLOGI","article_modified_time":"2026-03-06T12:29:14+00:00","og_image":[{"width":2560,"height":1440,"url":"https:\/\/www.slogi.si\/wp-content\/uploads\/2025\/05\/NaslovnicaAP_FIN-scaled.png","type":"image\/png"}],"twitter_card":"summary_large_image","twitter_misc":{"Estimated reading time":"8 minutes"},"schema":{"@context":"https:\/\/schema.org","@graph":[{"@type":"WebPage","@id":"https:\/\/www.slogi.si\/dogodki\/iz-nasih-zbirk-alenka-dela-lutke-razstava\/","url":"https:\/\/www.slogi.si\/dogodki\/iz-nasih-zbirk-alenka-dela-lutke-razstava\/","name":"Iz na\u0161ih zbirk: Alenka dela lutke, razstava lutk Alenke Pirjevec - SLOGI","isPartOf":{"@id":"https:\/\/www.slogi.si\/#website"},"primaryImageOfPage":{"@id":"https:\/\/www.slogi.si\/dogodki\/iz-nasih-zbirk-alenka-dela-lutke-razstava\/#primaryimage"},"image":{"@id":"https:\/\/www.slogi.si\/dogodki\/iz-nasih-zbirk-alenka-dela-lutke-razstava\/#primaryimage"},"thumbnailUrl":"https:\/\/www.slogi.si\/wp-content\/uploads\/2025\/05\/NaslovnicaAP_FIN-scaled.png","datePublished":"2025-05-22T12:00:27+00:00","dateModified":"2026-03-06T12:29:14+00:00","description":"Razstava Alenka dela lutke, ki predstavlja pomembni del ustvarjanja Alenke Pirjevec, se osredoto\u010da na avtorske projekte Alenke Pirjevec, kot tudi na uprizoritve, za katere je izdelala lutke. Razstava je v Dvorani Slovenskega gledali\u0161kega in\u0161tituta na ogled od 12. junija do 31. decembra 2025.","breadcrumb":{"@id":"https:\/\/www.slogi.si\/dogodki\/iz-nasih-zbirk-alenka-dela-lutke-razstava\/#breadcrumb"},"inLanguage":"en-GB","potentialAction":[{"@type":"ReadAction","target":["https:\/\/www.slogi.si\/dogodki\/iz-nasih-zbirk-alenka-dela-lutke-razstava\/"]}]},{"@type":"ImageObject","inLanguage":"en-GB","@id":"https:\/\/www.slogi.si\/dogodki\/iz-nasih-zbirk-alenka-dela-lutke-razstava\/#primaryimage","url":"https:\/\/www.slogi.si\/wp-content\/uploads\/2025\/05\/NaslovnicaAP_FIN-scaled.png","contentUrl":"https:\/\/www.slogi.si\/wp-content\/uploads\/2025\/05\/NaslovnicaAP_FIN-scaled.png","width":2560,"height":1440},{"@type":"BreadcrumbList","@id":"https:\/\/www.slogi.si\/dogodki\/iz-nasih-zbirk-alenka-dela-lutke-razstava\/#breadcrumb","itemListElement":[{"@type":"ListItem","position":1,"name":"Home","item":"https:\/\/www.slogi.si\/"},{"@type":"ListItem","position":2,"name":"Iz na\u0161ih zbirk: Alenka dela lutke, razstava lutk Alenke Pirjevec"}]},{"@type":"WebSite","@id":"https:\/\/www.slogi.si\/#website","url":"https:\/\/www.slogi.si\/","name":"SLOGI","description":"Slovenian Theatre Institute","publisher":{"@id":"https:\/\/www.slogi.si\/#organization"},"alternateName":"Slovenski Gledali\u0161ki In\u0161titut","potentialAction":[{"@type":"SearchAction","target":{"@type":"EntryPoint","urlTemplate":"https:\/\/www.slogi.si\/?s={search_term_string}"},"query-input":{"@type":"PropertyValueSpecification","valueRequired":true,"valueName":"search_term_string"}}],"inLanguage":"en-GB"},{"@type":"Organization","@id":"https:\/\/www.slogi.si\/#organization","name":"SLOGI","alternateName":"Slovenski Gledali\u0161ki In\u0161titut","url":"https:\/\/www.slogi.si\/","logo":{"@type":"ImageObject","inLanguage":"en-GB","@id":"https:\/\/www.slogi.si\/#\/schema\/logo\/image\/","url":"https:\/\/www.slogi.si\/wp-content\/uploads\/2024\/01\/favicon.svg","contentUrl":"https:\/\/www.slogi.si\/wp-content\/uploads\/2024\/01\/favicon.svg","width":100,"height":100,"caption":"SLOGI"},"image":{"@id":"https:\/\/www.slogi.si\/#\/schema\/logo\/image\/"}}]}},"_links":{"self":[{"href":"https:\/\/www.slogi.si\/en\/wp-json\/wp\/v2\/dogodki\/16408","targetHints":{"allow":["GET"]}}],"collection":[{"href":"https:\/\/www.slogi.si\/en\/wp-json\/wp\/v2\/dogodki"}],"about":[{"href":"https:\/\/www.slogi.si\/en\/wp-json\/wp\/v2\/types\/dogodki"}],"wp:featuredmedia":[{"embeddable":true,"href":"https:\/\/www.slogi.si\/en\/wp-json\/wp\/v2\/media\/16421"}],"wp:attachment":[{"href":"https:\/\/www.slogi.si\/en\/wp-json\/wp\/v2\/media?parent=16408"}],"wp:term":[{"taxonomy":"category","embeddable":true,"href":"https:\/\/www.slogi.si\/en\/wp-json\/wp\/v2\/categories?post=16408"},{"taxonomy":"post_tag","embeddable":true,"href":"https:\/\/www.slogi.si\/en\/wp-json\/wp\/v2\/tags?post=16408"},{"taxonomy":"izpostavljamo","embeddable":true,"href":"https:\/\/www.slogi.si\/en\/wp-json\/wp\/v2\/izpostavljamo?post=16408"},{"taxonomy":"letnik","embeddable":true,"href":"https:\/\/www.slogi.si\/en\/wp-json\/wp\/v2\/letnik?post=16408"},{"taxonomy":"tip","embeddable":true,"href":"https:\/\/www.slogi.si\/en\/wp-json\/wp\/v2\/tip?post=16408"},{"taxonomy":"vrsta-razstave","embeddable":true,"href":"https:\/\/www.slogi.si\/en\/wp-json\/wp\/v2\/vrsta-razstave?post=16408"}],"curies":[{"name":"wp","href":"https:\/\/api.w.org\/{rel}","templated":true}]}}