{"id":15835,"date":"2025-03-12T10:06:56","date_gmt":"2025-03-12T09:06:56","guid":{"rendered":"https:\/\/www.slogi.si\/?post_type=dogodki&#038;p=15835"},"modified":"2025-04-04T10:32:51","modified_gmt":"2025-04-04T08:32:51","slug":"memorial-evening-on-the-100th-anniversary-of-the-birth-of-janez-albrecht","status":"publish","type":"dogodki","link":"https:\/\/www.slogi.si\/en\/dogodki\/spominski-vecer-ob-100-letnici-rojstva-janeza-albrehta\/","title":{"rendered":"Memorial evening on the 100th anniversary of the birth of JANEZ ALBREHT (March 23, 1925\u2013February 28, 2013)"},"content":{"rendered":"<p>This year, March is passing. <strong>100 years since the birth of actor Janez Albrecht<\/strong>, who played around 180 roles in Slovenian theatres from the end of World War II until the mid-1990s. He was employed by the Ljubljana Drama Theatre (1945\u201349), the Ljubljana City Theatre (1949\u201352 and 1954\u201362), the Celje Slovenian Folk Theatre (1953\u201354) and then again by the Ljubljana Drama Theatre (from 1962 until his retirement). He also played a lot in radio plays and created for film and television.<\/p>\n<p>Portrait record in the book <em>One hundred Slovenian drama artists<\/em> by Du\u0161an Moravec and Vasja Predana outlines the actor&#039;s theatrical initiation with the words:<\/p>\n<p>&quot;When twenty-year-old Janez Albreht graduated from theatre school in 1945 with the famous Slovenian actor and director Milan Skrbin\u0161ek, his teacher wrote in his certificate: &#039;According to his acting individuality and organ, he will be suitable for character roles of all ages, and given his appearance, he will also be able to be employed in so-called salon roles.&#039; The teacher&#039;s prophetic words came true: Albreht&#039;s almost fifty-year artistic journey testifies that Janez&#039;s acting nature, which was predicted to be so, developed and ascended from the very beginning, marked by character and salon-likeness.&quot;<\/p>\n<p>He was awarded twice for the role of Graj\u017ear: first in 1957 for his portrayal of this character in the production of Cankar&#039;s Tale <em>Martin Kacur<\/em> (MGL, 1954, directed by Jo\u017ee Gale) received the award from the central Novi Sad newspaper at Sterijin pozorje, and in 1976 he received the award for his portrayal of the same character in the film <em>Idealist<\/em> (Viba film, directed by Igor Pretnar) also received the Stop Award for best episodic role at the Domestic Film Week in Celje.<\/p>\n<p>He later received other awards: in 1977 at the Radio Week festival in Ohrid for the best male role in a radio play <em>Problems with dragons<\/em>, in 1981 he received the Pre\u0161eren Fund Award for his acting in the Ljubljana Drama Theatre, in 1989 for the role of Hutter in the production of Jan\u010dar&#039;s play <em>Daedalus<\/em> received the award of the Association of Dramatic Artists of Slovenia. In 2001, the President of the Republic awarded him the honorary badge of freedom of the Republic of Slovenia for meritorious and creative work in the field of theatrical art.<\/p>\n<p><strong>At the 100th anniversary of his birth<\/strong> We will remember the actor who made a significant mark on Slovenian theatre with the help of materials from our collections \u2013 with sound and audio-visual recordings and photographs of Albrecht&#039;s most prominent roles. The evening is being prepared by the theatre scholar and curator <strong>Ana Perne<\/strong>.<\/p>\n<p><strong>Free admission. You are welcome!<\/strong><\/p>\n<p>&nbsp;<\/p>\n<p>&nbsp;<\/p>\n<h6>Moments from the memorial evening. Photo SLOGI.<\/h6>\n<div id='gallery-1' class='gallery galleryid-15835 gallery-columns-4 gallery-size-thumbnail'><figure class='gallery-item'>\n\t\t\t<div class='gallery-icon landscape'>\n\t\t\t\t<a href='https:\/\/www.slogi.si\/wp-content\/uploads\/2025\/03\/Janez-Albreht_100-let_spominski-vecer_20032025_SLOGI-7.jpg'><img decoding=\"async\" width=\"150\" height=\"150\" src=\"https:\/\/www.slogi.si\/wp-content\/uploads\/2025\/03\/Janez-Albreht_100-let_spominski-vecer_20032025_SLOGI-7-150x150.jpg\" class=\"attachment-thumbnail size-thumbnail\" alt=\"Memorial evening on the 100th anniversary of the birth of Janez Albrecht. March 20, 2025 at SLOGI. Photo: SLOGI.\" aria-describedby=\"gallery-1-15938\" \/><\/a>\n\t\t\t<\/div>\n\t\t\t\t<figcaption class='wp-caption-text gallery-caption' id='gallery-1-15938'>\n\t\t\t\tMemorial evening on the 100th anniversary of the birth of Janez Albrecht. March 20, 2025 at SLOGI. Photo: SLOGI.\n\t\t\t\t<\/figcaption><\/figure><figure class='gallery-item'>\n\t\t\t<div class='gallery-icon landscape'>\n\t\t\t\t<a href='https:\/\/www.slogi.si\/wp-content\/uploads\/2025\/03\/Janez-Albreht_100-let_spominski-vecer_20032025_SLOGI-5.jpg'><img decoding=\"async\" width=\"150\" height=\"150\" src=\"https:\/\/www.slogi.si\/wp-content\/uploads\/2025\/03\/Janez-Albreht_100-let_spominski-vecer_20032025_SLOGI-5-150x150.jpg\" class=\"attachment-thumbnail size-thumbnail\" alt=\"Memorial evening on the 100th anniversary of the birth of Janez Albrecht. March 20, 2025 at SLOGI. Photo: SLOGI.\" aria-describedby=\"gallery-1-15936\" \/><\/a>\n\t\t\t<\/div>\n\t\t\t\t<figcaption class='wp-caption-text gallery-caption' id='gallery-1-15936'>\n\t\t\t\tMemorial evening on the 100th anniversary of the birth of Janez Albrecht. March 20, 2025 at SLOGI. Photo: SLOGI.\n\t\t\t\t<\/figcaption><\/figure><figure class='gallery-item'>\n\t\t\t<div class='gallery-icon landscape'>\n\t\t\t\t<a href='https:\/\/www.slogi.si\/wp-content\/uploads\/2025\/03\/Janez-Albreht_100-let_spominski-vecer_20032025_SLOGI-4.jpg'><img decoding=\"async\" width=\"150\" height=\"150\" src=\"https:\/\/www.slogi.si\/wp-content\/uploads\/2025\/03\/Janez-Albreht_100-let_spominski-vecer_20032025_SLOGI-4-150x150.jpg\" class=\"attachment-thumbnail size-thumbnail\" alt=\"Memorial evening on the 100th anniversary of the birth of Janez Albrecht. March 20, 2025 at SLOGI. Photo: SLOGI.\" aria-describedby=\"gallery-1-15935\" \/><\/a>\n\t\t\t<\/div>\n\t\t\t\t<figcaption class='wp-caption-text gallery-caption' id='gallery-1-15935'>\n\t\t\t\tMemorial evening on the 100th anniversary of the birth of Janez Albrecht. March 20, 2025 at SLOGI. Photo: SLOGI.\n\t\t\t\t<\/figcaption><\/figure><figure class='gallery-item'>\n\t\t\t<div class='gallery-icon landscape'>\n\t\t\t\t<a href='https:\/\/www.slogi.si\/wp-content\/uploads\/2025\/03\/Janez-Albreht_100-let_spominski-vecer_20032025_SLOGI-3.jpg'><img loading=\"lazy\" decoding=\"async\" width=\"150\" height=\"150\" src=\"https:\/\/www.slogi.si\/wp-content\/uploads\/2025\/03\/Janez-Albreht_100-let_spominski-vecer_20032025_SLOGI-3-150x150.jpg\" class=\"attachment-thumbnail size-thumbnail\" alt=\"Memorial evening on the 100th anniversary of the birth of Janez Albrecht. March 20, 2025 at SLOGI. Photo: SLOGI.\" aria-describedby=\"gallery-1-15934\" \/><\/a>\n\t\t\t<\/div>\n\t\t\t\t<figcaption class='wp-caption-text gallery-caption' id='gallery-1-15934'>\n\t\t\t\tMemorial evening on the 100th anniversary of the birth of Janez Albrecht. March 20, 2025 at SLOGI. Photo: SLOGI.\n\t\t\t\t<\/figcaption><\/figure><figure class='gallery-item'>\n\t\t\t<div class='gallery-icon landscape'>\n\t\t\t\t<a href='https:\/\/www.slogi.si\/wp-content\/uploads\/2025\/03\/Janez-Albreht_100-let_spominski-vecer_20032025_SLOGI-2.jpg'><img loading=\"lazy\" decoding=\"async\" width=\"150\" height=\"150\" src=\"https:\/\/www.slogi.si\/wp-content\/uploads\/2025\/03\/Janez-Albreht_100-let_spominski-vecer_20032025_SLOGI-2-150x150.jpg\" class=\"attachment-thumbnail size-thumbnail\" alt=\"Memorial evening on the 100th anniversary of the birth of Janez Albrecht. March 20, 2025 at SLOGI. Photo: SLOGI.\" aria-describedby=\"gallery-1-15933\" \/><\/a>\n\t\t\t<\/div>\n\t\t\t\t<figcaption class='wp-caption-text gallery-caption' id='gallery-1-15933'>\n\t\t\t\tMemorial evening on the 100th anniversary of the birth of Janez Albrecht. March 20, 2025 at SLOGI. Photo: SLOGI.\n\t\t\t\t<\/figcaption><\/figure><figure class='gallery-item'>\n\t\t\t<div class='gallery-icon landscape'>\n\t\t\t\t<a href='https:\/\/www.slogi.si\/wp-content\/uploads\/2025\/03\/Janez-Albreht_100-let_spominski-vecer_20032025_SLOGI-1.jpg'><img loading=\"lazy\" decoding=\"async\" width=\"150\" height=\"150\" src=\"https:\/\/www.slogi.si\/wp-content\/uploads\/2025\/03\/Janez-Albreht_100-let_spominski-vecer_20032025_SLOGI-1-150x150.jpg\" class=\"attachment-thumbnail size-thumbnail\" alt=\"Memorial evening on the 100th anniversary of the birth of Janez Albrecht. March 20, 2025 at SLOGI. Photo: SLOGI.\" aria-describedby=\"gallery-1-15932\" \/><\/a>\n\t\t\t<\/div>\n\t\t\t\t<figcaption class='wp-caption-text gallery-caption' id='gallery-1-15932'>\n\t\t\t\tMemorial evening on the 100th anniversary of the birth of Janez Albrecht. March 20, 2025 at SLOGI. Photo: SLOGI.\n\t\t\t\t<\/figcaption><\/figure>\n\t\t<\/div>\n\n<p>&nbsp;<\/p>\n<p>In the cover photo: Janez Albreht as Colonel Redfern, one of his last roles on the stage of the Ljubljana Drama Theatre, in a production of Osborne&#039;s play <em>Look back in anger<\/em> (directed by Janez Pipan, premiere: 28. 9. 1996). Photo: Tone Stojko, source: Ikonoteka SLOGI \u2013 Theatre Museum.<\/p>","protected":false},"excerpt":{"rendered":"<p>At the evening marking the 100th anniversary of his birth, we will remember the actor Janez Albrecht, who made a significant mark on Slovenian theatre, with the help of materials from our collections - with sound and audio-visual recordings and photographs of his most prominent roles. The evening is prepared by theatrologist and curator Ana Perne.<\/p>","protected":false},"featured_media":15836,"template":"","categories":[416,435],"tags":[],"izpostavljamo":[],"letnik":[615],"tip":[422,420],"vrsta-razstave":[],"class_list":["post-15835","dogodki","type-dogodki","status-publish","has-post-thumbnail","hentry","category-dogodki","category-za-medije","letnik-615","tip-predavanje","tip-predstavitev"],"acf":[],"yoast_head":"<!-- This site is optimized with the Yoast SEO plugin v27.5 - https:\/\/yoast.com\/product\/yoast-seo-wordpress\/ -->\n<title>Spominski ve\u010der ob 100-letnici rojstva JANEZA ALBREHTA (23. marec 1925\u201328. februar 2013) - SLOGI<\/title>\n<meta name=\"description\" content=\"Na ve\u010deru ob 100-letnici rojstva se bomo igralca Janeza Albrehta, ki je pomembno zaznamoval slovensko gledali\u0161\u010de, spomnili s pomo\u010djo gradiva iz na\u0161ih zbirk \u2013 z zvo\u010dnimi in avdio-vizualnimi zapisi ter fotografijami njegovih vidnej\u0161ih vlog. Ve\u010der pripravlja teatrologinja in kustosinja Ana Perne.\" \/>\n<meta name=\"robots\" content=\"index, follow, max-snippet:-1, max-image-preview:large, max-video-preview:-1\" \/>\n<link rel=\"canonical\" href=\"https:\/\/www.slogi.si\/en\/events\/memorial-evening-on-the-100th-anniversary-of-the-birth-of-janez-albrecht\/\" \/>\n<meta property=\"og:locale\" content=\"en_GB\" \/>\n<meta property=\"og:type\" content=\"article\" \/>\n<meta property=\"og:title\" content=\"Spominski ve\u010der ob 100-letnici rojstva JANEZA ALBREHTA (23. marec 1925\u201328. februar 2013) - SLOGI\" \/>\n<meta property=\"og:description\" content=\"Na ve\u010deru ob 100-letnici rojstva se bomo igralca Janeza Albrehta, ki je pomembno zaznamoval slovensko gledali\u0161\u010de, spomnili s pomo\u010djo gradiva iz na\u0161ih zbirk \u2013 z zvo\u010dnimi in avdio-vizualnimi zapisi ter fotografijami njegovih vidnej\u0161ih vlog. Ve\u010der pripravlja teatrologinja in kustosinja Ana Perne.\" \/>\n<meta property=\"og:url\" content=\"https:\/\/www.slogi.si\/en\/events\/memorial-evening-on-the-100th-anniversary-of-the-birth-of-janez-albrecht\/\" \/>\n<meta property=\"og:site_name\" content=\"SLOGI\" \/>\n<meta property=\"article:modified_time\" content=\"2025-04-04T08:32:51+00:00\" \/>\n<meta property=\"og:image\" content=\"https:\/\/www.slogi.si\/wp-content\/uploads\/2025\/03\/11-1_Ozri-se_DLj_1996_Foto-Tone-Stojko_SLOGI-2-o.jpg\" \/>\n\t<meta property=\"og:image:width\" content=\"1921\" \/>\n\t<meta property=\"og:image:height\" content=\"1273\" \/>\n\t<meta property=\"og:image:type\" content=\"image\/jpeg\" \/>\n<meta name=\"twitter:card\" content=\"summary_large_image\" \/>\n<meta name=\"twitter:label1\" content=\"Estimated reading time\" \/>\n\t<meta name=\"twitter:data1\" content=\"3 minutes\" \/>\n<script type=\"application\/ld+json\" class=\"yoast-schema-graph\">{\"@context\":\"https:\\\/\\\/schema.org\",\"@graph\":[{\"@type\":\"WebPage\",\"@id\":\"https:\\\/\\\/www.slogi.si\\\/dogodki\\\/spominski-vecer-ob-100-letnici-rojstva-janeza-albrehta\\\/\",\"url\":\"https:\\\/\\\/www.slogi.si\\\/dogodki\\\/spominski-vecer-ob-100-letnici-rojstva-janeza-albrehta\\\/\",\"name\":\"Spominski ve\u010der ob 100-letnici rojstva JANEZA ALBREHTA (23. marec 1925\u201328. februar 2013) - SLOGI\",\"isPartOf\":{\"@id\":\"https:\\\/\\\/www.slogi.si\\\/#website\"},\"primaryImageOfPage\":{\"@id\":\"https:\\\/\\\/www.slogi.si\\\/dogodki\\\/spominski-vecer-ob-100-letnici-rojstva-janeza-albrehta\\\/#primaryimage\"},\"image\":{\"@id\":\"https:\\\/\\\/www.slogi.si\\\/dogodki\\\/spominski-vecer-ob-100-letnici-rojstva-janeza-albrehta\\\/#primaryimage\"},\"thumbnailUrl\":\"https:\\\/\\\/www.slogi.si\\\/wp-content\\\/uploads\\\/2025\\\/03\\\/11-1_Ozri-se_DLj_1996_Foto-Tone-Stojko_SLOGI-2-o.jpg\",\"datePublished\":\"2025-03-12T09:06:56+00:00\",\"dateModified\":\"2025-04-04T08:32:51+00:00\",\"description\":\"Na ve\u010deru ob 100-letnici rojstva se bomo igralca Janeza Albrehta, ki je pomembno zaznamoval slovensko gledali\u0161\u010de, spomnili s pomo\u010djo gradiva iz na\u0161ih zbirk \u2013 z zvo\u010dnimi in avdio-vizualnimi zapisi ter fotografijami njegovih vidnej\u0161ih vlog. Ve\u010der pripravlja teatrologinja in kustosinja Ana Perne.\",\"breadcrumb\":{\"@id\":\"https:\\\/\\\/www.slogi.si\\\/dogodki\\\/spominski-vecer-ob-100-letnici-rojstva-janeza-albrehta\\\/#breadcrumb\"},\"inLanguage\":\"en-GB\",\"potentialAction\":[{\"@type\":\"ReadAction\",\"target\":[\"https:\\\/\\\/www.slogi.si\\\/dogodki\\\/spominski-vecer-ob-100-letnici-rojstva-janeza-albrehta\\\/\"]}]},{\"@type\":\"ImageObject\",\"inLanguage\":\"en-GB\",\"@id\":\"https:\\\/\\\/www.slogi.si\\\/dogodki\\\/spominski-vecer-ob-100-letnici-rojstva-janeza-albrehta\\\/#primaryimage\",\"url\":\"https:\\\/\\\/www.slogi.si\\\/wp-content\\\/uploads\\\/2025\\\/03\\\/11-1_Ozri-se_DLj_1996_Foto-Tone-Stojko_SLOGI-2-o.jpg\",\"contentUrl\":\"https:\\\/\\\/www.slogi.si\\\/wp-content\\\/uploads\\\/2025\\\/03\\\/11-1_Ozri-se_DLj_1996_Foto-Tone-Stojko_SLOGI-2-o.jpg\",\"width\":1921,\"height\":1273,\"caption\":\"Janez Albreht kot Polkovnik Redfern, eni svojih zadnjih vlog na odru ljubljanske Drame, in sicer v uprizoritvi Osbornove igre Ozri se v gnevu (re\u017eija Janez Pipan, premiera: 28. 9. 1996). Foto: Tone Stojko, vir: Ikonoteka SLOGI \u2013 Gledali\u0161ki muzej.\"},{\"@type\":\"BreadcrumbList\",\"@id\":\"https:\\\/\\\/www.slogi.si\\\/dogodki\\\/spominski-vecer-ob-100-letnici-rojstva-janeza-albrehta\\\/#breadcrumb\",\"itemListElement\":[{\"@type\":\"ListItem\",\"position\":1,\"name\":\"Home\",\"item\":\"https:\\\/\\\/www.slogi.si\\\/\"},{\"@type\":\"ListItem\",\"position\":2,\"name\":\"Spominski ve\u010der ob 100-letnici rojstva JANEZA ALBREHTA (23. marec 1925\u201328. februar 2013)\"}]},{\"@type\":\"WebSite\",\"@id\":\"https:\\\/\\\/www.slogi.si\\\/#website\",\"url\":\"https:\\\/\\\/www.slogi.si\\\/\",\"name\":\"SLOGI\",\"description\":\"Slovenski Gledali\u0161ki In\u0161titut\",\"publisher\":{\"@id\":\"https:\\\/\\\/www.slogi.si\\\/#organization\"},\"alternateName\":\"Slovenski Gledali\u0161ki In\u0161titut\",\"potentialAction\":[{\"@type\":\"SearchAction\",\"target\":{\"@type\":\"EntryPoint\",\"urlTemplate\":\"https:\\\/\\\/www.slogi.si\\\/?s={search_term_string}\"},\"query-input\":{\"@type\":\"PropertyValueSpecification\",\"valueRequired\":true,\"valueName\":\"search_term_string\"}}],\"inLanguage\":\"en-GB\"},{\"@type\":\"Organization\",\"@id\":\"https:\\\/\\\/www.slogi.si\\\/#organization\",\"name\":\"SLOGI\",\"alternateName\":\"Slovenski Gledali\u0161ki In\u0161titut\",\"url\":\"https:\\\/\\\/www.slogi.si\\\/\",\"logo\":{\"@type\":\"ImageObject\",\"inLanguage\":\"en-GB\",\"@id\":\"https:\\\/\\\/www.slogi.si\\\/#\\\/schema\\\/logo\\\/image\\\/\",\"url\":\"https:\\\/\\\/www.slogi.si\\\/wp-content\\\/uploads\\\/2024\\\/01\\\/favicon.svg\",\"contentUrl\":\"https:\\\/\\\/www.slogi.si\\\/wp-content\\\/uploads\\\/2024\\\/01\\\/favicon.svg\",\"width\":100,\"height\":100,\"caption\":\"SLOGI\"},\"image\":{\"@id\":\"https:\\\/\\\/www.slogi.si\\\/#\\\/schema\\\/logo\\\/image\\\/\"}}]}<\/script>\n<!-- \/ Yoast SEO plugin. -->","yoast_head_json":{"title":"Memorial evening on the 100th anniversary of the birth of JANEZ ALBREHT (March 23, 1925\u2013February 28, 2013) - SLOGI","description":"At the evening marking the 100th anniversary of his birth, we will remember the actor Janez Albrecht, who made a significant mark on Slovenian theatre, with the help of materials from our collections - with sound and audio-visual recordings and photographs of his most prominent roles. The evening is prepared by theatrologist and curator Ana Perne.","robots":{"index":"index","follow":"follow","max-snippet":"max-snippet:-1","max-image-preview":"max-image-preview:large","max-video-preview":"max-video-preview:-1"},"canonical":"https:\/\/www.slogi.si\/en\/events\/memorial-evening-on-the-100th-anniversary-of-the-birth-of-janez-albrecht\/","og_locale":"en_GB","og_type":"article","og_title":"Spominski ve\u010der ob 100-letnici rojstva JANEZA ALBREHTA (23. marec 1925\u201328. februar 2013) - SLOGI","og_description":"Na ve\u010deru ob 100-letnici rojstva se bomo igralca Janeza Albrehta, ki je pomembno zaznamoval slovensko gledali\u0161\u010de, spomnili s pomo\u010djo gradiva iz na\u0161ih zbirk \u2013 z zvo\u010dnimi in avdio-vizualnimi zapisi ter fotografijami njegovih vidnej\u0161ih vlog. Ve\u010der pripravlja teatrologinja in kustosinja Ana Perne.","og_url":"https:\/\/www.slogi.si\/en\/events\/memorial-evening-on-the-100th-anniversary-of-the-birth-of-janez-albrecht\/","og_site_name":"SLOGI","article_modified_time":"2025-04-04T08:32:51+00:00","og_image":[{"width":1921,"height":1273,"url":"https:\/\/www.slogi.si\/wp-content\/uploads\/2025\/03\/11-1_Ozri-se_DLj_1996_Foto-Tone-Stojko_SLOGI-2-o.jpg","type":"image\/jpeg"}],"twitter_card":"summary_large_image","twitter_misc":{"Estimated reading time":"3 minutes"},"schema":{"@context":"https:\/\/schema.org","@graph":[{"@type":"WebPage","@id":"https:\/\/www.slogi.si\/dogodki\/spominski-vecer-ob-100-letnici-rojstva-janeza-albrehta\/","url":"https:\/\/www.slogi.si\/dogodki\/spominski-vecer-ob-100-letnici-rojstva-janeza-albrehta\/","name":"Memorial evening on the 100th anniversary of the birth of JANEZ ALBREHT (March 23, 1925\u2013February 28, 2013) - SLOGI","isPartOf":{"@id":"https:\/\/www.slogi.si\/#website"},"primaryImageOfPage":{"@id":"https:\/\/www.slogi.si\/dogodki\/spominski-vecer-ob-100-letnici-rojstva-janeza-albrehta\/#primaryimage"},"image":{"@id":"https:\/\/www.slogi.si\/dogodki\/spominski-vecer-ob-100-letnici-rojstva-janeza-albrehta\/#primaryimage"},"thumbnailUrl":"https:\/\/www.slogi.si\/wp-content\/uploads\/2025\/03\/11-1_Ozri-se_DLj_1996_Foto-Tone-Stojko_SLOGI-2-o.jpg","datePublished":"2025-03-12T09:06:56+00:00","dateModified":"2025-04-04T08:32:51+00:00","description":"At the evening marking the 100th anniversary of his birth, we will remember the actor Janez Albrecht, who made a significant mark on Slovenian theatre, with the help of materials from our collections - with sound and audio-visual recordings and photographs of his most prominent roles. The evening is prepared by theatrologist and curator Ana Perne.","breadcrumb":{"@id":"https:\/\/www.slogi.si\/dogodki\/spominski-vecer-ob-100-letnici-rojstva-janeza-albrehta\/#breadcrumb"},"inLanguage":"en-GB","potentialAction":[{"@type":"ReadAction","target":["https:\/\/www.slogi.si\/dogodki\/spominski-vecer-ob-100-letnici-rojstva-janeza-albrehta\/"]}]},{"@type":"ImageObject","inLanguage":"en-GB","@id":"https:\/\/www.slogi.si\/dogodki\/spominski-vecer-ob-100-letnici-rojstva-janeza-albrehta\/#primaryimage","url":"https:\/\/www.slogi.si\/wp-content\/uploads\/2025\/03\/11-1_Ozri-se_DLj_1996_Foto-Tone-Stojko_SLOGI-2-o.jpg","contentUrl":"https:\/\/www.slogi.si\/wp-content\/uploads\/2025\/03\/11-1_Ozri-se_DLj_1996_Foto-Tone-Stojko_SLOGI-2-o.jpg","width":1921,"height":1273,"caption":"Janez Albreht kot Polkovnik Redfern, eni svojih zadnjih vlog na odru ljubljanske Drame, in sicer v uprizoritvi Osbornove igre Ozri se v gnevu (re\u017eija Janez Pipan, premiera: 28. 9. 1996). Foto: Tone Stojko, vir: Ikonoteka SLOGI \u2013 Gledali\u0161ki muzej."},{"@type":"BreadcrumbList","@id":"https:\/\/www.slogi.si\/dogodki\/spominski-vecer-ob-100-letnici-rojstva-janeza-albrehta\/#breadcrumb","itemListElement":[{"@type":"ListItem","position":1,"name":"Home","item":"https:\/\/www.slogi.si\/"},{"@type":"ListItem","position":2,"name":"Spominski ve\u010der ob 100-letnici rojstva JANEZA ALBREHTA (23. marec 1925\u201328. februar 2013)"}]},{"@type":"WebSite","@id":"https:\/\/www.slogi.si\/#website","url":"https:\/\/www.slogi.si\/","name":"SLOGI","description":"Slovenian Theatre Institute","publisher":{"@id":"https:\/\/www.slogi.si\/#organization"},"alternateName":"Slovenski Gledali\u0161ki In\u0161titut","potentialAction":[{"@type":"SearchAction","target":{"@type":"EntryPoint","urlTemplate":"https:\/\/www.slogi.si\/?s={search_term_string}"},"query-input":{"@type":"PropertyValueSpecification","valueRequired":true,"valueName":"search_term_string"}}],"inLanguage":"en-GB"},{"@type":"Organization","@id":"https:\/\/www.slogi.si\/#organization","name":"SLOGI","alternateName":"Slovenski Gledali\u0161ki In\u0161titut","url":"https:\/\/www.slogi.si\/","logo":{"@type":"ImageObject","inLanguage":"en-GB","@id":"https:\/\/www.slogi.si\/#\/schema\/logo\/image\/","url":"https:\/\/www.slogi.si\/wp-content\/uploads\/2024\/01\/favicon.svg","contentUrl":"https:\/\/www.slogi.si\/wp-content\/uploads\/2024\/01\/favicon.svg","width":100,"height":100,"caption":"SLOGI"},"image":{"@id":"https:\/\/www.slogi.si\/#\/schema\/logo\/image\/"}}]}},"_links":{"self":[{"href":"https:\/\/www.slogi.si\/en\/wp-json\/wp\/v2\/dogodki\/15835","targetHints":{"allow":["GET"]}}],"collection":[{"href":"https:\/\/www.slogi.si\/en\/wp-json\/wp\/v2\/dogodki"}],"about":[{"href":"https:\/\/www.slogi.si\/en\/wp-json\/wp\/v2\/types\/dogodki"}],"wp:featuredmedia":[{"embeddable":true,"href":"https:\/\/www.slogi.si\/en\/wp-json\/wp\/v2\/media\/15836"}],"wp:attachment":[{"href":"https:\/\/www.slogi.si\/en\/wp-json\/wp\/v2\/media?parent=15835"}],"wp:term":[{"taxonomy":"category","embeddable":true,"href":"https:\/\/www.slogi.si\/en\/wp-json\/wp\/v2\/categories?post=15835"},{"taxonomy":"post_tag","embeddable":true,"href":"https:\/\/www.slogi.si\/en\/wp-json\/wp\/v2\/tags?post=15835"},{"taxonomy":"izpostavljamo","embeddable":true,"href":"https:\/\/www.slogi.si\/en\/wp-json\/wp\/v2\/izpostavljamo?post=15835"},{"taxonomy":"letnik","embeddable":true,"href":"https:\/\/www.slogi.si\/en\/wp-json\/wp\/v2\/letnik?post=15835"},{"taxonomy":"tip","embeddable":true,"href":"https:\/\/www.slogi.si\/en\/wp-json\/wp\/v2\/tip?post=15835"},{"taxonomy":"vrsta-razstave","embeddable":true,"href":"https:\/\/www.slogi.si\/en\/wp-json\/wp\/v2\/vrsta-razstave?post=15835"}],"curies":[{"name":"wp","href":"https:\/\/api.w.org\/{rel}","templated":true}]}}