{"id":15774,"date":"2025-02-21T14:07:46","date_gmt":"2025-02-21T13:07:46","guid":{"rendered":"https:\/\/www.slogi.si\/?post_type=dogodki&#038;p=15774"},"modified":"2025-03-25T15:56:27","modified_gmt":"2025-03-25T14:56:27","slug":"kulturni-bazar-2025","status":"publish","type":"dogodki","link":"https:\/\/www.slogi.si\/en\/dogodki\/kulturni-bazar-2025\/","title":{"rendered":"Cultural Bazaar 2025"},"content":{"rendered":"<header class=\"entry-content-header\"><strong>17. Kulturni bazar<\/strong>, najve\u010dje strokovno medresorsko usposabljanje na podro\u010dju kulturno-umetnostne vzgoje bo potekal\u00a0<strong>20. marca 2025<\/strong>\u00a0v Cankarjevem domu v Ljubljani. Osrednja tema bo\u00a0<strong>Kulturno-umetnostna vzgoja v digitalni dobi<\/strong>. Skozi program bomo raziskovali prese\u010di\u0161\u010da vzgoje in izobra\u017eevanja, znanosti, umetnosti, tehnologij in ustvarjalnosti. Predstavili bomo mo\u017enosti, ki jih digitalne tehnologije prina\u0161ajo na podro\u010dju kulturno-umetnostne vzgoje, ter raziskali, kako jih lahko uporabimo kot orodje za krepitev dostopnosti umetnosti in kulture. Dogodek bo spodbudil kriti\u010dni premislek o tem, kako lahko z uravnote\u017eenim pristopom tehnologije vklju\u010dimo v ustvarjalne procese ter pri tem ohranimo pomen izku\u0161nje umetnosti in kulture v \u017eivo. Z osrednjo temo se pridru\u017eujemo Evropskemu letu izobra\u017eevanja za digitalno dr\u017eavljanstvo 2025.Na <strong>gledali\u0161kem podro\u010dju<\/strong> smo za vas pripravili naslednje dogodke:<\/p>\n<ul>\n<li><em><strong>To je tekma<\/strong><\/em>, predstava s pogovorom in delavnico ob 10.30 v Dvorani Du\u0161e Po\u010dkaj <a role=\"link\" href=\"https:\/\/kulturnibazar.si\/kultbaz_program\/to-je-tekma\/\" target=\"_blank\" rel=\"noopener\">&gt;&gt;<\/a><\/li>\n<li><em><strong>Transport: Odhod<\/strong><\/em>, predstava s pogovorom ob 11.00 v Lutkovnem gledali\u0161\u010du Ljubljana\u00a0<a role=\"link\" href=\"https:\/\/kulturnibazar.si\/kultbaz_program\/transport-odhod\/\" target=\"_blank\" rel=\"noopener\">&gt;&gt;<\/a><\/li>\n<li><em><strong>stARTboks, platforma za mlade SLG Celje<\/strong><\/em>, predstavitev s pomenki ob 14.00 v Dvorani Alme Karlin <a role=\"link\" href=\"https:\/\/kulturnibazar.si\/kultbaz_program\/startboks-platforma-za-mlade-slg-celje\/\" target=\"_blank\" rel=\"noopener\">&gt;&gt;<\/a><\/li>\n<li><em><strong>Kako objeti je\u017ea<\/strong><\/em>, predstava s pogovorom ob 15.00 v Dvorani Du\u0161e Po\u010dkaj\u00a0<a role=\"link\" href=\"https:\/\/kulturnibazar.si\/kultbaz_program\/kako-objeti-jeza\/\" target=\"_blank\" rel=\"noopener\">&gt;&gt;<\/a><\/li>\n<li><em><strong>Od digitalnega do uprizoritvenega: tehnologija na odru<\/strong><\/em>, delavnica ob 16.00 v Dvorani M3-4\u00a0<a role=\"link\" href=\"https:\/\/kulturnibazar.si\/kultbaz_program\/od-digitalnega-do-uprizoritvenega-tehnologija-na-odru\/\" target=\"_blank\" rel=\"noopener\">&gt;&gt;<\/a><\/li>\n<\/ul>\n<div class=\"entry-content\">\n<p>Browse\u00a0<a role=\"link\" href=\"https:\/\/kulturnibazar.si\/wp-content\/uploads\/2025\/02\/Kulturni-bazar_2025_final_full.pdf\" target=\"_blank\" rel=\"noopener\"><strong>full program\u00a0<\/strong><\/a>and\u00a0<a role=\"link\" href=\"https:\/\/cankarjevdom.eventsair.com\/2025-kulturni-bazar\/kulturni-bazar-2025\/Site\/Register\" target=\"_blank\" rel=\"noopener\"><strong>log in<\/strong><\/a> na dogodke Kulturnega bazarja 2025 &#8211; <strong>rok za prijavo<\/strong> je podalj\u0161an do <strong>17. marca<\/strong>.<\/p>\n<p><strong>Certificate of attendance<\/strong>\u00a0Anyone who attends events totaling at least eight school hours can receive professional training.<\/p>\n<p><a role=\"link\" href=\"https:\/\/kulturnibazar.si\/kulturnibazar_program_lokacija\/kulturni-bazar-v-ljubljani\/\" target=\"_blank\" rel=\"noopener\">Cultural Bazaar<\/a>\u00a0It is being prepared by the Ministry of Culture, the Ministry of Education, the National Institute of Education of the Republic of Slovenia and Cankarjev dom in cooperation with cultural institutions and partners from various departments.<\/p>\n<\/div>\n<\/header>\n<footer class=\"entry-footer\"><\/footer>\n<footer><a href=\"https:\/\/kulturnibazar.si\/kulturnibazar_program_lokacija\/kulturni-bazar-v-ljubljani\/\"><img decoding=\"async\" class=\"aligncenter wp-image-15775 size-medium\" src=\"https:\/\/www.slogi.si\/wp-content\/uploads\/2025\/02\/kb_banner_2025-300x111.jpg\" alt=\"\" width=\"300\" height=\"111\" srcset=\"https:\/\/www.slogi.si\/wp-content\/uploads\/2025\/02\/kb_banner_2025-300x111.jpg 300w, https:\/\/www.slogi.si\/wp-content\/uploads\/2025\/02\/kb_banner_2025-1024x379.jpg 1024w, https:\/\/www.slogi.si\/wp-content\/uploads\/2025\/02\/kb_banner_2025-768x284.jpg 768w, https:\/\/www.slogi.si\/wp-content\/uploads\/2025\/02\/kb_banner_2025-1536x569.jpg 1536w, https:\/\/www.slogi.si\/wp-content\/uploads\/2025\/02\/kb_banner_2025-18x7.jpg 18w, https:\/\/www.slogi.si\/wp-content\/uploads\/2025\/02\/kb_banner_2025.jpg 1772w\" sizes=\"(max-width: 300px) 100vw, 300px\" \/><\/a><\/footer>\n<footer><\/footer>\n<h6>Utrunki z razstavnega prostora gledali\u0161kega podro\u010dja na Kulturnem bazarju 2025. Foto: SLOGI.<\/h6>\n<footer><div id='gallery-1' class='gallery galleryid-15774 gallery-columns-5 gallery-size-thumbnail'><figure class='gallery-item'>\n\t\t\t<div class='gallery-icon landscape'>\n\t\t\t\t<a href='https:\/\/www.slogi.si\/wp-content\/uploads\/2025\/02\/Kulturni-bazar-2025_razstavni-prostor-gledaliskega-podrocja_foto_SLOGI-16.jpg'><img decoding=\"async\" width=\"150\" height=\"150\" src=\"https:\/\/www.slogi.si\/wp-content\/uploads\/2025\/02\/Kulturni-bazar-2025_razstavni-prostor-gledaliskega-podrocja_foto_SLOGI-16-150x150.jpg\" class=\"attachment-thumbnail size-thumbnail\" alt=\"\" aria-describedby=\"gallery-1-15904\" \/><\/a>\n\t\t\t<\/div>\n\t\t\t\t<figcaption class='wp-caption-text gallery-caption' id='gallery-1-15904'>\n\t\t\t\tKulturni bazar 2025, razstavni prostor gledali\u0161kega podro\u010dja. Foto: SLOGI.\n\t\t\t\t<\/figcaption><\/figure><figure class='gallery-item'>\n\t\t\t<div class='gallery-icon landscape'>\n\t\t\t\t<a href='https:\/\/www.slogi.si\/wp-content\/uploads\/2025\/02\/Kulturni-bazar-2025_razstavni-prostor-gledaliskega-podrocja_foto_SLOGI-37.jpg'><img decoding=\"async\" width=\"150\" height=\"150\" src=\"https:\/\/www.slogi.si\/wp-content\/uploads\/2025\/02\/Kulturni-bazar-2025_razstavni-prostor-gledaliskega-podrocja_foto_SLOGI-37-150x150.jpg\" class=\"attachment-thumbnail size-thumbnail\" alt=\"\" aria-describedby=\"gallery-1-15925\" \/><\/a>\n\t\t\t<\/div>\n\t\t\t\t<figcaption class='wp-caption-text gallery-caption' id='gallery-1-15925'>\n\t\t\t\tKulturni bazar 2025, razstavni prostor gledali\u0161kega podro\u010dja. Foto: SLOGI.\n\t\t\t\t<\/figcaption><\/figure><figure class='gallery-item'>\n\t\t\t<div class='gallery-icon landscape'>\n\t\t\t\t<a href='https:\/\/www.slogi.si\/wp-content\/uploads\/2025\/02\/Kulturni-bazar-2025_razstavni-prostor-gledaliskega-podrocja_foto_SLOGI-36.jpg'><img loading=\"lazy\" decoding=\"async\" width=\"150\" height=\"150\" src=\"https:\/\/www.slogi.si\/wp-content\/uploads\/2025\/02\/Kulturni-bazar-2025_razstavni-prostor-gledaliskega-podrocja_foto_SLOGI-36-150x150.jpg\" class=\"attachment-thumbnail size-thumbnail\" alt=\"\" aria-describedby=\"gallery-1-15924\" \/><\/a>\n\t\t\t<\/div>\n\t\t\t\t<figcaption class='wp-caption-text gallery-caption' id='gallery-1-15924'>\n\t\t\t\tKulturni bazar 2025, razstavni prostor gledali\u0161kega podro\u010dja. Foto: SLOGI.\n\t\t\t\t<\/figcaption><\/figure><figure class='gallery-item'>\n\t\t\t<div class='gallery-icon landscape'>\n\t\t\t\t<a href='https:\/\/www.slogi.si\/wp-content\/uploads\/2025\/02\/Kulturni-bazar-2025_razstavni-prostor-gledaliskega-podrocja_foto_SLOGI-38.jpg'><img loading=\"lazy\" decoding=\"async\" width=\"150\" height=\"150\" src=\"https:\/\/www.slogi.si\/wp-content\/uploads\/2025\/02\/Kulturni-bazar-2025_razstavni-prostor-gledaliskega-podrocja_foto_SLOGI-38-150x150.jpg\" class=\"attachment-thumbnail size-thumbnail\" alt=\"\" aria-describedby=\"gallery-1-15926\" \/><\/a>\n\t\t\t<\/div>\n\t\t\t\t<figcaption class='wp-caption-text gallery-caption' id='gallery-1-15926'>\n\t\t\t\tKulturni bazar 2025, razstavni prostor gledali\u0161kega podro\u010dja. Foto: SLOGI.\n\t\t\t\t<\/figcaption><\/figure><figure class='gallery-item'>\n\t\t\t<div class='gallery-icon landscape'>\n\t\t\t\t<a href='https:\/\/www.slogi.si\/wp-content\/uploads\/2025\/02\/Kulturni-bazar-2025_razstavni-prostor-gledaliskega-podrocja_foto_SLOGI-27.jpg'><img loading=\"lazy\" decoding=\"async\" width=\"150\" height=\"150\" src=\"https:\/\/www.slogi.si\/wp-content\/uploads\/2025\/02\/Kulturni-bazar-2025_razstavni-prostor-gledaliskega-podrocja_foto_SLOGI-27-150x150.jpg\" class=\"attachment-thumbnail size-thumbnail\" alt=\"\" aria-describedby=\"gallery-1-15915\" \/><\/a>\n\t\t\t<\/div>\n\t\t\t\t<figcaption class='wp-caption-text gallery-caption' id='gallery-1-15915'>\n\t\t\t\tKulturni bazar 2025, razstavni prostor gledali\u0161kega podro\u010dja. Foto: SLOGI.\n\t\t\t\t<\/figcaption><\/figure><figure class='gallery-item'>\n\t\t\t<div class='gallery-icon landscape'>\n\t\t\t\t<a href='https:\/\/www.slogi.si\/wp-content\/uploads\/2025\/02\/Kulturni-bazar-2025_razstavni-prostor-gledaliskega-podrocja_foto_SLOGI-35.jpg'><img loading=\"lazy\" decoding=\"async\" width=\"150\" height=\"150\" src=\"https:\/\/www.slogi.si\/wp-content\/uploads\/2025\/02\/Kulturni-bazar-2025_razstavni-prostor-gledaliskega-podrocja_foto_SLOGI-35-150x150.jpg\" class=\"attachment-thumbnail size-thumbnail\" alt=\"\" aria-describedby=\"gallery-1-15923\" \/><\/a>\n\t\t\t<\/div>\n\t\t\t\t<figcaption class='wp-caption-text gallery-caption' id='gallery-1-15923'>\n\t\t\t\tKulturni bazar 2025, razstavni prostor gledali\u0161kega podro\u010dja. Foto: SLOGI.\n\t\t\t\t<\/figcaption><\/figure><figure class='gallery-item'>\n\t\t\t<div class='gallery-icon portrait'>\n\t\t\t\t<a href='https:\/\/www.slogi.si\/wp-content\/uploads\/2025\/02\/Kulturni-bazar-2025_razstavni-prostor-gledaliskega-podrocja_foto_SLOGI-34.jpg'><img loading=\"lazy\" decoding=\"async\" width=\"150\" height=\"150\" src=\"https:\/\/www.slogi.si\/wp-content\/uploads\/2025\/02\/Kulturni-bazar-2025_razstavni-prostor-gledaliskega-podrocja_foto_SLOGI-34-150x150.jpg\" class=\"attachment-thumbnail size-thumbnail\" alt=\"\" aria-describedby=\"gallery-1-15922\" \/><\/a>\n\t\t\t<\/div>\n\t\t\t\t<figcaption class='wp-caption-text gallery-caption' id='gallery-1-15922'>\n\t\t\t\tKulturni bazar 2025, razstavni prostor gledali\u0161kega podro\u010dja. Foto: SLOGI.\n\t\t\t\t<\/figcaption><\/figure><figure class='gallery-item'>\n\t\t\t<div class='gallery-icon landscape'>\n\t\t\t\t<a href='https:\/\/www.slogi.si\/wp-content\/uploads\/2025\/02\/Kulturni-bazar-2025_razstavni-prostor-gledaliskega-podrocja_foto_SLOGI-31.jpg'><img loading=\"lazy\" decoding=\"async\" width=\"150\" height=\"150\" src=\"https:\/\/www.slogi.si\/wp-content\/uploads\/2025\/02\/Kulturni-bazar-2025_razstavni-prostor-gledaliskega-podrocja_foto_SLOGI-31-150x150.jpg\" class=\"attachment-thumbnail size-thumbnail\" alt=\"\" aria-describedby=\"gallery-1-15919\" \/><\/a>\n\t\t\t<\/div>\n\t\t\t\t<figcaption class='wp-caption-text gallery-caption' id='gallery-1-15919'>\n\t\t\t\tKulturni bazar 2025, razstavni prostor gledali\u0161kega podro\u010dja. Foto: SLOGI.\n\t\t\t\t<\/figcaption><\/figure><figure class='gallery-item'>\n\t\t\t<div class='gallery-icon landscape'>\n\t\t\t\t<a href='https:\/\/www.slogi.si\/wp-content\/uploads\/2025\/02\/Kulturni-bazar-2025_razstavni-prostor-gledaliskega-podrocja_foto_SLOGI-30.jpg'><img loading=\"lazy\" decoding=\"async\" width=\"150\" height=\"150\" src=\"https:\/\/www.slogi.si\/wp-content\/uploads\/2025\/02\/Kulturni-bazar-2025_razstavni-prostor-gledaliskega-podrocja_foto_SLOGI-30-150x150.jpg\" class=\"attachment-thumbnail size-thumbnail\" alt=\"\" aria-describedby=\"gallery-1-15918\" \/><\/a>\n\t\t\t<\/div>\n\t\t\t\t<figcaption class='wp-caption-text gallery-caption' id='gallery-1-15918'>\n\t\t\t\tKulturni bazar 2025, razstavni prostor gledali\u0161kega podro\u010dja. Foto: SLOGI.\n\t\t\t\t<\/figcaption><\/figure><figure class='gallery-item'>\n\t\t\t<div class='gallery-icon landscape'>\n\t\t\t\t<a href='https:\/\/www.slogi.si\/wp-content\/uploads\/2025\/02\/Kulturni-bazar-2025_razstavni-prostor-gledaliskega-podrocja_foto_SLOGI-21.jpg'><img loading=\"lazy\" decoding=\"async\" width=\"150\" height=\"150\" src=\"https:\/\/www.slogi.si\/wp-content\/uploads\/2025\/02\/Kulturni-bazar-2025_razstavni-prostor-gledaliskega-podrocja_foto_SLOGI-21-150x150.jpg\" class=\"attachment-thumbnail size-thumbnail\" alt=\"\" aria-describedby=\"gallery-1-15909\" \/><\/a>\n\t\t\t<\/div>\n\t\t\t\t<figcaption class='wp-caption-text gallery-caption' id='gallery-1-15909'>\n\t\t\t\tKulturni bazar 2025, razstavni prostor gledali\u0161kega podro\u010dja. Foto: SLOGI.\n\t\t\t\t<\/figcaption><\/figure><figure class='gallery-item'>\n\t\t\t<div class='gallery-icon landscape'>\n\t\t\t\t<a href='https:\/\/www.slogi.si\/wp-content\/uploads\/2025\/02\/Kulturni-bazar-2025_razstavni-prostor-gledaliskega-podrocja_foto_SLOGI-22.jpg'><img loading=\"lazy\" decoding=\"async\" width=\"150\" height=\"150\" src=\"https:\/\/www.slogi.si\/wp-content\/uploads\/2025\/02\/Kulturni-bazar-2025_razstavni-prostor-gledaliskega-podrocja_foto_SLOGI-22-150x150.jpg\" class=\"attachment-thumbnail size-thumbnail\" alt=\"\" aria-describedby=\"gallery-1-15910\" \/><\/a>\n\t\t\t<\/div>\n\t\t\t\t<figcaption class='wp-caption-text gallery-caption' id='gallery-1-15910'>\n\t\t\t\tKulturni bazar 2025, razstavni prostor gledali\u0161kega podro\u010dja. Foto: SLOGI.\n\t\t\t\t<\/figcaption><\/figure><figure class='gallery-item'>\n\t\t\t<div class='gallery-icon landscape'>\n\t\t\t\t<a href='https:\/\/www.slogi.si\/wp-content\/uploads\/2025\/02\/Kulturni-bazar-2025_razstavni-prostor-gledaliskega-podrocja_foto_SLOGI-23.jpg'><img loading=\"lazy\" decoding=\"async\" width=\"150\" height=\"150\" src=\"https:\/\/www.slogi.si\/wp-content\/uploads\/2025\/02\/Kulturni-bazar-2025_razstavni-prostor-gledaliskega-podrocja_foto_SLOGI-23-150x150.jpg\" class=\"attachment-thumbnail size-thumbnail\" alt=\"\" aria-describedby=\"gallery-1-15911\" \/><\/a>\n\t\t\t<\/div>\n\t\t\t\t<figcaption class='wp-caption-text gallery-caption' id='gallery-1-15911'>\n\t\t\t\tKulturni bazar 2025, razstavni prostor gledali\u0161kega podro\u010dja. Foto: SLOGI.\n\t\t\t\t<\/figcaption><\/figure><figure class='gallery-item'>\n\t\t\t<div class='gallery-icon landscape'>\n\t\t\t\t<a href='https:\/\/www.slogi.si\/wp-content\/uploads\/2025\/02\/Kulturni-bazar-2025_razstavni-prostor-gledaliskega-podrocja_foto_SLOGI-24.jpg'><img loading=\"lazy\" decoding=\"async\" width=\"150\" height=\"150\" src=\"https:\/\/www.slogi.si\/wp-content\/uploads\/2025\/02\/Kulturni-bazar-2025_razstavni-prostor-gledaliskega-podrocja_foto_SLOGI-24-150x150.jpg\" class=\"attachment-thumbnail size-thumbnail\" alt=\"\" aria-describedby=\"gallery-1-15912\" \/><\/a>\n\t\t\t<\/div>\n\t\t\t\t<figcaption class='wp-caption-text gallery-caption' id='gallery-1-15912'>\n\t\t\t\tKulturni bazar 2025, razstavni prostor gledali\u0161kega podro\u010dja. Foto: SLOGI.\n\t\t\t\t<\/figcaption><\/figure><figure class='gallery-item'>\n\t\t\t<div class='gallery-icon landscape'>\n\t\t\t\t<a href='https:\/\/www.slogi.si\/wp-content\/uploads\/2025\/02\/Kulturni-bazar-2025_razstavni-prostor-gledaliskega-podrocja_foto_SLOGI-25.jpg'><img loading=\"lazy\" decoding=\"async\" width=\"150\" height=\"150\" src=\"https:\/\/www.slogi.si\/wp-content\/uploads\/2025\/02\/Kulturni-bazar-2025_razstavni-prostor-gledaliskega-podrocja_foto_SLOGI-25-150x150.jpg\" class=\"attachment-thumbnail size-thumbnail\" alt=\"\" aria-describedby=\"gallery-1-15913\" \/><\/a>\n\t\t\t<\/div>\n\t\t\t\t<figcaption class='wp-caption-text gallery-caption' id='gallery-1-15913'>\n\t\t\t\tKulturni bazar 2025, razstavni prostor gledali\u0161kega podro\u010dja. Foto: SLOGI.\n\t\t\t\t<\/figcaption><\/figure><figure class='gallery-item'>\n\t\t\t<div class='gallery-icon landscape'>\n\t\t\t\t<a href='https:\/\/www.slogi.si\/wp-content\/uploads\/2025\/02\/Kulturni-bazar-2025_razstavni-prostor-gledaliskega-podrocja_foto_SLOGI-26.jpg'><img loading=\"lazy\" decoding=\"async\" width=\"150\" height=\"150\" src=\"https:\/\/www.slogi.si\/wp-content\/uploads\/2025\/02\/Kulturni-bazar-2025_razstavni-prostor-gledaliskega-podrocja_foto_SLOGI-26-150x150.jpg\" class=\"attachment-thumbnail size-thumbnail\" alt=\"\" aria-describedby=\"gallery-1-15914\" \/><\/a>\n\t\t\t<\/div>\n\t\t\t\t<figcaption class='wp-caption-text gallery-caption' id='gallery-1-15914'>\n\t\t\t\tKulturni bazar 2025, razstavni prostor gledali\u0161kega podro\u010dja. Foto: SLOGI.\n\t\t\t\t<\/figcaption><\/figure><figure class='gallery-item'>\n\t\t\t<div class='gallery-icon landscape'>\n\t\t\t\t<a href='https:\/\/www.slogi.si\/wp-content\/uploads\/2025\/02\/Kulturni-bazar-2025_razstavni-prostor-gledaliskega-podrocja_foto_SLOGI-29.jpg'><img loading=\"lazy\" decoding=\"async\" width=\"150\" height=\"150\" src=\"https:\/\/www.slogi.si\/wp-content\/uploads\/2025\/02\/Kulturni-bazar-2025_razstavni-prostor-gledaliskega-podrocja_foto_SLOGI-29-150x150.jpg\" class=\"attachment-thumbnail size-thumbnail\" alt=\"\" aria-describedby=\"gallery-1-15917\" \/><\/a>\n\t\t\t<\/div>\n\t\t\t\t<figcaption class='wp-caption-text gallery-caption' id='gallery-1-15917'>\n\t\t\t\tKulturni bazar 2025, razstavni prostor gledali\u0161kega podro\u010dja. Foto: SLOGI.\n\t\t\t\t<\/figcaption><\/figure><figure class='gallery-item'>\n\t\t\t<div class='gallery-icon landscape'>\n\t\t\t\t<a href='https:\/\/www.slogi.si\/wp-content\/uploads\/2025\/02\/Kulturni-bazar-2025_razstavni-prostor-gledaliskega-podrocja_foto_SLOGI-28.jpg'><img loading=\"lazy\" decoding=\"async\" width=\"150\" height=\"150\" src=\"https:\/\/www.slogi.si\/wp-content\/uploads\/2025\/02\/Kulturni-bazar-2025_razstavni-prostor-gledaliskega-podrocja_foto_SLOGI-28-150x150.jpg\" class=\"attachment-thumbnail size-thumbnail\" alt=\"\" aria-describedby=\"gallery-1-15916\" \/><\/a>\n\t\t\t<\/div>\n\t\t\t\t<figcaption class='wp-caption-text gallery-caption' id='gallery-1-15916'>\n\t\t\t\tKulturni bazar 2025, razstavni prostor gledali\u0161kega podro\u010dja. Foto: SLOGI.\n\t\t\t\t<\/figcaption><\/figure><figure class='gallery-item'>\n\t\t\t<div class='gallery-icon landscape'>\n\t\t\t\t<a href='https:\/\/www.slogi.si\/wp-content\/uploads\/2025\/02\/Kulturni-bazar-2025_razstavni-prostor-gledaliskega-podrocja_foto_SLOGI-19.jpg'><img loading=\"lazy\" decoding=\"async\" width=\"150\" height=\"150\" src=\"https:\/\/www.slogi.si\/wp-content\/uploads\/2025\/02\/Kulturni-bazar-2025_razstavni-prostor-gledaliskega-podrocja_foto_SLOGI-19-150x150.jpg\" class=\"attachment-thumbnail size-thumbnail\" alt=\"\" aria-describedby=\"gallery-1-15907\" \/><\/a>\n\t\t\t<\/div>\n\t\t\t\t<figcaption class='wp-caption-text gallery-caption' id='gallery-1-15907'>\n\t\t\t\tKulturni bazar 2025, razstavni prostor gledali\u0161kega podro\u010dja. Foto: SLOGI.\n\t\t\t\t<\/figcaption><\/figure><figure class='gallery-item'>\n\t\t\t<div class='gallery-icon portrait'>\n\t\t\t\t<a href='https:\/\/www.slogi.si\/wp-content\/uploads\/2025\/02\/Kulturni-bazar-2025_razstavni-prostor-gledaliskega-podrocja_foto_SLOGI-18.jpg'><img loading=\"lazy\" decoding=\"async\" width=\"150\" height=\"150\" src=\"https:\/\/www.slogi.si\/wp-content\/uploads\/2025\/02\/Kulturni-bazar-2025_razstavni-prostor-gledaliskega-podrocja_foto_SLOGI-18-150x150.jpg\" class=\"attachment-thumbnail size-thumbnail\" alt=\"\" aria-describedby=\"gallery-1-15906\" \/><\/a>\n\t\t\t<\/div>\n\t\t\t\t<figcaption class='wp-caption-text gallery-caption' id='gallery-1-15906'>\n\t\t\t\tKulturni bazar 2025, razstavni prostor gledali\u0161kega podro\u010dja. Foto: SLOGI.\n\t\t\t\t<\/figcaption><\/figure><figure class='gallery-item'>\n\t\t\t<div class='gallery-icon landscape'>\n\t\t\t\t<a href='https:\/\/www.slogi.si\/wp-content\/uploads\/2025\/02\/Kulturni-bazar-2025_razstavni-prostor-gledaliskega-podrocja_foto_SLOGI-17.jpg'><img loading=\"lazy\" decoding=\"async\" width=\"150\" height=\"150\" src=\"https:\/\/www.slogi.si\/wp-content\/uploads\/2025\/02\/Kulturni-bazar-2025_razstavni-prostor-gledaliskega-podrocja_foto_SLOGI-17-150x150.jpg\" class=\"attachment-thumbnail size-thumbnail\" alt=\"\" aria-describedby=\"gallery-1-15905\" \/><\/a>\n\t\t\t<\/div>\n\t\t\t\t<figcaption class='wp-caption-text gallery-caption' id='gallery-1-15905'>\n\t\t\t\tKulturni bazar 2025, razstavni prostor gledali\u0161kega podro\u010dja. Foto: SLOGI.\n\t\t\t\t<\/figcaption><\/figure><figure class='gallery-item'>\n\t\t\t<div class='gallery-icon landscape'>\n\t\t\t\t<a href='https:\/\/www.slogi.si\/wp-content\/uploads\/2025\/02\/Kulturni-bazar-2025_razstavni-prostor-gledaliskega-podrocja_foto_SLOGI-15.jpg'><img loading=\"lazy\" decoding=\"async\" width=\"150\" height=\"150\" src=\"https:\/\/www.slogi.si\/wp-content\/uploads\/2025\/02\/Kulturni-bazar-2025_razstavni-prostor-gledaliskega-podrocja_foto_SLOGI-15-150x150.jpg\" class=\"attachment-thumbnail size-thumbnail\" alt=\"\" aria-describedby=\"gallery-1-15903\" \/><\/a>\n\t\t\t<\/div>\n\t\t\t\t<figcaption class='wp-caption-text gallery-caption' id='gallery-1-15903'>\n\t\t\t\tKulturni bazar 2025, razstavni prostor gledali\u0161kega podro\u010dja. Foto: SLOGI.\n\t\t\t\t<\/figcaption><\/figure><figure class='gallery-item'>\n\t\t\t<div class='gallery-icon landscape'>\n\t\t\t\t<a href='https:\/\/www.slogi.si\/wp-content\/uploads\/2025\/02\/Kulturni-bazar-2025_razstavni-prostor-gledaliskega-podrocja_foto_SLOGI-14.jpg'><img loading=\"lazy\" decoding=\"async\" width=\"150\" height=\"150\" src=\"https:\/\/www.slogi.si\/wp-content\/uploads\/2025\/02\/Kulturni-bazar-2025_razstavni-prostor-gledaliskega-podrocja_foto_SLOGI-14-150x150.jpg\" class=\"attachment-thumbnail size-thumbnail\" alt=\"\" aria-describedby=\"gallery-1-15902\" \/><\/a>\n\t\t\t<\/div>\n\t\t\t\t<figcaption class='wp-caption-text gallery-caption' id='gallery-1-15902'>\n\t\t\t\tKulturni bazar 2025, razstavni prostor gledali\u0161kega podro\u010dja. Foto: SLOGI.\n\t\t\t\t<\/figcaption><\/figure><figure class='gallery-item'>\n\t\t\t<div class='gallery-icon landscape'>\n\t\t\t\t<a href='https:\/\/www.slogi.si\/wp-content\/uploads\/2025\/02\/Kulturni-bazar-2025_razstavni-prostor-gledaliskega-podrocja_foto_SLOGI-11.jpg'><img loading=\"lazy\" decoding=\"async\" width=\"150\" height=\"150\" src=\"https:\/\/www.slogi.si\/wp-content\/uploads\/2025\/02\/Kulturni-bazar-2025_razstavni-prostor-gledaliskega-podrocja_foto_SLOGI-11-150x150.jpg\" class=\"attachment-thumbnail size-thumbnail\" alt=\"\" aria-describedby=\"gallery-1-15899\" \/><\/a>\n\t\t\t<\/div>\n\t\t\t\t<figcaption class='wp-caption-text gallery-caption' id='gallery-1-15899'>\n\t\t\t\tKulturni bazar 2025, razstavni prostor gledali\u0161kega podro\u010dja. Foto: SLOGI.\n\t\t\t\t<\/figcaption><\/figure><figure class='gallery-item'>\n\t\t\t<div class='gallery-icon landscape'>\n\t\t\t\t<a href='https:\/\/www.slogi.si\/wp-content\/uploads\/2025\/02\/Kulturni-bazar-2025_razstavni-prostor-gledaliskega-podrocja_foto_SLOGI-13.jpg'><img loading=\"lazy\" decoding=\"async\" width=\"150\" height=\"150\" src=\"https:\/\/www.slogi.si\/wp-content\/uploads\/2025\/02\/Kulturni-bazar-2025_razstavni-prostor-gledaliskega-podrocja_foto_SLOGI-13-150x150.jpg\" class=\"attachment-thumbnail size-thumbnail\" alt=\"\" aria-describedby=\"gallery-1-15901\" \/><\/a>\n\t\t\t<\/div>\n\t\t\t\t<figcaption class='wp-caption-text gallery-caption' id='gallery-1-15901'>\n\t\t\t\tKulturni bazar 2025, razstavni prostor gledali\u0161kega podro\u010dja. Foto: SLOGI.\n\t\t\t\t<\/figcaption><\/figure><figure class='gallery-item'>\n\t\t\t<div class='gallery-icon landscape'>\n\t\t\t\t<a href='https:\/\/www.slogi.si\/wp-content\/uploads\/2025\/02\/Kulturni-bazar-2025_razstavni-prostor-gledaliskega-podrocja_foto_SLOGI-12.jpg'><img loading=\"lazy\" decoding=\"async\" width=\"150\" height=\"150\" src=\"https:\/\/www.slogi.si\/wp-content\/uploads\/2025\/02\/Kulturni-bazar-2025_razstavni-prostor-gledaliskega-podrocja_foto_SLOGI-12-150x150.jpg\" class=\"attachment-thumbnail size-thumbnail\" alt=\"\" aria-describedby=\"gallery-1-15900\" \/><\/a>\n\t\t\t<\/div>\n\t\t\t\t<figcaption class='wp-caption-text gallery-caption' id='gallery-1-15900'>\n\t\t\t\tKulturni bazar 2025, razstavni prostor gledali\u0161kega podro\u010dja. Foto: SLOGI.\n\t\t\t\t<\/figcaption><\/figure><figure class='gallery-item'>\n\t\t\t<div class='gallery-icon landscape'>\n\t\t\t\t<a href='https:\/\/www.slogi.si\/wp-content\/uploads\/2025\/02\/Kulturni-bazar-2025_razstavni-prostor-gledaliskega-podrocja_foto_SLOGI-3.jpg'><img loading=\"lazy\" decoding=\"async\" width=\"150\" height=\"150\" src=\"https:\/\/www.slogi.si\/wp-content\/uploads\/2025\/02\/Kulturni-bazar-2025_razstavni-prostor-gledaliskega-podrocja_foto_SLOGI-3-150x150.jpg\" class=\"attachment-thumbnail size-thumbnail\" alt=\"\" aria-describedby=\"gallery-1-15891\" \/><\/a>\n\t\t\t<\/div>\n\t\t\t\t<figcaption class='wp-caption-text gallery-caption' id='gallery-1-15891'>\n\t\t\t\tKulturni bazar 2025, razstavni prostor gledali\u0161kega podro\u010dja. Foto: SLOGI.\n\t\t\t\t<\/figcaption><\/figure><figure class='gallery-item'>\n\t\t\t<div class='gallery-icon landscape'>\n\t\t\t\t<a href='https:\/\/www.slogi.si\/wp-content\/uploads\/2025\/02\/Kulturni-bazar-2025_razstavni-prostor-gledaliskega-podrocja_foto_SLOGI-1.jpg'><img loading=\"lazy\" decoding=\"async\" width=\"150\" height=\"150\" src=\"https:\/\/www.slogi.si\/wp-content\/uploads\/2025\/02\/Kulturni-bazar-2025_razstavni-prostor-gledaliskega-podrocja_foto_SLOGI-1-150x150.jpg\" class=\"attachment-thumbnail size-thumbnail\" alt=\"\" aria-describedby=\"gallery-1-15889\" \/><\/a>\n\t\t\t<\/div>\n\t\t\t\t<figcaption class='wp-caption-text gallery-caption' id='gallery-1-15889'>\n\t\t\t\tKulturni bazar 2025, razstavni prostor gledali\u0161kega podro\u010dja. Foto: SLOGI.\n\t\t\t\t<\/figcaption><\/figure><figure class='gallery-item'>\n\t\t\t<div class='gallery-icon landscape'>\n\t\t\t\t<a href='https:\/\/www.slogi.si\/wp-content\/uploads\/2025\/02\/Kulturni-bazar-2025_razstavni-prostor-gledaliskega-podrocja_foto_SLOGI-4.jpg'><img loading=\"lazy\" decoding=\"async\" width=\"150\" height=\"150\" src=\"https:\/\/www.slogi.si\/wp-content\/uploads\/2025\/02\/Kulturni-bazar-2025_razstavni-prostor-gledaliskega-podrocja_foto_SLOGI-4-150x150.jpg\" class=\"attachment-thumbnail size-thumbnail\" alt=\"\" aria-describedby=\"gallery-1-15892\" \/><\/a>\n\t\t\t<\/div>\n\t\t\t\t<figcaption class='wp-caption-text gallery-caption' id='gallery-1-15892'>\n\t\t\t\tKulturni bazar 2025, razstavni prostor gledali\u0161kega podro\u010dja. Foto: SLOGI.\n\t\t\t\t<\/figcaption><\/figure><figure class='gallery-item'>\n\t\t\t<div class='gallery-icon landscape'>\n\t\t\t\t<a href='https:\/\/www.slogi.si\/wp-content\/uploads\/2025\/02\/Kulturni-bazar-2025_razstavni-prostor-gledaliskega-podrocja_foto_SLOGI-5.jpg'><img loading=\"lazy\" decoding=\"async\" width=\"150\" height=\"150\" src=\"https:\/\/www.slogi.si\/wp-content\/uploads\/2025\/02\/Kulturni-bazar-2025_razstavni-prostor-gledaliskega-podrocja_foto_SLOGI-5-150x150.jpg\" class=\"attachment-thumbnail size-thumbnail\" alt=\"\" aria-describedby=\"gallery-1-15893\" \/><\/a>\n\t\t\t<\/div>\n\t\t\t\t<figcaption class='wp-caption-text gallery-caption' id='gallery-1-15893'>\n\t\t\t\tKulturni bazar 2025, razstavni prostor gledali\u0161kega podro\u010dja. Foto: SLOGI.\n\t\t\t\t<\/figcaption><\/figure><figure class='gallery-item'>\n\t\t\t<div class='gallery-icon landscape'>\n\t\t\t\t<a href='https:\/\/www.slogi.si\/wp-content\/uploads\/2025\/02\/Kulturni-bazar-2025_razstavni-prostor-gledaliskega-podrocja_foto_SLOGI-6.jpg'><img loading=\"lazy\" decoding=\"async\" width=\"150\" height=\"150\" src=\"https:\/\/www.slogi.si\/wp-content\/uploads\/2025\/02\/Kulturni-bazar-2025_razstavni-prostor-gledaliskega-podrocja_foto_SLOGI-6-150x150.jpg\" class=\"attachment-thumbnail size-thumbnail\" alt=\"\" aria-describedby=\"gallery-1-15894\" \/><\/a>\n\t\t\t<\/div>\n\t\t\t\t<figcaption class='wp-caption-text gallery-caption' id='gallery-1-15894'>\n\t\t\t\tKulturni bazar 2025, razstavni prostor gledali\u0161kega podro\u010dja. Foto: SLOGI.\n\t\t\t\t<\/figcaption><\/figure><figure class='gallery-item'>\n\t\t\t<div class='gallery-icon landscape'>\n\t\t\t\t<a href='https:\/\/www.slogi.si\/wp-content\/uploads\/2025\/02\/Kulturni-bazar-2025_razstavni-prostor-gledaliskega-podrocja_foto_SLOGI-7.jpg'><img loading=\"lazy\" decoding=\"async\" width=\"150\" height=\"150\" src=\"https:\/\/www.slogi.si\/wp-content\/uploads\/2025\/02\/Kulturni-bazar-2025_razstavni-prostor-gledaliskega-podrocja_foto_SLOGI-7-150x150.jpg\" class=\"attachment-thumbnail size-thumbnail\" alt=\"\" aria-describedby=\"gallery-1-15895\" \/><\/a>\n\t\t\t<\/div>\n\t\t\t\t<figcaption class='wp-caption-text gallery-caption' id='gallery-1-15895'>\n\t\t\t\tKulturni bazar 2025, razstavni prostor gledali\u0161kega podro\u010dja. Foto: SLOGI.\n\t\t\t\t<\/figcaption><\/figure><figure class='gallery-item'>\n\t\t\t<div class='gallery-icon landscape'>\n\t\t\t\t<a href='https:\/\/www.slogi.si\/wp-content\/uploads\/2025\/02\/Kulturni-bazar-2025_razstavni-prostor-gledaliskega-podrocja_foto_SLOGI-8.jpg'><img loading=\"lazy\" decoding=\"async\" width=\"150\" height=\"150\" src=\"https:\/\/www.slogi.si\/wp-content\/uploads\/2025\/02\/Kulturni-bazar-2025_razstavni-prostor-gledaliskega-podrocja_foto_SLOGI-8-150x150.jpg\" class=\"attachment-thumbnail size-thumbnail\" alt=\"\" aria-describedby=\"gallery-1-15896\" \/><\/a>\n\t\t\t<\/div>\n\t\t\t\t<figcaption class='wp-caption-text gallery-caption' id='gallery-1-15896'>\n\t\t\t\tKulturni bazar 2025, razstavni prostor gledali\u0161kega podro\u010dja. Foto: SLOGI.\n\t\t\t\t<\/figcaption><\/figure><figure class='gallery-item'>\n\t\t\t<div class='gallery-icon landscape'>\n\t\t\t\t<a href='https:\/\/www.slogi.si\/wp-content\/uploads\/2025\/02\/Kulturni-bazar-2025_razstavni-prostor-gledaliskega-podrocja_foto_SLOGI-10.jpg'><img loading=\"lazy\" decoding=\"async\" width=\"150\" height=\"150\" src=\"https:\/\/www.slogi.si\/wp-content\/uploads\/2025\/02\/Kulturni-bazar-2025_razstavni-prostor-gledaliskega-podrocja_foto_SLOGI-10-150x150.jpg\" class=\"attachment-thumbnail size-thumbnail\" alt=\"\" aria-describedby=\"gallery-1-15898\" \/><\/a>\n\t\t\t<\/div>\n\t\t\t\t<figcaption class='wp-caption-text gallery-caption' id='gallery-1-15898'>\n\t\t\t\tKulturni bazar 2025, razstavni prostor gledali\u0161kega podro\u010dja. Foto: SLOGI.\n\t\t\t\t<\/figcaption><\/figure><figure class='gallery-item'>\n\t\t\t<div class='gallery-icon landscape'>\n\t\t\t\t<a href='https:\/\/www.slogi.si\/wp-content\/uploads\/2025\/02\/Kulturni-bazar-2025_razstavni-prostor-gledaliskega-podrocja_foto_SLOGI-2.jpg'><img loading=\"lazy\" decoding=\"async\" width=\"150\" height=\"150\" src=\"https:\/\/www.slogi.si\/wp-content\/uploads\/2025\/02\/Kulturni-bazar-2025_razstavni-prostor-gledaliskega-podrocja_foto_SLOGI-2-150x150.jpg\" class=\"attachment-thumbnail size-thumbnail\" alt=\"\" aria-describedby=\"gallery-1-15890\" \/><\/a>\n\t\t\t<\/div>\n\t\t\t\t<figcaption class='wp-caption-text gallery-caption' id='gallery-1-15890'>\n\t\t\t\tKulturni bazar 2025, razstavni prostor gledali\u0161kega podro\u010dja. Foto: SLOGI.\n\t\t\t\t<\/figcaption><\/figure><figure class='gallery-item'>\n\t\t\t<div class='gallery-icon landscape'>\n\t\t\t\t<a href='https:\/\/www.slogi.si\/wp-content\/uploads\/2025\/02\/Kulturni-bazar-2025_razstavni-prostor-gledaliskega-podrocja_foto_SLOGI-9.jpg'><img loading=\"lazy\" decoding=\"async\" width=\"150\" height=\"150\" src=\"https:\/\/www.slogi.si\/wp-content\/uploads\/2025\/02\/Kulturni-bazar-2025_razstavni-prostor-gledaliskega-podrocja_foto_SLOGI-9-150x150.jpg\" class=\"attachment-thumbnail size-thumbnail\" alt=\"\" aria-describedby=\"gallery-1-15897\" \/><\/a>\n\t\t\t<\/div>\n\t\t\t\t<figcaption class='wp-caption-text gallery-caption' id='gallery-1-15897'>\n\t\t\t\tKulturni bazar 2025, razstavni prostor gledali\u0161kega podro\u010dja. Foto: SLOGI.\n\t\t\t\t<\/figcaption><\/figure><figure class='gallery-item'>\n\t\t\t<div class='gallery-icon landscape'>\n\t\t\t\t<a href='https:\/\/www.slogi.si\/wp-content\/uploads\/2025\/02\/Kulturni-bazar-2025_razstavni-prostor-gledaliskega-podrocja_foto_SLOGI-32.jpg'><img loading=\"lazy\" decoding=\"async\" width=\"150\" height=\"150\" src=\"https:\/\/www.slogi.si\/wp-content\/uploads\/2025\/02\/Kulturni-bazar-2025_razstavni-prostor-gledaliskega-podrocja_foto_SLOGI-32-150x150.jpg\" class=\"attachment-thumbnail size-thumbnail\" alt=\"\" aria-describedby=\"gallery-1-15920\" \/><\/a>\n\t\t\t<\/div>\n\t\t\t\t<figcaption class='wp-caption-text gallery-caption' id='gallery-1-15920'>\n\t\t\t\tKulturni bazar 2025, razstavni prostor gledali\u0161kega podro\u010dja. Foto: SLOGI.\n\t\t\t\t<\/figcaption><\/figure><figure class='gallery-item'>\n\t\t\t<div class='gallery-icon landscape'>\n\t\t\t\t<a href='https:\/\/www.slogi.si\/wp-content\/uploads\/2025\/02\/Kulturni-bazar-2025_razstavni-prostor-gledaliskega-podrocja_foto_SLOGI-33.jpg'><img loading=\"lazy\" decoding=\"async\" width=\"150\" height=\"150\" src=\"https:\/\/www.slogi.si\/wp-content\/uploads\/2025\/02\/Kulturni-bazar-2025_razstavni-prostor-gledaliskega-podrocja_foto_SLOGI-33-150x150.jpg\" class=\"attachment-thumbnail size-thumbnail\" alt=\"\" aria-describedby=\"gallery-1-15921\" \/><\/a>\n\t\t\t<\/div>\n\t\t\t\t<figcaption class='wp-caption-text gallery-caption' id='gallery-1-15921'>\n\t\t\t\tKulturni bazar 2025, razstavni prostor gledali\u0161kega podro\u010dja. Foto: SLOGI.\n\t\t\t\t<\/figcaption><\/figure>\n\t\t<\/div>\n<\/p>\n<\/footer>","protected":false},"excerpt":{"rendered":"<p>17. Kulturni bazar, najve\u010dje strokovno medresorsko usposabljanje na podro\u010dju kulturno-umetnostne vzgoje bo potekal 20. marca 2025 v Cankarjevem domu v Ljubljani.<\/p>","protected":false},"featured_media":15777,"template":"","categories":[416],"tags":[],"izpostavljamo":[],"letnik":[615],"tip":[428,418,421,422,420],"vrsta-razstave":[],"class_list":["post-15774","dogodki","type-dogodki","status-publish","has-post-thumbnail","hentry","category-dogodki","letnik-615","tip-delavnice","tip-gostujoca-prireditev","tip-pogovor","tip-predavanje","tip-predstavitev"],"acf":[],"yoast_head":"<!-- This site is optimized with the Yoast SEO plugin v27.5 - https:\/\/yoast.com\/product\/yoast-seo-wordpress\/ -->\n<title>Kulturni bazar 2025 - SLOGI<\/title>\n<meta name=\"robots\" content=\"index, follow, max-snippet:-1, max-image-preview:large, max-video-preview:-1\" \/>\n<link rel=\"canonical\" href=\"https:\/\/www.slogi.si\/en\/events\/kulturni-bazar-2025\/\" \/>\n<meta property=\"og:locale\" content=\"en_GB\" \/>\n<meta property=\"og:type\" content=\"article\" \/>\n<meta property=\"og:title\" content=\"Kulturni bazar 2025 - SLOGI\" \/>\n<meta property=\"og:description\" content=\"17. Kulturni bazar, najve\u010dje strokovno medresorsko usposabljanje na podro\u010dju kulturno-umetnostne vzgoje bo potekal 20. marca 2025 v Cankarjevem domu v Ljubljani.\" \/>\n<meta property=\"og:url\" content=\"https:\/\/www.slogi.si\/en\/events\/kulturni-bazar-2025\/\" \/>\n<meta property=\"og:site_name\" content=\"SLOGI\" \/>\n<meta property=\"article:modified_time\" content=\"2025-03-25T14:56:27+00:00\" \/>\n<meta property=\"og:image\" content=\"https:\/\/www.slogi.si\/wp-content\/uploads\/2025\/02\/Kulturni-bazar.jpg\" \/>\n\t<meta property=\"og:image:width\" content=\"1920\" \/>\n\t<meta property=\"og:image:height\" content=\"1080\" \/>\n\t<meta property=\"og:image:type\" content=\"image\/jpeg\" \/>\n<meta name=\"twitter:card\" content=\"summary_large_image\" \/>\n<meta name=\"twitter:label1\" content=\"Estimated reading time\" \/>\n\t<meta name=\"twitter:data1\" content=\"2 minutes\" \/>\n<script type=\"application\/ld+json\" class=\"yoast-schema-graph\">{\"@context\":\"https:\\\/\\\/schema.org\",\"@graph\":[{\"@type\":\"WebPage\",\"@id\":\"https:\\\/\\\/www.slogi.si\\\/dogodki\\\/kulturni-bazar-2025\\\/\",\"url\":\"https:\\\/\\\/www.slogi.si\\\/dogodki\\\/kulturni-bazar-2025\\\/\",\"name\":\"Kulturni bazar 2025 - SLOGI\",\"isPartOf\":{\"@id\":\"https:\\\/\\\/www.slogi.si\\\/#website\"},\"primaryImageOfPage\":{\"@id\":\"https:\\\/\\\/www.slogi.si\\\/dogodki\\\/kulturni-bazar-2025\\\/#primaryimage\"},\"image\":{\"@id\":\"https:\\\/\\\/www.slogi.si\\\/dogodki\\\/kulturni-bazar-2025\\\/#primaryimage\"},\"thumbnailUrl\":\"https:\\\/\\\/www.slogi.si\\\/wp-content\\\/uploads\\\/2025\\\/02\\\/Kulturni-bazar.jpg\",\"datePublished\":\"2025-02-21T13:07:46+00:00\",\"dateModified\":\"2025-03-25T14:56:27+00:00\",\"breadcrumb\":{\"@id\":\"https:\\\/\\\/www.slogi.si\\\/dogodki\\\/kulturni-bazar-2025\\\/#breadcrumb\"},\"inLanguage\":\"en-GB\",\"potentialAction\":[{\"@type\":\"ReadAction\",\"target\":[\"https:\\\/\\\/www.slogi.si\\\/dogodki\\\/kulturni-bazar-2025\\\/\"]}]},{\"@type\":\"ImageObject\",\"inLanguage\":\"en-GB\",\"@id\":\"https:\\\/\\\/www.slogi.si\\\/dogodki\\\/kulturni-bazar-2025\\\/#primaryimage\",\"url\":\"https:\\\/\\\/www.slogi.si\\\/wp-content\\\/uploads\\\/2025\\\/02\\\/Kulturni-bazar.jpg\",\"contentUrl\":\"https:\\\/\\\/www.slogi.si\\\/wp-content\\\/uploads\\\/2025\\\/02\\\/Kulturni-bazar.jpg\",\"width\":1920,\"height\":1080},{\"@type\":\"BreadcrumbList\",\"@id\":\"https:\\\/\\\/www.slogi.si\\\/dogodki\\\/kulturni-bazar-2025\\\/#breadcrumb\",\"itemListElement\":[{\"@type\":\"ListItem\",\"position\":1,\"name\":\"Home\",\"item\":\"https:\\\/\\\/www.slogi.si\\\/\"},{\"@type\":\"ListItem\",\"position\":2,\"name\":\"Kulturni bazar 2025\"}]},{\"@type\":\"WebSite\",\"@id\":\"https:\\\/\\\/www.slogi.si\\\/#website\",\"url\":\"https:\\\/\\\/www.slogi.si\\\/\",\"name\":\"SLOGI\",\"description\":\"Slovenski Gledali\u0161ki In\u0161titut\",\"publisher\":{\"@id\":\"https:\\\/\\\/www.slogi.si\\\/#organization\"},\"alternateName\":\"Slovenski Gledali\u0161ki In\u0161titut\",\"potentialAction\":[{\"@type\":\"SearchAction\",\"target\":{\"@type\":\"EntryPoint\",\"urlTemplate\":\"https:\\\/\\\/www.slogi.si\\\/?s={search_term_string}\"},\"query-input\":{\"@type\":\"PropertyValueSpecification\",\"valueRequired\":true,\"valueName\":\"search_term_string\"}}],\"inLanguage\":\"en-GB\"},{\"@type\":\"Organization\",\"@id\":\"https:\\\/\\\/www.slogi.si\\\/#organization\",\"name\":\"SLOGI\",\"alternateName\":\"Slovenski Gledali\u0161ki In\u0161titut\",\"url\":\"https:\\\/\\\/www.slogi.si\\\/\",\"logo\":{\"@type\":\"ImageObject\",\"inLanguage\":\"en-GB\",\"@id\":\"https:\\\/\\\/www.slogi.si\\\/#\\\/schema\\\/logo\\\/image\\\/\",\"url\":\"https:\\\/\\\/www.slogi.si\\\/wp-content\\\/uploads\\\/2024\\\/01\\\/favicon.svg\",\"contentUrl\":\"https:\\\/\\\/www.slogi.si\\\/wp-content\\\/uploads\\\/2024\\\/01\\\/favicon.svg\",\"width\":100,\"height\":100,\"caption\":\"SLOGI\"},\"image\":{\"@id\":\"https:\\\/\\\/www.slogi.si\\\/#\\\/schema\\\/logo\\\/image\\\/\"}}]}<\/script>\n<!-- \/ Yoast SEO plugin. -->","yoast_head_json":{"title":"Kulturni bazar 2025 - SLOGI","robots":{"index":"index","follow":"follow","max-snippet":"max-snippet:-1","max-image-preview":"max-image-preview:large","max-video-preview":"max-video-preview:-1"},"canonical":"https:\/\/www.slogi.si\/en\/events\/kulturni-bazar-2025\/","og_locale":"en_GB","og_type":"article","og_title":"Kulturni bazar 2025 - SLOGI","og_description":"17. Kulturni bazar, najve\u010dje strokovno medresorsko usposabljanje na podro\u010dju kulturno-umetnostne vzgoje bo potekal 20. marca 2025 v Cankarjevem domu v Ljubljani.","og_url":"https:\/\/www.slogi.si\/en\/events\/kulturni-bazar-2025\/","og_site_name":"SLOGI","article_modified_time":"2025-03-25T14:56:27+00:00","og_image":[{"width":1920,"height":1080,"url":"https:\/\/www.slogi.si\/wp-content\/uploads\/2025\/02\/Kulturni-bazar.jpg","type":"image\/jpeg"}],"twitter_card":"summary_large_image","twitter_misc":{"Estimated reading time":"2 minutes"},"schema":{"@context":"https:\/\/schema.org","@graph":[{"@type":"WebPage","@id":"https:\/\/www.slogi.si\/dogodki\/kulturni-bazar-2025\/","url":"https:\/\/www.slogi.si\/dogodki\/kulturni-bazar-2025\/","name":"Kulturni bazar 2025 - SLOGI","isPartOf":{"@id":"https:\/\/www.slogi.si\/#website"},"primaryImageOfPage":{"@id":"https:\/\/www.slogi.si\/dogodki\/kulturni-bazar-2025\/#primaryimage"},"image":{"@id":"https:\/\/www.slogi.si\/dogodki\/kulturni-bazar-2025\/#primaryimage"},"thumbnailUrl":"https:\/\/www.slogi.si\/wp-content\/uploads\/2025\/02\/Kulturni-bazar.jpg","datePublished":"2025-02-21T13:07:46+00:00","dateModified":"2025-03-25T14:56:27+00:00","breadcrumb":{"@id":"https:\/\/www.slogi.si\/dogodki\/kulturni-bazar-2025\/#breadcrumb"},"inLanguage":"en-GB","potentialAction":[{"@type":"ReadAction","target":["https:\/\/www.slogi.si\/dogodki\/kulturni-bazar-2025\/"]}]},{"@type":"ImageObject","inLanguage":"en-GB","@id":"https:\/\/www.slogi.si\/dogodki\/kulturni-bazar-2025\/#primaryimage","url":"https:\/\/www.slogi.si\/wp-content\/uploads\/2025\/02\/Kulturni-bazar.jpg","contentUrl":"https:\/\/www.slogi.si\/wp-content\/uploads\/2025\/02\/Kulturni-bazar.jpg","width":1920,"height":1080},{"@type":"BreadcrumbList","@id":"https:\/\/www.slogi.si\/dogodki\/kulturni-bazar-2025\/#breadcrumb","itemListElement":[{"@type":"ListItem","position":1,"name":"Home","item":"https:\/\/www.slogi.si\/"},{"@type":"ListItem","position":2,"name":"Kulturni bazar 2025"}]},{"@type":"WebSite","@id":"https:\/\/www.slogi.si\/#website","url":"https:\/\/www.slogi.si\/","name":"SLOGI","description":"Slovenian Theatre Institute","publisher":{"@id":"https:\/\/www.slogi.si\/#organization"},"alternateName":"Slovenski Gledali\u0161ki In\u0161titut","potentialAction":[{"@type":"SearchAction","target":{"@type":"EntryPoint","urlTemplate":"https:\/\/www.slogi.si\/?s={search_term_string}"},"query-input":{"@type":"PropertyValueSpecification","valueRequired":true,"valueName":"search_term_string"}}],"inLanguage":"en-GB"},{"@type":"Organization","@id":"https:\/\/www.slogi.si\/#organization","name":"SLOGI","alternateName":"Slovenski Gledali\u0161ki In\u0161titut","url":"https:\/\/www.slogi.si\/","logo":{"@type":"ImageObject","inLanguage":"en-GB","@id":"https:\/\/www.slogi.si\/#\/schema\/logo\/image\/","url":"https:\/\/www.slogi.si\/wp-content\/uploads\/2024\/01\/favicon.svg","contentUrl":"https:\/\/www.slogi.si\/wp-content\/uploads\/2024\/01\/favicon.svg","width":100,"height":100,"caption":"SLOGI"},"image":{"@id":"https:\/\/www.slogi.si\/#\/schema\/logo\/image\/"}}]}},"_links":{"self":[{"href":"https:\/\/www.slogi.si\/en\/wp-json\/wp\/v2\/dogodki\/15774","targetHints":{"allow":["GET"]}}],"collection":[{"href":"https:\/\/www.slogi.si\/en\/wp-json\/wp\/v2\/dogodki"}],"about":[{"href":"https:\/\/www.slogi.si\/en\/wp-json\/wp\/v2\/types\/dogodki"}],"wp:featuredmedia":[{"embeddable":true,"href":"https:\/\/www.slogi.si\/en\/wp-json\/wp\/v2\/media\/15777"}],"wp:attachment":[{"href":"https:\/\/www.slogi.si\/en\/wp-json\/wp\/v2\/media?parent=15774"}],"wp:term":[{"taxonomy":"category","embeddable":true,"href":"https:\/\/www.slogi.si\/en\/wp-json\/wp\/v2\/categories?post=15774"},{"taxonomy":"post_tag","embeddable":true,"href":"https:\/\/www.slogi.si\/en\/wp-json\/wp\/v2\/tags?post=15774"},{"taxonomy":"izpostavljamo","embeddable":true,"href":"https:\/\/www.slogi.si\/en\/wp-json\/wp\/v2\/izpostavljamo?post=15774"},{"taxonomy":"letnik","embeddable":true,"href":"https:\/\/www.slogi.si\/en\/wp-json\/wp\/v2\/letnik?post=15774"},{"taxonomy":"tip","embeddable":true,"href":"https:\/\/www.slogi.si\/en\/wp-json\/wp\/v2\/tip?post=15774"},{"taxonomy":"vrsta-razstave","embeddable":true,"href":"https:\/\/www.slogi.si\/en\/wp-json\/wp\/v2\/vrsta-razstave?post=15774"}],"curies":[{"name":"wp","href":"https:\/\/api.w.org\/{rel}","templated":true}]}}