{"id":11132,"date":"2024-01-03T09:36:45","date_gmt":"2024-01-03T08:36:45","guid":{"rendered":"https:\/\/www.slogi.si\/dogodki\/in-memoriam-jurij-soucek-1929-2024\/"},"modified":"2024-09-13T10:03:02","modified_gmt":"2024-09-13T08:03:02","slug":"in-memoriam-jurij-soucek-1929-2024","status":"publish","type":"dogodki","link":"https:\/\/www.slogi.si\/en\/dogodki\/in-memoriam-jurij-soucek-1929-2024\/","title":{"rendered":"In memoriam Jurij Sou\u010dek (1929\u20132024)"},"content":{"rendered":"<p>At the age of 94, Jurij Sou\u010dek, one of the last representatives of the so-called critical generation, which under the auspices of Odra 57 (1957\u20131964) thoroughly transformed the image of Slovenian theater and whose mental freshness defines Slovenian theater creators even today, has passed away. Sou\u010dek was already recognized as the bearer of a modern acting style, modern theatrical intent, at a time when the theater medium fully enabled meaningful pointed social subversiveness.<\/p>\n<p>After the end of Odra 57, he persisted in developing visions that deviated from this image <em>official<\/em> theaters in the sixties. As a full-time employee at Drama SNG in Ljubljana, he was also part of himself, but at the same time he was looking for niches for experimentation outside the institution. He personified an energy that is nominally part of the institution, but is also its less adapted reformer. A kind of continuity can be recognized when Sou\u010dek, as a director and leader (in the years 1965-1970), founded independent theater groups with a variable name: the group <em>312-860<\/em> in the \u0160entjakob Theater, which in 1966 was the first in Slovenia to stage Ajshilov&#039;s play <em>Chained Prometheus<\/em> (translated by K. Gantar), followed by the Side Entrance group and then the Sou\u010dkova group. Involvement in the creative hustle and devoted enthusiasm was complemented by adherence to the French dramatic avant-garde and a sense of the French language. Collaborations with increasingly established artists (Jaki, Lenassi, Spacal, Tisnikar) added their expression. In this sense, Sou\u010dek lived his &quot;edge&quot;, but at the same time stood in the center, even as a symbolic sign in the midst of the institution&#039;s stereotypes. The original style of Sou\u010dek&#039;s game radiated his personality: self-contained, hard to bend, skeptical of routine and tradition. Among the roles in which he put his stamp, we should at least mention his Creon in Smoletova <em>Antigone<\/em> on Oder 57 and in the production half a year later in Drama SNG (1960), Hoederer in Sartre <em>Dirty hands<\/em> (Ad hoc Theatre, 1961), George in the first Slovenian production of Albee <em>Who&#039;s Afraid of Virginia Woolf?<\/em> (Drama SNG Ljubljana, 1964), Cesarja v <em>Architect and Assyrian emperor<\/em> F. Arrabala (Little Drama, 1968).<\/p>\n<p>The importance of Sou\u010dek&#039;s acting style was confirmed by the awards of the professional public: Sterijeva (1961), five awards at the Sarajevo MESS festival, in 1994 he received the Bor\u0161tnik prstan, in 2019 the award of the Association of Dramatic Artists. In 2018, he received the Je\u017eko Lifetime Achievement Award and in 2022 became an honorary citizen of Ljubljana.<\/p>\n<p>With his way of playing and specific vocal presence, he also attracted the attention of radio, film and television audiences. He was able to follow the technological changes from the front row, so to speak, and the increasingly &quot;television&quot; time inscribed Sou\u010dek into the subconscious of several generations as the voice behind the cartoons Pippi and Melhiades, he lent his voice to Mi\u0161kolin and Maksips Fik, we remember him from <em>Little Smuka<\/em>, all of which confirm the high sense of television dubbing of cartoon series by professional speakers and acting personalities. Just as Sou\u010dek&#039;s play marked the development of Slovenian acting, his voice was indelibly imprinted in the memory of radio and television audiences.<\/p>\n<p>&nbsp;<\/p>\n<p style=\"text-align: right;\">Primo\u017e Jesenko, MA<\/p>\n<p>&nbsp;<\/p>\n<p><iframe title=\"Jurij Sou\u010dek (1929\u20132024)\" width=\"800\" height=\"450\" src=\"https:\/\/www.youtube.com\/embed\/GVmsntW9GWM?feature=oembed\" frameborder=\"0\" allow=\"accelerometer; autoplay; clipboard-write; encrypted-media; gyroscope; picture-in-picture; web-share\" allowfullscreen><\/iframe><\/p>\n<p>Cover photo: Jurij Sou\u010dek, portrait. Photo: Marko Modic, SLOGI.<\/p>","protected":false},"excerpt":{"rendered":"<p>At the age of 94, Jurij Sou\u010dek, one of the last representatives of the so-called critical generation, which under the auspices of Odra 57 (1957\u20131964) thoroughly transformed the image of Slovenian theater and whose mental freshness defines Slovenian theater creators even today, has passed away. Sou\u010dek was already recognized as the bearer of a modern acting style, modern theatrical intent, at a time when the theater medium fully enabled meaningful pointed social subversiveness.<\/p>","protected":false},"featured_media":11133,"template":"","categories":[416,435],"tags":[],"izpostavljamo":[40],"letnik":[389],"tip":[],"vrsta-razstave":[],"class_list":["post-11132","dogodki","type-dogodki","status-publish","has-post-thumbnail","hentry","category-dogodki","category-za-medije","izpostavljamo-ne-spreglejte","letnik-389"],"acf":[],"yoast_head":"<!-- This site is optimized with the Yoast SEO plugin v27.5 - https:\/\/yoast.com\/product\/yoast-seo-wordpress\/ -->\n<title>In memoriam Jurij Sou\u010dek (1929\u20132024) - SLOGI<\/title>\n<meta name=\"robots\" content=\"index, follow, max-snippet:-1, max-image-preview:large, max-video-preview:-1\" \/>\n<link rel=\"canonical\" href=\"https:\/\/www.slogi.si\/en\/events\/in-memoriam-jurij-soucek-1929-2024\/\" \/>\n<meta property=\"og:locale\" content=\"en_GB\" \/>\n<meta property=\"og:type\" content=\"article\" \/>\n<meta property=\"og:title\" content=\"In memoriam Jurij Sou\u010dek (1929\u20132024) - SLOGI\" \/>\n<meta property=\"og:description\" content=\"V starosti 94 let se je poslovil Jurij Sou\u010dek, eden zadnjih predstavnikov tako imenovane kriti\u010dne generacije, ki je pod okriljem Odra 57 (1957\u20131964) temeljito transformirala podobo slovenskega gledali\u0161\u010da in katere miselna sve\u017eina precizira slovenske gledali\u0161ke ustvarjalce \u0161e danes. Sou\u010dek je bil \u017ee v \u010dasu, ko je gledali\u0161ki medij polno omogo\u010dal smiselno poantirano dru\u017ebeno subverzivnost, prepoznan kot nosilec modernega igralskega sloga, sodobne gledali\u0161ke intence.\" \/>\n<meta property=\"og:url\" content=\"https:\/\/www.slogi.si\/en\/events\/in-memoriam-jurij-soucek-1929-2024\/\" \/>\n<meta property=\"og:site_name\" content=\"SLOGI\" \/>\n<meta property=\"article:modified_time\" content=\"2024-09-13T08:03:02+00:00\" \/>\n<meta property=\"og:image\" content=\"https:\/\/www.slogi.si\/wp-content\/uploads\/2024\/01\/jurij-soucek_foto_marko-modic_slogi-1.jpg\" \/>\n\t<meta property=\"og:image:width\" content=\"1024\" \/>\n\t<meta property=\"og:image:height\" content=\"673\" \/>\n\t<meta property=\"og:image:type\" content=\"image\/jpeg\" \/>\n<meta name=\"twitter:card\" content=\"summary_large_image\" \/>\n<meta name=\"twitter:label1\" content=\"Estimated reading time\" \/>\n\t<meta name=\"twitter:data1\" content=\"2 minutes\" \/>\n<script type=\"application\/ld+json\" class=\"yoast-schema-graph\">{\"@context\":\"https:\\\/\\\/schema.org\",\"@graph\":[{\"@type\":\"WebPage\",\"@id\":\"https:\\\/\\\/www.slogi.si\\\/dogodki\\\/in-memoriam-jurij-soucek-1929-2024\\\/\",\"url\":\"https:\\\/\\\/www.slogi.si\\\/dogodki\\\/in-memoriam-jurij-soucek-1929-2024\\\/\",\"name\":\"In memoriam Jurij Sou\u010dek (1929\u20132024) - SLOGI\",\"isPartOf\":{\"@id\":\"https:\\\/\\\/www.slogi.si\\\/#website\"},\"primaryImageOfPage\":{\"@id\":\"https:\\\/\\\/www.slogi.si\\\/dogodki\\\/in-memoriam-jurij-soucek-1929-2024\\\/#primaryimage\"},\"image\":{\"@id\":\"https:\\\/\\\/www.slogi.si\\\/dogodki\\\/in-memoriam-jurij-soucek-1929-2024\\\/#primaryimage\"},\"thumbnailUrl\":\"https:\\\/\\\/www.slogi.si\\\/wp-content\\\/uploads\\\/2024\\\/01\\\/jurij-soucek_foto_marko-modic_slogi-1.jpg\",\"datePublished\":\"2024-01-03T08:36:45+00:00\",\"dateModified\":\"2024-09-13T08:03:02+00:00\",\"breadcrumb\":{\"@id\":\"https:\\\/\\\/www.slogi.si\\\/dogodki\\\/in-memoriam-jurij-soucek-1929-2024\\\/#breadcrumb\"},\"inLanguage\":\"en-GB\",\"potentialAction\":[{\"@type\":\"ReadAction\",\"target\":[\"https:\\\/\\\/www.slogi.si\\\/dogodki\\\/in-memoriam-jurij-soucek-1929-2024\\\/\"]}]},{\"@type\":\"ImageObject\",\"inLanguage\":\"en-GB\",\"@id\":\"https:\\\/\\\/www.slogi.si\\\/dogodki\\\/in-memoriam-jurij-soucek-1929-2024\\\/#primaryimage\",\"url\":\"https:\\\/\\\/www.slogi.si\\\/wp-content\\\/uploads\\\/2024\\\/01\\\/jurij-soucek_foto_marko-modic_slogi-1.jpg\",\"contentUrl\":\"https:\\\/\\\/www.slogi.si\\\/wp-content\\\/uploads\\\/2024\\\/01\\\/jurij-soucek_foto_marko-modic_slogi-1.jpg\",\"width\":1024,\"height\":673,\"caption\":\"Jurij Sou\u010dek. Foto: Marko Modic, SLOGI.\"},{\"@type\":\"BreadcrumbList\",\"@id\":\"https:\\\/\\\/www.slogi.si\\\/dogodki\\\/in-memoriam-jurij-soucek-1929-2024\\\/#breadcrumb\",\"itemListElement\":[{\"@type\":\"ListItem\",\"position\":1,\"name\":\"Home\",\"item\":\"https:\\\/\\\/www.slogi.si\\\/\"},{\"@type\":\"ListItem\",\"position\":2,\"name\":\"In memoriam Jurij Sou\u010dek (1929\u20132024)\"}]},{\"@type\":\"WebSite\",\"@id\":\"https:\\\/\\\/www.slogi.si\\\/#website\",\"url\":\"https:\\\/\\\/www.slogi.si\\\/\",\"name\":\"SLOGI\",\"description\":\"Slovenski Gledali\u0161ki In\u0161titut\",\"publisher\":{\"@id\":\"https:\\\/\\\/www.slogi.si\\\/#organization\"},\"alternateName\":\"Slovenski Gledali\u0161ki In\u0161titut\",\"potentialAction\":[{\"@type\":\"SearchAction\",\"target\":{\"@type\":\"EntryPoint\",\"urlTemplate\":\"https:\\\/\\\/www.slogi.si\\\/?s={search_term_string}\"},\"query-input\":{\"@type\":\"PropertyValueSpecification\",\"valueRequired\":true,\"valueName\":\"search_term_string\"}}],\"inLanguage\":\"en-GB\"},{\"@type\":\"Organization\",\"@id\":\"https:\\\/\\\/www.slogi.si\\\/#organization\",\"name\":\"SLOGI\",\"alternateName\":\"Slovenski Gledali\u0161ki In\u0161titut\",\"url\":\"https:\\\/\\\/www.slogi.si\\\/\",\"logo\":{\"@type\":\"ImageObject\",\"inLanguage\":\"en-GB\",\"@id\":\"https:\\\/\\\/www.slogi.si\\\/#\\\/schema\\\/logo\\\/image\\\/\",\"url\":\"https:\\\/\\\/www.slogi.si\\\/wp-content\\\/uploads\\\/2024\\\/01\\\/favicon.svg\",\"contentUrl\":\"https:\\\/\\\/www.slogi.si\\\/wp-content\\\/uploads\\\/2024\\\/01\\\/favicon.svg\",\"width\":100,\"height\":100,\"caption\":\"SLOGI\"},\"image\":{\"@id\":\"https:\\\/\\\/www.slogi.si\\\/#\\\/schema\\\/logo\\\/image\\\/\"}}]}<\/script>\n<!-- \/ Yoast SEO plugin. -->","yoast_head_json":{"title":"In memoriam Jurij Sou\u010dek (1929\u20132024) - SLOGI","robots":{"index":"index","follow":"follow","max-snippet":"max-snippet:-1","max-image-preview":"max-image-preview:large","max-video-preview":"max-video-preview:-1"},"canonical":"https:\/\/www.slogi.si\/en\/events\/in-memoriam-jurij-soucek-1929-2024\/","og_locale":"en_GB","og_type":"article","og_title":"In memoriam Jurij Sou\u010dek (1929\u20132024) - SLOGI","og_description":"V starosti 94 let se je poslovil Jurij Sou\u010dek, eden zadnjih predstavnikov tako imenovane kriti\u010dne generacije, ki je pod okriljem Odra 57 (1957\u20131964) temeljito transformirala podobo slovenskega gledali\u0161\u010da in katere miselna sve\u017eina precizira slovenske gledali\u0161ke ustvarjalce \u0161e danes. Sou\u010dek je bil \u017ee v \u010dasu, ko je gledali\u0161ki medij polno omogo\u010dal smiselno poantirano dru\u017ebeno subverzivnost, prepoznan kot nosilec modernega igralskega sloga, sodobne gledali\u0161ke intence.","og_url":"https:\/\/www.slogi.si\/en\/events\/in-memoriam-jurij-soucek-1929-2024\/","og_site_name":"SLOGI","article_modified_time":"2024-09-13T08:03:02+00:00","og_image":[{"width":1024,"height":673,"url":"https:\/\/www.slogi.si\/wp-content\/uploads\/2024\/01\/jurij-soucek_foto_marko-modic_slogi-1.jpg","type":"image\/jpeg"}],"twitter_card":"summary_large_image","twitter_misc":{"Estimated reading time":"2 minutes"},"schema":{"@context":"https:\/\/schema.org","@graph":[{"@type":"WebPage","@id":"https:\/\/www.slogi.si\/dogodki\/in-memoriam-jurij-soucek-1929-2024\/","url":"https:\/\/www.slogi.si\/dogodki\/in-memoriam-jurij-soucek-1929-2024\/","name":"In memoriam Jurij Sou\u010dek (1929\u20132024) - SLOGI","isPartOf":{"@id":"https:\/\/www.slogi.si\/#website"},"primaryImageOfPage":{"@id":"https:\/\/www.slogi.si\/dogodki\/in-memoriam-jurij-soucek-1929-2024\/#primaryimage"},"image":{"@id":"https:\/\/www.slogi.si\/dogodki\/in-memoriam-jurij-soucek-1929-2024\/#primaryimage"},"thumbnailUrl":"https:\/\/www.slogi.si\/wp-content\/uploads\/2024\/01\/jurij-soucek_foto_marko-modic_slogi-1.jpg","datePublished":"2024-01-03T08:36:45+00:00","dateModified":"2024-09-13T08:03:02+00:00","breadcrumb":{"@id":"https:\/\/www.slogi.si\/dogodki\/in-memoriam-jurij-soucek-1929-2024\/#breadcrumb"},"inLanguage":"en-GB","potentialAction":[{"@type":"ReadAction","target":["https:\/\/www.slogi.si\/dogodki\/in-memoriam-jurij-soucek-1929-2024\/"]}]},{"@type":"ImageObject","inLanguage":"en-GB","@id":"https:\/\/www.slogi.si\/dogodki\/in-memoriam-jurij-soucek-1929-2024\/#primaryimage","url":"https:\/\/www.slogi.si\/wp-content\/uploads\/2024\/01\/jurij-soucek_foto_marko-modic_slogi-1.jpg","contentUrl":"https:\/\/www.slogi.si\/wp-content\/uploads\/2024\/01\/jurij-soucek_foto_marko-modic_slogi-1.jpg","width":1024,"height":673,"caption":"Jurij Sou\u010dek. Foto: Marko Modic, SLOGI."},{"@type":"BreadcrumbList","@id":"https:\/\/www.slogi.si\/dogodki\/in-memoriam-jurij-soucek-1929-2024\/#breadcrumb","itemListElement":[{"@type":"ListItem","position":1,"name":"Home","item":"https:\/\/www.slogi.si\/"},{"@type":"ListItem","position":2,"name":"In memoriam Jurij Sou\u010dek (1929\u20132024)"}]},{"@type":"WebSite","@id":"https:\/\/www.slogi.si\/#website","url":"https:\/\/www.slogi.si\/","name":"SLOGI","description":"Slovenian Theatre Institute","publisher":{"@id":"https:\/\/www.slogi.si\/#organization"},"alternateName":"Slovenski Gledali\u0161ki In\u0161titut","potentialAction":[{"@type":"SearchAction","target":{"@type":"EntryPoint","urlTemplate":"https:\/\/www.slogi.si\/?s={search_term_string}"},"query-input":{"@type":"PropertyValueSpecification","valueRequired":true,"valueName":"search_term_string"}}],"inLanguage":"en-GB"},{"@type":"Organization","@id":"https:\/\/www.slogi.si\/#organization","name":"SLOGI","alternateName":"Slovenski Gledali\u0161ki In\u0161titut","url":"https:\/\/www.slogi.si\/","logo":{"@type":"ImageObject","inLanguage":"en-GB","@id":"https:\/\/www.slogi.si\/#\/schema\/logo\/image\/","url":"https:\/\/www.slogi.si\/wp-content\/uploads\/2024\/01\/favicon.svg","contentUrl":"https:\/\/www.slogi.si\/wp-content\/uploads\/2024\/01\/favicon.svg","width":100,"height":100,"caption":"SLOGI"},"image":{"@id":"https:\/\/www.slogi.si\/#\/schema\/logo\/image\/"}}]}},"_links":{"self":[{"href":"https:\/\/www.slogi.si\/en\/wp-json\/wp\/v2\/dogodki\/11132","targetHints":{"allow":["GET"]}}],"collection":[{"href":"https:\/\/www.slogi.si\/en\/wp-json\/wp\/v2\/dogodki"}],"about":[{"href":"https:\/\/www.slogi.si\/en\/wp-json\/wp\/v2\/types\/dogodki"}],"wp:featuredmedia":[{"embeddable":true,"href":"https:\/\/www.slogi.si\/en\/wp-json\/wp\/v2\/media\/11133"}],"wp:attachment":[{"href":"https:\/\/www.slogi.si\/en\/wp-json\/wp\/v2\/media?parent=11132"}],"wp:term":[{"taxonomy":"category","embeddable":true,"href":"https:\/\/www.slogi.si\/en\/wp-json\/wp\/v2\/categories?post=11132"},{"taxonomy":"post_tag","embeddable":true,"href":"https:\/\/www.slogi.si\/en\/wp-json\/wp\/v2\/tags?post=11132"},{"taxonomy":"izpostavljamo","embeddable":true,"href":"https:\/\/www.slogi.si\/en\/wp-json\/wp\/v2\/izpostavljamo?post=11132"},{"taxonomy":"letnik","embeddable":true,"href":"https:\/\/www.slogi.si\/en\/wp-json\/wp\/v2\/letnik?post=11132"},{"taxonomy":"tip","embeddable":true,"href":"https:\/\/www.slogi.si\/en\/wp-json\/wp\/v2\/tip?post=11132"},{"taxonomy":"vrsta-razstave","embeddable":true,"href":"https:\/\/www.slogi.si\/en\/wp-json\/wp\/v2\/vrsta-razstave?post=11132"}],"curies":[{"name":"wp","href":"https:\/\/api.w.org\/{rel}","templated":true}]}}