{"id":11066,"date":"2023-11-21T11:09:20","date_gmt":"2023-11-21T10:09:20","guid":{"rendered":"https:\/\/www.slogi.si\/dogodki\/gledalisce-moderndorfer-sng-ng\/"},"modified":"2025-02-17T13:07:53","modified_gmt":"2025-02-17T12:07:53","slug":"gledalisce-moderndorfer-sng-ng","status":"publish","type":"dogodki","link":"https:\/\/www.slogi.si\/en\/dogodki\/gledalisce-moderndorfer-sng-ng\/","title":{"rendered":"The M\u00f6derndorfer Theater, the exhibition setting in Novi Gori"},"content":{"rendered":"<h4 style=\"text-align: center;\">Touring Exhibition<\/h4>\n<h4 style=\"text-align: center;\"><em>Theater M\u00f6derndorfer<\/em><\/h4>\n<h5 style=\"text-align: center;\">Od 6. decembra 2023 do 13. februarja 2024 v SNG Nova Gorica<\/h5>\n<p style=\"text-align: center;\"><strong>Odprtje: 6. decembra 2023 ob 19.30, foyer SNG Nova Gorica<br \/>\n<\/strong><\/p>\n<p>A monograph was published in 2022 <a href=\"https:\/\/buca.si\/knjigarna\/umetnosti\/film\/gledalisce-moderndorfer\/\" target=\"_blank\" rel=\"noopener\"><em>Theater M\u00f6derndorfer<\/em><\/a>, ki je unikum v slovenskem gledali\u0161kem zalo\u017eni\u0161tvu, tako po obsegu (1216 strani) kot po vsebini. V njej se namre\u010d Vinko M\u00f6derndorfer posve\u010da 106 uprizoritvam, ki jih je re\u017eijsko zasnoval v dobrih \u0161tirih desetletjih, od svoje prve re\u017eije leta 1980 v Eksperimentalnem gledali\u0161\u010du Glej do krstne uprizoritve opere <em>A unicorn<\/em> in 2021.<\/p>\n<figure id=\"attachment_29836\" aria-describedby=\"caption-attachment-29836\" style=\"width: 300px\" class=\"wp-caption aligncenter\"><img fetchpriority=\"high\" decoding=\"async\" class=\"size-full wp-image-29836\" src=\"https:\/\/www.slogi.si\/wp-content\/uploads\/2024\/01\/05DarjaStravsTisu6637.jpg\" alt=\"Vinko M\u0151derndorfer. Photo: Darja \u0160travs Tisu, private archive.\" width=\"300\" height=\"300\" \/><figcaption id=\"caption-attachment-29836\" class=\"wp-caption-text\">Vinko M\u0151derndorfer. Photo: Darja \u0160travs Tisu, private archive.<\/figcaption><\/figure>\n<p>Avtor je ob izidu dela zapisal: \u00bbPo vsej verjetnosti te monografije ne bi bilo, \u010de ne bi bilo izvrstnih gledali\u0161kih fotografov. \/\u2026\/ \u017de v zgodnjih osemdesetih letih, pa tudi kasneje, se mi je zdelo, da bi bilo fino videti gledali\u0161\u010de skozi ob\u010dutljivo fotografovo oko. Da je gledali\u0161ka fotografija lahko samostojna umetnost. Tudi danes imamo kar nekaj odli\u010dnih fotografov umetnikov, ki se zelo resno ukvarjajo z gledali\u0161ko fotografijo. Zato sem si najprej \u017eelel pri\u010dujo\u010do knjigo sestaviti zgolj s kratkimi zapisi o uprizoritvah, glavnino pa bi predstavljale fotografije. Od gledali\u0161ke predstave namre\u010d ostanejo samo fotografije in pa vtisi, ki jih gledalci odnesejo s sabo. Vse ostalo se po zadnji predstavi spremeni v prah pozabe.\u00ab<\/p>\n<p>Avtorjeve zapise tako \u00bbilustrira\u00ab bogata slikovna oprema \u2013 monografija vsebuje blizu 1500 enot slikovnega gradiva.<\/p>\n<p>Celotna razstava, ki sta jo pripravila Slovenski gledali\u0161ki in\u0161titut in Forum Ljubljana \u2013 slavnostno smo jo <a href=\"https:\/\/www.slogi.si\/en\/events\/predstavitev-monografije-in-otvoritev-fotografske-razstave-gledalisce-moderndorfer-na-festivalu-borstnikovo-srecanje\/\" target=\"_blank\" rel=\"noopener\">odprli junija na leto\u0161njem Festivalu Bor\u0161tnikovo sre\u010danje<\/a>, nedavno pa je bila na ogled v <a href=\"https:\/\/www.slogi.si\/en\/events\/gledalisce-moderndorfer-slg-celje\/\" target=\"_blank\" rel=\"noopener\">Slovenskem ljudskem gledali\u0161\u010du v Celju<\/a> and in <a href=\"https:\/\/www.slogi.si\/en\/events\/gledalisce-moderndorfer-pgk\/\" target=\"_blank\" rel=\"noopener\">Pre\u0161ernovem gledali\u0161\u010du Kranj<\/a> \u2013 vklju\u010duje izbor 46 fotografij iz razli\u010dnih obdobij re\u017eiserjevega ustvarjanja, dopolnili pa smo jo \u0161e z uvodnim informativnim \u00bbpanojem\u00ab in zapisi Vinka M\u00f6derndorferja. Z njo se podajamo na \u00bbprizori\u0161\u010da zlo\u010dina\u00ab, se pravi, v mesta in gledali\u0161\u010da, kjer so uprizoritve nastale.<\/p>\n<p>Gre za fotografsko razstavo, zato smo pri izboru fotografij na prvem mestu upo\u0161tevali estetska merila oziroma njihovo umetni\u0161ko dovr\u0161enost. Ob tem pa nismo zaob\u0161li dejstva, da je Vinko M\u00f6derndorfer ustvarjal skoraj v vseh slovenskih repertoarnih gledali\u0161\u010dih, zato smo v izbor vklju\u010dili uprizoritve razli\u010dnih gledali\u0161kih hi\u0161 \u2013 svoje predstave bodo oz. so lahko prepoznali in ob njih obujali spomine ustvarjalci in gledalci Slovenskega ljudskega gledali\u0161\u010da Celje, Drame SNG Maribor, SNG Drama Ljubljana, Slovenskega mladinskega gledali\u0161\u010da, Mestnega gledali\u0161\u010da ljubljanskega, Lutkovnega gledali\u0161\u010da Ljubljana, Pre\u0161ernovega gledali\u0161\u010da Kranj, SNG Nova Gorica, Slovenskega stalnega gledali\u0161\u010da Trst in Gledali\u0161\u010da Glej, \u00bbna svoj ra\u010dun\u00ab bo pri\u0161lo tudi ob\u010dinstvo SNG Opera in balet Ljubljana.<\/p>\n<p>Razstava je zasnovana kot \u00bbpotujo\u010do\u00ab, se pravi tako, da se jo da prilagajati razli\u010dnim prostorom, od foayerja do razstavne galerije, in da je v vsakem gledali\u0161\u010du druga\u010dna.<\/p>\n<p>Razstava je dvojezi\u010dna, vsa besedila so na voljo v slovenskem in angle\u0161kem jeziku.<\/p>\n<p>Prepri\u010dani smo, da bodo tako gledali\u0161ki ustvarjalci kot gledalci ob na\u0161i razstavi za\u010dutili energijo in magijo uprizoritev, predvsem pa bodo ob njej lahko obudili spomine na lastna gledali\u0161ka do\u017eivetja.<\/p>\n<p><img decoding=\"async\" class=\"wp-image-30072 size-full aligncenter\" src=\"https:\/\/www.slogi.si\/wp-content\/uploads\/2024\/01\/GledalisceModerndorfer_SNG-NG.jpg\" alt=\"\" width=\"710\" height=\"497\" \/><\/p>\n<h5>Odprtje razstave je bilo v sredo, 6. novembra 2023, ob 19.30 (foto: SNG Nova Gorica\/David Verli\u010d).<\/h5>\n<div id='gallery-1' class='gallery galleryid-11066 gallery-columns-5 gallery-size-square'><figure class='gallery-item'>\n\t\t\t<div class='gallery-icon landscape'>\n\t\t\t\t<a href='https:\/\/www.slogi.si\/wp-content\/uploads\/2024\/01\/SNG_12_06_2023_DV_33.jpg'><img decoding=\"async\" width=\"640\" height=\"427\" src=\"https:\/\/www.slogi.si\/wp-content\/uploads\/2024\/01\/SNG_12_06_2023_DV_33.jpg\" class=\"attachment-square size-square\" alt=\"\" srcset=\"https:\/\/www.slogi.si\/wp-content\/uploads\/2024\/01\/SNG_12_06_2023_DV_33.jpg 640w, https:\/\/www.slogi.si\/wp-content\/uploads\/2024\/01\/SNG_12_06_2023_DV_33-300x200.jpg 300w\" sizes=\"(max-width: 640px) 100vw, 640px\" \/><\/a>\n\t\t\t<\/div><\/figure><figure class='gallery-item'>\n\t\t\t<div class='gallery-icon landscape'>\n\t\t\t\t<a href='https:\/\/www.slogi.si\/wp-content\/uploads\/2024\/01\/SNG_12_06_2023_DV_25.jpg'><img loading=\"lazy\" decoding=\"async\" width=\"640\" height=\"427\" src=\"https:\/\/www.slogi.si\/wp-content\/uploads\/2024\/01\/SNG_12_06_2023_DV_25.jpg\" class=\"attachment-square size-square\" alt=\"\" srcset=\"https:\/\/www.slogi.si\/wp-content\/uploads\/2024\/01\/SNG_12_06_2023_DV_25.jpg 640w, https:\/\/www.slogi.si\/wp-content\/uploads\/2024\/01\/SNG_12_06_2023_DV_25-300x200.jpg 300w\" sizes=\"(max-width: 640px) 100vw, 640px\" \/><\/a>\n\t\t\t<\/div><\/figure><figure class='gallery-item'>\n\t\t\t<div class='gallery-icon landscape'>\n\t\t\t\t<a href='https:\/\/www.slogi.si\/wp-content\/uploads\/2024\/01\/SNG_12_06_2023_DV_20.jpg'><img loading=\"lazy\" decoding=\"async\" width=\"640\" height=\"427\" src=\"https:\/\/www.slogi.si\/wp-content\/uploads\/2024\/01\/SNG_12_06_2023_DV_20.jpg\" class=\"attachment-square size-square\" alt=\"\" srcset=\"https:\/\/www.slogi.si\/wp-content\/uploads\/2024\/01\/SNG_12_06_2023_DV_20.jpg 640w, https:\/\/www.slogi.si\/wp-content\/uploads\/2024\/01\/SNG_12_06_2023_DV_20-300x200.jpg 300w\" sizes=\"(max-width: 640px) 100vw, 640px\" \/><\/a>\n\t\t\t<\/div><\/figure><figure class='gallery-item'>\n\t\t\t<div class='gallery-icon landscape'>\n\t\t\t\t<a href='https:\/\/www.slogi.si\/wp-content\/uploads\/2024\/01\/SNG_12_06_2023_DV_29.jpg'><img loading=\"lazy\" decoding=\"async\" width=\"640\" height=\"427\" src=\"https:\/\/www.slogi.si\/wp-content\/uploads\/2024\/01\/SNG_12_06_2023_DV_29.jpg\" class=\"attachment-square size-square\" alt=\"Gledali\u0161\u010de M\u00f6derndorfer, novogori\u0161ka postavitev in odprtje razstave, 6. 12. 2023 v SNG Nova Gorica. Foto: SNG Nova Gorica\/David Verli\u010d.\" srcset=\"https:\/\/www.slogi.si\/wp-content\/uploads\/2024\/01\/SNG_12_06_2023_DV_29.jpg 640w, https:\/\/www.slogi.si\/wp-content\/uploads\/2024\/01\/SNG_12_06_2023_DV_29-300x200.jpg 300w\" sizes=\"(max-width: 640px) 100vw, 640px\" \/><\/a>\n\t\t\t<\/div><\/figure><figure class='gallery-item'>\n\t\t\t<div class='gallery-icon landscape'>\n\t\t\t\t<a href='https:\/\/www.slogi.si\/wp-content\/uploads\/2024\/01\/SNG_12_06_2023_DV_27.jpg'><img loading=\"lazy\" decoding=\"async\" width=\"640\" height=\"427\" src=\"https:\/\/www.slogi.si\/wp-content\/uploads\/2024\/01\/SNG_12_06_2023_DV_27.jpg\" class=\"attachment-square size-square\" alt=\"Gledali\u0161\u010de M\u00f6derndorfer, novogori\u0161ka postavitev in odprtje razstave, 6. 12. 2023 v SNG Nova Gorica. Foto: SNG Nova Gorica\/David Verli\u010d.\" aria-describedby=\"gallery-1-11071\" srcset=\"https:\/\/www.slogi.si\/wp-content\/uploads\/2024\/01\/SNG_12_06_2023_DV_27.jpg 640w, https:\/\/www.slogi.si\/wp-content\/uploads\/2024\/01\/SNG_12_06_2023_DV_27-300x200.jpg 300w\" sizes=\"(max-width: 640px) 100vw, 640px\" \/><\/a>\n\t\t\t<\/div>\n\t\t\t\t<figcaption class='wp-caption-text gallery-caption' id='gallery-1-11071'>\n\t\t\t\tGledali\u0161\u010de M\u00f6derndorfer, novogori\u0161ka postavitev in odprtje razstave, 6. 12. 2023 v SNG Nova Gorica. Foto: SNG Nova Gorica\/David Verli\u010d.\n\t\t\t\t<\/figcaption><\/figure><figure class='gallery-item'>\n\t\t\t<div class='gallery-icon landscape'>\n\t\t\t\t<a href='https:\/\/www.slogi.si\/wp-content\/uploads\/2024\/01\/SNG_12_06_2023_DV_44.jpg'><img loading=\"lazy\" decoding=\"async\" width=\"640\" height=\"427\" src=\"https:\/\/www.slogi.si\/wp-content\/uploads\/2024\/01\/SNG_12_06_2023_DV_44.jpg\" class=\"attachment-square size-square\" alt=\"\" srcset=\"https:\/\/www.slogi.si\/wp-content\/uploads\/2024\/01\/SNG_12_06_2023_DV_44.jpg 640w, https:\/\/www.slogi.si\/wp-content\/uploads\/2024\/01\/SNG_12_06_2023_DV_44-300x200.jpg 300w\" sizes=\"(max-width: 640px) 100vw, 640px\" \/><\/a>\n\t\t\t<\/div><\/figure><figure class='gallery-item'>\n\t\t\t<div class='gallery-icon landscape'>\n\t\t\t\t<a href='https:\/\/www.slogi.si\/wp-content\/uploads\/2024\/01\/SNG_12_06_2023_DV_43.jpg'><img loading=\"lazy\" decoding=\"async\" width=\"640\" height=\"427\" src=\"https:\/\/www.slogi.si\/wp-content\/uploads\/2024\/01\/SNG_12_06_2023_DV_43.jpg\" class=\"attachment-square size-square\" alt=\"\" srcset=\"https:\/\/www.slogi.si\/wp-content\/uploads\/2024\/01\/SNG_12_06_2023_DV_43.jpg 640w, https:\/\/www.slogi.si\/wp-content\/uploads\/2024\/01\/SNG_12_06_2023_DV_43-300x200.jpg 300w\" sizes=\"(max-width: 640px) 100vw, 640px\" \/><\/a>\n\t\t\t<\/div><\/figure><figure class='gallery-item'>\n\t\t\t<div class='gallery-icon landscape'>\n\t\t\t\t<a href='https:\/\/www.slogi.si\/wp-content\/uploads\/2024\/01\/SNG_12_06_2023_DV_41.jpg'><img loading=\"lazy\" decoding=\"async\" width=\"640\" height=\"427\" src=\"https:\/\/www.slogi.si\/wp-content\/uploads\/2024\/01\/SNG_12_06_2023_DV_41.jpg\" class=\"attachment-square size-square\" alt=\"\" srcset=\"https:\/\/www.slogi.si\/wp-content\/uploads\/2024\/01\/SNG_12_06_2023_DV_41.jpg 640w, https:\/\/www.slogi.si\/wp-content\/uploads\/2024\/01\/SNG_12_06_2023_DV_41-300x200.jpg 300w\" sizes=\"(max-width: 640px) 100vw, 640px\" \/><\/a>\n\t\t\t<\/div><\/figure><figure class='gallery-item'>\n\t\t\t<div class='gallery-icon landscape'>\n\t\t\t\t<a href='https:\/\/www.slogi.si\/wp-content\/uploads\/2024\/01\/SNG_12_06_2023_DV_38.jpg'><img loading=\"lazy\" decoding=\"async\" width=\"640\" height=\"427\" src=\"https:\/\/www.slogi.si\/wp-content\/uploads\/2024\/01\/SNG_12_06_2023_DV_38.jpg\" class=\"attachment-square size-square\" alt=\"\" srcset=\"https:\/\/www.slogi.si\/wp-content\/uploads\/2024\/01\/SNG_12_06_2023_DV_38.jpg 640w, https:\/\/www.slogi.si\/wp-content\/uploads\/2024\/01\/SNG_12_06_2023_DV_38-300x200.jpg 300w\" sizes=\"(max-width: 640px) 100vw, 640px\" \/><\/a>\n\t\t\t<\/div><\/figure><figure class='gallery-item'>\n\t\t\t<div class='gallery-icon landscape'>\n\t\t\t\t<a href='https:\/\/www.slogi.si\/wp-content\/uploads\/2024\/01\/SNG_12_06_2023_DV_34.jpg'><img loading=\"lazy\" decoding=\"async\" width=\"640\" height=\"427\" src=\"https:\/\/www.slogi.si\/wp-content\/uploads\/2024\/01\/SNG_12_06_2023_DV_34.jpg\" class=\"attachment-square size-square\" alt=\"\" srcset=\"https:\/\/www.slogi.si\/wp-content\/uploads\/2024\/01\/SNG_12_06_2023_DV_34.jpg 640w, https:\/\/www.slogi.si\/wp-content\/uploads\/2024\/01\/SNG_12_06_2023_DV_34-300x200.jpg 300w\" sizes=\"(max-width: 640px) 100vw, 640px\" \/><\/a>\n\t\t\t<\/div><\/figure><figure class='gallery-item'>\n\t\t\t<div class='gallery-icon landscape'>\n\t\t\t\t<a href='https:\/\/www.slogi.si\/wp-content\/uploads\/2024\/01\/SNG_12_06_2023_DV_26.jpg'><img loading=\"lazy\" decoding=\"async\" width=\"640\" height=\"427\" src=\"https:\/\/www.slogi.si\/wp-content\/uploads\/2024\/01\/SNG_12_06_2023_DV_26.jpg\" class=\"attachment-square size-square\" alt=\"\" srcset=\"https:\/\/www.slogi.si\/wp-content\/uploads\/2024\/01\/SNG_12_06_2023_DV_26.jpg 640w, https:\/\/www.slogi.si\/wp-content\/uploads\/2024\/01\/SNG_12_06_2023_DV_26-300x200.jpg 300w\" sizes=\"(max-width: 640px) 100vw, 640px\" \/><\/a>\n\t\t\t<\/div><\/figure><figure class='gallery-item'>\n\t\t\t<div class='gallery-icon landscape'>\n\t\t\t\t<a href='https:\/\/www.slogi.si\/wp-content\/uploads\/2024\/01\/SNG_12_06_2023_DV_16.jpg'><img loading=\"lazy\" decoding=\"async\" width=\"640\" height=\"427\" src=\"https:\/\/www.slogi.si\/wp-content\/uploads\/2024\/01\/SNG_12_06_2023_DV_16.jpg\" class=\"attachment-square size-square\" alt=\"Foto: SNG Nova Gorica\/David Verli\u010d.\" srcset=\"https:\/\/www.slogi.si\/wp-content\/uploads\/2024\/01\/SNG_12_06_2023_DV_16.jpg 640w, https:\/\/www.slogi.si\/wp-content\/uploads\/2024\/01\/SNG_12_06_2023_DV_16-300x200.jpg 300w\" sizes=\"(max-width: 640px) 100vw, 640px\" \/><\/a>\n\t\t\t<\/div><\/figure><figure class='gallery-item'>\n\t\t\t<div class='gallery-icon landscape'>\n\t\t\t\t<a href='https:\/\/www.slogi.si\/wp-content\/uploads\/2024\/01\/SNG_12_06_2023_DV_15.jpg'><img loading=\"lazy\" decoding=\"async\" width=\"640\" height=\"427\" src=\"https:\/\/www.slogi.si\/wp-content\/uploads\/2024\/01\/SNG_12_06_2023_DV_15.jpg\" class=\"attachment-square size-square\" alt=\"Foto: SNG Nova Gorica\/David Verli\u010d.\" aria-describedby=\"gallery-1-11079\" srcset=\"https:\/\/www.slogi.si\/wp-content\/uploads\/2024\/01\/SNG_12_06_2023_DV_15.jpg 640w, https:\/\/www.slogi.si\/wp-content\/uploads\/2024\/01\/SNG_12_06_2023_DV_15-300x200.jpg 300w\" sizes=\"(max-width: 640px) 100vw, 640px\" \/><\/a>\n\t\t\t<\/div>\n\t\t\t\t<figcaption class='wp-caption-text gallery-caption' id='gallery-1-11079'>\n\t\t\t\tFoto: SNG Nova Gorica\/David Verli\u010d.\n\t\t\t\t<\/figcaption><\/figure><figure class='gallery-item'>\n\t\t\t<div class='gallery-icon landscape'>\n\t\t\t\t<a href='https:\/\/www.slogi.si\/wp-content\/uploads\/2024\/01\/SNG_12_06_2023_DV_14.jpg'><img loading=\"lazy\" decoding=\"async\" width=\"640\" height=\"427\" src=\"https:\/\/www.slogi.si\/wp-content\/uploads\/2024\/01\/SNG_12_06_2023_DV_14.jpg\" class=\"attachment-square size-square\" alt=\"Gledali\u0161\u010de M\u00f6derndorfer, novogori\u0161ka postavitev in odprtje razstave, 6. 12. 2023 v SNG Nova Gorica. Foto: SNG Nova Gorica\/David Verli\u010d.\" aria-describedby=\"gallery-1-11080\" srcset=\"https:\/\/www.slogi.si\/wp-content\/uploads\/2024\/01\/SNG_12_06_2023_DV_14.jpg 640w, https:\/\/www.slogi.si\/wp-content\/uploads\/2024\/01\/SNG_12_06_2023_DV_14-300x200.jpg 300w\" sizes=\"(max-width: 640px) 100vw, 640px\" \/><\/a>\n\t\t\t<\/div>\n\t\t\t\t<figcaption class='wp-caption-text gallery-caption' id='gallery-1-11080'>\n\t\t\t\tFoto: SNG Nova Gorica\/David Verli\u010d.\n\t\t\t\t<\/figcaption><\/figure><figure class='gallery-item'>\n\t\t\t<div class='gallery-icon landscape'>\n\t\t\t\t<a href='https:\/\/www.slogi.si\/wp-content\/uploads\/2024\/01\/SNG_12_06_2023_DV_13.jpg'><img loading=\"lazy\" decoding=\"async\" width=\"640\" height=\"427\" src=\"https:\/\/www.slogi.si\/wp-content\/uploads\/2024\/01\/SNG_12_06_2023_DV_13.jpg\" class=\"attachment-square size-square\" alt=\"Gledali\u0161\u010de M\u00f6derndorfer, novogori\u0161ka postavitev in odprtje razstave, 6. 12. 2023 v SNG Nova Gorica. Foto: SNG Nova Gorica\/David Verli\u010d.\" aria-describedby=\"gallery-1-11081\" srcset=\"https:\/\/www.slogi.si\/wp-content\/uploads\/2024\/01\/SNG_12_06_2023_DV_13.jpg 640w, https:\/\/www.slogi.si\/wp-content\/uploads\/2024\/01\/SNG_12_06_2023_DV_13-300x200.jpg 300w\" sizes=\"(max-width: 640px) 100vw, 640px\" \/><\/a>\n\t\t\t<\/div>\n\t\t\t\t<figcaption class='wp-caption-text gallery-caption' id='gallery-1-11081'>\n\t\t\t\tGledali\u0161\u010de M\u00f6derndorfer, novogori\u0161ka postavitev in odprtje razstave, 6. 12. 2023 v SNG Nova Gorica. Foto: SNG Nova Gorica\/David Verli\u010d.\n\t\t\t\t<\/figcaption><\/figure><figure class='gallery-item'>\n\t\t\t<div class='gallery-icon landscape'>\n\t\t\t\t<a href='https:\/\/www.slogi.si\/wp-content\/uploads\/2024\/01\/SNG_12_06_2023_DV_12.jpg'><img loading=\"lazy\" decoding=\"async\" width=\"640\" height=\"427\" src=\"https:\/\/www.slogi.si\/wp-content\/uploads\/2024\/01\/SNG_12_06_2023_DV_12.jpg\" class=\"attachment-square size-square\" alt=\"Gledali\u0161\u010de M\u00f6derndorfer, novogori\u0161ka postavitev in odprtje razstave, 6. 12. 2023 v SNG Nova Gorica. Foto: SNG Nova Gorica\/David Verli\u010d.\" srcset=\"https:\/\/www.slogi.si\/wp-content\/uploads\/2024\/01\/SNG_12_06_2023_DV_12.jpg 640w, https:\/\/www.slogi.si\/wp-content\/uploads\/2024\/01\/SNG_12_06_2023_DV_12-300x200.jpg 300w\" sizes=\"(max-width: 640px) 100vw, 640px\" \/><\/a>\n\t\t\t<\/div><\/figure><figure class='gallery-item'>\n\t\t\t<div class='gallery-icon landscape'>\n\t\t\t\t<a href='https:\/\/www.slogi.si\/wp-content\/uploads\/2024\/01\/SNG_12_06_2023_DV_11.jpg'><img loading=\"lazy\" decoding=\"async\" width=\"640\" height=\"427\" src=\"https:\/\/www.slogi.si\/wp-content\/uploads\/2024\/01\/SNG_12_06_2023_DV_11.jpg\" class=\"attachment-square size-square\" alt=\"Foto: SNG Nova Gorica\/David Verli\u010d.\" aria-describedby=\"gallery-1-11083\" srcset=\"https:\/\/www.slogi.si\/wp-content\/uploads\/2024\/01\/SNG_12_06_2023_DV_11.jpg 640w, https:\/\/www.slogi.si\/wp-content\/uploads\/2024\/01\/SNG_12_06_2023_DV_11-300x200.jpg 300w\" sizes=\"(max-width: 640px) 100vw, 640px\" \/><\/a>\n\t\t\t<\/div>\n\t\t\t\t<figcaption class='wp-caption-text gallery-caption' id='gallery-1-11083'>\n\t\t\t\tFoto: SNG Nova Gorica\/David Verli\u010d.\n\t\t\t\t<\/figcaption><\/figure><figure class='gallery-item'>\n\t\t\t<div class='gallery-icon landscape'>\n\t\t\t\t<a href='https:\/\/www.slogi.si\/wp-content\/uploads\/2024\/01\/SNG_12_06_2023_DV_10.jpg'><img loading=\"lazy\" decoding=\"async\" width=\"640\" height=\"427\" src=\"https:\/\/www.slogi.si\/wp-content\/uploads\/2024\/01\/SNG_12_06_2023_DV_10.jpg\" class=\"attachment-square size-square\" alt=\"Gledali\u0161\u010de M\u00f6derndorfer, novogori\u0161ka postavitev in odprtje razstave, 6. 12. 2023 v SNG Nova Gorica. Foto: SNG Nova Gorica\/David Verli\u010d.\" aria-describedby=\"gallery-1-11084\" srcset=\"https:\/\/www.slogi.si\/wp-content\/uploads\/2024\/01\/SNG_12_06_2023_DV_10.jpg 640w, https:\/\/www.slogi.si\/wp-content\/uploads\/2024\/01\/SNG_12_06_2023_DV_10-300x200.jpg 300w\" sizes=\"(max-width: 640px) 100vw, 640px\" \/><\/a>\n\t\t\t<\/div>\n\t\t\t\t<figcaption class='wp-caption-text gallery-caption' id='gallery-1-11084'>\n\t\t\t\tGledali\u0161\u010de M\u00f6derndorfer, novogori\u0161ka postavitev in odprtje razstave, 6. 12. 2023 v SNG Nova Gorica. Foto: SNG Nova Gorica\/David Verli\u010d.\n\t\t\t\t<\/figcaption><\/figure><figure class='gallery-item'>\n\t\t\t<div class='gallery-icon landscape'>\n\t\t\t\t<a href='https:\/\/www.slogi.si\/wp-content\/uploads\/2024\/01\/SNG_12_06_2023_DV_09.jpg'><img loading=\"lazy\" decoding=\"async\" width=\"640\" height=\"427\" src=\"https:\/\/www.slogi.si\/wp-content\/uploads\/2024\/01\/SNG_12_06_2023_DV_09.jpg\" class=\"attachment-square size-square\" alt=\"Gledali\u0161\u010de M\u00f6derndorfer, novogori\u0161ka postavitev in odprtje razstave, 6. 12. 2023 v SNG Nova Gorica. Foto: SNG Nova Gorica\/David Verli\u010d.\" srcset=\"https:\/\/www.slogi.si\/wp-content\/uploads\/2024\/01\/SNG_12_06_2023_DV_09.jpg 640w, https:\/\/www.slogi.si\/wp-content\/uploads\/2024\/01\/SNG_12_06_2023_DV_09-300x200.jpg 300w\" sizes=\"(max-width: 640px) 100vw, 640px\" \/><\/a>\n\t\t\t<\/div><\/figure><figure class='gallery-item'>\n\t\t\t<div class='gallery-icon landscape'>\n\t\t\t\t<a href='https:\/\/www.slogi.si\/wp-content\/uploads\/2024\/01\/SNG_12_06_2023_DV_07.jpg'><img loading=\"lazy\" decoding=\"async\" width=\"640\" height=\"427\" src=\"https:\/\/www.slogi.si\/wp-content\/uploads\/2024\/01\/SNG_12_06_2023_DV_07.jpg\" class=\"attachment-square size-square\" alt=\"Gledali\u0161\u010de M\u00f6derndorfer, novogori\u0161ka postavitev in odprtje razstave, 6. 12. 2023 v SNG Nova Gorica. Foto: SNG Nova Gorica\/David Verli\u010d.\" srcset=\"https:\/\/www.slogi.si\/wp-content\/uploads\/2024\/01\/SNG_12_06_2023_DV_07.jpg 640w, https:\/\/www.slogi.si\/wp-content\/uploads\/2024\/01\/SNG_12_06_2023_DV_07-300x200.jpg 300w\" sizes=\"(max-width: 640px) 100vw, 640px\" \/><\/a>\n\t\t\t<\/div><\/figure><figure class='gallery-item'>\n\t\t\t<div class='gallery-icon landscape'>\n\t\t\t\t<a href='https:\/\/www.slogi.si\/wp-content\/uploads\/2024\/01\/SNG_12_06_2023_DV_06.jpg'><img loading=\"lazy\" decoding=\"async\" width=\"640\" height=\"427\" src=\"https:\/\/www.slogi.si\/wp-content\/uploads\/2024\/01\/SNG_12_06_2023_DV_06.jpg\" class=\"attachment-square size-square\" alt=\"Gledali\u0161\u010de M\u00f6derndorfer, novogori\u0161ka postavitev in odprtje razstave, 6. 12. 2023 v SNG Nova Gorica. Foto: SNG Nova Gorica\/David Verli\u010d.\" aria-describedby=\"gallery-1-11087\" srcset=\"https:\/\/www.slogi.si\/wp-content\/uploads\/2024\/01\/SNG_12_06_2023_DV_06.jpg 640w, https:\/\/www.slogi.si\/wp-content\/uploads\/2024\/01\/SNG_12_06_2023_DV_06-300x200.jpg 300w\" sizes=\"(max-width: 640px) 100vw, 640px\" \/><\/a>\n\t\t\t<\/div>\n\t\t\t\t<figcaption class='wp-caption-text gallery-caption' id='gallery-1-11087'>\n\t\t\t\tFoto: SNG Nova Gorica\/David Verli\u010d.\n\t\t\t\t<\/figcaption><\/figure><figure class='gallery-item'>\n\t\t\t<div class='gallery-icon landscape'>\n\t\t\t\t<a href='https:\/\/www.slogi.si\/wp-content\/uploads\/2024\/01\/SNG_12_06_2023_DV_05.jpg'><img loading=\"lazy\" decoding=\"async\" width=\"640\" height=\"427\" src=\"https:\/\/www.slogi.si\/wp-content\/uploads\/2024\/01\/SNG_12_06_2023_DV_05.jpg\" class=\"attachment-square size-square\" alt=\"Gledali\u0161\u010de M\u00f6derndorfer, novogori\u0161ka postavitev in odprtje razstave, 6. 12. 2023 v SNG Nova Gorica. Foto: SNG Nova Gorica\/David Verli\u010d.\" aria-describedby=\"gallery-1-11088\" srcset=\"https:\/\/www.slogi.si\/wp-content\/uploads\/2024\/01\/SNG_12_06_2023_DV_05.jpg 640w, https:\/\/www.slogi.si\/wp-content\/uploads\/2024\/01\/SNG_12_06_2023_DV_05-300x200.jpg 300w\" sizes=\"(max-width: 640px) 100vw, 640px\" \/><\/a>\n\t\t\t<\/div>\n\t\t\t\t<figcaption class='wp-caption-text gallery-caption' id='gallery-1-11088'>\n\t\t\t\tFoto: SNG Nova Gorica\/David Verli\u010d.\n\t\t\t\t<\/figcaption><\/figure><figure class='gallery-item'>\n\t\t\t<div class='gallery-icon landscape'>\n\t\t\t\t<a href='https:\/\/www.slogi.si\/wp-content\/uploads\/2024\/01\/SNG_12_06_2023_DV_04.jpg'><img loading=\"lazy\" decoding=\"async\" width=\"640\" height=\"427\" src=\"https:\/\/www.slogi.si\/wp-content\/uploads\/2024\/01\/SNG_12_06_2023_DV_04.jpg\" class=\"attachment-square size-square\" alt=\"\" aria-describedby=\"gallery-1-11089\" srcset=\"https:\/\/www.slogi.si\/wp-content\/uploads\/2024\/01\/SNG_12_06_2023_DV_04.jpg 640w, https:\/\/www.slogi.si\/wp-content\/uploads\/2024\/01\/SNG_12_06_2023_DV_04-300x200.jpg 300w\" sizes=\"(max-width: 640px) 100vw, 640px\" \/><\/a>\n\t\t\t<\/div>\n\t\t\t\t<figcaption class='wp-caption-text gallery-caption' id='gallery-1-11089'>\n\t\t\t\tFoto: SNG Nova Gorica\/David Verli\u010d.\n\t\t\t\t<\/figcaption><\/figure><figure class='gallery-item'>\n\t\t\t<div class='gallery-icon landscape'>\n\t\t\t\t<a href='https:\/\/www.slogi.si\/wp-content\/uploads\/2024\/01\/SNG_12_06_2023_DV_01.jpg'><img loading=\"lazy\" decoding=\"async\" width=\"640\" height=\"427\" src=\"https:\/\/www.slogi.si\/wp-content\/uploads\/2024\/01\/SNG_12_06_2023_DV_01.jpg\" class=\"attachment-square size-square\" alt=\"\" aria-describedby=\"gallery-1-11090\" srcset=\"https:\/\/www.slogi.si\/wp-content\/uploads\/2024\/01\/SNG_12_06_2023_DV_01.jpg 640w, https:\/\/www.slogi.si\/wp-content\/uploads\/2024\/01\/SNG_12_06_2023_DV_01-300x200.jpg 300w\" sizes=\"(max-width: 640px) 100vw, 640px\" \/><\/a>\n\t\t\t<\/div>\n\t\t\t\t<figcaption class='wp-caption-text gallery-caption' id='gallery-1-11090'>\n\t\t\t\tGledali\u0161\u010de M\u00f6derndorfer, novogori\u0161ka postavitev in odprtje razstave, 6. 12. 2023 v SNG Nova Gorica. Foto: SNG Nova Gorica\/David Verli\u010d.\n\t\t\t\t<\/figcaption><\/figure>\n\t\t<\/div>\n\n<h5>From the media (in Slovenian)<\/h5>\n<p><a href=\"https:\/\/primorske.svet24.si\/kultura\/v-sng-nova-gorica-potujoca-razstava-gledalisce-mod\" target=\"_blank\" rel=\"noopener\"><em>V SNG Nova Gorica potujo\u010da razstava Gledali\u0161\u010de M\u00f6derndorfer: \u201cPrve ne pozabi\u0161 nikoli\u201d<\/em><\/a>, Primorske novice (www.promorske.svet24.si), 8. 12. 2023<\/p>\n<p><a href=\"https:\/\/primorske.svet24.si\/kultura\/gledaliska-fotografija-je-lahko-samostojna-umetnos\" target=\"_blank\" rel=\"noopener\"><em>Gledali\u0161ka fotografija je lahko samostojna umetnost<\/em><\/a>, Primorske novice (www.promorske.svet24.si), 20. 12. 2023<\/p>\n<p>&nbsp;<\/p>\n<p><strong>Touring Exhibition <em>Theater M\u00f6derndorfer<\/em><\/strong><br \/>\nAvtor: Vinko M\u0151derndorfer * Kustosinja: mag. Tea Rogelj * Oblikovalka: Nina \u0160turm<br \/>\nTranslator into English: Nata\u0161a Jeli\u010d * Proofreader: Andra\u017e Polon\u010di\u010d Rupar\u010di\u010d * Proofreader for English language: Jana Ren\u00e9e Wilcoxen<br \/>\nProdukcija: Slovenski gledali\u0161ki in\u0161titut (zanj: dr. Ga\u0161per Troha), Forum Ljubljana (zanj: Eva Rohrman), 2023<\/p>\n<p style=\"text-align: center;\"><img loading=\"lazy\" decoding=\"async\" class=\"aligncenter wp-image-30099 size-medium\" src=\"https:\/\/www.slogi.si\/wp-content\/uploads\/2024\/01\/slogi_forum_ng-300x43-1.png\" alt=\"\" width=\"300\" height=\"43\" \/><\/p>","protected":false},"excerpt":{"rendered":"<p>The traveling exhibition, prepared by the Slovenian Theatre Institute and Forum Ljubljana, will be hosted in the foyer of the SNG Nova Gorica from December 6, 2023 to February 13, 2024. The exhibition includes a selection of photographs from different periods and venues\/theaters of director Vinko M\u00f6derndorfer&#039;s work.<\/p>","protected":false},"featured_media":10821,"template":"","categories":[416,409,435],"tags":[],"izpostavljamo":[40],"letnik":[382],"tip":[414],"vrsta-razstave":[415,624],"class_list":["post-11066","dogodki","type-dogodki","status-publish","has-post-thumbnail","hentry","category-dogodki","category-razstave","category-za-medije","izpostavljamo-ne-spreglejte","letnik-382","tip-razstava","vrsta-razstave-obcasna-razstava","vrsta-razstave-vse-razstave"],"acf":[],"yoast_head":"<!-- This site is optimized with the Yoast SEO plugin v27.5 - https:\/\/yoast.com\/product\/yoast-seo-wordpress\/ -->\n<title>Gledali\u0161\u010de M\u00f6derndorfer, novogori\u0161ka postavitev razstave - SLOGI<\/title>\n<meta name=\"robots\" content=\"index, follow, max-snippet:-1, max-image-preview:large, max-video-preview:-1\" \/>\n<link rel=\"canonical\" href=\"https:\/\/www.slogi.si\/en\/events\/gledalisce-moderndorfer-sng-ng\/\" \/>\n<meta property=\"og:locale\" content=\"en_GB\" \/>\n<meta property=\"og:type\" content=\"article\" \/>\n<meta property=\"og:title\" content=\"Gledali\u0161\u010de M\u00f6derndorfer, novogori\u0161ka postavitev razstave - SLOGI\" \/>\n<meta property=\"og:description\" content=\"Potujo\u010da razstava, ki sta jo pripravila Slovenski gledali\u0161ki in\u0161titut in Forum Ljubljana, od 6. decembra 2023 do 13. februarja 2024 gostuje v foyerju SNG Nova Gorica. Razstava vklju\u010duje izbor fotografij iz razli\u010dnih obdobij in prizori\u0161\u010d\/gledali\u0161\u010d ustvarjanja re\u017eiserja Vinka M\u00f6derndorferja.\" \/>\n<meta property=\"og:url\" content=\"https:\/\/www.slogi.si\/en\/events\/gledalisce-moderndorfer-sng-ng\/\" \/>\n<meta property=\"og:site_name\" content=\"SLOGI\" \/>\n<meta property=\"article:modified_time\" content=\"2025-02-17T12:07:53+00:00\" \/>\n<meta property=\"og:image\" content=\"https:\/\/www.slogi.si\/wp-content\/uploads\/2024\/01\/Untitled-design-4.jpg\" \/>\n\t<meta property=\"og:image:width\" content=\"710\" \/>\n\t<meta property=\"og:image:height\" content=\"375\" \/>\n\t<meta property=\"og:image:type\" content=\"image\/jpeg\" \/>\n<meta name=\"twitter:card\" content=\"summary_large_image\" \/>\n<meta name=\"twitter:label1\" content=\"Estimated reading time\" \/>\n\t<meta name=\"twitter:data1\" content=\"3 minutes\" \/>\n<script type=\"application\/ld+json\" class=\"yoast-schema-graph\">{\"@context\":\"https:\\\/\\\/schema.org\",\"@graph\":[{\"@type\":\"WebPage\",\"@id\":\"https:\\\/\\\/www.slogi.si\\\/dogodki\\\/gledalisce-moderndorfer-sng-ng\\\/\",\"url\":\"https:\\\/\\\/www.slogi.si\\\/dogodki\\\/gledalisce-moderndorfer-sng-ng\\\/\",\"name\":\"Gledali\u0161\u010de M\u00f6derndorfer, novogori\u0161ka postavitev razstave - SLOGI\",\"isPartOf\":{\"@id\":\"https:\\\/\\\/www.slogi.si\\\/#website\"},\"primaryImageOfPage\":{\"@id\":\"https:\\\/\\\/www.slogi.si\\\/dogodki\\\/gledalisce-moderndorfer-sng-ng\\\/#primaryimage\"},\"image\":{\"@id\":\"https:\\\/\\\/www.slogi.si\\\/dogodki\\\/gledalisce-moderndorfer-sng-ng\\\/#primaryimage\"},\"thumbnailUrl\":\"https:\\\/\\\/www.slogi.si\\\/wp-content\\\/uploads\\\/2024\\\/01\\\/Untitled-design-4.jpg\",\"datePublished\":\"2023-11-21T10:09:20+00:00\",\"dateModified\":\"2025-02-17T12:07:53+00:00\",\"breadcrumb\":{\"@id\":\"https:\\\/\\\/www.slogi.si\\\/dogodki\\\/gledalisce-moderndorfer-sng-ng\\\/#breadcrumb\"},\"inLanguage\":\"en-GB\",\"potentialAction\":[{\"@type\":\"ReadAction\",\"target\":[\"https:\\\/\\\/www.slogi.si\\\/dogodki\\\/gledalisce-moderndorfer-sng-ng\\\/\"]}]},{\"@type\":\"ImageObject\",\"inLanguage\":\"en-GB\",\"@id\":\"https:\\\/\\\/www.slogi.si\\\/dogodki\\\/gledalisce-moderndorfer-sng-ng\\\/#primaryimage\",\"url\":\"https:\\\/\\\/www.slogi.si\\\/wp-content\\\/uploads\\\/2024\\\/01\\\/Untitled-design-4.jpg\",\"contentUrl\":\"https:\\\/\\\/www.slogi.si\\\/wp-content\\\/uploads\\\/2024\\\/01\\\/Untitled-design-4.jpg\",\"width\":710,\"height\":375},{\"@type\":\"BreadcrumbList\",\"@id\":\"https:\\\/\\\/www.slogi.si\\\/dogodki\\\/gledalisce-moderndorfer-sng-ng\\\/#breadcrumb\",\"itemListElement\":[{\"@type\":\"ListItem\",\"position\":1,\"name\":\"Home\",\"item\":\"https:\\\/\\\/www.slogi.si\\\/\"},{\"@type\":\"ListItem\",\"position\":2,\"name\":\"Gledali\u0161\u010de M\u00f6derndorfer, novogori\u0161ka postavitev razstave\"}]},{\"@type\":\"WebSite\",\"@id\":\"https:\\\/\\\/www.slogi.si\\\/#website\",\"url\":\"https:\\\/\\\/www.slogi.si\\\/\",\"name\":\"SLOGI\",\"description\":\"Slovenski Gledali\u0161ki In\u0161titut\",\"publisher\":{\"@id\":\"https:\\\/\\\/www.slogi.si\\\/#organization\"},\"alternateName\":\"Slovenski Gledali\u0161ki In\u0161titut\",\"potentialAction\":[{\"@type\":\"SearchAction\",\"target\":{\"@type\":\"EntryPoint\",\"urlTemplate\":\"https:\\\/\\\/www.slogi.si\\\/?s={search_term_string}\"},\"query-input\":{\"@type\":\"PropertyValueSpecification\",\"valueRequired\":true,\"valueName\":\"search_term_string\"}}],\"inLanguage\":\"en-GB\"},{\"@type\":\"Organization\",\"@id\":\"https:\\\/\\\/www.slogi.si\\\/#organization\",\"name\":\"SLOGI\",\"alternateName\":\"Slovenski Gledali\u0161ki In\u0161titut\",\"url\":\"https:\\\/\\\/www.slogi.si\\\/\",\"logo\":{\"@type\":\"ImageObject\",\"inLanguage\":\"en-GB\",\"@id\":\"https:\\\/\\\/www.slogi.si\\\/#\\\/schema\\\/logo\\\/image\\\/\",\"url\":\"https:\\\/\\\/www.slogi.si\\\/wp-content\\\/uploads\\\/2024\\\/01\\\/favicon.svg\",\"contentUrl\":\"https:\\\/\\\/www.slogi.si\\\/wp-content\\\/uploads\\\/2024\\\/01\\\/favicon.svg\",\"width\":100,\"height\":100,\"caption\":\"SLOGI\"},\"image\":{\"@id\":\"https:\\\/\\\/www.slogi.si\\\/#\\\/schema\\\/logo\\\/image\\\/\"}}]}<\/script>\n<!-- \/ Yoast SEO plugin. -->","yoast_head_json":{"title":"Gledali\u0161\u010de M\u00f6derndorfer, novogori\u0161ka postavitev razstave - SLOGI","robots":{"index":"index","follow":"follow","max-snippet":"max-snippet:-1","max-image-preview":"max-image-preview:large","max-video-preview":"max-video-preview:-1"},"canonical":"https:\/\/www.slogi.si\/en\/events\/gledalisce-moderndorfer-sng-ng\/","og_locale":"en_GB","og_type":"article","og_title":"Gledali\u0161\u010de M\u00f6derndorfer, novogori\u0161ka postavitev razstave - SLOGI","og_description":"Potujo\u010da razstava, ki sta jo pripravila Slovenski gledali\u0161ki in\u0161titut in Forum Ljubljana, od 6. decembra 2023 do 13. februarja 2024 gostuje v foyerju SNG Nova Gorica. Razstava vklju\u010duje izbor fotografij iz razli\u010dnih obdobij in prizori\u0161\u010d\/gledali\u0161\u010d ustvarjanja re\u017eiserja Vinka M\u00f6derndorferja.","og_url":"https:\/\/www.slogi.si\/en\/events\/gledalisce-moderndorfer-sng-ng\/","og_site_name":"SLOGI","article_modified_time":"2025-02-17T12:07:53+00:00","og_image":[{"width":710,"height":375,"url":"https:\/\/www.slogi.si\/wp-content\/uploads\/2024\/01\/Untitled-design-4.jpg","type":"image\/jpeg"}],"twitter_card":"summary_large_image","twitter_misc":{"Estimated reading time":"3 minutes"},"schema":{"@context":"https:\/\/schema.org","@graph":[{"@type":"WebPage","@id":"https:\/\/www.slogi.si\/dogodki\/gledalisce-moderndorfer-sng-ng\/","url":"https:\/\/www.slogi.si\/dogodki\/gledalisce-moderndorfer-sng-ng\/","name":"Gledali\u0161\u010de M\u00f6derndorfer, novogori\u0161ka postavitev razstave - SLOGI","isPartOf":{"@id":"https:\/\/www.slogi.si\/#website"},"primaryImageOfPage":{"@id":"https:\/\/www.slogi.si\/dogodki\/gledalisce-moderndorfer-sng-ng\/#primaryimage"},"image":{"@id":"https:\/\/www.slogi.si\/dogodki\/gledalisce-moderndorfer-sng-ng\/#primaryimage"},"thumbnailUrl":"https:\/\/www.slogi.si\/wp-content\/uploads\/2024\/01\/Untitled-design-4.jpg","datePublished":"2023-11-21T10:09:20+00:00","dateModified":"2025-02-17T12:07:53+00:00","breadcrumb":{"@id":"https:\/\/www.slogi.si\/dogodki\/gledalisce-moderndorfer-sng-ng\/#breadcrumb"},"inLanguage":"en-GB","potentialAction":[{"@type":"ReadAction","target":["https:\/\/www.slogi.si\/dogodki\/gledalisce-moderndorfer-sng-ng\/"]}]},{"@type":"ImageObject","inLanguage":"en-GB","@id":"https:\/\/www.slogi.si\/dogodki\/gledalisce-moderndorfer-sng-ng\/#primaryimage","url":"https:\/\/www.slogi.si\/wp-content\/uploads\/2024\/01\/Untitled-design-4.jpg","contentUrl":"https:\/\/www.slogi.si\/wp-content\/uploads\/2024\/01\/Untitled-design-4.jpg","width":710,"height":375},{"@type":"BreadcrumbList","@id":"https:\/\/www.slogi.si\/dogodki\/gledalisce-moderndorfer-sng-ng\/#breadcrumb","itemListElement":[{"@type":"ListItem","position":1,"name":"Home","item":"https:\/\/www.slogi.si\/"},{"@type":"ListItem","position":2,"name":"Gledali\u0161\u010de M\u00f6derndorfer, novogori\u0161ka postavitev razstave"}]},{"@type":"WebSite","@id":"https:\/\/www.slogi.si\/#website","url":"https:\/\/www.slogi.si\/","name":"SLOGI","description":"Slovenian Theatre Institute","publisher":{"@id":"https:\/\/www.slogi.si\/#organization"},"alternateName":"Slovenski Gledali\u0161ki In\u0161titut","potentialAction":[{"@type":"SearchAction","target":{"@type":"EntryPoint","urlTemplate":"https:\/\/www.slogi.si\/?s={search_term_string}"},"query-input":{"@type":"PropertyValueSpecification","valueRequired":true,"valueName":"search_term_string"}}],"inLanguage":"en-GB"},{"@type":"Organization","@id":"https:\/\/www.slogi.si\/#organization","name":"SLOGI","alternateName":"Slovenski Gledali\u0161ki In\u0161titut","url":"https:\/\/www.slogi.si\/","logo":{"@type":"ImageObject","inLanguage":"en-GB","@id":"https:\/\/www.slogi.si\/#\/schema\/logo\/image\/","url":"https:\/\/www.slogi.si\/wp-content\/uploads\/2024\/01\/favicon.svg","contentUrl":"https:\/\/www.slogi.si\/wp-content\/uploads\/2024\/01\/favicon.svg","width":100,"height":100,"caption":"SLOGI"},"image":{"@id":"https:\/\/www.slogi.si\/#\/schema\/logo\/image\/"}}]}},"_links":{"self":[{"href":"https:\/\/www.slogi.si\/en\/wp-json\/wp\/v2\/dogodki\/11066","targetHints":{"allow":["GET"]}}],"collection":[{"href":"https:\/\/www.slogi.si\/en\/wp-json\/wp\/v2\/dogodki"}],"about":[{"href":"https:\/\/www.slogi.si\/en\/wp-json\/wp\/v2\/types\/dogodki"}],"wp:featuredmedia":[{"embeddable":true,"href":"https:\/\/www.slogi.si\/en\/wp-json\/wp\/v2\/media\/10821"}],"wp:attachment":[{"href":"https:\/\/www.slogi.si\/en\/wp-json\/wp\/v2\/media?parent=11066"}],"wp:term":[{"taxonomy":"category","embeddable":true,"href":"https:\/\/www.slogi.si\/en\/wp-json\/wp\/v2\/categories?post=11066"},{"taxonomy":"post_tag","embeddable":true,"href":"https:\/\/www.slogi.si\/en\/wp-json\/wp\/v2\/tags?post=11066"},{"taxonomy":"izpostavljamo","embeddable":true,"href":"https:\/\/www.slogi.si\/en\/wp-json\/wp\/v2\/izpostavljamo?post=11066"},{"taxonomy":"letnik","embeddable":true,"href":"https:\/\/www.slogi.si\/en\/wp-json\/wp\/v2\/letnik?post=11066"},{"taxonomy":"tip","embeddable":true,"href":"https:\/\/www.slogi.si\/en\/wp-json\/wp\/v2\/tip?post=11066"},{"taxonomy":"vrsta-razstave","embeddable":true,"href":"https:\/\/www.slogi.si\/en\/wp-json\/wp\/v2\/vrsta-razstave?post=11066"}],"curies":[{"name":"wp","href":"https:\/\/api.w.org\/{rel}","templated":true}]}}