{"id":10901,"date":"2023-09-25T13:55:40","date_gmt":"2023-09-25T11:55:40","guid":{"rendered":"https:\/\/www.slogi.si\/dogodki\/gledalisce-moderndorfer-slg-celje\/"},"modified":"2025-02-17T13:07:55","modified_gmt":"2025-02-17T12:07:55","slug":"gledalisce-moderndorfer-slg-celje","status":"publish","type":"dogodki","link":"https:\/\/www.slogi.si\/en\/dogodki\/gledalisce-moderndorfer-slg-celje\/","title":{"rendered":"M\u00f6derndorfer Theater, Celje exhibition setting"},"content":{"rendered":"<h4><em>Theater M\u00f6derndorfer<\/em>, potujo\u010da razstava,<\/h4>\n<h5>od 3. oktobra 2023 v SLG Celje.<\/h5>\n<p><strong>Odprtje: 3. oktobra 2023 ob 17. uri, foayer Velikega odra SLG Celje.<\/strong><\/p>\n<p>Na ogled: <strong>3. oktober 2023 \u2013 6. november 2023<\/strong>.<\/p>\n<p>A monograph was published in 2022 <a href=\"https:\/\/buca.si\/knjigarna\/umetnosti\/film\/gledalisce-moderndorfer\/\" target=\"_blank\" rel=\"noopener\"><em>Theater M\u00f6derndorfer<\/em><\/a>, ki je unikum v slovenskem gledali\u0161kem zalo\u017eni\u0161tvu, tako po obsegu (1216 strani) kot po vsebini. V njej se namre\u010d Vinko M\u00f6derndorfer posve\u010da 106 uprizoritvam, ki jih je re\u017eijsko zasnoval v dobrih \u0161tirih desetletjih, od svoje prve re\u017eije leta 1980 v Eksperimentalnem gledali\u0161\u010du Glej do krstne uprizoritve opere <em>A unicorn<\/em> in 2021.<\/p>\n<p>Avtor je ob izidu dela zapisal: \u00bbPo vsej verjetnosti te monografije ne bi bilo, \u010de ne bi bilo izvrstnih gledali\u0161kih fotografov. \/\u2026\/ \u017de v zgodnjih osemdesetih letih, pa tudi kasneje, se mi je zdelo, da bi bilo fino videti gledali\u0161\u010de skozi ob\u010dutljivo fotografovo oko. Da je gledali\u0161ka fotografija lahko samostojna umetnost. Tudi danes imamo kar nekaj odli\u010dnih fotografov umetnikov, ki se zelo resno ukvarjajo z gledali\u0161ko fotografijo. Zato sem si najprej \u017eelel pri\u010dujo\u010do knjigo sestaviti zgolj s kratkimi zapisi o uprizoritvah, glavnino pa bi predstavljale fotografije. Od gledali\u0161ke predstave namre\u010d ostanejo samo fotografije in pa vtisi, ki jih gledalci odnesejo s sabo. Vse ostalo se po zadnji predstavi spremeni v prah pozabe.\u00ab<\/p>\n<p>Avtorjeve zapise tako \u00bbilustrira\u00ab bogata slikovna oprema \u2013 monografija vsebuje blizu 1500 enot slikovnega gradiva.<\/p>\n<p>Celotna razstava, ki sta jo pripravila Slovenski gledali\u0161ki in\u0161titut in Forum Ljubljana \u2013 slavnostno smo jo <a href=\"https:\/\/www.slogi.si\/en\/events\/predstavitev-monografije-in-otvoritev-fotografske-razstave-gledalisce-moderndorfer-na-festivalu-borstnikovo-srecanje\/\" target=\"_blank\" rel=\"noopener\">odprli junija na leto\u0161njem Festivalu Bor\u0161tnikovo sre\u010danje<\/a> \u2013 vklju\u010duje izbor 46 fotografij iz razli\u010dnih obdobij re\u017eiserjevega ustvarjanja, dopolnili pa smo jo \u0161e z uvodnim informativnim \u00bbpanojem\u00ab in zapisi Vinka M\u00f6derndorferja. Z njo se podajamo na \u00bbprizori\u0161\u010da zlo\u010dina\u00ab, se pravi, v mesta in gledali\u0161\u010da, kjer so uprizoritve nastale.<\/p>\n<p>Gre za fotografsko razstavo, zato smo pri izboru fotografij na prvem mestu upo\u0161tevali estetska merila oziroma njihovo umetni\u0161ko dovr\u0161enost. Ob tem pa nismo zaob\u0161li dejstva, da je Vinko M\u00f6derndorfer ustvarjal skoraj v vseh slovenskih repertoarnih gledali\u0161\u010dih, zato smo v izbor vklju\u010dili uprizoritve razli\u010dnih gledali\u0161kih hi\u0161 \u2013 <em>svoje predstave<\/em> bodo tako lahko prepoznali in ob njih obujali spomine ustvarjalci in gledalci Slovenskega ljudskega gledali\u0161\u010da Celje, Drame SNG Maribor, SNG Drama Ljubljana, Slovenskega mladinskega gledali\u0161\u010da, Mestnega gledali\u0161\u010da ljubljanskega, Lutkovnega gledali\u0161\u010da Ljubljana, Pre\u0161ernovega gledali\u0161\u010da Kranj, SNG Nova Gorica, Slovenskega stalnega gledali\u0161\u010da Trst in Gledali\u0161\u010da Glej, \u00bbna svoj ra\u010dun\u00ab bo pri\u0161lo tudi ob\u010dinstvo SNG Opera in balet Ljubljana.<\/p>\n<p>Razstava je zasnovana kot \u00bbpotujo\u010da\u00ab, se pravi tako, da se jo da prilagajati razli\u010dnim prostorom, od foayeja do razstavne galerije, in da je v vsakem gledali\u0161\u010du druga\u010dna \u2013\u00a0 njeno celjsko postavitev tako bogatijo tudi kostumi iz tukaj\u0161njih predstav, ki so upodobljene na fotografijah.<\/p>\n<p>Razstava je dvojezi\u010dna, vsa besedila so na voljo v slovenskem in angle\u0161kem jeziku.<\/p>\n<p>Prepri\u010dani smo, da bodo tako gledali\u0161ki ustvarjalci kot gledalci ob na\u0161i razstavi za\u010dutili energijo in magijo uprizoritev, predvsem pa bodo ob njej lahko obudili spomine na lastna gledali\u0161ka do\u017eivetja.<\/p>\n<p><img fetchpriority=\"high\" decoding=\"async\" class=\"aligncenter wp-image-28722 size-large\" src=\"https:\/\/www.slogi.si\/wp-content\/uploads\/2024\/01\/Gledalisce-Moederndorfer_razstava1-1030x723-1.png\" alt=\"\" width=\"1030\" height=\"723\" \/><\/p>\n<p>&nbsp;<\/p>\n<h5>Odprtje razstave je bilo v torek, 3. oktobra 2023, ob 17.00 (foto: Nik Skerbi\u0161)<\/h5>\n<div id='gallery-1' class='gallery galleryid-10901 gallery-columns-5 gallery-size-square'><figure class='gallery-item'>\n\t\t\t<div class='gallery-icon landscape'>\n\t\t\t\t<a href='https:\/\/www.slogi.si\/wp-content\/uploads\/2024\/01\/Gledalisce-Moderndorfer_SLG-Celje_foto-Nik-Skerbis-37-min.jpg'><img decoding=\"async\" width=\"961\" height=\"640\" src=\"https:\/\/www.slogi.si\/wp-content\/uploads\/2024\/01\/Gledalisce-Moderndorfer_SLG-Celje_foto-Nik-Skerbis-37-min.jpg\" class=\"attachment-square size-square\" alt=\"Gledali\u0161\u010de M\u00f6derndorfer, celjska postavitev in odprtje razstave, 3. 10. 2023 v SLG Celje. Foto: Nik Skerbi\u0161.\" aria-describedby=\"gallery-1-10902\" srcset=\"https:\/\/www.slogi.si\/wp-content\/uploads\/2024\/01\/Gledalisce-Moderndorfer_SLG-Celje_foto-Nik-Skerbis-37-min.jpg 961w, https:\/\/www.slogi.si\/wp-content\/uploads\/2024\/01\/Gledalisce-Moderndorfer_SLG-Celje_foto-Nik-Skerbis-37-min-300x200.jpg 300w, https:\/\/www.slogi.si\/wp-content\/uploads\/2024\/01\/Gledalisce-Moderndorfer_SLG-Celje_foto-Nik-Skerbis-37-min-768x511.jpg 768w\" sizes=\"(max-width: 961px) 100vw, 961px\" \/><\/a>\n\t\t\t<\/div>\n\t\t\t\t<figcaption class='wp-caption-text gallery-caption' id='gallery-1-10902'>\n\t\t\t\tGledali\u0161\u010de M\u00f6derndorfer, celjska postavitev in odprtje razstave, 3. 10. 2023 v SLG Celje. Foto: Nik Skerbi\u0161.\n\t\t\t\t<\/figcaption><\/figure><figure class='gallery-item'>\n\t\t\t<div class='gallery-icon landscape'>\n\t\t\t\t<a href='https:\/\/www.slogi.si\/wp-content\/uploads\/2024\/01\/Gledalisce-Moderndorfer_SLG-Celje_foto-Nik-Skerbis-42-min.jpg'><img decoding=\"async\" width=\"961\" height=\"640\" src=\"https:\/\/www.slogi.si\/wp-content\/uploads\/2024\/01\/Gledalisce-Moderndorfer_SLG-Celje_foto-Nik-Skerbis-42-min.jpg\" class=\"attachment-square size-square\" alt=\"Gledali\u0161\u010de M\u00f6derndorfer, celjska postavitev in odprtje razstave, 3. 10. 2023 v SLG Celje. Foto: Nik Skerbi\u0161.\" aria-describedby=\"gallery-1-10903\" srcset=\"https:\/\/www.slogi.si\/wp-content\/uploads\/2024\/01\/Gledalisce-Moderndorfer_SLG-Celje_foto-Nik-Skerbis-42-min.jpg 961w, https:\/\/www.slogi.si\/wp-content\/uploads\/2024\/01\/Gledalisce-Moderndorfer_SLG-Celje_foto-Nik-Skerbis-42-min-300x200.jpg 300w, https:\/\/www.slogi.si\/wp-content\/uploads\/2024\/01\/Gledalisce-Moderndorfer_SLG-Celje_foto-Nik-Skerbis-42-min-768x511.jpg 768w\" sizes=\"(max-width: 961px) 100vw, 961px\" \/><\/a>\n\t\t\t<\/div>\n\t\t\t\t<figcaption class='wp-caption-text gallery-caption' id='gallery-1-10903'>\n\t\t\t\tGledali\u0161\u010de M\u00f6derndorfer, celjska postavitev in odprtje razstave, 3. 10. 2023 v SLG Celje. Foto: Nik Skerbi\u0161.\n\t\t\t\t<\/figcaption><\/figure><figure class='gallery-item'>\n\t\t\t<div class='gallery-icon landscape'>\n\t\t\t\t<a href='https:\/\/www.slogi.si\/wp-content\/uploads\/2024\/01\/Gledalisce-Moderndorfer_SLG-Celje_foto-Nik-Skerbis-40-min.jpg'><img loading=\"lazy\" decoding=\"async\" width=\"961\" height=\"640\" src=\"https:\/\/www.slogi.si\/wp-content\/uploads\/2024\/01\/Gledalisce-Moderndorfer_SLG-Celje_foto-Nik-Skerbis-40-min.jpg\" class=\"attachment-square size-square\" alt=\"Gledali\u0161\u010de M\u00f6derndorfer, celjska postavitev in odprtje razstave, 3. 10. 2023 v SLG Celje. Foto: Nik Skerbi\u0161.\" aria-describedby=\"gallery-1-10904\" srcset=\"https:\/\/www.slogi.si\/wp-content\/uploads\/2024\/01\/Gledalisce-Moderndorfer_SLG-Celje_foto-Nik-Skerbis-40-min.jpg 961w, https:\/\/www.slogi.si\/wp-content\/uploads\/2024\/01\/Gledalisce-Moderndorfer_SLG-Celje_foto-Nik-Skerbis-40-min-300x200.jpg 300w, https:\/\/www.slogi.si\/wp-content\/uploads\/2024\/01\/Gledalisce-Moderndorfer_SLG-Celje_foto-Nik-Skerbis-40-min-768x511.jpg 768w\" sizes=\"(max-width: 961px) 100vw, 961px\" \/><\/a>\n\t\t\t<\/div>\n\t\t\t\t<figcaption class='wp-caption-text gallery-caption' id='gallery-1-10904'>\n\t\t\t\tGledali\u0161\u010de M\u00f6derndorfer, celjska postavitev in odprtje razstave, 3. 10. 2023 v SLG Celje. Foto: Nik Skerbi\u0161.\n\t\t\t\t<\/figcaption><\/figure><figure class='gallery-item'>\n\t\t\t<div class='gallery-icon landscape'>\n\t\t\t\t<a href='https:\/\/www.slogi.si\/wp-content\/uploads\/2024\/01\/Gledalisce-Moderndorfer_SLG-Celje_foto-Nik-Skerbis-41-min.jpg'><img loading=\"lazy\" decoding=\"async\" width=\"961\" height=\"640\" src=\"https:\/\/www.slogi.si\/wp-content\/uploads\/2024\/01\/Gledalisce-Moderndorfer_SLG-Celje_foto-Nik-Skerbis-41-min.jpg\" class=\"attachment-square size-square\" alt=\"Gledali\u0161\u010de M\u00f6derndorfer, celjska postavitev in odprtje razstave, 3. 10. 2023 v SLG Celje. Foto: Nik Skerbi\u0161.\" aria-describedby=\"gallery-1-10905\" srcset=\"https:\/\/www.slogi.si\/wp-content\/uploads\/2024\/01\/Gledalisce-Moderndorfer_SLG-Celje_foto-Nik-Skerbis-41-min.jpg 961w, https:\/\/www.slogi.si\/wp-content\/uploads\/2024\/01\/Gledalisce-Moderndorfer_SLG-Celje_foto-Nik-Skerbis-41-min-300x200.jpg 300w, https:\/\/www.slogi.si\/wp-content\/uploads\/2024\/01\/Gledalisce-Moderndorfer_SLG-Celje_foto-Nik-Skerbis-41-min-768x511.jpg 768w\" sizes=\"(max-width: 961px) 100vw, 961px\" \/><\/a>\n\t\t\t<\/div>\n\t\t\t\t<figcaption class='wp-caption-text gallery-caption' id='gallery-1-10905'>\n\t\t\t\tGledali\u0161\u010de M\u00f6derndorfer, celjska postavitev in odprtje razstave, 3. 10. 2023 v SLG Celje. Foto: Nik Skerbi\u0161.\n\t\t\t\t<\/figcaption><\/figure><figure class='gallery-item'>\n\t\t\t<div class='gallery-icon landscape'>\n\t\t\t\t<a href='https:\/\/www.slogi.si\/wp-content\/uploads\/2024\/01\/Gledalisce-Moderndorfer_SLG-Celje_foto-Nik-Skerbis-39-min.jpg'><img loading=\"lazy\" decoding=\"async\" width=\"961\" height=\"640\" src=\"https:\/\/www.slogi.si\/wp-content\/uploads\/2024\/01\/Gledalisce-Moderndorfer_SLG-Celje_foto-Nik-Skerbis-39-min.jpg\" class=\"attachment-square size-square\" alt=\"Gledali\u0161\u010de M\u00f6derndorfer, celjska postavitev in odprtje razstave, 3. 10. 2023 v SLG Celje. Foto: Nik Skerbi\u0161.\" aria-describedby=\"gallery-1-10906\" srcset=\"https:\/\/www.slogi.si\/wp-content\/uploads\/2024\/01\/Gledalisce-Moderndorfer_SLG-Celje_foto-Nik-Skerbis-39-min.jpg 961w, https:\/\/www.slogi.si\/wp-content\/uploads\/2024\/01\/Gledalisce-Moderndorfer_SLG-Celje_foto-Nik-Skerbis-39-min-300x200.jpg 300w, https:\/\/www.slogi.si\/wp-content\/uploads\/2024\/01\/Gledalisce-Moderndorfer_SLG-Celje_foto-Nik-Skerbis-39-min-768x511.jpg 768w\" sizes=\"(max-width: 961px) 100vw, 961px\" \/><\/a>\n\t\t\t<\/div>\n\t\t\t\t<figcaption class='wp-caption-text gallery-caption' id='gallery-1-10906'>\n\t\t\t\tGledali\u0161\u010de M\u00f6derndorfer, celjska postavitev in odprtje razstave, 3. 10. 2023 v SLG Celje. Foto: Nik Skerbi\u0161.\n\t\t\t\t<\/figcaption><\/figure><figure class='gallery-item'>\n\t\t\t<div class='gallery-icon landscape'>\n\t\t\t\t<a href='https:\/\/www.slogi.si\/wp-content\/uploads\/2024\/01\/Gledalisce-Moderndorfer_SLG-Celje_foto-Nik-Skerbis-38-min.jpg'><img loading=\"lazy\" decoding=\"async\" width=\"961\" height=\"640\" src=\"https:\/\/www.slogi.si\/wp-content\/uploads\/2024\/01\/Gledalisce-Moderndorfer_SLG-Celje_foto-Nik-Skerbis-38-min.jpg\" class=\"attachment-square size-square\" alt=\"Gledali\u0161\u010de M\u00f6derndorfer, celjska postavitev in odprtje razstave, 3. 10. 2023 v SLG Celje. Foto: Nik Skerbi\u0161.\" aria-describedby=\"gallery-1-10907\" srcset=\"https:\/\/www.slogi.si\/wp-content\/uploads\/2024\/01\/Gledalisce-Moderndorfer_SLG-Celje_foto-Nik-Skerbis-38-min.jpg 961w, https:\/\/www.slogi.si\/wp-content\/uploads\/2024\/01\/Gledalisce-Moderndorfer_SLG-Celje_foto-Nik-Skerbis-38-min-300x200.jpg 300w, https:\/\/www.slogi.si\/wp-content\/uploads\/2024\/01\/Gledalisce-Moderndorfer_SLG-Celje_foto-Nik-Skerbis-38-min-768x511.jpg 768w\" sizes=\"(max-width: 961px) 100vw, 961px\" \/><\/a>\n\t\t\t<\/div>\n\t\t\t\t<figcaption class='wp-caption-text gallery-caption' id='gallery-1-10907'>\n\t\t\t\tGledali\u0161\u010de M\u00f6derndorfer, celjska postavitev in odprtje razstave, 3. 10. 2023 v SLG Celje. Foto: Nik Skerbi\u0161.\n\t\t\t\t<\/figcaption><\/figure><figure class='gallery-item'>\n\t\t\t<div class='gallery-icon landscape'>\n\t\t\t\t<a href='https:\/\/www.slogi.si\/wp-content\/uploads\/2024\/01\/Gledalisce-Moderndorfer_SLG-Celje_foto-Nik-Skerbis-36-min.jpg'><img loading=\"lazy\" decoding=\"async\" width=\"961\" height=\"640\" src=\"https:\/\/www.slogi.si\/wp-content\/uploads\/2024\/01\/Gledalisce-Moderndorfer_SLG-Celje_foto-Nik-Skerbis-36-min.jpg\" class=\"attachment-square size-square\" alt=\"Gledali\u0161\u010de M\u00f6derndorfer, celjska postavitev in odprtje razstave, 3. 10. 2023 v SLG Celje. Foto: Nik Skerbi\u0161.\" aria-describedby=\"gallery-1-10908\" srcset=\"https:\/\/www.slogi.si\/wp-content\/uploads\/2024\/01\/Gledalisce-Moderndorfer_SLG-Celje_foto-Nik-Skerbis-36-min.jpg 961w, https:\/\/www.slogi.si\/wp-content\/uploads\/2024\/01\/Gledalisce-Moderndorfer_SLG-Celje_foto-Nik-Skerbis-36-min-300x200.jpg 300w, https:\/\/www.slogi.si\/wp-content\/uploads\/2024\/01\/Gledalisce-Moderndorfer_SLG-Celje_foto-Nik-Skerbis-36-min-768x511.jpg 768w\" sizes=\"(max-width: 961px) 100vw, 961px\" \/><\/a>\n\t\t\t<\/div>\n\t\t\t\t<figcaption class='wp-caption-text gallery-caption' id='gallery-1-10908'>\n\t\t\t\tGledali\u0161\u010de M\u00f6derndorfer, celjska postavitev in odprtje razstave, 3. 10. 2023 v SLG Celje. Foto: Nik Skerbi\u0161.\n\t\t\t\t<\/figcaption><\/figure><figure class='gallery-item'>\n\t\t\t<div class='gallery-icon landscape'>\n\t\t\t\t<a href='https:\/\/www.slogi.si\/wp-content\/uploads\/2024\/01\/Gledalisce-Moderndorfer_SLG-Celje_foto-Nik-Skerbis-35-min.jpg'><img loading=\"lazy\" decoding=\"async\" width=\"961\" height=\"640\" src=\"https:\/\/www.slogi.si\/wp-content\/uploads\/2024\/01\/Gledalisce-Moderndorfer_SLG-Celje_foto-Nik-Skerbis-35-min.jpg\" class=\"attachment-square size-square\" alt=\"Gledali\u0161\u010de M\u00f6derndorfer, celjska postavitev in odprtje razstave, 3. 10. 2023 v SLG Celje. Foto: Nik Skerbi\u0161.\" aria-describedby=\"gallery-1-10909\" srcset=\"https:\/\/www.slogi.si\/wp-content\/uploads\/2024\/01\/Gledalisce-Moderndorfer_SLG-Celje_foto-Nik-Skerbis-35-min.jpg 961w, https:\/\/www.slogi.si\/wp-content\/uploads\/2024\/01\/Gledalisce-Moderndorfer_SLG-Celje_foto-Nik-Skerbis-35-min-300x200.jpg 300w, https:\/\/www.slogi.si\/wp-content\/uploads\/2024\/01\/Gledalisce-Moderndorfer_SLG-Celje_foto-Nik-Skerbis-35-min-768x511.jpg 768w\" sizes=\"(max-width: 961px) 100vw, 961px\" \/><\/a>\n\t\t\t<\/div>\n\t\t\t\t<figcaption class='wp-caption-text gallery-caption' id='gallery-1-10909'>\n\t\t\t\tGledali\u0161\u010de M\u00f6derndorfer, celjska postavitev in odprtje razstave, 3. 10. 2023 v SLG Celje. Foto: Nik Skerbi\u0161.\n\t\t\t\t<\/figcaption><\/figure><figure class='gallery-item'>\n\t\t\t<div class='gallery-icon landscape'>\n\t\t\t\t<a href='https:\/\/www.slogi.si\/wp-content\/uploads\/2024\/01\/Gledalisce-Moderndorfer_SLG-Celje_foto-Nik-Skerbis-33-min.jpg'><img loading=\"lazy\" decoding=\"async\" width=\"961\" height=\"640\" src=\"https:\/\/www.slogi.si\/wp-content\/uploads\/2024\/01\/Gledalisce-Moderndorfer_SLG-Celje_foto-Nik-Skerbis-33-min.jpg\" class=\"attachment-square size-square\" alt=\"Gledali\u0161\u010de M\u00f6derndorfer, celjska postavitev in odprtje razstave, 3. 10. 2023 v SLG Celje. Foto: Nik Skerbi\u0161.\" aria-describedby=\"gallery-1-10910\" srcset=\"https:\/\/www.slogi.si\/wp-content\/uploads\/2024\/01\/Gledalisce-Moderndorfer_SLG-Celje_foto-Nik-Skerbis-33-min.jpg 961w, https:\/\/www.slogi.si\/wp-content\/uploads\/2024\/01\/Gledalisce-Moderndorfer_SLG-Celje_foto-Nik-Skerbis-33-min-300x200.jpg 300w, https:\/\/www.slogi.si\/wp-content\/uploads\/2024\/01\/Gledalisce-Moderndorfer_SLG-Celje_foto-Nik-Skerbis-33-min-768x511.jpg 768w\" sizes=\"(max-width: 961px) 100vw, 961px\" \/><\/a>\n\t\t\t<\/div>\n\t\t\t\t<figcaption class='wp-caption-text gallery-caption' id='gallery-1-10910'>\n\t\t\t\tGledali\u0161\u010de M\u00f6derndorfer, celjska postavitev in odprtje razstave, 3. 10. 2023 v SLG Celje. Foto: Nik Skerbi\u0161.\n\t\t\t\t<\/figcaption><\/figure><figure class='gallery-item'>\n\t\t\t<div class='gallery-icon landscape'>\n\t\t\t\t<a href='https:\/\/www.slogi.si\/wp-content\/uploads\/2024\/01\/Gledalisce-Moderndorfer_SLG-Celje_foto-Nik-Skerbis-6-min.jpg'><img loading=\"lazy\" decoding=\"async\" width=\"961\" height=\"640\" src=\"https:\/\/www.slogi.si\/wp-content\/uploads\/2024\/01\/Gledalisce-Moderndorfer_SLG-Celje_foto-Nik-Skerbis-6-min.jpg\" class=\"attachment-square size-square\" alt=\"Gledali\u0161\u010de M\u00f6derndorfer, celjska postavitev in odprtje razstave, 3. 10. 2023 v SLG Celje. Foto: Nik Skerbi\u0161.\" aria-describedby=\"gallery-1-10911\" srcset=\"https:\/\/www.slogi.si\/wp-content\/uploads\/2024\/01\/Gledalisce-Moderndorfer_SLG-Celje_foto-Nik-Skerbis-6-min.jpg 961w, https:\/\/www.slogi.si\/wp-content\/uploads\/2024\/01\/Gledalisce-Moderndorfer_SLG-Celje_foto-Nik-Skerbis-6-min-300x200.jpg 300w, https:\/\/www.slogi.si\/wp-content\/uploads\/2024\/01\/Gledalisce-Moderndorfer_SLG-Celje_foto-Nik-Skerbis-6-min-768x511.jpg 768w\" sizes=\"(max-width: 961px) 100vw, 961px\" \/><\/a>\n\t\t\t<\/div>\n\t\t\t\t<figcaption class='wp-caption-text gallery-caption' id='gallery-1-10911'>\n\t\t\t\tGledali\u0161\u010de M\u00f6derndorfer, celjska postavitev in odprtje razstave, 3. 10. 2023 v SLG Celje. Foto: Nik Skerbi\u0161.\n\t\t\t\t<\/figcaption><\/figure><figure class='gallery-item'>\n\t\t\t<div class='gallery-icon portrait'>\n\t\t\t\t<a href='https:\/\/www.slogi.si\/wp-content\/uploads\/2024\/01\/Gledalisce-Moderndorfer_SLG-Celje_foto-Nik-Skerbis-2-min.jpg'><img loading=\"lazy\" decoding=\"async\" width=\"426\" height=\"640\" src=\"https:\/\/www.slogi.si\/wp-content\/uploads\/2024\/01\/Gledalisce-Moderndorfer_SLG-Celje_foto-Nik-Skerbis-2-min.jpg\" class=\"attachment-square size-square\" alt=\"Gledali\u0161\u010de M\u00f6derndorfer, celjska postavitev in odprtje razstave, 3. 10. 2023 v SLG Celje. Foto: Nik Skerbi\u0161.\" aria-describedby=\"gallery-1-10912\" srcset=\"https:\/\/www.slogi.si\/wp-content\/uploads\/2024\/01\/Gledalisce-Moderndorfer_SLG-Celje_foto-Nik-Skerbis-2-min.jpg 426w, https:\/\/www.slogi.si\/wp-content\/uploads\/2024\/01\/Gledalisce-Moderndorfer_SLG-Celje_foto-Nik-Skerbis-2-min-200x300.jpg 200w\" sizes=\"(max-width: 426px) 100vw, 426px\" \/><\/a>\n\t\t\t<\/div>\n\t\t\t\t<figcaption class='wp-caption-text gallery-caption' id='gallery-1-10912'>\n\t\t\t\tGledali\u0161\u010de M\u00f6derndorfer, celjska postavitev in odprtje razstave, 3. 10. 2023 v SLG Celje. Foto: Nik Skerbi\u0161.\n\t\t\t\t<\/figcaption><\/figure><figure class='gallery-item'>\n\t\t\t<div class='gallery-icon portrait'>\n\t\t\t\t<a href='https:\/\/www.slogi.si\/wp-content\/uploads\/2024\/01\/Gledalisce-Moderndorfer_SLG-Celje_foto-Nik-Skerbis-26-min.jpg'><img loading=\"lazy\" decoding=\"async\" width=\"426\" height=\"640\" src=\"https:\/\/www.slogi.si\/wp-content\/uploads\/2024\/01\/Gledalisce-Moderndorfer_SLG-Celje_foto-Nik-Skerbis-26-min.jpg\" class=\"attachment-square size-square\" alt=\"Gledali\u0161\u010de M\u00f6derndorfer, celjska postavitev in odprtje razstave, 3. 10. 2023 v SLG Celje. Foto: Nik Skerbi\u0161.\" aria-describedby=\"gallery-1-10913\" srcset=\"https:\/\/www.slogi.si\/wp-content\/uploads\/2024\/01\/Gledalisce-Moderndorfer_SLG-Celje_foto-Nik-Skerbis-26-min.jpg 426w, https:\/\/www.slogi.si\/wp-content\/uploads\/2024\/01\/Gledalisce-Moderndorfer_SLG-Celje_foto-Nik-Skerbis-26-min-200x300.jpg 200w\" sizes=\"(max-width: 426px) 100vw, 426px\" \/><\/a>\n\t\t\t<\/div>\n\t\t\t\t<figcaption class='wp-caption-text gallery-caption' id='gallery-1-10913'>\n\t\t\t\tGledali\u0161\u010de M\u00f6derndorfer, celjska postavitev in odprtje razstave, 3. 10. 2023 v SLG Celje. Foto: Nik Skerbi\u0161.\n\t\t\t\t<\/figcaption><\/figure><figure class='gallery-item'>\n\t\t\t<div class='gallery-icon landscape'>\n\t\t\t\t<a href='https:\/\/www.slogi.si\/wp-content\/uploads\/2024\/01\/Gledalisce-Moderndorfer_SLG-Celje_foto-Nik-Skerbis-28-min.jpg'><img loading=\"lazy\" decoding=\"async\" width=\"961\" height=\"640\" src=\"https:\/\/www.slogi.si\/wp-content\/uploads\/2024\/01\/Gledalisce-Moderndorfer_SLG-Celje_foto-Nik-Skerbis-28-min.jpg\" class=\"attachment-square size-square\" alt=\"Gledali\u0161\u010de M\u00f6derndorfer, celjska postavitev in odprtje razstave, 3. 10. 2023 v SLG Celje. Foto: Nik Skerbi\u0161.\" aria-describedby=\"gallery-1-10914\" srcset=\"https:\/\/www.slogi.si\/wp-content\/uploads\/2024\/01\/Gledalisce-Moderndorfer_SLG-Celje_foto-Nik-Skerbis-28-min.jpg 961w, https:\/\/www.slogi.si\/wp-content\/uploads\/2024\/01\/Gledalisce-Moderndorfer_SLG-Celje_foto-Nik-Skerbis-28-min-300x200.jpg 300w, https:\/\/www.slogi.si\/wp-content\/uploads\/2024\/01\/Gledalisce-Moderndorfer_SLG-Celje_foto-Nik-Skerbis-28-min-768x511.jpg 768w\" sizes=\"(max-width: 961px) 100vw, 961px\" \/><\/a>\n\t\t\t<\/div>\n\t\t\t\t<figcaption class='wp-caption-text gallery-caption' id='gallery-1-10914'>\n\t\t\t\tGledali\u0161\u010de M\u00f6derndorfer, celjska postavitev in odprtje razstave, 3. 10. 2023 v SLG Celje. Foto: Nik Skerbi\u0161.\n\t\t\t\t<\/figcaption><\/figure><figure class='gallery-item'>\n\t\t\t<div class='gallery-icon portrait'>\n\t\t\t\t<a href='https:\/\/www.slogi.si\/wp-content\/uploads\/2024\/01\/Gledalisce-Moderndorfer_SLG-Celje_foto-Nik-Skerbis-3-min.jpg'><img loading=\"lazy\" decoding=\"async\" width=\"426\" height=\"640\" src=\"https:\/\/www.slogi.si\/wp-content\/uploads\/2024\/01\/Gledalisce-Moderndorfer_SLG-Celje_foto-Nik-Skerbis-3-min.jpg\" class=\"attachment-square size-square\" alt=\"Gledali\u0161\u010de M\u00f6derndorfer, celjska postavitev in odprtje razstave, 3. 10. 2023 v SLG Celje. Foto: Nik Skerbi\u0161.\" aria-describedby=\"gallery-1-10915\" srcset=\"https:\/\/www.slogi.si\/wp-content\/uploads\/2024\/01\/Gledalisce-Moderndorfer_SLG-Celje_foto-Nik-Skerbis-3-min.jpg 426w, https:\/\/www.slogi.si\/wp-content\/uploads\/2024\/01\/Gledalisce-Moderndorfer_SLG-Celje_foto-Nik-Skerbis-3-min-200x300.jpg 200w\" sizes=\"(max-width: 426px) 100vw, 426px\" \/><\/a>\n\t\t\t<\/div>\n\t\t\t\t<figcaption class='wp-caption-text gallery-caption' id='gallery-1-10915'>\n\t\t\t\tGledali\u0161\u010de M\u00f6derndorfer, celjska postavitev in odprtje razstave, 3. 10. 2023 v SLG Celje. Foto: Nik Skerbi\u0161.\n\t\t\t\t<\/figcaption><\/figure><figure class='gallery-item'>\n\t\t\t<div class='gallery-icon portrait'>\n\t\t\t\t<a href='https:\/\/www.slogi.si\/wp-content\/uploads\/2024\/01\/Gledalisce-Moderndorfer_SLG-Celje_foto-Nik-Skerbis-4-min.jpg'><img loading=\"lazy\" decoding=\"async\" width=\"426\" height=\"640\" src=\"https:\/\/www.slogi.si\/wp-content\/uploads\/2024\/01\/Gledalisce-Moderndorfer_SLG-Celje_foto-Nik-Skerbis-4-min.jpg\" class=\"attachment-square size-square\" alt=\"Gledali\u0161\u010de M\u00f6derndorfer, celjska postavitev in odprtje razstave, 3. 10. 2023 v SLG Celje. Foto: Nik Skerbi\u0161.\" aria-describedby=\"gallery-1-10916\" srcset=\"https:\/\/www.slogi.si\/wp-content\/uploads\/2024\/01\/Gledalisce-Moderndorfer_SLG-Celje_foto-Nik-Skerbis-4-min.jpg 426w, https:\/\/www.slogi.si\/wp-content\/uploads\/2024\/01\/Gledalisce-Moderndorfer_SLG-Celje_foto-Nik-Skerbis-4-min-200x300.jpg 200w\" sizes=\"(max-width: 426px) 100vw, 426px\" \/><\/a>\n\t\t\t<\/div>\n\t\t\t\t<figcaption class='wp-caption-text gallery-caption' id='gallery-1-10916'>\n\t\t\t\tGledali\u0161\u010de M\u00f6derndorfer, celjska postavitev in odprtje razstave, 3. 10. 2023 v SLG Celje. Foto: Nik Skerbi\u0161.\n\t\t\t\t<\/figcaption><\/figure><figure class='gallery-item'>\n\t\t\t<div class='gallery-icon landscape'>\n\t\t\t\t<a href='https:\/\/www.slogi.si\/wp-content\/uploads\/2024\/01\/Gledalisce-Moderndorfer_SLG-Celje_foto-Nik-Skerbis-5-min.jpg'><img loading=\"lazy\" decoding=\"async\" width=\"961\" height=\"640\" src=\"https:\/\/www.slogi.si\/wp-content\/uploads\/2024\/01\/Gledalisce-Moderndorfer_SLG-Celje_foto-Nik-Skerbis-5-min.jpg\" class=\"attachment-square size-square\" alt=\"Gledali\u0161\u010de M\u00f6derndorfer, celjska postavitev in odprtje razstave, 3. 10. 2023 v SLG Celje. Foto: Nik Skerbi\u0161.\" aria-describedby=\"gallery-1-10917\" srcset=\"https:\/\/www.slogi.si\/wp-content\/uploads\/2024\/01\/Gledalisce-Moderndorfer_SLG-Celje_foto-Nik-Skerbis-5-min.jpg 961w, https:\/\/www.slogi.si\/wp-content\/uploads\/2024\/01\/Gledalisce-Moderndorfer_SLG-Celje_foto-Nik-Skerbis-5-min-300x200.jpg 300w, https:\/\/www.slogi.si\/wp-content\/uploads\/2024\/01\/Gledalisce-Moderndorfer_SLG-Celje_foto-Nik-Skerbis-5-min-768x511.jpg 768w\" sizes=\"(max-width: 961px) 100vw, 961px\" \/><\/a>\n\t\t\t<\/div>\n\t\t\t\t<figcaption class='wp-caption-text gallery-caption' id='gallery-1-10917'>\n\t\t\t\tGledali\u0161\u010de M\u00f6derndorfer, celjska postavitev in odprtje razstave, 3. 10. 2023 v SLG Celje. Foto: Nik Skerbi\u0161.\n\t\t\t\t<\/figcaption><\/figure><figure class='gallery-item'>\n\t\t\t<div class='gallery-icon landscape'>\n\t\t\t\t<a href='https:\/\/www.slogi.si\/wp-content\/uploads\/2024\/01\/Gledalisce-Moderndorfer_SLG-Celje_foto-Nik-Skerbis-31-min.jpg'><img loading=\"lazy\" decoding=\"async\" width=\"961\" height=\"640\" src=\"https:\/\/www.slogi.si\/wp-content\/uploads\/2024\/01\/Gledalisce-Moderndorfer_SLG-Celje_foto-Nik-Skerbis-31-min.jpg\" class=\"attachment-square size-square\" alt=\"Gledali\u0161\u010de M\u00f6derndorfer, celjska postavitev in odprtje razstave, 3. 10. 2023 v SLG Celje. Foto: Nik Skerbi\u0161.\" aria-describedby=\"gallery-1-10918\" srcset=\"https:\/\/www.slogi.si\/wp-content\/uploads\/2024\/01\/Gledalisce-Moderndorfer_SLG-Celje_foto-Nik-Skerbis-31-min.jpg 961w, https:\/\/www.slogi.si\/wp-content\/uploads\/2024\/01\/Gledalisce-Moderndorfer_SLG-Celje_foto-Nik-Skerbis-31-min-300x200.jpg 300w, https:\/\/www.slogi.si\/wp-content\/uploads\/2024\/01\/Gledalisce-Moderndorfer_SLG-Celje_foto-Nik-Skerbis-31-min-768x511.jpg 768w\" sizes=\"(max-width: 961px) 100vw, 961px\" \/><\/a>\n\t\t\t<\/div>\n\t\t\t\t<figcaption class='wp-caption-text gallery-caption' id='gallery-1-10918'>\n\t\t\t\tGledali\u0161\u010de M\u00f6derndorfer, celjska postavitev in odprtje razstave, 3. 10. 2023 v SLG Celje. Foto: Nik Skerbi\u0161.\n\t\t\t\t<\/figcaption><\/figure><figure class='gallery-item'>\n\t\t\t<div class='gallery-icon landscape'>\n\t\t\t\t<a href='https:\/\/www.slogi.si\/wp-content\/uploads\/2024\/01\/Gledalisce-Moderndorfer_SLG-Celje_foto-Nik-Skerbis-34-min.jpg'><img loading=\"lazy\" decoding=\"async\" width=\"961\" height=\"640\" src=\"https:\/\/www.slogi.si\/wp-content\/uploads\/2024\/01\/Gledalisce-Moderndorfer_SLG-Celje_foto-Nik-Skerbis-34-min.jpg\" class=\"attachment-square size-square\" alt=\"Gledali\u0161\u010de M\u00f6derndorfer, celjska postavitev in odprtje razstave, 3. 10. 2023 v SLG Celje. Foto: Nik Skerbi\u0161.\" aria-describedby=\"gallery-1-10919\" srcset=\"https:\/\/www.slogi.si\/wp-content\/uploads\/2024\/01\/Gledalisce-Moderndorfer_SLG-Celje_foto-Nik-Skerbis-34-min.jpg 961w, https:\/\/www.slogi.si\/wp-content\/uploads\/2024\/01\/Gledalisce-Moderndorfer_SLG-Celje_foto-Nik-Skerbis-34-min-300x200.jpg 300w, https:\/\/www.slogi.si\/wp-content\/uploads\/2024\/01\/Gledalisce-Moderndorfer_SLG-Celje_foto-Nik-Skerbis-34-min-768x511.jpg 768w\" sizes=\"(max-width: 961px) 100vw, 961px\" \/><\/a>\n\t\t\t<\/div>\n\t\t\t\t<figcaption class='wp-caption-text gallery-caption' id='gallery-1-10919'>\n\t\t\t\tGledali\u0161\u010de M\u00f6derndorfer, celjska postavitev in odprtje razstave, 3. 10. 2023 v SLG Celje. Foto: Nik Skerbi\u0161.\n\t\t\t\t<\/figcaption><\/figure><figure class='gallery-item'>\n\t\t\t<div class='gallery-icon landscape'>\n\t\t\t\t<a href='https:\/\/www.slogi.si\/wp-content\/uploads\/2024\/01\/Gledalisce-Moderndorfer_SLG-Celje_foto-Nik-Skerbis-32-min.jpg'><img loading=\"lazy\" decoding=\"async\" width=\"961\" height=\"640\" src=\"https:\/\/www.slogi.si\/wp-content\/uploads\/2024\/01\/Gledalisce-Moderndorfer_SLG-Celje_foto-Nik-Skerbis-32-min.jpg\" class=\"attachment-square size-square\" alt=\"Gledali\u0161\u010de M\u00f6derndorfer, celjska postavitev in odprtje razstave, 3. 10. 2023 v SLG Celje. Foto: Nik Skerbi\u0161.\" aria-describedby=\"gallery-1-10920\" srcset=\"https:\/\/www.slogi.si\/wp-content\/uploads\/2024\/01\/Gledalisce-Moderndorfer_SLG-Celje_foto-Nik-Skerbis-32-min.jpg 961w, https:\/\/www.slogi.si\/wp-content\/uploads\/2024\/01\/Gledalisce-Moderndorfer_SLG-Celje_foto-Nik-Skerbis-32-min-300x200.jpg 300w, https:\/\/www.slogi.si\/wp-content\/uploads\/2024\/01\/Gledalisce-Moderndorfer_SLG-Celje_foto-Nik-Skerbis-32-min-768x511.jpg 768w\" sizes=\"(max-width: 961px) 100vw, 961px\" \/><\/a>\n\t\t\t<\/div>\n\t\t\t\t<figcaption class='wp-caption-text gallery-caption' id='gallery-1-10920'>\n\t\t\t\tGledali\u0161\u010de M\u00f6derndorfer, celjska postavitev in odprtje razstave, 3. 10. 2023 v SLG Celje. Foto: Nik Skerbi\u0161.\n\t\t\t\t<\/figcaption><\/figure><figure class='gallery-item'>\n\t\t\t<div class='gallery-icon landscape'>\n\t\t\t\t<a href='https:\/\/www.slogi.si\/wp-content\/uploads\/2024\/01\/Gledalisce-Moderndorfer_SLG-Celje_foto-Nik-Skerbis-29-min.jpg'><img loading=\"lazy\" decoding=\"async\" width=\"961\" height=\"640\" src=\"https:\/\/www.slogi.si\/wp-content\/uploads\/2024\/01\/Gledalisce-Moderndorfer_SLG-Celje_foto-Nik-Skerbis-29-min.jpg\" class=\"attachment-square size-square\" alt=\"Gledali\u0161\u010de M\u00f6derndorfer, celjska postavitev in odprtje razstave, 3. 10. 2023 v SLG Celje. Foto: Nik Skerbi\u0161.\" aria-describedby=\"gallery-1-10921\" srcset=\"https:\/\/www.slogi.si\/wp-content\/uploads\/2024\/01\/Gledalisce-Moderndorfer_SLG-Celje_foto-Nik-Skerbis-29-min.jpg 961w, https:\/\/www.slogi.si\/wp-content\/uploads\/2024\/01\/Gledalisce-Moderndorfer_SLG-Celje_foto-Nik-Skerbis-29-min-300x200.jpg 300w, https:\/\/www.slogi.si\/wp-content\/uploads\/2024\/01\/Gledalisce-Moderndorfer_SLG-Celje_foto-Nik-Skerbis-29-min-768x511.jpg 768w\" sizes=\"(max-width: 961px) 100vw, 961px\" \/><\/a>\n\t\t\t<\/div>\n\t\t\t\t<figcaption class='wp-caption-text gallery-caption' id='gallery-1-10921'>\n\t\t\t\tGledali\u0161\u010de M\u00f6derndorfer, celjska postavitev in odprtje razstave, 3. 10. 2023 v SLG Celje. Foto: Nik Skerbi\u0161.\n\t\t\t\t<\/figcaption><\/figure><figure class='gallery-item'>\n\t\t\t<div class='gallery-icon portrait'>\n\t\t\t\t<a href='https:\/\/www.slogi.si\/wp-content\/uploads\/2024\/01\/Gledalisce-Moderndorfer_SLG-Celje_foto-Nik-Skerbis-27-min.jpg'><img loading=\"lazy\" decoding=\"async\" width=\"426\" height=\"640\" src=\"https:\/\/www.slogi.si\/wp-content\/uploads\/2024\/01\/Gledalisce-Moderndorfer_SLG-Celje_foto-Nik-Skerbis-27-min.jpg\" class=\"attachment-square size-square\" alt=\"Gledali\u0161\u010de M\u00f6derndorfer, celjska postavitev in odprtje razstave, 3. 10. 2023 v SLG Celje. Foto: Nik Skerbi\u0161.\" aria-describedby=\"gallery-1-10922\" srcset=\"https:\/\/www.slogi.si\/wp-content\/uploads\/2024\/01\/Gledalisce-Moderndorfer_SLG-Celje_foto-Nik-Skerbis-27-min.jpg 426w, https:\/\/www.slogi.si\/wp-content\/uploads\/2024\/01\/Gledalisce-Moderndorfer_SLG-Celje_foto-Nik-Skerbis-27-min-200x300.jpg 200w\" sizes=\"(max-width: 426px) 100vw, 426px\" \/><\/a>\n\t\t\t<\/div>\n\t\t\t\t<figcaption class='wp-caption-text gallery-caption' id='gallery-1-10922'>\n\t\t\t\tGledali\u0161\u010de M\u00f6derndorfer, celjska postavitev in odprtje razstave, 3. 10. 2023 v SLG Celje. Foto: Nik Skerbi\u0161.\n\t\t\t\t<\/figcaption><\/figure><figure class='gallery-item'>\n\t\t\t<div class='gallery-icon landscape'>\n\t\t\t\t<a href='https:\/\/www.slogi.si\/wp-content\/uploads\/2024\/01\/Gledalisce-Moderndorfer_SLG-Celje_foto-Nik-Skerbis-7-min.jpg'><img loading=\"lazy\" decoding=\"async\" width=\"961\" height=\"640\" src=\"https:\/\/www.slogi.si\/wp-content\/uploads\/2024\/01\/Gledalisce-Moderndorfer_SLG-Celje_foto-Nik-Skerbis-7-min.jpg\" class=\"attachment-square size-square\" alt=\"Gledali\u0161\u010de M\u00f6derndorfer, celjska postavitev in odprtje razstave, 3. 10. 2023 v SLG Celje. Foto: Nik Skerbi\u0161.\" aria-describedby=\"gallery-1-10923\" srcset=\"https:\/\/www.slogi.si\/wp-content\/uploads\/2024\/01\/Gledalisce-Moderndorfer_SLG-Celje_foto-Nik-Skerbis-7-min.jpg 961w, https:\/\/www.slogi.si\/wp-content\/uploads\/2024\/01\/Gledalisce-Moderndorfer_SLG-Celje_foto-Nik-Skerbis-7-min-300x200.jpg 300w, https:\/\/www.slogi.si\/wp-content\/uploads\/2024\/01\/Gledalisce-Moderndorfer_SLG-Celje_foto-Nik-Skerbis-7-min-768x511.jpg 768w\" sizes=\"(max-width: 961px) 100vw, 961px\" \/><\/a>\n\t\t\t<\/div>\n\t\t\t\t<figcaption class='wp-caption-text gallery-caption' id='gallery-1-10923'>\n\t\t\t\tGledali\u0161\u010de M\u00f6derndorfer, celjska postavitev in odprtje razstave, 3. 10. 2023 v SLG Celje. Foto: Nik Skerbi\u0161.\n\t\t\t\t<\/figcaption><\/figure><figure class='gallery-item'>\n\t\t\t<div class='gallery-icon landscape'>\n\t\t\t\t<a href='https:\/\/www.slogi.si\/wp-content\/uploads\/2024\/01\/Gledalisce-Moderndorfer_SLG-Celje_foto-Nik-Skerbis-25-min.jpg'><img loading=\"lazy\" decoding=\"async\" width=\"961\" height=\"640\" src=\"https:\/\/www.slogi.si\/wp-content\/uploads\/2024\/01\/Gledalisce-Moderndorfer_SLG-Celje_foto-Nik-Skerbis-25-min.jpg\" class=\"attachment-square size-square\" alt=\"Gledali\u0161\u010de M\u00f6derndorfer, celjska postavitev in odprtje razstave, 3. 10. 2023 v SLG Celje. Foto: Nik Skerbi\u0161.\" aria-describedby=\"gallery-1-10924\" srcset=\"https:\/\/www.slogi.si\/wp-content\/uploads\/2024\/01\/Gledalisce-Moderndorfer_SLG-Celje_foto-Nik-Skerbis-25-min.jpg 961w, https:\/\/www.slogi.si\/wp-content\/uploads\/2024\/01\/Gledalisce-Moderndorfer_SLG-Celje_foto-Nik-Skerbis-25-min-300x200.jpg 300w, https:\/\/www.slogi.si\/wp-content\/uploads\/2024\/01\/Gledalisce-Moderndorfer_SLG-Celje_foto-Nik-Skerbis-25-min-768x511.jpg 768w\" sizes=\"(max-width: 961px) 100vw, 961px\" \/><\/a>\n\t\t\t<\/div>\n\t\t\t\t<figcaption class='wp-caption-text gallery-caption' id='gallery-1-10924'>\n\t\t\t\tGledali\u0161\u010de M\u00f6derndorfer, celjska postavitev in odprtje razstave, 3. 10. 2023 v SLG Celje. Foto: Nik Skerbi\u0161.\n\t\t\t\t<\/figcaption><\/figure><figure class='gallery-item'>\n\t\t\t<div class='gallery-icon landscape'>\n\t\t\t\t<a href='https:\/\/www.slogi.si\/wp-content\/uploads\/2024\/01\/Gledalisce-Moderndorfer_SLG-Celje_foto-Nik-Skerbis-24-min.jpg'><img loading=\"lazy\" decoding=\"async\" width=\"961\" height=\"640\" src=\"https:\/\/www.slogi.si\/wp-content\/uploads\/2024\/01\/Gledalisce-Moderndorfer_SLG-Celje_foto-Nik-Skerbis-24-min.jpg\" class=\"attachment-square size-square\" alt=\"Gledali\u0161\u010de M\u00f6derndorfer, celjska postavitev in odprtje razstave, 3. 10. 2023 v SLG Celje. Foto: Nik Skerbi\u0161.\" aria-describedby=\"gallery-1-10925\" srcset=\"https:\/\/www.slogi.si\/wp-content\/uploads\/2024\/01\/Gledalisce-Moderndorfer_SLG-Celje_foto-Nik-Skerbis-24-min.jpg 961w, https:\/\/www.slogi.si\/wp-content\/uploads\/2024\/01\/Gledalisce-Moderndorfer_SLG-Celje_foto-Nik-Skerbis-24-min-300x200.jpg 300w, https:\/\/www.slogi.si\/wp-content\/uploads\/2024\/01\/Gledalisce-Moderndorfer_SLG-Celje_foto-Nik-Skerbis-24-min-768x511.jpg 768w\" sizes=\"(max-width: 961px) 100vw, 961px\" \/><\/a>\n\t\t\t<\/div>\n\t\t\t\t<figcaption class='wp-caption-text gallery-caption' id='gallery-1-10925'>\n\t\t\t\tGledali\u0161\u010de M\u00f6derndorfer, celjska postavitev in odprtje razstave, 3. 10. 2023 v SLG Celje. Foto: Nik Skerbi\u0161.\n\t\t\t\t<\/figcaption><\/figure><figure class='gallery-item'>\n\t\t\t<div class='gallery-icon landscape'>\n\t\t\t\t<a href='https:\/\/www.slogi.si\/wp-content\/uploads\/2024\/01\/Gledalisce-Moderndorfer_SLG-Celje_foto-Nik-Skerbis-22-min.jpg'><img loading=\"lazy\" decoding=\"async\" width=\"961\" height=\"640\" src=\"https:\/\/www.slogi.si\/wp-content\/uploads\/2024\/01\/Gledalisce-Moderndorfer_SLG-Celje_foto-Nik-Skerbis-22-min.jpg\" class=\"attachment-square size-square\" alt=\"Gledali\u0161\u010de M\u00f6derndorfer, celjska postavitev in odprtje razstave, 3. 10. 2023 v SLG Celje. Foto: Nik Skerbi\u0161.\" aria-describedby=\"gallery-1-10926\" srcset=\"https:\/\/www.slogi.si\/wp-content\/uploads\/2024\/01\/Gledalisce-Moderndorfer_SLG-Celje_foto-Nik-Skerbis-22-min.jpg 961w, https:\/\/www.slogi.si\/wp-content\/uploads\/2024\/01\/Gledalisce-Moderndorfer_SLG-Celje_foto-Nik-Skerbis-22-min-300x200.jpg 300w, https:\/\/www.slogi.si\/wp-content\/uploads\/2024\/01\/Gledalisce-Moderndorfer_SLG-Celje_foto-Nik-Skerbis-22-min-768x511.jpg 768w\" sizes=\"(max-width: 961px) 100vw, 961px\" \/><\/a>\n\t\t\t<\/div>\n\t\t\t\t<figcaption class='wp-caption-text gallery-caption' id='gallery-1-10926'>\n\t\t\t\tGledali\u0161\u010de M\u00f6derndorfer, celjska postavitev in odprtje razstave, 3. 10. 2023 v SLG Celje. Foto: Nik Skerbi\u0161.\n\t\t\t\t<\/figcaption><\/figure><figure class='gallery-item'>\n\t\t\t<div class='gallery-icon landscape'>\n\t\t\t\t<a href='https:\/\/www.slogi.si\/wp-content\/uploads\/2024\/01\/Gledalisce-Moderndorfer_SLG-Celje_foto-Nik-Skerbis-23-min.jpg'><img loading=\"lazy\" decoding=\"async\" width=\"961\" height=\"640\" src=\"https:\/\/www.slogi.si\/wp-content\/uploads\/2024\/01\/Gledalisce-Moderndorfer_SLG-Celje_foto-Nik-Skerbis-23-min.jpg\" class=\"attachment-square size-square\" alt=\"Gledali\u0161\u010de M\u00f6derndorfer, celjska postavitev in odprtje razstave, 3. 10. 2023 v SLG Celje. Foto: Nik Skerbi\u0161.\" aria-describedby=\"gallery-1-10927\" srcset=\"https:\/\/www.slogi.si\/wp-content\/uploads\/2024\/01\/Gledalisce-Moderndorfer_SLG-Celje_foto-Nik-Skerbis-23-min.jpg 961w, https:\/\/www.slogi.si\/wp-content\/uploads\/2024\/01\/Gledalisce-Moderndorfer_SLG-Celje_foto-Nik-Skerbis-23-min-300x200.jpg 300w, https:\/\/www.slogi.si\/wp-content\/uploads\/2024\/01\/Gledalisce-Moderndorfer_SLG-Celje_foto-Nik-Skerbis-23-min-768x511.jpg 768w\" sizes=\"(max-width: 961px) 100vw, 961px\" \/><\/a>\n\t\t\t<\/div>\n\t\t\t\t<figcaption class='wp-caption-text gallery-caption' id='gallery-1-10927'>\n\t\t\t\tGledali\u0161\u010de M\u00f6derndorfer, celjska postavitev in odprtje razstave, 3. 10. 2023 v SLG Celje. Foto: Nik Skerbi\u0161.\n\t\t\t\t<\/figcaption><\/figure><figure class='gallery-item'>\n\t\t\t<div class='gallery-icon landscape'>\n\t\t\t\t<a href='https:\/\/www.slogi.si\/wp-content\/uploads\/2024\/01\/Gledalisce-Moderndorfer_SLG-Celje_foto-Nik-Skerbis-21-min.jpg'><img loading=\"lazy\" decoding=\"async\" width=\"961\" height=\"640\" src=\"https:\/\/www.slogi.si\/wp-content\/uploads\/2024\/01\/Gledalisce-Moderndorfer_SLG-Celje_foto-Nik-Skerbis-21-min.jpg\" class=\"attachment-square size-square\" alt=\"Gledali\u0161\u010de M\u00f6derndorfer, celjska postavitev in odprtje razstave, 3. 10. 2023 v SLG Celje. Foto: Nik Skerbi\u0161.\" aria-describedby=\"gallery-1-10928\" srcset=\"https:\/\/www.slogi.si\/wp-content\/uploads\/2024\/01\/Gledalisce-Moderndorfer_SLG-Celje_foto-Nik-Skerbis-21-min.jpg 961w, https:\/\/www.slogi.si\/wp-content\/uploads\/2024\/01\/Gledalisce-Moderndorfer_SLG-Celje_foto-Nik-Skerbis-21-min-300x200.jpg 300w, https:\/\/www.slogi.si\/wp-content\/uploads\/2024\/01\/Gledalisce-Moderndorfer_SLG-Celje_foto-Nik-Skerbis-21-min-768x511.jpg 768w\" sizes=\"(max-width: 961px) 100vw, 961px\" \/><\/a>\n\t\t\t<\/div>\n\t\t\t\t<figcaption class='wp-caption-text gallery-caption' id='gallery-1-10928'>\n\t\t\t\tGledali\u0161\u010de M\u00f6derndorfer, celjska postavitev in odprtje razstave, 3. 10. 2023 v SLG Celje. Foto: Nik Skerbi\u0161.\n\t\t\t\t<\/figcaption><\/figure><figure class='gallery-item'>\n\t\t\t<div class='gallery-icon landscape'>\n\t\t\t\t<a href='https:\/\/www.slogi.si\/wp-content\/uploads\/2024\/01\/Gledalisce-Moderndorfer_SLG-Celje_foto-Nik-Skerbis-12-min.jpg'><img loading=\"lazy\" decoding=\"async\" width=\"961\" height=\"640\" src=\"https:\/\/www.slogi.si\/wp-content\/uploads\/2024\/01\/Gledalisce-Moderndorfer_SLG-Celje_foto-Nik-Skerbis-12-min.jpg\" class=\"attachment-square size-square\" alt=\"Gledali\u0161\u010de M\u00f6derndorfer, celjska postavitev in odprtje razstave, 3. 10. 2023 v SLG Celje. Foto: Nik Skerbi\u0161.\" aria-describedby=\"gallery-1-10929\" srcset=\"https:\/\/www.slogi.si\/wp-content\/uploads\/2024\/01\/Gledalisce-Moderndorfer_SLG-Celje_foto-Nik-Skerbis-12-min.jpg 961w, https:\/\/www.slogi.si\/wp-content\/uploads\/2024\/01\/Gledalisce-Moderndorfer_SLG-Celje_foto-Nik-Skerbis-12-min-300x200.jpg 300w, https:\/\/www.slogi.si\/wp-content\/uploads\/2024\/01\/Gledalisce-Moderndorfer_SLG-Celje_foto-Nik-Skerbis-12-min-768x511.jpg 768w\" sizes=\"(max-width: 961px) 100vw, 961px\" \/><\/a>\n\t\t\t<\/div>\n\t\t\t\t<figcaption class='wp-caption-text gallery-caption' id='gallery-1-10929'>\n\t\t\t\tGledali\u0161\u010de M\u00f6derndorfer, celjska postavitev in odprtje razstave, 3. 10. 2023 v SLG Celje. Foto: Nik Skerbi\u0161.\n\t\t\t\t<\/figcaption><\/figure>\n\t\t<\/div>\n\n<h5>Postavitev razstave v SLG Celje (foto: Nik Skerbi\u0161)<\/h5>\n<div id='gallery-2' class='gallery galleryid-10901 gallery-columns-4 gallery-size-square'><figure class='gallery-item'>\n\t\t\t<div class='gallery-icon portrait'>\n\t\t\t\t<a href='https:\/\/www.slogi.si\/wp-content\/uploads\/2024\/01\/Gledalisce-Moderndorfer_SLG-Celje_foto-Nik-Skerbis-1-min.jpg'><img loading=\"lazy\" decoding=\"async\" width=\"426\" height=\"640\" src=\"https:\/\/www.slogi.si\/wp-content\/uploads\/2024\/01\/Gledalisce-Moderndorfer_SLG-Celje_foto-Nik-Skerbis-1-min.jpg\" class=\"attachment-square size-square\" alt=\"Gledali\u0161\u010de M\u00f6derndorfer, celjska postavitev in odprtje razstave, 3. 10. 2023 v SLG Celje. Foto: Nik Skerbi\u0161.\" aria-describedby=\"gallery-2-10930\" srcset=\"https:\/\/www.slogi.si\/wp-content\/uploads\/2024\/01\/Gledalisce-Moderndorfer_SLG-Celje_foto-Nik-Skerbis-1-min.jpg 426w, https:\/\/www.slogi.si\/wp-content\/uploads\/2024\/01\/Gledalisce-Moderndorfer_SLG-Celje_foto-Nik-Skerbis-1-min-200x300.jpg 200w\" sizes=\"(max-width: 426px) 100vw, 426px\" \/><\/a>\n\t\t\t<\/div>\n\t\t\t\t<figcaption class='wp-caption-text gallery-caption' id='gallery-2-10930'>\n\t\t\t\tGledali\u0161\u010de M\u00f6derndorfer, celjska postavitev in odprtje razstave, 3. 10. 2023 v SLG Celje. Foto: Nik Skerbi\u0161.\n\t\t\t\t<\/figcaption><\/figure><figure class='gallery-item'>\n\t\t\t<div class='gallery-icon portrait'>\n\t\t\t\t<a href='https:\/\/www.slogi.si\/wp-content\/uploads\/2024\/01\/Gledalisce-Moderndorfer_SLG-Celje_foto-Nik-Skerbis-8-min.jpg'><img loading=\"lazy\" decoding=\"async\" width=\"426\" height=\"640\" src=\"https:\/\/www.slogi.si\/wp-content\/uploads\/2024\/01\/Gledalisce-Moderndorfer_SLG-Celje_foto-Nik-Skerbis-8-min.jpg\" class=\"attachment-square size-square\" alt=\"Gledali\u0161\u010de M\u00f6derndorfer, celjska postavitev in odprtje razstave, 3. 10. 2023 v SLG Celje. Foto: Nik Skerbi\u0161.\" aria-describedby=\"gallery-2-10931\" srcset=\"https:\/\/www.slogi.si\/wp-content\/uploads\/2024\/01\/Gledalisce-Moderndorfer_SLG-Celje_foto-Nik-Skerbis-8-min.jpg 426w, https:\/\/www.slogi.si\/wp-content\/uploads\/2024\/01\/Gledalisce-Moderndorfer_SLG-Celje_foto-Nik-Skerbis-8-min-200x300.jpg 200w\" sizes=\"(max-width: 426px) 100vw, 426px\" \/><\/a>\n\t\t\t<\/div>\n\t\t\t\t<figcaption class='wp-caption-text gallery-caption' id='gallery-2-10931'>\n\t\t\t\tGledali\u0161\u010de M\u00f6derndorfer, celjska postavitev in odprtje razstave, 3. 10. 2023 v SLG Celje. Foto: Nik Skerbi\u0161.\n\t\t\t\t<\/figcaption><\/figure><figure class='gallery-item'>\n\t\t\t<div class='gallery-icon landscape'>\n\t\t\t\t<a href='https:\/\/www.slogi.si\/wp-content\/uploads\/2024\/01\/Gledalisce-Moderndorfer_SLG-Celje_foto-Nik-Skerbis-11-min.jpg'><img loading=\"lazy\" decoding=\"async\" width=\"961\" height=\"640\" src=\"https:\/\/www.slogi.si\/wp-content\/uploads\/2024\/01\/Gledalisce-Moderndorfer_SLG-Celje_foto-Nik-Skerbis-11-min.jpg\" class=\"attachment-square size-square\" alt=\"Gledali\u0161\u010de M\u00f6derndorfer, celjska postavitev in odprtje razstave, 3. 10. 2023 v SLG Celje. Foto: Nik Skerbi\u0161.\" aria-describedby=\"gallery-2-10932\" srcset=\"https:\/\/www.slogi.si\/wp-content\/uploads\/2024\/01\/Gledalisce-Moderndorfer_SLG-Celje_foto-Nik-Skerbis-11-min.jpg 961w, https:\/\/www.slogi.si\/wp-content\/uploads\/2024\/01\/Gledalisce-Moderndorfer_SLG-Celje_foto-Nik-Skerbis-11-min-300x200.jpg 300w, https:\/\/www.slogi.si\/wp-content\/uploads\/2024\/01\/Gledalisce-Moderndorfer_SLG-Celje_foto-Nik-Skerbis-11-min-768x511.jpg 768w\" sizes=\"(max-width: 961px) 100vw, 961px\" \/><\/a>\n\t\t\t<\/div>\n\t\t\t\t<figcaption class='wp-caption-text gallery-caption' id='gallery-2-10932'>\n\t\t\t\tGledali\u0161\u010de M\u00f6derndorfer, celjska postavitev in odprtje razstave, 3. 10. 2023 v SLG Celje. Foto: Nik Skerbi\u0161.\n\t\t\t\t<\/figcaption><\/figure><figure class='gallery-item'>\n\t\t\t<div class='gallery-icon landscape'>\n\t\t\t\t<a href='https:\/\/www.slogi.si\/wp-content\/uploads\/2024\/01\/Gledalisce-Moderndorfer_SLG-Celje_foto-Nik-Skerbis-15-min.jpg'><img loading=\"lazy\" decoding=\"async\" width=\"961\" height=\"640\" src=\"https:\/\/www.slogi.si\/wp-content\/uploads\/2024\/01\/Gledalisce-Moderndorfer_SLG-Celje_foto-Nik-Skerbis-15-min.jpg\" class=\"attachment-square size-square\" alt=\"Gledali\u0161\u010de M\u00f6derndorfer, celjska postavitev in odprtje razstave, 3. 10. 2023 v SLG Celje. Foto: Nik Skerbi\u0161.\" aria-describedby=\"gallery-2-10933\" srcset=\"https:\/\/www.slogi.si\/wp-content\/uploads\/2024\/01\/Gledalisce-Moderndorfer_SLG-Celje_foto-Nik-Skerbis-15-min.jpg 961w, https:\/\/www.slogi.si\/wp-content\/uploads\/2024\/01\/Gledalisce-Moderndorfer_SLG-Celje_foto-Nik-Skerbis-15-min-300x200.jpg 300w, https:\/\/www.slogi.si\/wp-content\/uploads\/2024\/01\/Gledalisce-Moderndorfer_SLG-Celje_foto-Nik-Skerbis-15-min-768x511.jpg 768w\" sizes=\"(max-width: 961px) 100vw, 961px\" \/><\/a>\n\t\t\t<\/div>\n\t\t\t\t<figcaption class='wp-caption-text gallery-caption' id='gallery-2-10933'>\n\t\t\t\tGledali\u0161\u010de M\u00f6derndorfer, celjska postavitev in odprtje razstave, 3. 10. 2023 v SLG Celje. Foto: Nik Skerbi\u0161.\n\t\t\t\t<\/figcaption><\/figure><figure class='gallery-item'>\n\t\t\t<div class='gallery-icon landscape'>\n\t\t\t\t<a href='https:\/\/www.slogi.si\/wp-content\/uploads\/2024\/01\/Gledalisce-Moderndorfer_SLG-Celje_foto-Nik-Skerbis-18-min.jpg'><img loading=\"lazy\" decoding=\"async\" width=\"961\" height=\"640\" src=\"https:\/\/www.slogi.si\/wp-content\/uploads\/2024\/01\/Gledalisce-Moderndorfer_SLG-Celje_foto-Nik-Skerbis-18-min.jpg\" class=\"attachment-square size-square\" alt=\"Gledali\u0161\u010de M\u00f6derndorfer, celjska postavitev in odprtje razstave, 3. 10. 2023 v SLG Celje. Foto: Nik Skerbi\u0161.\" aria-describedby=\"gallery-2-10934\" srcset=\"https:\/\/www.slogi.si\/wp-content\/uploads\/2024\/01\/Gledalisce-Moderndorfer_SLG-Celje_foto-Nik-Skerbis-18-min.jpg 961w, https:\/\/www.slogi.si\/wp-content\/uploads\/2024\/01\/Gledalisce-Moderndorfer_SLG-Celje_foto-Nik-Skerbis-18-min-300x200.jpg 300w, https:\/\/www.slogi.si\/wp-content\/uploads\/2024\/01\/Gledalisce-Moderndorfer_SLG-Celje_foto-Nik-Skerbis-18-min-768x511.jpg 768w\" sizes=\"(max-width: 961px) 100vw, 961px\" \/><\/a>\n\t\t\t<\/div>\n\t\t\t\t<figcaption class='wp-caption-text gallery-caption' id='gallery-2-10934'>\n\t\t\t\tGledali\u0161\u010de M\u00f6derndorfer, celjska postavitev in odprtje razstave, 3. 10. 2023 v SLG Celje. Foto: Nik Skerbi\u0161.\n\t\t\t\t<\/figcaption><\/figure><figure class='gallery-item'>\n\t\t\t<div class='gallery-icon landscape'>\n\t\t\t\t<a href='https:\/\/www.slogi.si\/wp-content\/uploads\/2024\/01\/Gledalisce-Moderndorfer_SLG-Celje_foto-Nik-Skerbis-16-min.jpg'><img loading=\"lazy\" decoding=\"async\" width=\"961\" height=\"640\" src=\"https:\/\/www.slogi.si\/wp-content\/uploads\/2024\/01\/Gledalisce-Moderndorfer_SLG-Celje_foto-Nik-Skerbis-16-min.jpg\" class=\"attachment-square size-square\" alt=\"Gledali\u0161\u010de M\u00f6derndorfer, celjska postavitev in odprtje razstave, 3. 10. 2023 v SLG Celje. Foto: Nik Skerbi\u0161.\" aria-describedby=\"gallery-2-10935\" srcset=\"https:\/\/www.slogi.si\/wp-content\/uploads\/2024\/01\/Gledalisce-Moderndorfer_SLG-Celje_foto-Nik-Skerbis-16-min.jpg 961w, https:\/\/www.slogi.si\/wp-content\/uploads\/2024\/01\/Gledalisce-Moderndorfer_SLG-Celje_foto-Nik-Skerbis-16-min-300x200.jpg 300w, https:\/\/www.slogi.si\/wp-content\/uploads\/2024\/01\/Gledalisce-Moderndorfer_SLG-Celje_foto-Nik-Skerbis-16-min-768x511.jpg 768w\" sizes=\"(max-width: 961px) 100vw, 961px\" \/><\/a>\n\t\t\t<\/div>\n\t\t\t\t<figcaption class='wp-caption-text gallery-caption' id='gallery-2-10935'>\n\t\t\t\tGledali\u0161\u010de M\u00f6derndorfer, celjska postavitev in odprtje razstave, 3. 10. 2023 v SLG Celje. Foto: Nik Skerbi\u0161.\n\t\t\t\t<\/figcaption><\/figure><figure class='gallery-item'>\n\t\t\t<div class='gallery-icon landscape'>\n\t\t\t\t<a href='https:\/\/www.slogi.si\/wp-content\/uploads\/2024\/01\/Gledalisce-Moderndorfer_SLG-Celje_foto-Nik-Skerbis-19-min.jpg'><img loading=\"lazy\" decoding=\"async\" width=\"961\" height=\"640\" src=\"https:\/\/www.slogi.si\/wp-content\/uploads\/2024\/01\/Gledalisce-Moderndorfer_SLG-Celje_foto-Nik-Skerbis-19-min.jpg\" class=\"attachment-square size-square\" alt=\"Gledali\u0161\u010de M\u00f6derndorfer, celjska postavitev in odprtje razstave, 3. 10. 2023 v SLG Celje. Foto: Nik Skerbi\u0161.\" aria-describedby=\"gallery-2-10936\" srcset=\"https:\/\/www.slogi.si\/wp-content\/uploads\/2024\/01\/Gledalisce-Moderndorfer_SLG-Celje_foto-Nik-Skerbis-19-min.jpg 961w, https:\/\/www.slogi.si\/wp-content\/uploads\/2024\/01\/Gledalisce-Moderndorfer_SLG-Celje_foto-Nik-Skerbis-19-min-300x200.jpg 300w, https:\/\/www.slogi.si\/wp-content\/uploads\/2024\/01\/Gledalisce-Moderndorfer_SLG-Celje_foto-Nik-Skerbis-19-min-768x511.jpg 768w\" sizes=\"(max-width: 961px) 100vw, 961px\" \/><\/a>\n\t\t\t<\/div>\n\t\t\t\t<figcaption class='wp-caption-text gallery-caption' id='gallery-2-10936'>\n\t\t\t\tGledali\u0161\u010de M\u00f6derndorfer, celjska postavitev in odprtje razstave, 3. 10. 2023 v SLG Celje. Foto: Nik Skerbi\u0161.\n\t\t\t\t<\/figcaption><\/figure><figure class='gallery-item'>\n\t\t\t<div class='gallery-icon landscape'>\n\t\t\t\t<a href='https:\/\/www.slogi.si\/wp-content\/uploads\/2024\/01\/Gledalisce-Moderndorfer_SLG-Celje_foto-Nik-Skerbis-14-min.jpg'><img loading=\"lazy\" decoding=\"async\" width=\"961\" height=\"640\" src=\"https:\/\/www.slogi.si\/wp-content\/uploads\/2024\/01\/Gledalisce-Moderndorfer_SLG-Celje_foto-Nik-Skerbis-14-min.jpg\" class=\"attachment-square size-square\" alt=\"Gledali\u0161\u010de M\u00f6derndorfer, celjska postavitev in odprtje razstave, 3. 10. 2023 v SLG Celje. Foto: Nik Skerbi\u0161.\" aria-describedby=\"gallery-2-10937\" srcset=\"https:\/\/www.slogi.si\/wp-content\/uploads\/2024\/01\/Gledalisce-Moderndorfer_SLG-Celje_foto-Nik-Skerbis-14-min.jpg 961w, https:\/\/www.slogi.si\/wp-content\/uploads\/2024\/01\/Gledalisce-Moderndorfer_SLG-Celje_foto-Nik-Skerbis-14-min-300x200.jpg 300w, https:\/\/www.slogi.si\/wp-content\/uploads\/2024\/01\/Gledalisce-Moderndorfer_SLG-Celje_foto-Nik-Skerbis-14-min-768x511.jpg 768w\" sizes=\"(max-width: 961px) 100vw, 961px\" \/><\/a>\n\t\t\t<\/div>\n\t\t\t\t<figcaption class='wp-caption-text gallery-caption' id='gallery-2-10937'>\n\t\t\t\tGledali\u0161\u010de M\u00f6derndorfer, celjska postavitev in odprtje razstave, 3. 10. 2023 v SLG Celje. Foto: Nik Skerbi\u0161.\n\t\t\t\t<\/figcaption><\/figure><figure class='gallery-item'>\n\t\t\t<div class='gallery-icon portrait'>\n\t\t\t\t<a href='https:\/\/www.slogi.si\/wp-content\/uploads\/2024\/01\/Gledalisce-Moderndorfer_SLG-Celje_foto-Nik-Skerbis-17-min.jpg'><img loading=\"lazy\" decoding=\"async\" width=\"426\" height=\"640\" src=\"https:\/\/www.slogi.si\/wp-content\/uploads\/2024\/01\/Gledalisce-Moderndorfer_SLG-Celje_foto-Nik-Skerbis-17-min.jpg\" class=\"attachment-square size-square\" alt=\"Gledali\u0161\u010de M\u00f6derndorfer, celjska postavitev in odprtje razstave, 3. 10. 2023 v SLG Celje. Foto: Nik Skerbi\u0161.\" aria-describedby=\"gallery-2-10938\" srcset=\"https:\/\/www.slogi.si\/wp-content\/uploads\/2024\/01\/Gledalisce-Moderndorfer_SLG-Celje_foto-Nik-Skerbis-17-min.jpg 426w, https:\/\/www.slogi.si\/wp-content\/uploads\/2024\/01\/Gledalisce-Moderndorfer_SLG-Celje_foto-Nik-Skerbis-17-min-200x300.jpg 200w\" sizes=\"(max-width: 426px) 100vw, 426px\" \/><\/a>\n\t\t\t<\/div>\n\t\t\t\t<figcaption class='wp-caption-text gallery-caption' id='gallery-2-10938'>\n\t\t\t\tGledali\u0161\u010de M\u00f6derndorfer, celjska postavitev in odprtje razstave, 3. 10. 2023 v SLG Celje. Foto: Nik Skerbi\u0161.\n\t\t\t\t<\/figcaption><\/figure><figure class='gallery-item'>\n\t\t\t<div class='gallery-icon landscape'>\n\t\t\t\t<a href='https:\/\/www.slogi.si\/wp-content\/uploads\/2024\/01\/Gledalisce-Moderndorfer_SLG-Celje_foto-Nik-Skerbis-13-min.jpg'><img loading=\"lazy\" decoding=\"async\" width=\"961\" height=\"640\" src=\"https:\/\/www.slogi.si\/wp-content\/uploads\/2024\/01\/Gledalisce-Moderndorfer_SLG-Celje_foto-Nik-Skerbis-13-min.jpg\" class=\"attachment-square size-square\" alt=\"Gledali\u0161\u010de M\u00f6derndorfer, celjska postavitev in odprtje razstave, 3. 10. 2023 v SLG Celje. Foto: Nik Skerbi\u0161.\" aria-describedby=\"gallery-2-10939\" srcset=\"https:\/\/www.slogi.si\/wp-content\/uploads\/2024\/01\/Gledalisce-Moderndorfer_SLG-Celje_foto-Nik-Skerbis-13-min.jpg 961w, https:\/\/www.slogi.si\/wp-content\/uploads\/2024\/01\/Gledalisce-Moderndorfer_SLG-Celje_foto-Nik-Skerbis-13-min-300x200.jpg 300w, https:\/\/www.slogi.si\/wp-content\/uploads\/2024\/01\/Gledalisce-Moderndorfer_SLG-Celje_foto-Nik-Skerbis-13-min-768x511.jpg 768w\" sizes=\"(max-width: 961px) 100vw, 961px\" \/><\/a>\n\t\t\t<\/div>\n\t\t\t\t<figcaption class='wp-caption-text gallery-caption' id='gallery-2-10939'>\n\t\t\t\tGledali\u0161\u010de M\u00f6derndorfer, celjska postavitev in odprtje razstave, 3. 10. 2023 v SLG Celje. Foto: Nik Skerbi\u0161.\n\t\t\t\t<\/figcaption><\/figure><figure class='gallery-item'>\n\t\t\t<div class='gallery-icon landscape'>\n\t\t\t\t<a href='https:\/\/www.slogi.si\/wp-content\/uploads\/2024\/01\/Gledalisce-Moderndorfer_SLG-Celje_foto-Nik-Skerbis-9-min.jpg'><img loading=\"lazy\" decoding=\"async\" width=\"961\" height=\"640\" src=\"https:\/\/www.slogi.si\/wp-content\/uploads\/2024\/01\/Gledalisce-Moderndorfer_SLG-Celje_foto-Nik-Skerbis-9-min.jpg\" class=\"attachment-square size-square\" alt=\"Gledali\u0161\u010de M\u00f6derndorfer, celjska postavitev in odprtje razstave, 3. 10. 2023 v SLG Celje. Foto: Nik Skerbi\u0161.\" aria-describedby=\"gallery-2-10940\" srcset=\"https:\/\/www.slogi.si\/wp-content\/uploads\/2024\/01\/Gledalisce-Moderndorfer_SLG-Celje_foto-Nik-Skerbis-9-min.jpg 961w, https:\/\/www.slogi.si\/wp-content\/uploads\/2024\/01\/Gledalisce-Moderndorfer_SLG-Celje_foto-Nik-Skerbis-9-min-300x200.jpg 300w, https:\/\/www.slogi.si\/wp-content\/uploads\/2024\/01\/Gledalisce-Moderndorfer_SLG-Celje_foto-Nik-Skerbis-9-min-768x511.jpg 768w\" sizes=\"(max-width: 961px) 100vw, 961px\" \/><\/a>\n\t\t\t<\/div>\n\t\t\t\t<figcaption class='wp-caption-text gallery-caption' id='gallery-2-10940'>\n\t\t\t\tGledali\u0161\u010de M\u00f6derndorfer, celjska postavitev in odprtje razstave, 3. 10. 2023 v SLG Celje. Foto: Nik Skerbi\u0161.\n\t\t\t\t<\/figcaption><\/figure><figure class='gallery-item'>\n\t\t\t<div class='gallery-icon landscape'>\n\t\t\t\t<a href='https:\/\/www.slogi.si\/wp-content\/uploads\/2024\/01\/Gledalisce-Moderndorfer_SLG-Celje_foto-Nik-Skerbis-10-min.jpg'><img loading=\"lazy\" decoding=\"async\" width=\"961\" height=\"640\" src=\"https:\/\/www.slogi.si\/wp-content\/uploads\/2024\/01\/Gledalisce-Moderndorfer_SLG-Celje_foto-Nik-Skerbis-10-min.jpg\" class=\"attachment-square size-square\" alt=\"Gledali\u0161\u010de M\u00f6derndorfer, celjska postavitev in odprtje razstave, 3. 10. 2023 v SLG Celje. Foto: Nik Skerbi\u0161.\" aria-describedby=\"gallery-2-10941\" srcset=\"https:\/\/www.slogi.si\/wp-content\/uploads\/2024\/01\/Gledalisce-Moderndorfer_SLG-Celje_foto-Nik-Skerbis-10-min.jpg 961w, https:\/\/www.slogi.si\/wp-content\/uploads\/2024\/01\/Gledalisce-Moderndorfer_SLG-Celje_foto-Nik-Skerbis-10-min-300x200.jpg 300w, https:\/\/www.slogi.si\/wp-content\/uploads\/2024\/01\/Gledalisce-Moderndorfer_SLG-Celje_foto-Nik-Skerbis-10-min-768x511.jpg 768w\" sizes=\"(max-width: 961px) 100vw, 961px\" \/><\/a>\n\t\t\t<\/div>\n\t\t\t\t<figcaption class='wp-caption-text gallery-caption' id='gallery-2-10941'>\n\t\t\t\tGledali\u0161\u010de M\u00f6derndorfer, celjska postavitev in odprtje razstave, 3. 10. 2023 v SLG Celje. Foto: Nik Skerbi\u0161.\n\t\t\t\t<\/figcaption><\/figure>\n\t\t<\/div>\n\n<p>&nbsp;<\/p>\n<p><strong>Touring Exhibition <em>Theater M\u00f6derndorfer<\/em><\/strong><br \/>\nAvtor: Vinko M\u0151derndorfer * Kustosinja: mag. Tea Rogelj * Oblikovalka: Nina \u0160turm<br \/>\nTranslator into English: Nata\u0161a Jeli\u010d * Proofreader: Andra\u017e Polon\u010di\u010d Rupar\u010di\u010d * Proofreader for English language: Jana Ren\u00e9e Wilcoxen<br \/>\nProdukcija: Slovenski gledali\u0161ki in\u0161titut (zanj: dr. Ga\u0161per Troha), Forum Ljubljana (zanj: Eva Rohrman), 2023<\/p>\n<p>&nbsp;<\/p>\n<p><img loading=\"lazy\" decoding=\"async\" class=\"aligncenter wp-image-29385 size-full\" src=\"https:\/\/www.slogi.si\/wp-content\/uploads\/2024\/01\/slogi_forum_slg-celje.png\" alt=\"\" width=\"895\" height=\"105\" \/><\/p>","protected":false},"excerpt":{"rendered":"<p>The traveling exhibition, prepared by the Slovenian Theatre Institute and Forum Ljubljana, will be hosted at SLG Celje from October 3, 2023. The exhibition includes a selection of photographs from different periods and venues\/theaters of director Vinko M\u00f6derndorfer&#039;s work.<\/p>","protected":false},"featured_media":10821,"template":"","categories":[416,409,435],"tags":[],"izpostavljamo":[],"letnik":[382],"tip":[414],"vrsta-razstave":[415,624],"class_list":["post-10901","dogodki","type-dogodki","status-publish","has-post-thumbnail","hentry","category-dogodki","category-razstave","category-za-medije","letnik-382","tip-razstava","vrsta-razstave-obcasna-razstava","vrsta-razstave-vse-razstave"],"acf":[],"yoast_head":"<!-- This site is optimized with the Yoast SEO plugin v27.5 - https:\/\/yoast.com\/product\/yoast-seo-wordpress\/ -->\n<title>Gledali\u0161\u010de M\u00f6derndorfer, celjska postavitev razstave - SLOGI<\/title>\n<meta name=\"robots\" content=\"index, follow, max-snippet:-1, max-image-preview:large, max-video-preview:-1\" \/>\n<link rel=\"canonical\" href=\"https:\/\/www.slogi.si\/en\/events\/gledalisce-moderndorfer-slg-celje\/\" \/>\n<meta property=\"og:locale\" content=\"en_GB\" \/>\n<meta property=\"og:type\" content=\"article\" \/>\n<meta property=\"og:title\" content=\"Gledali\u0161\u010de M\u00f6derndorfer, celjska postavitev razstave - SLOGI\" \/>\n<meta property=\"og:description\" content=\"Potujo\u010da razstava, ki sta jo pripravila Slovenski gledali\u0161ki in\u0161titut in Forum Ljubljana, od 3. oktobra 2023 gostuje v SLG Celje. Razstava vklju\u010duje izbor fotografij iz razli\u010dnih obdobij in prizori\u0161\u010d\/gledali\u0161\u010d ustvarjanja re\u017eiserja Vinka M\u00f6derndorferja.\" \/>\n<meta property=\"og:url\" content=\"https:\/\/www.slogi.si\/en\/events\/gledalisce-moderndorfer-slg-celje\/\" \/>\n<meta property=\"og:site_name\" content=\"SLOGI\" \/>\n<meta property=\"article:modified_time\" content=\"2025-02-17T12:07:55+00:00\" \/>\n<meta property=\"og:image\" content=\"https:\/\/www.slogi.si\/wp-content\/uploads\/2024\/01\/Untitled-design-4.jpg\" \/>\n\t<meta property=\"og:image:width\" content=\"710\" \/>\n\t<meta property=\"og:image:height\" content=\"375\" \/>\n\t<meta property=\"og:image:type\" content=\"image\/jpeg\" \/>\n<meta name=\"twitter:card\" content=\"summary_large_image\" \/>\n<meta name=\"twitter:label1\" content=\"Estimated reading time\" \/>\n\t<meta name=\"twitter:data1\" content=\"4 minutes\" \/>\n<script type=\"application\/ld+json\" class=\"yoast-schema-graph\">{\"@context\":\"https:\\\/\\\/schema.org\",\"@graph\":[{\"@type\":\"WebPage\",\"@id\":\"https:\\\/\\\/www.slogi.si\\\/dogodki\\\/gledalisce-moderndorfer-slg-celje\\\/\",\"url\":\"https:\\\/\\\/www.slogi.si\\\/dogodki\\\/gledalisce-moderndorfer-slg-celje\\\/\",\"name\":\"Gledali\u0161\u010de M\u00f6derndorfer, celjska postavitev razstave - SLOGI\",\"isPartOf\":{\"@id\":\"https:\\\/\\\/www.slogi.si\\\/#website\"},\"primaryImageOfPage\":{\"@id\":\"https:\\\/\\\/www.slogi.si\\\/dogodki\\\/gledalisce-moderndorfer-slg-celje\\\/#primaryimage\"},\"image\":{\"@id\":\"https:\\\/\\\/www.slogi.si\\\/dogodki\\\/gledalisce-moderndorfer-slg-celje\\\/#primaryimage\"},\"thumbnailUrl\":\"https:\\\/\\\/www.slogi.si\\\/wp-content\\\/uploads\\\/2024\\\/01\\\/Untitled-design-4.jpg\",\"datePublished\":\"2023-09-25T11:55:40+00:00\",\"dateModified\":\"2025-02-17T12:07:55+00:00\",\"breadcrumb\":{\"@id\":\"https:\\\/\\\/www.slogi.si\\\/dogodki\\\/gledalisce-moderndorfer-slg-celje\\\/#breadcrumb\"},\"inLanguage\":\"en-GB\",\"potentialAction\":[{\"@type\":\"ReadAction\",\"target\":[\"https:\\\/\\\/www.slogi.si\\\/dogodki\\\/gledalisce-moderndorfer-slg-celje\\\/\"]}]},{\"@type\":\"ImageObject\",\"inLanguage\":\"en-GB\",\"@id\":\"https:\\\/\\\/www.slogi.si\\\/dogodki\\\/gledalisce-moderndorfer-slg-celje\\\/#primaryimage\",\"url\":\"https:\\\/\\\/www.slogi.si\\\/wp-content\\\/uploads\\\/2024\\\/01\\\/Untitled-design-4.jpg\",\"contentUrl\":\"https:\\\/\\\/www.slogi.si\\\/wp-content\\\/uploads\\\/2024\\\/01\\\/Untitled-design-4.jpg\",\"width\":710,\"height\":375},{\"@type\":\"BreadcrumbList\",\"@id\":\"https:\\\/\\\/www.slogi.si\\\/dogodki\\\/gledalisce-moderndorfer-slg-celje\\\/#breadcrumb\",\"itemListElement\":[{\"@type\":\"ListItem\",\"position\":1,\"name\":\"Home\",\"item\":\"https:\\\/\\\/www.slogi.si\\\/\"},{\"@type\":\"ListItem\",\"position\":2,\"name\":\"Gledali\u0161\u010de M\u00f6derndorfer, celjska postavitev razstave\"}]},{\"@type\":\"WebSite\",\"@id\":\"https:\\\/\\\/www.slogi.si\\\/#website\",\"url\":\"https:\\\/\\\/www.slogi.si\\\/\",\"name\":\"SLOGI\",\"description\":\"Slovenski Gledali\u0161ki In\u0161titut\",\"publisher\":{\"@id\":\"https:\\\/\\\/www.slogi.si\\\/#organization\"},\"alternateName\":\"Slovenski Gledali\u0161ki In\u0161titut\",\"potentialAction\":[{\"@type\":\"SearchAction\",\"target\":{\"@type\":\"EntryPoint\",\"urlTemplate\":\"https:\\\/\\\/www.slogi.si\\\/?s={search_term_string}\"},\"query-input\":{\"@type\":\"PropertyValueSpecification\",\"valueRequired\":true,\"valueName\":\"search_term_string\"}}],\"inLanguage\":\"en-GB\"},{\"@type\":\"Organization\",\"@id\":\"https:\\\/\\\/www.slogi.si\\\/#organization\",\"name\":\"SLOGI\",\"alternateName\":\"Slovenski Gledali\u0161ki In\u0161titut\",\"url\":\"https:\\\/\\\/www.slogi.si\\\/\",\"logo\":{\"@type\":\"ImageObject\",\"inLanguage\":\"en-GB\",\"@id\":\"https:\\\/\\\/www.slogi.si\\\/#\\\/schema\\\/logo\\\/image\\\/\",\"url\":\"https:\\\/\\\/www.slogi.si\\\/wp-content\\\/uploads\\\/2024\\\/01\\\/favicon.svg\",\"contentUrl\":\"https:\\\/\\\/www.slogi.si\\\/wp-content\\\/uploads\\\/2024\\\/01\\\/favicon.svg\",\"width\":100,\"height\":100,\"caption\":\"SLOGI\"},\"image\":{\"@id\":\"https:\\\/\\\/www.slogi.si\\\/#\\\/schema\\\/logo\\\/image\\\/\"}}]}<\/script>\n<!-- \/ Yoast SEO plugin. -->","yoast_head_json":{"title":"Gledali\u0161\u010de M\u00f6derndorfer, celjska postavitev razstave - SLOGI","robots":{"index":"index","follow":"follow","max-snippet":"max-snippet:-1","max-image-preview":"max-image-preview:large","max-video-preview":"max-video-preview:-1"},"canonical":"https:\/\/www.slogi.si\/en\/events\/gledalisce-moderndorfer-slg-celje\/","og_locale":"en_GB","og_type":"article","og_title":"Gledali\u0161\u010de M\u00f6derndorfer, celjska postavitev razstave - SLOGI","og_description":"Potujo\u010da razstava, ki sta jo pripravila Slovenski gledali\u0161ki in\u0161titut in Forum Ljubljana, od 3. oktobra 2023 gostuje v SLG Celje. Razstava vklju\u010duje izbor fotografij iz razli\u010dnih obdobij in prizori\u0161\u010d\/gledali\u0161\u010d ustvarjanja re\u017eiserja Vinka M\u00f6derndorferja.","og_url":"https:\/\/www.slogi.si\/en\/events\/gledalisce-moderndorfer-slg-celje\/","og_site_name":"SLOGI","article_modified_time":"2025-02-17T12:07:55+00:00","og_image":[{"width":710,"height":375,"url":"https:\/\/www.slogi.si\/wp-content\/uploads\/2024\/01\/Untitled-design-4.jpg","type":"image\/jpeg"}],"twitter_card":"summary_large_image","twitter_misc":{"Estimated reading time":"4 minutes"},"schema":{"@context":"https:\/\/schema.org","@graph":[{"@type":"WebPage","@id":"https:\/\/www.slogi.si\/dogodki\/gledalisce-moderndorfer-slg-celje\/","url":"https:\/\/www.slogi.si\/dogodki\/gledalisce-moderndorfer-slg-celje\/","name":"Gledali\u0161\u010de M\u00f6derndorfer, celjska postavitev razstave - SLOGI","isPartOf":{"@id":"https:\/\/www.slogi.si\/#website"},"primaryImageOfPage":{"@id":"https:\/\/www.slogi.si\/dogodki\/gledalisce-moderndorfer-slg-celje\/#primaryimage"},"image":{"@id":"https:\/\/www.slogi.si\/dogodki\/gledalisce-moderndorfer-slg-celje\/#primaryimage"},"thumbnailUrl":"https:\/\/www.slogi.si\/wp-content\/uploads\/2024\/01\/Untitled-design-4.jpg","datePublished":"2023-09-25T11:55:40+00:00","dateModified":"2025-02-17T12:07:55+00:00","breadcrumb":{"@id":"https:\/\/www.slogi.si\/dogodki\/gledalisce-moderndorfer-slg-celje\/#breadcrumb"},"inLanguage":"en-GB","potentialAction":[{"@type":"ReadAction","target":["https:\/\/www.slogi.si\/dogodki\/gledalisce-moderndorfer-slg-celje\/"]}]},{"@type":"ImageObject","inLanguage":"en-GB","@id":"https:\/\/www.slogi.si\/dogodki\/gledalisce-moderndorfer-slg-celje\/#primaryimage","url":"https:\/\/www.slogi.si\/wp-content\/uploads\/2024\/01\/Untitled-design-4.jpg","contentUrl":"https:\/\/www.slogi.si\/wp-content\/uploads\/2024\/01\/Untitled-design-4.jpg","width":710,"height":375},{"@type":"BreadcrumbList","@id":"https:\/\/www.slogi.si\/dogodki\/gledalisce-moderndorfer-slg-celje\/#breadcrumb","itemListElement":[{"@type":"ListItem","position":1,"name":"Home","item":"https:\/\/www.slogi.si\/"},{"@type":"ListItem","position":2,"name":"Gledali\u0161\u010de M\u00f6derndorfer, celjska postavitev razstave"}]},{"@type":"WebSite","@id":"https:\/\/www.slogi.si\/#website","url":"https:\/\/www.slogi.si\/","name":"SLOGI","description":"Slovenian Theatre Institute","publisher":{"@id":"https:\/\/www.slogi.si\/#organization"},"alternateName":"Slovenski Gledali\u0161ki In\u0161titut","potentialAction":[{"@type":"SearchAction","target":{"@type":"EntryPoint","urlTemplate":"https:\/\/www.slogi.si\/?s={search_term_string}"},"query-input":{"@type":"PropertyValueSpecification","valueRequired":true,"valueName":"search_term_string"}}],"inLanguage":"en-GB"},{"@type":"Organization","@id":"https:\/\/www.slogi.si\/#organization","name":"SLOGI","alternateName":"Slovenski Gledali\u0161ki In\u0161titut","url":"https:\/\/www.slogi.si\/","logo":{"@type":"ImageObject","inLanguage":"en-GB","@id":"https:\/\/www.slogi.si\/#\/schema\/logo\/image\/","url":"https:\/\/www.slogi.si\/wp-content\/uploads\/2024\/01\/favicon.svg","contentUrl":"https:\/\/www.slogi.si\/wp-content\/uploads\/2024\/01\/favicon.svg","width":100,"height":100,"caption":"SLOGI"},"image":{"@id":"https:\/\/www.slogi.si\/#\/schema\/logo\/image\/"}}]}},"_links":{"self":[{"href":"https:\/\/www.slogi.si\/en\/wp-json\/wp\/v2\/dogodki\/10901","targetHints":{"allow":["GET"]}}],"collection":[{"href":"https:\/\/www.slogi.si\/en\/wp-json\/wp\/v2\/dogodki"}],"about":[{"href":"https:\/\/www.slogi.si\/en\/wp-json\/wp\/v2\/types\/dogodki"}],"wp:featuredmedia":[{"embeddable":true,"href":"https:\/\/www.slogi.si\/en\/wp-json\/wp\/v2\/media\/10821"}],"wp:attachment":[{"href":"https:\/\/www.slogi.si\/en\/wp-json\/wp\/v2\/media?parent=10901"}],"wp:term":[{"taxonomy":"category","embeddable":true,"href":"https:\/\/www.slogi.si\/en\/wp-json\/wp\/v2\/categories?post=10901"},{"taxonomy":"post_tag","embeddable":true,"href":"https:\/\/www.slogi.si\/en\/wp-json\/wp\/v2\/tags?post=10901"},{"taxonomy":"izpostavljamo","embeddable":true,"href":"https:\/\/www.slogi.si\/en\/wp-json\/wp\/v2\/izpostavljamo?post=10901"},{"taxonomy":"letnik","embeddable":true,"href":"https:\/\/www.slogi.si\/en\/wp-json\/wp\/v2\/letnik?post=10901"},{"taxonomy":"tip","embeddable":true,"href":"https:\/\/www.slogi.si\/en\/wp-json\/wp\/v2\/tip?post=10901"},{"taxonomy":"vrsta-razstave","embeddable":true,"href":"https:\/\/www.slogi.si\/en\/wp-json\/wp\/v2\/vrsta-razstave?post=10901"}],"curies":[{"name":"wp","href":"https:\/\/api.w.org\/{rel}","templated":true}]}}