{"id":10719,"date":"2023-04-19T11:41:14","date_gmt":"2023-04-19T09:41:14","guid":{"rendered":"https:\/\/www.slogi.si\/dogodki\/slovenski-gledaliski-zalozniki-na-sejmu-na-zraku-2\/"},"modified":"2024-09-13T14:20:30","modified_gmt":"2024-09-13T12:20:30","slug":"slovenski-gledaliski-zalozniki-na-sejmu-na-zraku-2","status":"publish","type":"dogodki","link":"https:\/\/www.slogi.si\/en\/dogodki\/slovenski-gledaliski-zalozniki-na-sejmu-na-zraku-2\/","title":{"rendered":"Slovenian theater publishers at the Fair in the air"},"content":{"rendered":"<div class=\"x11i5rnm xat24cr x1mh8g0r x1vvkbs xtlvy1s\">Ni samoumevno, da lahko v sloven\u0161\u010dini beremo toliko dobrih knjig!<br \/>\nSvetovni dan knjige in avtorskih pravic je tudi pri nas povezan z nakupovanjem in podarjanjem knjig, zato skladno s to tradicijo v pisarni Ljubljane, Unescovega mesta literature v sodelovanju s skupnostjo zalo\u017enikov in zalo\u017enic v parku Zvezda \u017ee tretji\u010d zapored organiziramo knji\u017eni Sejem na zraku. Sejem je odli\u010dna prilo\u017enost, da se z obiskom, dru\u017eenjem, nakupi, in podarjanjem knjig skupaj poklonimo trudu, ki je vedno znova vlo\u017een v to, da imamo toliko dobrih knjig.<\/div>\n<div><\/div>\n<div class=\"x11i5rnm xat24cr x1mh8g0r x1vvkbs xtlvy1s\">Vabimo na celodnevni knji\u017eni sejem in spodbujamo:<\/div>\n<div><\/div>\n<div class=\"x11i5rnm xat24cr x1mh8g0r x1vvkbs xtlvy1s\">PODARIMO SI KNJIGE OB SVETOVNEM DNEVU KNJIGE!<\/div>\n<div class=\"x11i5rnm xat24cr x1mh8g0r x1vvkbs xtlvy1s\">V parku Zvezda bomo od jutra do no\u010di v sodelovanju s skoraj 50 zalo\u017ebami razprostrli stojnice in mize, oblo\u017eene z najbolj\u0161im, kar lahko ponudijo. Za sejem pripravljajo poseben izbor knjig, tudi s sejemskimi popusti, med njimi \u0161tevilne knji\u017ene novosti. \u0160tevilni zalo\u017eniki in zalo\u017enice bodo prisotni na svojih stojnicah, na voljo za sre\u010danja, pogovore in predstavitve knjig.<\/div>\n<div class=\"x11i5rnm xat24cr x1mh8g0r x1vvkbs xtlvy1s\">SEJEMSKI ODER<br \/>\nPogovori in predstavitve knjig se bodo cel sejemski dan odvijali tudi na sejemskem odru.<\/div>\n<div class=\"x11i5rnm xat24cr x1mh8g0r x1vvkbs xtlvy1s\">PODPISOVANJE KNJIG<br \/>\nOb stojnicah zalo\u017enikov bodo potekala podpisovanja avtorjev in avtoric. Razpored podpisovanj ob stojnicah zalo\u017enikov bo znan v kratkem.<\/div>\n<div class=\"x11i5rnm xat24cr x1mh8g0r x1vvkbs xtlvy1s\">SEJEM in DRU\u017dENJE V NO\u010c<br \/>\nS sejmom v soorganizaciji Zalo\u017ebe Sanje praznujemo tudi No\u010d knjige (prav tako 23. aprila), zato bo sejem, ki bo za prijetno vzdu\u0161je osvetljen z namiznimi svetilkami, odprt do 22. ure!<\/div>\n<div><\/div>\n<div>\n<p>Za Sejem na zraku smo tudi Slovenski gledali\u0161ki zalo\u017eniki za vas pripravili <strong>poseben izbor knjig in knji\u017ene novosti po ugodnih cenah.\u00a0<\/strong><\/p>\n<p><strong>Slovenian theater publishers<\/strong>: <strong>Slovenian Theatre Institute<\/strong>, <strong>Emanate<\/strong>, <strong>MGL Library<\/strong> and <strong>Mask Institute<\/strong> we present ourselves at the Fair in the air with novelties, fundamental works and publishing interests, intended for professionals and the general public - creators, researchers and viewers, the omniscient, the curious, the elderly and the young. Theater is not just a show, it is also a branching profession with a tradition spanning thousands of years. Theater history, theory, criticism and analysis, reflections, knowledge, behavior, skills... are recorded in books, magazines... presented by Slovenian theater publishers.<\/p>\n<\/div>\n<p>Welcome!<\/p>","protected":false},"excerpt":{"rendered":"<p>Ni samoumevno, da lahko v sloven\u0161\u010dini beremo toliko dobrih knjig! Svetovni dan knjige in avtorskih pravic je tudi pri nas povezan z nakupovanjem in podarjanjem knjig, zato skladno s to tradicijo v pisarni Ljubljane, Unescovega mesta literature v sodelovanju s skupnostjo zalo\u017enikov in zalo\u017enic v parku Zvezda \u017ee tretji\u010d zapored organiziramo knji\u017eni Sejem na zraku. &#8230;<\/p>","protected":false},"featured_media":10720,"template":"","categories":[416,435],"tags":[],"izpostavljamo":[40],"letnik":[382],"tip":[],"vrsta-razstave":[],"class_list":["post-10719","dogodki","type-dogodki","status-publish","has-post-thumbnail","hentry","category-dogodki","category-za-medije","izpostavljamo-ne-spreglejte","letnik-382"],"acf":[],"yoast_head":"<!-- This site is optimized with the Yoast SEO plugin v27.5 - https:\/\/yoast.com\/product\/yoast-seo-wordpress\/ -->\n<title>Slovenski gledali\u0161ki zalo\u017eniki na Sejmu na zraku - SLOGI<\/title>\n<meta name=\"robots\" content=\"index, follow, max-snippet:-1, max-image-preview:large, max-video-preview:-1\" \/>\n<link rel=\"canonical\" href=\"https:\/\/www.slogi.si\/en\/events\/slovenski-gledaliski-zalozniki-na-sejmu-na-zraku-2\/\" \/>\n<meta property=\"og:locale\" content=\"en_GB\" \/>\n<meta property=\"og:type\" content=\"article\" \/>\n<meta property=\"og:title\" content=\"Slovenski gledali\u0161ki zalo\u017eniki na Sejmu na zraku - SLOGI\" \/>\n<meta property=\"og:description\" content=\"Ni samoumevno, da lahko v sloven\u0161\u010dini beremo toliko dobrih knjig! Svetovni dan knjige in avtorskih pravic je tudi pri nas povezan z nakupovanjem in podarjanjem knjig, zato skladno s to tradicijo v pisarni Ljubljane, Unescovega mesta literature v sodelovanju s skupnostjo zalo\u017enikov in zalo\u017enic v parku Zvezda \u017ee tretji\u010d zapored organiziramo knji\u017eni Sejem na zraku. ...\" \/>\n<meta property=\"og:url\" content=\"https:\/\/www.slogi.si\/en\/events\/slovenski-gledaliski-zalozniki-na-sejmu-na-zraku-2\/\" \/>\n<meta property=\"og:site_name\" content=\"SLOGI\" \/>\n<meta property=\"article:modified_time\" content=\"2024-09-13T12:20:30+00:00\" \/>\n<meta property=\"og:image\" content=\"https:\/\/www.slogi.si\/wp-content\/uploads\/2024\/01\/Izdelek-brez-naslova31.jpg\" \/>\n\t<meta property=\"og:image:width\" content=\"710\" \/>\n\t<meta property=\"og:image:height\" content=\"375\" \/>\n\t<meta property=\"og:image:type\" content=\"image\/jpeg\" \/>\n<meta name=\"twitter:card\" content=\"summary_large_image\" \/>\n<meta name=\"twitter:label1\" content=\"Estimated reading time\" \/>\n\t<meta name=\"twitter:data1\" content=\"2 minutes\" \/>\n<script type=\"application\/ld+json\" class=\"yoast-schema-graph\">{\"@context\":\"https:\\\/\\\/schema.org\",\"@graph\":[{\"@type\":\"WebPage\",\"@id\":\"https:\\\/\\\/www.slogi.si\\\/dogodki\\\/slovenski-gledaliski-zalozniki-na-sejmu-na-zraku-2\\\/\",\"url\":\"https:\\\/\\\/www.slogi.si\\\/dogodki\\\/slovenski-gledaliski-zalozniki-na-sejmu-na-zraku-2\\\/\",\"name\":\"Slovenski gledali\u0161ki zalo\u017eniki na Sejmu na zraku - SLOGI\",\"isPartOf\":{\"@id\":\"https:\\\/\\\/www.slogi.si\\\/#website\"},\"primaryImageOfPage\":{\"@id\":\"https:\\\/\\\/www.slogi.si\\\/dogodki\\\/slovenski-gledaliski-zalozniki-na-sejmu-na-zraku-2\\\/#primaryimage\"},\"image\":{\"@id\":\"https:\\\/\\\/www.slogi.si\\\/dogodki\\\/slovenski-gledaliski-zalozniki-na-sejmu-na-zraku-2\\\/#primaryimage\"},\"thumbnailUrl\":\"https:\\\/\\\/www.slogi.si\\\/wp-content\\\/uploads\\\/2024\\\/01\\\/Izdelek-brez-naslova31.jpg\",\"datePublished\":\"2023-04-19T09:41:14+00:00\",\"dateModified\":\"2024-09-13T12:20:30+00:00\",\"breadcrumb\":{\"@id\":\"https:\\\/\\\/www.slogi.si\\\/dogodki\\\/slovenski-gledaliski-zalozniki-na-sejmu-na-zraku-2\\\/#breadcrumb\"},\"inLanguage\":\"en-GB\",\"potentialAction\":[{\"@type\":\"ReadAction\",\"target\":[\"https:\\\/\\\/www.slogi.si\\\/dogodki\\\/slovenski-gledaliski-zalozniki-na-sejmu-na-zraku-2\\\/\"]}]},{\"@type\":\"ImageObject\",\"inLanguage\":\"en-GB\",\"@id\":\"https:\\\/\\\/www.slogi.si\\\/dogodki\\\/slovenski-gledaliski-zalozniki-na-sejmu-na-zraku-2\\\/#primaryimage\",\"url\":\"https:\\\/\\\/www.slogi.si\\\/wp-content\\\/uploads\\\/2024\\\/01\\\/Izdelek-brez-naslova31.jpg\",\"contentUrl\":\"https:\\\/\\\/www.slogi.si\\\/wp-content\\\/uploads\\\/2024\\\/01\\\/Izdelek-brez-naslova31.jpg\",\"width\":710,\"height\":375,\"caption\":\"Sejem na zraku\"},{\"@type\":\"BreadcrumbList\",\"@id\":\"https:\\\/\\\/www.slogi.si\\\/dogodki\\\/slovenski-gledaliski-zalozniki-na-sejmu-na-zraku-2\\\/#breadcrumb\",\"itemListElement\":[{\"@type\":\"ListItem\",\"position\":1,\"name\":\"Home\",\"item\":\"https:\\\/\\\/www.slogi.si\\\/\"},{\"@type\":\"ListItem\",\"position\":2,\"name\":\"Slovenski gledali\u0161ki zalo\u017eniki na Sejmu na zraku\"}]},{\"@type\":\"WebSite\",\"@id\":\"https:\\\/\\\/www.slogi.si\\\/#website\",\"url\":\"https:\\\/\\\/www.slogi.si\\\/\",\"name\":\"SLOGI\",\"description\":\"Slovenski Gledali\u0161ki In\u0161titut\",\"publisher\":{\"@id\":\"https:\\\/\\\/www.slogi.si\\\/#organization\"},\"alternateName\":\"Slovenski Gledali\u0161ki In\u0161titut\",\"potentialAction\":[{\"@type\":\"SearchAction\",\"target\":{\"@type\":\"EntryPoint\",\"urlTemplate\":\"https:\\\/\\\/www.slogi.si\\\/?s={search_term_string}\"},\"query-input\":{\"@type\":\"PropertyValueSpecification\",\"valueRequired\":true,\"valueName\":\"search_term_string\"}}],\"inLanguage\":\"en-GB\"},{\"@type\":\"Organization\",\"@id\":\"https:\\\/\\\/www.slogi.si\\\/#organization\",\"name\":\"SLOGI\",\"alternateName\":\"Slovenski Gledali\u0161ki In\u0161titut\",\"url\":\"https:\\\/\\\/www.slogi.si\\\/\",\"logo\":{\"@type\":\"ImageObject\",\"inLanguage\":\"en-GB\",\"@id\":\"https:\\\/\\\/www.slogi.si\\\/#\\\/schema\\\/logo\\\/image\\\/\",\"url\":\"https:\\\/\\\/www.slogi.si\\\/wp-content\\\/uploads\\\/2024\\\/01\\\/favicon.svg\",\"contentUrl\":\"https:\\\/\\\/www.slogi.si\\\/wp-content\\\/uploads\\\/2024\\\/01\\\/favicon.svg\",\"width\":100,\"height\":100,\"caption\":\"SLOGI\"},\"image\":{\"@id\":\"https:\\\/\\\/www.slogi.si\\\/#\\\/schema\\\/logo\\\/image\\\/\"}}]}<\/script>\n<!-- \/ Yoast SEO plugin. -->","yoast_head_json":{"title":"Slovenian theatre publishers at the Air Fair - SLOGI","robots":{"index":"index","follow":"follow","max-snippet":"max-snippet:-1","max-image-preview":"max-image-preview:large","max-video-preview":"max-video-preview:-1"},"canonical":"https:\/\/www.slogi.si\/en\/events\/slovenski-gledaliski-zalozniki-na-sejmu-na-zraku-2\/","og_locale":"en_GB","og_type":"article","og_title":"Slovenski gledali\u0161ki zalo\u017eniki na Sejmu na zraku - SLOGI","og_description":"Ni samoumevno, da lahko v sloven\u0161\u010dini beremo toliko dobrih knjig! Svetovni dan knjige in avtorskih pravic je tudi pri nas povezan z nakupovanjem in podarjanjem knjig, zato skladno s to tradicijo v pisarni Ljubljane, Unescovega mesta literature v sodelovanju s skupnostjo zalo\u017enikov in zalo\u017enic v parku Zvezda \u017ee tretji\u010d zapored organiziramo knji\u017eni Sejem na zraku. ...","og_url":"https:\/\/www.slogi.si\/en\/events\/slovenski-gledaliski-zalozniki-na-sejmu-na-zraku-2\/","og_site_name":"SLOGI","article_modified_time":"2024-09-13T12:20:30+00:00","og_image":[{"width":710,"height":375,"url":"https:\/\/www.slogi.si\/wp-content\/uploads\/2024\/01\/Izdelek-brez-naslova31.jpg","type":"image\/jpeg"}],"twitter_card":"summary_large_image","twitter_misc":{"Estimated reading time":"2 minutes"},"schema":{"@context":"https:\/\/schema.org","@graph":[{"@type":"WebPage","@id":"https:\/\/www.slogi.si\/dogodki\/slovenski-gledaliski-zalozniki-na-sejmu-na-zraku-2\/","url":"https:\/\/www.slogi.si\/dogodki\/slovenski-gledaliski-zalozniki-na-sejmu-na-zraku-2\/","name":"Slovenian theatre publishers at the Air Fair - SLOGI","isPartOf":{"@id":"https:\/\/www.slogi.si\/#website"},"primaryImageOfPage":{"@id":"https:\/\/www.slogi.si\/dogodki\/slovenski-gledaliski-zalozniki-na-sejmu-na-zraku-2\/#primaryimage"},"image":{"@id":"https:\/\/www.slogi.si\/dogodki\/slovenski-gledaliski-zalozniki-na-sejmu-na-zraku-2\/#primaryimage"},"thumbnailUrl":"https:\/\/www.slogi.si\/wp-content\/uploads\/2024\/01\/Izdelek-brez-naslova31.jpg","datePublished":"2023-04-19T09:41:14+00:00","dateModified":"2024-09-13T12:20:30+00:00","breadcrumb":{"@id":"https:\/\/www.slogi.si\/dogodki\/slovenski-gledaliski-zalozniki-na-sejmu-na-zraku-2\/#breadcrumb"},"inLanguage":"en-GB","potentialAction":[{"@type":"ReadAction","target":["https:\/\/www.slogi.si\/dogodki\/slovenski-gledaliski-zalozniki-na-sejmu-na-zraku-2\/"]}]},{"@type":"ImageObject","inLanguage":"en-GB","@id":"https:\/\/www.slogi.si\/dogodki\/slovenski-gledaliski-zalozniki-na-sejmu-na-zraku-2\/#primaryimage","url":"https:\/\/www.slogi.si\/wp-content\/uploads\/2024\/01\/Izdelek-brez-naslova31.jpg","contentUrl":"https:\/\/www.slogi.si\/wp-content\/uploads\/2024\/01\/Izdelek-brez-naslova31.jpg","width":710,"height":375,"caption":"Sejem na zraku"},{"@type":"BreadcrumbList","@id":"https:\/\/www.slogi.si\/dogodki\/slovenski-gledaliski-zalozniki-na-sejmu-na-zraku-2\/#breadcrumb","itemListElement":[{"@type":"ListItem","position":1,"name":"Home","item":"https:\/\/www.slogi.si\/"},{"@type":"ListItem","position":2,"name":"Slovenski gledali\u0161ki zalo\u017eniki na Sejmu na zraku"}]},{"@type":"WebSite","@id":"https:\/\/www.slogi.si\/#website","url":"https:\/\/www.slogi.si\/","name":"SLOGI","description":"Slovenian Theatre Institute","publisher":{"@id":"https:\/\/www.slogi.si\/#organization"},"alternateName":"Slovenski Gledali\u0161ki In\u0161titut","potentialAction":[{"@type":"SearchAction","target":{"@type":"EntryPoint","urlTemplate":"https:\/\/www.slogi.si\/?s={search_term_string}"},"query-input":{"@type":"PropertyValueSpecification","valueRequired":true,"valueName":"search_term_string"}}],"inLanguage":"en-GB"},{"@type":"Organization","@id":"https:\/\/www.slogi.si\/#organization","name":"SLOGI","alternateName":"Slovenski Gledali\u0161ki In\u0161titut","url":"https:\/\/www.slogi.si\/","logo":{"@type":"ImageObject","inLanguage":"en-GB","@id":"https:\/\/www.slogi.si\/#\/schema\/logo\/image\/","url":"https:\/\/www.slogi.si\/wp-content\/uploads\/2024\/01\/favicon.svg","contentUrl":"https:\/\/www.slogi.si\/wp-content\/uploads\/2024\/01\/favicon.svg","width":100,"height":100,"caption":"SLOGI"},"image":{"@id":"https:\/\/www.slogi.si\/#\/schema\/logo\/image\/"}}]}},"_links":{"self":[{"href":"https:\/\/www.slogi.si\/en\/wp-json\/wp\/v2\/dogodki\/10719","targetHints":{"allow":["GET"]}}],"collection":[{"href":"https:\/\/www.slogi.si\/en\/wp-json\/wp\/v2\/dogodki"}],"about":[{"href":"https:\/\/www.slogi.si\/en\/wp-json\/wp\/v2\/types\/dogodki"}],"wp:featuredmedia":[{"embeddable":true,"href":"https:\/\/www.slogi.si\/en\/wp-json\/wp\/v2\/media\/10720"}],"wp:attachment":[{"href":"https:\/\/www.slogi.si\/en\/wp-json\/wp\/v2\/media?parent=10719"}],"wp:term":[{"taxonomy":"category","embeddable":true,"href":"https:\/\/www.slogi.si\/en\/wp-json\/wp\/v2\/categories?post=10719"},{"taxonomy":"post_tag","embeddable":true,"href":"https:\/\/www.slogi.si\/en\/wp-json\/wp\/v2\/tags?post=10719"},{"taxonomy":"izpostavljamo","embeddable":true,"href":"https:\/\/www.slogi.si\/en\/wp-json\/wp\/v2\/izpostavljamo?post=10719"},{"taxonomy":"letnik","embeddable":true,"href":"https:\/\/www.slogi.si\/en\/wp-json\/wp\/v2\/letnik?post=10719"},{"taxonomy":"tip","embeddable":true,"href":"https:\/\/www.slogi.si\/en\/wp-json\/wp\/v2\/tip?post=10719"},{"taxonomy":"vrsta-razstave","embeddable":true,"href":"https:\/\/www.slogi.si\/en\/wp-json\/wp\/v2\/vrsta-razstave?post=10719"}],"curies":[{"name":"wp","href":"https:\/\/api.w.org\/{rel}","templated":true}]}}