{"id":10632,"date":"2023-03-01T08:12:15","date_gmt":"2023-03-01T07:12:15","guid":{"rendered":"https:\/\/www.slogi.si\/dogodki\/from-our-collections-bojan-stih\/"},"modified":"2024-09-12T14:50:48","modified_gmt":"2024-09-12T12:50:48","slug":"from-our-collections-bojan-stich","status":"publish","type":"dogodki","link":"https:\/\/www.slogi.si\/en\/dogodki\/from-our-collections-bojan-stih\/","title":{"rendered":"From our Collections \u2013 At the 100th anniversary of Bojan \u0160tih&#039;s birth"},"content":{"rendered":"<p>We are presenting our collections.<\/p>\n<p><strong>At the 100th anniversary of Bojan \u0160tih&#039;s birth<\/strong><\/p>\n<p>Bojan \u0160tih, born 18 February 1923, in years 1961\u20131982 the artistic leader of four theater houses in Slovenia, has left the most decisive mark on the shaping of contemporary dramaturgical concept in 1961\u20131968 at the Slovene National Theater Drama in Ljubljana.<\/p>\n<p>In this time, Drama gradually transformed the working principle and approach to stage creation, whose modernized repertoire excluded strict academism, activism or didactic features. This subjected Drama to a supplementary examination in modern aesthetics. The staging of contemporary drama cleansed the stiff psychologism. The ascetic style of Slovene drama authors and acting at the experimental Stage 57 were seamlessly taken over by Drama. A set of successful performances, directed by Mile Korun, stand out; including one of the period&#039;s peaks: <em>Who&#039;s afraid of Virginia Woolf?<\/em> by Edward Albee in 1964.<\/p>\n<p>\u0160tih&#039;s reflection of the function and role of the artistic leadership holds still: &quot;Don&#039;t be fooled to feel the role of an artistic leader as a position and social function. These roles are neither lucrative nor happy. In fact, these are troublesome roles.&quot;<\/p>\n<p>From our Collections \u2013 March 2023 Poster:<\/p>\n<div id='gallery-1' class='gallery galleryid-10632 gallery-columns-2 gallery-size-square'><figure class='gallery-item'>\n\t\t\t<div class='gallery-icon landscape'>\n\t\t\t\t<a href='https:\/\/www.slogi.si\/wp-content\/uploads\/2024\/01\/Plakat-marec-2023_w.jpg'><img fetchpriority=\"high\" decoding=\"async\" width=\"1023\" height=\"1022\" src=\"https:\/\/www.slogi.si\/wp-content\/uploads\/2024\/01\/Plakat-marec-2023_w.jpg\" class=\"attachment-square size-square\" alt=\"\" srcset=\"https:\/\/www.slogi.si\/wp-content\/uploads\/2024\/01\/Plakat-marec-2023_w.jpg 1023w, https:\/\/www.slogi.si\/wp-content\/uploads\/2024\/01\/Plakat-marec-2023_w-300x300.jpg 300w, https:\/\/www.slogi.si\/wp-content\/uploads\/2024\/01\/Plakat-marec-2023_w-150x150.jpg 150w, https:\/\/www.slogi.si\/wp-content\/uploads\/2024\/01\/Plakat-marec-2023_w-768x767.jpg 768w\" sizes=\"(max-width: 1023px) 100vw, 1023px\" \/><\/a>\n\t\t\t<\/div><\/figure><figure class='gallery-item'>\n\t\t\t<div class='gallery-icon landscape'>\n\t\t\t\t<a href='https:\/\/www.slogi.si\/wp-content\/uploads\/2024\/01\/Kdo-se-boji-Virginie-Woolf_foto-Vlastja-Simoncic_SNG-Drama_1964_640.jpg'><img decoding=\"async\" width=\"838\" height=\"640\" src=\"https:\/\/www.slogi.si\/wp-content\/uploads\/2024\/01\/Kdo-se-boji-Virginie-Woolf_foto-Vlastja-Simoncic_SNG-Drama_1964_640.jpg\" class=\"attachment-square size-square\" alt=\"Du\u0161a Po\u010dkaj (Martha) and Danilo Benedi\u010di\u010d (Nick) in Who&#039;s Afraid of Virginia Woolf?, dir. Mile Korun, Drama SNT Ljubljana, 1964. Photo: Vlastja Simon\u010di\u010d. Source: SLOGI Iconotheque \u2013 Theater Museum.\" aria-describedby=\"gallery-1-4424\" srcset=\"https:\/\/www.slogi.si\/wp-content\/uploads\/2024\/01\/Kdo-se-boji-Virginie-Woolf_foto-Vlastja-Simoncic_SNG-Drama_1964_640.jpg 838w, https:\/\/www.slogi.si\/wp-content\/uploads\/2024\/01\/Kdo-se-boji-Virginie-Woolf_foto-Vlastja-Simoncic_SNG-Drama_1964_640-300x229.jpg 300w, https:\/\/www.slogi.si\/wp-content\/uploads\/2024\/01\/Kdo-se-boji-Virginie-Woolf_foto-Vlastja-Simoncic_SNG-Drama_1964_640-768x587.jpg 768w\" sizes=\"(max-width: 838px) 100vw, 838px\" \/><\/a>\n\t\t\t<\/div>\n\t\t\t\t<figcaption class='wp-caption-text gallery-caption' id='gallery-1-4424'>\n\t\t\t\tHinko Nu\u010di\u010d as Jaromir in: Franz Grillparzer, The Ancestress, Provincial Theater in Ljubljana, 1907. Photo: August Berthold. Source: SLOGI Iconotheque \u2013 Theater Museum.\n\t\t\t\t<\/figcaption><\/figure>\n\t\t<\/div>","protected":false},"excerpt":{"rendered":"<p>Bojan \u0160tih, born 18 February 1923, in years 1961\u20131982 the artistic leader of four theater houses in Slovenia, has left the most decisive mark on the shaping of contemporary dramaturgical concept in 1961\u20131968 at the Slovene National Theater Drama in Ljubljana.<\/p>","protected":false},"featured_media":10631,"template":"","categories":[1],"tags":[],"izpostavljamo":[40],"letnik":[382],"tip":[],"vrsta-razstave":[],"class_list":["post-10632","dogodki","type-dogodki","status-publish","has-post-thumbnail","hentry","category-splosno","izpostavljamo-ne-spreglejte","letnik-382"],"acf":[],"yoast_head":"<!-- This site is optimized with the Yoast SEO plugin v27.5 - https:\/\/yoast.com\/product\/yoast-seo-wordpress\/ -->\n<title>From our Collections \u2013 At the 100th anniversary of Bojan \u0160tih\u2018s birth - SLOGI<\/title>\n<meta name=\"robots\" content=\"index, follow, max-snippet:-1, max-image-preview:large, max-video-preview:-1\" \/>\n<link rel=\"canonical\" href=\"https:\/\/www.slogi.si\/en\/events\/from-our-collections-bojan-stich\/\" \/>\n<meta property=\"og:locale\" content=\"en_GB\" \/>\n<meta property=\"og:type\" content=\"article\" \/>\n<meta property=\"og:title\" content=\"From our Collections \u2013 At the 100th anniversary of Bojan \u0160tih\u2018s birth - SLOGI\" \/>\n<meta property=\"og:description\" content=\"Bojan \u0160tih, born 18 February 1923, in years 1961\u20131982 the artistic leader of four theatre houses in Slovenia, has left the most decisive mark on the shaping of contemporary dramaturgical concept in 1961\u20131968 at the Slovene National Theatre Drama in Ljubljana.\" \/>\n<meta property=\"og:url\" content=\"https:\/\/www.slogi.si\/en\/events\/from-our-collections-bojan-stich\/\" \/>\n<meta property=\"og:site_name\" content=\"SLOGI\" \/>\n<meta property=\"article:modified_time\" content=\"2024-09-12T12:50:48+00:00\" \/>\n<meta property=\"og:image\" content=\"https:\/\/www.slogi.si\/wp-content\/uploads\/2024\/01\/Kdo-se-boji-Virginie-Woolf_foto-Vlastja-Simoncic_SNG-Drama_1964_710.jpg\" \/>\n\t<meta property=\"og:image:width\" content=\"710\" \/>\n\t<meta property=\"og:image:height\" content=\"375\" \/>\n\t<meta property=\"og:image:type\" content=\"image\/jpeg\" \/>\n<meta name=\"twitter:card\" content=\"summary_large_image\" \/>\n<meta name=\"twitter:label1\" content=\"Estimated reading time\" \/>\n\t<meta name=\"twitter:data1\" content=\"1 minute\" \/>\n<script type=\"application\/ld+json\" class=\"yoast-schema-graph\">{\"@context\":\"https:\\\/\\\/schema.org\",\"@graph\":[{\"@type\":\"WebPage\",\"@id\":\"https:\\\/\\\/www.slogi.si\\\/dogodki\\\/from-our-collections-bojan-stih\\\/\",\"url\":\"https:\\\/\\\/www.slogi.si\\\/dogodki\\\/from-our-collections-bojan-stih\\\/\",\"name\":\"From our Collections \u2013 At the 100th anniversary of Bojan \u0160tih\u2018s birth - SLOGI\",\"isPartOf\":{\"@id\":\"https:\\\/\\\/www.slogi.si\\\/#website\"},\"primaryImageOfPage\":{\"@id\":\"https:\\\/\\\/www.slogi.si\\\/dogodki\\\/from-our-collections-bojan-stih\\\/#primaryimage\"},\"image\":{\"@id\":\"https:\\\/\\\/www.slogi.si\\\/dogodki\\\/from-our-collections-bojan-stih\\\/#primaryimage\"},\"thumbnailUrl\":\"https:\\\/\\\/www.slogi.si\\\/wp-content\\\/uploads\\\/2024\\\/01\\\/Kdo-se-boji-Virginie-Woolf_foto-Vlastja-Simoncic_SNG-Drama_1964_710.jpg\",\"datePublished\":\"2023-03-01T07:12:15+00:00\",\"dateModified\":\"2024-09-12T12:50:48+00:00\",\"breadcrumb\":{\"@id\":\"https:\\\/\\\/www.slogi.si\\\/dogodki\\\/from-our-collections-bojan-stih\\\/#breadcrumb\"},\"inLanguage\":\"en-GB\",\"potentialAction\":[{\"@type\":\"ReadAction\",\"target\":[\"https:\\\/\\\/www.slogi.si\\\/dogodki\\\/from-our-collections-bojan-stih\\\/\"]}]},{\"@type\":\"ImageObject\",\"inLanguage\":\"en-GB\",\"@id\":\"https:\\\/\\\/www.slogi.si\\\/dogodki\\\/from-our-collections-bojan-stih\\\/#primaryimage\",\"url\":\"https:\\\/\\\/www.slogi.si\\\/wp-content\\\/uploads\\\/2024\\\/01\\\/Kdo-se-boji-Virginie-Woolf_foto-Vlastja-Simoncic_SNG-Drama_1964_710.jpg\",\"contentUrl\":\"https:\\\/\\\/www.slogi.si\\\/wp-content\\\/uploads\\\/2024\\\/01\\\/Kdo-se-boji-Virginie-Woolf_foto-Vlastja-Simoncic_SNG-Drama_1964_710.jpg\",\"width\":710,\"height\":375,\"caption\":\"Du\u0161a Po\u010dkaj (Martha) and Danilo Benedi\u010di\u010d (Nick) in Who's afraid of Virginia Woolf?, dir. Mile Korun, Drama SNT Ljubljana, 1964. Photo: Vlastja Simon\u010di\u010d. Source: SLOGI Iconotheque \u2013 Theatre Museum.\"},{\"@type\":\"BreadcrumbList\",\"@id\":\"https:\\\/\\\/www.slogi.si\\\/dogodki\\\/from-our-collections-bojan-stih\\\/#breadcrumb\",\"itemListElement\":[{\"@type\":\"ListItem\",\"position\":1,\"name\":\"Home\",\"item\":\"https:\\\/\\\/www.slogi.si\\\/\"},{\"@type\":\"ListItem\",\"position\":2,\"name\":\"From our Collections \u2013 At the 100th anniversary of Bojan \u0160tih\u2018s birth\"}]},{\"@type\":\"WebSite\",\"@id\":\"https:\\\/\\\/www.slogi.si\\\/#website\",\"url\":\"https:\\\/\\\/www.slogi.si\\\/\",\"name\":\"SLOGI\",\"description\":\"Slovenski Gledali\u0161ki In\u0161titut\",\"publisher\":{\"@id\":\"https:\\\/\\\/www.slogi.si\\\/#organization\"},\"alternateName\":\"Slovenski Gledali\u0161ki In\u0161titut\",\"potentialAction\":[{\"@type\":\"SearchAction\",\"target\":{\"@type\":\"EntryPoint\",\"urlTemplate\":\"https:\\\/\\\/www.slogi.si\\\/?s={search_term_string}\"},\"query-input\":{\"@type\":\"PropertyValueSpecification\",\"valueRequired\":true,\"valueName\":\"search_term_string\"}}],\"inLanguage\":\"en-GB\"},{\"@type\":\"Organization\",\"@id\":\"https:\\\/\\\/www.slogi.si\\\/#organization\",\"name\":\"SLOGI\",\"alternateName\":\"Slovenski Gledali\u0161ki In\u0161titut\",\"url\":\"https:\\\/\\\/www.slogi.si\\\/\",\"logo\":{\"@type\":\"ImageObject\",\"inLanguage\":\"en-GB\",\"@id\":\"https:\\\/\\\/www.slogi.si\\\/#\\\/schema\\\/logo\\\/image\\\/\",\"url\":\"https:\\\/\\\/www.slogi.si\\\/wp-content\\\/uploads\\\/2024\\\/01\\\/favicon.svg\",\"contentUrl\":\"https:\\\/\\\/www.slogi.si\\\/wp-content\\\/uploads\\\/2024\\\/01\\\/favicon.svg\",\"width\":100,\"height\":100,\"caption\":\"SLOGI\"},\"image\":{\"@id\":\"https:\\\/\\\/www.slogi.si\\\/#\\\/schema\\\/logo\\\/image\\\/\"}}]}<\/script>\n<!-- \/ Yoast SEO plugin. -->","yoast_head_json":{"title":"From our Collections \u2013 At the 100th anniversary of Bojan \u0160tih&#039;s birth - SLOGI","robots":{"index":"index","follow":"follow","max-snippet":"max-snippet:-1","max-image-preview":"max-image-preview:large","max-video-preview":"max-video-preview:-1"},"canonical":"https:\/\/www.slogi.si\/en\/events\/from-our-collections-bojan-stich\/","og_locale":"en_GB","og_type":"article","og_title":"From our Collections \u2013 At the 100th anniversary of Bojan \u0160tih\u2018s birth - SLOGI","og_description":"Bojan \u0160tih, born 18 February 1923, in years 1961\u20131982 the artistic leader of four theatre houses in Slovenia, has left the most decisive mark on the shaping of contemporary dramaturgical concept in 1961\u20131968 at the Slovene National Theatre Drama in Ljubljana.","og_url":"https:\/\/www.slogi.si\/en\/events\/from-our-collections-bojan-stich\/","og_site_name":"SLOGI","article_modified_time":"2024-09-12T12:50:48+00:00","og_image":[{"width":710,"height":375,"url":"https:\/\/www.slogi.si\/wp-content\/uploads\/2024\/01\/Kdo-se-boji-Virginie-Woolf_foto-Vlastja-Simoncic_SNG-Drama_1964_710.jpg","type":"image\/jpeg"}],"twitter_card":"summary_large_image","twitter_misc":{"Estimated reading time":"1 minute"},"schema":{"@context":"https:\/\/schema.org","@graph":[{"@type":"WebPage","@id":"https:\/\/www.slogi.si\/dogodki\/from-our-collections-bojan-stih\/","url":"https:\/\/www.slogi.si\/dogodki\/from-our-collections-bojan-stih\/","name":"From our Collections \u2013 At the 100th anniversary of Bojan \u0160tih&#039;s birth - SLOGI","isPartOf":{"@id":"https:\/\/www.slogi.si\/#website"},"primaryImageOfPage":{"@id":"https:\/\/www.slogi.si\/dogodki\/from-our-collections-bojan-stih\/#primaryimage"},"image":{"@id":"https:\/\/www.slogi.si\/dogodki\/from-our-collections-bojan-stih\/#primaryimage"},"thumbnailUrl":"https:\/\/www.slogi.si\/wp-content\/uploads\/2024\/01\/Kdo-se-boji-Virginie-Woolf_foto-Vlastja-Simoncic_SNG-Drama_1964_710.jpg","datePublished":"2023-03-01T07:12:15+00:00","dateModified":"2024-09-12T12:50:48+00:00","breadcrumb":{"@id":"https:\/\/www.slogi.si\/dogodki\/from-our-collections-bojan-stih\/#breadcrumb"},"inLanguage":"en-GB","potentialAction":[{"@type":"ReadAction","target":["https:\/\/www.slogi.si\/dogodki\/from-our-collections-bojan-stih\/"]}]},{"@type":"ImageObject","inLanguage":"en-GB","@id":"https:\/\/www.slogi.si\/dogodki\/from-our-collections-bojan-stih\/#primaryimage","url":"https:\/\/www.slogi.si\/wp-content\/uploads\/2024\/01\/Kdo-se-boji-Virginie-Woolf_foto-Vlastja-Simoncic_SNG-Drama_1964_710.jpg","contentUrl":"https:\/\/www.slogi.si\/wp-content\/uploads\/2024\/01\/Kdo-se-boji-Virginie-Woolf_foto-Vlastja-Simoncic_SNG-Drama_1964_710.jpg","width":710,"height":375,"caption":"Du\u0161a Po\u010dkaj (Martha) and Danilo Benedi\u010di\u010d (Nick) in Who's afraid of Virginia Woolf?, dir. Mile Korun, Drama SNT Ljubljana, 1964. Photo: Vlastja Simon\u010di\u010d. Source: SLOGI Iconotheque \u2013 Theatre Museum."},{"@type":"BreadcrumbList","@id":"https:\/\/www.slogi.si\/dogodki\/from-our-collections-bojan-stih\/#breadcrumb","itemListElement":[{"@type":"ListItem","position":1,"name":"Home","item":"https:\/\/www.slogi.si\/"},{"@type":"ListItem","position":2,"name":"From our Collections \u2013 At the 100th anniversary of Bojan \u0160tih\u2018s birth"}]},{"@type":"WebSite","@id":"https:\/\/www.slogi.si\/#website","url":"https:\/\/www.slogi.si\/","name":"SLOGI","description":"Slovenian Theatre Institute","publisher":{"@id":"https:\/\/www.slogi.si\/#organization"},"alternateName":"Slovenski Gledali\u0161ki In\u0161titut","potentialAction":[{"@type":"SearchAction","target":{"@type":"EntryPoint","urlTemplate":"https:\/\/www.slogi.si\/?s={search_term_string}"},"query-input":{"@type":"PropertyValueSpecification","valueRequired":true,"valueName":"search_term_string"}}],"inLanguage":"en-GB"},{"@type":"Organization","@id":"https:\/\/www.slogi.si\/#organization","name":"SLOGI","alternateName":"Slovenski Gledali\u0161ki In\u0161titut","url":"https:\/\/www.slogi.si\/","logo":{"@type":"ImageObject","inLanguage":"en-GB","@id":"https:\/\/www.slogi.si\/#\/schema\/logo\/image\/","url":"https:\/\/www.slogi.si\/wp-content\/uploads\/2024\/01\/favicon.svg","contentUrl":"https:\/\/www.slogi.si\/wp-content\/uploads\/2024\/01\/favicon.svg","width":100,"height":100,"caption":"SLOGI"},"image":{"@id":"https:\/\/www.slogi.si\/#\/schema\/logo\/image\/"}}]}},"_links":{"self":[{"href":"https:\/\/www.slogi.si\/en\/wp-json\/wp\/v2\/dogodki\/10632","targetHints":{"allow":["GET"]}}],"collection":[{"href":"https:\/\/www.slogi.si\/en\/wp-json\/wp\/v2\/dogodki"}],"about":[{"href":"https:\/\/www.slogi.si\/en\/wp-json\/wp\/v2\/types\/dogodki"}],"wp:featuredmedia":[{"embeddable":true,"href":"https:\/\/www.slogi.si\/en\/wp-json\/wp\/v2\/media\/10631"}],"wp:attachment":[{"href":"https:\/\/www.slogi.si\/en\/wp-json\/wp\/v2\/media?parent=10632"}],"wp:term":[{"taxonomy":"category","embeddable":true,"href":"https:\/\/www.slogi.si\/en\/wp-json\/wp\/v2\/categories?post=10632"},{"taxonomy":"post_tag","embeddable":true,"href":"https:\/\/www.slogi.si\/en\/wp-json\/wp\/v2\/tags?post=10632"},{"taxonomy":"izpostavljamo","embeddable":true,"href":"https:\/\/www.slogi.si\/en\/wp-json\/wp\/v2\/izpostavljamo?post=10632"},{"taxonomy":"letnik","embeddable":true,"href":"https:\/\/www.slogi.si\/en\/wp-json\/wp\/v2\/letnik?post=10632"},{"taxonomy":"tip","embeddable":true,"href":"https:\/\/www.slogi.si\/en\/wp-json\/wp\/v2\/tip?post=10632"},{"taxonomy":"vrsta-razstave","embeddable":true,"href":"https:\/\/www.slogi.si\/en\/wp-json\/wp\/v2\/vrsta-razstave?post=10632"}],"curies":[{"name":"wp","href":"https:\/\/api.w.org\/{rel}","templated":true}]}}