{"id":10554,"date":"2022-11-01T19:47:48","date_gmt":"2022-11-01T18:47:48","guid":{"rendered":"https:\/\/www.slogi.si\/dogodki\/iz-nasih-zbirk-gledaliski_eksperiment_na_slovenskem-2\/"},"modified":"2024-09-13T10:02:46","modified_gmt":"2024-09-13T08:02:46","slug":"iz-nasih-zbirk-gledaliski_eksperiment_na_slovenskem-2","status":"publish","type":"dogodki","link":"https:\/\/www.slogi.si\/en\/dogodki\/iz-nasih-zbirk-gledaliski_eksperiment_na_slovenskem-2\/","title":{"rendered":"Iz na\u0161ih zbirk &#8211; Rojstvo Slovenskega gledali\u0161kega in\u0161tituta (SLOGI) iz duha Slovenskega gledali\u0161kega muzeja"},"content":{"rendered":"<div class=\"lokacija single\">We are presenting our collections.<\/div>\n<p><strong>The birth of the Slovenian Theater Institute (SLOGI) from the spirit of the Slovenian Theater Museum<\/strong><\/p>\n<p>\u00bb\u010ce kdaj, je zdaj \u0161e mogo\u010de zbrati gradivo neprecenljive vrednosti za zgodovinsko resni\u010dno podobo na\u0161e gledali\u0161ke preteklosti.\u00ab<\/p>\n<p>To je misel Janka Travna, prvega direktorja Slovenskega gledali\u0161kega muzeja, ki je bil ustanovljen 29. novembra 1952, ob 60. obletnici De\u017eelnega gledali\u0161\u010da, najzgodnej\u0161e oblike Slovenskega narodnega gledali\u0161\u010da v Ljubljani. Muzej je kot del SNG sprva deloval v prostorih uprave gledali\u0161\u010da na Cankarjevi cesti 11. Traven se je lotil obse\u017enega zbiranja te\u017eko pregledne koli\u010dine gradiva, ki so ga dotlej nesistematizirano hranili arhivi slovenskih gledali\u0161\u010d in gledali\u0161\u010dniki na svojih domovih. Vlogo ustanove je opredelil z besedami: \u00bbGlavna naloga muzeja bi predvsem bila, da zbira, ohranjuje, obdeluje, opredeljuje in razstavlja zgodovinsko va\u017eno gradivo slovenskih gledali\u0161\u010d.\u00ab<\/p>\n<p>Ob 70. obletnici ustanovitve muzeja se spominjamo Travna in njegovih sopotnikov, kot tudi naslednikov, ki so uzavestili potrebo po ustanovitvi in\u0161tituta. Od leta 2014 je SLOGI pravni naslednik Slovenskega gledali\u0161kega muzeja.<\/p>\n<p>&nbsp;<\/p>\n<p>Iz na\u0161ih zbirk \u2013 plakat november 2022:<\/p>\n<div id='gallery-1' class='gallery galleryid-10554 gallery-columns-2 gallery-size-square'><figure class='gallery-item'>\n\t\t\t<div class='gallery-icon landscape'>\n\t\t\t\t<a href='https:\/\/www.slogi.si\/wp-content\/uploads\/2024\/01\/Plakat-november-2022-scaled-1.jpg'><img fetchpriority=\"high\" decoding=\"async\" width=\"2560\" height=\"2560\" src=\"https:\/\/www.slogi.si\/wp-content\/uploads\/2024\/01\/Plakat-november-2022-scaled-1.jpg\" class=\"attachment-square size-square\" alt=\"\" srcset=\"https:\/\/www.slogi.si\/wp-content\/uploads\/2024\/01\/Plakat-november-2022-scaled-1.jpg 2560w, https:\/\/www.slogi.si\/wp-content\/uploads\/2024\/01\/Plakat-november-2022-scaled-1-300x300.jpg 300w, https:\/\/www.slogi.si\/wp-content\/uploads\/2024\/01\/Plakat-november-2022-scaled-1-1024x1024.jpg 1024w, https:\/\/www.slogi.si\/wp-content\/uploads\/2024\/01\/Plakat-november-2022-scaled-1-150x150.jpg 150w, https:\/\/www.slogi.si\/wp-content\/uploads\/2024\/01\/Plakat-november-2022-scaled-1-768x768.jpg 768w, https:\/\/www.slogi.si\/wp-content\/uploads\/2024\/01\/Plakat-november-2022-scaled-1-1536x1536.jpg 1536w, https:\/\/www.slogi.si\/wp-content\/uploads\/2024\/01\/Plakat-november-2022-scaled-1-2048x2048.jpg 2048w\" sizes=\"(max-width: 2560px) 100vw, 2560px\" \/><\/a>\n\t\t\t<\/div><\/figure><figure class='gallery-item'>\n\t\t\t<div class='gallery-icon landscape'>\n\t\t\t\t<a href='https:\/\/www.slogi.si\/wp-content\/uploads\/2024\/01\/2-Janko-Traven-scaled-1.jpg'><img decoding=\"async\" width=\"2560\" height=\"1630\" src=\"https:\/\/www.slogi.si\/wp-content\/uploads\/2024\/01\/2-Janko-Traven-scaled-1.jpg\" class=\"attachment-square size-square\" alt=\"\" aria-describedby=\"gallery-1-4329\" srcset=\"https:\/\/www.slogi.si\/wp-content\/uploads\/2024\/01\/2-Janko-Traven-scaled-1.jpg 2560w, https:\/\/www.slogi.si\/wp-content\/uploads\/2024\/01\/2-Janko-Traven-scaled-1-300x191.jpg 300w, https:\/\/www.slogi.si\/wp-content\/uploads\/2024\/01\/2-Janko-Traven-scaled-1-1024x652.jpg 1024w, https:\/\/www.slogi.si\/wp-content\/uploads\/2024\/01\/2-Janko-Traven-scaled-1-768x489.jpg 768w, https:\/\/www.slogi.si\/wp-content\/uploads\/2024\/01\/2-Janko-Traven-scaled-1-1536x978.jpg 1536w, https:\/\/www.slogi.si\/wp-content\/uploads\/2024\/01\/2-Janko-Traven-scaled-1-2048x1304.jpg 2048w\" sizes=\"(max-width: 2560px) 100vw, 2560px\" \/><\/a>\n\t\t\t<\/div>\n\t\t\t\t<figcaption class='wp-caption-text gallery-caption' id='gallery-1-4329'>\n\t\t\t\tJanko Traven, the first director of Slovenian Theatre Museum. Source: SLOGI Iconotheque \u2013 Theatre Museum.\n\t\t\t\t<\/figcaption><\/figure>\n\t\t<\/div>","protected":false},"excerpt":{"rendered":"<p>Ob 70. obletnici ustanovitve muzeja se spominjamo Travna in njegovih sopotnikov, kot tudi naslednikov, ki so uzavestili potrebo po ustanovitvi in\u0161tituta. Od leta 2014 je SLOGI pravni naslednik Slovenskega gledali\u0161kega muzeja.<\/p>","protected":false},"featured_media":4329,"template":"","categories":[416],"tags":[],"izpostavljamo":[40],"letnik":[375],"tip":[],"vrsta-razstave":[],"class_list":["post-10554","dogodki","type-dogodki","status-publish","has-post-thumbnail","hentry","category-dogodki","izpostavljamo-ne-spreglejte","letnik-375"],"acf":[],"yoast_head":"<!-- This site is optimized with the Yoast SEO plugin v27.5 - https:\/\/yoast.com\/product\/yoast-seo-wordpress\/ -->\n<title>Iz na\u0161ih zbirk - Rojstvo Slovenskega gledali\u0161kega in\u0161tituta (SLOGI) iz duha Slovenskega gledali\u0161kega muzeja - SLOGI<\/title>\n<meta name=\"robots\" content=\"index, follow, max-snippet:-1, max-image-preview:large, max-video-preview:-1\" \/>\n<link rel=\"canonical\" href=\"https:\/\/www.slogi.si\/en\/events\/iz-nasih-zbirk-gledaliski_eksperiment_na_slovenskem-2\/\" \/>\n<meta property=\"og:locale\" content=\"en_GB\" \/>\n<meta property=\"og:type\" content=\"article\" \/>\n<meta property=\"og:title\" content=\"Iz na\u0161ih zbirk - Rojstvo Slovenskega gledali\u0161kega in\u0161tituta (SLOGI) iz duha Slovenskega gledali\u0161kega muzeja - SLOGI\" \/>\n<meta property=\"og:description\" content=\"Ob 70. obletnici ustanovitve muzeja se spominjamo Travna in njegovih sopotnikov, kot tudi naslednikov, ki so uzavestili potrebo po ustanovitvi in\u0161tituta. Od leta 2014 je SLOGI pravni naslednik Slovenskega gledali\u0161kega muzeja.\" \/>\n<meta property=\"og:url\" content=\"https:\/\/www.slogi.si\/en\/events\/iz-nasih-zbirk-gledaliski_eksperiment_na_slovenskem-2\/\" \/>\n<meta property=\"og:site_name\" content=\"SLOGI\" \/>\n<meta property=\"article:modified_time\" content=\"2024-09-13T08:02:46+00:00\" \/>\n<meta property=\"og:image\" content=\"https:\/\/www.slogi.si\/wp-content\/uploads\/2024\/01\/2-Janko-Traven-scaled-1.jpg\" \/>\n\t<meta property=\"og:image:width\" content=\"2560\" \/>\n\t<meta property=\"og:image:height\" content=\"1630\" \/>\n\t<meta property=\"og:image:type\" content=\"image\/jpeg\" \/>\n<meta name=\"twitter:card\" content=\"summary_large_image\" \/>\n<meta name=\"twitter:label1\" content=\"Estimated reading time\" \/>\n\t<meta name=\"twitter:data1\" content=\"1 minute\" \/>\n<script type=\"application\/ld+json\" class=\"yoast-schema-graph\">{\"@context\":\"https:\\\/\\\/schema.org\",\"@graph\":[{\"@type\":\"WebPage\",\"@id\":\"https:\\\/\\\/www.slogi.si\\\/dogodki\\\/iz-nasih-zbirk-gledaliski_eksperiment_na_slovenskem-2\\\/\",\"url\":\"https:\\\/\\\/www.slogi.si\\\/dogodki\\\/iz-nasih-zbirk-gledaliski_eksperiment_na_slovenskem-2\\\/\",\"name\":\"Iz na\u0161ih zbirk - Rojstvo Slovenskega gledali\u0161kega in\u0161tituta (SLOGI) iz duha Slovenskega gledali\u0161kega muzeja - SLOGI\",\"isPartOf\":{\"@id\":\"https:\\\/\\\/www.slogi.si\\\/#website\"},\"primaryImageOfPage\":{\"@id\":\"https:\\\/\\\/www.slogi.si\\\/dogodki\\\/iz-nasih-zbirk-gledaliski_eksperiment_na_slovenskem-2\\\/#primaryimage\"},\"image\":{\"@id\":\"https:\\\/\\\/www.slogi.si\\\/dogodki\\\/iz-nasih-zbirk-gledaliski_eksperiment_na_slovenskem-2\\\/#primaryimage\"},\"thumbnailUrl\":\"https:\\\/\\\/www.slogi.si\\\/wp-content\\\/uploads\\\/2024\\\/01\\\/2-Janko-Traven-scaled-1.jpg\",\"datePublished\":\"2022-11-01T18:47:48+00:00\",\"dateModified\":\"2024-09-13T08:02:46+00:00\",\"breadcrumb\":{\"@id\":\"https:\\\/\\\/www.slogi.si\\\/dogodki\\\/iz-nasih-zbirk-gledaliski_eksperiment_na_slovenskem-2\\\/#breadcrumb\"},\"inLanguage\":\"en-GB\",\"potentialAction\":[{\"@type\":\"ReadAction\",\"target\":[\"https:\\\/\\\/www.slogi.si\\\/dogodki\\\/iz-nasih-zbirk-gledaliski_eksperiment_na_slovenskem-2\\\/\"]}]},{\"@type\":\"ImageObject\",\"inLanguage\":\"en-GB\",\"@id\":\"https:\\\/\\\/www.slogi.si\\\/dogodki\\\/iz-nasih-zbirk-gledaliski_eksperiment_na_slovenskem-2\\\/#primaryimage\",\"url\":\"https:\\\/\\\/www.slogi.si\\\/wp-content\\\/uploads\\\/2024\\\/01\\\/2-Janko-Traven-scaled-1.jpg\",\"contentUrl\":\"https:\\\/\\\/www.slogi.si\\\/wp-content\\\/uploads\\\/2024\\\/01\\\/2-Janko-Traven-scaled-1.jpg\",\"width\":2560,\"height\":1630,\"caption\":\"Janko Traven, the first director of Slovenian Theatre Museum. Source: SLOGI Iconotheque \u2013 Theatre Museum.\"},{\"@type\":\"BreadcrumbList\",\"@id\":\"https:\\\/\\\/www.slogi.si\\\/dogodki\\\/iz-nasih-zbirk-gledaliski_eksperiment_na_slovenskem-2\\\/#breadcrumb\",\"itemListElement\":[{\"@type\":\"ListItem\",\"position\":1,\"name\":\"Home\",\"item\":\"https:\\\/\\\/www.slogi.si\\\/\"},{\"@type\":\"ListItem\",\"position\":2,\"name\":\"Iz na\u0161ih zbirk &#8211; Rojstvo Slovenskega gledali\u0161kega in\u0161tituta (SLOGI) iz duha Slovenskega gledali\u0161kega muzeja\"}]},{\"@type\":\"WebSite\",\"@id\":\"https:\\\/\\\/www.slogi.si\\\/#website\",\"url\":\"https:\\\/\\\/www.slogi.si\\\/\",\"name\":\"SLOGI\",\"description\":\"Slovenski Gledali\u0161ki In\u0161titut\",\"publisher\":{\"@id\":\"https:\\\/\\\/www.slogi.si\\\/#organization\"},\"alternateName\":\"Slovenski Gledali\u0161ki In\u0161titut\",\"potentialAction\":[{\"@type\":\"SearchAction\",\"target\":{\"@type\":\"EntryPoint\",\"urlTemplate\":\"https:\\\/\\\/www.slogi.si\\\/?s={search_term_string}\"},\"query-input\":{\"@type\":\"PropertyValueSpecification\",\"valueRequired\":true,\"valueName\":\"search_term_string\"}}],\"inLanguage\":\"en-GB\"},{\"@type\":\"Organization\",\"@id\":\"https:\\\/\\\/www.slogi.si\\\/#organization\",\"name\":\"SLOGI\",\"alternateName\":\"Slovenski Gledali\u0161ki In\u0161titut\",\"url\":\"https:\\\/\\\/www.slogi.si\\\/\",\"logo\":{\"@type\":\"ImageObject\",\"inLanguage\":\"en-GB\",\"@id\":\"https:\\\/\\\/www.slogi.si\\\/#\\\/schema\\\/logo\\\/image\\\/\",\"url\":\"https:\\\/\\\/www.slogi.si\\\/wp-content\\\/uploads\\\/2024\\\/01\\\/favicon.svg\",\"contentUrl\":\"https:\\\/\\\/www.slogi.si\\\/wp-content\\\/uploads\\\/2024\\\/01\\\/favicon.svg\",\"width\":100,\"height\":100,\"caption\":\"SLOGI\"},\"image\":{\"@id\":\"https:\\\/\\\/www.slogi.si\\\/#\\\/schema\\\/logo\\\/image\\\/\"}}]}<\/script>\n<!-- \/ Yoast SEO plugin. -->","yoast_head_json":{"title":"Iz na\u0161ih zbirk - Rojstvo Slovenskega gledali\u0161kega in\u0161tituta (SLOGI) iz duha Slovenskega gledali\u0161kega muzeja - SLOGI","robots":{"index":"index","follow":"follow","max-snippet":"max-snippet:-1","max-image-preview":"max-image-preview:large","max-video-preview":"max-video-preview:-1"},"canonical":"https:\/\/www.slogi.si\/en\/events\/iz-nasih-zbirk-gledaliski_eksperiment_na_slovenskem-2\/","og_locale":"en_GB","og_type":"article","og_title":"Iz na\u0161ih zbirk - Rojstvo Slovenskega gledali\u0161kega in\u0161tituta (SLOGI) iz duha Slovenskega gledali\u0161kega muzeja - SLOGI","og_description":"Ob 70. obletnici ustanovitve muzeja se spominjamo Travna in njegovih sopotnikov, kot tudi naslednikov, ki so uzavestili potrebo po ustanovitvi in\u0161tituta. Od leta 2014 je SLOGI pravni naslednik Slovenskega gledali\u0161kega muzeja.","og_url":"https:\/\/www.slogi.si\/en\/events\/iz-nasih-zbirk-gledaliski_eksperiment_na_slovenskem-2\/","og_site_name":"SLOGI","article_modified_time":"2024-09-13T08:02:46+00:00","og_image":[{"width":2560,"height":1630,"url":"https:\/\/www.slogi.si\/wp-content\/uploads\/2024\/01\/2-Janko-Traven-scaled-1.jpg","type":"image\/jpeg"}],"twitter_card":"summary_large_image","twitter_misc":{"Estimated reading time":"1 minute"},"schema":{"@context":"https:\/\/schema.org","@graph":[{"@type":"WebPage","@id":"https:\/\/www.slogi.si\/dogodki\/iz-nasih-zbirk-gledaliski_eksperiment_na_slovenskem-2\/","url":"https:\/\/www.slogi.si\/dogodki\/iz-nasih-zbirk-gledaliski_eksperiment_na_slovenskem-2\/","name":"Iz na\u0161ih zbirk - Rojstvo Slovenskega gledali\u0161kega in\u0161tituta (SLOGI) iz duha Slovenskega gledali\u0161kega muzeja - SLOGI","isPartOf":{"@id":"https:\/\/www.slogi.si\/#website"},"primaryImageOfPage":{"@id":"https:\/\/www.slogi.si\/dogodki\/iz-nasih-zbirk-gledaliski_eksperiment_na_slovenskem-2\/#primaryimage"},"image":{"@id":"https:\/\/www.slogi.si\/dogodki\/iz-nasih-zbirk-gledaliski_eksperiment_na_slovenskem-2\/#primaryimage"},"thumbnailUrl":"https:\/\/www.slogi.si\/wp-content\/uploads\/2024\/01\/2-Janko-Traven-scaled-1.jpg","datePublished":"2022-11-01T18:47:48+00:00","dateModified":"2024-09-13T08:02:46+00:00","breadcrumb":{"@id":"https:\/\/www.slogi.si\/dogodki\/iz-nasih-zbirk-gledaliski_eksperiment_na_slovenskem-2\/#breadcrumb"},"inLanguage":"en-GB","potentialAction":[{"@type":"ReadAction","target":["https:\/\/www.slogi.si\/dogodki\/iz-nasih-zbirk-gledaliski_eksperiment_na_slovenskem-2\/"]}]},{"@type":"ImageObject","inLanguage":"en-GB","@id":"https:\/\/www.slogi.si\/dogodki\/iz-nasih-zbirk-gledaliski_eksperiment_na_slovenskem-2\/#primaryimage","url":"https:\/\/www.slogi.si\/wp-content\/uploads\/2024\/01\/2-Janko-Traven-scaled-1.jpg","contentUrl":"https:\/\/www.slogi.si\/wp-content\/uploads\/2024\/01\/2-Janko-Traven-scaled-1.jpg","width":2560,"height":1630,"caption":"Janko Traven, the first director of Slovenian Theatre Museum. Source: SLOGI Iconotheque \u2013 Theatre Museum."},{"@type":"BreadcrumbList","@id":"https:\/\/www.slogi.si\/dogodki\/iz-nasih-zbirk-gledaliski_eksperiment_na_slovenskem-2\/#breadcrumb","itemListElement":[{"@type":"ListItem","position":1,"name":"Home","item":"https:\/\/www.slogi.si\/"},{"@type":"ListItem","position":2,"name":"Iz na\u0161ih zbirk &#8211; Rojstvo Slovenskega gledali\u0161kega in\u0161tituta (SLOGI) iz duha Slovenskega gledali\u0161kega muzeja"}]},{"@type":"WebSite","@id":"https:\/\/www.slogi.si\/#website","url":"https:\/\/www.slogi.si\/","name":"SLOGI","description":"Slovenian Theatre Institute","publisher":{"@id":"https:\/\/www.slogi.si\/#organization"},"alternateName":"Slovenski Gledali\u0161ki In\u0161titut","potentialAction":[{"@type":"SearchAction","target":{"@type":"EntryPoint","urlTemplate":"https:\/\/www.slogi.si\/?s={search_term_string}"},"query-input":{"@type":"PropertyValueSpecification","valueRequired":true,"valueName":"search_term_string"}}],"inLanguage":"en-GB"},{"@type":"Organization","@id":"https:\/\/www.slogi.si\/#organization","name":"SLOGI","alternateName":"Slovenski Gledali\u0161ki In\u0161titut","url":"https:\/\/www.slogi.si\/","logo":{"@type":"ImageObject","inLanguage":"en-GB","@id":"https:\/\/www.slogi.si\/#\/schema\/logo\/image\/","url":"https:\/\/www.slogi.si\/wp-content\/uploads\/2024\/01\/favicon.svg","contentUrl":"https:\/\/www.slogi.si\/wp-content\/uploads\/2024\/01\/favicon.svg","width":100,"height":100,"caption":"SLOGI"},"image":{"@id":"https:\/\/www.slogi.si\/#\/schema\/logo\/image\/"}}]}},"_links":{"self":[{"href":"https:\/\/www.slogi.si\/en\/wp-json\/wp\/v2\/dogodki\/10554","targetHints":{"allow":["GET"]}}],"collection":[{"href":"https:\/\/www.slogi.si\/en\/wp-json\/wp\/v2\/dogodki"}],"about":[{"href":"https:\/\/www.slogi.si\/en\/wp-json\/wp\/v2\/types\/dogodki"}],"wp:featuredmedia":[{"embeddable":true,"href":"https:\/\/www.slogi.si\/en\/wp-json\/wp\/v2\/media\/4329"}],"wp:attachment":[{"href":"https:\/\/www.slogi.si\/en\/wp-json\/wp\/v2\/media?parent=10554"}],"wp:term":[{"taxonomy":"category","embeddable":true,"href":"https:\/\/www.slogi.si\/en\/wp-json\/wp\/v2\/categories?post=10554"},{"taxonomy":"post_tag","embeddable":true,"href":"https:\/\/www.slogi.si\/en\/wp-json\/wp\/v2\/tags?post=10554"},{"taxonomy":"izpostavljamo","embeddable":true,"href":"https:\/\/www.slogi.si\/en\/wp-json\/wp\/v2\/izpostavljamo?post=10554"},{"taxonomy":"letnik","embeddable":true,"href":"https:\/\/www.slogi.si\/en\/wp-json\/wp\/v2\/letnik?post=10554"},{"taxonomy":"tip","embeddable":true,"href":"https:\/\/www.slogi.si\/en\/wp-json\/wp\/v2\/tip?post=10554"},{"taxonomy":"vrsta-razstave","embeddable":true,"href":"https:\/\/www.slogi.si\/en\/wp-json\/wp\/v2\/vrsta-razstave?post=10554"}],"curies":[{"name":"wp","href":"https:\/\/api.w.org\/{rel}","templated":true}]}}