{"id":10529,"date":"2022-09-28T13:37:41","date_gmt":"2022-09-28T11:37:41","guid":{"rendered":"https:\/\/www.slogi.si\/dogodki\/slovenci_na_letosnjem_bitefu-2\/"},"modified":"2024-09-13T10:02:45","modified_gmt":"2024-09-13T08:02:45","slug":"slovenci_na_letosnjem_bitefu-2","status":"publish","type":"dogodki","link":"https:\/\/www.slogi.si\/en\/dogodki\/slovenci_na_letosnjem_bitefu-2\/","title":{"rendered":"56Bitef22 &#8211; Slovenci na leto\u0161njem Bitefu"},"content":{"rendered":"<p>Od 23. septembra v Beogradu poteka 56. izdaja Bitefa. Leto\u0161nji tekmovalni program mednarodnega gledali\u0161kega festivala, ki ga od 2015 umetni\u0161ko vodi Ivan Medenica, bo ob predstavah iz Nem\u010dije, Belgije, Francije, Mehike, Srbije in Velike Britanije predstavil tudi slovenske avtorje. V tekmovalnem programu bosta nastopili predstavi <em>Solo<\/em> (Nova po\u0161ta \u2013 SMG in Maska; re\u017e. Nina Raji\u0107 Kranjac) in <em>Krize<\/em> (Nova po\u0161ta \u2013 SMG in Maska, Domino, Bitef; re\u017e. \u017diga Divjak), ki bo 30. septembra na Bitefu predstavljena premierno.<\/p>\n<p>Zavod Maska bo predstavil novo \u0161tevilko revije Maska na temo Jugofuturizma, s katero se bo 30. 9. ukvarjala tudi mednarodna konferenca.<\/p>\n<p>Te dni vse gledali\u0161ke poti vodijo v Beograd \u2013 saj bo mednarodna mre\u017ea sodobnih scenskih umetnosti IETM v okviru spremljevalnega programa Bitefa organizirala svoj plenarni sestanek, \u0161tiridnevno sre\u010danje z ve\u010d kot 500 udele\u017eenci in vrsto umetni\u0161kih dogodkov.<\/p>\n<p>Na leto\u0161nji Bitef je potoval tudi na\u0161 sodelavec, mag. <strong>Primo\u017e Jesenko<\/strong>, ki je v za portal Kritika strnil svoje vtise in komentarje v zapisu <a href=\"https:\/\/veza.sigledal.org\/kritika\/stopiti-iz-slepe-ulice-r\"><em>Stopiti iz slepe ulice (56. Bitef)<\/em>\u00a0&gt;&gt;<\/a><\/p>\n<p>&nbsp;<\/p>\n<p>&nbsp;<\/p>","protected":false},"excerpt":{"rendered":"<p>Od 23. septembra v Beogradu poteka 56. izdaja Bitefa. Leto\u0161nji tekmovalni program mednarodnega gledali\u0161kega festivala, ki ga od 2015 umetni\u0161ko vodi Ivan Medenica, bo ob predstavah iz Nem\u010dije, Belgije, Francije, Mehike, Srbije in Velike Britanije predstavil tudi slovenske avtorje. V tekmovalnem programu bosta nastopili predstavi Solo (Nova po\u0161ta \u2013 SMG in Maska; re\u017e. Nina Raji\u0107 Kranjac) in Krize (Nova po\u0161ta \u2013 SMG in Maska, Domino, Bitef; re\u017e. \u017diga Divjak), ki bo 30. septembra na Bitefu predstavljena premierno.<br \/>\nZavod Maska bo predstavil novo \u0161tevilko revije Maska na temo Jugofuturizma, s katero se bo 30. 9. ukvarjala tudi mednarodna konferenca.<br \/>\nTe dni vse gledali\u0161ke poti vodijo v Beograd \u2013 saj bo mednarodna mre\u017ea sodobnih scenskih umetnosti IETM v okviru spremljevalnega programa Bitefa organizirala svoj plenarni sestanek, \u0161tiridnevno sre\u010danje z ve\u010d kot 500 udele\u017eenci in vrsto umetni\u0161kih dogodkov.<br \/>\nNa leto\u0161nji Bitef potuje tudi na\u0161 sodelavec, mag. Primo\u017e Jesenko.<\/p>","protected":false},"featured_media":10530,"template":"","categories":[416,435],"tags":[],"izpostavljamo":[40],"letnik":[375],"tip":[],"vrsta-razstave":[],"class_list":["post-10529","dogodki","type-dogodki","status-publish","has-post-thumbnail","hentry","category-dogodki","category-za-medije","izpostavljamo-ne-spreglejte","letnik-375"],"acf":[],"yoast_head":"<!-- This site is optimized with the Yoast SEO plugin v27.5 - https:\/\/yoast.com\/product\/yoast-seo-wordpress\/ -->\n<title>56Bitef22 - Slovenci na leto\u0161njem Bitefu - SLOGI<\/title>\n<meta name=\"robots\" content=\"index, follow, max-snippet:-1, max-image-preview:large, max-video-preview:-1\" \/>\n<link rel=\"canonical\" href=\"https:\/\/www.slogi.si\/en\/events\/slovenci_na_letosnjem_bitefu-2\/\" \/>\n<meta property=\"og:locale\" content=\"en_GB\" \/>\n<meta property=\"og:type\" content=\"article\" \/>\n<meta property=\"og:title\" content=\"56Bitef22 - Slovenci na leto\u0161njem Bitefu - SLOGI\" \/>\n<meta property=\"og:description\" content=\"Od 23. septembra v Beogradu poteka 56. izdaja Bitefa. Leto\u0161nji tekmovalni program mednarodnega gledali\u0161kega festivala, ki ga od 2015 umetni\u0161ko vodi Ivan Medenica, bo ob predstavah iz Nem\u010dije, Belgije, Francije, Mehike, Srbije in Velike Britanije predstavil tudi slovenske avtorje. V tekmovalnem programu bosta nastopili predstavi Solo (Nova po\u0161ta \u2013 SMG in Maska; re\u017e. Nina Raji\u0107 Kranjac) in Krize (Nova po\u0161ta \u2013 SMG in Maska, Domino, Bitef; re\u017e. \u017diga Divjak), ki bo 30. septembra na Bitefu predstavljena premierno. Zavod Maska bo predstavil novo \u0161tevilko revije Maska na temo Jugofuturizma, s katero se bo 30. 9. ukvarjala tudi mednarodna konferenca. Te dni vse gledali\u0161ke poti vodijo v Beograd \u2013 saj bo mednarodna mre\u017ea sodobnih scenskih umetnosti IETM v okviru spremljevalnega programa Bitefa organizirala svoj plenarni sestanek, \u0161tiridnevno sre\u010danje z ve\u010d kot 500 udele\u017eenci in vrsto umetni\u0161kih dogodkov. Na leto\u0161nji Bitef potuje tudi na\u0161 sodelavec, mag. Primo\u017e Jesenko.\" \/>\n<meta property=\"og:url\" content=\"https:\/\/www.slogi.si\/en\/events\/slovenci_na_letosnjem_bitefu-2\/\" \/>\n<meta property=\"og:site_name\" content=\"SLOGI\" \/>\n<meta property=\"article:modified_time\" content=\"2024-09-13T08:02:45+00:00\" \/>\n<meta property=\"og:image\" content=\"https:\/\/www.slogi.si\/wp-content\/uploads\/2024\/01\/Bitef.png\" \/>\n\t<meta property=\"og:image:width\" content=\"605\" \/>\n\t<meta property=\"og:image:height\" content=\"450\" \/>\n\t<meta property=\"og:image:type\" content=\"image\/png\" \/>\n<meta name=\"twitter:card\" content=\"summary_large_image\" \/>\n<meta name=\"twitter:label1\" content=\"Estimated reading time\" \/>\n\t<meta name=\"twitter:data1\" content=\"1 minute\" \/>\n<script type=\"application\/ld+json\" class=\"yoast-schema-graph\">{\"@context\":\"https:\\\/\\\/schema.org\",\"@graph\":[{\"@type\":\"WebPage\",\"@id\":\"https:\\\/\\\/www.slogi.si\\\/dogodki\\\/slovenci_na_letosnjem_bitefu-2\\\/\",\"url\":\"https:\\\/\\\/www.slogi.si\\\/dogodki\\\/slovenci_na_letosnjem_bitefu-2\\\/\",\"name\":\"56Bitef22 - Slovenci na leto\u0161njem Bitefu - SLOGI\",\"isPartOf\":{\"@id\":\"https:\\\/\\\/www.slogi.si\\\/#website\"},\"primaryImageOfPage\":{\"@id\":\"https:\\\/\\\/www.slogi.si\\\/dogodki\\\/slovenci_na_letosnjem_bitefu-2\\\/#primaryimage\"},\"image\":{\"@id\":\"https:\\\/\\\/www.slogi.si\\\/dogodki\\\/slovenci_na_letosnjem_bitefu-2\\\/#primaryimage\"},\"thumbnailUrl\":\"https:\\\/\\\/www.slogi.si\\\/wp-content\\\/uploads\\\/2024\\\/01\\\/Bitef.png\",\"datePublished\":\"2022-09-28T11:37:41+00:00\",\"dateModified\":\"2024-09-13T08:02:45+00:00\",\"breadcrumb\":{\"@id\":\"https:\\\/\\\/www.slogi.si\\\/dogodki\\\/slovenci_na_letosnjem_bitefu-2\\\/#breadcrumb\"},\"inLanguage\":\"en-GB\",\"potentialAction\":[{\"@type\":\"ReadAction\",\"target\":[\"https:\\\/\\\/www.slogi.si\\\/dogodki\\\/slovenci_na_letosnjem_bitefu-2\\\/\"]}]},{\"@type\":\"ImageObject\",\"inLanguage\":\"en-GB\",\"@id\":\"https:\\\/\\\/www.slogi.si\\\/dogodki\\\/slovenci_na_letosnjem_bitefu-2\\\/#primaryimage\",\"url\":\"https:\\\/\\\/www.slogi.si\\\/wp-content\\\/uploads\\\/2024\\\/01\\\/Bitef.png\",\"contentUrl\":\"https:\\\/\\\/www.slogi.si\\\/wp-content\\\/uploads\\\/2024\\\/01\\\/Bitef.png\",\"width\":605,\"height\":450},{\"@type\":\"BreadcrumbList\",\"@id\":\"https:\\\/\\\/www.slogi.si\\\/dogodki\\\/slovenci_na_letosnjem_bitefu-2\\\/#breadcrumb\",\"itemListElement\":[{\"@type\":\"ListItem\",\"position\":1,\"name\":\"Home\",\"item\":\"https:\\\/\\\/www.slogi.si\\\/\"},{\"@type\":\"ListItem\",\"position\":2,\"name\":\"56Bitef22 &#8211; Slovenci na leto\u0161njem Bitefu\"}]},{\"@type\":\"WebSite\",\"@id\":\"https:\\\/\\\/www.slogi.si\\\/#website\",\"url\":\"https:\\\/\\\/www.slogi.si\\\/\",\"name\":\"SLOGI\",\"description\":\"Slovenski Gledali\u0161ki In\u0161titut\",\"publisher\":{\"@id\":\"https:\\\/\\\/www.slogi.si\\\/#organization\"},\"alternateName\":\"Slovenski Gledali\u0161ki In\u0161titut\",\"potentialAction\":[{\"@type\":\"SearchAction\",\"target\":{\"@type\":\"EntryPoint\",\"urlTemplate\":\"https:\\\/\\\/www.slogi.si\\\/?s={search_term_string}\"},\"query-input\":{\"@type\":\"PropertyValueSpecification\",\"valueRequired\":true,\"valueName\":\"search_term_string\"}}],\"inLanguage\":\"en-GB\"},{\"@type\":\"Organization\",\"@id\":\"https:\\\/\\\/www.slogi.si\\\/#organization\",\"name\":\"SLOGI\",\"alternateName\":\"Slovenski Gledali\u0161ki In\u0161titut\",\"url\":\"https:\\\/\\\/www.slogi.si\\\/\",\"logo\":{\"@type\":\"ImageObject\",\"inLanguage\":\"en-GB\",\"@id\":\"https:\\\/\\\/www.slogi.si\\\/#\\\/schema\\\/logo\\\/image\\\/\",\"url\":\"https:\\\/\\\/www.slogi.si\\\/wp-content\\\/uploads\\\/2024\\\/01\\\/favicon.svg\",\"contentUrl\":\"https:\\\/\\\/www.slogi.si\\\/wp-content\\\/uploads\\\/2024\\\/01\\\/favicon.svg\",\"width\":100,\"height\":100,\"caption\":\"SLOGI\"},\"image\":{\"@id\":\"https:\\\/\\\/www.slogi.si\\\/#\\\/schema\\\/logo\\\/image\\\/\"}}]}<\/script>\n<!-- \/ Yoast SEO plugin. -->","yoast_head_json":{"title":"56Bitef22 - Slovenci na leto\u0161njem Bitefu - SLOGI","robots":{"index":"index","follow":"follow","max-snippet":"max-snippet:-1","max-image-preview":"max-image-preview:large","max-video-preview":"max-video-preview:-1"},"canonical":"https:\/\/www.slogi.si\/en\/events\/slovenci_na_letosnjem_bitefu-2\/","og_locale":"en_GB","og_type":"article","og_title":"56Bitef22 - Slovenci na leto\u0161njem Bitefu - SLOGI","og_description":"Od 23. septembra v Beogradu poteka 56. izdaja Bitefa. Leto\u0161nji tekmovalni program mednarodnega gledali\u0161kega festivala, ki ga od 2015 umetni\u0161ko vodi Ivan Medenica, bo ob predstavah iz Nem\u010dije, Belgije, Francije, Mehike, Srbije in Velike Britanije predstavil tudi slovenske avtorje. V tekmovalnem programu bosta nastopili predstavi Solo (Nova po\u0161ta \u2013 SMG in Maska; re\u017e. Nina Raji\u0107 Kranjac) in Krize (Nova po\u0161ta \u2013 SMG in Maska, Domino, Bitef; re\u017e. \u017diga Divjak), ki bo 30. septembra na Bitefu predstavljena premierno. Zavod Maska bo predstavil novo \u0161tevilko revije Maska na temo Jugofuturizma, s katero se bo 30. 9. ukvarjala tudi mednarodna konferenca. Te dni vse gledali\u0161ke poti vodijo v Beograd \u2013 saj bo mednarodna mre\u017ea sodobnih scenskih umetnosti IETM v okviru spremljevalnega programa Bitefa organizirala svoj plenarni sestanek, \u0161tiridnevno sre\u010danje z ve\u010d kot 500 udele\u017eenci in vrsto umetni\u0161kih dogodkov. Na leto\u0161nji Bitef potuje tudi na\u0161 sodelavec, mag. Primo\u017e Jesenko.","og_url":"https:\/\/www.slogi.si\/en\/events\/slovenci_na_letosnjem_bitefu-2\/","og_site_name":"SLOGI","article_modified_time":"2024-09-13T08:02:45+00:00","og_image":[{"width":605,"height":450,"url":"https:\/\/www.slogi.si\/wp-content\/uploads\/2024\/01\/Bitef.png","type":"image\/png"}],"twitter_card":"summary_large_image","twitter_misc":{"Estimated reading time":"1 minute"},"schema":{"@context":"https:\/\/schema.org","@graph":[{"@type":"WebPage","@id":"https:\/\/www.slogi.si\/dogodki\/slovenci_na_letosnjem_bitefu-2\/","url":"https:\/\/www.slogi.si\/dogodki\/slovenci_na_letosnjem_bitefu-2\/","name":"56Bitef22 - Slovenci na leto\u0161njem Bitefu - SLOGI","isPartOf":{"@id":"https:\/\/www.slogi.si\/#website"},"primaryImageOfPage":{"@id":"https:\/\/www.slogi.si\/dogodki\/slovenci_na_letosnjem_bitefu-2\/#primaryimage"},"image":{"@id":"https:\/\/www.slogi.si\/dogodki\/slovenci_na_letosnjem_bitefu-2\/#primaryimage"},"thumbnailUrl":"https:\/\/www.slogi.si\/wp-content\/uploads\/2024\/01\/Bitef.png","datePublished":"2022-09-28T11:37:41+00:00","dateModified":"2024-09-13T08:02:45+00:00","breadcrumb":{"@id":"https:\/\/www.slogi.si\/dogodki\/slovenci_na_letosnjem_bitefu-2\/#breadcrumb"},"inLanguage":"en-GB","potentialAction":[{"@type":"ReadAction","target":["https:\/\/www.slogi.si\/dogodki\/slovenci_na_letosnjem_bitefu-2\/"]}]},{"@type":"ImageObject","inLanguage":"en-GB","@id":"https:\/\/www.slogi.si\/dogodki\/slovenci_na_letosnjem_bitefu-2\/#primaryimage","url":"https:\/\/www.slogi.si\/wp-content\/uploads\/2024\/01\/Bitef.png","contentUrl":"https:\/\/www.slogi.si\/wp-content\/uploads\/2024\/01\/Bitef.png","width":605,"height":450},{"@type":"BreadcrumbList","@id":"https:\/\/www.slogi.si\/dogodki\/slovenci_na_letosnjem_bitefu-2\/#breadcrumb","itemListElement":[{"@type":"ListItem","position":1,"name":"Home","item":"https:\/\/www.slogi.si\/"},{"@type":"ListItem","position":2,"name":"56Bitef22 &#8211; Slovenci na leto\u0161njem Bitefu"}]},{"@type":"WebSite","@id":"https:\/\/www.slogi.si\/#website","url":"https:\/\/www.slogi.si\/","name":"SLOGI","description":"Slovenian Theatre Institute","publisher":{"@id":"https:\/\/www.slogi.si\/#organization"},"alternateName":"Slovenski Gledali\u0161ki In\u0161titut","potentialAction":[{"@type":"SearchAction","target":{"@type":"EntryPoint","urlTemplate":"https:\/\/www.slogi.si\/?s={search_term_string}"},"query-input":{"@type":"PropertyValueSpecification","valueRequired":true,"valueName":"search_term_string"}}],"inLanguage":"en-GB"},{"@type":"Organization","@id":"https:\/\/www.slogi.si\/#organization","name":"SLOGI","alternateName":"Slovenski Gledali\u0161ki In\u0161titut","url":"https:\/\/www.slogi.si\/","logo":{"@type":"ImageObject","inLanguage":"en-GB","@id":"https:\/\/www.slogi.si\/#\/schema\/logo\/image\/","url":"https:\/\/www.slogi.si\/wp-content\/uploads\/2024\/01\/favicon.svg","contentUrl":"https:\/\/www.slogi.si\/wp-content\/uploads\/2024\/01\/favicon.svg","width":100,"height":100,"caption":"SLOGI"},"image":{"@id":"https:\/\/www.slogi.si\/#\/schema\/logo\/image\/"}}]}},"_links":{"self":[{"href":"https:\/\/www.slogi.si\/en\/wp-json\/wp\/v2\/dogodki\/10529","targetHints":{"allow":["GET"]}}],"collection":[{"href":"https:\/\/www.slogi.si\/en\/wp-json\/wp\/v2\/dogodki"}],"about":[{"href":"https:\/\/www.slogi.si\/en\/wp-json\/wp\/v2\/types\/dogodki"}],"wp:featuredmedia":[{"embeddable":true,"href":"https:\/\/www.slogi.si\/en\/wp-json\/wp\/v2\/media\/10530"}],"wp:attachment":[{"href":"https:\/\/www.slogi.si\/en\/wp-json\/wp\/v2\/media?parent=10529"}],"wp:term":[{"taxonomy":"category","embeddable":true,"href":"https:\/\/www.slogi.si\/en\/wp-json\/wp\/v2\/categories?post=10529"},{"taxonomy":"post_tag","embeddable":true,"href":"https:\/\/www.slogi.si\/en\/wp-json\/wp\/v2\/tags?post=10529"},{"taxonomy":"izpostavljamo","embeddable":true,"href":"https:\/\/www.slogi.si\/en\/wp-json\/wp\/v2\/izpostavljamo?post=10529"},{"taxonomy":"letnik","embeddable":true,"href":"https:\/\/www.slogi.si\/en\/wp-json\/wp\/v2\/letnik?post=10529"},{"taxonomy":"tip","embeddable":true,"href":"https:\/\/www.slogi.si\/en\/wp-json\/wp\/v2\/tip?post=10529"},{"taxonomy":"vrsta-razstave","embeddable":true,"href":"https:\/\/www.slogi.si\/en\/wp-json\/wp\/v2\/vrsta-razstave?post=10529"}],"curies":[{"name":"wp","href":"https:\/\/api.w.org\/{rel}","templated":true}]}}