{"id":10293,"date":"2021-10-05T05:30:36","date_gmt":"2021-10-05T03:30:36","guid":{"rendered":"https:\/\/www.slogi.si\/dogodki\/vasja-predan\/"},"modified":"2024-09-13T10:02:38","modified_gmt":"2024-09-13T08:02:38","slug":"vasja-predan","status":"publish","type":"dogodki","link":"https:\/\/www.slogi.si\/en\/dogodki\/vasja-predan\/","title":{"rendered":"Poslovil se je Vasja Predan"},"content":{"rendered":"<h5>Poslovil se je gledali\u0161ki in literarni kritik, teatrolog, knji\u017eevnik in urednik Vasja Predan.<\/h5>\n<p>Vasja Predan je diplomiral iz slovenistike na slavisti\u010dnem oddelku na Filozofski fakulteti v Ljubljani. Do leta 1956 je bil v svobodnem poklicu, od leta 1957 do 1962 je bil zaposlen kot prvi dramaturg na Televiziji Ljubljana, nato pa bil do upokojitve leta 1992 urednik pri Na\u0161ih razgledih.<\/p>\n<p style=\"text-align: right;\"><em>Gotovo mora imeti neko sporo\u010dilo tudi za nekoga, ki je predstavo zamudil ali pa sploh ne hodi v gledali\u0161\u010de, ki pa na primer spremlja literaturo, glasbo, likovno podro\u010dje. Pisanje presoj je vsekakor neka vrsta kreativne vokacije in kritika je \u017eanr s svojimi zakonitostmi. Te\u017eava je seveda tudi odlo\u010ditev, kaj spremljati, o \u010dem pisati.\u00a0<\/em> (Vasja Predan o kritiki v intervjuju v \u010dasopisu Dnevnik, 29. 9. 2012)<\/p>\n<p>Njegovo ve\u010d kot pol stoletja dolgo kriti\u0161ko spremljanje doma\u010de in tuje produkcije, \u0161e danes nudi zanesljiv vpogled v gledali\u0161ko \u017eivljenje na Slovenskem. Pisal je tudi eseje in komentarje o dramatur\u0161kih in gledali\u0161kih vpra\u0161anjih, ki odsevajo tudi njegovo odprtost za aktualizirano, samosvojo odrsko interpretacijo dramske umetnine. Poleg tega je pisal tudi o slovstvenih vpra\u0161anjih in spremne besede h knji\u017enim objavam dramskih in drugih besedil. Kot sourednik in avtor prispevkov je sodeloval tudi pri izdajah Slovenskega gledali\u0161kega in\u0161tituta, takrat Slovenskega gledali\u0161kega muzeja (<em>Mile Korun<\/em>, 2002; <em>Views on the work of Du\u0161an Moravec<\/em>, 2012) ter \u0161e s \u0161tevilnimi drugimi prispevki sodeloval v publikacijah muzeja. Ve\u010dkrat je aktivno sodeloval na festivalu Bor\u0161tnikovo sre\u010danje; kot selektor ali \u010dlan strokovne \u017eirije ter \u017eirije za podelitev Bor\u0161tnikovega prstana. Bil je tudi selektor Sterijinega pozorja v Novem Sadu.<\/p>\n<p>Za svoje delo je Vasja Predan prejel Tom\u0161i\u010devi nagradi (1959 in 1991), nagrado Pre\u0161ernovega sklada (1967), Sterijevo nagrado (1990), \u017dupan\u010di\u010devo nagrado za \u017eivljenjsko delo (2010), Gr\u00fcn-Filipi\u010devo priznanje (2015), leta 2016 pa se mu je Dru\u0161tvo gledali\u0161kih kritikov in teatrologov poklonilo s stanovsko nagrado Vladimirja Kralja za \u017eivljenjsko delo.<\/p>\n<p><em>S svojimi \u010dlanki in razmi\u0161ljanji, s svojim pisanjem, bodisi v kriti\u0161ki, esejisti\u010dni ali dnevni\u0161ki obliki, Vasja Predan na\u0161e gledali\u0161\u010de bogati in bistveno dopolnjuje. Svojo pozornost podeljuje tako predstavam in njihovim ustvarjalcem kot tudi gledali\u0161kim teoretikom. Gledali\u0161\u010de razume kot celostno umetnost, ki ima tudi sociolo\u0161ki, psiholo\u0161ki in \u0161ir\u0161i kulturni in zgodovinski pomen. Zaveda se ranljivosti, krhkosti in minljivosti \u017eivega gledali\u0161\u010da, zato se mu posve\u010da odgovorno, kriti\u010dno in ustvarjalno. Njegova strastna privr\u017eenost gledali\u0161\u010du, njegova vsestranska informiranost in njegova poklicanost k pisanju predstavljajo dragocen zgled, ki mu izrekamo priznanje in zahvalo.<\/em> (iz utemeljitve za Gr\u00fcn-Filipi\u010devo priznanje na 45. Tednu slovenske drame 2015)<\/p>\n<p><em>\u017divljenjsko delo \u010dasnikarja, urednika, gledali\u0161kega kritika in teatrologa Vasje Predana, zbrano in dostopno v zajetni knji\u017enici njegovih izbranih spisov, na zgleden na\u010din odseva in povzema najpomembnej\u0161e pojave, dose\u017eke in osebnosti slovenske literature, dramatike in odrske omike druge polovice preteklega stoletja ter za\u010detka na\u0161ega stoletja. Kot osebno prepoznavni in intelektualno tehtno artikulirani kriti\u0161ki ter do\u017eivljajski odsev odrske umetnosti ve\u010d kot polovice stoletja si Predanovo \u017eivljenjsko delo brez dvoma zaslu\u017ei najvi\u0161jo nagrado stanovskega dru\u0161tva DGKTS.<\/em> (Slavko Pezdir v utemeljitvi za nagrado DGKTS Vladimirja Kralja za \u017eivljenjsko delo)<\/p>\n<p>&nbsp;<\/p>\n<p>Foto: Sandi Fi\u0161er\/Pre\u0161ernovo gledali\u0161\u010de Kranj<\/p>","protected":false},"excerpt":{"rendered":"<p>Poslovil se je gledali\u0161ki in literarni kritik, teatrolog, knji\u017eevnik in urednik Vasja Predan. Vasja Predan je diplomiral iz slovenistike na slavisti\u010dnem oddelku na Filozofski fakulteti v Ljubljani. Do leta 1956 je bil v svobodnem poklicu, od leta 1957 do 1962 je bil zaposlen kot prvi dramaturg na Televiziji Ljubljana, nato pa bil do upokojitve leta &#8230;<\/p>","protected":false},"featured_media":9648,"template":"","categories":[416,435],"tags":[],"izpostavljamo":[],"letnik":[357],"tip":[],"vrsta-razstave":[],"class_list":["post-10293","dogodki","type-dogodki","status-publish","has-post-thumbnail","hentry","category-dogodki","category-za-medije","letnik-357"],"acf":[],"yoast_head":"<!-- This site is optimized with the Yoast SEO plugin v27.5 - https:\/\/yoast.com\/product\/yoast-seo-wordpress\/ -->\n<title>Poslovil se je Vasja Predan - SLOGI<\/title>\n<meta name=\"robots\" content=\"index, follow, max-snippet:-1, max-image-preview:large, max-video-preview:-1\" \/>\n<link rel=\"canonical\" href=\"https:\/\/www.slogi.si\/en\/events\/vasja-predan\/\" \/>\n<meta property=\"og:locale\" content=\"en_GB\" \/>\n<meta property=\"og:type\" content=\"article\" \/>\n<meta property=\"og:title\" content=\"Poslovil se je Vasja Predan - SLOGI\" \/>\n<meta property=\"og:description\" content=\"Poslovil se je gledali\u0161ki in literarni kritik, teatrolog, knji\u017eevnik in urednik Vasja Predan. Vasja Predan je diplomiral iz slovenistike na slavisti\u010dnem oddelku na Filozofski fakulteti v Ljubljani. Do leta 1956 je bil v svobodnem poklicu, od leta 1957 do 1962 je bil zaposlen kot prvi dramaturg na Televiziji Ljubljana, nato pa bil do upokojitve leta ...\" \/>\n<meta property=\"og:url\" content=\"https:\/\/www.slogi.si\/en\/events\/vasja-predan\/\" \/>\n<meta property=\"og:site_name\" content=\"SLOGI\" \/>\n<meta property=\"article:modified_time\" content=\"2024-09-13T08:02:38+00:00\" \/>\n<meta property=\"og:image\" content=\"https:\/\/www.slogi.si\/wp-content\/uploads\/2024\/01\/Vasja-Predan_fotoSandi-Fiser_Presernovo-gledalisce-Kranj.jpg\" \/>\n\t<meta property=\"og:image:width\" content=\"710\" \/>\n\t<meta property=\"og:image:height\" content=\"375\" \/>\n\t<meta property=\"og:image:type\" content=\"image\/jpeg\" \/>\n<meta name=\"twitter:card\" content=\"summary_large_image\" \/>\n<meta name=\"twitter:label1\" content=\"Estimated reading time\" \/>\n\t<meta name=\"twitter:data1\" content=\"3 minutes\" \/>\n<script type=\"application\/ld+json\" class=\"yoast-schema-graph\">{\"@context\":\"https:\\\/\\\/schema.org\",\"@graph\":[{\"@type\":\"WebPage\",\"@id\":\"https:\\\/\\\/www.slogi.si\\\/dogodki\\\/vasja-predan\\\/\",\"url\":\"https:\\\/\\\/www.slogi.si\\\/dogodki\\\/vasja-predan\\\/\",\"name\":\"Poslovil se je Vasja Predan - SLOGI\",\"isPartOf\":{\"@id\":\"https:\\\/\\\/www.slogi.si\\\/#website\"},\"primaryImageOfPage\":{\"@id\":\"https:\\\/\\\/www.slogi.si\\\/dogodki\\\/vasja-predan\\\/#primaryimage\"},\"image\":{\"@id\":\"https:\\\/\\\/www.slogi.si\\\/dogodki\\\/vasja-predan\\\/#primaryimage\"},\"thumbnailUrl\":\"https:\\\/\\\/www.slogi.si\\\/wp-content\\\/uploads\\\/2024\\\/01\\\/Vasja-Predan_fotoSandi-Fiser_Presernovo-gledalisce-Kranj.jpg\",\"datePublished\":\"2021-10-05T03:30:36+00:00\",\"dateModified\":\"2024-09-13T08:02:38+00:00\",\"breadcrumb\":{\"@id\":\"https:\\\/\\\/www.slogi.si\\\/dogodki\\\/vasja-predan\\\/#breadcrumb\"},\"inLanguage\":\"en-GB\",\"potentialAction\":[{\"@type\":\"ReadAction\",\"target\":[\"https:\\\/\\\/www.slogi.si\\\/dogodki\\\/vasja-predan\\\/\"]}]},{\"@type\":\"ImageObject\",\"inLanguage\":\"en-GB\",\"@id\":\"https:\\\/\\\/www.slogi.si\\\/dogodki\\\/vasja-predan\\\/#primaryimage\",\"url\":\"https:\\\/\\\/www.slogi.si\\\/wp-content\\\/uploads\\\/2024\\\/01\\\/Vasja-Predan_fotoSandi-Fiser_Presernovo-gledalisce-Kranj.jpg\",\"contentUrl\":\"https:\\\/\\\/www.slogi.si\\\/wp-content\\\/uploads\\\/2024\\\/01\\\/Vasja-Predan_fotoSandi-Fiser_Presernovo-gledalisce-Kranj.jpg\",\"width\":710,\"height\":375,\"caption\":\"Vasja Predan. Foto: Sandi Fi\u0161er\\\/Pre\u0161ernovo gledali\u0161\u010de Kranj\"},{\"@type\":\"BreadcrumbList\",\"@id\":\"https:\\\/\\\/www.slogi.si\\\/dogodki\\\/vasja-predan\\\/#breadcrumb\",\"itemListElement\":[{\"@type\":\"ListItem\",\"position\":1,\"name\":\"Home\",\"item\":\"https:\\\/\\\/www.slogi.si\\\/\"},{\"@type\":\"ListItem\",\"position\":2,\"name\":\"Poslovil se je Vasja Predan\"}]},{\"@type\":\"WebSite\",\"@id\":\"https:\\\/\\\/www.slogi.si\\\/#website\",\"url\":\"https:\\\/\\\/www.slogi.si\\\/\",\"name\":\"SLOGI\",\"description\":\"Slovenski Gledali\u0161ki In\u0161titut\",\"publisher\":{\"@id\":\"https:\\\/\\\/www.slogi.si\\\/#organization\"},\"alternateName\":\"Slovenski Gledali\u0161ki In\u0161titut\",\"potentialAction\":[{\"@type\":\"SearchAction\",\"target\":{\"@type\":\"EntryPoint\",\"urlTemplate\":\"https:\\\/\\\/www.slogi.si\\\/?s={search_term_string}\"},\"query-input\":{\"@type\":\"PropertyValueSpecification\",\"valueRequired\":true,\"valueName\":\"search_term_string\"}}],\"inLanguage\":\"en-GB\"},{\"@type\":\"Organization\",\"@id\":\"https:\\\/\\\/www.slogi.si\\\/#organization\",\"name\":\"SLOGI\",\"alternateName\":\"Slovenski Gledali\u0161ki In\u0161titut\",\"url\":\"https:\\\/\\\/www.slogi.si\\\/\",\"logo\":{\"@type\":\"ImageObject\",\"inLanguage\":\"en-GB\",\"@id\":\"https:\\\/\\\/www.slogi.si\\\/#\\\/schema\\\/logo\\\/image\\\/\",\"url\":\"https:\\\/\\\/www.slogi.si\\\/wp-content\\\/uploads\\\/2024\\\/01\\\/favicon.svg\",\"contentUrl\":\"https:\\\/\\\/www.slogi.si\\\/wp-content\\\/uploads\\\/2024\\\/01\\\/favicon.svg\",\"width\":100,\"height\":100,\"caption\":\"SLOGI\"},\"image\":{\"@id\":\"https:\\\/\\\/www.slogi.si\\\/#\\\/schema\\\/logo\\\/image\\\/\"}}]}<\/script>\n<!-- \/ Yoast SEO plugin. -->","yoast_head_json":{"title":"Poslovil se je Vasja Predan - SLOGI","robots":{"index":"index","follow":"follow","max-snippet":"max-snippet:-1","max-image-preview":"max-image-preview:large","max-video-preview":"max-video-preview:-1"},"canonical":"https:\/\/www.slogi.si\/en\/events\/vasja-predan\/","og_locale":"en_GB","og_type":"article","og_title":"Poslovil se je Vasja Predan - SLOGI","og_description":"Poslovil se je gledali\u0161ki in literarni kritik, teatrolog, knji\u017eevnik in urednik Vasja Predan. Vasja Predan je diplomiral iz slovenistike na slavisti\u010dnem oddelku na Filozofski fakulteti v Ljubljani. Do leta 1956 je bil v svobodnem poklicu, od leta 1957 do 1962 je bil zaposlen kot prvi dramaturg na Televiziji Ljubljana, nato pa bil do upokojitve leta ...","og_url":"https:\/\/www.slogi.si\/en\/events\/vasja-predan\/","og_site_name":"SLOGI","article_modified_time":"2024-09-13T08:02:38+00:00","og_image":[{"width":710,"height":375,"url":"https:\/\/www.slogi.si\/wp-content\/uploads\/2024\/01\/Vasja-Predan_fotoSandi-Fiser_Presernovo-gledalisce-Kranj.jpg","type":"image\/jpeg"}],"twitter_card":"summary_large_image","twitter_misc":{"Estimated reading time":"3 minutes"},"schema":{"@context":"https:\/\/schema.org","@graph":[{"@type":"WebPage","@id":"https:\/\/www.slogi.si\/dogodki\/vasja-predan\/","url":"https:\/\/www.slogi.si\/dogodki\/vasja-predan\/","name":"Poslovil se je Vasja Predan - SLOGI","isPartOf":{"@id":"https:\/\/www.slogi.si\/#website"},"primaryImageOfPage":{"@id":"https:\/\/www.slogi.si\/dogodki\/vasja-predan\/#primaryimage"},"image":{"@id":"https:\/\/www.slogi.si\/dogodki\/vasja-predan\/#primaryimage"},"thumbnailUrl":"https:\/\/www.slogi.si\/wp-content\/uploads\/2024\/01\/Vasja-Predan_fotoSandi-Fiser_Presernovo-gledalisce-Kranj.jpg","datePublished":"2021-10-05T03:30:36+00:00","dateModified":"2024-09-13T08:02:38+00:00","breadcrumb":{"@id":"https:\/\/www.slogi.si\/dogodki\/vasja-predan\/#breadcrumb"},"inLanguage":"en-GB","potentialAction":[{"@type":"ReadAction","target":["https:\/\/www.slogi.si\/dogodki\/vasja-predan\/"]}]},{"@type":"ImageObject","inLanguage":"en-GB","@id":"https:\/\/www.slogi.si\/dogodki\/vasja-predan\/#primaryimage","url":"https:\/\/www.slogi.si\/wp-content\/uploads\/2024\/01\/Vasja-Predan_fotoSandi-Fiser_Presernovo-gledalisce-Kranj.jpg","contentUrl":"https:\/\/www.slogi.si\/wp-content\/uploads\/2024\/01\/Vasja-Predan_fotoSandi-Fiser_Presernovo-gledalisce-Kranj.jpg","width":710,"height":375,"caption":"Vasja Predan. Foto: Sandi Fi\u0161er\/Pre\u0161ernovo gledali\u0161\u010de Kranj"},{"@type":"BreadcrumbList","@id":"https:\/\/www.slogi.si\/dogodki\/vasja-predan\/#breadcrumb","itemListElement":[{"@type":"ListItem","position":1,"name":"Home","item":"https:\/\/www.slogi.si\/"},{"@type":"ListItem","position":2,"name":"Poslovil se je Vasja Predan"}]},{"@type":"WebSite","@id":"https:\/\/www.slogi.si\/#website","url":"https:\/\/www.slogi.si\/","name":"SLOGI","description":"Slovenian Theatre Institute","publisher":{"@id":"https:\/\/www.slogi.si\/#organization"},"alternateName":"Slovenski Gledali\u0161ki In\u0161titut","potentialAction":[{"@type":"SearchAction","target":{"@type":"EntryPoint","urlTemplate":"https:\/\/www.slogi.si\/?s={search_term_string}"},"query-input":{"@type":"PropertyValueSpecification","valueRequired":true,"valueName":"search_term_string"}}],"inLanguage":"en-GB"},{"@type":"Organization","@id":"https:\/\/www.slogi.si\/#organization","name":"SLOGI","alternateName":"Slovenski Gledali\u0161ki In\u0161titut","url":"https:\/\/www.slogi.si\/","logo":{"@type":"ImageObject","inLanguage":"en-GB","@id":"https:\/\/www.slogi.si\/#\/schema\/logo\/image\/","url":"https:\/\/www.slogi.si\/wp-content\/uploads\/2024\/01\/favicon.svg","contentUrl":"https:\/\/www.slogi.si\/wp-content\/uploads\/2024\/01\/favicon.svg","width":100,"height":100,"caption":"SLOGI"},"image":{"@id":"https:\/\/www.slogi.si\/#\/schema\/logo\/image\/"}}]}},"_links":{"self":[{"href":"https:\/\/www.slogi.si\/en\/wp-json\/wp\/v2\/dogodki\/10293","targetHints":{"allow":["GET"]}}],"collection":[{"href":"https:\/\/www.slogi.si\/en\/wp-json\/wp\/v2\/dogodki"}],"about":[{"href":"https:\/\/www.slogi.si\/en\/wp-json\/wp\/v2\/types\/dogodki"}],"wp:featuredmedia":[{"embeddable":true,"href":"https:\/\/www.slogi.si\/en\/wp-json\/wp\/v2\/media\/9648"}],"wp:attachment":[{"href":"https:\/\/www.slogi.si\/en\/wp-json\/wp\/v2\/media?parent=10293"}],"wp:term":[{"taxonomy":"category","embeddable":true,"href":"https:\/\/www.slogi.si\/en\/wp-json\/wp\/v2\/categories?post=10293"},{"taxonomy":"post_tag","embeddable":true,"href":"https:\/\/www.slogi.si\/en\/wp-json\/wp\/v2\/tags?post=10293"},{"taxonomy":"izpostavljamo","embeddable":true,"href":"https:\/\/www.slogi.si\/en\/wp-json\/wp\/v2\/izpostavljamo?post=10293"},{"taxonomy":"letnik","embeddable":true,"href":"https:\/\/www.slogi.si\/en\/wp-json\/wp\/v2\/letnik?post=10293"},{"taxonomy":"tip","embeddable":true,"href":"https:\/\/www.slogi.si\/en\/wp-json\/wp\/v2\/tip?post=10293"},{"taxonomy":"vrsta-razstave","embeddable":true,"href":"https:\/\/www.slogi.si\/en\/wp-json\/wp\/v2\/vrsta-razstave?post=10293"}],"curies":[{"name":"wp","href":"https:\/\/api.w.org\/{rel}","templated":true}]}}