{"version":"1.0","provider_name":"SLOGI","provider_url":"https:\/\/www.slogi.si\/en\/","title":"56Bitef22 - Slovenci na leto\u0161njem Bitefu - SLOGI","type":"rich","width":600,"height":338,"html":"<blockquote class=\"wp-embedded-content\" data-secret=\"6vRteCAStO\"><a href=\"https:\/\/www.slogi.si\/en\/dogodki\/slovenci_na_letosnjem_bitefu-2\/\">56Bitef22 &#8211; Slovenci na leto\u0161njem Bitefu<\/a><\/blockquote><iframe sandbox=\"allow-scripts\" security=\"restricted\" src=\"https:\/\/www.slogi.si\/en\/dogodki\/slovenci_na_letosnjem_bitefu-2\/embed\/#?secret=6vRteCAStO\" width=\"600\" height=\"338\" title=\"&#8220;56Bitef22 &#8211; Slovenci na leto\u0161njem Bitefu&#8221; &#8212; SLOGI\" data-secret=\"6vRteCAStO\" frameborder=\"0\" marginwidth=\"0\" marginheight=\"0\" scrolling=\"no\" class=\"wp-embedded-content\"><\/iframe><script>\n\/*! This file is auto-generated *\/\n!function(d,l){\"use strict\";l.querySelector&&d.addEventListener&&\"undefined\"!=typeof URL&&(d.wp=d.wp||{},d.wp.receiveEmbedMessage||(d.wp.receiveEmbedMessage=function(e){var t=e.data;if((t||t.secret||t.message||t.value)&&!\/[^a-zA-Z0-9]\/.test(t.secret)){for(var s,r,n,a=l.querySelectorAll('iframe[data-secret=\"'+t.secret+'\"]'),o=l.querySelectorAll('blockquote[data-secret=\"'+t.secret+'\"]'),c=new RegExp(\"^https?:$\",\"i\"),i=0;i<o.length;i++)o[i].style.display=\"none\";for(i=0;i<a.length;i++)s=a[i],e.source===s.contentWindow&&(s.removeAttribute(\"style\"),\"height\"===t.message?(1e3<(r=parseInt(t.value,10))?r=1e3:~~r<200&&(r=200),s.height=r):\"link\"===t.message&&(r=new URL(s.getAttribute(\"src\")),n=new URL(t.value),c.test(n.protocol))&&n.host===r.host&&l.activeElement===s&&(d.top.location.href=t.value))}},d.addEventListener(\"message\",d.wp.receiveEmbedMessage,!1),l.addEventListener(\"DOMContentLoaded\",function(){for(var e,t,s=l.querySelectorAll(\"iframe.wp-embedded-content\"),r=0;r<s.length;r++)(t=(e=s[r]).getAttribute(\"data-secret\"))||(t=Math.random().toString(36).substring(2,12),e.src+=\"#?secret=\"+t,e.setAttribute(\"data-secret\",t)),e.contentWindow.postMessage({message:\"ready\",secret:t},\"*\")},!1)))}(window,document);\n\/\/# sourceURL=https:\/\/www.slogi.si\/wp-includes\/js\/wp-embed.min.js\n<\/script>","thumbnail_url":"https:\/\/www.slogi.si\/wp-content\/uploads\/2024\/01\/Bitef.png","thumbnail_width":605,"thumbnail_height":450,"description":"Od 23. septembra v Beogradu poteka 56. izdaja Bitefa. Leto\u0161nji tekmovalni program mednarodnega gledali\u0161kega festivala, ki ga od 2015 umetni\u0161ko vodi Ivan Medenica, bo ob predstavah iz Nem\u010dije, Belgije, Francije, Mehike, Srbije in Velike Britanije predstavil tudi slovenske avtorje. V tekmovalnem programu bosta nastopili predstavi Solo (Nova po\u0161ta \u2013 SMG in Maska; re\u017e. Nina Raji\u0107 Kranjac) in Krize (Nova po\u0161ta \u2013 SMG in Maska, Domino, Bitef; re\u017e. \u017diga Divjak), ki bo 30. septembra na Bitefu predstavljena premierno. Zavod Maska bo predstavil novo \u0161tevilko revije Maska na temo Jugofuturizma, s katero se bo 30. 9. ukvarjala tudi mednarodna konferenca. Te dni vse gledali\u0161ke poti vodijo v Beograd \u2013 saj bo mednarodna mre\u017ea sodobnih scenskih umetnosti IETM v okviru spremljevalnega programa Bitefa organizirala svoj plenarni sestanek, \u0161tiridnevno sre\u010danje z ve\u010d kot 500 udele\u017eenci in vrsto umetni\u0161kih dogodkov. Na leto\u0161nji Bitef potuje tudi na\u0161 sodelavec, mag. Primo\u017e Jesenko."}